{"id":11734,"date":"2022-09-21T16:19:51","date_gmt":"2022-09-21T14:19:51","guid":{"rendered":"https:\/\/www.landofmemory.eu\/itineraires\/luettich-ein-stadt-des-widerstands\/"},"modified":"2022-09-22T10:21:04","modified_gmt":"2022-09-22T08:21:04","slug":"luettich-ein-stadt-des-widerstands","status":"publish","type":"itineraires","link":"https:\/\/www.landofmemory.eu\/de\/itineraires\/luettich-ein-stadt-des-widerstands\/","title":{"rendered":"L\u00fcttich, ein stadt des widerstands"},"content":{"rendered":"\n<p>Nach der deutschen Besetzung wurden in Belgien und Frankreich gro\u00dfe Widerstandsnetzwerke aufgebaut. Einige St\u00e4dte entwickelten sich zu wahren Hochburgen des Widerstands gegen Nazi-Deutschland. &#13;\n<\/p>\n\n<p>In der belgischen Stadt L\u00fcttich h\u00e4uften sich die Akte der Rebellion und die Stadt wurde sehr schnell zu einem wichtigen Zentrum des belgischen Widerstands und versorgte die Alliierten mit zahlreichen geheimen Informationen. Aufstand, Sabotage und bewaffnete Aktionen sind nur einige der Elemente, die aus L\u00fcttich eine echte Widerstandsstadt machten. Der Widerstandsstadt L\u00fcttich wurde auf dem Gebiet von Land of Memory eine eigene Route gewidmet. &#13;\n&#13;\n<\/p>\n\n<p>Sie k\u00f6nnen auch in der f\u00fcnften Episode unseres Podcasts in das Herz des L\u00fctticher Widerstands eintauchen. <\/p>\n\n<h2 class=\"wp-block-heading\">Zusammengefasst :<\/h2>\n\n<p>Tag 1 : <\/p>\n\n<ul class=\"wp-block-list\"><li><a href=\"https:\/\/www.landofmemory.eu\/de\/sites-historiques\/fort-eben-emael\/\" target=\"_blank\" rel=\"noreferrer noopener\">Fort Eben-Emael<\/a> (2h)<\/li><li><a href=\"https:\/\/www.landofmemory.eu\/de\/sites-historiques\/fort-aubin-neufchateau\/\" target=\"_blank\" rel=\"noreferrer noopener\">Fort Aubin-Neufch\u00e2teau<\/a> (2h)<\/li><\/ul>\n\n<p>Tag 2 :<\/p>\n\n<ul class=\"wp-block-list\"><li><a href=\"https:\/\/www.landofmemory.eu\/de\/sites-historiques\/fort-barchon\/\" target=\"_blank\" rel=\"noreferrer noopener\">Fort Barchon<\/a> <\/li><li><a href=\"https:\/\/www.landofmemory.eu\/de\/sites-historiques\/fort-de-tancremont\/\" target=\"_blank\" rel=\"noreferrer noopener\">Fort Tancr\u00e9mont <\/a>(2h)<\/li><\/ul>\n\n<p>Tag 3 :<\/p>\n\n<ul class=\"wp-block-list\"><li><a href=\"https:\/\/www.landofmemory.eu\/de\/sites-historiques\/fort-chartreuse\/\" target=\"_blank\" rel=\"noreferrer noopener\">Fort Chartreuse<\/a>\u00a0(2h30)<\/li><li><a href=\"https:\/\/www.landofmemory.eu\/de\/sites-historiques\/monument-walthere-dewe\/\" target=\"_blank\" rel=\"noreferrer noopener\">M\u00e9morial Walth\u00e8re Dew\u00e9 <\/a>(1h)<\/li><li><a href=\"https:\/\/www.landofmemory.eu\/de\/sites-historiques\/necropole-fort-loncin\/\" target=\"_blank\" rel=\"noreferrer noopener\">Fort Loncin<\/a> (2h)<\/li><\/ul>\n\n<div style=\"height:40px\" aria-hidden=\"true\" class=\"wp-block-spacer\"><\/div>\n\n<figure class=\"wp-block-gallery has-nested-images columns-default is-cropped wp-block-gallery-1 is-layout-flex wp-block-gallery-is-layout-flex\">\n<figure class=\"wp-block-image size-large\"><img loading=\"lazy\" decoding=\"async\" width=\"1000\" height=\"700\" data-id=\"11601\" src=\"https:\/\/www.landofmemory.eu\/wp-content\/uploads\/2022\/09\/Chartreuse.jpg\" alt=\"\" class=\"wp-image-11601\" srcset=\"https:\/\/www.landofmemory.eu\/wp-content\/uploads\/2022\/09\/Chartreuse.jpg 1000w, https:\/\/www.landofmemory.eu\/wp-content\/uploads\/2022\/09\/Chartreuse-300x210.jpg 300w, https:\/\/www.landofmemory.eu\/wp-content\/uploads\/2022\/09\/Chartreuse-768x538.jpg 768w, https:\/\/www.landofmemory.eu\/wp-content\/uploads\/2022\/09\/Chartreuse-600x420.jpg 600w\" sizes=\"auto, (max-width: 1000px) 100vw, 1000px\" \/><figcaption>Das Chartreuse<\/figcaption><\/figure>\n\n\n\n<figure class=\"wp-block-image size-large\"><img loading=\"lazy\" decoding=\"async\" width=\"1000\" height=\"700\" data-id=\"11597\" src=\"https:\/\/www.landofmemory.eu\/wp-content\/uploads\/2022\/09\/Fort-Barchon.jpg\" alt=\"\" class=\"wp-image-11597\" srcset=\"https:\/\/www.landofmemory.eu\/wp-content\/uploads\/2022\/09\/Fort-Barchon.jpg 1000w, https:\/\/www.landofmemory.eu\/wp-content\/uploads\/2022\/09\/Fort-Barchon-300x210.jpg 300w, https:\/\/www.landofmemory.eu\/wp-content\/uploads\/2022\/09\/Fort-Barchon-768x538.jpg 768w, https:\/\/www.landofmemory.eu\/wp-content\/uploads\/2022\/09\/Fort-Barchon-600x420.jpg 600w\" sizes=\"auto, (max-width: 1000px) 100vw, 1000px\" \/><figcaption>Fort Barchon<\/figcaption><\/figure>\n<\/figure>\n\n<div style=\"height:15px\" aria-hidden=\"true\" class=\"wp-block-spacer\"><\/div>\n\n<figure class=\"wp-block-gallery has-nested-images columns-default is-cropped wp-block-gallery-2 is-layout-flex wp-block-gallery-is-layout-flex\">\n<figure class=\"wp-block-image size-large\"><img loading=\"lazy\" decoding=\"async\" width=\"1000\" height=\"700\" data-id=\"11609\" src=\"https:\/\/www.landofmemory.eu\/wp-content\/uploads\/2022\/09\/Fort-de-Loncin.jpg\" alt=\"\" class=\"wp-image-11609\" srcset=\"https:\/\/www.landofmemory.eu\/wp-content\/uploads\/2022\/09\/Fort-de-Loncin.jpg 1000w, https:\/\/www.landofmemory.eu\/wp-content\/uploads\/2022\/09\/Fort-de-Loncin-300x210.jpg 300w, https:\/\/www.landofmemory.eu\/wp-content\/uploads\/2022\/09\/Fort-de-Loncin-768x538.jpg 768w, https:\/\/www.landofmemory.eu\/wp-content\/uploads\/2022\/09\/Fort-de-Loncin-600x420.jpg 600w\" sizes=\"auto, (max-width: 1000px) 100vw, 1000px\" \/><figcaption>Fort Loncin<\/figcaption><\/figure>\n\n\n\n<figure class=\"wp-block-image size-large\"><img loading=\"lazy\" decoding=\"async\" width=\"1000\" height=\"700\" data-id=\"11605\" src=\"https:\/\/www.landofmemory.eu\/wp-content\/uploads\/2022\/09\/Tancremont.jpg\" alt=\"\" class=\"wp-image-11605\" srcset=\"https:\/\/www.landofmemory.eu\/wp-content\/uploads\/2022\/09\/Tancremont.jpg 1000w, https:\/\/www.landofmemory.eu\/wp-content\/uploads\/2022\/09\/Tancremont-300x210.jpg 300w, https:\/\/www.landofmemory.eu\/wp-content\/uploads\/2022\/09\/Tancremont-768x538.jpg 768w, https:\/\/www.landofmemory.eu\/wp-content\/uploads\/2022\/09\/Tancremont-600x420.jpg 600w\" sizes=\"auto, (max-width: 1000px) 100vw, 1000px\" \/><figcaption>Fort Tancr\u00e9mont<\/figcaption><\/figure>\n<\/figure>\n\n<div style=\"height:40px\" aria-hidden=\"true\" class=\"wp-block-spacer\"><\/div>\n\n<h2 class=\"has-text-align-center wp-block-heading\">L\u00fcttich, ein stadt des widerstands : der Podcast<\/h2>\n\n<iframe frameborder=\"0\" loading=\"lazy\" id=\"ausha-D4z8\" height=\"220\" style=\"border: none; width:100%; height:220px\" src=\"https:\/\/player.ausha.co\/index.html?showId=JdA1jUKKdqXO&#038;color=%239BB7C4&#038;podcastId=b25ZvSKPjRve&#038;v=3&#038;playerId=ausha-D4z8\"><\/iframe><script src=\"https:\/\/player.ausha.co\/ausha-player.js\"><\/script>\r\n\n<div style=\"height:20px\" aria-hidden=\"true\" class=\"wp-block-spacer\"><\/div>\n\n<div class=\"wp-block-buttons is-content-justification-center is-layout-flex wp-container-core-buttons-is-layout-16018d1d wp-block-buttons-is-layout-flex\">\n<div class=\"wp-block-button\"><a class=\"wp-block-button__link\" href=\"https:\/\/smartlink.ausha.co\/land-of-memory-de\/6-luettich-ein-stadt-des-widerstands\" target=\"_blank\" rel=\"noreferrer noopener\">H\u00f6rplattformen<\/a><\/div>\n<\/div>\n","protected":false},"template":"","duree_itineraire":[],"class_list":["post-11734","itineraires","type-itineraires","status-publish","hentry"],"acf":[],"yoast_head":"<!-- This site is optimized with the Yoast SEO plugin v26.0 - https:\/\/yoast.com\/wordpress\/plugins\/seo\/ -->\n<title>L\u00fcttich, ein stadt des widerstands - Land Of Memory<\/title>\n<meta name=\"description\" content=\"Auf dieser Route tauchen Sie in das Herz des gro\u00dfen Widerstandsnetzwerks in L\u00fcttich w\u00e4hrend der deutschen Besatzung ein.\" \/>\n<meta name=\"robots\" content=\"index, follow, max-snippet:-1, max-image-preview:large, max-video-preview:-1\" \/>\n<link rel=\"canonical\" href=\"https:\/\/www.landofmemory.eu\/de\/itineraires\/luettich-ein-stadt-des-widerstands\/\" \/>\n<meta property=\"og:locale\" content=\"de_DE\" \/>\n<meta property=\"og:type\" content=\"article\" \/>\n<meta property=\"og:title\" content=\"L\u00fcttich, ein stadt des widerstands - Land Of Memory\" \/>\n<meta property=\"og:description\" content=\"Auf dieser Route tauchen Sie in das Herz des gro\u00dfen Widerstandsnetzwerks in L\u00fcttich w\u00e4hrend der deutschen Besatzung ein.\" \/>\n<meta property=\"og:url\" content=\"https:\/\/www.landofmemory.eu\/de\/itineraires\/luettich-ein-stadt-des-widerstands\/\" \/>\n<meta property=\"og:site_name\" content=\"Land Of Memory\" \/>\n<meta property=\"article:publisher\" content=\"https:\/\/www.facebook.com\/landofmemory.eu\" \/>\n<meta property=\"article:modified_time\" content=\"2022-09-22T08:21:04+00:00\" \/>\n<meta property=\"og:image\" content=\"https:\/\/www.landofmemory.eu\/wp-content\/uploads\/2022\/09\/Chartreuse.jpg\" \/>\n<meta name=\"twitter:card\" content=\"summary_large_image\" \/>\n<meta name=\"twitter:label1\" content=\"Gesch\u00e4tzte Lesezeit\" \/>\n\t<meta name=\"twitter:data1\" content=\"1\u00a0Minute\" \/>\n<script type=\"application\/ld+json\" class=\"yoast-schema-graph\">{\"@context\":\"https:\/\/schema.org\",\"@graph\":[{\"@type\":\"WebPage\",\"@id\":\"https:\/\/www.landofmemory.eu\/de\/itineraires\/luettich-ein-stadt-des-widerstands\/\",\"url\":\"https:\/\/www.landofmemory.eu\/de\/itineraires\/luettich-ein-stadt-des-widerstands\/\",\"name\":\"L\u00fcttich, ein stadt des widerstands - Land Of Memory\",\"isPartOf\":{\"@id\":\"https:\/\/www.landofmemory.eu\/#website\"},\"primaryImageOfPage\":{\"@id\":\"https:\/\/www.landofmemory.eu\/de\/itineraires\/luettich-ein-stadt-des-widerstands\/#primaryimage\"},\"image\":{\"@id\":\"https:\/\/www.landofmemory.eu\/de\/itineraires\/luettich-ein-stadt-des-widerstands\/#primaryimage\"},\"thumbnailUrl\":\"https:\/\/www.landofmemory.eu\/wp-content\/uploads\/2022\/09\/Chartreuse.jpg\",\"datePublished\":\"2022-09-21T14:19:51+00:00\",\"dateModified\":\"2022-09-22T08:21:04+00:00\",\"description\":\"Auf dieser Route tauchen Sie in das Herz des gro\u00dfen Widerstandsnetzwerks in L\u00fcttich w\u00e4hrend der deutschen Besatzung ein.\",\"breadcrumb\":{\"@id\":\"https:\/\/www.landofmemory.eu\/de\/itineraires\/luettich-ein-stadt-des-widerstands\/#breadcrumb\"},\"inLanguage\":\"de\",\"potentialAction\":[{\"@type\":\"ReadAction\",\"target\":[\"https:\/\/www.landofmemory.eu\/de\/itineraires\/luettich-ein-stadt-des-widerstands\/\"]}]},{\"@type\":\"ImageObject\",\"inLanguage\":\"de\",\"@id\":\"https:\/\/www.landofmemory.eu\/de\/itineraires\/luettich-ein-stadt-des-widerstands\/#primaryimage\",\"url\":\"https:\/\/www.landofmemory.eu\/wp-content\/uploads\/2022\/09\/Chartreuse.jpg\",\"contentUrl\":\"https:\/\/www.landofmemory.eu\/wp-content\/uploads\/2022\/09\/Chartreuse.jpg\"},{\"@type\":\"BreadcrumbList\",\"@id\":\"https:\/\/www.landofmemory.eu\/de\/itineraires\/luettich-ein-stadt-des-widerstands\/#breadcrumb\",\"itemListElement\":[{\"@type\":\"ListItem\",\"position\":1,\"name\":\"Accueil\",\"item\":\"https:\/\/www.landofmemory.eu\/\"},{\"@type\":\"ListItem\",\"position\":2,\"name\":\"L\u00fcttich, ein stadt des widerstands\"}]},{\"@type\":\"WebSite\",\"@id\":\"https:\/\/www.landofmemory.eu\/#website\",\"url\":\"https:\/\/www.landofmemory.eu\/\",\"name\":\"Land Of Memory\",\"description\":\"L&#039;histoire commence ici\",\"publisher\":{\"@id\":\"https:\/\/www.landofmemory.eu\/#organization\"},\"potentialAction\":[{\"@type\":\"SearchAction\",\"target\":{\"@type\":\"EntryPoint\",\"urlTemplate\":\"https:\/\/www.landofmemory.eu\/?s={search_term_string}\"},\"query-input\":{\"@type\":\"PropertyValueSpecification\",\"valueRequired\":true,\"valueName\":\"search_term_string\"}}],\"inLanguage\":\"de\"},{\"@type\":\"Organization\",\"@id\":\"https:\/\/www.landofmemory.eu\/#organization\",\"name\":\"Land Of Memory\",\"url\":\"https:\/\/www.landofmemory.eu\/\",\"logo\":{\"@type\":\"ImageObject\",\"inLanguage\":\"de\",\"@id\":\"https:\/\/www.landofmemory.eu\/#\/schema\/logo\/image\/\",\"url\":\"https:\/\/www.landofmemory.eu\/wp-content\/uploads\/2022\/10\/logo-land-of-memory.jpg\",\"contentUrl\":\"https:\/\/www.landofmemory.eu\/wp-content\/uploads\/2022\/10\/logo-land-of-memory.jpg\",\"width\":1000,\"height\":500,\"caption\":\"Land Of Memory\"},\"image\":{\"@id\":\"https:\/\/www.landofmemory.eu\/#\/schema\/logo\/image\/\"},\"sameAs\":[\"https:\/\/www.facebook.com\/landofmemory.eu\",\"https:\/\/www.instagram.com\/landofmemory_eu\/\"]}]}<\/script>\n<!-- \/ Yoast SEO plugin. -->","yoast_head_json":{"title":"L\u00fcttich, ein stadt des widerstands - Land Of Memory","description":"Auf dieser Route tauchen Sie in das Herz des gro\u00dfen Widerstandsnetzwerks in L\u00fcttich w\u00e4hrend der deutschen Besatzung ein.","robots":{"index":"index","follow":"follow","max-snippet":"max-snippet:-1","max-image-preview":"max-image-preview:large","max-video-preview":"max-video-preview:-1"},"canonical":"https:\/\/www.landofmemory.eu\/de\/itineraires\/luettich-ein-stadt-des-widerstands\/","og_locale":"de_DE","og_type":"article","og_title":"L\u00fcttich, ein stadt des widerstands - Land Of Memory","og_description":"Auf dieser Route tauchen Sie in das Herz des gro\u00dfen Widerstandsnetzwerks in L\u00fcttich w\u00e4hrend der deutschen Besatzung ein.","og_url":"https:\/\/www.landofmemory.eu\/de\/itineraires\/luettich-ein-stadt-des-widerstands\/","og_site_name":"Land Of Memory","article_publisher":"https:\/\/www.facebook.com\/landofmemory.eu","article_modified_time":"2022-09-22T08:21:04+00:00","og_image":[{"url":"https:\/\/www.landofmemory.eu\/wp-content\/uploads\/2022\/09\/Chartreuse.jpg","type":"","width":"","height":""}],"twitter_card":"summary_large_image","twitter_misc":{"Gesch\u00e4tzte Lesezeit":"1\u00a0Minute"},"schema":{"@context":"https:\/\/schema.org","@graph":[{"@type":"WebPage","@id":"https:\/\/www.landofmemory.eu\/de\/itineraires\/luettich-ein-stadt-des-widerstands\/","url":"https:\/\/www.landofmemory.eu\/de\/itineraires\/luettich-ein-stadt-des-widerstands\/","name":"L\u00fcttich, ein stadt des widerstands - Land Of Memory","isPartOf":{"@id":"https:\/\/www.landofmemory.eu\/#website"},"primaryImageOfPage":{"@id":"https:\/\/www.landofmemory.eu\/de\/itineraires\/luettich-ein-stadt-des-widerstands\/#primaryimage"},"image":{"@id":"https:\/\/www.landofmemory.eu\/de\/itineraires\/luettich-ein-stadt-des-widerstands\/#primaryimage"},"thumbnailUrl":"https:\/\/www.landofmemory.eu\/wp-content\/uploads\/2022\/09\/Chartreuse.jpg","datePublished":"2022-09-21T14:19:51+00:00","dateModified":"2022-09-22T08:21:04+00:00","description":"Auf dieser Route tauchen Sie in das Herz des gro\u00dfen Widerstandsnetzwerks in L\u00fcttich w\u00e4hrend der deutschen Besatzung ein.","breadcrumb":{"@id":"https:\/\/www.landofmemory.eu\/de\/itineraires\/luettich-ein-stadt-des-widerstands\/#breadcrumb"},"inLanguage":"de","potentialAction":[{"@type":"ReadAction","target":["https:\/\/www.landofmemory.eu\/de\/itineraires\/luettich-ein-stadt-des-widerstands\/"]}]},{"@type":"ImageObject","inLanguage":"de","@id":"https:\/\/www.landofmemory.eu\/de\/itineraires\/luettich-ein-stadt-des-widerstands\/#primaryimage","url":"https:\/\/www.landofmemory.eu\/wp-content\/uploads\/2022\/09\/Chartreuse.jpg","contentUrl":"https:\/\/www.landofmemory.eu\/wp-content\/uploads\/2022\/09\/Chartreuse.jpg"},{"@type":"BreadcrumbList","@id":"https:\/\/www.landofmemory.eu\/de\/itineraires\/luettich-ein-stadt-des-widerstands\/#breadcrumb","itemListElement":[{"@type":"ListItem","position":1,"name":"Accueil","item":"https:\/\/www.landofmemory.eu\/"},{"@type":"ListItem","position":2,"name":"L\u00fcttich, ein stadt des widerstands"}]},{"@type":"WebSite","@id":"https:\/\/www.landofmemory.eu\/#website","url":"https:\/\/www.landofmemory.eu\/","name":"Land Of Memory","description":"L&#039;histoire commence ici","publisher":{"@id":"https:\/\/www.landofmemory.eu\/#organization"},"potentialAction":[{"@type":"SearchAction","target":{"@type":"EntryPoint","urlTemplate":"https:\/\/www.landofmemory.eu\/?s={search_term_string}"},"query-input":{"@type":"PropertyValueSpecification","valueRequired":true,"valueName":"search_term_string"}}],"inLanguage":"de"},{"@type":"Organization","@id":"https:\/\/www.landofmemory.eu\/#organization","name":"Land Of Memory","url":"https:\/\/www.landofmemory.eu\/","logo":{"@type":"ImageObject","inLanguage":"de","@id":"https:\/\/www.landofmemory.eu\/#\/schema\/logo\/image\/","url":"https:\/\/www.landofmemory.eu\/wp-content\/uploads\/2022\/10\/logo-land-of-memory.jpg","contentUrl":"https:\/\/www.landofmemory.eu\/wp-content\/uploads\/2022\/10\/logo-land-of-memory.jpg","width":1000,"height":500,"caption":"Land Of Memory"},"image":{"@id":"https:\/\/www.landofmemory.eu\/#\/schema\/logo\/image\/"},"sameAs":["https:\/\/www.facebook.com\/landofmemory.eu","https:\/\/www.instagram.com\/landofmemory_eu\/"]}]}},"_links":{"self":[{"href":"https:\/\/www.landofmemory.eu\/de\/wp-json\/wp\/v2\/itineraires\/11734","targetHints":{"allow":["GET"]}}],"collection":[{"href":"https:\/\/www.landofmemory.eu\/de\/wp-json\/wp\/v2\/itineraires"}],"about":[{"href":"https:\/\/www.landofmemory.eu\/de\/wp-json\/wp\/v2\/types\/itineraires"}],"wp:attachment":[{"href":"https:\/\/www.landofmemory.eu\/de\/wp-json\/wp\/v2\/media?parent=11734"}],"wp:term":[{"taxonomy":"duree_itineraire","embeddable":true,"href":"https:\/\/www.landofmemory.eu\/de\/wp-json\/wp\/v2\/duree_itineraire?post=11734"}],"curies":[{"name":"wp","href":"https:\/\/api.w.org\/{rel}","templated":true}]}}