{"id":11736,"date":"2022-09-21T16:25:20","date_gmt":"2022-09-21T14:25:20","guid":{"rendered":"https:\/\/www.landofmemory.eu\/itineraires\/das-grossherzogtum-luxemburg-und-der-widerstan\/"},"modified":"2022-09-22T10:25:14","modified_gmt":"2022-09-22T08:25:14","slug":"das-grossherzogtum-luxemburg-und-der-widerstan","status":"publish","type":"itineraires","link":"https:\/\/www.landofmemory.eu\/de\/itineraires\/das-grossherzogtum-luxemburg-und-der-widerstan\/","title":{"rendered":"Das grossherzogtum Luxemburg und der widerstan"},"content":{"rendered":"\n<p>Es ger\u00e4t manchmal in Vergessenheit, aber das Gro\u00dfherzogtum Luxemburg war ein Zentrum des Widerstands gegen die deutschen Besatzer. Angesichts der Zwangsrekrutierung von Tausenden junger Luxemburger in die deutsche Armee entstand ein Widerstandsgedanke. Es war eine doppelte Bewegung, die sich entwickelte. Einerseits wurden umfangreiche Untergrundaktionen durchgef\u00fchrt, um die Bev\u00f6lkerung zu verstecken oder evakuieren zu lassen. Andererseits wurden die Deutschen durch Sabotageakte stark beunruhigt, \u00e4hnlich wie ihre franz\u00f6sischen und belgischen Kollegen.&#13;\n<\/p>\n\n<p>Eine Route ist dem Widerstand des Gro\u00dfherzogtums Luxemburg auf dem Gebiet von Land of Memory gewidmet.&#13;\n<\/p>\n\n<p>Sie k\u00f6nnen diese Route in der siebten Episode unseres Podcasts verfolgen, die dem luxemburgischen Widerstand gewidmet ist. <\/p>\n\n<h2 class=\"wp-block-heading\">Zusammengefasst :<\/h2>\n\n<p>Tag 1 :<\/p>\n\n<ul class=\"wp-block-list\"><li><a href=\"https:\/\/www.landofmemory.eu\/de\/sites-historiques\/sentier-des-passeurs\/\" target=\"_blank\" rel=\"noreferrer noopener\">Sentier des Passeurs <\/a>(3h)<\/li><li><a href=\"https:\/\/www.landofmemory.eu\/de\/sites-historiques\/musee-national-de-la-resistance\/\" target=\"_blank\" rel=\"noreferrer noopener\">Nationalmuseum des Widerstands<\/a> (2h)<\/li><\/ul>\n\n<p>Tag 2 : <\/p>\n\n<ul class=\"wp-block-list\"><li><a href=\"https:\/\/www.landofmemory.eu\/de\/sites-historiques\/monument-national-greve\/\" target=\"_blank\" rel=\"noreferrer noopener\">Nationales Denkmal des Streiks<\/a> (30mn)<\/li><li><a href=\"https:\/\/www.landofmemory.eu\/de\/sites-historiques\/musee-national-histoire-militaire\/\" target=\"_blank\" rel=\"noreferrer noopener\">Nationale Milit\u00e4rhistorische Museum<\/a> (1h30)<\/li><\/ul>\n\n<div style=\"height:40px\" aria-hidden=\"true\" class=\"wp-block-spacer\"><\/div>\n\n<figure class=\"wp-block-gallery has-nested-images columns-default is-cropped wp-block-gallery-1 is-layout-flex wp-block-gallery-is-layout-flex\">\n<figure class=\"wp-block-image size-large\"><img loading=\"lazy\" decoding=\"async\" width=\"1000\" height=\"700\" data-id=\"11618\" src=\"https:\/\/www.landofmemory.eu\/wp-content\/uploads\/2022\/09\/Monument-Greve.jpg\" alt=\"\" class=\"wp-image-11618\" srcset=\"https:\/\/www.landofmemory.eu\/wp-content\/uploads\/2022\/09\/Monument-Greve.jpg 1000w, https:\/\/www.landofmemory.eu\/wp-content\/uploads\/2022\/09\/Monument-Greve-300x210.jpg 300w, https:\/\/www.landofmemory.eu\/wp-content\/uploads\/2022\/09\/Monument-Greve-768x538.jpg 768w, https:\/\/www.landofmemory.eu\/wp-content\/uploads\/2022\/09\/Monument-Greve-600x420.jpg 600w\" sizes=\"auto, (max-width: 1000px) 100vw, 1000px\" \/><figcaption>Nationales Denkmal des Streiks<\/figcaption><\/figure>\n\n\n\n<figure class=\"wp-block-image size-large\"><img loading=\"lazy\" decoding=\"async\" width=\"1000\" height=\"700\" data-id=\"11614\" src=\"https:\/\/www.landofmemory.eu\/wp-content\/uploads\/2022\/09\/Musee-National-dHistoire-Militaire.jpg\" alt=\"\" class=\"wp-image-11614\" srcset=\"https:\/\/www.landofmemory.eu\/wp-content\/uploads\/2022\/09\/Musee-National-dHistoire-Militaire.jpg 1000w, https:\/\/www.landofmemory.eu\/wp-content\/uploads\/2022\/09\/Musee-National-dHistoire-Militaire-300x210.jpg 300w, https:\/\/www.landofmemory.eu\/wp-content\/uploads\/2022\/09\/Musee-National-dHistoire-Militaire-768x538.jpg 768w, https:\/\/www.landofmemory.eu\/wp-content\/uploads\/2022\/09\/Musee-National-dHistoire-Militaire-600x420.jpg 600w\" sizes=\"auto, (max-width: 1000px) 100vw, 1000px\" \/><figcaption>Nationale Milit\u00e4rhistorische Museum<\/figcaption><\/figure>\n<\/figure>\n\n<div style=\"height:15px\" aria-hidden=\"true\" class=\"wp-block-spacer\"><\/div>\n\n<figure class=\"wp-block-gallery has-nested-images columns-default is-cropped wp-block-gallery-2 is-layout-flex wp-block-gallery-is-layout-flex\">\n<figure class=\"wp-block-image size-large\"><img loading=\"lazy\" decoding=\"async\" width=\"1000\" height=\"700\" data-id=\"11622\" src=\"https:\/\/www.landofmemory.eu\/wp-content\/uploads\/2022\/09\/Musee-National-de-la-Resistance.jpg\" alt=\"\" class=\"wp-image-11622\" srcset=\"https:\/\/www.landofmemory.eu\/wp-content\/uploads\/2022\/09\/Musee-National-de-la-Resistance.jpg 1000w, https:\/\/www.landofmemory.eu\/wp-content\/uploads\/2022\/09\/Musee-National-de-la-Resistance-300x210.jpg 300w, https:\/\/www.landofmemory.eu\/wp-content\/uploads\/2022\/09\/Musee-National-de-la-Resistance-768x538.jpg 768w, https:\/\/www.landofmemory.eu\/wp-content\/uploads\/2022\/09\/Musee-National-de-la-Resistance-600x420.jpg 600w\" sizes=\"auto, (max-width: 1000px) 100vw, 1000px\" \/><figcaption>Nationalmuseum des Widerstands<\/figcaption><\/figure>\n\n\n\n<figure class=\"wp-block-image size-large\"><img loading=\"lazy\" decoding=\"async\" width=\"1000\" height=\"700\" data-id=\"11626\" src=\"https:\/\/www.landofmemory.eu\/wp-content\/uploads\/2022\/09\/Sentier-des-Passeurs.jpg\" alt=\"\" class=\"wp-image-11626\" srcset=\"https:\/\/www.landofmemory.eu\/wp-content\/uploads\/2022\/09\/Sentier-des-Passeurs.jpg 1000w, https:\/\/www.landofmemory.eu\/wp-content\/uploads\/2022\/09\/Sentier-des-Passeurs-300x210.jpg 300w, https:\/\/www.landofmemory.eu\/wp-content\/uploads\/2022\/09\/Sentier-des-Passeurs-768x538.jpg 768w, https:\/\/www.landofmemory.eu\/wp-content\/uploads\/2022\/09\/Sentier-des-Passeurs-600x420.jpg 600w\" sizes=\"auto, (max-width: 1000px) 100vw, 1000px\" \/><figcaption>Sentier des Passeurs<\/figcaption><\/figure>\n<\/figure>\n\n<div style=\"height:40px\" aria-hidden=\"true\" class=\"wp-block-spacer\"><\/div>\n\n<h2 class=\"has-text-align-center wp-block-heading\">Das grossherzogtum Luxemburg und der widerstan : der Podcast<\/h2>\n\n<iframe frameborder=\"0\" loading=\"lazy\" id=\"ausha-gzoa\" height=\"220\" style=\"border: none; width:100%; height:220px\" src=\"https:\/\/player.ausha.co\/index.html?showId=JdA1jUKKdqXO&#038;color=%239BB7C4&#038;podcastId=Bx0O2S819OeB&#038;v=3&#038;playerId=ausha-gzoa\"><\/iframe><script src=\"https:\/\/player.ausha.co\/ausha-player.js\"><\/script>\r\n\n<div style=\"height:20px\" aria-hidden=\"true\" class=\"wp-block-spacer\"><\/div>\n\n<div class=\"wp-block-buttons is-content-justification-center is-layout-flex wp-container-core-buttons-is-layout-16018d1d wp-block-buttons-is-layout-flex\">\n<div class=\"wp-block-button\"><a class=\"wp-block-button__link\" href=\"https:\/\/smartlink.ausha.co\/land-of-memory-de\/7-das-grossherzogtum-luxemburg-und-der-widerstan\" target=\"_blank\" rel=\"noreferrer noopener\">H\u00f6rplattformen<\/a><\/div>\n<\/div>\n","protected":false},"template":"","duree_itineraire":[],"class_list":["post-11736","itineraires","type-itineraires","status-publish","hentry"],"acf":[],"yoast_head":"<!-- This site is optimized with the Yoast SEO plugin v26.0 - https:\/\/yoast.com\/wordpress\/plugins\/seo\/ -->\n<title>Das grossherzogtum Luxemburg und der widerstan - Land Of Memory<\/title>\n<meta name=\"description\" content=\"In diesen Routen erfahren Sie, wie sich der Widerstand im Gro\u00dfherzogtum Luxemburg entwickelt hat.\" \/>\n<meta name=\"robots\" content=\"index, follow, max-snippet:-1, max-image-preview:large, max-video-preview:-1\" \/>\n<link rel=\"canonical\" href=\"https:\/\/www.landofmemory.eu\/de\/itineraires\/das-grossherzogtum-luxemburg-und-der-widerstan\/\" \/>\n<meta property=\"og:locale\" content=\"de_DE\" \/>\n<meta property=\"og:type\" content=\"article\" \/>\n<meta property=\"og:title\" content=\"Das grossherzogtum Luxemburg und der widerstan - Land Of Memory\" \/>\n<meta property=\"og:description\" content=\"In diesen Routen erfahren Sie, wie sich der Widerstand im Gro\u00dfherzogtum Luxemburg entwickelt hat.\" \/>\n<meta property=\"og:url\" content=\"https:\/\/www.landofmemory.eu\/de\/itineraires\/das-grossherzogtum-luxemburg-und-der-widerstan\/\" \/>\n<meta property=\"og:site_name\" content=\"Land Of Memory\" \/>\n<meta property=\"article:publisher\" content=\"https:\/\/www.facebook.com\/landofmemory.eu\" \/>\n<meta property=\"article:modified_time\" content=\"2022-09-22T08:25:14+00:00\" \/>\n<meta property=\"og:image\" content=\"https:\/\/www.landofmemory.eu\/wp-content\/uploads\/2022\/09\/Monument-Greve.jpg\" \/>\n<meta name=\"twitter:card\" content=\"summary_large_image\" \/>\n<meta name=\"twitter:label1\" content=\"Gesch\u00e4tzte Lesezeit\" \/>\n\t<meta name=\"twitter:data1\" content=\"1\u00a0Minute\" \/>\n<script type=\"application\/ld+json\" class=\"yoast-schema-graph\">{\"@context\":\"https:\/\/schema.org\",\"@graph\":[{\"@type\":\"WebPage\",\"@id\":\"https:\/\/www.landofmemory.eu\/de\/itineraires\/das-grossherzogtum-luxemburg-und-der-widerstan\/\",\"url\":\"https:\/\/www.landofmemory.eu\/de\/itineraires\/das-grossherzogtum-luxemburg-und-der-widerstan\/\",\"name\":\"Das grossherzogtum Luxemburg und der widerstan - Land Of Memory\",\"isPartOf\":{\"@id\":\"https:\/\/www.landofmemory.eu\/#website\"},\"primaryImageOfPage\":{\"@id\":\"https:\/\/www.landofmemory.eu\/de\/itineraires\/das-grossherzogtum-luxemburg-und-der-widerstan\/#primaryimage\"},\"image\":{\"@id\":\"https:\/\/www.landofmemory.eu\/de\/itineraires\/das-grossherzogtum-luxemburg-und-der-widerstan\/#primaryimage\"},\"thumbnailUrl\":\"https:\/\/www.landofmemory.eu\/wp-content\/uploads\/2022\/09\/Monument-Greve.jpg\",\"datePublished\":\"2022-09-21T14:25:20+00:00\",\"dateModified\":\"2022-09-22T08:25:14+00:00\",\"description\":\"In diesen Routen erfahren Sie, wie sich der Widerstand im Gro\u00dfherzogtum Luxemburg entwickelt hat.\",\"breadcrumb\":{\"@id\":\"https:\/\/www.landofmemory.eu\/de\/itineraires\/das-grossherzogtum-luxemburg-und-der-widerstan\/#breadcrumb\"},\"inLanguage\":\"de\",\"potentialAction\":[{\"@type\":\"ReadAction\",\"target\":[\"https:\/\/www.landofmemory.eu\/de\/itineraires\/das-grossherzogtum-luxemburg-und-der-widerstan\/\"]}]},{\"@type\":\"ImageObject\",\"inLanguage\":\"de\",\"@id\":\"https:\/\/www.landofmemory.eu\/de\/itineraires\/das-grossherzogtum-luxemburg-und-der-widerstan\/#primaryimage\",\"url\":\"https:\/\/www.landofmemory.eu\/wp-content\/uploads\/2022\/09\/Monument-Greve.jpg\",\"contentUrl\":\"https:\/\/www.landofmemory.eu\/wp-content\/uploads\/2022\/09\/Monument-Greve.jpg\"},{\"@type\":\"BreadcrumbList\",\"@id\":\"https:\/\/www.landofmemory.eu\/de\/itineraires\/das-grossherzogtum-luxemburg-und-der-widerstan\/#breadcrumb\",\"itemListElement\":[{\"@type\":\"ListItem\",\"position\":1,\"name\":\"Accueil\",\"item\":\"https:\/\/www.landofmemory.eu\/\"},{\"@type\":\"ListItem\",\"position\":2,\"name\":\"Das grossherzogtum Luxemburg und der widerstan\"}]},{\"@type\":\"WebSite\",\"@id\":\"https:\/\/www.landofmemory.eu\/#website\",\"url\":\"https:\/\/www.landofmemory.eu\/\",\"name\":\"Land Of Memory\",\"description\":\"L&#039;histoire commence ici\",\"publisher\":{\"@id\":\"https:\/\/www.landofmemory.eu\/#organization\"},\"potentialAction\":[{\"@type\":\"SearchAction\",\"target\":{\"@type\":\"EntryPoint\",\"urlTemplate\":\"https:\/\/www.landofmemory.eu\/?s={search_term_string}\"},\"query-input\":{\"@type\":\"PropertyValueSpecification\",\"valueRequired\":true,\"valueName\":\"search_term_string\"}}],\"inLanguage\":\"de\"},{\"@type\":\"Organization\",\"@id\":\"https:\/\/www.landofmemory.eu\/#organization\",\"name\":\"Land Of Memory\",\"url\":\"https:\/\/www.landofmemory.eu\/\",\"logo\":{\"@type\":\"ImageObject\",\"inLanguage\":\"de\",\"@id\":\"https:\/\/www.landofmemory.eu\/#\/schema\/logo\/image\/\",\"url\":\"https:\/\/www.landofmemory.eu\/wp-content\/uploads\/2022\/10\/logo-land-of-memory.jpg\",\"contentUrl\":\"https:\/\/www.landofmemory.eu\/wp-content\/uploads\/2022\/10\/logo-land-of-memory.jpg\",\"width\":1000,\"height\":500,\"caption\":\"Land Of Memory\"},\"image\":{\"@id\":\"https:\/\/www.landofmemory.eu\/#\/schema\/logo\/image\/\"},\"sameAs\":[\"https:\/\/www.facebook.com\/landofmemory.eu\",\"https:\/\/www.instagram.com\/landofmemory_eu\/\"]}]}<\/script>\n<!-- \/ Yoast SEO plugin. -->","yoast_head_json":{"title":"Das grossherzogtum Luxemburg und der widerstan - Land Of Memory","description":"In diesen Routen erfahren Sie, wie sich der Widerstand im Gro\u00dfherzogtum Luxemburg entwickelt hat.","robots":{"index":"index","follow":"follow","max-snippet":"max-snippet:-1","max-image-preview":"max-image-preview:large","max-video-preview":"max-video-preview:-1"},"canonical":"https:\/\/www.landofmemory.eu\/de\/itineraires\/das-grossherzogtum-luxemburg-und-der-widerstan\/","og_locale":"de_DE","og_type":"article","og_title":"Das grossherzogtum Luxemburg und der widerstan - Land Of Memory","og_description":"In diesen Routen erfahren Sie, wie sich der Widerstand im Gro\u00dfherzogtum Luxemburg entwickelt hat.","og_url":"https:\/\/www.landofmemory.eu\/de\/itineraires\/das-grossherzogtum-luxemburg-und-der-widerstan\/","og_site_name":"Land Of Memory","article_publisher":"https:\/\/www.facebook.com\/landofmemory.eu","article_modified_time":"2022-09-22T08:25:14+00:00","og_image":[{"url":"https:\/\/www.landofmemory.eu\/wp-content\/uploads\/2022\/09\/Monument-Greve.jpg","type":"","width":"","height":""}],"twitter_card":"summary_large_image","twitter_misc":{"Gesch\u00e4tzte Lesezeit":"1\u00a0Minute"},"schema":{"@context":"https:\/\/schema.org","@graph":[{"@type":"WebPage","@id":"https:\/\/www.landofmemory.eu\/de\/itineraires\/das-grossherzogtum-luxemburg-und-der-widerstan\/","url":"https:\/\/www.landofmemory.eu\/de\/itineraires\/das-grossherzogtum-luxemburg-und-der-widerstan\/","name":"Das grossherzogtum Luxemburg und der widerstan - Land Of Memory","isPartOf":{"@id":"https:\/\/www.landofmemory.eu\/#website"},"primaryImageOfPage":{"@id":"https:\/\/www.landofmemory.eu\/de\/itineraires\/das-grossherzogtum-luxemburg-und-der-widerstan\/#primaryimage"},"image":{"@id":"https:\/\/www.landofmemory.eu\/de\/itineraires\/das-grossherzogtum-luxemburg-und-der-widerstan\/#primaryimage"},"thumbnailUrl":"https:\/\/www.landofmemory.eu\/wp-content\/uploads\/2022\/09\/Monument-Greve.jpg","datePublished":"2022-09-21T14:25:20+00:00","dateModified":"2022-09-22T08:25:14+00:00","description":"In diesen Routen erfahren Sie, wie sich der Widerstand im Gro\u00dfherzogtum Luxemburg entwickelt hat.","breadcrumb":{"@id":"https:\/\/www.landofmemory.eu\/de\/itineraires\/das-grossherzogtum-luxemburg-und-der-widerstan\/#breadcrumb"},"inLanguage":"de","potentialAction":[{"@type":"ReadAction","target":["https:\/\/www.landofmemory.eu\/de\/itineraires\/das-grossherzogtum-luxemburg-und-der-widerstan\/"]}]},{"@type":"ImageObject","inLanguage":"de","@id":"https:\/\/www.landofmemory.eu\/de\/itineraires\/das-grossherzogtum-luxemburg-und-der-widerstan\/#primaryimage","url":"https:\/\/www.landofmemory.eu\/wp-content\/uploads\/2022\/09\/Monument-Greve.jpg","contentUrl":"https:\/\/www.landofmemory.eu\/wp-content\/uploads\/2022\/09\/Monument-Greve.jpg"},{"@type":"BreadcrumbList","@id":"https:\/\/www.landofmemory.eu\/de\/itineraires\/das-grossherzogtum-luxemburg-und-der-widerstan\/#breadcrumb","itemListElement":[{"@type":"ListItem","position":1,"name":"Accueil","item":"https:\/\/www.landofmemory.eu\/"},{"@type":"ListItem","position":2,"name":"Das grossherzogtum Luxemburg und der widerstan"}]},{"@type":"WebSite","@id":"https:\/\/www.landofmemory.eu\/#website","url":"https:\/\/www.landofmemory.eu\/","name":"Land Of Memory","description":"L&#039;histoire commence ici","publisher":{"@id":"https:\/\/www.landofmemory.eu\/#organization"},"potentialAction":[{"@type":"SearchAction","target":{"@type":"EntryPoint","urlTemplate":"https:\/\/www.landofmemory.eu\/?s={search_term_string}"},"query-input":{"@type":"PropertyValueSpecification","valueRequired":true,"valueName":"search_term_string"}}],"inLanguage":"de"},{"@type":"Organization","@id":"https:\/\/www.landofmemory.eu\/#organization","name":"Land Of Memory","url":"https:\/\/www.landofmemory.eu\/","logo":{"@type":"ImageObject","inLanguage":"de","@id":"https:\/\/www.landofmemory.eu\/#\/schema\/logo\/image\/","url":"https:\/\/www.landofmemory.eu\/wp-content\/uploads\/2022\/10\/logo-land-of-memory.jpg","contentUrl":"https:\/\/www.landofmemory.eu\/wp-content\/uploads\/2022\/10\/logo-land-of-memory.jpg","width":1000,"height":500,"caption":"Land Of Memory"},"image":{"@id":"https:\/\/www.landofmemory.eu\/#\/schema\/logo\/image\/"},"sameAs":["https:\/\/www.facebook.com\/landofmemory.eu","https:\/\/www.instagram.com\/landofmemory_eu\/"]}]}},"_links":{"self":[{"href":"https:\/\/www.landofmemory.eu\/de\/wp-json\/wp\/v2\/itineraires\/11736","targetHints":{"allow":["GET"]}}],"collection":[{"href":"https:\/\/www.landofmemory.eu\/de\/wp-json\/wp\/v2\/itineraires"}],"about":[{"href":"https:\/\/www.landofmemory.eu\/de\/wp-json\/wp\/v2\/types\/itineraires"}],"wp:attachment":[{"href":"https:\/\/www.landofmemory.eu\/de\/wp-json\/wp\/v2\/media?parent=11736"}],"wp:term":[{"taxonomy":"duree_itineraire","embeddable":true,"href":"https:\/\/www.landofmemory.eu\/de\/wp-json\/wp\/v2\/duree_itineraire?post=11736"}],"curies":[{"name":"wp","href":"https:\/\/api.w.org\/{rel}","templated":true}]}}