{"id":11738,"date":"2022-09-21T16:32:41","date_gmt":"2022-09-21T14:32:41","guid":{"rendered":"https:\/\/www.landofmemory.eu\/itineraires\/schuman-eine-europaeische-vision\/"},"modified":"2022-09-22T10:39:21","modified_gmt":"2022-09-22T08:39:21","slug":"schuman-eine-europaeische-vision","status":"publish","type":"itineraires","link":"https:\/\/www.landofmemory.eu\/de\/itineraires\/schuman-eine-europaeische-vision\/","title":{"rendered":"Schuman, eine europ\u00e4ische vision"},"content":{"rendered":"\n<p>Der Krieg hat den europ\u00e4ischen Kontinent wie kein anderer Konflikt zuvor gepr\u00e4gt. Die Gei\u00dfel der Nazis war sowohl f\u00fcr die Bev\u00f6lkerung als auch f\u00fcr die politischen M\u00e4chte ein Trauma. Noch vor dem Ende des Krieges begannen die Alliierten, sich die Zukunft auszumalen. Ziel war es, Europa auf einem solideren Fundament wieder aufzubauen, wobei der Frieden die wichtigste S\u00e4ule sein sollte. &#13;\n<\/p>\n\n<p>M\u00e4nner, die teilweise Vision\u00e4re waren, machten sich schnell an die Arbeit, getrieben von dem brennenden Wunsch, nie wieder eine solche Pr\u00fcfung erleben zu m\u00fcssen. Robert Schuman, der franz\u00f6sische Au\u00dfenminister, wurde schnell zum gro\u00dfen Architekten des europ\u00e4ischen Einigungswerks, in dem die deutsch-franz\u00f6sischen Beziehungen eine wichtige Rolle spielten. &#13;\n<\/p>\n\n<p>Auf dem Gebiet von Land of Memory wurde eine Route dem Frieden und dem von Robert Schuman vorangetriebenen Aufbau Europas gewidmet, den so viele M\u00e4nner und Frauen, die den Krieg erlebt hatten, herbei ersehnt hatten. Sie k\u00f6nnen den langen Weg entdecken, der zu dem gef\u00fchrt hat, was man heute die Europ\u00e4ische Union nennt. &#13;\n<\/p>\n\n<p>Ein Thema, das auch in der neuesten Episode des Podcasts Land of Memory behandelt wird!<\/p>\n\n<h2 class=\"wp-block-heading\">Zusammengefasst :<\/h2>\n\n<p>Tag 1 :<\/p>\n\n<ul class=\"wp-block-list\"><li>Haus von Robert Schuman (1h)<\/li><li>Museum der Stadt Luxemburg (2h)<\/li><li>Esch-sur-Alzette (2h)<\/li><\/ul>\n\n<p>Tag 2 : <\/p>\n\n<ul class=\"wp-block-list\"><li><a href=\"https:\/\/www.landofmemory.eu\/de\/sites-historiques\/ossuaire-douaumont\/\" target=\"_blank\" rel=\"noreferrer noopener\">Beinhaus von Douaumont\u00a0<\/a>(1h)<\/li><li><a href=\"https:\/\/www.landofmemory.eu\/de\/sites-historiques\/memorial-verdun\/\" target=\"_blank\" rel=\"noreferrer noopener\">Gedenkst\u00e4tte von Verdun<\/a> (2h)<\/li><li><a href=\"https:\/\/www.landofmemory.eu\/de\/sites-historiques\/centre-mondial-paix-libertes-droits-homme\/\" target=\"_blank\" rel=\"noreferrer noopener\">Weltzentrum f\u00fcr Frieden<\/a> (2h30)<\/li><\/ul>\n\n<div style=\"height:40px\" aria-hidden=\"true\" class=\"wp-block-spacer\"><\/div>\n\n<figure class=\"wp-block-gallery has-nested-images columns-default is-cropped wp-block-gallery-1 is-layout-flex wp-block-gallery-is-layout-flex\">\n<figure class=\"wp-block-image size-large\"><img loading=\"lazy\" decoding=\"async\" width=\"1000\" height=\"700\" data-id=\"11668\" src=\"https:\/\/www.landofmemory.eu\/wp-content\/uploads\/2022\/09\/Centre-Mondial-de-la-Paix.jpg\" alt=\"\" class=\"wp-image-11668\" srcset=\"https:\/\/www.landofmemory.eu\/wp-content\/uploads\/2022\/09\/Centre-Mondial-de-la-Paix.jpg 1000w, https:\/\/www.landofmemory.eu\/wp-content\/uploads\/2022\/09\/Centre-Mondial-de-la-Paix-300x210.jpg 300w, https:\/\/www.landofmemory.eu\/wp-content\/uploads\/2022\/09\/Centre-Mondial-de-la-Paix-768x538.jpg 768w, https:\/\/www.landofmemory.eu\/wp-content\/uploads\/2022\/09\/Centre-Mondial-de-la-Paix-600x420.jpg 600w\" sizes=\"auto, (max-width: 1000px) 100vw, 1000px\" \/><figcaption>Weltzentrum f\u00fcr Frieden<\/figcaption><\/figure>\n\n\n\n<figure class=\"wp-block-image size-large\"><img loading=\"lazy\" decoding=\"async\" width=\"1000\" height=\"700\" data-id=\"11664\" src=\"https:\/\/www.landofmemory.eu\/wp-content\/uploads\/2022\/09\/Memorial-Verdun-3.jpg\" alt=\"\" class=\"wp-image-11664\" srcset=\"https:\/\/www.landofmemory.eu\/wp-content\/uploads\/2022\/09\/Memorial-Verdun-3.jpg 1000w, https:\/\/www.landofmemory.eu\/wp-content\/uploads\/2022\/09\/Memorial-Verdun-3-300x210.jpg 300w, https:\/\/www.landofmemory.eu\/wp-content\/uploads\/2022\/09\/Memorial-Verdun-3-768x538.jpg 768w, https:\/\/www.landofmemory.eu\/wp-content\/uploads\/2022\/09\/Memorial-Verdun-3-600x420.jpg 600w\" sizes=\"auto, (max-width: 1000px) 100vw, 1000px\" \/><figcaption>Gedenkst\u00e4tte von Verdun<\/figcaption><\/figure>\n<\/figure>\n\n<div style=\"height:15px\" aria-hidden=\"true\" class=\"wp-block-spacer\"><\/div>\n\n<figure class=\"wp-block-gallery has-nested-images columns-default is-cropped wp-block-gallery-2 is-layout-flex wp-block-gallery-is-layout-flex\">\n<figure class=\"wp-block-image size-large\"><img loading=\"lazy\" decoding=\"async\" width=\"1024\" height=\"323\" data-id=\"11672\" src=\"https:\/\/www.landofmemory.eu\/wp-content\/uploads\/2022\/09\/Ossuaire-Douaumont-1024x323.jpg\" alt=\"\" class=\"wp-image-11672\" srcset=\"https:\/\/www.landofmemory.eu\/wp-content\/uploads\/2022\/09\/Ossuaire-Douaumont-1024x323.jpg 1024w, https:\/\/www.landofmemory.eu\/wp-content\/uploads\/2022\/09\/Ossuaire-Douaumont-300x95.jpg 300w, https:\/\/www.landofmemory.eu\/wp-content\/uploads\/2022\/09\/Ossuaire-Douaumont-768x242.jpg 768w, https:\/\/www.landofmemory.eu\/wp-content\/uploads\/2022\/09\/Ossuaire-Douaumont-1536x484.jpg 1536w, https:\/\/www.landofmemory.eu\/wp-content\/uploads\/2022\/09\/Ossuaire-Douaumont-600x189.jpg 600w, https:\/\/www.landofmemory.eu\/wp-content\/uploads\/2022\/09\/Ossuaire-Douaumont.jpg 2000w\" sizes=\"auto, (max-width: 1024px) 100vw, 1024px\" \/><figcaption>Beinhaus von Douaumont\u00a0<\/figcaption><\/figure>\n<\/figure>\n\n<div style=\"height:40px\" aria-hidden=\"true\" class=\"wp-block-spacer\"><\/div>\n\n<h2 class=\"has-text-align-center wp-block-heading\">Schuman, eine europ\u00e4ische Vision: der Podcast <\/h2>\n\n<iframe frameborder=\"0\" loading=\"lazy\" id=\"ausha-KyLq\" height=\"220\" style=\"border: none; width:100%; height:220px\" src=\"https:\/\/player.ausha.co\/index.html?showId=JdA1jUKKdqXO&#038;color=%239BB7C4&#038;v=3&#038;playerId=ausha-KyLq\"><\/iframe><script src=\"https:\/\/player.ausha.co\/ausha-player.js\"><\/script>\r\n\n<div style=\"height:20px\" aria-hidden=\"true\" class=\"wp-block-spacer\"><\/div>\n\n<div class=\"wp-block-buttons is-content-justification-center is-layout-flex wp-container-core-buttons-is-layout-16018d1d wp-block-buttons-is-layout-flex\">\n<div class=\"wp-block-button\"><a class=\"wp-block-button__link\" href=\"https:\/\/smartlink.ausha.co\/land-of-memory-de\/10-schuman-eine-europaeische-vision\" target=\"_blank\" rel=\"noreferrer noopener\">H\u00f6rplattformen<\/a><\/div>\n<\/div>\n","protected":false},"template":"","duree_itineraire":[],"class_list":["post-11738","itineraires","type-itineraires","status-publish","hentry"],"acf":[],"yoast_head":"<!-- This site is optimized with the Yoast SEO plugin v26.0 - https:\/\/yoast.com\/wordpress\/plugins\/seo\/ -->\n<title>Schuman, eine europ\u00e4ische vision - Land Of Memory<\/title>\n<meta name=\"description\" content=\"Entdecken Sie auf dieser Route die Geschichte von Robert Schuman, einem Vision\u00e4r, der den Grundstein f\u00fcr ein vereintes Europa legte.\" \/>\n<meta name=\"robots\" content=\"index, follow, max-snippet:-1, max-image-preview:large, max-video-preview:-1\" \/>\n<link rel=\"canonical\" href=\"https:\/\/www.landofmemory.eu\/de\/itineraires\/schuman-eine-europaeische-vision\/\" \/>\n<meta property=\"og:locale\" content=\"de_DE\" \/>\n<meta property=\"og:type\" content=\"article\" \/>\n<meta property=\"og:title\" content=\"Schuman, eine europ\u00e4ische vision - Land Of Memory\" \/>\n<meta property=\"og:description\" content=\"Entdecken Sie auf dieser Route die Geschichte von Robert Schuman, einem Vision\u00e4r, der den Grundstein f\u00fcr ein vereintes Europa legte.\" \/>\n<meta property=\"og:url\" content=\"https:\/\/www.landofmemory.eu\/de\/itineraires\/schuman-eine-europaeische-vision\/\" \/>\n<meta property=\"og:site_name\" content=\"Land Of Memory\" \/>\n<meta property=\"article:publisher\" content=\"https:\/\/www.facebook.com\/landofmemory.eu\" \/>\n<meta property=\"article:modified_time\" content=\"2022-09-22T08:39:21+00:00\" \/>\n<meta property=\"og:image\" content=\"https:\/\/www.landofmemory.eu\/wp-content\/uploads\/2022\/09\/Centre-Mondial-de-la-Paix.jpg\" \/>\n<meta name=\"twitter:card\" content=\"summary_large_image\" \/>\n<meta name=\"twitter:label1\" content=\"Gesch\u00e4tzte Lesezeit\" \/>\n\t<meta name=\"twitter:data1\" content=\"1\u00a0Minute\" \/>\n<script type=\"application\/ld+json\" class=\"yoast-schema-graph\">{\"@context\":\"https:\/\/schema.org\",\"@graph\":[{\"@type\":\"WebPage\",\"@id\":\"https:\/\/www.landofmemory.eu\/de\/itineraires\/schuman-eine-europaeische-vision\/\",\"url\":\"https:\/\/www.landofmemory.eu\/de\/itineraires\/schuman-eine-europaeische-vision\/\",\"name\":\"Schuman, eine europ\u00e4ische vision - Land Of Memory\",\"isPartOf\":{\"@id\":\"https:\/\/www.landofmemory.eu\/#website\"},\"primaryImageOfPage\":{\"@id\":\"https:\/\/www.landofmemory.eu\/de\/itineraires\/schuman-eine-europaeische-vision\/#primaryimage\"},\"image\":{\"@id\":\"https:\/\/www.landofmemory.eu\/de\/itineraires\/schuman-eine-europaeische-vision\/#primaryimage\"},\"thumbnailUrl\":\"https:\/\/www.landofmemory.eu\/wp-content\/uploads\/2022\/09\/Centre-Mondial-de-la-Paix.jpg\",\"datePublished\":\"2022-09-21T14:32:41+00:00\",\"dateModified\":\"2022-09-22T08:39:21+00:00\",\"description\":\"Entdecken Sie auf dieser Route die Geschichte von Robert Schuman, einem Vision\u00e4r, der den Grundstein f\u00fcr ein vereintes Europa legte.\",\"breadcrumb\":{\"@id\":\"https:\/\/www.landofmemory.eu\/de\/itineraires\/schuman-eine-europaeische-vision\/#breadcrumb\"},\"inLanguage\":\"de\",\"potentialAction\":[{\"@type\":\"ReadAction\",\"target\":[\"https:\/\/www.landofmemory.eu\/de\/itineraires\/schuman-eine-europaeische-vision\/\"]}]},{\"@type\":\"ImageObject\",\"inLanguage\":\"de\",\"@id\":\"https:\/\/www.landofmemory.eu\/de\/itineraires\/schuman-eine-europaeische-vision\/#primaryimage\",\"url\":\"https:\/\/www.landofmemory.eu\/wp-content\/uploads\/2022\/09\/Centre-Mondial-de-la-Paix.jpg\",\"contentUrl\":\"https:\/\/www.landofmemory.eu\/wp-content\/uploads\/2022\/09\/Centre-Mondial-de-la-Paix.jpg\"},{\"@type\":\"BreadcrumbList\",\"@id\":\"https:\/\/www.landofmemory.eu\/de\/itineraires\/schuman-eine-europaeische-vision\/#breadcrumb\",\"itemListElement\":[{\"@type\":\"ListItem\",\"position\":1,\"name\":\"Accueil\",\"item\":\"https:\/\/www.landofmemory.eu\/\"},{\"@type\":\"ListItem\",\"position\":2,\"name\":\"Schuman, eine europ\u00e4ische vision\"}]},{\"@type\":\"WebSite\",\"@id\":\"https:\/\/www.landofmemory.eu\/#website\",\"url\":\"https:\/\/www.landofmemory.eu\/\",\"name\":\"Land Of Memory\",\"description\":\"L&#039;histoire commence ici\",\"publisher\":{\"@id\":\"https:\/\/www.landofmemory.eu\/#organization\"},\"potentialAction\":[{\"@type\":\"SearchAction\",\"target\":{\"@type\":\"EntryPoint\",\"urlTemplate\":\"https:\/\/www.landofmemory.eu\/?s={search_term_string}\"},\"query-input\":{\"@type\":\"PropertyValueSpecification\",\"valueRequired\":true,\"valueName\":\"search_term_string\"}}],\"inLanguage\":\"de\"},{\"@type\":\"Organization\",\"@id\":\"https:\/\/www.landofmemory.eu\/#organization\",\"name\":\"Land Of Memory\",\"url\":\"https:\/\/www.landofmemory.eu\/\",\"logo\":{\"@type\":\"ImageObject\",\"inLanguage\":\"de\",\"@id\":\"https:\/\/www.landofmemory.eu\/#\/schema\/logo\/image\/\",\"url\":\"https:\/\/www.landofmemory.eu\/wp-content\/uploads\/2022\/10\/logo-land-of-memory.jpg\",\"contentUrl\":\"https:\/\/www.landofmemory.eu\/wp-content\/uploads\/2022\/10\/logo-land-of-memory.jpg\",\"width\":1000,\"height\":500,\"caption\":\"Land Of Memory\"},\"image\":{\"@id\":\"https:\/\/www.landofmemory.eu\/#\/schema\/logo\/image\/\"},\"sameAs\":[\"https:\/\/www.facebook.com\/landofmemory.eu\",\"https:\/\/www.instagram.com\/landofmemory_eu\/\"]}]}<\/script>\n<!-- \/ Yoast SEO plugin. -->","yoast_head_json":{"title":"Schuman, eine europ\u00e4ische vision - Land Of Memory","description":"Entdecken Sie auf dieser Route die Geschichte von Robert Schuman, einem Vision\u00e4r, der den Grundstein f\u00fcr ein vereintes Europa legte.","robots":{"index":"index","follow":"follow","max-snippet":"max-snippet:-1","max-image-preview":"max-image-preview:large","max-video-preview":"max-video-preview:-1"},"canonical":"https:\/\/www.landofmemory.eu\/de\/itineraires\/schuman-eine-europaeische-vision\/","og_locale":"de_DE","og_type":"article","og_title":"Schuman, eine europ\u00e4ische vision - Land Of Memory","og_description":"Entdecken Sie auf dieser Route die Geschichte von Robert Schuman, einem Vision\u00e4r, der den Grundstein f\u00fcr ein vereintes Europa legte.","og_url":"https:\/\/www.landofmemory.eu\/de\/itineraires\/schuman-eine-europaeische-vision\/","og_site_name":"Land Of Memory","article_publisher":"https:\/\/www.facebook.com\/landofmemory.eu","article_modified_time":"2022-09-22T08:39:21+00:00","og_image":[{"url":"https:\/\/www.landofmemory.eu\/wp-content\/uploads\/2022\/09\/Centre-Mondial-de-la-Paix.jpg","type":"","width":"","height":""}],"twitter_card":"summary_large_image","twitter_misc":{"Gesch\u00e4tzte Lesezeit":"1\u00a0Minute"},"schema":{"@context":"https:\/\/schema.org","@graph":[{"@type":"WebPage","@id":"https:\/\/www.landofmemory.eu\/de\/itineraires\/schuman-eine-europaeische-vision\/","url":"https:\/\/www.landofmemory.eu\/de\/itineraires\/schuman-eine-europaeische-vision\/","name":"Schuman, eine europ\u00e4ische vision - Land Of Memory","isPartOf":{"@id":"https:\/\/www.landofmemory.eu\/#website"},"primaryImageOfPage":{"@id":"https:\/\/www.landofmemory.eu\/de\/itineraires\/schuman-eine-europaeische-vision\/#primaryimage"},"image":{"@id":"https:\/\/www.landofmemory.eu\/de\/itineraires\/schuman-eine-europaeische-vision\/#primaryimage"},"thumbnailUrl":"https:\/\/www.landofmemory.eu\/wp-content\/uploads\/2022\/09\/Centre-Mondial-de-la-Paix.jpg","datePublished":"2022-09-21T14:32:41+00:00","dateModified":"2022-09-22T08:39:21+00:00","description":"Entdecken Sie auf dieser Route die Geschichte von Robert Schuman, einem Vision\u00e4r, der den Grundstein f\u00fcr ein vereintes Europa legte.","breadcrumb":{"@id":"https:\/\/www.landofmemory.eu\/de\/itineraires\/schuman-eine-europaeische-vision\/#breadcrumb"},"inLanguage":"de","potentialAction":[{"@type":"ReadAction","target":["https:\/\/www.landofmemory.eu\/de\/itineraires\/schuman-eine-europaeische-vision\/"]}]},{"@type":"ImageObject","inLanguage":"de","@id":"https:\/\/www.landofmemory.eu\/de\/itineraires\/schuman-eine-europaeische-vision\/#primaryimage","url":"https:\/\/www.landofmemory.eu\/wp-content\/uploads\/2022\/09\/Centre-Mondial-de-la-Paix.jpg","contentUrl":"https:\/\/www.landofmemory.eu\/wp-content\/uploads\/2022\/09\/Centre-Mondial-de-la-Paix.jpg"},{"@type":"BreadcrumbList","@id":"https:\/\/www.landofmemory.eu\/de\/itineraires\/schuman-eine-europaeische-vision\/#breadcrumb","itemListElement":[{"@type":"ListItem","position":1,"name":"Accueil","item":"https:\/\/www.landofmemory.eu\/"},{"@type":"ListItem","position":2,"name":"Schuman, eine europ\u00e4ische vision"}]},{"@type":"WebSite","@id":"https:\/\/www.landofmemory.eu\/#website","url":"https:\/\/www.landofmemory.eu\/","name":"Land Of Memory","description":"L&#039;histoire commence ici","publisher":{"@id":"https:\/\/www.landofmemory.eu\/#organization"},"potentialAction":[{"@type":"SearchAction","target":{"@type":"EntryPoint","urlTemplate":"https:\/\/www.landofmemory.eu\/?s={search_term_string}"},"query-input":{"@type":"PropertyValueSpecification","valueRequired":true,"valueName":"search_term_string"}}],"inLanguage":"de"},{"@type":"Organization","@id":"https:\/\/www.landofmemory.eu\/#organization","name":"Land Of Memory","url":"https:\/\/www.landofmemory.eu\/","logo":{"@type":"ImageObject","inLanguage":"de","@id":"https:\/\/www.landofmemory.eu\/#\/schema\/logo\/image\/","url":"https:\/\/www.landofmemory.eu\/wp-content\/uploads\/2022\/10\/logo-land-of-memory.jpg","contentUrl":"https:\/\/www.landofmemory.eu\/wp-content\/uploads\/2022\/10\/logo-land-of-memory.jpg","width":1000,"height":500,"caption":"Land Of Memory"},"image":{"@id":"https:\/\/www.landofmemory.eu\/#\/schema\/logo\/image\/"},"sameAs":["https:\/\/www.facebook.com\/landofmemory.eu","https:\/\/www.instagram.com\/landofmemory_eu\/"]}]}},"_links":{"self":[{"href":"https:\/\/www.landofmemory.eu\/de\/wp-json\/wp\/v2\/itineraires\/11738","targetHints":{"allow":["GET"]}}],"collection":[{"href":"https:\/\/www.landofmemory.eu\/de\/wp-json\/wp\/v2\/itineraires"}],"about":[{"href":"https:\/\/www.landofmemory.eu\/de\/wp-json\/wp\/v2\/types\/itineraires"}],"wp:attachment":[{"href":"https:\/\/www.landofmemory.eu\/de\/wp-json\/wp\/v2\/media?parent=11738"}],"wp:term":[{"taxonomy":"duree_itineraire","embeddable":true,"href":"https:\/\/www.landofmemory.eu\/de\/wp-json\/wp\/v2\/duree_itineraire?post=11738"}],"curies":[{"name":"wp","href":"https:\/\/api.w.org\/{rel}","templated":true}]}}