{"id":4736,"date":"2021-10-17T09:20:53","date_gmt":"2021-10-17T07:20:53","guid":{"rendered":"https:\/\/www.landofmemory.eu\/de-politique-de-confidentialite\/"},"modified":"2022-01-14T16:51:48","modified_gmt":"2022-01-14T15:51:48","slug":"de-politique-de-confidentialite","status":"publish","type":"page","link":"https:\/\/www.landofmemory.eu\/de\/de-politique-de-confidentialite\/","title":{"rendered":"Datenschutzrichtlinie"},"content":{"rendered":"\n<p>Das Reiseziel Land of Memory, das von der F\u00e9d\u00e9ration du Tourisme de la Province Li\u00e8ge als Koordinator f\u00fcr das Interreg V-A Gro\u00dfregion-Projekt Land of Memory und seinen Partnern verwaltet wird, verarbeitet als Verantwortlicher f\u00fcr seine T\u00e4tigkeit personenbezogene Daten. Die rechtlichen Informationen \u00fcber Land of Memory finden Sie in unseren rechtlichen <a href=\"https:\/\/www.landofmemory.eu\/de\/de-mentions-legales\/\" target=\"_blank\" rel=\"noreferrer noopener\">Hinweisen<\/a>.<\/p>\n\n<p>Wir legen gro\u00dfen Wert auf ihre Einhaltung, wobei wir uns in unserer &#8222;Datenschutzpolitik&#8220; strikt an die geltenden Bestimmungen halten, insbesondere an das Gesetz &#8222;Informatique et libert\u00e9s&#8220; vom 6. Januar 1978 und die &#8222;RGPD&#8220; (R\u00e8glement G\u00e9n\u00e9ral sur la Protection des Donn\u00e9es, Allgemeine Datenschutzverordnung) (Verordnung EU 2016\/679 vom 27. April 2016).<\/p>\n\n<h2 class=\"wp-block-heading\">ARTIKEL 1 &#8211; GESAMMELTE PERS\u00d6NLICHE INFORMATIONEN<\/h2>\n\n<p>Wenn Sie sich f\u00fcr den Land of Memory-Newsletter anmelden, erfassen wir die von Ihnen angegebenen pers\u00f6nlichen Daten, wie z. B. Ihren Namen und Ihre E-Mail-Adresse. Die Daten k\u00f6nnen vom Reiseziel Land of Memory sowie von den vier Partnern, die das Reiseziel bilden, verwendet werden:\u00a0<\/p>\n\n<ul class=\"wp-block-list\"><li>die F\u00e9d\u00e9ration du Tourisme de la Province de Li\u00e8ge (FTPL), Place de la R\u00e9publique Fran\u00e7aise 1, 4000 Li\u00e8ge, Belgien\u00a0<\/li><li>die Association Touristique du Luxembourg Belge (ATLB), Boucle de la Famenne, 23 A, 6900 Marche-en-Famenne, Belgien<\/li><li>das Office R\u00e9gional du Tourisme des Ardennes Luxembourgeoises (ORTAL), B.P. 12 L-9401 Vianden, Luxemburg<\/li><li>Meuse Attractivit\u00e9, Centre d&#8217;affaires Coeur de Meuse, ZID Meuse TGV, 55 220 Les Trois Domaines, Frankreich<\/li><li>das Office de Tourisme du Grand Verdun (OTGV), Place de la Nation, 55 100 Verdun, Frankreich<\/li><li>das Ministerium f\u00fcr Bildung und Kultur im Saarland, Triererstrasse 10, 66111 Saarbr\u00fccken, Deutschland.<\/li><\/ul>\n\n<p>Mit Ihrer Erlaubnis k\u00f6nnten wir Ihnen E-Mails \u00fcber Land of Memory oder seine Partner, Geheimtipps und Informationen \u00fcber das Reiseziel senden.<\/p>\n\n<p>Gem\u00e4\u00df dem Gesetz \u00fcber den Schutz des Privatlebens (RGPD) in Bezug auf die Verarbeitung personenbezogener Daten haben Sie das Recht, auf Ihre Daten zuzugreifen, sie zu berichtigen, zu \u00e4ndern und zu l\u00f6schen. Land of Memory und die Partner verpflichten sich, die auf https:\/\/landofmemory.eu\/ gesammelten Informationen nicht an Dritte weiterzugeben.<\/p>\n\n<p>\u00dcbermittlung Ihrer pers\u00f6nlichen Daten<\/p>\n\n<h2 class=\"wp-block-heading\">ARTIKEL 2 &#8211; ZUSTIMMUNG<\/h2>\n\n<p><strong>Wie erhalten Sie meine Zustimmung?<\/strong><\/p>\n\n<p>Wenn Sie uns Ihre pers\u00f6nlichen Informationen zur Verf\u00fcgung stellen, um den Land of Memory-Newsletter zu abonnieren, gehen wir davon aus, dass Sie damit einverstanden sind, dass wir Ihre Informationen sammeln und ausschlie\u00dflich zu diesem Zweck verwenden.<\/p>\n\n<p>Wenn wir Sie bitten, uns Ihre pers\u00f6nlichen Daten aus einem anderen Grund, z. B. zu Marketingzwecken, zur Verf\u00fcgung zu stellen, werden wir Sie direkt um Ihre ausdr\u00fcckliche Zustimmung bitten oder Ihnen die M\u00f6glichkeit geben, diese abzulehnen.<\/p>\n\n<p><strong>Wie kann ich meine Zustimmung widerrufen?<\/strong><\/p>\n\n<p>Wenn Sie, nachdem Sie uns Ihre Zustimmung gegeben haben, Ihre Meinung \u00e4ndern und nicht mehr damit einverstanden sind, dass wir Sie kontaktieren, Ihre Informationen sammeln oder sie weitergeben, k\u00f6nnen Sie uns davon in Kenntnis setzen, indem Sie uns unter <span class=\"has-inline-color has-black-color\">der E-Mail-Adresse info@landofmemory.eu<\/span> oder per Post an F\u00e9d\u00e9ration du Tourisme de la Province de Li\u00e8ge, Place de la R\u00e9publique Fran\u00e7aise 1, Li\u00e8ge, Belgien, kontaktieren.<\/p>\n\n<h2 class=\"wp-block-heading\">ARTIKEL 3 &#8211; OFFENLEGUNG<\/h2>\n\n<p>Wir k\u00f6nnen Ihre pers\u00f6nlichen Daten offenlegen, wenn wir gesetzlich dazu verpflichtet sind oder wenn Sie gegen unsere Allgemeinen Gesch\u00e4ftsbedingungen versto\u00dfen.<\/p>\n\n<h2 class=\"wp-block-heading\">ARTIKEL 4 &#8211; SICHERHEIT<\/h2>\n\n<p>Um Ihre personenbezogenen Daten zu sch\u00fctzen, treffen wir angemessene Vorsichtsma\u00dfnahmen und halten uns an die besten Praktiken der Branche, um sicherzustellen, dass sie nicht auf unangemessene Weise verloren gehen, missbraucht, eingesehen, offengelegt, ver\u00e4ndert oder vernichtet werden.<\/p>\n\n<p>ons haben Vorkehrungen f\u00fcr einen eingeschr\u00e4nkten Zugriff auf Ihre Daten getroffen. So sind Ihre Daten nur f\u00fcr befugtes Personal sichtbar, das f\u00fcr den Schutz pers\u00f6nlicher Daten sensibilisiert ist.\u00a0<\/p>\n\n<h2 class=\"wp-block-heading\">ARTIKEL 5 &#8211; COOKIE-RICHTLINIE<\/h2>\n\n<p><strong>Was ist ein Cookie?<\/strong><\/p>\n\n<p>Ein Cookie ist eine Textdatei, die abgelegt wird, wenn ein Nutzer den Inhalt einer Website oder eine Online-Werbung anschaut. Sie ist v\u00f6llig anonym und erm\u00f6glicht es, nur das Terminal zu erkennen, mit dem die Navigation durchgef\u00fchrt wurde. Mithilfe von Cookies k\u00f6nnen wir Informationen \u00fcber die Navigation des Nutzers sammeln. Wenn wir von &#8222;Cookie&#8220; sprechen, meinen wir Cookies und \u00e4hnliche Online-Tracking-Technologien.\u00a0<\/p>\n\n<p><strong>Welche Arten von Cookies verwenden wir und warum?<\/strong><\/p>\n\n<p>Wir verwenden verschiedene Arten von Cookies, die wir in drei Kategorien einteilen:<\/p>\n\n<ul class=\"wp-block-list\"><li><strong>Technische Cookies<\/strong>, diese Cookies sind notwendig, damit Sie alle Funktionen unserer Website nutzen k\u00f6nnen, und erm\u00f6glichen auch den Zugang zu unseren Produkten und Dienstleistungen. Ohne diese Cookies funktionieren einige Teile unserer Website und unserer Dienste nicht so, wie sie sollten.<\/li><li><strong>Audience Cookies<\/strong> (z. B. Google Analytics) erm\u00f6glichen es uns, die Besucherzahlen der verschiedenen Seiten unserer Website zu messen. Auf diese Weise k\u00f6nnen wir Statistiken erstellen, um das Verhalten unserer Nutzer zu verstehen und die Navigation auf unserer Seite zu verbessern. Diese Daten werden in aggregierter Form gesammelt, so dass jedes Surfen anonym bleibt. Die Verwendung von Cookies durch diese Unternehmen unterliegt den eigenen Datenschutzrichtlinien dieser Unternehmen und nicht denen von Land of Memory.<\/li><li><strong>Werbe-Cookies<\/strong>, sie erm\u00f6glichen die Anzeige von zielgerichteter Werbung und sind wie alle anderen Cookies auf unserer Seite vollst\u00e4ndig anonym. Die Cookies erm\u00f6glichen es, die Anzahl der Anzeigen zu begrenzen, die geschaltet werden, und werden verwendet, um die Effektivit\u00e4t unserer Werbekampagnen auf Facebook zu verfolgen.<\/li><\/ul>\n\n<p>Zur Erinnerung: Die erhaltenen Daten sind eingeschr\u00e4nkt. Pers\u00f6nliche Daten wie der Vor- und Nachname des Nutzers oder die Postadresse, an die er sich anmeldet, k\u00f6nnen nicht beschafft werden.<\/p>\n\n<p><strong>Was ist die Rechtsgrundlage f\u00fcr die Verwendung von Cookies?<\/strong><\/p>\n\n<p>Gem\u00e4\u00df dem franz\u00f6sischen Datenschutzgesetz ist vor der Speicherung von Informationen die vorherige Zustimmung des Nutzers erforderlich. Diese Zustimmung erfolgt durch das Akzeptieren der Nachricht auf dem Cookie-Banner, das beim ersten Besuch des Nutzers auf der Website erscheint. Auf dem Banner hat der Nutzer auch die Wahl, diese abzulehnen.<\/p>\n\n<p><strong>Ihre Cookie-Einstellungen \u00e4ndern<\/strong><\/p>\n\n<p>Der Nutzer kann Cookies jederzeit in den Einstellungen seines Browsers deaktivieren oder durch erneuten Zugriff auf das Cookie-Banner \u00fcber die folgende Schaltfl\u00e4che &#8222;Meine Einstellungen \u00e4ndern&#8220; :<\/p>\n\n<p><code><a href=\"#\" class=\"cn-revoke-cookie cn-button-inline cn-revoke-inline\" title=\"Modifier mes pr\u00e9f\u00e9rences\">Modifier mes pr\u00e9f\u00e9rences<\/a><\/code><\/p>\n\n<p>Die Einstellung kann Ihre Bedingungen f\u00fcr den Zugriff auf unsere Dienste, die die Verwendung von Cookies erfordern, \u00e4ndern. Wenn Ihr Browser so eingestellt ist, dass er alle Cookies ablehnt, k\u00f6nnen Sie die wesentlichen Funktionen unserer Website nicht nutzen, da viele Cookies das Funktionieren der Navigation erm\u00f6glichen. Um Cookies Ihren Erwartungen entsprechend zu verwalten, empfehlen wir Ihnen, Ihren Browser so einzustellen, dass er den Zweck der Cookies ber\u00fccksichtigt.<\/p>\n\n<p>Weitere Informationen finden Sie auf der Website der CNIL: <a href=\"http:\/\/www.cnil.fr\/vos-droits\/vos-traces\/les-cookies\/\">http:\/\/www.cnil.fr\/vos-droits\/vos-traces\/les-cookies\/<\/a><\/p>\n\n<p>Bitte folge diesem Link, um mehr dar\u00fcber zu erfahren, wie du die von Facebook bereitgestellten Cookies ablehnen kannst: https:\/\/www.facebook.com\/help\/568137493302217 \u00a0\u00a0<\/p>\n\n<h2 class=\"wp-block-heading\">ARTIKEL 6 &#8211; ZUSTIMMUNGSALTER<\/h2>\n\n<p>Durch die Nutzung dieser Website erkl\u00e4ren Sie, dass Sie in dem Staat oder der Provinz, in dem\/der Sie Ihren Wohnsitz haben, mindestens vollj\u00e4hrig sind und dass Sie uns Ihre Zustimmung dazu gegeben haben, dass jede Person minderj\u00e4hrigen Alters, f\u00fcr die Sie unterhaltspflichtig sind, diese Website nutzen darf.<\/p>\n\n<h2 class=\"wp-block-heading\">ARTIKEL 7 &#8211; \u00c4NDERUNGEN AN DIESER DATENSCHUTZRICHTLINIE<\/h2>\n\n<p>Wir behalten uns das Recht vor, diese Datenschutzrichtlinie jederzeit zu \u00e4ndern, daher bitten wir Sie, sie h\u00e4ufig zu \u00fcberpr\u00fcfen. \u00c4nderungen und Klarstellungen treten unmittelbar nach ihrer Ver\u00f6ffentlichung auf der Website in Kraft. Wenn wir \u00c4nderungen am Inhalt dieser Richtlinie vornehmen, werden wir Sie hier auf die Aktualisierung hinweisen, damit Sie wissen, welche Informationen wir sammeln, wie wir sie verwenden und unter welchen Umst\u00e4nden wir sie gegebenenfalls offenlegen.<\/p>\n\n<h2 class=\"wp-block-heading\">FRAGEN UND KONTAKTDATEN<\/h2>\n\n<p>Wenn Sie auf pers\u00f6nliche Informationen, die wir \u00fcber Sie haben, zugreifen, sie korrigieren, \u00e4ndern oder l\u00f6schen m\u00f6chten, eine Beschwerde einreichen m\u00f6chten oder einfach weitere Informationen w\u00fcnschen, wenden Sie sich bitte an Land of Memory <span class=\"has-inline-color has-black-color\"> unter der E-Mail-Adresse info@landofmemory.eu<\/span> oder per Post an F\u00e9d\u00e9ration du Tourisme de la Province de Li\u00e8ge, Place de la R\u00e9publique Fran\u00e7aise 1, Li\u00e8ge, Belgien.<\/p>\n","protected":false},"excerpt":{"rendered":"<p>Das Reiseziel Land of Memory, das von der F\u00e9d\u00e9ration du Tourisme de la Province Li\u00e8ge als Koordinator f\u00fcr das Interreg V-A Gro\u00dfregion-Projekt Land of Memory und seinen Partnern verwaltet wird, verarbeitet als Verantwortlicher f\u00fcr seine T\u00e4tigkeit personenbezogene Daten. Die rechtlichen Informationen \u00fcber Land of Memory finden Sie in unseren rechtlichen Hinweisen. Wir legen gro\u00dfen Wert [&hellip;]<\/p>\n","protected":false},"author":1,"featured_media":0,"parent":0,"menu_order":0,"comment_status":"closed","ping_status":"closed","template":"page-courante.php","meta":{"_acf_changed":false,"footnotes":""},"class_list":["post-4736","page","type-page","status-publish","hentry"],"acf":[],"yoast_head":"<!-- This site is optimized with the Yoast SEO plugin v26.0 - https:\/\/yoast.com\/wordpress\/plugins\/seo\/ -->\n<title>Datenschutzrichtlinie - Land Of Memory<\/title>\n<meta name=\"robots\" content=\"index, follow, max-snippet:-1, max-image-preview:large, max-video-preview:-1\" \/>\n<link rel=\"canonical\" href=\"https:\/\/www.landofmemory.eu\/de\/de-politique-de-confidentialite\/\" \/>\n<meta property=\"og:locale\" content=\"de_DE\" \/>\n<meta property=\"og:type\" content=\"article\" \/>\n<meta property=\"og:title\" content=\"Datenschutzrichtlinie - Land Of Memory\" \/>\n<meta property=\"og:description\" content=\"Das Reiseziel Land of Memory, das von der F\u00e9d\u00e9ration du Tourisme de la Province Li\u00e8ge als Koordinator f\u00fcr das Interreg V-A Gro\u00dfregion-Projekt Land of Memory und seinen Partnern verwaltet wird, verarbeitet als Verantwortlicher f\u00fcr seine T\u00e4tigkeit personenbezogene Daten. Die rechtlichen Informationen \u00fcber Land of Memory finden Sie in unseren rechtlichen Hinweisen. Wir legen gro\u00dfen Wert [&hellip;]\" \/>\n<meta property=\"og:url\" content=\"https:\/\/www.landofmemory.eu\/de\/de-politique-de-confidentialite\/\" \/>\n<meta property=\"og:site_name\" content=\"Land Of Memory\" \/>\n<meta property=\"article:publisher\" content=\"https:\/\/www.facebook.com\/landofmemory.eu\" \/>\n<meta property=\"article:modified_time\" content=\"2022-01-14T15:51:48+00:00\" \/>\n<meta name=\"twitter:card\" content=\"summary_large_image\" \/>\n<meta name=\"twitter:label1\" content=\"Gesch\u00e4tzte Lesezeit\" \/>\n\t<meta name=\"twitter:data1\" content=\"6\u00a0Minuten\" \/>\n<script type=\"application\/ld+json\" class=\"yoast-schema-graph\">{\"@context\":\"https:\/\/schema.org\",\"@graph\":[{\"@type\":\"WebPage\",\"@id\":\"https:\/\/www.landofmemory.eu\/de\/de-politique-de-confidentialite\/\",\"url\":\"https:\/\/www.landofmemory.eu\/de\/de-politique-de-confidentialite\/\",\"name\":\"Datenschutzrichtlinie - Land Of Memory\",\"isPartOf\":{\"@id\":\"https:\/\/www.landofmemory.eu\/#website\"},\"datePublished\":\"2021-10-17T07:20:53+00:00\",\"dateModified\":\"2022-01-14T15:51:48+00:00\",\"breadcrumb\":{\"@id\":\"https:\/\/www.landofmemory.eu\/de\/de-politique-de-confidentialite\/#breadcrumb\"},\"inLanguage\":\"de\",\"potentialAction\":[{\"@type\":\"ReadAction\",\"target\":[\"https:\/\/www.landofmemory.eu\/de\/de-politique-de-confidentialite\/\"]}]},{\"@type\":\"BreadcrumbList\",\"@id\":\"https:\/\/www.landofmemory.eu\/de\/de-politique-de-confidentialite\/#breadcrumb\",\"itemListElement\":[{\"@type\":\"ListItem\",\"position\":1,\"name\":\"Accueil\",\"item\":\"https:\/\/www.landofmemory.eu\/\"},{\"@type\":\"ListItem\",\"position\":2,\"name\":\"Datenschutzrichtlinie\"}]},{\"@type\":\"WebSite\",\"@id\":\"https:\/\/www.landofmemory.eu\/#website\",\"url\":\"https:\/\/www.landofmemory.eu\/\",\"name\":\"Land Of Memory\",\"description\":\"L&#039;histoire commence ici\",\"publisher\":{\"@id\":\"https:\/\/www.landofmemory.eu\/#organization\"},\"potentialAction\":[{\"@type\":\"SearchAction\",\"target\":{\"@type\":\"EntryPoint\",\"urlTemplate\":\"https:\/\/www.landofmemory.eu\/?s={search_term_string}\"},\"query-input\":{\"@type\":\"PropertyValueSpecification\",\"valueRequired\":true,\"valueName\":\"search_term_string\"}}],\"inLanguage\":\"de\"},{\"@type\":\"Organization\",\"@id\":\"https:\/\/www.landofmemory.eu\/#organization\",\"name\":\"Land Of Memory\",\"url\":\"https:\/\/www.landofmemory.eu\/\",\"logo\":{\"@type\":\"ImageObject\",\"inLanguage\":\"de\",\"@id\":\"https:\/\/www.landofmemory.eu\/#\/schema\/logo\/image\/\",\"url\":\"https:\/\/www.landofmemory.eu\/wp-content\/uploads\/2022\/10\/logo-land-of-memory.jpg\",\"contentUrl\":\"https:\/\/www.landofmemory.eu\/wp-content\/uploads\/2022\/10\/logo-land-of-memory.jpg\",\"width\":1000,\"height\":500,\"caption\":\"Land Of Memory\"},\"image\":{\"@id\":\"https:\/\/www.landofmemory.eu\/#\/schema\/logo\/image\/\"},\"sameAs\":[\"https:\/\/www.facebook.com\/landofmemory.eu\",\"https:\/\/www.instagram.com\/landofmemory_eu\/\"]}]}<\/script>\n<!-- \/ Yoast SEO plugin. -->","yoast_head_json":{"title":"Datenschutzrichtlinie - Land Of Memory","robots":{"index":"index","follow":"follow","max-snippet":"max-snippet:-1","max-image-preview":"max-image-preview:large","max-video-preview":"max-video-preview:-1"},"canonical":"https:\/\/www.landofmemory.eu\/de\/de-politique-de-confidentialite\/","og_locale":"de_DE","og_type":"article","og_title":"Datenschutzrichtlinie - Land Of Memory","og_description":"Das Reiseziel Land of Memory, das von der F\u00e9d\u00e9ration du Tourisme de la Province Li\u00e8ge als Koordinator f\u00fcr das Interreg V-A Gro\u00dfregion-Projekt Land of Memory und seinen Partnern verwaltet wird, verarbeitet als Verantwortlicher f\u00fcr seine T\u00e4tigkeit personenbezogene Daten. Die rechtlichen Informationen \u00fcber Land of Memory finden Sie in unseren rechtlichen Hinweisen. Wir legen gro\u00dfen Wert [&hellip;]","og_url":"https:\/\/www.landofmemory.eu\/de\/de-politique-de-confidentialite\/","og_site_name":"Land Of Memory","article_publisher":"https:\/\/www.facebook.com\/landofmemory.eu","article_modified_time":"2022-01-14T15:51:48+00:00","twitter_card":"summary_large_image","twitter_misc":{"Gesch\u00e4tzte Lesezeit":"6\u00a0Minuten"},"schema":{"@context":"https:\/\/schema.org","@graph":[{"@type":"WebPage","@id":"https:\/\/www.landofmemory.eu\/de\/de-politique-de-confidentialite\/","url":"https:\/\/www.landofmemory.eu\/de\/de-politique-de-confidentialite\/","name":"Datenschutzrichtlinie - Land Of Memory","isPartOf":{"@id":"https:\/\/www.landofmemory.eu\/#website"},"datePublished":"2021-10-17T07:20:53+00:00","dateModified":"2022-01-14T15:51:48+00:00","breadcrumb":{"@id":"https:\/\/www.landofmemory.eu\/de\/de-politique-de-confidentialite\/#breadcrumb"},"inLanguage":"de","potentialAction":[{"@type":"ReadAction","target":["https:\/\/www.landofmemory.eu\/de\/de-politique-de-confidentialite\/"]}]},{"@type":"BreadcrumbList","@id":"https:\/\/www.landofmemory.eu\/de\/de-politique-de-confidentialite\/#breadcrumb","itemListElement":[{"@type":"ListItem","position":1,"name":"Accueil","item":"https:\/\/www.landofmemory.eu\/"},{"@type":"ListItem","position":2,"name":"Datenschutzrichtlinie"}]},{"@type":"WebSite","@id":"https:\/\/www.landofmemory.eu\/#website","url":"https:\/\/www.landofmemory.eu\/","name":"Land Of Memory","description":"L&#039;histoire commence ici","publisher":{"@id":"https:\/\/www.landofmemory.eu\/#organization"},"potentialAction":[{"@type":"SearchAction","target":{"@type":"EntryPoint","urlTemplate":"https:\/\/www.landofmemory.eu\/?s={search_term_string}"},"query-input":{"@type":"PropertyValueSpecification","valueRequired":true,"valueName":"search_term_string"}}],"inLanguage":"de"},{"@type":"Organization","@id":"https:\/\/www.landofmemory.eu\/#organization","name":"Land Of Memory","url":"https:\/\/www.landofmemory.eu\/","logo":{"@type":"ImageObject","inLanguage":"de","@id":"https:\/\/www.landofmemory.eu\/#\/schema\/logo\/image\/","url":"https:\/\/www.landofmemory.eu\/wp-content\/uploads\/2022\/10\/logo-land-of-memory.jpg","contentUrl":"https:\/\/www.landofmemory.eu\/wp-content\/uploads\/2022\/10\/logo-land-of-memory.jpg","width":1000,"height":500,"caption":"Land Of Memory"},"image":{"@id":"https:\/\/www.landofmemory.eu\/#\/schema\/logo\/image\/"},"sameAs":["https:\/\/www.facebook.com\/landofmemory.eu","https:\/\/www.instagram.com\/landofmemory_eu\/"]}]}},"_links":{"self":[{"href":"https:\/\/www.landofmemory.eu\/de\/wp-json\/wp\/v2\/pages\/4736","targetHints":{"allow":["GET"]}}],"collection":[{"href":"https:\/\/www.landofmemory.eu\/de\/wp-json\/wp\/v2\/pages"}],"about":[{"href":"https:\/\/www.landofmemory.eu\/de\/wp-json\/wp\/v2\/types\/page"}],"author":[{"embeddable":true,"href":"https:\/\/www.landofmemory.eu\/de\/wp-json\/wp\/v2\/users\/1"}],"replies":[{"embeddable":true,"href":"https:\/\/www.landofmemory.eu\/de\/wp-json\/wp\/v2\/comments?post=4736"}],"version-history":[{"count":4,"href":"https:\/\/www.landofmemory.eu\/de\/wp-json\/wp\/v2\/pages\/4736\/revisions"}],"predecessor-version":[{"id":7041,"href":"https:\/\/www.landofmemory.eu\/de\/wp-json\/wp\/v2\/pages\/4736\/revisions\/7041"}],"wp:attachment":[{"href":"https:\/\/www.landofmemory.eu\/de\/wp-json\/wp\/v2\/media?parent=4736"}],"curies":[{"name":"wp","href":"https:\/\/api.w.org\/{rel}","templated":true}]}}