{"id":10764,"date":"2022-08-02T11:55:50","date_gmt":"2022-08-02T09:55:50","guid":{"rendered":"https:\/\/www.landofmemory.eu\/sites-historiques\/museum-der-ardennenschlacht-in-la-roche-en-ardenne\/"},"modified":"2022-08-02T11:55:50","modified_gmt":"2022-08-02T09:55:50","slug":"museum-der-ardennenschlacht-in-la-roche-en-ardenne","status":"publish","type":"sites-historiques","link":"https:\/\/www.landofmemory.eu\/de\/sites-historiques\/museum-der-ardennenschlacht-in-la-roche-en-ardenne\/","title":{"rendered":"Museum der Ardennenschlacht in La Roche-en-Ardenne"},"content":{"rendered":"\n<h2 class=\"wp-block-heading\">Eine M\u00e4rtyrerstadt<\/h2>\n\n<div class=\"wp-block-columns is-layout-flex wp-container-core-columns-is-layout-9d6595d7 wp-block-columns-is-layout-flex\">\n<div class=\"wp-block-column is-vertically-aligned-center is-layout-flow wp-block-column-is-layout-flow\">\n<div class=\"wp-block-image\"><figure class=\"aligncenter size-large is-resized\"><img loading=\"lazy\" decoding=\"async\" src=\"https:\/\/www.landofmemory.eu\/wp-content\/uploads\/2021\/09\/Bataille-des-Ardennes-Roche-en-Ardenne_Denis_Bdts-7-2-684x1024.jpg\" alt=\"Sammlung des Museums der Ardennenoffensive.\" class=\"wp-image-3208\" width=\"310\" height=\"463\" srcset=\"https:\/\/www.landofmemory.eu\/wp-content\/uploads\/2021\/09\/Bataille-des-Ardennes-Roche-en-Ardenne_Denis_Bdts-7-2-684x1024.jpg 684w, https:\/\/www.landofmemory.eu\/wp-content\/uploads\/2021\/09\/Bataille-des-Ardennes-Roche-en-Ardenne_Denis_Bdts-7-2-200x300.jpg 200w, https:\/\/www.landofmemory.eu\/wp-content\/uploads\/2021\/09\/Bataille-des-Ardennes-Roche-en-Ardenne_Denis_Bdts-7-2-768x1150.jpg 768w, https:\/\/www.landofmemory.eu\/wp-content\/uploads\/2021\/09\/Bataille-des-Ardennes-Roche-en-Ardenne_Denis_Bdts-7-2-1367x2048.jpg 1367w, https:\/\/www.landofmemory.eu\/wp-content\/uploads\/2021\/09\/Bataille-des-Ardennes-Roche-en-Ardenne_Denis_Bdts-7-2-scaled.jpg 1709w\" sizes=\"auto, (max-width: 310px) 100vw, 310px\" \/><figcaption>\u00a9 Land of Memory<\/figcaption><\/figure><\/div>\n<\/div>\n\n\n\n<div class=\"wp-block-column is-vertically-aligned-center is-layout-flow wp-block-column-is-layout-flow\">\n<p>Heute ist das kleine Touristenst\u00e4dtchen La Roche-en-Ardenne von der Ourthe umgeben. Es wird von den Ruinen einer mittelalterlichen Burg \u00fcberragt, die von der historischen Bedeutung des Ortes zeugen. 1944-45, w\u00e4hrend der Ardennenoffensive, wurde La Roche-en-Ardenne zu fast 90 % zerst\u00f6rt. Mehr als hundert Einwohner verloren ihr Leben. Infolge dieser Trag\u00f6die wurde die Stadt als &#8222;M\u00e4rtyrerstadt&#8220; bezeichnet und 1951 mit dem Croix de Guerre ausgezeichnet. Deshalb wissen wir hier die Pflicht des Gedenkens zu sch\u00e4tzen. Dies verdeutlicht die Einrichtung des Ardennenkriegsmuseums. Es zeigt Objekte, die den deutschen, amerikanischen und britischen Besatzungs- und Befreiungsarmeen geh\u00f6rten.<\/p>\n<\/div>\n<\/div>\n\n<p>Archivfotos und eine beeindruckende Sammlung von Fahrzeugen, schweren und leichten Waffen sowie Uniformen, die von den Veteranen selbst gespendet wurden, versetzen den Besucher in das Geschehen des Zweiten Weltkriegs.&#13;\n<\/p>\n\n<div style=\"height:100px\" aria-hidden=\"true\" class=\"wp-block-spacer\"><\/div>\n\n<div class=\"wp-block-columns is-layout-flex wp-container-core-columns-is-layout-9d6595d7 wp-block-columns-is-layout-flex\">\n<div class=\"wp-block-column is-layout-flow wp-block-column-is-layout-flow\">\n<div class=\"wp-block-image\"><figure class=\"aligncenter size-large is-resized\"><img loading=\"lazy\" decoding=\"async\" src=\"https:\/\/www.landofmemory.eu\/wp-content\/uploads\/2021\/09\/Bataille-des-Ardennes-Roche-en-Ardenne_Denis_Bdts-2-2-683x1024.jpg\" alt=\"Wiederaufbau der Luftwaffe w&#xE4;hrend der Ardennenoffensive.\" class=\"wp-image-3216\" width=\"325\" height=\"487\" srcset=\"https:\/\/www.landofmemory.eu\/wp-content\/uploads\/2021\/09\/Bataille-des-Ardennes-Roche-en-Ardenne_Denis_Bdts-2-2-683x1024.jpg 683w, https:\/\/www.landofmemory.eu\/wp-content\/uploads\/2021\/09\/Bataille-des-Ardennes-Roche-en-Ardenne_Denis_Bdts-2-2-200x300.jpg 200w, https:\/\/www.landofmemory.eu\/wp-content\/uploads\/2021\/09\/Bataille-des-Ardennes-Roche-en-Ardenne_Denis_Bdts-2-2-768x1151.jpg 768w, https:\/\/www.landofmemory.eu\/wp-content\/uploads\/2021\/09\/Bataille-des-Ardennes-Roche-en-Ardenne_Denis_Bdts-2-2-1025x1536.jpg 1025w, https:\/\/www.landofmemory.eu\/wp-content\/uploads\/2021\/09\/Bataille-des-Ardennes-Roche-en-Ardenne_Denis_Bdts-2-2-1367x2048.jpg 1367w, https:\/\/www.landofmemory.eu\/wp-content\/uploads\/2021\/09\/Bataille-des-Ardennes-Roche-en-Ardenne_Denis_Bdts-2-2-600x900.jpg 600w, https:\/\/www.landofmemory.eu\/wp-content\/uploads\/2021\/09\/Bataille-des-Ardennes-Roche-en-Ardenne_Denis_Bdts-2-2-scaled.jpg 1709w\" sizes=\"auto, (max-width: 325px) 100vw, 325px\" \/><figcaption>\u00a9 Land of Memory <\/figcaption><\/figure><\/div>\n<\/div>\n\n\n\n<div class=\"wp-block-column is-layout-flow wp-block-column-is-layout-flow\">\n<div class=\"wp-block-image\"><figure class=\"aligncenter size-large is-resized\"><img loading=\"lazy\" decoding=\"async\" src=\"https:\/\/www.landofmemory.eu\/wp-content\/uploads\/2021\/09\/Bataille-des-Ardennes-Roche-en-Ardenne_Denis_Bdts-6-2-683x1024.jpg\" alt=\"Wiederaufbau der Luftwaffe w&#xE4;hrend der Ardennenoffensive.\" class=\"wp-image-3212\" width=\"323\" height=\"484\" srcset=\"https:\/\/www.landofmemory.eu\/wp-content\/uploads\/2021\/09\/Bataille-des-Ardennes-Roche-en-Ardenne_Denis_Bdts-6-2-683x1024.jpg 683w, https:\/\/www.landofmemory.eu\/wp-content\/uploads\/2021\/09\/Bataille-des-Ardennes-Roche-en-Ardenne_Denis_Bdts-6-2-200x300.jpg 200w, https:\/\/www.landofmemory.eu\/wp-content\/uploads\/2021\/09\/Bataille-des-Ardennes-Roche-en-Ardenne_Denis_Bdts-6-2-768x1151.jpg 768w, https:\/\/www.landofmemory.eu\/wp-content\/uploads\/2021\/09\/Bataille-des-Ardennes-Roche-en-Ardenne_Denis_Bdts-6-2-1025x1536.jpg 1025w, https:\/\/www.landofmemory.eu\/wp-content\/uploads\/2021\/09\/Bataille-des-Ardennes-Roche-en-Ardenne_Denis_Bdts-6-2-1367x2048.jpg 1367w, https:\/\/www.landofmemory.eu\/wp-content\/uploads\/2021\/09\/Bataille-des-Ardennes-Roche-en-Ardenne_Denis_Bdts-6-2-600x900.jpg 600w, https:\/\/www.landofmemory.eu\/wp-content\/uploads\/2021\/09\/Bataille-des-Ardennes-Roche-en-Ardenne_Denis_Bdts-6-2-scaled.jpg 1709w\" sizes=\"auto, (max-width: 323px) 100vw, 323px\" \/><figcaption>\u00a9 Land of Memory<\/figcaption><\/figure><\/div>\n<\/div>\n<\/div>\n\n<h2 class=\"wp-block-heading\">Reconnaissance des soldats britanniques<\/h2>\n\n<p>Eine weitere Besonderheit dieses Museums ist, dass es das einzige ist, das einen Teil seiner R\u00e4ume der britischen Armee widmet, die an der Gegenoffensive vom Januar 45 beteiligt war: Engl\u00e4nder, Schotten, Waliser, Kanadier, aber auch Belgier und Franzosen. Die Aufgabe des Museums besteht darin, die Rolle der Briten w\u00e4hrend der alliierten Gegenoffensive vom 3. bis 16. Januar 1945 und der Befreiung der D\u00f6rfer am linken Ufer der Ourthe aufzuzeigen.<\/p>\n\n<p>In der Ausstellung sind zahlreiche Gegenst\u00e4nde und Uniformen britischer Soldaten aus dem Zweiten Weltkrieg zu sehen. Dazu geh\u00f6ren das Barett der j\u00e4gergr\u00fcnen Kommandos zu Ehren der Chasseurs Ardennais oder die Uniform von Oberstleutnant Cathaert von der 51. Highland-Division, die in die heftigen K\u00e4mpfe in der Anfangsphase der Schlacht verwickelt war. Im Januar 1945 griffen die Division und der Rest des 30. Korps die Nordspitze des deutschen Vorsprungs an und schlossen sich am 14. Januar in Nisramont der 84. US-Infanteriedivision an. Die Beteiligung des Museums an der Aufkl\u00e4rung der britischen Streitkr\u00e4fte blieb nicht unbemerkt. <\/p>\n\n<p>Das Museum wird regelm\u00e4\u00dfig von Veteranen oder ihren Familienangeh\u00f6rigen besucht.Viele ihrer Geschichten k\u00f6nnen auf der Webseite des Museums nachgelesen werden.<\/p>\n\n<p>Aus diesem Grund ist das Museum der Ardennenschlacht ein Muss bei Ihrem Besuch in La-Roche.<\/p>\n\n<div style=\"height:100px\" aria-hidden=\"true\" class=\"wp-block-spacer\"><\/div>\n\n<div class=\"wp-block-columns is-layout-flex wp-container-core-columns-is-layout-9d6595d7 wp-block-columns-is-layout-flex\">\n<div class=\"wp-block-column is-layout-flow wp-block-column-is-layout-flow\">\n<figure class=\"wp-block-image size-large is-resized\"><img loading=\"lazy\" decoding=\"async\" src=\"https:\/\/www.landofmemory.eu\/wp-content\/uploads\/2021\/09\/Bataille-des-Ardennes-Roche-en-Ardenne_Denis_Bdts-3-2-1024x684.jpg\" alt=\"Schaufenster auf die streng geheime Enigma.\" class=\"wp-image-3220\" width=\"388\" height=\"258\" srcset=\"https:\/\/www.landofmemory.eu\/wp-content\/uploads\/2021\/09\/Bataille-des-Ardennes-Roche-en-Ardenne_Denis_Bdts-3-2-1024x684.jpg 1024w, https:\/\/www.landofmemory.eu\/wp-content\/uploads\/2021\/09\/Bataille-des-Ardennes-Roche-en-Ardenne_Denis_Bdts-3-2-300x200.jpg 300w, https:\/\/www.landofmemory.eu\/wp-content\/uploads\/2021\/09\/Bataille-des-Ardennes-Roche-en-Ardenne_Denis_Bdts-3-2-768x513.jpg 768w, https:\/\/www.landofmemory.eu\/wp-content\/uploads\/2021\/09\/Bataille-des-Ardennes-Roche-en-Ardenne_Denis_Bdts-3-2-1536x1025.jpg 1536w, https:\/\/www.landofmemory.eu\/wp-content\/uploads\/2021\/09\/Bataille-des-Ardennes-Roche-en-Ardenne_Denis_Bdts-3-2-2048x1367.jpg 2048w, https:\/\/www.landofmemory.eu\/wp-content\/uploads\/2021\/09\/Bataille-des-Ardennes-Roche-en-Ardenne_Denis_Bdts-3-2-600x401.jpg 600w\" sizes=\"auto, (max-width: 388px) 100vw, 388px\" \/><figcaption>\u00a9 Land of Memory<\/figcaption><\/figure>\n<\/div>\n\n\n\n<div class=\"wp-block-column is-layout-flow wp-block-column-is-layout-flow\">\n<figure class=\"wp-block-image size-large is-resized\"><img loading=\"lazy\" decoding=\"async\" src=\"https:\/\/www.landofmemory.eu\/wp-content\/uploads\/2021\/09\/Bataille-des-Ardennes-Roche-en-Ardenne_Denis_Bdts-5-2-1024x683.jpg\" alt=\"Rekonstruktion einer milit&#xE4;rischen Szene im Museum der Ardennenoffensive.\" class=\"wp-image-3224\" width=\"386\" height=\"257\" srcset=\"https:\/\/www.landofmemory.eu\/wp-content\/uploads\/2021\/09\/Bataille-des-Ardennes-Roche-en-Ardenne_Denis_Bdts-5-2-1024x683.jpg 1024w, https:\/\/www.landofmemory.eu\/wp-content\/uploads\/2021\/09\/Bataille-des-Ardennes-Roche-en-Ardenne_Denis_Bdts-5-2-300x200.jpg 300w, https:\/\/www.landofmemory.eu\/wp-content\/uploads\/2021\/09\/Bataille-des-Ardennes-Roche-en-Ardenne_Denis_Bdts-5-2-768x513.jpg 768w, https:\/\/www.landofmemory.eu\/wp-content\/uploads\/2021\/09\/Bataille-des-Ardennes-Roche-en-Ardenne_Denis_Bdts-5-2-1536x1025.jpg 1536w, https:\/\/www.landofmemory.eu\/wp-content\/uploads\/2021\/09\/Bataille-des-Ardennes-Roche-en-Ardenne_Denis_Bdts-5-2-2048x1367.jpg 2048w, https:\/\/www.landofmemory.eu\/wp-content\/uploads\/2021\/09\/Bataille-des-Ardennes-Roche-en-Ardenne_Denis_Bdts-5-2-600x400.jpg 600w\" sizes=\"auto, (max-width: 386px) 100vw, 386px\" \/><figcaption>\u00a9 Land of Memory<\/figcaption><\/figure>\n<\/div>\n<\/div>\n\n<p><\/p>\n","protected":false},"template":"","type_site":[53],"class_list":["post-10764","sites-historiques","type-sites-historiques","status-publish","hentry","type_site-museen-und-ausstellungen"],"acf":[],"yoast_head":"<!-- This site is optimized with the Yoast SEO plugin v26.0 - https:\/\/yoast.com\/wordpress\/plugins\/seo\/ -->\n<title>Museum der Ardennenschlacht in La Roche-en-Ardenne<\/title>\n<meta name=\"robots\" content=\"index, follow, max-snippet:-1, max-image-preview:large, max-video-preview:-1\" \/>\n<link rel=\"canonical\" href=\"https:\/\/www.landofmemory.eu\/de\/sites-historiques\/museum-der-ardennenschlacht-in-la-roche-en-ardenne\/\" \/>\n<meta property=\"og:locale\" content=\"de_DE\" \/>\n<meta property=\"og:type\" content=\"article\" \/>\n<meta property=\"og:title\" content=\"Museum der Ardennenschlacht in La Roche-en-Ardenne\" \/>\n<meta property=\"og:description\" content=\"Eine M\u00e4rtyrerstadt Heute ist das kleine Touristenst\u00e4dtchen La Roche-en-Ardenne von der Ourthe umgeben. Es wird von den Ruinen einer mittelalterlichen Burg \u00fcberragt, die von der historischen Bedeutung des Ortes zeugen. 1944-45, w\u00e4hrend der Ardennenoffensive, wurde La Roche-en-Ardenne zu fast 90 % zerst\u00f6rt. Mehr als hundert Einwohner verloren ihr Leben. Infolge dieser Trag\u00f6die wurde die Stadt [&hellip;]\" \/>\n<meta property=\"og:url\" content=\"https:\/\/www.landofmemory.eu\/de\/sites-historiques\/museum-der-ardennenschlacht-in-la-roche-en-ardenne\/\" \/>\n<meta property=\"og:site_name\" content=\"Land Of Memory\" \/>\n<meta property=\"article:publisher\" content=\"https:\/\/www.facebook.com\/landofmemory.eu\" \/>\n<meta property=\"og:image\" content=\"https:\/\/www.landofmemory.eu\/wp-content\/uploads\/2021\/09\/Bataille-des-Ardennes-Roche-en-Ardenne_Denis_Bdts-7-2-684x1024.jpg\" \/>\n<meta name=\"twitter:card\" content=\"summary_large_image\" \/>\n<meta name=\"twitter:label1\" content=\"Gesch\u00e4tzte Lesezeit\" \/>\n\t<meta name=\"twitter:data1\" content=\"2\u00a0Minuten\" \/>\n<script type=\"application\/ld+json\" class=\"yoast-schema-graph\">{\"@context\":\"https:\/\/schema.org\",\"@graph\":[{\"@type\":\"WebPage\",\"@id\":\"https:\/\/www.landofmemory.eu\/de\/sites-historiques\/museum-der-ardennenschlacht-in-la-roche-en-ardenne\/\",\"url\":\"https:\/\/www.landofmemory.eu\/de\/sites-historiques\/museum-der-ardennenschlacht-in-la-roche-en-ardenne\/\",\"name\":\"Museum der Ardennenschlacht in La Roche-en-Ardenne\",\"isPartOf\":{\"@id\":\"https:\/\/www.landofmemory.eu\/#website\"},\"primaryImageOfPage\":{\"@id\":\"https:\/\/www.landofmemory.eu\/de\/sites-historiques\/museum-der-ardennenschlacht-in-la-roche-en-ardenne\/#primaryimage\"},\"image\":{\"@id\":\"https:\/\/www.landofmemory.eu\/de\/sites-historiques\/museum-der-ardennenschlacht-in-la-roche-en-ardenne\/#primaryimage\"},\"thumbnailUrl\":\"https:\/\/www.landofmemory.eu\/wp-content\/uploads\/2021\/09\/Bataille-des-Ardennes-Roche-en-Ardenne_Denis_Bdts-7-2-684x1024.jpg\",\"datePublished\":\"2022-08-02T09:55:50+00:00\",\"breadcrumb\":{\"@id\":\"https:\/\/www.landofmemory.eu\/de\/sites-historiques\/museum-der-ardennenschlacht-in-la-roche-en-ardenne\/#breadcrumb\"},\"inLanguage\":\"de\",\"potentialAction\":[{\"@type\":\"ReadAction\",\"target\":[\"https:\/\/www.landofmemory.eu\/de\/sites-historiques\/museum-der-ardennenschlacht-in-la-roche-en-ardenne\/\"]}]},{\"@type\":\"ImageObject\",\"inLanguage\":\"de\",\"@id\":\"https:\/\/www.landofmemory.eu\/de\/sites-historiques\/museum-der-ardennenschlacht-in-la-roche-en-ardenne\/#primaryimage\",\"url\":\"https:\/\/www.landofmemory.eu\/wp-content\/uploads\/2021\/09\/Bataille-des-Ardennes-Roche-en-Ardenne_Denis_Bdts-7-2-684x1024.jpg\",\"contentUrl\":\"https:\/\/www.landofmemory.eu\/wp-content\/uploads\/2021\/09\/Bataille-des-Ardennes-Roche-en-Ardenne_Denis_Bdts-7-2-684x1024.jpg\"},{\"@type\":\"BreadcrumbList\",\"@id\":\"https:\/\/www.landofmemory.eu\/de\/sites-historiques\/museum-der-ardennenschlacht-in-la-roche-en-ardenne\/#breadcrumb\",\"itemListElement\":[{\"@type\":\"ListItem\",\"position\":1,\"name\":\"Accueil\",\"item\":\"https:\/\/www.landofmemory.eu\/\"},{\"@type\":\"ListItem\",\"position\":2,\"name\":\"Museum der Ardennenschlacht in La Roche-en-Ardenne\"}]},{\"@type\":\"WebSite\",\"@id\":\"https:\/\/www.landofmemory.eu\/#website\",\"url\":\"https:\/\/www.landofmemory.eu\/\",\"name\":\"Land Of Memory\",\"description\":\"L&#039;histoire commence ici\",\"publisher\":{\"@id\":\"https:\/\/www.landofmemory.eu\/#organization\"},\"potentialAction\":[{\"@type\":\"SearchAction\",\"target\":{\"@type\":\"EntryPoint\",\"urlTemplate\":\"https:\/\/www.landofmemory.eu\/?s={search_term_string}\"},\"query-input\":{\"@type\":\"PropertyValueSpecification\",\"valueRequired\":true,\"valueName\":\"search_term_string\"}}],\"inLanguage\":\"de\"},{\"@type\":\"Organization\",\"@id\":\"https:\/\/www.landofmemory.eu\/#organization\",\"name\":\"Land Of Memory\",\"url\":\"https:\/\/www.landofmemory.eu\/\",\"logo\":{\"@type\":\"ImageObject\",\"inLanguage\":\"de\",\"@id\":\"https:\/\/www.landofmemory.eu\/#\/schema\/logo\/image\/\",\"url\":\"https:\/\/www.landofmemory.eu\/wp-content\/uploads\/2022\/10\/logo-land-of-memory.jpg\",\"contentUrl\":\"https:\/\/www.landofmemory.eu\/wp-content\/uploads\/2022\/10\/logo-land-of-memory.jpg\",\"width\":1000,\"height\":500,\"caption\":\"Land Of Memory\"},\"image\":{\"@id\":\"https:\/\/www.landofmemory.eu\/#\/schema\/logo\/image\/\"},\"sameAs\":[\"https:\/\/www.facebook.com\/landofmemory.eu\",\"https:\/\/www.instagram.com\/landofmemory_eu\/\"]}]}<\/script>\n<!-- \/ Yoast SEO plugin. -->","yoast_head_json":{"title":"Museum der Ardennenschlacht in La Roche-en-Ardenne","robots":{"index":"index","follow":"follow","max-snippet":"max-snippet:-1","max-image-preview":"max-image-preview:large","max-video-preview":"max-video-preview:-1"},"canonical":"https:\/\/www.landofmemory.eu\/de\/sites-historiques\/museum-der-ardennenschlacht-in-la-roche-en-ardenne\/","og_locale":"de_DE","og_type":"article","og_title":"Museum der Ardennenschlacht in La Roche-en-Ardenne","og_description":"Eine M\u00e4rtyrerstadt Heute ist das kleine Touristenst\u00e4dtchen La Roche-en-Ardenne von der Ourthe umgeben. Es wird von den Ruinen einer mittelalterlichen Burg \u00fcberragt, die von der historischen Bedeutung des Ortes zeugen. 1944-45, w\u00e4hrend der Ardennenoffensive, wurde La Roche-en-Ardenne zu fast 90 % zerst\u00f6rt. Mehr als hundert Einwohner verloren ihr Leben. Infolge dieser Trag\u00f6die wurde die Stadt [&hellip;]","og_url":"https:\/\/www.landofmemory.eu\/de\/sites-historiques\/museum-der-ardennenschlacht-in-la-roche-en-ardenne\/","og_site_name":"Land Of Memory","article_publisher":"https:\/\/www.facebook.com\/landofmemory.eu","og_image":[{"url":"https:\/\/www.landofmemory.eu\/wp-content\/uploads\/2021\/09\/Bataille-des-Ardennes-Roche-en-Ardenne_Denis_Bdts-7-2-684x1024.jpg","type":"","width":"","height":""}],"twitter_card":"summary_large_image","twitter_misc":{"Gesch\u00e4tzte Lesezeit":"2\u00a0Minuten"},"schema":{"@context":"https:\/\/schema.org","@graph":[{"@type":"WebPage","@id":"https:\/\/www.landofmemory.eu\/de\/sites-historiques\/museum-der-ardennenschlacht-in-la-roche-en-ardenne\/","url":"https:\/\/www.landofmemory.eu\/de\/sites-historiques\/museum-der-ardennenschlacht-in-la-roche-en-ardenne\/","name":"Museum der Ardennenschlacht in La Roche-en-Ardenne","isPartOf":{"@id":"https:\/\/www.landofmemory.eu\/#website"},"primaryImageOfPage":{"@id":"https:\/\/www.landofmemory.eu\/de\/sites-historiques\/museum-der-ardennenschlacht-in-la-roche-en-ardenne\/#primaryimage"},"image":{"@id":"https:\/\/www.landofmemory.eu\/de\/sites-historiques\/museum-der-ardennenschlacht-in-la-roche-en-ardenne\/#primaryimage"},"thumbnailUrl":"https:\/\/www.landofmemory.eu\/wp-content\/uploads\/2021\/09\/Bataille-des-Ardennes-Roche-en-Ardenne_Denis_Bdts-7-2-684x1024.jpg","datePublished":"2022-08-02T09:55:50+00:00","breadcrumb":{"@id":"https:\/\/www.landofmemory.eu\/de\/sites-historiques\/museum-der-ardennenschlacht-in-la-roche-en-ardenne\/#breadcrumb"},"inLanguage":"de","potentialAction":[{"@type":"ReadAction","target":["https:\/\/www.landofmemory.eu\/de\/sites-historiques\/museum-der-ardennenschlacht-in-la-roche-en-ardenne\/"]}]},{"@type":"ImageObject","inLanguage":"de","@id":"https:\/\/www.landofmemory.eu\/de\/sites-historiques\/museum-der-ardennenschlacht-in-la-roche-en-ardenne\/#primaryimage","url":"https:\/\/www.landofmemory.eu\/wp-content\/uploads\/2021\/09\/Bataille-des-Ardennes-Roche-en-Ardenne_Denis_Bdts-7-2-684x1024.jpg","contentUrl":"https:\/\/www.landofmemory.eu\/wp-content\/uploads\/2021\/09\/Bataille-des-Ardennes-Roche-en-Ardenne_Denis_Bdts-7-2-684x1024.jpg"},{"@type":"BreadcrumbList","@id":"https:\/\/www.landofmemory.eu\/de\/sites-historiques\/museum-der-ardennenschlacht-in-la-roche-en-ardenne\/#breadcrumb","itemListElement":[{"@type":"ListItem","position":1,"name":"Accueil","item":"https:\/\/www.landofmemory.eu\/"},{"@type":"ListItem","position":2,"name":"Museum der Ardennenschlacht in La Roche-en-Ardenne"}]},{"@type":"WebSite","@id":"https:\/\/www.landofmemory.eu\/#website","url":"https:\/\/www.landofmemory.eu\/","name":"Land Of Memory","description":"L&#039;histoire commence ici","publisher":{"@id":"https:\/\/www.landofmemory.eu\/#organization"},"potentialAction":[{"@type":"SearchAction","target":{"@type":"EntryPoint","urlTemplate":"https:\/\/www.landofmemory.eu\/?s={search_term_string}"},"query-input":{"@type":"PropertyValueSpecification","valueRequired":true,"valueName":"search_term_string"}}],"inLanguage":"de"},{"@type":"Organization","@id":"https:\/\/www.landofmemory.eu\/#organization","name":"Land Of Memory","url":"https:\/\/www.landofmemory.eu\/","logo":{"@type":"ImageObject","inLanguage":"de","@id":"https:\/\/www.landofmemory.eu\/#\/schema\/logo\/image\/","url":"https:\/\/www.landofmemory.eu\/wp-content\/uploads\/2022\/10\/logo-land-of-memory.jpg","contentUrl":"https:\/\/www.landofmemory.eu\/wp-content\/uploads\/2022\/10\/logo-land-of-memory.jpg","width":1000,"height":500,"caption":"Land Of Memory"},"image":{"@id":"https:\/\/www.landofmemory.eu\/#\/schema\/logo\/image\/"},"sameAs":["https:\/\/www.facebook.com\/landofmemory.eu","https:\/\/www.instagram.com\/landofmemory_eu\/"]}]}},"_links":{"self":[{"href":"https:\/\/www.landofmemory.eu\/de\/wp-json\/wp\/v2\/sites-historiques\/10764","targetHints":{"allow":["GET"]}}],"collection":[{"href":"https:\/\/www.landofmemory.eu\/de\/wp-json\/wp\/v2\/sites-historiques"}],"about":[{"href":"https:\/\/www.landofmemory.eu\/de\/wp-json\/wp\/v2\/types\/sites-historiques"}],"wp:attachment":[{"href":"https:\/\/www.landofmemory.eu\/de\/wp-json\/wp\/v2\/media?parent=10764"}],"wp:term":[{"taxonomy":"type_site","embeddable":true,"href":"https:\/\/www.landofmemory.eu\/de\/wp-json\/wp\/v2\/type_site?post=10764"}],"curies":[{"name":"wp","href":"https:\/\/api.w.org\/{rel}","templated":true}]}}