{"id":10982,"date":"2022-08-11T12:04:32","date_gmt":"2022-08-11T10:04:32","guid":{"rendered":"https:\/\/www.landofmemory.eu\/sites-historiques\/die-erinnerungen-an-die-quinzaine-tragique-von-vise-14-18\/"},"modified":"2022-09-22T10:13:46","modified_gmt":"2022-09-22T08:13:46","slug":"die-erinnerungen-an-die-quinzaine-tragique-von-vise-14-18","status":"publish","type":"sites-historiques","link":"https:\/\/www.landofmemory.eu\/de\/sites-historiques\/die-erinnerungen-an-die-quinzaine-tragique-von-vise-14-18\/","title":{"rendered":"Die Erinnerungen an die &#8222;Quinzaine Tragique&#8220; von Vis\u00e9 (14-18)"},"content":{"rendered":"\n<p>Zwei Wochen ersch\u00fctterten die Stadt Vis\u00e9 am Beginn des Ersten Weltkriegs. In dieser belgischen Stadt fand n\u00e4mlich die erste Schlacht des Gro\u00dfen Krieges in Europa statt. Der 4. August 1914 machte sie zur ersten M\u00e4rtyrerstadt des Konflikts. Die Besetzung von Vis\u00e9 war gewaltsam: Am 15. August wurden 585 H\u00e4user niedergebrannt und 42 Zivilisten get\u00f6tet. &#13;\n<\/p>\n\n<figure class=\"wp-block-image size-full\"><img loading=\"lazy\" decoding=\"async\" width=\"1024\" height=\"671\" src=\"https:\/\/www.landofmemory.eu\/wp-content\/uploads\/2022\/07\/image-6.png\" alt=\"\" class=\"wp-image-10555\" srcset=\"https:\/\/www.landofmemory.eu\/wp-content\/uploads\/2022\/07\/image-6.png 1024w, https:\/\/www.landofmemory.eu\/wp-content\/uploads\/2022\/07\/image-6-300x197.png 300w, https:\/\/www.landofmemory.eu\/wp-content\/uploads\/2022\/07\/image-6-768x503.png 768w, https:\/\/www.landofmemory.eu\/wp-content\/uploads\/2022\/07\/image-6-600x393.png 600w\" sizes=\"auto, (max-width: 1024px) 100vw, 1024px\" \/><figcaption>Vis\u00e9 d\u00e9truite en 1914<\/figcaption><\/figure>\n\n<p>In diese ersch\u00fctternde Geschichte taucht man dank fiktiver Zeitzeugen ein, deren Erz\u00e4hlungen unter anderem auf dem bewegenden Tagebuch von Florent Vliegen basieren. Diese Figuren nehmen uns mit durch diese dunklen Jahre bis hin zum Wiederaufbau der Stadt.&#13;\n<\/p>\n\n<p>Individuelle Besichtigungen sind auf Franz\u00f6sisch, Englisch, Niederl\u00e4ndisch und Deutsch m\u00f6glich, wobei 18 Schilder einen etwa 4 km langen Spaziergang markieren. F\u00fcr zus\u00e4tzliche Erkl\u00e4rungen ist ein Heft f\u00fcr 3\u20ac im <a href=\"https:\/\/www.paysdeherve.be\/de\">&#8222;Maison du Tourisme du Pays de Herve&#8220;<\/a> oder im <a href=\"http:\/\/www.museedevise.be\/circuit-memoires-de-la-quinzaine-tragique\/\">&#8222;Mus\u00e9e d&#8217;Arch\u00e9ologie et d&#8217;Histoire de Vis\u00e9&#8220; erh\u00e4ltlich<\/a>. Dort werden auch F\u00fchrungen f\u00fcr Gruppen angeboten, bei denen noch mehr Geheimnisse offenbart werden&#8230;<\/p>\n\n<figure class=\"wp-block-image size-large\"><img loading=\"lazy\" decoding=\"async\" width=\"1024\" height=\"768\" src=\"https:\/\/www.landofmemory.eu\/wp-content\/uploads\/2022\/07\/Vise-place-des-Deportes-cSRAHV-1024x768.jpg\" alt=\"\" class=\"wp-image-10551\" srcset=\"https:\/\/www.landofmemory.eu\/wp-content\/uploads\/2022\/07\/Vise-place-des-Deportes-cSRAHV-1024x768.jpg 1024w, https:\/\/www.landofmemory.eu\/wp-content\/uploads\/2022\/07\/Vise-place-des-Deportes-cSRAHV-300x225.jpg 300w, https:\/\/www.landofmemory.eu\/wp-content\/uploads\/2022\/07\/Vise-place-des-Deportes-cSRAHV-768x576.jpg 768w, https:\/\/www.landofmemory.eu\/wp-content\/uploads\/2022\/07\/Vise-place-des-Deportes-cSRAHV-1536x1152.jpg 1536w, https:\/\/www.landofmemory.eu\/wp-content\/uploads\/2022\/07\/Vise-place-des-Deportes-cSRAHV-2048x1536.jpg 2048w, https:\/\/www.landofmemory.eu\/wp-content\/uploads\/2022\/07\/Vise-place-des-Deportes-cSRAHV-600x450.jpg 600w\" sizes=\"auto, (max-width: 1024px) 100vw, 1024px\" \/><figcaption>Vis\u00e9 \u00a9 SRAHV<\/figcaption><\/figure>\n\n<p>F\u00fcr franz\u00f6sischsprachige Gruppen, die gerne noch mehr Details erfahren m\u00f6chten, gibt es auch die M\u00f6glichkeit, eine Busrundfahrt zu buchen. Die 120 km lange Tour f\u00fchrt durch Vis\u00e9, Hertsal und die Forts Barchon und Herstal. Unterwegs wird ein Film angeboten, um in die Geschichte einzutauchen.&#13;\n<\/p>\n\n<p>Reservierungen k\u00f6nnen per E-Mail \u00fcber <a href=\"mailto:museedevise@skynet.be\" target=\"_blank\" rel=\"noreferrer noopener\">museedevise@skynet.be<\/a> oder telefonisch unter +32 (0)495\/49.63.91 vorgenommen werden.<\/p>\n","protected":false},"template":"","type_site":[69,82],"class_list":["post-10982","sites-historiques","type-sites-historiques","status-publish","hentry","type_site-themenpfaden-weltkriegen","type_site-stadte"],"acf":[],"yoast_head":"<!-- This site is optimized with the Yoast SEO plugin v26.0 - https:\/\/yoast.com\/wordpress\/plugins\/seo\/ -->\n<title>Die Erinnerungen an die &quot;Quinzaine Tragique&quot; von Vis\u00e9 (14-18) - Land Of Memory<\/title>\n<meta name=\"description\" content=\"Entdecken Sie die Tragischen Wochen in Vis\u00e9, der belgischen M\u00e4rtyrerstadt des Ersten Weltkriegs, auf unseren Touren\" \/>\n<meta name=\"robots\" content=\"index, follow, max-snippet:-1, max-image-preview:large, max-video-preview:-1\" \/>\n<link rel=\"canonical\" href=\"https:\/\/www.landofmemory.eu\/de\/sites-historiques\/die-erinnerungen-an-die-quinzaine-tragique-von-vise-14-18\/\" \/>\n<meta property=\"og:locale\" content=\"de_DE\" \/>\n<meta property=\"og:type\" content=\"article\" \/>\n<meta property=\"og:title\" content=\"Die Erinnerungen an die &quot;Quinzaine Tragique&quot; von Vis\u00e9 (14-18) - Land Of Memory\" \/>\n<meta property=\"og:description\" content=\"Entdecken Sie die Tragischen Wochen in Vis\u00e9, der belgischen M\u00e4rtyrerstadt des Ersten Weltkriegs, auf unseren Touren\" \/>\n<meta property=\"og:url\" content=\"https:\/\/www.landofmemory.eu\/de\/sites-historiques\/die-erinnerungen-an-die-quinzaine-tragique-von-vise-14-18\/\" \/>\n<meta property=\"og:site_name\" content=\"Land Of Memory\" \/>\n<meta property=\"article:publisher\" content=\"https:\/\/www.facebook.com\/landofmemory.eu\" \/>\n<meta property=\"article:modified_time\" content=\"2022-09-22T08:13:46+00:00\" \/>\n<meta property=\"og:image\" content=\"https:\/\/www.landofmemory.eu\/wp-content\/uploads\/2022\/07\/image-6.png\" \/>\n<meta name=\"twitter:card\" content=\"summary_large_image\" \/>\n<meta name=\"twitter:label1\" content=\"Gesch\u00e4tzte Lesezeit\" \/>\n\t<meta name=\"twitter:data1\" content=\"1\u00a0Minute\" \/>\n<script type=\"application\/ld+json\" class=\"yoast-schema-graph\">{\"@context\":\"https:\/\/schema.org\",\"@graph\":[{\"@type\":\"WebPage\",\"@id\":\"https:\/\/www.landofmemory.eu\/de\/sites-historiques\/die-erinnerungen-an-die-quinzaine-tragique-von-vise-14-18\/\",\"url\":\"https:\/\/www.landofmemory.eu\/de\/sites-historiques\/die-erinnerungen-an-die-quinzaine-tragique-von-vise-14-18\/\",\"name\":\"Die Erinnerungen an die \\\"Quinzaine Tragique\\\" von Vis\u00e9 (14-18) - Land Of Memory\",\"isPartOf\":{\"@id\":\"https:\/\/www.landofmemory.eu\/#website\"},\"primaryImageOfPage\":{\"@id\":\"https:\/\/www.landofmemory.eu\/de\/sites-historiques\/die-erinnerungen-an-die-quinzaine-tragique-von-vise-14-18\/#primaryimage\"},\"image\":{\"@id\":\"https:\/\/www.landofmemory.eu\/de\/sites-historiques\/die-erinnerungen-an-die-quinzaine-tragique-von-vise-14-18\/#primaryimage\"},\"thumbnailUrl\":\"https:\/\/www.landofmemory.eu\/wp-content\/uploads\/2022\/07\/image-6.png\",\"datePublished\":\"2022-08-11T10:04:32+00:00\",\"dateModified\":\"2022-09-22T08:13:46+00:00\",\"description\":\"Entdecken Sie die Tragischen Wochen in Vis\u00e9, der belgischen M\u00e4rtyrerstadt des Ersten Weltkriegs, auf unseren Touren\",\"breadcrumb\":{\"@id\":\"https:\/\/www.landofmemory.eu\/de\/sites-historiques\/die-erinnerungen-an-die-quinzaine-tragique-von-vise-14-18\/#breadcrumb\"},\"inLanguage\":\"de\",\"potentialAction\":[{\"@type\":\"ReadAction\",\"target\":[\"https:\/\/www.landofmemory.eu\/de\/sites-historiques\/die-erinnerungen-an-die-quinzaine-tragique-von-vise-14-18\/\"]}]},{\"@type\":\"ImageObject\",\"inLanguage\":\"de\",\"@id\":\"https:\/\/www.landofmemory.eu\/de\/sites-historiques\/die-erinnerungen-an-die-quinzaine-tragique-von-vise-14-18\/#primaryimage\",\"url\":\"https:\/\/www.landofmemory.eu\/wp-content\/uploads\/2022\/07\/image-6.png\",\"contentUrl\":\"https:\/\/www.landofmemory.eu\/wp-content\/uploads\/2022\/07\/image-6.png\"},{\"@type\":\"BreadcrumbList\",\"@id\":\"https:\/\/www.landofmemory.eu\/de\/sites-historiques\/die-erinnerungen-an-die-quinzaine-tragique-von-vise-14-18\/#breadcrumb\",\"itemListElement\":[{\"@type\":\"ListItem\",\"position\":1,\"name\":\"Accueil\",\"item\":\"https:\/\/www.landofmemory.eu\/\"},{\"@type\":\"ListItem\",\"position\":2,\"name\":\"Die Erinnerungen an die &#8222;Quinzaine Tragique&#8220; von Vis\u00e9 (14-18)\"}]},{\"@type\":\"WebSite\",\"@id\":\"https:\/\/www.landofmemory.eu\/#website\",\"url\":\"https:\/\/www.landofmemory.eu\/\",\"name\":\"Land Of Memory\",\"description\":\"L&#039;histoire commence ici\",\"publisher\":{\"@id\":\"https:\/\/www.landofmemory.eu\/#organization\"},\"potentialAction\":[{\"@type\":\"SearchAction\",\"target\":{\"@type\":\"EntryPoint\",\"urlTemplate\":\"https:\/\/www.landofmemory.eu\/?s={search_term_string}\"},\"query-input\":{\"@type\":\"PropertyValueSpecification\",\"valueRequired\":true,\"valueName\":\"search_term_string\"}}],\"inLanguage\":\"de\"},{\"@type\":\"Organization\",\"@id\":\"https:\/\/www.landofmemory.eu\/#organization\",\"name\":\"Land Of Memory\",\"url\":\"https:\/\/www.landofmemory.eu\/\",\"logo\":{\"@type\":\"ImageObject\",\"inLanguage\":\"de\",\"@id\":\"https:\/\/www.landofmemory.eu\/#\/schema\/logo\/image\/\",\"url\":\"https:\/\/www.landofmemory.eu\/wp-content\/uploads\/2022\/10\/logo-land-of-memory.jpg\",\"contentUrl\":\"https:\/\/www.landofmemory.eu\/wp-content\/uploads\/2022\/10\/logo-land-of-memory.jpg\",\"width\":1000,\"height\":500,\"caption\":\"Land Of Memory\"},\"image\":{\"@id\":\"https:\/\/www.landofmemory.eu\/#\/schema\/logo\/image\/\"},\"sameAs\":[\"https:\/\/www.facebook.com\/landofmemory.eu\",\"https:\/\/www.instagram.com\/landofmemory_eu\/\"]}]}<\/script>\n<!-- \/ Yoast SEO plugin. -->","yoast_head_json":{"title":"Die Erinnerungen an die \"Quinzaine Tragique\" von Vis\u00e9 (14-18) - Land Of Memory","description":"Entdecken Sie die Tragischen Wochen in Vis\u00e9, der belgischen M\u00e4rtyrerstadt des Ersten Weltkriegs, auf unseren Touren","robots":{"index":"index","follow":"follow","max-snippet":"max-snippet:-1","max-image-preview":"max-image-preview:large","max-video-preview":"max-video-preview:-1"},"canonical":"https:\/\/www.landofmemory.eu\/de\/sites-historiques\/die-erinnerungen-an-die-quinzaine-tragique-von-vise-14-18\/","og_locale":"de_DE","og_type":"article","og_title":"Die Erinnerungen an die \"Quinzaine Tragique\" von Vis\u00e9 (14-18) - Land Of Memory","og_description":"Entdecken Sie die Tragischen Wochen in Vis\u00e9, der belgischen M\u00e4rtyrerstadt des Ersten Weltkriegs, auf unseren Touren","og_url":"https:\/\/www.landofmemory.eu\/de\/sites-historiques\/die-erinnerungen-an-die-quinzaine-tragique-von-vise-14-18\/","og_site_name":"Land Of Memory","article_publisher":"https:\/\/www.facebook.com\/landofmemory.eu","article_modified_time":"2022-09-22T08:13:46+00:00","og_image":[{"url":"https:\/\/www.landofmemory.eu\/wp-content\/uploads\/2022\/07\/image-6.png","type":"","width":"","height":""}],"twitter_card":"summary_large_image","twitter_misc":{"Gesch\u00e4tzte Lesezeit":"1\u00a0Minute"},"schema":{"@context":"https:\/\/schema.org","@graph":[{"@type":"WebPage","@id":"https:\/\/www.landofmemory.eu\/de\/sites-historiques\/die-erinnerungen-an-die-quinzaine-tragique-von-vise-14-18\/","url":"https:\/\/www.landofmemory.eu\/de\/sites-historiques\/die-erinnerungen-an-die-quinzaine-tragique-von-vise-14-18\/","name":"Die Erinnerungen an die \"Quinzaine Tragique\" von Vis\u00e9 (14-18) - Land Of Memory","isPartOf":{"@id":"https:\/\/www.landofmemory.eu\/#website"},"primaryImageOfPage":{"@id":"https:\/\/www.landofmemory.eu\/de\/sites-historiques\/die-erinnerungen-an-die-quinzaine-tragique-von-vise-14-18\/#primaryimage"},"image":{"@id":"https:\/\/www.landofmemory.eu\/de\/sites-historiques\/die-erinnerungen-an-die-quinzaine-tragique-von-vise-14-18\/#primaryimage"},"thumbnailUrl":"https:\/\/www.landofmemory.eu\/wp-content\/uploads\/2022\/07\/image-6.png","datePublished":"2022-08-11T10:04:32+00:00","dateModified":"2022-09-22T08:13:46+00:00","description":"Entdecken Sie die Tragischen Wochen in Vis\u00e9, der belgischen M\u00e4rtyrerstadt des Ersten Weltkriegs, auf unseren Touren","breadcrumb":{"@id":"https:\/\/www.landofmemory.eu\/de\/sites-historiques\/die-erinnerungen-an-die-quinzaine-tragique-von-vise-14-18\/#breadcrumb"},"inLanguage":"de","potentialAction":[{"@type":"ReadAction","target":["https:\/\/www.landofmemory.eu\/de\/sites-historiques\/die-erinnerungen-an-die-quinzaine-tragique-von-vise-14-18\/"]}]},{"@type":"ImageObject","inLanguage":"de","@id":"https:\/\/www.landofmemory.eu\/de\/sites-historiques\/die-erinnerungen-an-die-quinzaine-tragique-von-vise-14-18\/#primaryimage","url":"https:\/\/www.landofmemory.eu\/wp-content\/uploads\/2022\/07\/image-6.png","contentUrl":"https:\/\/www.landofmemory.eu\/wp-content\/uploads\/2022\/07\/image-6.png"},{"@type":"BreadcrumbList","@id":"https:\/\/www.landofmemory.eu\/de\/sites-historiques\/die-erinnerungen-an-die-quinzaine-tragique-von-vise-14-18\/#breadcrumb","itemListElement":[{"@type":"ListItem","position":1,"name":"Accueil","item":"https:\/\/www.landofmemory.eu\/"},{"@type":"ListItem","position":2,"name":"Die Erinnerungen an die &#8222;Quinzaine Tragique&#8220; von Vis\u00e9 (14-18)"}]},{"@type":"WebSite","@id":"https:\/\/www.landofmemory.eu\/#website","url":"https:\/\/www.landofmemory.eu\/","name":"Land Of Memory","description":"L&#039;histoire commence ici","publisher":{"@id":"https:\/\/www.landofmemory.eu\/#organization"},"potentialAction":[{"@type":"SearchAction","target":{"@type":"EntryPoint","urlTemplate":"https:\/\/www.landofmemory.eu\/?s={search_term_string}"},"query-input":{"@type":"PropertyValueSpecification","valueRequired":true,"valueName":"search_term_string"}}],"inLanguage":"de"},{"@type":"Organization","@id":"https:\/\/www.landofmemory.eu\/#organization","name":"Land Of Memory","url":"https:\/\/www.landofmemory.eu\/","logo":{"@type":"ImageObject","inLanguage":"de","@id":"https:\/\/www.landofmemory.eu\/#\/schema\/logo\/image\/","url":"https:\/\/www.landofmemory.eu\/wp-content\/uploads\/2022\/10\/logo-land-of-memory.jpg","contentUrl":"https:\/\/www.landofmemory.eu\/wp-content\/uploads\/2022\/10\/logo-land-of-memory.jpg","width":1000,"height":500,"caption":"Land Of Memory"},"image":{"@id":"https:\/\/www.landofmemory.eu\/#\/schema\/logo\/image\/"},"sameAs":["https:\/\/www.facebook.com\/landofmemory.eu","https:\/\/www.instagram.com\/landofmemory_eu\/"]}]}},"_links":{"self":[{"href":"https:\/\/www.landofmemory.eu\/de\/wp-json\/wp\/v2\/sites-historiques\/10982","targetHints":{"allow":["GET"]}}],"collection":[{"href":"https:\/\/www.landofmemory.eu\/de\/wp-json\/wp\/v2\/sites-historiques"}],"about":[{"href":"https:\/\/www.landofmemory.eu\/de\/wp-json\/wp\/v2\/types\/sites-historiques"}],"wp:attachment":[{"href":"https:\/\/www.landofmemory.eu\/de\/wp-json\/wp\/v2\/media?parent=10982"}],"wp:term":[{"taxonomy":"type_site","embeddable":true,"href":"https:\/\/www.landofmemory.eu\/de\/wp-json\/wp\/v2\/type_site?post=10982"}],"curies":[{"name":"wp","href":"https:\/\/api.w.org\/{rel}","templated":true}]}}