{"id":3363,"date":"2021-09-23T14:57:41","date_gmt":"2021-09-23T12:57:41","guid":{"rendered":"https:\/\/www.landofmemory.eu\/sites-historiques\/fort-aubin-neufchateau"},"modified":"2021-11-02T11:30:34","modified_gmt":"2021-11-02T10:30:34","slug":"fort-aubin-neufchateau","status":"publish","type":"sites-historiques","link":"https:\/\/www.landofmemory.eu\/de\/sites-historiques\/fort-aubin-neufchateau\/","title":{"rendered":"Fort Aubin-Neufch\u00e2teau"},"content":{"rendered":"\n<h2 class=\"wp-block-heading\">Ein Werk voller Geschichte und Emotionen<\/h2>\n\n<div class=\"wp-block-columns is-layout-flex wp-container-core-columns-is-layout-9d6595d7 wp-block-columns-is-layout-flex\">\n<div class=\"wp-block-column is-layout-flow wp-block-column-is-layout-flow\">\n<figure class=\"wp-block-image size-full is-resized\"><img loading=\"lazy\" decoding=\"async\" src=\"https:\/\/www.landofmemory.eu\/wp-content\/uploads\/2021\/10\/Fort-dAubin-NeufchateaucResident-Ciel.jpg\" alt=\"Panoramablick auf das Fort von Aubin-Neufch&#xE2;teau.\" class=\"wp-image-4824\" width=\"387\" height=\"290\" srcset=\"https:\/\/www.landofmemory.eu\/wp-content\/uploads\/2021\/10\/Fort-dAubin-NeufchateaucResident-Ciel.jpg 787w, https:\/\/www.landofmemory.eu\/wp-content\/uploads\/2021\/10\/Fort-dAubin-NeufchateaucResident-Ciel-300x225.jpg 300w, https:\/\/www.landofmemory.eu\/wp-content\/uploads\/2021\/10\/Fort-dAubin-NeufchateaucResident-Ciel-768x576.jpg 768w, https:\/\/www.landofmemory.eu\/wp-content\/uploads\/2021\/10\/Fort-dAubin-NeufchateaucResident-Ciel-600x450.jpg 600w\" sizes=\"auto, (max-width: 387px) 100vw, 387px\" \/><\/figure>\n<\/div>\n\n\n\n<div class=\"wp-block-column is-layout-flow wp-block-column-is-layout-flow\">\n<p>Das Fort Aubin-Neufch\u00e2teau ist eines der 16 Forts des L\u00fctticher Festungsrings, die die Stadt vor m\u00f6glichen feindlichen Angriffen sch\u00fctzen sollten. Die Festung befindet sich in Dalhem, etwa zwanzig Kilometer nord\u00f6stlich von L\u00fcttich.<\/p>\n\n\n\n<p><\/p>\n\n\n\n<p>W\u00e4hrend des Zweiten Weltkriegs spielte es eine entscheidende Rolle. Nach dem Fall von Fort Eben-Emael sch\u00fctzte es die Forts Battice und Barchon. Elf Tage lang gelang es der Garnison des Forts Aubin-Neufch\u00e2teau, die 2000 deutschen Soldaten vor ihren Mauern aufzuhalten. W\u00e4hrend dieser Zeit waren sie Artillerie- und Luftangriffen ausgesetzt, gefolgt von 23 Infanterieangriffen. Das Fort wurde am zw\u00f6lften Tag gewaltsam eingenommen, da es an Munition mangelte. <\/p>\n<\/div>\n<\/div>\n\n<div class=\"wp-block-columns is-layout-flex wp-container-core-columns-is-layout-9d6595d7 wp-block-columns-is-layout-flex\">\n<div class=\"wp-block-column is-layout-flow wp-block-column-is-layout-flow\">\n<p>Im Jahr 1942 war das Fort Schauplatz geheimer deutscher Waffentests. Dazu geh\u00f6rte auch die ber\u00fchmte R\u00f6chling-Granate. Diese Granate ist tragischerweise f\u00fcr ihre beeindruckende Gr\u00f6\u00dfe (zwei Meter) bekannt, die in der Lage ist, 4,50 Meter durchzusto\u00dfen.<\/p>\n\n\n\n<p>Die heute f\u00fcr Besucher ge\u00f6ffnete St\u00e4tte und ein Museum erinnern an die im Kampf gefallenen Soldaten. Man kann die verwinkelten G\u00e4nge des Forts erkunden und die wichtigsten Orte dieses historischen und emotionalen Bauwerks (Kapelle, Krankenhaus, Generatorraum usw.) entdecken und viel \u00fcber die geheimen Waffentests erfahren, die dort von den Deutschen durchgef\u00fchrt wurden.<\/p>\n<\/div>\n\n\n\n<div class=\"wp-block-column is-layout-flow wp-block-column-is-layout-flow\">\n<figure class=\"wp-block-image size-large is-resized\"><img loading=\"lazy\" decoding=\"async\" src=\"https:\/\/www.landofmemory.eu\/wp-content\/uploads\/2021\/10\/Fort-dAubin-NeufchateaucPatrick-Brion-2-1024x768.jpg\" alt=\"Zeitgen&#xF6;ssischer Panzer im Fort von Aubin-Neufch&#xE2;teau.\" class=\"wp-image-4829\" width=\"395\" height=\"296\" srcset=\"https:\/\/www.landofmemory.eu\/wp-content\/uploads\/2021\/10\/Fort-dAubin-NeufchateaucPatrick-Brion-2-1024x768.jpg 1024w, https:\/\/www.landofmemory.eu\/wp-content\/uploads\/2021\/10\/Fort-dAubin-NeufchateaucPatrick-Brion-2-300x225.jpg 300w, https:\/\/www.landofmemory.eu\/wp-content\/uploads\/2021\/10\/Fort-dAubin-NeufchateaucPatrick-Brion-2-768x576.jpg 768w, https:\/\/www.landofmemory.eu\/wp-content\/uploads\/2021\/10\/Fort-dAubin-NeufchateaucPatrick-Brion-2-1536x1152.jpg 1536w, https:\/\/www.landofmemory.eu\/wp-content\/uploads\/2021\/10\/Fort-dAubin-NeufchateaucPatrick-Brion-2-2048x1536.jpg 2048w, https:\/\/www.landofmemory.eu\/wp-content\/uploads\/2021\/10\/Fort-dAubin-NeufchateaucPatrick-Brion-2-600x450.jpg 600w\" sizes=\"auto, (max-width: 395px) 100vw, 395px\" \/><figcaption>\u00a9 Patrick Brion<\/figcaption><\/figure>\n<\/div>\n<\/div>\n\n<p>Das Museum des Forts, das sich im ersten Stock der st\u00e4dtischen Schule befindet, beherbergt ebenfalls eine beeindruckende Sammlung von Gegenst\u00e4nden, die vom Leben der Besatzung des Forts zeugen. Diese Sammlung wird noch erg\u00e4nzt, um die Geschichte des Geb\u00e4udes zu vervollst\u00e4ndigen. Versetzen Sie sich in die Vergangenheit und tauchen Sie in das Leben des Forts ein, indem Sie das Fort Aubin-Neufch\u00e2teau und sein Museum besuchen.&#13;\n<\/p>\n","protected":false},"template":"","type_site":[47],"class_list":["post-3363","sites-historiques","type-sites-historiques","status-publish","hentry","type_site-kriegsfestungen"],"acf":[],"yoast_head":"<!-- This site is optimized with the Yoast SEO plugin v26.0 - https:\/\/yoast.com\/wordpress\/plugins\/seo\/ -->\n<title>Zweiter Weltkrieg: Fort Aubin-Neufch\u00e2teau<\/title>\n<meta name=\"description\" content=\"Das Fort von Aubin-Neufch\u00e2teau ist ein einzigartiges Fort, in dem Sie mehr \u00fcber die geheimen Waffentests der deutschen Armee erfahren k\u00f6nnen.\" \/>\n<meta name=\"robots\" content=\"index, follow, max-snippet:-1, max-image-preview:large, max-video-preview:-1\" \/>\n<link rel=\"canonical\" href=\"https:\/\/www.landofmemory.eu\/de\/sites-historiques\/fort-aubin-neufchateau\/\" \/>\n<meta property=\"og:locale\" content=\"de_DE\" \/>\n<meta property=\"og:type\" content=\"article\" \/>\n<meta property=\"og:title\" content=\"Zweiter Weltkrieg: Fort Aubin-Neufch\u00e2teau\" \/>\n<meta property=\"og:description\" content=\"Das Fort von Aubin-Neufch\u00e2teau ist ein einzigartiges Fort, in dem Sie mehr \u00fcber die geheimen Waffentests der deutschen Armee erfahren k\u00f6nnen.\" \/>\n<meta property=\"og:url\" content=\"https:\/\/www.landofmemory.eu\/de\/sites-historiques\/fort-aubin-neufchateau\/\" \/>\n<meta property=\"og:site_name\" content=\"Land Of Memory\" \/>\n<meta property=\"article:publisher\" content=\"https:\/\/www.facebook.com\/landofmemory.eu\" \/>\n<meta property=\"article:modified_time\" content=\"2021-11-02T10:30:34+00:00\" \/>\n<meta property=\"og:image\" content=\"https:\/\/www.landofmemory.eu\/wp-content\/uploads\/2021\/10\/Fort-dAubin-NeufchateaucResident-Ciel.jpg\" \/>\n<meta name=\"twitter:card\" content=\"summary_large_image\" \/>\n<meta name=\"twitter:label1\" content=\"Gesch\u00e4tzte Lesezeit\" \/>\n\t<meta name=\"twitter:data1\" content=\"1\u00a0Minute\" \/>\n<script type=\"application\/ld+json\" class=\"yoast-schema-graph\">{\"@context\":\"https:\/\/schema.org\",\"@graph\":[{\"@type\":\"WebPage\",\"@id\":\"https:\/\/www.landofmemory.eu\/de\/sites-historiques\/fort-aubin-neufchateau\/\",\"url\":\"https:\/\/www.landofmemory.eu\/de\/sites-historiques\/fort-aubin-neufchateau\/\",\"name\":\"Zweiter Weltkrieg: Fort Aubin-Neufch\u00e2teau\",\"isPartOf\":{\"@id\":\"https:\/\/www.landofmemory.eu\/#website\"},\"primaryImageOfPage\":{\"@id\":\"https:\/\/www.landofmemory.eu\/de\/sites-historiques\/fort-aubin-neufchateau\/#primaryimage\"},\"image\":{\"@id\":\"https:\/\/www.landofmemory.eu\/de\/sites-historiques\/fort-aubin-neufchateau\/#primaryimage\"},\"thumbnailUrl\":\"https:\/\/www.landofmemory.eu\/wp-content\/uploads\/2021\/10\/Fort-dAubin-NeufchateaucResident-Ciel.jpg\",\"datePublished\":\"2021-09-23T12:57:41+00:00\",\"dateModified\":\"2021-11-02T10:30:34+00:00\",\"description\":\"Das Fort von Aubin-Neufch\u00e2teau ist ein einzigartiges Fort, in dem Sie mehr \u00fcber die geheimen Waffentests der deutschen Armee erfahren k\u00f6nnen.\",\"breadcrumb\":{\"@id\":\"https:\/\/www.landofmemory.eu\/de\/sites-historiques\/fort-aubin-neufchateau\/#breadcrumb\"},\"inLanguage\":\"de\",\"potentialAction\":[{\"@type\":\"ReadAction\",\"target\":[\"https:\/\/www.landofmemory.eu\/de\/sites-historiques\/fort-aubin-neufchateau\/\"]}]},{\"@type\":\"ImageObject\",\"inLanguage\":\"de\",\"@id\":\"https:\/\/www.landofmemory.eu\/de\/sites-historiques\/fort-aubin-neufchateau\/#primaryimage\",\"url\":\"https:\/\/www.landofmemory.eu\/wp-content\/uploads\/2021\/10\/Fort-dAubin-NeufchateaucResident-Ciel.jpg\",\"contentUrl\":\"https:\/\/www.landofmemory.eu\/wp-content\/uploads\/2021\/10\/Fort-dAubin-NeufchateaucResident-Ciel.jpg\"},{\"@type\":\"BreadcrumbList\",\"@id\":\"https:\/\/www.landofmemory.eu\/de\/sites-historiques\/fort-aubin-neufchateau\/#breadcrumb\",\"itemListElement\":[{\"@type\":\"ListItem\",\"position\":1,\"name\":\"Accueil\",\"item\":\"https:\/\/www.landofmemory.eu\/\"},{\"@type\":\"ListItem\",\"position\":2,\"name\":\"Fort Aubin-Neufch\u00e2teau\"}]},{\"@type\":\"WebSite\",\"@id\":\"https:\/\/www.landofmemory.eu\/#website\",\"url\":\"https:\/\/www.landofmemory.eu\/\",\"name\":\"Land Of Memory\",\"description\":\"L&#039;histoire commence ici\",\"publisher\":{\"@id\":\"https:\/\/www.landofmemory.eu\/#organization\"},\"potentialAction\":[{\"@type\":\"SearchAction\",\"target\":{\"@type\":\"EntryPoint\",\"urlTemplate\":\"https:\/\/www.landofmemory.eu\/?s={search_term_string}\"},\"query-input\":{\"@type\":\"PropertyValueSpecification\",\"valueRequired\":true,\"valueName\":\"search_term_string\"}}],\"inLanguage\":\"de\"},{\"@type\":\"Organization\",\"@id\":\"https:\/\/www.landofmemory.eu\/#organization\",\"name\":\"Land Of Memory\",\"url\":\"https:\/\/www.landofmemory.eu\/\",\"logo\":{\"@type\":\"ImageObject\",\"inLanguage\":\"de\",\"@id\":\"https:\/\/www.landofmemory.eu\/#\/schema\/logo\/image\/\",\"url\":\"https:\/\/www.landofmemory.eu\/wp-content\/uploads\/2022\/10\/logo-land-of-memory.jpg\",\"contentUrl\":\"https:\/\/www.landofmemory.eu\/wp-content\/uploads\/2022\/10\/logo-land-of-memory.jpg\",\"width\":1000,\"height\":500,\"caption\":\"Land Of Memory\"},\"image\":{\"@id\":\"https:\/\/www.landofmemory.eu\/#\/schema\/logo\/image\/\"},\"sameAs\":[\"https:\/\/www.facebook.com\/landofmemory.eu\",\"https:\/\/www.instagram.com\/landofmemory_eu\/\"]}]}<\/script>\n<!-- \/ Yoast SEO plugin. -->","yoast_head_json":{"title":"Zweiter Weltkrieg: Fort Aubin-Neufch\u00e2teau","description":"Das Fort von Aubin-Neufch\u00e2teau ist ein einzigartiges Fort, in dem Sie mehr \u00fcber die geheimen Waffentests der deutschen Armee erfahren k\u00f6nnen.","robots":{"index":"index","follow":"follow","max-snippet":"max-snippet:-1","max-image-preview":"max-image-preview:large","max-video-preview":"max-video-preview:-1"},"canonical":"https:\/\/www.landofmemory.eu\/de\/sites-historiques\/fort-aubin-neufchateau\/","og_locale":"de_DE","og_type":"article","og_title":"Zweiter Weltkrieg: Fort Aubin-Neufch\u00e2teau","og_description":"Das Fort von Aubin-Neufch\u00e2teau ist ein einzigartiges Fort, in dem Sie mehr \u00fcber die geheimen Waffentests der deutschen Armee erfahren k\u00f6nnen.","og_url":"https:\/\/www.landofmemory.eu\/de\/sites-historiques\/fort-aubin-neufchateau\/","og_site_name":"Land Of Memory","article_publisher":"https:\/\/www.facebook.com\/landofmemory.eu","article_modified_time":"2021-11-02T10:30:34+00:00","og_image":[{"url":"https:\/\/www.landofmemory.eu\/wp-content\/uploads\/2021\/10\/Fort-dAubin-NeufchateaucResident-Ciel.jpg","type":"","width":"","height":""}],"twitter_card":"summary_large_image","twitter_misc":{"Gesch\u00e4tzte Lesezeit":"1\u00a0Minute"},"schema":{"@context":"https:\/\/schema.org","@graph":[{"@type":"WebPage","@id":"https:\/\/www.landofmemory.eu\/de\/sites-historiques\/fort-aubin-neufchateau\/","url":"https:\/\/www.landofmemory.eu\/de\/sites-historiques\/fort-aubin-neufchateau\/","name":"Zweiter Weltkrieg: Fort Aubin-Neufch\u00e2teau","isPartOf":{"@id":"https:\/\/www.landofmemory.eu\/#website"},"primaryImageOfPage":{"@id":"https:\/\/www.landofmemory.eu\/de\/sites-historiques\/fort-aubin-neufchateau\/#primaryimage"},"image":{"@id":"https:\/\/www.landofmemory.eu\/de\/sites-historiques\/fort-aubin-neufchateau\/#primaryimage"},"thumbnailUrl":"https:\/\/www.landofmemory.eu\/wp-content\/uploads\/2021\/10\/Fort-dAubin-NeufchateaucResident-Ciel.jpg","datePublished":"2021-09-23T12:57:41+00:00","dateModified":"2021-11-02T10:30:34+00:00","description":"Das Fort von Aubin-Neufch\u00e2teau ist ein einzigartiges Fort, in dem Sie mehr \u00fcber die geheimen Waffentests der deutschen Armee erfahren k\u00f6nnen.","breadcrumb":{"@id":"https:\/\/www.landofmemory.eu\/de\/sites-historiques\/fort-aubin-neufchateau\/#breadcrumb"},"inLanguage":"de","potentialAction":[{"@type":"ReadAction","target":["https:\/\/www.landofmemory.eu\/de\/sites-historiques\/fort-aubin-neufchateau\/"]}]},{"@type":"ImageObject","inLanguage":"de","@id":"https:\/\/www.landofmemory.eu\/de\/sites-historiques\/fort-aubin-neufchateau\/#primaryimage","url":"https:\/\/www.landofmemory.eu\/wp-content\/uploads\/2021\/10\/Fort-dAubin-NeufchateaucResident-Ciel.jpg","contentUrl":"https:\/\/www.landofmemory.eu\/wp-content\/uploads\/2021\/10\/Fort-dAubin-NeufchateaucResident-Ciel.jpg"},{"@type":"BreadcrumbList","@id":"https:\/\/www.landofmemory.eu\/de\/sites-historiques\/fort-aubin-neufchateau\/#breadcrumb","itemListElement":[{"@type":"ListItem","position":1,"name":"Accueil","item":"https:\/\/www.landofmemory.eu\/"},{"@type":"ListItem","position":2,"name":"Fort Aubin-Neufch\u00e2teau"}]},{"@type":"WebSite","@id":"https:\/\/www.landofmemory.eu\/#website","url":"https:\/\/www.landofmemory.eu\/","name":"Land Of Memory","description":"L&#039;histoire commence ici","publisher":{"@id":"https:\/\/www.landofmemory.eu\/#organization"},"potentialAction":[{"@type":"SearchAction","target":{"@type":"EntryPoint","urlTemplate":"https:\/\/www.landofmemory.eu\/?s={search_term_string}"},"query-input":{"@type":"PropertyValueSpecification","valueRequired":true,"valueName":"search_term_string"}}],"inLanguage":"de"},{"@type":"Organization","@id":"https:\/\/www.landofmemory.eu\/#organization","name":"Land Of Memory","url":"https:\/\/www.landofmemory.eu\/","logo":{"@type":"ImageObject","inLanguage":"de","@id":"https:\/\/www.landofmemory.eu\/#\/schema\/logo\/image\/","url":"https:\/\/www.landofmemory.eu\/wp-content\/uploads\/2022\/10\/logo-land-of-memory.jpg","contentUrl":"https:\/\/www.landofmemory.eu\/wp-content\/uploads\/2022\/10\/logo-land-of-memory.jpg","width":1000,"height":500,"caption":"Land Of Memory"},"image":{"@id":"https:\/\/www.landofmemory.eu\/#\/schema\/logo\/image\/"},"sameAs":["https:\/\/www.facebook.com\/landofmemory.eu","https:\/\/www.instagram.com\/landofmemory_eu\/"]}]}},"_links":{"self":[{"href":"https:\/\/www.landofmemory.eu\/de\/wp-json\/wp\/v2\/sites-historiques\/3363","targetHints":{"allow":["GET"]}}],"collection":[{"href":"https:\/\/www.landofmemory.eu\/de\/wp-json\/wp\/v2\/sites-historiques"}],"about":[{"href":"https:\/\/www.landofmemory.eu\/de\/wp-json\/wp\/v2\/types\/sites-historiques"}],"wp:attachment":[{"href":"https:\/\/www.landofmemory.eu\/de\/wp-json\/wp\/v2\/media?parent=3363"}],"wp:term":[{"taxonomy":"type_site","embeddable":true,"href":"https:\/\/www.landofmemory.eu\/de\/wp-json\/wp\/v2\/type_site?post=3363"}],"curies":[{"name":"wp","href":"https:\/\/api.w.org\/{rel}","templated":true}]}}