{"id":4074,"date":"2021-10-06T09:52:25","date_gmt":"2021-10-06T07:52:25","guid":{"rendered":"https:\/\/www.landofmemory.eu\/sites-historiques\/die-festung-der-chartreuse"},"modified":"2022-08-03T10:15:16","modified_gmt":"2022-08-03T08:15:16","slug":"die-festung-der-chartreuse","status":"publish","type":"sites-historiques","link":"https:\/\/www.landofmemory.eu\/de\/sites-historiques\/die-festung-der-chartreuse\/","title":{"rendered":"Auf den Spuren des Widerstands: Gef\u00fchrte Besichtigung der Kartause in Robermont (14-18)"},"content":{"rendered":"\n<h2 class=\"wp-block-heading\" id=\"un-ecrin-de-verdure-dedie-a-la-memoire\">Ein gr\u00fcner Rahmen, der der Erinnerung gewidmet ist<\/h2>\n\n<p>Die 1817 von den Niederl\u00e4ndern errichtete Festung Chartreuse war zusammen mit Huy und der Zitadelle von L\u00fcttich Teil des niederl\u00e4ndischen Schutzwalls gegen Frankreich und wurde nach einem Kloster benannt, das sich zur Zeit der L\u00fctticher Revolution ebenfalls auf dem Berg Cornillon befand.<\/p>\n\n<p>Im Jahr 1891 wurde die Festung unter Denkmalschutz gestellt und in erst eine Kaserne, dann in ein Gef\u00e4ngnis f\u00fcr belgische Patrioten umgewandelt, die w\u00e4hrend des Ersten Weltkriegs von den Deutschen inhaftiert wurden. 49 von ihnen wurden dort erschossen. Im Zweiten Weltkrieg spielte sie keine gro\u00dfe strategische Rolle. Dennoch ist wurde sie Zeuge einer reichen und komplexen Geschichte. Erst 1944 wurde die Festung von der amerikanischen Armee als Milit\u00e4rkrankenhaus genutzt.<\/p>\n\n<p>Nach den beiden Weltkriegen wurde das Fort 1981 entmilitarisiert. Einige Jahre sp\u00e4ter wurde das Fort von der Stadt L\u00fcttich gekauft. Es wird den Vereinen zugute kommen, die sich f\u00fcr den Erhalt und die Restaurierung des Forts einsetzen, dessen Galerien und Gr\u00fcnfl\u00e4chen zu einem Refugium f\u00fcr zahlreiche Tier- und Pflanzenarten geworden sind.<\/p>\n\n<p>Heute trennen uns 100 Jahre vom Ersten Weltkrieg. Ein weltweites Ereignis, das die Schlagzeilen beherrschte. Politische Ereignisse und milit\u00e4rische Handlungen wurden besonders erw\u00e4hnt, manchmal auf Kosten der Zivilisten, die unter Einsatz ihres Lebens Widerstand leisteten. <\/p>\n<div class=\"wp-block-image\">\n<figure class=\"aligncenter size-full\"><img loading=\"lazy\" decoding=\"async\" width=\"600\" height=\"500\" src=\"https:\/\/www.landofmemory.eu\/wp-content\/uploads\/2021\/08\/Design-sans-titre-87.jpg\" alt=\"Der Eingang zur Festung Chartreuse.\" class=\"wp-image-1644\" srcset=\"https:\/\/www.landofmemory.eu\/wp-content\/uploads\/2021\/08\/Design-sans-titre-87.jpg 600w, https:\/\/www.landofmemory.eu\/wp-content\/uploads\/2021\/08\/Design-sans-titre-87-300x250.jpg 300w\" sizes=\"auto, (max-width: 600px) 100vw, 600px\" \/><figcaption>\u00a9 Office du tourisme Li\u00e8ge<\/figcaption><\/figure>\n<\/div>\n<h2 class=\"wp-block-heading\">Bei der F\u00fchrung durch das Fort de la Chartreuse werden diese M\u00e4nner und Frauen geehrt.\u00a0<\/h2>\n\n<p>Sie werden eingeladen, einem erfahrenen F\u00fchrer (auf Franz\u00f6sisch) auf den Spuren des L\u00fctticher Widerstands zu folgen.\u00a0Er enth\u00fcllt seinem Publikum die Geschichte des Fort de la Chartreuse seit seinen Urspr\u00fcngen. Vorbei an einer Gedenkst\u00e4tte, die vor verr\u00fcckten Geschichten nur so strotzt, erkl\u00e4rt er die Tricks und Abenteuer der Widerstandsk\u00e4mpfer. Schlie\u00dflich fasziniert er die Besucher mit den augenzwinkernden Stra\u00dfennamen, die die Neugierigen bis zum Friedhof von Robermont f\u00fchren, der letzten Ruhest\u00e4tte vieler mutiger M\u00e4nner und Frauen.\u00a0<\/p>\n\n<figure class=\"wp-block-image size-full\"><img loading=\"lazy\" decoding=\"async\" width=\"1024\" height=\"768\" src=\"https:\/\/www.landofmemory.eu\/wp-content\/uploads\/2022\/07\/image-5.png\" alt=\"\" class=\"wp-image-10546\" srcset=\"https:\/\/www.landofmemory.eu\/wp-content\/uploads\/2022\/07\/image-5.png 1024w, https:\/\/www.landofmemory.eu\/wp-content\/uploads\/2022\/07\/image-5-300x225.png 300w, https:\/\/www.landofmemory.eu\/wp-content\/uploads\/2022\/07\/image-5-768x576.png 768w, https:\/\/www.landofmemory.eu\/wp-content\/uploads\/2022\/07\/image-5-600x450.png 600w\" sizes=\"auto, (max-width: 1024px) 100vw, 1024px\" \/><figcaption>\u00a9 Land of Memory<\/figcaption><\/figure>\n\n<p>Reservierungen f\u00fcr Gruppen \u00fcber groups@landofmemory.eu oder unter +32 (0)4\/279.55.81<\/p>\n","protected":false},"template":"","type_site":[47],"class_list":["post-4074","sites-historiques","type-sites-historiques","status-publish","hentry","type_site-kriegsfestungen"],"acf":[],"yoast_head":"<!-- This site is optimized with the Yoast SEO plugin v26.0 - https:\/\/yoast.com\/wordpress\/plugins\/seo\/ -->\n<title>Erster Weltkrieg: Die Festung der Chartreuse in L\u00fcttich<\/title>\n<meta name=\"description\" content=\"Die Festung de la Chartreuse ist ein Wahrzeichen der Stadt L\u00fcttich und des Stadtteils Amercoeur und wurde w\u00e4hrend des Ersten Weltkriegs genutzt.\" \/>\n<meta name=\"robots\" content=\"index, follow, max-snippet:-1, max-image-preview:large, max-video-preview:-1\" \/>\n<link rel=\"canonical\" href=\"https:\/\/www.landofmemory.eu\/de\/sites-historiques\/die-festung-der-chartreuse\/\" \/>\n<meta property=\"og:locale\" content=\"de_DE\" \/>\n<meta property=\"og:type\" content=\"article\" \/>\n<meta property=\"og:title\" content=\"Erster Weltkrieg: Die Festung der Chartreuse in L\u00fcttich\" \/>\n<meta property=\"og:description\" content=\"Die Festung de la Chartreuse ist ein Wahrzeichen der Stadt L\u00fcttich und des Stadtteils Amercoeur und wurde w\u00e4hrend des Ersten Weltkriegs genutzt.\" \/>\n<meta property=\"og:url\" content=\"https:\/\/www.landofmemory.eu\/de\/sites-historiques\/die-festung-der-chartreuse\/\" \/>\n<meta property=\"og:site_name\" content=\"Land Of Memory\" \/>\n<meta property=\"article:publisher\" content=\"https:\/\/www.facebook.com\/landofmemory.eu\" \/>\n<meta property=\"article:modified_time\" content=\"2022-08-03T08:15:16+00:00\" \/>\n<meta property=\"og:image\" content=\"https:\/\/www.landofmemory.eu\/wp-content\/uploads\/2021\/08\/Design-sans-titre-87.jpg\" \/>\n<meta name=\"twitter:card\" content=\"summary_large_image\" \/>\n<meta name=\"twitter:label1\" content=\"Gesch\u00e4tzte Lesezeit\" \/>\n\t<meta name=\"twitter:data1\" content=\"2\u00a0Minuten\" \/>\n<script type=\"application\/ld+json\" class=\"yoast-schema-graph\">{\"@context\":\"https:\/\/schema.org\",\"@graph\":[{\"@type\":\"WebPage\",\"@id\":\"https:\/\/www.landofmemory.eu\/de\/sites-historiques\/die-festung-der-chartreuse\/\",\"url\":\"https:\/\/www.landofmemory.eu\/de\/sites-historiques\/die-festung-der-chartreuse\/\",\"name\":\"Erster Weltkrieg: Die Festung der Chartreuse in L\u00fcttich\",\"isPartOf\":{\"@id\":\"https:\/\/www.landofmemory.eu\/#website\"},\"primaryImageOfPage\":{\"@id\":\"https:\/\/www.landofmemory.eu\/de\/sites-historiques\/die-festung-der-chartreuse\/#primaryimage\"},\"image\":{\"@id\":\"https:\/\/www.landofmemory.eu\/de\/sites-historiques\/die-festung-der-chartreuse\/#primaryimage\"},\"thumbnailUrl\":\"https:\/\/www.landofmemory.eu\/wp-content\/uploads\/2021\/08\/Design-sans-titre-87.jpg\",\"datePublished\":\"2021-10-06T07:52:25+00:00\",\"dateModified\":\"2022-08-03T08:15:16+00:00\",\"description\":\"Die Festung de la Chartreuse ist ein Wahrzeichen der Stadt L\u00fcttich und des Stadtteils Amercoeur und wurde w\u00e4hrend des Ersten Weltkriegs genutzt.\",\"breadcrumb\":{\"@id\":\"https:\/\/www.landofmemory.eu\/de\/sites-historiques\/die-festung-der-chartreuse\/#breadcrumb\"},\"inLanguage\":\"de\",\"potentialAction\":[{\"@type\":\"ReadAction\",\"target\":[\"https:\/\/www.landofmemory.eu\/de\/sites-historiques\/die-festung-der-chartreuse\/\"]}]},{\"@type\":\"ImageObject\",\"inLanguage\":\"de\",\"@id\":\"https:\/\/www.landofmemory.eu\/de\/sites-historiques\/die-festung-der-chartreuse\/#primaryimage\",\"url\":\"https:\/\/www.landofmemory.eu\/wp-content\/uploads\/2021\/08\/Design-sans-titre-87.jpg\",\"contentUrl\":\"https:\/\/www.landofmemory.eu\/wp-content\/uploads\/2021\/08\/Design-sans-titre-87.jpg\"},{\"@type\":\"BreadcrumbList\",\"@id\":\"https:\/\/www.landofmemory.eu\/de\/sites-historiques\/die-festung-der-chartreuse\/#breadcrumb\",\"itemListElement\":[{\"@type\":\"ListItem\",\"position\":1,\"name\":\"Accueil\",\"item\":\"https:\/\/www.landofmemory.eu\/\"},{\"@type\":\"ListItem\",\"position\":2,\"name\":\"Auf den Spuren des Widerstands: Gef\u00fchrte Besichtigung der Kartause in Robermont (14-18)\"}]},{\"@type\":\"WebSite\",\"@id\":\"https:\/\/www.landofmemory.eu\/#website\",\"url\":\"https:\/\/www.landofmemory.eu\/\",\"name\":\"Land Of Memory\",\"description\":\"L&#039;histoire commence ici\",\"publisher\":{\"@id\":\"https:\/\/www.landofmemory.eu\/#organization\"},\"potentialAction\":[{\"@type\":\"SearchAction\",\"target\":{\"@type\":\"EntryPoint\",\"urlTemplate\":\"https:\/\/www.landofmemory.eu\/?s={search_term_string}\"},\"query-input\":{\"@type\":\"PropertyValueSpecification\",\"valueRequired\":true,\"valueName\":\"search_term_string\"}}],\"inLanguage\":\"de\"},{\"@type\":\"Organization\",\"@id\":\"https:\/\/www.landofmemory.eu\/#organization\",\"name\":\"Land Of Memory\",\"url\":\"https:\/\/www.landofmemory.eu\/\",\"logo\":{\"@type\":\"ImageObject\",\"inLanguage\":\"de\",\"@id\":\"https:\/\/www.landofmemory.eu\/#\/schema\/logo\/image\/\",\"url\":\"https:\/\/www.landofmemory.eu\/wp-content\/uploads\/2022\/10\/logo-land-of-memory.jpg\",\"contentUrl\":\"https:\/\/www.landofmemory.eu\/wp-content\/uploads\/2022\/10\/logo-land-of-memory.jpg\",\"width\":1000,\"height\":500,\"caption\":\"Land Of Memory\"},\"image\":{\"@id\":\"https:\/\/www.landofmemory.eu\/#\/schema\/logo\/image\/\"},\"sameAs\":[\"https:\/\/www.facebook.com\/landofmemory.eu\",\"https:\/\/www.instagram.com\/landofmemory_eu\/\"]}]}<\/script>\n<!-- \/ Yoast SEO plugin. -->","yoast_head_json":{"title":"Erster Weltkrieg: Die Festung der Chartreuse in L\u00fcttich","description":"Die Festung de la Chartreuse ist ein Wahrzeichen der Stadt L\u00fcttich und des Stadtteils Amercoeur und wurde w\u00e4hrend des Ersten Weltkriegs genutzt.","robots":{"index":"index","follow":"follow","max-snippet":"max-snippet:-1","max-image-preview":"max-image-preview:large","max-video-preview":"max-video-preview:-1"},"canonical":"https:\/\/www.landofmemory.eu\/de\/sites-historiques\/die-festung-der-chartreuse\/","og_locale":"de_DE","og_type":"article","og_title":"Erster Weltkrieg: Die Festung der Chartreuse in L\u00fcttich","og_description":"Die Festung de la Chartreuse ist ein Wahrzeichen der Stadt L\u00fcttich und des Stadtteils Amercoeur und wurde w\u00e4hrend des Ersten Weltkriegs genutzt.","og_url":"https:\/\/www.landofmemory.eu\/de\/sites-historiques\/die-festung-der-chartreuse\/","og_site_name":"Land Of Memory","article_publisher":"https:\/\/www.facebook.com\/landofmemory.eu","article_modified_time":"2022-08-03T08:15:16+00:00","og_image":[{"url":"https:\/\/www.landofmemory.eu\/wp-content\/uploads\/2021\/08\/Design-sans-titre-87.jpg","type":"","width":"","height":""}],"twitter_card":"summary_large_image","twitter_misc":{"Gesch\u00e4tzte Lesezeit":"2\u00a0Minuten"},"schema":{"@context":"https:\/\/schema.org","@graph":[{"@type":"WebPage","@id":"https:\/\/www.landofmemory.eu\/de\/sites-historiques\/die-festung-der-chartreuse\/","url":"https:\/\/www.landofmemory.eu\/de\/sites-historiques\/die-festung-der-chartreuse\/","name":"Erster Weltkrieg: Die Festung der Chartreuse in L\u00fcttich","isPartOf":{"@id":"https:\/\/www.landofmemory.eu\/#website"},"primaryImageOfPage":{"@id":"https:\/\/www.landofmemory.eu\/de\/sites-historiques\/die-festung-der-chartreuse\/#primaryimage"},"image":{"@id":"https:\/\/www.landofmemory.eu\/de\/sites-historiques\/die-festung-der-chartreuse\/#primaryimage"},"thumbnailUrl":"https:\/\/www.landofmemory.eu\/wp-content\/uploads\/2021\/08\/Design-sans-titre-87.jpg","datePublished":"2021-10-06T07:52:25+00:00","dateModified":"2022-08-03T08:15:16+00:00","description":"Die Festung de la Chartreuse ist ein Wahrzeichen der Stadt L\u00fcttich und des Stadtteils Amercoeur und wurde w\u00e4hrend des Ersten Weltkriegs genutzt.","breadcrumb":{"@id":"https:\/\/www.landofmemory.eu\/de\/sites-historiques\/die-festung-der-chartreuse\/#breadcrumb"},"inLanguage":"de","potentialAction":[{"@type":"ReadAction","target":["https:\/\/www.landofmemory.eu\/de\/sites-historiques\/die-festung-der-chartreuse\/"]}]},{"@type":"ImageObject","inLanguage":"de","@id":"https:\/\/www.landofmemory.eu\/de\/sites-historiques\/die-festung-der-chartreuse\/#primaryimage","url":"https:\/\/www.landofmemory.eu\/wp-content\/uploads\/2021\/08\/Design-sans-titre-87.jpg","contentUrl":"https:\/\/www.landofmemory.eu\/wp-content\/uploads\/2021\/08\/Design-sans-titre-87.jpg"},{"@type":"BreadcrumbList","@id":"https:\/\/www.landofmemory.eu\/de\/sites-historiques\/die-festung-der-chartreuse\/#breadcrumb","itemListElement":[{"@type":"ListItem","position":1,"name":"Accueil","item":"https:\/\/www.landofmemory.eu\/"},{"@type":"ListItem","position":2,"name":"Auf den Spuren des Widerstands: Gef\u00fchrte Besichtigung der Kartause in Robermont (14-18)"}]},{"@type":"WebSite","@id":"https:\/\/www.landofmemory.eu\/#website","url":"https:\/\/www.landofmemory.eu\/","name":"Land Of Memory","description":"L&#039;histoire commence ici","publisher":{"@id":"https:\/\/www.landofmemory.eu\/#organization"},"potentialAction":[{"@type":"SearchAction","target":{"@type":"EntryPoint","urlTemplate":"https:\/\/www.landofmemory.eu\/?s={search_term_string}"},"query-input":{"@type":"PropertyValueSpecification","valueRequired":true,"valueName":"search_term_string"}}],"inLanguage":"de"},{"@type":"Organization","@id":"https:\/\/www.landofmemory.eu\/#organization","name":"Land Of Memory","url":"https:\/\/www.landofmemory.eu\/","logo":{"@type":"ImageObject","inLanguage":"de","@id":"https:\/\/www.landofmemory.eu\/#\/schema\/logo\/image\/","url":"https:\/\/www.landofmemory.eu\/wp-content\/uploads\/2022\/10\/logo-land-of-memory.jpg","contentUrl":"https:\/\/www.landofmemory.eu\/wp-content\/uploads\/2022\/10\/logo-land-of-memory.jpg","width":1000,"height":500,"caption":"Land Of Memory"},"image":{"@id":"https:\/\/www.landofmemory.eu\/#\/schema\/logo\/image\/"},"sameAs":["https:\/\/www.facebook.com\/landofmemory.eu","https:\/\/www.instagram.com\/landofmemory_eu\/"]}]}},"_links":{"self":[{"href":"https:\/\/www.landofmemory.eu\/de\/wp-json\/wp\/v2\/sites-historiques\/4074","targetHints":{"allow":["GET"]}}],"collection":[{"href":"https:\/\/www.landofmemory.eu\/de\/wp-json\/wp\/v2\/sites-historiques"}],"about":[{"href":"https:\/\/www.landofmemory.eu\/de\/wp-json\/wp\/v2\/types\/sites-historiques"}],"wp:attachment":[{"href":"https:\/\/www.landofmemory.eu\/de\/wp-json\/wp\/v2\/media?parent=4074"}],"wp:term":[{"taxonomy":"type_site","embeddable":true,"href":"https:\/\/www.landofmemory.eu\/de\/wp-json\/wp\/v2\/type_site?post=4074"}],"curies":[{"name":"wp","href":"https:\/\/api.w.org\/{rel}","templated":true}]}}