{"id":4075,"date":"2021-10-06T09:57:19","date_gmt":"2021-10-06T07:57:19","guid":{"rendered":"https:\/\/www.landofmemory.eu\/sites-historiques\/fort-eben-emael"},"modified":"2022-08-03T09:58:27","modified_gmt":"2022-08-03T07:58:27","slug":"fort-eben-emael","status":"publish","type":"sites-historiques","link":"https:\/\/www.landofmemory.eu\/de\/sites-historiques\/fort-eben-emael\/","title":{"rendered":"Fort Eben-Emael"},"content":{"rendered":"\n<h2 class=\"wp-block-heading\">Der &#8222;Festungsriese&#8220;<\/h2>\n\n<div class=\"wp-block-columns is-layout-flex wp-container-core-columns-is-layout-9d6595d7 wp-block-columns-is-layout-flex\">\n<div class=\"wp-block-column is-layout-flow wp-block-column-is-layout-flow\">\n<div class=\"wp-block-image\"><figure class=\"aligncenter size-medium is-resized\"><img loading=\"lazy\" decoding=\"async\" src=\"https:\/\/www.landofmemory.eu\/wp-content\/uploads\/2021\/08\/Design-sans-titre-91-240x300.jpg\" alt=\"Der Eingang zur Festung Eben-Emael.\" class=\"wp-image-1672\" width=\"368\" height=\"460\" srcset=\"https:\/\/www.landofmemory.eu\/wp-content\/uploads\/2021\/08\/Design-sans-titre-91-240x300.jpg 240w, https:\/\/www.landofmemory.eu\/wp-content\/uploads\/2021\/08\/Design-sans-titre-91-819x1024.jpg 819w, https:\/\/www.landofmemory.eu\/wp-content\/uploads\/2021\/08\/Design-sans-titre-91-768x960.jpg 768w, https:\/\/www.landofmemory.eu\/wp-content\/uploads\/2021\/08\/Design-sans-titre-91-1229x1536.jpg 1229w, https:\/\/www.landofmemory.eu\/wp-content\/uploads\/2021\/08\/Design-sans-titre-91-1638x2048.jpg 1638w, https:\/\/www.landofmemory.eu\/wp-content\/uploads\/2021\/08\/Design-sans-titre-91-600x750.jpg 600w, https:\/\/www.landofmemory.eu\/wp-content\/uploads\/2021\/08\/Design-sans-titre-91-scaled.jpg 2048w\" sizes=\"auto, (max-width: 368px) 100vw, 368px\" \/><\/figure><\/div>\n<\/div>\n\n\n\n<div class=\"wp-block-column is-vertically-aligned-center is-layout-flow wp-block-column-is-layout-flow\">\n<p class=\"has-text-align-left\">Das spektakul\u00e4re Fort Eben-Emael befindet sich am Westufer des Albertkanals, etwa zehn Kilometer von Maastricht entfernt. Es wurde zwischen 1932 und 1935 zur St\u00e4rkung der belgischen Verteidigung gegen Deutschland gebaut und galt lange Zeit als uneinnehmbar. Doch am 10. Mai 1940 wurde es von einer Elitetruppe deutscher Fallschirmj\u00e4ger eingenommen und markierte den Eintritt Belgiens in den Krieg. Es ist daher ein absolutes Muss auf der Route des Gedenktourismus in Europa.<\/p>\n\n\n\n<p class=\"has-text-align-left\">Das Fort ist ein kolossaler unterirdischer Komplex, der sich \u00fcber drei Ebenen und f\u00fcnf Kilometer unterirdische Stollen erstreckt. Die 17 oberirdischen Bauwerke, die sich \u00fcber 75 Hektar erstrecken, bilden das Herzst\u00fcck des Festungsg\u00fcrtels von L\u00fcttich. Wie die franz\u00f6sischen Bauten des 16. Jahrhunderts wurde es in Form eines F\u00fcnfecks errichtet und ist von einer beeindruckenden Schutzvorrichtung gegen Panzerangriffe umgeben. <\/p>\n<\/div>\n<\/div>\n\n<p>Das Fort ist au\u00dferdem mit speziellen Filtern f\u00fcr die Bel\u00fcftung von Kampfgasen ausgestattet. Obwohl es zu dieser Zeit das gr\u00f6\u00dfte jemals gebaute Fort war, stellte sein Dach die gr\u00f6\u00dfte Schwachstelle dar, da es im Gegensatz zum Rest des Geb\u00e4udes schlecht verteidigt war.<\/p>\n\n<p>Heute beherbergt die Festung Eben-Emael ein Museum in den ehemaligen Lagerr\u00e4umen. Es erz\u00e4hlt die faszinierende Geschichte, wie die Deutschen die Festung eroberten, welche Ausr\u00fcstung sie verwendeten und wie die deutsche Geheimwaffe, die Hohlladung, eingesetzt wurde. Die Explosion im Tunnelsystem zeigt die schrecklichen Auswirkungen dieser neuen Waffe zu jener Zeit.<\/p>\n\n<p>Seit 2008 beherbergt die Festung auch eines der letzten drei DFS 230-Sturmflugzeuge der Welt. Dieses Flugzeug wurde bei der Einnahme des Forts am 10. Mai 1940 eingesetzt und stellt den ersten Luftlandeangriff der Geschichte dar.<\/p>\n\n<h2 class=\"wp-block-heading\">Entdecken Sie das Fort bei einer thematischen Besichtigung<\/h2>\n\n<p>Um die Geheimnisse dieses Geb\u00e4udes zu entdecken, bietet das Fort verschiedene thematische F\u00fchrungen an, bei denen die Besucher die Verteidigungsbunker und Artilleriekuppeln erkunden k\u00f6nnen. Sie k\u00f6nnen entdecken, wie die Segelflugzeuge auf den milit\u00e4rischen \u00dcberbau gelangten, die Verteidigungsbl\u00f6cke des Bauwerks oder das Netz der unterirdischen Stollen bei Fackelschein besichtigen: Nervenkitzel garantiert!<\/p>\n\n<div style=\"height:100px\" aria-hidden=\"true\" class=\"wp-block-spacer\"><\/div>\n\n<figure class=\"wp-block-gallery columns-3 is-cropped wp-block-gallery-1 is-layout-flex wp-block-gallery-is-layout-flex\"><ul class=\"blocks-gallery-grid\"><li class=\"blocks-gallery-item\"><figure><img loading=\"lazy\" decoding=\"async\" width=\"1024\" height=\"666\" src=\"https:\/\/www.landofmemory.eu\/wp-content\/uploads\/2021\/08\/EbEm-fort-slogan.broch_.mem_.FTPL_-3-1024x666.jpg\" alt=\"Ehrung in der Festung Eben-Emael.\" data-id=\"1701\" data-full-url=\"https:\/\/www.landofmemory.eu\/wp-content\/uploads\/2021\/08\/EbEm-fort-slogan.broch_.mem_.FTPL_-3.jpg\" data-link=\"https:\/\/www.landofmemory.eu\/sites-historiques\/fort-eben-emael\/ebem-fort-slogan-broch_-mem_-ftpl_-3\/\" class=\"wp-image-1704\" srcset=\"https:\/\/www.landofmemory.eu\/wp-content\/uploads\/2021\/08\/EbEm-fort-slogan.broch_.mem_.FTPL_-3-1024x666.jpg 1024w, https:\/\/www.landofmemory.eu\/wp-content\/uploads\/2021\/08\/EbEm-fort-slogan.broch_.mem_.FTPL_-3-300x195.jpg 300w, https:\/\/www.landofmemory.eu\/wp-content\/uploads\/2021\/08\/EbEm-fort-slogan.broch_.mem_.FTPL_-3-768x499.jpg 768w, https:\/\/www.landofmemory.eu\/wp-content\/uploads\/2021\/08\/EbEm-fort-slogan.broch_.mem_.FTPL_-3-1536x998.jpg 1536w, https:\/\/www.landofmemory.eu\/wp-content\/uploads\/2021\/08\/EbEm-fort-slogan.broch_.mem_.FTPL_-3-2048x1331.jpg 2048w, https:\/\/www.landofmemory.eu\/wp-content\/uploads\/2021\/08\/EbEm-fort-slogan.broch_.mem_.FTPL_-3-600x390.jpg 600w\" sizes=\"auto, (max-width: 1024px) 100vw, 1024px\" \/><\/figure><\/li><li class=\"blocks-gallery-item\"><figure><img loading=\"lazy\" decoding=\"async\" width=\"1024\" height=\"683\" src=\"https:\/\/www.landofmemory.eu\/wp-content\/uploads\/2021\/08\/FEE-Star-Junction-Underground-Galery-1-1-1024x683.jpg\" alt=\"Die unterirdischen G&#xE4;nge der Festung Eben-Emael.\" data-id=\"1697\" data-full-url=\"https:\/\/www.landofmemory.eu\/wp-content\/uploads\/2021\/08\/FEE-Star-Junction-Underground-Galery-1-1.jpg\" data-link=\"https:\/\/www.landofmemory.eu\/sites-historiques\/fort-eben-emael\/fort-deben-emael-2\/\" class=\"wp-image-1700\" srcset=\"https:\/\/www.landofmemory.eu\/wp-content\/uploads\/2021\/08\/FEE-Star-Junction-Underground-Galery-1-1-1024x683.jpg 1024w, https:\/\/www.landofmemory.eu\/wp-content\/uploads\/2021\/08\/FEE-Star-Junction-Underground-Galery-1-1-300x200.jpg 300w, https:\/\/www.landofmemory.eu\/wp-content\/uploads\/2021\/08\/FEE-Star-Junction-Underground-Galery-1-1-768x512.jpg 768w, https:\/\/www.landofmemory.eu\/wp-content\/uploads\/2021\/08\/FEE-Star-Junction-Underground-Galery-1-1-1536x1024.jpg 1536w, https:\/\/www.landofmemory.eu\/wp-content\/uploads\/2021\/08\/FEE-Star-Junction-Underground-Galery-1-1-2048x1365.jpg 2048w, https:\/\/www.landofmemory.eu\/wp-content\/uploads\/2021\/08\/FEE-Star-Junction-Underground-Galery-1-1-600x400.jpg 600w\" sizes=\"auto, (max-width: 1024px) 100vw, 1024px\" \/><\/figure><\/li><li class=\"blocks-gallery-item\"><figure><img loading=\"lazy\" decoding=\"async\" width=\"1024\" height=\"683\" src=\"https:\/\/www.landofmemory.eu\/wp-content\/uploads\/2021\/08\/FEE-German-Paratroopers-Museum-FEE-2-1024x683.jpg\" alt=\"Wiederaufbau des Forts Eben-Emael.\" data-id=\"1693\" data-full-url=\"https:\/\/www.landofmemory.eu\/wp-content\/uploads\/2021\/08\/FEE-German-Paratroopers-Museum-FEE-2.jpg\" data-link=\"https:\/\/www.landofmemory.eu\/sites-historiques\/fort-eben-emael\/fee-german-paratroopers-museum-fee-2\/\" class=\"wp-image-1696\" srcset=\"https:\/\/www.landofmemory.eu\/wp-content\/uploads\/2021\/08\/FEE-German-Paratroopers-Museum-FEE-2-1024x683.jpg 1024w, https:\/\/www.landofmemory.eu\/wp-content\/uploads\/2021\/08\/FEE-German-Paratroopers-Museum-FEE-2-300x200.jpg 300w, https:\/\/www.landofmemory.eu\/wp-content\/uploads\/2021\/08\/FEE-German-Paratroopers-Museum-FEE-2-768x512.jpg 768w, https:\/\/www.landofmemory.eu\/wp-content\/uploads\/2021\/08\/FEE-German-Paratroopers-Museum-FEE-2-1536x1024.jpg 1536w, https:\/\/www.landofmemory.eu\/wp-content\/uploads\/2021\/08\/FEE-German-Paratroopers-Museum-FEE-2-2048x1365.jpg 2048w, https:\/\/www.landofmemory.eu\/wp-content\/uploads\/2021\/08\/FEE-German-Paratroopers-Museum-FEE-2-600x400.jpg 600w\" sizes=\"auto, (max-width: 1024px) 100vw, 1024px\" \/><\/figure><\/li><li class=\"blocks-gallery-item\"><figure><img loading=\"lazy\" decoding=\"async\" width=\"1024\" height=\"711\" src=\"https:\/\/www.landofmemory.eu\/wp-content\/uploads\/2021\/08\/FEE-Explosion-Maastricht-2-2-1024x711.jpg\" alt=\"Wiederaufbau des Forts Eben-Emael.\" data-id=\"1689\" data-full-url=\"https:\/\/www.landofmemory.eu\/wp-content\/uploads\/2021\/08\/FEE-Explosion-Maastricht-2-2.jpg\" data-link=\"https:\/\/www.landofmemory.eu\/sites-historiques\/fort-eben-emael\/fee-explosion-maastricht-2-2\/\" class=\"wp-image-1692\" srcset=\"https:\/\/www.landofmemory.eu\/wp-content\/uploads\/2021\/08\/FEE-Explosion-Maastricht-2-2-1024x711.jpg 1024w, https:\/\/www.landofmemory.eu\/wp-content\/uploads\/2021\/08\/FEE-Explosion-Maastricht-2-2-300x208.jpg 300w, https:\/\/www.landofmemory.eu\/wp-content\/uploads\/2021\/08\/FEE-Explosion-Maastricht-2-2-768x533.jpg 768w, https:\/\/www.landofmemory.eu\/wp-content\/uploads\/2021\/08\/FEE-Explosion-Maastricht-2-2-1536x1066.jpg 1536w, https:\/\/www.landofmemory.eu\/wp-content\/uploads\/2021\/08\/FEE-Explosion-Maastricht-2-2-600x417.jpg 600w, https:\/\/www.landofmemory.eu\/wp-content\/uploads\/2021\/08\/FEE-Explosion-Maastricht-2-2.jpg 1920w\" sizes=\"auto, (max-width: 1024px) 100vw, 1024px\" \/><\/figure><\/li><\/ul><\/figure>\n\n<p><\/p>\n","protected":false},"template":"","type_site":[47],"class_list":["post-4075","sites-historiques","type-sites-historiques","status-publish","hentry","type_site-kriegsfestungen"],"acf":[],"yoast_head":"<!-- This site is optimized with the Yoast SEO plugin v26.0 - https:\/\/yoast.com\/wordpress\/plugins\/seo\/ -->\n<title>Zweiter Weltkrieg: Fort Eben-Emael<\/title>\n<meta name=\"description\" content=\"Fort Eben-Emael, bekannt als &quot;Riese der Festungen&quot;, ist eine der bedeutendsten Festungsanlagen Europas.\" \/>\n<meta name=\"robots\" content=\"index, follow, max-snippet:-1, max-image-preview:large, max-video-preview:-1\" \/>\n<link rel=\"canonical\" href=\"https:\/\/www.landofmemory.eu\/de\/sites-historiques\/fort-eben-emael\/\" \/>\n<meta property=\"og:locale\" content=\"de_DE\" \/>\n<meta property=\"og:type\" content=\"article\" \/>\n<meta property=\"og:title\" content=\"Zweiter Weltkrieg: Fort Eben-Emael\" \/>\n<meta property=\"og:description\" content=\"Fort Eben-Emael, bekannt als &quot;Riese der Festungen&quot;, ist eine der bedeutendsten Festungsanlagen Europas.\" \/>\n<meta property=\"og:url\" content=\"https:\/\/www.landofmemory.eu\/de\/sites-historiques\/fort-eben-emael\/\" \/>\n<meta property=\"og:site_name\" content=\"Land Of Memory\" \/>\n<meta property=\"article:publisher\" content=\"https:\/\/www.facebook.com\/landofmemory.eu\" \/>\n<meta property=\"article:modified_time\" content=\"2022-08-03T07:58:27+00:00\" \/>\n<meta property=\"og:image\" content=\"https:\/\/www.landofmemory.eu\/wp-content\/uploads\/2021\/08\/Design-sans-titre-91-240x300.jpg\" \/>\n<meta name=\"twitter:card\" content=\"summary_large_image\" \/>\n<meta name=\"twitter:label1\" content=\"Gesch\u00e4tzte Lesezeit\" \/>\n\t<meta name=\"twitter:data1\" content=\"2\u00a0Minuten\" \/>\n<script type=\"application\/ld+json\" class=\"yoast-schema-graph\">{\"@context\":\"https:\/\/schema.org\",\"@graph\":[{\"@type\":\"WebPage\",\"@id\":\"https:\/\/www.landofmemory.eu\/de\/sites-historiques\/fort-eben-emael\/\",\"url\":\"https:\/\/www.landofmemory.eu\/de\/sites-historiques\/fort-eben-emael\/\",\"name\":\"Zweiter Weltkrieg: Fort Eben-Emael\",\"isPartOf\":{\"@id\":\"https:\/\/www.landofmemory.eu\/#website\"},\"primaryImageOfPage\":{\"@id\":\"https:\/\/www.landofmemory.eu\/de\/sites-historiques\/fort-eben-emael\/#primaryimage\"},\"image\":{\"@id\":\"https:\/\/www.landofmemory.eu\/de\/sites-historiques\/fort-eben-emael\/#primaryimage\"},\"thumbnailUrl\":\"https:\/\/www.landofmemory.eu\/wp-content\/uploads\/2021\/08\/Design-sans-titre-91-240x300.jpg\",\"datePublished\":\"2021-10-06T07:57:19+00:00\",\"dateModified\":\"2022-08-03T07:58:27+00:00\",\"description\":\"Fort Eben-Emael, bekannt als \\\"Riese der Festungen\\\", ist eine der bedeutendsten Festungsanlagen Europas.\",\"breadcrumb\":{\"@id\":\"https:\/\/www.landofmemory.eu\/de\/sites-historiques\/fort-eben-emael\/#breadcrumb\"},\"inLanguage\":\"de\",\"potentialAction\":[{\"@type\":\"ReadAction\",\"target\":[\"https:\/\/www.landofmemory.eu\/de\/sites-historiques\/fort-eben-emael\/\"]}]},{\"@type\":\"ImageObject\",\"inLanguage\":\"de\",\"@id\":\"https:\/\/www.landofmemory.eu\/de\/sites-historiques\/fort-eben-emael\/#primaryimage\",\"url\":\"https:\/\/www.landofmemory.eu\/wp-content\/uploads\/2021\/08\/Design-sans-titre-91-240x300.jpg\",\"contentUrl\":\"https:\/\/www.landofmemory.eu\/wp-content\/uploads\/2021\/08\/Design-sans-titre-91-240x300.jpg\"},{\"@type\":\"BreadcrumbList\",\"@id\":\"https:\/\/www.landofmemory.eu\/de\/sites-historiques\/fort-eben-emael\/#breadcrumb\",\"itemListElement\":[{\"@type\":\"ListItem\",\"position\":1,\"name\":\"Accueil\",\"item\":\"https:\/\/www.landofmemory.eu\/\"},{\"@type\":\"ListItem\",\"position\":2,\"name\":\"Fort Eben-Emael\"}]},{\"@type\":\"WebSite\",\"@id\":\"https:\/\/www.landofmemory.eu\/#website\",\"url\":\"https:\/\/www.landofmemory.eu\/\",\"name\":\"Land Of Memory\",\"description\":\"L&#039;histoire commence ici\",\"publisher\":{\"@id\":\"https:\/\/www.landofmemory.eu\/#organization\"},\"potentialAction\":[{\"@type\":\"SearchAction\",\"target\":{\"@type\":\"EntryPoint\",\"urlTemplate\":\"https:\/\/www.landofmemory.eu\/?s={search_term_string}\"},\"query-input\":{\"@type\":\"PropertyValueSpecification\",\"valueRequired\":true,\"valueName\":\"search_term_string\"}}],\"inLanguage\":\"de\"},{\"@type\":\"Organization\",\"@id\":\"https:\/\/www.landofmemory.eu\/#organization\",\"name\":\"Land Of Memory\",\"url\":\"https:\/\/www.landofmemory.eu\/\",\"logo\":{\"@type\":\"ImageObject\",\"inLanguage\":\"de\",\"@id\":\"https:\/\/www.landofmemory.eu\/#\/schema\/logo\/image\/\",\"url\":\"https:\/\/www.landofmemory.eu\/wp-content\/uploads\/2022\/10\/logo-land-of-memory.jpg\",\"contentUrl\":\"https:\/\/www.landofmemory.eu\/wp-content\/uploads\/2022\/10\/logo-land-of-memory.jpg\",\"width\":1000,\"height\":500,\"caption\":\"Land Of Memory\"},\"image\":{\"@id\":\"https:\/\/www.landofmemory.eu\/#\/schema\/logo\/image\/\"},\"sameAs\":[\"https:\/\/www.facebook.com\/landofmemory.eu\",\"https:\/\/www.instagram.com\/landofmemory_eu\/\"]}]}<\/script>\n<!-- \/ Yoast SEO plugin. -->","yoast_head_json":{"title":"Zweiter Weltkrieg: Fort Eben-Emael","description":"Fort Eben-Emael, bekannt als \"Riese der Festungen\", ist eine der bedeutendsten Festungsanlagen Europas.","robots":{"index":"index","follow":"follow","max-snippet":"max-snippet:-1","max-image-preview":"max-image-preview:large","max-video-preview":"max-video-preview:-1"},"canonical":"https:\/\/www.landofmemory.eu\/de\/sites-historiques\/fort-eben-emael\/","og_locale":"de_DE","og_type":"article","og_title":"Zweiter Weltkrieg: Fort Eben-Emael","og_description":"Fort Eben-Emael, bekannt als \"Riese der Festungen\", ist eine der bedeutendsten Festungsanlagen Europas.","og_url":"https:\/\/www.landofmemory.eu\/de\/sites-historiques\/fort-eben-emael\/","og_site_name":"Land Of Memory","article_publisher":"https:\/\/www.facebook.com\/landofmemory.eu","article_modified_time":"2022-08-03T07:58:27+00:00","og_image":[{"url":"https:\/\/www.landofmemory.eu\/wp-content\/uploads\/2021\/08\/Design-sans-titre-91-240x300.jpg","type":"","width":"","height":""}],"twitter_card":"summary_large_image","twitter_misc":{"Gesch\u00e4tzte Lesezeit":"2\u00a0Minuten"},"schema":{"@context":"https:\/\/schema.org","@graph":[{"@type":"WebPage","@id":"https:\/\/www.landofmemory.eu\/de\/sites-historiques\/fort-eben-emael\/","url":"https:\/\/www.landofmemory.eu\/de\/sites-historiques\/fort-eben-emael\/","name":"Zweiter Weltkrieg: Fort Eben-Emael","isPartOf":{"@id":"https:\/\/www.landofmemory.eu\/#website"},"primaryImageOfPage":{"@id":"https:\/\/www.landofmemory.eu\/de\/sites-historiques\/fort-eben-emael\/#primaryimage"},"image":{"@id":"https:\/\/www.landofmemory.eu\/de\/sites-historiques\/fort-eben-emael\/#primaryimage"},"thumbnailUrl":"https:\/\/www.landofmemory.eu\/wp-content\/uploads\/2021\/08\/Design-sans-titre-91-240x300.jpg","datePublished":"2021-10-06T07:57:19+00:00","dateModified":"2022-08-03T07:58:27+00:00","description":"Fort Eben-Emael, bekannt als \"Riese der Festungen\", ist eine der bedeutendsten Festungsanlagen Europas.","breadcrumb":{"@id":"https:\/\/www.landofmemory.eu\/de\/sites-historiques\/fort-eben-emael\/#breadcrumb"},"inLanguage":"de","potentialAction":[{"@type":"ReadAction","target":["https:\/\/www.landofmemory.eu\/de\/sites-historiques\/fort-eben-emael\/"]}]},{"@type":"ImageObject","inLanguage":"de","@id":"https:\/\/www.landofmemory.eu\/de\/sites-historiques\/fort-eben-emael\/#primaryimage","url":"https:\/\/www.landofmemory.eu\/wp-content\/uploads\/2021\/08\/Design-sans-titre-91-240x300.jpg","contentUrl":"https:\/\/www.landofmemory.eu\/wp-content\/uploads\/2021\/08\/Design-sans-titre-91-240x300.jpg"},{"@type":"BreadcrumbList","@id":"https:\/\/www.landofmemory.eu\/de\/sites-historiques\/fort-eben-emael\/#breadcrumb","itemListElement":[{"@type":"ListItem","position":1,"name":"Accueil","item":"https:\/\/www.landofmemory.eu\/"},{"@type":"ListItem","position":2,"name":"Fort Eben-Emael"}]},{"@type":"WebSite","@id":"https:\/\/www.landofmemory.eu\/#website","url":"https:\/\/www.landofmemory.eu\/","name":"Land Of Memory","description":"L&#039;histoire commence ici","publisher":{"@id":"https:\/\/www.landofmemory.eu\/#organization"},"potentialAction":[{"@type":"SearchAction","target":{"@type":"EntryPoint","urlTemplate":"https:\/\/www.landofmemory.eu\/?s={search_term_string}"},"query-input":{"@type":"PropertyValueSpecification","valueRequired":true,"valueName":"search_term_string"}}],"inLanguage":"de"},{"@type":"Organization","@id":"https:\/\/www.landofmemory.eu\/#organization","name":"Land Of Memory","url":"https:\/\/www.landofmemory.eu\/","logo":{"@type":"ImageObject","inLanguage":"de","@id":"https:\/\/www.landofmemory.eu\/#\/schema\/logo\/image\/","url":"https:\/\/www.landofmemory.eu\/wp-content\/uploads\/2022\/10\/logo-land-of-memory.jpg","contentUrl":"https:\/\/www.landofmemory.eu\/wp-content\/uploads\/2022\/10\/logo-land-of-memory.jpg","width":1000,"height":500,"caption":"Land Of Memory"},"image":{"@id":"https:\/\/www.landofmemory.eu\/#\/schema\/logo\/image\/"},"sameAs":["https:\/\/www.facebook.com\/landofmemory.eu","https:\/\/www.instagram.com\/landofmemory_eu\/"]}]}},"_links":{"self":[{"href":"https:\/\/www.landofmemory.eu\/de\/wp-json\/wp\/v2\/sites-historiques\/4075","targetHints":{"allow":["GET"]}}],"collection":[{"href":"https:\/\/www.landofmemory.eu\/de\/wp-json\/wp\/v2\/sites-historiques"}],"about":[{"href":"https:\/\/www.landofmemory.eu\/de\/wp-json\/wp\/v2\/types\/sites-historiques"}],"wp:attachment":[{"href":"https:\/\/www.landofmemory.eu\/de\/wp-json\/wp\/v2\/media?parent=4075"}],"wp:term":[{"taxonomy":"type_site","embeddable":true,"href":"https:\/\/www.landofmemory.eu\/de\/wp-json\/wp\/v2\/type_site?post=4075"}],"curies":[{"name":"wp","href":"https:\/\/api.w.org\/{rel}","templated":true}]}}