{"id":4076,"date":"2021-10-06T10:11:09","date_gmt":"2021-10-06T08:11:09","guid":{"rendered":"https:\/\/www.landofmemory.eu\/sites-historiques\/nationale-nekropole-fort-loncin"},"modified":"2021-11-02T11:25:57","modified_gmt":"2021-11-02T10:25:57","slug":"nationale-nekropole-fort-loncin","status":"publish","type":"sites-historiques","link":"https:\/\/www.landofmemory.eu\/de\/sites-historiques\/nationale-nekropole-fort-loncin\/","title":{"rendered":"Nationale Nekropole Fort Loncin"},"content":{"rendered":"\n<h2 class=\"wp-block-heading\">Ein wahres Symbol der Schlacht von L\u00fcttich<\/h2>\n\n<div class=\"wp-block-columns is-layout-flex wp-container-core-columns-is-layout-9d6595d7 wp-block-columns-is-layout-flex\">\n<div class=\"wp-block-column is-layout-flow wp-block-column-is-layout-flow\">\n<figure class=\"wp-block-gallery columns-1 is-cropped wp-block-gallery-1 is-layout-flex wp-block-gallery-is-layout-flex\"><ul class=\"blocks-gallery-grid\"><li class=\"blocks-gallery-item\"><figure><img loading=\"lazy\" decoding=\"async\" width=\"1024\" height=\"684\" src=\"https:\/\/www.landofmemory.eu\/wp-content\/uploads\/2021\/08\/Fort-de-Loncin_Denis_Bdts-1-1024x684.jpg\" alt=\"Der Eingang zum Fort Loncin.\" data-id=\"1723\" data-full-url=\"https:\/\/www.landofmemory.eu\/wp-content\/uploads\/2021\/08\/Fort-de-Loncin_Denis_Bdts-1-scaled.jpg\" data-link=\"https:\/\/www.landofmemory.eu\/sites-historiques\/necropole-fort-loncin\/fort-de-loncin_denis_bdts-1\/\" class=\"wp-image-1726\" srcset=\"https:\/\/www.landofmemory.eu\/wp-content\/uploads\/2021\/08\/Fort-de-Loncin_Denis_Bdts-1-1024x684.jpg 1024w, https:\/\/www.landofmemory.eu\/wp-content\/uploads\/2021\/08\/Fort-de-Loncin_Denis_Bdts-1-300x200.jpg 300w, https:\/\/www.landofmemory.eu\/wp-content\/uploads\/2021\/08\/Fort-de-Loncin_Denis_Bdts-1-768x513.jpg 768w, https:\/\/www.landofmemory.eu\/wp-content\/uploads\/2021\/08\/Fort-de-Loncin_Denis_Bdts-1-1536x1025.jpg 1536w, https:\/\/www.landofmemory.eu\/wp-content\/uploads\/2021\/08\/Fort-de-Loncin_Denis_Bdts-1-2048x1367.jpg 2048w, https:\/\/www.landofmemory.eu\/wp-content\/uploads\/2021\/08\/Fort-de-Loncin_Denis_Bdts-1-600x401.jpg 600w\" sizes=\"auto, (max-width: 1024px) 100vw, 1024px\" \/><figcaption class=\"blocks-gallery-item__caption\">\u00a9 Land of Memory<\/figcaption><\/figure><\/li><\/ul><\/figure>\n<\/div>\n\n\n\n<div class=\"wp-block-column is-layout-flow wp-block-column-is-layout-flow\">\n<p>Mit seiner dreieckigen Grundfl\u00e4che von etwa 300 Metern und seiner Lage war das Fort Loncin eine strategische Plattform im Festungsg\u00fcrtel von L\u00fcttich. Es befindet sich sieben Kilometer westlich von L\u00fcttich.<\/p>\n\n\n\n<p>Es war eins der ersten, das im August 1914 von der deutschen Armee massiv bombardiert wurde. Am 15. August desselben Jahres gab die &#8222;Big Bertha&#8220;, eine Kanone, die zum ersten Mal in der Geschichte eingesetzt wurde, einen Schuss ab, der das Pulvermagazin des Forts in die Luft sprengte und das Zentrum zerst\u00f6rte. Dabei wurden 350 der 550 Soldaten vor Ort get\u00f6tet. Trotz dieser Trag\u00f6die war das Fort Loncin das einzige Fort des L\u00fctticher Verteidigungssystems, das nicht kapitulierte.<\/p>\n<\/div>\n<\/div>\n\n<p>Die meisten der Opfer dieser Explosion liegen heute noch unter den Tr\u00fcmmern. Es wurde eine Gruft eingerichtet, um diejenigen zu bestatten, deren Leichen nach einer umfangreichen Entminungsaktion des Forts, bei der 3.500 Granaten gefunden wurden, geborgen werden konnten. Die Festung wurde so zu einer milit\u00e4rischen Nekropole. Im Jahr 2014 wurde sie von K\u00f6nig Philippe zur nationalen Nekropole ernannt. Georges Petit schuf dort ein Erinnerungsdenkmal, das 1923 eingeweiht wurde. Das f\u00fcr die Hartn\u00e4ckigkeit seiner Verteidiger bewunderte Fort Loncin ist zu einem Ort des Gedenkens geworden.<\/p>\n\n<p>Das Fort Loncin ist eines der wichtigsten Beispiele f\u00fcr belgische Festungsanlagen. Es ist das einzige Exemplar, das seine urspr\u00fcngliche Ausstattung beibehalten hat.<\/p>\n\n<p>Um diesen Ort voller Geschichte und Emotionen zu erkunden, bietet das Fort F\u00fchrungen oder Audioguides in vier Sprachen an. Dar\u00fcber hinaus gibt es ein Museum, in dem die Besucher eine Vielzahl von Objekten entdecken k\u00f6nnen. Sie zeugen vom Leben der jungen Soldaten der Festungsgarnison. Auch die Explosion der Festung, ein intensiver Moment der Emotionen, l\u00e4sst sich so noch einmal erleben. Wenn Sie m\u00f6chten, k\u00f6nnen Sie den Besuch des Forts mit einem Besuch des Forts Lantin verbinden, das man unbedingt gesehen haben muss.<\/p>\n\n<div style=\"height:100px\" aria-hidden=\"true\" class=\"wp-block-spacer\"><\/div>\n\n<figure class=\"wp-block-gallery columns-3 is-cropped wp-block-gallery-2 is-layout-flex wp-block-gallery-is-layout-flex\"><ul class=\"blocks-gallery-grid\"><li class=\"blocks-gallery-item\"><figure><img loading=\"lazy\" decoding=\"async\" width=\"1024\" height=\"683\" src=\"https:\/\/www.landofmemory.eu\/wp-content\/uploads\/2021\/09\/Fort-de-Loncin_Denis_Bdts-5-1-1024x683.jpg\" alt=\"Die unterirdischen G&#xE4;nge der Festung Loncin.\" data-id=\"2318\" data-full-url=\"https:\/\/www.landofmemory.eu\/wp-content\/uploads\/2021\/09\/Fort-de-Loncin_Denis_Bdts-5-1-scaled.jpg\" data-link=\"https:\/\/www.landofmemory.eu\/sites-historiques\/necropole-fort-loncin\/fort-de-loncin_denis_bdts-5-1\/\" class=\"wp-image-2321\" srcset=\"https:\/\/www.landofmemory.eu\/wp-content\/uploads\/2021\/09\/Fort-de-Loncin_Denis_Bdts-5-1-1024x683.jpg 1024w, https:\/\/www.landofmemory.eu\/wp-content\/uploads\/2021\/09\/Fort-de-Loncin_Denis_Bdts-5-1-300x200.jpg 300w, https:\/\/www.landofmemory.eu\/wp-content\/uploads\/2021\/09\/Fort-de-Loncin_Denis_Bdts-5-1-768x513.jpg 768w, https:\/\/www.landofmemory.eu\/wp-content\/uploads\/2021\/09\/Fort-de-Loncin_Denis_Bdts-5-1-1536x1025.jpg 1536w, https:\/\/www.landofmemory.eu\/wp-content\/uploads\/2021\/09\/Fort-de-Loncin_Denis_Bdts-5-1-2048x1367.jpg 2048w, https:\/\/www.landofmemory.eu\/wp-content\/uploads\/2021\/09\/Fort-de-Loncin_Denis_Bdts-5-1-600x400.jpg 600w\" sizes=\"auto, (max-width: 1024px) 100vw, 1024px\" \/><figcaption class=\"blocks-gallery-item__caption\">\u00a9 Land of Memory<\/figcaption><\/figure><\/li><li class=\"blocks-gallery-item\"><figure><img loading=\"lazy\" decoding=\"async\" width=\"1024\" height=\"683\" src=\"https:\/\/www.landofmemory.eu\/wp-content\/uploads\/2021\/09\/Fort-de-Loncin_Denis_Bdts-6-1-1024x683.jpg\" alt=\"Die Gasse der Festung Loncin.\" data-id=\"2322\" data-full-url=\"https:\/\/www.landofmemory.eu\/wp-content\/uploads\/2021\/09\/Fort-de-Loncin_Denis_Bdts-6-1-scaled.jpg\" data-link=\"https:\/\/www.landofmemory.eu\/sites-historiques\/necropole-fort-loncin\/fort-de-loncin_denis_bdts-6-1\/\" class=\"wp-image-2325\" srcset=\"https:\/\/www.landofmemory.eu\/wp-content\/uploads\/2021\/09\/Fort-de-Loncin_Denis_Bdts-6-1-1024x683.jpg 1024w, https:\/\/www.landofmemory.eu\/wp-content\/uploads\/2021\/09\/Fort-de-Loncin_Denis_Bdts-6-1-300x200.jpg 300w, https:\/\/www.landofmemory.eu\/wp-content\/uploads\/2021\/09\/Fort-de-Loncin_Denis_Bdts-6-1-768x513.jpg 768w, https:\/\/www.landofmemory.eu\/wp-content\/uploads\/2021\/09\/Fort-de-Loncin_Denis_Bdts-6-1-1536x1025.jpg 1536w, https:\/\/www.landofmemory.eu\/wp-content\/uploads\/2021\/09\/Fort-de-Loncin_Denis_Bdts-6-1-2048x1367.jpg 2048w, https:\/\/www.landofmemory.eu\/wp-content\/uploads\/2021\/09\/Fort-de-Loncin_Denis_Bdts-6-1-600x400.jpg 600w\" sizes=\"auto, (max-width: 1024px) 100vw, 1024px\" \/><figcaption class=\"blocks-gallery-item__caption\">\u00a9 Land of Memory<\/figcaption><\/figure><\/li><li class=\"blocks-gallery-item\"><figure><img loading=\"lazy\" decoding=\"async\" width=\"1024\" height=\"683\" src=\"https:\/\/www.landofmemory.eu\/wp-content\/uploads\/2021\/09\/Fort-de-Loncin_Denis_Bdts-7-1-1024x683.jpg\" alt=\"Die Gasse der Festung Loncin.\" data-id=\"2326\" data-full-url=\"https:\/\/www.landofmemory.eu\/wp-content\/uploads\/2021\/09\/Fort-de-Loncin_Denis_Bdts-7-1-scaled.jpg\" data-link=\"https:\/\/www.landofmemory.eu\/sites-historiques\/necropole-fort-loncin\/fort-de-loncin_denis_bdts-7-1\/\" class=\"wp-image-2329\" srcset=\"https:\/\/www.landofmemory.eu\/wp-content\/uploads\/2021\/09\/Fort-de-Loncin_Denis_Bdts-7-1-1024x683.jpg 1024w, https:\/\/www.landofmemory.eu\/wp-content\/uploads\/2021\/09\/Fort-de-Loncin_Denis_Bdts-7-1-300x200.jpg 300w, https:\/\/www.landofmemory.eu\/wp-content\/uploads\/2021\/09\/Fort-de-Loncin_Denis_Bdts-7-1-768x513.jpg 768w, https:\/\/www.landofmemory.eu\/wp-content\/uploads\/2021\/09\/Fort-de-Loncin_Denis_Bdts-7-1-1536x1025.jpg 1536w, https:\/\/www.landofmemory.eu\/wp-content\/uploads\/2021\/09\/Fort-de-Loncin_Denis_Bdts-7-1-2048x1367.jpg 2048w, https:\/\/www.landofmemory.eu\/wp-content\/uploads\/2021\/09\/Fort-de-Loncin_Denis_Bdts-7-1-600x400.jpg 600w\" sizes=\"auto, (max-width: 1024px) 100vw, 1024px\" \/><figcaption class=\"blocks-gallery-item__caption\">\u00a9 Land of Memory<\/figcaption><\/figure><\/li><\/ul><\/figure>\n","protected":false},"template":"","type_site":[47,51,50],"class_list":["post-4076","sites-historiques","type-sites-historiques","status-publish","hentry","type_site-kriegsfestungen","type_site-weltkriegsfriedhofe","type_site-gedenkstatten"],"acf":[],"yoast_head":"<!-- This site is optimized with the Yoast SEO plugin v26.0 - https:\/\/yoast.com\/wordpress\/plugins\/seo\/ -->\n<title>Erster Weltkrieg: Nationale Nekropole Fort Loncin<\/title>\n<meta name=\"description\" content=\"Das Fort Loncin ist ein wahres Symbol der Schlacht von L\u00fcttich und des belgischen Widerstands gegen den deutschen Angriff von 1914. Noch im Zustand der Zerst\u00f6rung tauchen wir bei einem Besuch in den Alltag der jungen Soldaten ein und erleben die letzten Momente und die Explosion mit.\" \/>\n<meta name=\"robots\" content=\"index, follow, max-snippet:-1, max-image-preview:large, max-video-preview:-1\" \/>\n<link rel=\"canonical\" href=\"https:\/\/www.landofmemory.eu\/de\/sites-historiques\/nationale-nekropole-fort-loncin\/\" \/>\n<meta property=\"og:locale\" content=\"de_DE\" \/>\n<meta property=\"og:type\" content=\"article\" \/>\n<meta property=\"og:title\" content=\"Erster Weltkrieg: Nationale Nekropole Fort Loncin\" \/>\n<meta property=\"og:description\" content=\"Das Fort Loncin ist ein wahres Symbol der Schlacht von L\u00fcttich und des belgischen Widerstands gegen den deutschen Angriff von 1914. Noch im Zustand der Zerst\u00f6rung tauchen wir bei einem Besuch in den Alltag der jungen Soldaten ein und erleben die letzten Momente und die Explosion mit.\" \/>\n<meta property=\"og:url\" content=\"https:\/\/www.landofmemory.eu\/de\/sites-historiques\/nationale-nekropole-fort-loncin\/\" \/>\n<meta property=\"og:site_name\" content=\"Land Of Memory\" \/>\n<meta property=\"article:publisher\" content=\"https:\/\/www.facebook.com\/landofmemory.eu\" \/>\n<meta property=\"article:modified_time\" content=\"2021-11-02T10:25:57+00:00\" \/>\n<meta property=\"og:image\" content=\"https:\/\/www.landofmemory.eu\/wp-content\/uploads\/2021\/08\/Fort-de-Loncin_Denis_Bdts-1-1024x684.jpg\" \/>\n<meta name=\"twitter:card\" content=\"summary_large_image\" \/>\n<meta name=\"twitter:label1\" content=\"Gesch\u00e4tzte Lesezeit\" \/>\n\t<meta name=\"twitter:data1\" content=\"2\u00a0Minuten\" \/>\n<script type=\"application\/ld+json\" class=\"yoast-schema-graph\">{\"@context\":\"https:\/\/schema.org\",\"@graph\":[{\"@type\":\"WebPage\",\"@id\":\"https:\/\/www.landofmemory.eu\/de\/sites-historiques\/nationale-nekropole-fort-loncin\/\",\"url\":\"https:\/\/www.landofmemory.eu\/de\/sites-historiques\/nationale-nekropole-fort-loncin\/\",\"name\":\"Erster Weltkrieg: Nationale Nekropole Fort Loncin\",\"isPartOf\":{\"@id\":\"https:\/\/www.landofmemory.eu\/#website\"},\"primaryImageOfPage\":{\"@id\":\"https:\/\/www.landofmemory.eu\/de\/sites-historiques\/nationale-nekropole-fort-loncin\/#primaryimage\"},\"image\":{\"@id\":\"https:\/\/www.landofmemory.eu\/de\/sites-historiques\/nationale-nekropole-fort-loncin\/#primaryimage\"},\"thumbnailUrl\":\"https:\/\/www.landofmemory.eu\/wp-content\/uploads\/2021\/08\/Fort-de-Loncin_Denis_Bdts-1-1024x684.jpg\",\"datePublished\":\"2021-10-06T08:11:09+00:00\",\"dateModified\":\"2021-11-02T10:25:57+00:00\",\"description\":\"Das Fort Loncin ist ein wahres Symbol der Schlacht von L\u00fcttich und des belgischen Widerstands gegen den deutschen Angriff von 1914. Noch im Zustand der Zerst\u00f6rung tauchen wir bei einem Besuch in den Alltag der jungen Soldaten ein und erleben die letzten Momente und die Explosion mit.\",\"breadcrumb\":{\"@id\":\"https:\/\/www.landofmemory.eu\/de\/sites-historiques\/nationale-nekropole-fort-loncin\/#breadcrumb\"},\"inLanguage\":\"de\",\"potentialAction\":[{\"@type\":\"ReadAction\",\"target\":[\"https:\/\/www.landofmemory.eu\/de\/sites-historiques\/nationale-nekropole-fort-loncin\/\"]}]},{\"@type\":\"ImageObject\",\"inLanguage\":\"de\",\"@id\":\"https:\/\/www.landofmemory.eu\/de\/sites-historiques\/nationale-nekropole-fort-loncin\/#primaryimage\",\"url\":\"https:\/\/www.landofmemory.eu\/wp-content\/uploads\/2021\/08\/Fort-de-Loncin_Denis_Bdts-1-1024x684.jpg\",\"contentUrl\":\"https:\/\/www.landofmemory.eu\/wp-content\/uploads\/2021\/08\/Fort-de-Loncin_Denis_Bdts-1-1024x684.jpg\"},{\"@type\":\"BreadcrumbList\",\"@id\":\"https:\/\/www.landofmemory.eu\/de\/sites-historiques\/nationale-nekropole-fort-loncin\/#breadcrumb\",\"itemListElement\":[{\"@type\":\"ListItem\",\"position\":1,\"name\":\"Accueil\",\"item\":\"https:\/\/www.landofmemory.eu\/\"},{\"@type\":\"ListItem\",\"position\":2,\"name\":\"Nationale Nekropole Fort Loncin\"}]},{\"@type\":\"WebSite\",\"@id\":\"https:\/\/www.landofmemory.eu\/#website\",\"url\":\"https:\/\/www.landofmemory.eu\/\",\"name\":\"Land Of Memory\",\"description\":\"L&#039;histoire commence ici\",\"publisher\":{\"@id\":\"https:\/\/www.landofmemory.eu\/#organization\"},\"potentialAction\":[{\"@type\":\"SearchAction\",\"target\":{\"@type\":\"EntryPoint\",\"urlTemplate\":\"https:\/\/www.landofmemory.eu\/?s={search_term_string}\"},\"query-input\":{\"@type\":\"PropertyValueSpecification\",\"valueRequired\":true,\"valueName\":\"search_term_string\"}}],\"inLanguage\":\"de\"},{\"@type\":\"Organization\",\"@id\":\"https:\/\/www.landofmemory.eu\/#organization\",\"name\":\"Land Of Memory\",\"url\":\"https:\/\/www.landofmemory.eu\/\",\"logo\":{\"@type\":\"ImageObject\",\"inLanguage\":\"de\",\"@id\":\"https:\/\/www.landofmemory.eu\/#\/schema\/logo\/image\/\",\"url\":\"https:\/\/www.landofmemory.eu\/wp-content\/uploads\/2022\/10\/logo-land-of-memory.jpg\",\"contentUrl\":\"https:\/\/www.landofmemory.eu\/wp-content\/uploads\/2022\/10\/logo-land-of-memory.jpg\",\"width\":1000,\"height\":500,\"caption\":\"Land Of Memory\"},\"image\":{\"@id\":\"https:\/\/www.landofmemory.eu\/#\/schema\/logo\/image\/\"},\"sameAs\":[\"https:\/\/www.facebook.com\/landofmemory.eu\",\"https:\/\/www.instagram.com\/landofmemory_eu\/\"]}]}<\/script>\n<!-- \/ Yoast SEO plugin. -->","yoast_head_json":{"title":"Erster Weltkrieg: Nationale Nekropole Fort Loncin","description":"Das Fort Loncin ist ein wahres Symbol der Schlacht von L\u00fcttich und des belgischen Widerstands gegen den deutschen Angriff von 1914. Noch im Zustand der Zerst\u00f6rung tauchen wir bei einem Besuch in den Alltag der jungen Soldaten ein und erleben die letzten Momente und die Explosion mit.","robots":{"index":"index","follow":"follow","max-snippet":"max-snippet:-1","max-image-preview":"max-image-preview:large","max-video-preview":"max-video-preview:-1"},"canonical":"https:\/\/www.landofmemory.eu\/de\/sites-historiques\/nationale-nekropole-fort-loncin\/","og_locale":"de_DE","og_type":"article","og_title":"Erster Weltkrieg: Nationale Nekropole Fort Loncin","og_description":"Das Fort Loncin ist ein wahres Symbol der Schlacht von L\u00fcttich und des belgischen Widerstands gegen den deutschen Angriff von 1914. Noch im Zustand der Zerst\u00f6rung tauchen wir bei einem Besuch in den Alltag der jungen Soldaten ein und erleben die letzten Momente und die Explosion mit.","og_url":"https:\/\/www.landofmemory.eu\/de\/sites-historiques\/nationale-nekropole-fort-loncin\/","og_site_name":"Land Of Memory","article_publisher":"https:\/\/www.facebook.com\/landofmemory.eu","article_modified_time":"2021-11-02T10:25:57+00:00","og_image":[{"url":"https:\/\/www.landofmemory.eu\/wp-content\/uploads\/2021\/08\/Fort-de-Loncin_Denis_Bdts-1-1024x684.jpg","type":"","width":"","height":""}],"twitter_card":"summary_large_image","twitter_misc":{"Gesch\u00e4tzte Lesezeit":"2\u00a0Minuten"},"schema":{"@context":"https:\/\/schema.org","@graph":[{"@type":"WebPage","@id":"https:\/\/www.landofmemory.eu\/de\/sites-historiques\/nationale-nekropole-fort-loncin\/","url":"https:\/\/www.landofmemory.eu\/de\/sites-historiques\/nationale-nekropole-fort-loncin\/","name":"Erster Weltkrieg: Nationale Nekropole Fort Loncin","isPartOf":{"@id":"https:\/\/www.landofmemory.eu\/#website"},"primaryImageOfPage":{"@id":"https:\/\/www.landofmemory.eu\/de\/sites-historiques\/nationale-nekropole-fort-loncin\/#primaryimage"},"image":{"@id":"https:\/\/www.landofmemory.eu\/de\/sites-historiques\/nationale-nekropole-fort-loncin\/#primaryimage"},"thumbnailUrl":"https:\/\/www.landofmemory.eu\/wp-content\/uploads\/2021\/08\/Fort-de-Loncin_Denis_Bdts-1-1024x684.jpg","datePublished":"2021-10-06T08:11:09+00:00","dateModified":"2021-11-02T10:25:57+00:00","description":"Das Fort Loncin ist ein wahres Symbol der Schlacht von L\u00fcttich und des belgischen Widerstands gegen den deutschen Angriff von 1914. Noch im Zustand der Zerst\u00f6rung tauchen wir bei einem Besuch in den Alltag der jungen Soldaten ein und erleben die letzten Momente und die Explosion mit.","breadcrumb":{"@id":"https:\/\/www.landofmemory.eu\/de\/sites-historiques\/nationale-nekropole-fort-loncin\/#breadcrumb"},"inLanguage":"de","potentialAction":[{"@type":"ReadAction","target":["https:\/\/www.landofmemory.eu\/de\/sites-historiques\/nationale-nekropole-fort-loncin\/"]}]},{"@type":"ImageObject","inLanguage":"de","@id":"https:\/\/www.landofmemory.eu\/de\/sites-historiques\/nationale-nekropole-fort-loncin\/#primaryimage","url":"https:\/\/www.landofmemory.eu\/wp-content\/uploads\/2021\/08\/Fort-de-Loncin_Denis_Bdts-1-1024x684.jpg","contentUrl":"https:\/\/www.landofmemory.eu\/wp-content\/uploads\/2021\/08\/Fort-de-Loncin_Denis_Bdts-1-1024x684.jpg"},{"@type":"BreadcrumbList","@id":"https:\/\/www.landofmemory.eu\/de\/sites-historiques\/nationale-nekropole-fort-loncin\/#breadcrumb","itemListElement":[{"@type":"ListItem","position":1,"name":"Accueil","item":"https:\/\/www.landofmemory.eu\/"},{"@type":"ListItem","position":2,"name":"Nationale Nekropole Fort Loncin"}]},{"@type":"WebSite","@id":"https:\/\/www.landofmemory.eu\/#website","url":"https:\/\/www.landofmemory.eu\/","name":"Land Of Memory","description":"L&#039;histoire commence ici","publisher":{"@id":"https:\/\/www.landofmemory.eu\/#organization"},"potentialAction":[{"@type":"SearchAction","target":{"@type":"EntryPoint","urlTemplate":"https:\/\/www.landofmemory.eu\/?s={search_term_string}"},"query-input":{"@type":"PropertyValueSpecification","valueRequired":true,"valueName":"search_term_string"}}],"inLanguage":"de"},{"@type":"Organization","@id":"https:\/\/www.landofmemory.eu\/#organization","name":"Land Of Memory","url":"https:\/\/www.landofmemory.eu\/","logo":{"@type":"ImageObject","inLanguage":"de","@id":"https:\/\/www.landofmemory.eu\/#\/schema\/logo\/image\/","url":"https:\/\/www.landofmemory.eu\/wp-content\/uploads\/2022\/10\/logo-land-of-memory.jpg","contentUrl":"https:\/\/www.landofmemory.eu\/wp-content\/uploads\/2022\/10\/logo-land-of-memory.jpg","width":1000,"height":500,"caption":"Land Of Memory"},"image":{"@id":"https:\/\/www.landofmemory.eu\/#\/schema\/logo\/image\/"},"sameAs":["https:\/\/www.facebook.com\/landofmemory.eu","https:\/\/www.instagram.com\/landofmemory_eu\/"]}]}},"_links":{"self":[{"href":"https:\/\/www.landofmemory.eu\/de\/wp-json\/wp\/v2\/sites-historiques\/4076","targetHints":{"allow":["GET"]}}],"collection":[{"href":"https:\/\/www.landofmemory.eu\/de\/wp-json\/wp\/v2\/sites-historiques"}],"about":[{"href":"https:\/\/www.landofmemory.eu\/de\/wp-json\/wp\/v2\/types\/sites-historiques"}],"wp:attachment":[{"href":"https:\/\/www.landofmemory.eu\/de\/wp-json\/wp\/v2\/media?parent=4076"}],"wp:term":[{"taxonomy":"type_site","embeddable":true,"href":"https:\/\/www.landofmemory.eu\/de\/wp-json\/wp\/v2\/type_site?post=4076"}],"curies":[{"name":"wp","href":"https:\/\/api.w.org\/{rel}","templated":true}]}}