{"id":4084,"date":"2021-10-06T10:29:30","date_gmt":"2021-10-06T08:29:30","guid":{"rendered":"https:\/\/www.landofmemory.eu\/sites-historiques\/fort-tancremont"},"modified":"2023-05-10T10:26:37","modified_gmt":"2023-05-10T08:26:37","slug":"fort-tancremont","status":"publish","type":"sites-historiques","link":"https:\/\/www.landofmemory.eu\/de\/sites-historiques\/fort-tancremont\/","title":{"rendered":"Fort Tancr\u00e9mont"},"content":{"rendered":"\n<h2 class=\"wp-block-heading\">Historischer Ort der letzten K\u00e4mpfe vom Mai 1940<\/h2>\n\n<div style=\"height:100px\" aria-hidden=\"true\" class=\"wp-block-spacer\"><\/div>\n\n<div class=\"wp-block-columns are-vertically-aligned-center is-layout-flex wp-container-core-columns-is-layout-9d6595d7 wp-block-columns-is-layout-flex\">\n<div class=\"wp-block-column is-vertically-aligned-center is-layout-flow wp-block-column-is-layout-flow\"><div class=\"wp-block-image\">\n<figure class=\"aligncenter size-large is-resized\"><img loading=\"lazy\" decoding=\"async\" src=\"https:\/\/www.landofmemory.eu\/wp-content\/uploads\/2021\/09\/Fort-de-Tancremont_Denis_Bdts-1024x684.jpg\" alt=\"Gesch&#xFC;tzturm des Forts Tancr&#xE9;mont.\" class=\"wp-image-1807\" width=\"397\" height=\"264\" srcset=\"https:\/\/www.landofmemory.eu\/wp-content\/uploads\/2021\/09\/Fort-de-Tancremont_Denis_Bdts-1024x684.jpg 1024w, https:\/\/www.landofmemory.eu\/wp-content\/uploads\/2021\/09\/Fort-de-Tancremont_Denis_Bdts-300x200.jpg 300w, https:\/\/www.landofmemory.eu\/wp-content\/uploads\/2021\/09\/Fort-de-Tancremont_Denis_Bdts-768x513.jpg 768w, https:\/\/www.landofmemory.eu\/wp-content\/uploads\/2021\/09\/Fort-de-Tancremont_Denis_Bdts-1536x1026.jpg 1536w, https:\/\/www.landofmemory.eu\/wp-content\/uploads\/2021\/09\/Fort-de-Tancremont_Denis_Bdts-2048x1368.jpg 2048w, https:\/\/www.landofmemory.eu\/wp-content\/uploads\/2021\/09\/Fort-de-Tancremont_Denis_Bdts-600x401.jpg 600w\" sizes=\"auto, (max-width: 397px) 100vw, 397px\" \/><figcaption class=\"wp-element-caption\">\u00a9 Land of Memory<\/figcaption><\/figure>\n<\/div><\/div>\n\n\n\n<div class=\"wp-block-column is-vertically-aligned-center is-layout-flow wp-block-column-is-layout-flow\">\n<p>Das am 8. August 1937 eingeweihte Fort Tancr\u00e9mont wurde fr\u00fcher Fort Pepinster&#013;\ngenannt. Es unterscheidet sich von den acht anderen Festungen, die General&#013;\nHenri Alexis Brialmont vor dem Ersten Weltkrieg errichten lie\u00df, durch seine&#013;\nkompakte Struktur mit Gesch\u00fctzt\u00fcrmen und Beobachtungsposten.<\/p>\n\n\n\n<p>Aufgrund seiner geringen Gr\u00f6\u00dfe &#8211; zwei Kilometer Stollen in 28 Metern Tiefe -&#013;\nwar das Fort Tancr\u00e9mont nicht in der Lage, die benachbarten Forts zu&#013;\nunterst\u00fctzen. Dennoch spielte es bei der deutschen Invasion im Jahr 1940 eine wichtige&#013;\nVorreiterrolle.<\/p>\n<\/div>\n<\/div>\n\n<div class=\"wp-block-columns are-vertically-aligned-center is-layout-flex wp-container-core-columns-is-layout-9d6595d7 wp-block-columns-is-layout-flex\">\n<div class=\"wp-block-column is-vertically-aligned-center is-layout-flow wp-block-column-is-layout-flow\">\n<p>W\u00e4hrend dieser Zeit war das Fort im Bau, sodass der Hauptblock f\u00fcr die&#013;\nAngreifer zug\u00e4nglich war. Am 12. Mai 1940, kurz nach der Einnahme der Festung&#013;\n\u00c9ben-\u00c9mael, griffen die Deutschen Tancr\u00e9mont an und verlangten seine&#013;\nKapitulation. Nach fast 10 Tagen Widerstand kapitulierte das Fort schlie\u00dflich&#013;\nam 29. Mai und war damit das letzte der L\u00fctticher Forts, das seine Waffen&#013;\nabgab, und dies erst nach der allgemeinen belgischen Kapitulation.&#013;\n<\/p>\n<\/div>\n\n\n\n<div class=\"wp-block-column is-vertically-aligned-center is-layout-flow wp-block-column-is-layout-flow\"><div class=\"wp-block-image\">\n<figure class=\"aligncenter size-large is-resized\"><img loading=\"lazy\" decoding=\"async\" src=\"https:\/\/www.landofmemory.eu\/wp-content\/uploads\/2021\/09\/Fort-de-Tancremont_Denis_Bdts-5-683x1024.jpg\" alt=\"Schreiben an die &quot;Toten f&#xFC;r das Vaterland&quot; im Fort Tancr&#xE9;mont.\" class=\"wp-image-1811\" width=\"342\" height=\"512\" srcset=\"https:\/\/www.landofmemory.eu\/wp-content\/uploads\/2021\/09\/Fort-de-Tancremont_Denis_Bdts-5-683x1024.jpg 683w, https:\/\/www.landofmemory.eu\/wp-content\/uploads\/2021\/09\/Fort-de-Tancremont_Denis_Bdts-5-200x300.jpg 200w, https:\/\/www.landofmemory.eu\/wp-content\/uploads\/2021\/09\/Fort-de-Tancremont_Denis_Bdts-5-768x1151.jpg 768w, https:\/\/www.landofmemory.eu\/wp-content\/uploads\/2021\/09\/Fort-de-Tancremont_Denis_Bdts-5-1025x1536.jpg 1025w, https:\/\/www.landofmemory.eu\/wp-content\/uploads\/2021\/09\/Fort-de-Tancremont_Denis_Bdts-5-1367x2048.jpg 1367w, https:\/\/www.landofmemory.eu\/wp-content\/uploads\/2021\/09\/Fort-de-Tancremont_Denis_Bdts-5-600x900.jpg 600w, https:\/\/www.landofmemory.eu\/wp-content\/uploads\/2021\/09\/Fort-de-Tancremont_Denis_Bdts-5-scaled.jpg 1709w\" sizes=\"auto, (max-width: 342px) 100vw, 342px\" \/><figcaption class=\"wp-element-caption\">\u00a9 Land of Memory<\/figcaption><\/figure>\n<\/div><\/div>\n<\/div>\n\n<div class=\"wp-block-columns are-vertically-aligned-center is-layout-flex wp-container-core-columns-is-layout-9d6595d7 wp-block-columns-is-layout-flex\">\n<div class=\"wp-block-column is-vertically-aligned-center is-layout-flow wp-block-column-is-layout-flow\">\n<figure class=\"wp-block-image size-large is-resized\"><img loading=\"lazy\" decoding=\"async\" src=\"https:\/\/www.landofmemory.eu\/wp-content\/uploads\/2021\/09\/Fort-de-Tancremont_Denis_Bdts-6-683x1024.jpg\" alt=\"Der Eingang zum Fort Tancr&#xE9;mont.\" class=\"wp-image-1815\" width=\"401\" height=\"600\" srcset=\"https:\/\/www.landofmemory.eu\/wp-content\/uploads\/2021\/09\/Fort-de-Tancremont_Denis_Bdts-6-683x1024.jpg 683w, https:\/\/www.landofmemory.eu\/wp-content\/uploads\/2021\/09\/Fort-de-Tancremont_Denis_Bdts-6-200x300.jpg 200w, https:\/\/www.landofmemory.eu\/wp-content\/uploads\/2021\/09\/Fort-de-Tancremont_Denis_Bdts-6-768x1151.jpg 768w, https:\/\/www.landofmemory.eu\/wp-content\/uploads\/2021\/09\/Fort-de-Tancremont_Denis_Bdts-6-1025x1536.jpg 1025w, https:\/\/www.landofmemory.eu\/wp-content\/uploads\/2021\/09\/Fort-de-Tancremont_Denis_Bdts-6-1367x2048.jpg 1367w, https:\/\/www.landofmemory.eu\/wp-content\/uploads\/2021\/09\/Fort-de-Tancremont_Denis_Bdts-6-scaled.jpg 1708w\" sizes=\"auto, (max-width: 401px) 100vw, 401px\" \/><figcaption class=\"wp-element-caption\">\u00a9 Land of Memory<\/figcaption><\/figure>\n<\/div>\n\n\n\n<div class=\"wp-block-column is-vertically-aligned-center is-layout-flow wp-block-column-is-layout-flow\">\n<p>Die Besichtigung des Forts dauert etwa drei Stunden. Bei einem Rundgang k\u00f6nnen Sie das gr\u00fcne Massiv, die Kanonen,&#013;\ndie M\u00f6rserbl\u00f6cke, die Maschinengewehrbl\u00f6cke, die 2000 Meter langen Stollen und&#013;\nden Kommandoposten bewundern.<\/p>\n\n\n\n<p>Dar\u00fcber hinaus k\u00f6nnen Sie im Museum Uniformen, Alltagsgegenst\u00e4nde und&#013;\nZeitungsausschnitte aus dem Zweiten Weltkrieg entdecken.&#013;\n<\/p>\n\n\n\n<p>Vergessen Sie nicht, einen kleinen Abstecher ins &#8222;Au vieux&#013;\nTancr\u00e9mont&#8220; zu machen, um die Spezialit\u00e4t der Region zu probieren: den&#013;\nReiskuchen!&#013;\n<\/p>\n<\/div>\n<\/div>\n\n<figure class=\"wp-block-gallery has-nested-images columns-default is-cropped wp-block-gallery-1 is-layout-flex wp-block-gallery-is-layout-flex\">\n<figure class=\"wp-block-image size-large\"><img loading=\"lazy\" decoding=\"async\" width=\"1024\" height=\"684\" data-id=\"1827\" src=\"https:\/\/www.landofmemory.eu\/wp-content\/uploads\/2021\/09\/Fort-de-Tancremont_Denis_Bdts-2-1024x684.jpg\" alt=\"Souterrains du fort de Tancr&#xE9;mont.\" class=\"wp-image-1827\" srcset=\"https:\/\/www.landofmemory.eu\/wp-content\/uploads\/2021\/09\/Fort-de-Tancremont_Denis_Bdts-2-1024x684.jpg 1024w, https:\/\/www.landofmemory.eu\/wp-content\/uploads\/2021\/09\/Fort-de-Tancremont_Denis_Bdts-2-300x200.jpg 300w, https:\/\/www.landofmemory.eu\/wp-content\/uploads\/2021\/09\/Fort-de-Tancremont_Denis_Bdts-2-768x513.jpg 768w, https:\/\/www.landofmemory.eu\/wp-content\/uploads\/2021\/09\/Fort-de-Tancremont_Denis_Bdts-2-1536x1026.jpg 1536w, https:\/\/www.landofmemory.eu\/wp-content\/uploads\/2021\/09\/Fort-de-Tancremont_Denis_Bdts-2-2048x1367.jpg 2048w, https:\/\/www.landofmemory.eu\/wp-content\/uploads\/2021\/09\/Fort-de-Tancremont_Denis_Bdts-2-600x401.jpg 600w\" sizes=\"auto, (max-width: 1024px) 100vw, 1024px\" \/><figcaption class=\"wp-element-caption\">\u00a9 Land of Memory<\/figcaption><\/figure>\n\n\n\n<figure class=\"wp-block-image size-large\"><img loading=\"lazy\" decoding=\"async\" width=\"1024\" height=\"684\" data-id=\"1823\" src=\"https:\/\/www.landofmemory.eu\/wp-content\/uploads\/2021\/09\/Fort-de-Tancremont_Denis_Bdts-8-1024x684.jpg\" alt=\"Visite du fort de Tancr&#xE9;mont.\" class=\"wp-image-1823\" srcset=\"https:\/\/www.landofmemory.eu\/wp-content\/uploads\/2021\/09\/Fort-de-Tancremont_Denis_Bdts-8-1024x684.jpg 1024w, https:\/\/www.landofmemory.eu\/wp-content\/uploads\/2021\/09\/Fort-de-Tancremont_Denis_Bdts-8-300x200.jpg 300w, https:\/\/www.landofmemory.eu\/wp-content\/uploads\/2021\/09\/Fort-de-Tancremont_Denis_Bdts-8-768x513.jpg 768w, https:\/\/www.landofmemory.eu\/wp-content\/uploads\/2021\/09\/Fort-de-Tancremont_Denis_Bdts-8-1536x1026.jpg 1536w, https:\/\/www.landofmemory.eu\/wp-content\/uploads\/2021\/09\/Fort-de-Tancremont_Denis_Bdts-8-2048x1367.jpg 2048w, https:\/\/www.landofmemory.eu\/wp-content\/uploads\/2021\/09\/Fort-de-Tancremont_Denis_Bdts-8-600x401.jpg 600w\" sizes=\"auto, (max-width: 1024px) 100vw, 1024px\" \/><figcaption class=\"wp-element-caption\">\u00a9 Land of Memory<\/figcaption><\/figure>\n\n\n\n<figure class=\"wp-block-image size-large\"><img loading=\"lazy\" decoding=\"async\" width=\"1024\" height=\"684\" data-id=\"1819\" src=\"https:\/\/www.landofmemory.eu\/wp-content\/uploads\/2021\/09\/Fort-de-Tancremont_Denis_Bdts-7-1024x684.jpg\" alt=\"Anciennes douches du fort de Tancr&#xE9;mont.\" class=\"wp-image-1819\" srcset=\"https:\/\/www.landofmemory.eu\/wp-content\/uploads\/2021\/09\/Fort-de-Tancremont_Denis_Bdts-7-1024x684.jpg 1024w, https:\/\/www.landofmemory.eu\/wp-content\/uploads\/2021\/09\/Fort-de-Tancremont_Denis_Bdts-7-300x200.jpg 300w, https:\/\/www.landofmemory.eu\/wp-content\/uploads\/2021\/09\/Fort-de-Tancremont_Denis_Bdts-7-768x513.jpg 768w, https:\/\/www.landofmemory.eu\/wp-content\/uploads\/2021\/09\/Fort-de-Tancremont_Denis_Bdts-7-1536x1026.jpg 1536w, https:\/\/www.landofmemory.eu\/wp-content\/uploads\/2021\/09\/Fort-de-Tancremont_Denis_Bdts-7-2048x1368.jpg 2048w, https:\/\/www.landofmemory.eu\/wp-content\/uploads\/2021\/09\/Fort-de-Tancremont_Denis_Bdts-7-600x401.jpg 600w\" sizes=\"auto, (max-width: 1024px) 100vw, 1024px\" \/><figcaption class=\"wp-element-caption\">\u00a9 Land of Memory<\/figcaption><\/figure>\n<\/figure>\n","protected":false},"template":"","type_site":[47,53],"class_list":["post-4084","sites-historiques","type-sites-historiques","status-publish","hentry","type_site-kriegsfestungen","type_site-museen-und-ausstellungen"],"acf":[],"yoast_head":"<!-- This site is optimized with the Yoast SEO plugin v26.0 - https:\/\/yoast.com\/wordpress\/plugins\/seo\/ -->\n<title>Land of Memory: Fort Tancr\u00e9mont<\/title>\n<meta name=\"description\" content=\"Das Fort Tancr\u00e9mont war das letzte Fort im Festungsg\u00fcrtel von L\u00fcttich, das im Zweiten Weltkrieg vor der deutschen Armee kapitulierte.\" \/>\n<meta name=\"robots\" content=\"index, follow, max-snippet:-1, max-image-preview:large, max-video-preview:-1\" \/>\n<link rel=\"canonical\" href=\"https:\/\/www.landofmemory.eu\/de\/sites-historiques\/fort-tancremont\/\" \/>\n<meta property=\"og:locale\" content=\"de_DE\" \/>\n<meta property=\"og:type\" content=\"article\" \/>\n<meta property=\"og:title\" content=\"Land of Memory: Fort Tancr\u00e9mont\" \/>\n<meta property=\"og:description\" content=\"Das Fort Tancr\u00e9mont war das letzte Fort im Festungsg\u00fcrtel von L\u00fcttich, das im Zweiten Weltkrieg vor der deutschen Armee kapitulierte.\" \/>\n<meta property=\"og:url\" content=\"https:\/\/www.landofmemory.eu\/de\/sites-historiques\/fort-tancremont\/\" \/>\n<meta property=\"og:site_name\" content=\"Land Of Memory\" \/>\n<meta property=\"article:publisher\" content=\"https:\/\/www.facebook.com\/landofmemory.eu\" \/>\n<meta property=\"article:modified_time\" content=\"2023-05-10T08:26:37+00:00\" \/>\n<meta property=\"og:image\" content=\"https:\/\/www.landofmemory.eu\/wp-content\/uploads\/2021\/09\/Fort-de-Tancremont_Denis_Bdts-1024x684.jpg\" \/>\n<meta name=\"twitter:card\" content=\"summary_large_image\" \/>\n<meta name=\"twitter:label1\" content=\"Gesch\u00e4tzte Lesezeit\" \/>\n\t<meta name=\"twitter:data1\" content=\"1\u00a0Minute\" \/>\n<script type=\"application\/ld+json\" class=\"yoast-schema-graph\">{\"@context\":\"https:\/\/schema.org\",\"@graph\":[{\"@type\":\"WebPage\",\"@id\":\"https:\/\/www.landofmemory.eu\/de\/sites-historiques\/fort-tancremont\/\",\"url\":\"https:\/\/www.landofmemory.eu\/de\/sites-historiques\/fort-tancremont\/\",\"name\":\"Land of Memory: Fort Tancr\u00e9mont\",\"isPartOf\":{\"@id\":\"https:\/\/www.landofmemory.eu\/#website\"},\"primaryImageOfPage\":{\"@id\":\"https:\/\/www.landofmemory.eu\/de\/sites-historiques\/fort-tancremont\/#primaryimage\"},\"image\":{\"@id\":\"https:\/\/www.landofmemory.eu\/de\/sites-historiques\/fort-tancremont\/#primaryimage\"},\"thumbnailUrl\":\"https:\/\/www.landofmemory.eu\/wp-content\/uploads\/2021\/09\/Fort-de-Tancremont_Denis_Bdts-1024x684.jpg\",\"datePublished\":\"2021-10-06T08:29:30+00:00\",\"dateModified\":\"2023-05-10T08:26:37+00:00\",\"description\":\"Das Fort Tancr\u00e9mont war das letzte Fort im Festungsg\u00fcrtel von L\u00fcttich, das im Zweiten Weltkrieg vor der deutschen Armee kapitulierte.\",\"breadcrumb\":{\"@id\":\"https:\/\/www.landofmemory.eu\/de\/sites-historiques\/fort-tancremont\/#breadcrumb\"},\"inLanguage\":\"de\",\"potentialAction\":[{\"@type\":\"ReadAction\",\"target\":[\"https:\/\/www.landofmemory.eu\/de\/sites-historiques\/fort-tancremont\/\"]}]},{\"@type\":\"ImageObject\",\"inLanguage\":\"de\",\"@id\":\"https:\/\/www.landofmemory.eu\/de\/sites-historiques\/fort-tancremont\/#primaryimage\",\"url\":\"https:\/\/www.landofmemory.eu\/wp-content\/uploads\/2021\/09\/Fort-de-Tancremont_Denis_Bdts-1024x684.jpg\",\"contentUrl\":\"https:\/\/www.landofmemory.eu\/wp-content\/uploads\/2021\/09\/Fort-de-Tancremont_Denis_Bdts-1024x684.jpg\"},{\"@type\":\"BreadcrumbList\",\"@id\":\"https:\/\/www.landofmemory.eu\/de\/sites-historiques\/fort-tancremont\/#breadcrumb\",\"itemListElement\":[{\"@type\":\"ListItem\",\"position\":1,\"name\":\"Accueil\",\"item\":\"https:\/\/www.landofmemory.eu\/\"},{\"@type\":\"ListItem\",\"position\":2,\"name\":\"Fort Tancr\u00e9mont\"}]},{\"@type\":\"WebSite\",\"@id\":\"https:\/\/www.landofmemory.eu\/#website\",\"url\":\"https:\/\/www.landofmemory.eu\/\",\"name\":\"Land Of Memory\",\"description\":\"L&#039;histoire commence ici\",\"publisher\":{\"@id\":\"https:\/\/www.landofmemory.eu\/#organization\"},\"potentialAction\":[{\"@type\":\"SearchAction\",\"target\":{\"@type\":\"EntryPoint\",\"urlTemplate\":\"https:\/\/www.landofmemory.eu\/?s={search_term_string}\"},\"query-input\":{\"@type\":\"PropertyValueSpecification\",\"valueRequired\":true,\"valueName\":\"search_term_string\"}}],\"inLanguage\":\"de\"},{\"@type\":\"Organization\",\"@id\":\"https:\/\/www.landofmemory.eu\/#organization\",\"name\":\"Land Of Memory\",\"url\":\"https:\/\/www.landofmemory.eu\/\",\"logo\":{\"@type\":\"ImageObject\",\"inLanguage\":\"de\",\"@id\":\"https:\/\/www.landofmemory.eu\/#\/schema\/logo\/image\/\",\"url\":\"https:\/\/www.landofmemory.eu\/wp-content\/uploads\/2022\/10\/logo-land-of-memory.jpg\",\"contentUrl\":\"https:\/\/www.landofmemory.eu\/wp-content\/uploads\/2022\/10\/logo-land-of-memory.jpg\",\"width\":1000,\"height\":500,\"caption\":\"Land Of Memory\"},\"image\":{\"@id\":\"https:\/\/www.landofmemory.eu\/#\/schema\/logo\/image\/\"},\"sameAs\":[\"https:\/\/www.facebook.com\/landofmemory.eu\",\"https:\/\/www.instagram.com\/landofmemory_eu\/\"]}]}<\/script>\n<!-- \/ Yoast SEO plugin. -->","yoast_head_json":{"title":"Land of Memory: Fort Tancr\u00e9mont","description":"Das Fort Tancr\u00e9mont war das letzte Fort im Festungsg\u00fcrtel von L\u00fcttich, das im Zweiten Weltkrieg vor der deutschen Armee kapitulierte.","robots":{"index":"index","follow":"follow","max-snippet":"max-snippet:-1","max-image-preview":"max-image-preview:large","max-video-preview":"max-video-preview:-1"},"canonical":"https:\/\/www.landofmemory.eu\/de\/sites-historiques\/fort-tancremont\/","og_locale":"de_DE","og_type":"article","og_title":"Land of Memory: Fort Tancr\u00e9mont","og_description":"Das Fort Tancr\u00e9mont war das letzte Fort im Festungsg\u00fcrtel von L\u00fcttich, das im Zweiten Weltkrieg vor der deutschen Armee kapitulierte.","og_url":"https:\/\/www.landofmemory.eu\/de\/sites-historiques\/fort-tancremont\/","og_site_name":"Land Of Memory","article_publisher":"https:\/\/www.facebook.com\/landofmemory.eu","article_modified_time":"2023-05-10T08:26:37+00:00","og_image":[{"url":"https:\/\/www.landofmemory.eu\/wp-content\/uploads\/2021\/09\/Fort-de-Tancremont_Denis_Bdts-1024x684.jpg","type":"","width":"","height":""}],"twitter_card":"summary_large_image","twitter_misc":{"Gesch\u00e4tzte Lesezeit":"1\u00a0Minute"},"schema":{"@context":"https:\/\/schema.org","@graph":[{"@type":"WebPage","@id":"https:\/\/www.landofmemory.eu\/de\/sites-historiques\/fort-tancremont\/","url":"https:\/\/www.landofmemory.eu\/de\/sites-historiques\/fort-tancremont\/","name":"Land of Memory: Fort Tancr\u00e9mont","isPartOf":{"@id":"https:\/\/www.landofmemory.eu\/#website"},"primaryImageOfPage":{"@id":"https:\/\/www.landofmemory.eu\/de\/sites-historiques\/fort-tancremont\/#primaryimage"},"image":{"@id":"https:\/\/www.landofmemory.eu\/de\/sites-historiques\/fort-tancremont\/#primaryimage"},"thumbnailUrl":"https:\/\/www.landofmemory.eu\/wp-content\/uploads\/2021\/09\/Fort-de-Tancremont_Denis_Bdts-1024x684.jpg","datePublished":"2021-10-06T08:29:30+00:00","dateModified":"2023-05-10T08:26:37+00:00","description":"Das Fort Tancr\u00e9mont war das letzte Fort im Festungsg\u00fcrtel von L\u00fcttich, das im Zweiten Weltkrieg vor der deutschen Armee kapitulierte.","breadcrumb":{"@id":"https:\/\/www.landofmemory.eu\/de\/sites-historiques\/fort-tancremont\/#breadcrumb"},"inLanguage":"de","potentialAction":[{"@type":"ReadAction","target":["https:\/\/www.landofmemory.eu\/de\/sites-historiques\/fort-tancremont\/"]}]},{"@type":"ImageObject","inLanguage":"de","@id":"https:\/\/www.landofmemory.eu\/de\/sites-historiques\/fort-tancremont\/#primaryimage","url":"https:\/\/www.landofmemory.eu\/wp-content\/uploads\/2021\/09\/Fort-de-Tancremont_Denis_Bdts-1024x684.jpg","contentUrl":"https:\/\/www.landofmemory.eu\/wp-content\/uploads\/2021\/09\/Fort-de-Tancremont_Denis_Bdts-1024x684.jpg"},{"@type":"BreadcrumbList","@id":"https:\/\/www.landofmemory.eu\/de\/sites-historiques\/fort-tancremont\/#breadcrumb","itemListElement":[{"@type":"ListItem","position":1,"name":"Accueil","item":"https:\/\/www.landofmemory.eu\/"},{"@type":"ListItem","position":2,"name":"Fort Tancr\u00e9mont"}]},{"@type":"WebSite","@id":"https:\/\/www.landofmemory.eu\/#website","url":"https:\/\/www.landofmemory.eu\/","name":"Land Of Memory","description":"L&#039;histoire commence ici","publisher":{"@id":"https:\/\/www.landofmemory.eu\/#organization"},"potentialAction":[{"@type":"SearchAction","target":{"@type":"EntryPoint","urlTemplate":"https:\/\/www.landofmemory.eu\/?s={search_term_string}"},"query-input":{"@type":"PropertyValueSpecification","valueRequired":true,"valueName":"search_term_string"}}],"inLanguage":"de"},{"@type":"Organization","@id":"https:\/\/www.landofmemory.eu\/#organization","name":"Land Of Memory","url":"https:\/\/www.landofmemory.eu\/","logo":{"@type":"ImageObject","inLanguage":"de","@id":"https:\/\/www.landofmemory.eu\/#\/schema\/logo\/image\/","url":"https:\/\/www.landofmemory.eu\/wp-content\/uploads\/2022\/10\/logo-land-of-memory.jpg","contentUrl":"https:\/\/www.landofmemory.eu\/wp-content\/uploads\/2022\/10\/logo-land-of-memory.jpg","width":1000,"height":500,"caption":"Land Of Memory"},"image":{"@id":"https:\/\/www.landofmemory.eu\/#\/schema\/logo\/image\/"},"sameAs":["https:\/\/www.facebook.com\/landofmemory.eu","https:\/\/www.instagram.com\/landofmemory_eu\/"]}]}},"_links":{"self":[{"href":"https:\/\/www.landofmemory.eu\/de\/wp-json\/wp\/v2\/sites-historiques\/4084","targetHints":{"allow":["GET"]}}],"collection":[{"href":"https:\/\/www.landofmemory.eu\/de\/wp-json\/wp\/v2\/sites-historiques"}],"about":[{"href":"https:\/\/www.landofmemory.eu\/de\/wp-json\/wp\/v2\/types\/sites-historiques"}],"wp:attachment":[{"href":"https:\/\/www.landofmemory.eu\/de\/wp-json\/wp\/v2\/media?parent=4084"}],"wp:term":[{"taxonomy":"type_site","embeddable":true,"href":"https:\/\/www.landofmemory.eu\/de\/wp-json\/wp\/v2\/type_site?post=4084"}],"curies":[{"name":"wp","href":"https:\/\/api.w.org\/{rel}","templated":true}]}}