{"id":4096,"date":"2021-10-06T10:45:50","date_gmt":"2021-10-06T08:45:50","guid":{"rendered":"https:\/\/www.landofmemory.eu\/sites-historiques\/baugnez-44-historical-museum"},"modified":"2021-10-22T14:47:30","modified_gmt":"2021-10-22T12:47:30","slug":"baugnez-44-historical-museum","status":"publish","type":"sites-historiques","link":"https:\/\/www.landofmemory.eu\/de\/sites-historiques\/baugnez-44-historical-museum\/","title":{"rendered":"Baugnez 44 Historical Museum"},"content":{"rendered":"\n<h2 class=\"wp-block-heading\">Zur\u00fcck in das Herz des Winters 1944<\/h2>\n\n<p>Am 16. Dezember 1944 begann die tragische Ardennenoffensive. Hitler beschloss, eine \u00fcberraschende Gegenoffensive mit allen seinen Truppen zu starten. Ziel war die Einnahme des Hafens von Antwerpen, der sich noch nicht unter deutscher Kontrolle befand.<\/p>\n\n<p>Am selben Tag bewegte sich ein amerikanisches Artilleriebataillon gleichzeitig mit einer deutschen Vorhut auf die Baugnez-Kreuzung zu. Es folgte eine gewaltsame Konfrontation zwischen den beiden Seiten und ein Massaker an 84 amerikanischen Gefangenen.<\/p>\n\n<div style=\"height:100px\" aria-hidden=\"true\" class=\"wp-block-spacer\"><\/div>\n\n<h2 class=\"wp-block-heading\">Atemberaubender Realismus<\/h2>\n\n<p>Aus diesem tragischen, historischen Erbe ist dieses einzigartige Museum entstanden. Es wurde 2007 er\u00f6ffnet und gilt als eines der sch\u00f6nsten Museen zur Ardennenschlacht.<\/p>\n\n<p>Die verschiedenen Hauptoperationen werden erkl\u00e4rt, 15 Szenen werden rekonstruiert und 120 Vitrinen werden vorgestellt. Es werden mehrere einzigartige Gegenst\u00e4nde ausgestellt, von denen einige mit dem Massaker in Verbindung stehen. Es wird ein 25-min\u00fctiger Archivfilm gezeigt. Zwei Klang- und Lichtr\u00e4ume versetzen Sie in das Herz des Winters von 1944. Es verspricht seinen Besuchern eine echte Reise in das Herz der Ardennenoffensive dank eines Besuchs mit Audioguides in vier Sprachen (Franz\u00f6sisch, Englisch, Niederl\u00e4ndisch und Deutsch). Ein einzigartiges und unvergessliches Erlebnis, das Sie sich nicht entgehen lassen sollten! &#13;\n<\/p>\n\n<div style=\"height:100px\" aria-hidden=\"true\" class=\"wp-block-spacer\"><\/div>\n\n<figure class=\"wp-block-gallery columns-3 is-cropped wp-block-gallery-1 is-layout-flex wp-block-gallery-is-layout-flex\"><ul class=\"blocks-gallery-grid\"><li class=\"blocks-gallery-item\"><figure><img loading=\"lazy\" decoding=\"async\" width=\"1024\" height=\"682\" src=\"https:\/\/www.landofmemory.eu\/wp-content\/uploads\/2021\/09\/151-1-1024x682.jpeg\" alt=\"Milit&#xE4;rhelm im Historischen Museum Baugnez 44.\" data-id=\"2441\" data-full-url=\"https:\/\/www.landofmemory.eu\/wp-content\/uploads\/2021\/09\/151-1-scaled.jpeg\" data-link=\"https:\/\/www.landofmemory.eu\/sites-historiques\/baugnez-44-historical-museum\/151-1\/\" class=\"wp-image-2444\" srcset=\"https:\/\/www.landofmemory.eu\/wp-content\/uploads\/2021\/09\/151-1-1024x682.jpeg 1024w, https:\/\/www.landofmemory.eu\/wp-content\/uploads\/2021\/09\/151-1-300x200.jpeg 300w, https:\/\/www.landofmemory.eu\/wp-content\/uploads\/2021\/09\/151-1-768x511.jpeg 768w, https:\/\/www.landofmemory.eu\/wp-content\/uploads\/2021\/09\/151-1-1536x1023.jpeg 1536w, https:\/\/www.landofmemory.eu\/wp-content\/uploads\/2021\/09\/151-1-2048x1363.jpeg 2048w, https:\/\/www.landofmemory.eu\/wp-content\/uploads\/2021\/09\/151-1-600x399.jpeg 600w\" sizes=\"auto, (max-width: 1024px) 100vw, 1024px\" \/><figcaption class=\"blocks-gallery-item__caption\">\u00a9 C. Lichterte<\/figcaption><\/figure><\/li><li class=\"blocks-gallery-item\"><figure><img loading=\"lazy\" decoding=\"async\" width=\"1024\" height=\"681\" src=\"https:\/\/www.landofmemory.eu\/wp-content\/uploads\/2021\/09\/75-1-1024x681.jpeg\" alt=\"Rekonstitution von Soldaten im Historischen Museum Baugnez 44.\" data-id=\"2445\" data-full-url=\"https:\/\/www.landofmemory.eu\/wp-content\/uploads\/2021\/09\/75-1-scaled.jpeg\" data-link=\"https:\/\/www.landofmemory.eu\/sites-historiques\/baugnez-44-historical-museum\/75-1\/\" class=\"wp-image-2448\" srcset=\"https:\/\/www.landofmemory.eu\/wp-content\/uploads\/2021\/09\/75-1-1024x681.jpeg 1024w, https:\/\/www.landofmemory.eu\/wp-content\/uploads\/2021\/09\/75-1-300x200.jpeg 300w, https:\/\/www.landofmemory.eu\/wp-content\/uploads\/2021\/09\/75-1-768x511.jpeg 768w, https:\/\/www.landofmemory.eu\/wp-content\/uploads\/2021\/09\/75-1-1536x1022.jpeg 1536w, https:\/\/www.landofmemory.eu\/wp-content\/uploads\/2021\/09\/75-1-2048x1363.jpeg 2048w, https:\/\/www.landofmemory.eu\/wp-content\/uploads\/2021\/09\/75-1-600x399.jpeg 600w\" sizes=\"auto, (max-width: 1024px) 100vw, 1024px\" \/><figcaption class=\"blocks-gallery-item__caption\">\u00a9 C. Lichterte<\/figcaption><\/figure><\/li><li class=\"blocks-gallery-item\"><figure><img loading=\"lazy\" decoding=\"async\" width=\"1024\" height=\"683\" src=\"https:\/\/www.landofmemory.eu\/wp-content\/uploads\/2021\/09\/C.Lichterte-Baugnez-44-7-1-1024x683.jpeg\" alt=\"Rekonstitution von Soldaten im Historischen Museum Baugnez 44.\" data-id=\"2449\" data-full-url=\"https:\/\/www.landofmemory.eu\/wp-content\/uploads\/2021\/09\/C.Lichterte-Baugnez-44-7-1-scaled.jpeg\" data-link=\"https:\/\/www.landofmemory.eu\/sites-historiques\/baugnez-44-historical-museum\/c-lichterte-baugnez-44-7-1\/\" class=\"wp-image-2452\" srcset=\"https:\/\/www.landofmemory.eu\/wp-content\/uploads\/2021\/09\/C.Lichterte-Baugnez-44-7-1-1024x683.jpeg 1024w, https:\/\/www.landofmemory.eu\/wp-content\/uploads\/2021\/09\/C.Lichterte-Baugnez-44-7-1-300x200.jpeg 300w, https:\/\/www.landofmemory.eu\/wp-content\/uploads\/2021\/09\/C.Lichterte-Baugnez-44-7-1-768x512.jpeg 768w, https:\/\/www.landofmemory.eu\/wp-content\/uploads\/2021\/09\/C.Lichterte-Baugnez-44-7-1-1536x1024.jpeg 1536w, https:\/\/www.landofmemory.eu\/wp-content\/uploads\/2021\/09\/C.Lichterte-Baugnez-44-7-1-2048x1365.jpeg 2048w, https:\/\/www.landofmemory.eu\/wp-content\/uploads\/2021\/09\/C.Lichterte-Baugnez-44-7-1-600x400.jpeg 600w\" sizes=\"auto, (max-width: 1024px) 100vw, 1024px\" \/><figcaption class=\"blocks-gallery-item__caption\">\u00a9 C. Lichterte<\/figcaption><\/figure><\/li><li class=\"blocks-gallery-item\"><figure><img loading=\"lazy\" decoding=\"async\" width=\"1024\" height=\"683\" src=\"https:\/\/www.landofmemory.eu\/wp-content\/uploads\/2021\/09\/C.Lichterte-Baugnez-44-12-1-1024x683.jpeg\" alt=\"Wiederherstellung eines Schlachtfelds im Historischen Museum Baugnez 44.\" data-id=\"2453\" data-full-url=\"https:\/\/www.landofmemory.eu\/wp-content\/uploads\/2021\/09\/C.Lichterte-Baugnez-44-12-1-scaled.jpeg\" data-link=\"https:\/\/www.landofmemory.eu\/sites-historiques\/baugnez-44-historical-museum\/c-lichterte-baugnez-44-12-1\/\" class=\"wp-image-2456\" srcset=\"https:\/\/www.landofmemory.eu\/wp-content\/uploads\/2021\/09\/C.Lichterte-Baugnez-44-12-1-1024x683.jpeg 1024w, https:\/\/www.landofmemory.eu\/wp-content\/uploads\/2021\/09\/C.Lichterte-Baugnez-44-12-1-300x200.jpeg 300w, https:\/\/www.landofmemory.eu\/wp-content\/uploads\/2021\/09\/C.Lichterte-Baugnez-44-12-1-768x512.jpeg 768w, https:\/\/www.landofmemory.eu\/wp-content\/uploads\/2021\/09\/C.Lichterte-Baugnez-44-12-1-1536x1024.jpeg 1536w, https:\/\/www.landofmemory.eu\/wp-content\/uploads\/2021\/09\/C.Lichterte-Baugnez-44-12-1-2048x1365.jpeg 2048w, https:\/\/www.landofmemory.eu\/wp-content\/uploads\/2021\/09\/C.Lichterte-Baugnez-44-12-1-600x400.jpeg 600w\" sizes=\"auto, (max-width: 1024px) 100vw, 1024px\" \/><figcaption class=\"blocks-gallery-item__caption\">\u00a9 C. Lichterte<\/figcaption><\/figure><\/li><\/ul><\/figure>\n","protected":false},"template":"","type_site":[53],"class_list":["post-4096","sites-historiques","type-sites-historiques","status-publish","hentry","type_site-museen-und-ausstellungen"],"acf":[],"yoast_head":"<!-- This site is optimized with the Yoast SEO plugin v26.0 - https:\/\/yoast.com\/wordpress\/plugins\/seo\/ -->\n<title>Schlacht in den Ardennen: Baugnez 44 Historical Museum<\/title>\n<meta name=\"description\" content=\"Das Baugnez 44 Historical Museum versetzt den Besucher mit seinen atemberaubend realistischen Rekonstruktionen mitten in die Ardennenschlacht.\" \/>\n<meta name=\"robots\" content=\"index, follow, max-snippet:-1, max-image-preview:large, max-video-preview:-1\" \/>\n<link rel=\"canonical\" href=\"https:\/\/www.landofmemory.eu\/de\/sites-historiques\/baugnez-44-historical-museum\/\" \/>\n<meta property=\"og:locale\" content=\"de_DE\" \/>\n<meta property=\"og:type\" content=\"article\" \/>\n<meta property=\"og:title\" content=\"Schlacht in den Ardennen: Baugnez 44 Historical Museum\" \/>\n<meta property=\"og:description\" content=\"Das Baugnez 44 Historical Museum versetzt den Besucher mit seinen atemberaubend realistischen Rekonstruktionen mitten in die Ardennenschlacht.\" \/>\n<meta property=\"og:url\" content=\"https:\/\/www.landofmemory.eu\/de\/sites-historiques\/baugnez-44-historical-museum\/\" \/>\n<meta property=\"og:site_name\" content=\"Land Of Memory\" \/>\n<meta property=\"article:publisher\" content=\"https:\/\/www.facebook.com\/landofmemory.eu\" \/>\n<meta property=\"article:modified_time\" content=\"2021-10-22T12:47:30+00:00\" \/>\n<meta property=\"og:image\" content=\"https:\/\/www.landofmemory.eu\/wp-content\/uploads\/2021\/09\/151-1-1024x682.jpeg\" \/>\n<meta name=\"twitter:card\" content=\"summary_large_image\" \/>\n<meta name=\"twitter:label1\" content=\"Gesch\u00e4tzte Lesezeit\" \/>\n\t<meta name=\"twitter:data1\" content=\"1\u00a0Minute\" \/>\n<script type=\"application\/ld+json\" class=\"yoast-schema-graph\">{\"@context\":\"https:\/\/schema.org\",\"@graph\":[{\"@type\":\"WebPage\",\"@id\":\"https:\/\/www.landofmemory.eu\/de\/sites-historiques\/baugnez-44-historical-museum\/\",\"url\":\"https:\/\/www.landofmemory.eu\/de\/sites-historiques\/baugnez-44-historical-museum\/\",\"name\":\"Schlacht in den Ardennen: Baugnez 44 Historical Museum\",\"isPartOf\":{\"@id\":\"https:\/\/www.landofmemory.eu\/#website\"},\"primaryImageOfPage\":{\"@id\":\"https:\/\/www.landofmemory.eu\/de\/sites-historiques\/baugnez-44-historical-museum\/#primaryimage\"},\"image\":{\"@id\":\"https:\/\/www.landofmemory.eu\/de\/sites-historiques\/baugnez-44-historical-museum\/#primaryimage\"},\"thumbnailUrl\":\"https:\/\/www.landofmemory.eu\/wp-content\/uploads\/2021\/09\/151-1-1024x682.jpeg\",\"datePublished\":\"2021-10-06T08:45:50+00:00\",\"dateModified\":\"2021-10-22T12:47:30+00:00\",\"description\":\"Das Baugnez 44 Historical Museum versetzt den Besucher mit seinen atemberaubend realistischen Rekonstruktionen mitten in die Ardennenschlacht.\",\"breadcrumb\":{\"@id\":\"https:\/\/www.landofmemory.eu\/de\/sites-historiques\/baugnez-44-historical-museum\/#breadcrumb\"},\"inLanguage\":\"de\",\"potentialAction\":[{\"@type\":\"ReadAction\",\"target\":[\"https:\/\/www.landofmemory.eu\/de\/sites-historiques\/baugnez-44-historical-museum\/\"]}]},{\"@type\":\"ImageObject\",\"inLanguage\":\"de\",\"@id\":\"https:\/\/www.landofmemory.eu\/de\/sites-historiques\/baugnez-44-historical-museum\/#primaryimage\",\"url\":\"https:\/\/www.landofmemory.eu\/wp-content\/uploads\/2021\/09\/151-1-1024x682.jpeg\",\"contentUrl\":\"https:\/\/www.landofmemory.eu\/wp-content\/uploads\/2021\/09\/151-1-1024x682.jpeg\"},{\"@type\":\"BreadcrumbList\",\"@id\":\"https:\/\/www.landofmemory.eu\/de\/sites-historiques\/baugnez-44-historical-museum\/#breadcrumb\",\"itemListElement\":[{\"@type\":\"ListItem\",\"position\":1,\"name\":\"Accueil\",\"item\":\"https:\/\/www.landofmemory.eu\/\"},{\"@type\":\"ListItem\",\"position\":2,\"name\":\"Baugnez 44 Historical Museum\"}]},{\"@type\":\"WebSite\",\"@id\":\"https:\/\/www.landofmemory.eu\/#website\",\"url\":\"https:\/\/www.landofmemory.eu\/\",\"name\":\"Land Of Memory\",\"description\":\"L&#039;histoire commence ici\",\"publisher\":{\"@id\":\"https:\/\/www.landofmemory.eu\/#organization\"},\"potentialAction\":[{\"@type\":\"SearchAction\",\"target\":{\"@type\":\"EntryPoint\",\"urlTemplate\":\"https:\/\/www.landofmemory.eu\/?s={search_term_string}\"},\"query-input\":{\"@type\":\"PropertyValueSpecification\",\"valueRequired\":true,\"valueName\":\"search_term_string\"}}],\"inLanguage\":\"de\"},{\"@type\":\"Organization\",\"@id\":\"https:\/\/www.landofmemory.eu\/#organization\",\"name\":\"Land Of Memory\",\"url\":\"https:\/\/www.landofmemory.eu\/\",\"logo\":{\"@type\":\"ImageObject\",\"inLanguage\":\"de\",\"@id\":\"https:\/\/www.landofmemory.eu\/#\/schema\/logo\/image\/\",\"url\":\"https:\/\/www.landofmemory.eu\/wp-content\/uploads\/2022\/10\/logo-land-of-memory.jpg\",\"contentUrl\":\"https:\/\/www.landofmemory.eu\/wp-content\/uploads\/2022\/10\/logo-land-of-memory.jpg\",\"width\":1000,\"height\":500,\"caption\":\"Land Of Memory\"},\"image\":{\"@id\":\"https:\/\/www.landofmemory.eu\/#\/schema\/logo\/image\/\"},\"sameAs\":[\"https:\/\/www.facebook.com\/landofmemory.eu\",\"https:\/\/www.instagram.com\/landofmemory_eu\/\"]}]}<\/script>\n<!-- \/ Yoast SEO plugin. -->","yoast_head_json":{"title":"Schlacht in den Ardennen: Baugnez 44 Historical Museum","description":"Das Baugnez 44 Historical Museum versetzt den Besucher mit seinen atemberaubend realistischen Rekonstruktionen mitten in die Ardennenschlacht.","robots":{"index":"index","follow":"follow","max-snippet":"max-snippet:-1","max-image-preview":"max-image-preview:large","max-video-preview":"max-video-preview:-1"},"canonical":"https:\/\/www.landofmemory.eu\/de\/sites-historiques\/baugnez-44-historical-museum\/","og_locale":"de_DE","og_type":"article","og_title":"Schlacht in den Ardennen: Baugnez 44 Historical Museum","og_description":"Das Baugnez 44 Historical Museum versetzt den Besucher mit seinen atemberaubend realistischen Rekonstruktionen mitten in die Ardennenschlacht.","og_url":"https:\/\/www.landofmemory.eu\/de\/sites-historiques\/baugnez-44-historical-museum\/","og_site_name":"Land Of Memory","article_publisher":"https:\/\/www.facebook.com\/landofmemory.eu","article_modified_time":"2021-10-22T12:47:30+00:00","og_image":[{"url":"https:\/\/www.landofmemory.eu\/wp-content\/uploads\/2021\/09\/151-1-1024x682.jpeg","type":"","width":"","height":""}],"twitter_card":"summary_large_image","twitter_misc":{"Gesch\u00e4tzte Lesezeit":"1\u00a0Minute"},"schema":{"@context":"https:\/\/schema.org","@graph":[{"@type":"WebPage","@id":"https:\/\/www.landofmemory.eu\/de\/sites-historiques\/baugnez-44-historical-museum\/","url":"https:\/\/www.landofmemory.eu\/de\/sites-historiques\/baugnez-44-historical-museum\/","name":"Schlacht in den Ardennen: Baugnez 44 Historical Museum","isPartOf":{"@id":"https:\/\/www.landofmemory.eu\/#website"},"primaryImageOfPage":{"@id":"https:\/\/www.landofmemory.eu\/de\/sites-historiques\/baugnez-44-historical-museum\/#primaryimage"},"image":{"@id":"https:\/\/www.landofmemory.eu\/de\/sites-historiques\/baugnez-44-historical-museum\/#primaryimage"},"thumbnailUrl":"https:\/\/www.landofmemory.eu\/wp-content\/uploads\/2021\/09\/151-1-1024x682.jpeg","datePublished":"2021-10-06T08:45:50+00:00","dateModified":"2021-10-22T12:47:30+00:00","description":"Das Baugnez 44 Historical Museum versetzt den Besucher mit seinen atemberaubend realistischen Rekonstruktionen mitten in die Ardennenschlacht.","breadcrumb":{"@id":"https:\/\/www.landofmemory.eu\/de\/sites-historiques\/baugnez-44-historical-museum\/#breadcrumb"},"inLanguage":"de","potentialAction":[{"@type":"ReadAction","target":["https:\/\/www.landofmemory.eu\/de\/sites-historiques\/baugnez-44-historical-museum\/"]}]},{"@type":"ImageObject","inLanguage":"de","@id":"https:\/\/www.landofmemory.eu\/de\/sites-historiques\/baugnez-44-historical-museum\/#primaryimage","url":"https:\/\/www.landofmemory.eu\/wp-content\/uploads\/2021\/09\/151-1-1024x682.jpeg","contentUrl":"https:\/\/www.landofmemory.eu\/wp-content\/uploads\/2021\/09\/151-1-1024x682.jpeg"},{"@type":"BreadcrumbList","@id":"https:\/\/www.landofmemory.eu\/de\/sites-historiques\/baugnez-44-historical-museum\/#breadcrumb","itemListElement":[{"@type":"ListItem","position":1,"name":"Accueil","item":"https:\/\/www.landofmemory.eu\/"},{"@type":"ListItem","position":2,"name":"Baugnez 44 Historical Museum"}]},{"@type":"WebSite","@id":"https:\/\/www.landofmemory.eu\/#website","url":"https:\/\/www.landofmemory.eu\/","name":"Land Of Memory","description":"L&#039;histoire commence ici","publisher":{"@id":"https:\/\/www.landofmemory.eu\/#organization"},"potentialAction":[{"@type":"SearchAction","target":{"@type":"EntryPoint","urlTemplate":"https:\/\/www.landofmemory.eu\/?s={search_term_string}"},"query-input":{"@type":"PropertyValueSpecification","valueRequired":true,"valueName":"search_term_string"}}],"inLanguage":"de"},{"@type":"Organization","@id":"https:\/\/www.landofmemory.eu\/#organization","name":"Land Of Memory","url":"https:\/\/www.landofmemory.eu\/","logo":{"@type":"ImageObject","inLanguage":"de","@id":"https:\/\/www.landofmemory.eu\/#\/schema\/logo\/image\/","url":"https:\/\/www.landofmemory.eu\/wp-content\/uploads\/2022\/10\/logo-land-of-memory.jpg","contentUrl":"https:\/\/www.landofmemory.eu\/wp-content\/uploads\/2022\/10\/logo-land-of-memory.jpg","width":1000,"height":500,"caption":"Land Of Memory"},"image":{"@id":"https:\/\/www.landofmemory.eu\/#\/schema\/logo\/image\/"},"sameAs":["https:\/\/www.facebook.com\/landofmemory.eu","https:\/\/www.instagram.com\/landofmemory_eu\/"]}]}},"_links":{"self":[{"href":"https:\/\/www.landofmemory.eu\/de\/wp-json\/wp\/v2\/sites-historiques\/4096","targetHints":{"allow":["GET"]}}],"collection":[{"href":"https:\/\/www.landofmemory.eu\/de\/wp-json\/wp\/v2\/sites-historiques"}],"about":[{"href":"https:\/\/www.landofmemory.eu\/de\/wp-json\/wp\/v2\/types\/sites-historiques"}],"wp:attachment":[{"href":"https:\/\/www.landofmemory.eu\/de\/wp-json\/wp\/v2\/media?parent=4096"}],"wp:term":[{"taxonomy":"type_site","embeddable":true,"href":"https:\/\/www.landofmemory.eu\/de\/wp-json\/wp\/v2\/type_site?post=4096"}],"curies":[{"name":"wp","href":"https:\/\/api.w.org\/{rel}","templated":true}]}}