{"id":4435,"date":"2021-10-08T14:36:49","date_gmt":"2021-10-08T12:36:49","guid":{"rendered":"https:\/\/www.landofmemory.eu\/sites-historiques\/walthere-dewe-monument\/"},"modified":"2022-08-03T09:43:27","modified_gmt":"2022-08-03T07:43:27","slug":"walthere-dewe-monument","status":"publish","type":"sites-historiques","link":"https:\/\/www.landofmemory.eu\/de\/sites-historiques\/walthere-dewe-monument\/","title":{"rendered":"Walth\u00e8re Dew\u00e9 Monument"},"content":{"rendered":"\n<h2 class=\"wp-block-heading\">Mit dem Finger auf dem Mund ist die Wei\u00dfe Dame Zeugin eines streng geheimen Geheimdienstnetzes<\/h2>\n\n<p>&#8222;Walth\u00e8re Dew\u00e9 war Direktor von \u00ab T\u00e9l\u00e9phones de Li\u00e8ge \u00bb und Leiter des geheimen Geheimdienstnetzes &#8222;La Dame Blanche&#8220; w\u00e4hrend des Ersten Weltkriegs. Er starb 1944, w\u00e4hrend des Zweiten Weltkriegs, als er an einer Rettungsaktion f\u00fcr eines der Mitglieder seines Widerstandsnetzes, das damals den Namen &#8222;Clarence&#8220; trug, teilnahm.<\/p>\n\n<p>Eine riesige Statue der Wei\u00dfen Dame, die mit dem Finger auf dem Mund die Geheimnisse des Geheimdienstes symbolisiert, und eine Gedenkkapelle w\u00fcrdigen diese Figur des belgischen Widerstands. <\/p>\n\n<p>Daneben f\u00fchrt ein kleiner Weg zur Rue des Tawes, wo ein Stein mit einem Medaillon des Helden ebenfalls an das Widerstandsnetz erinnert.<\/p>\n\n<p>Sie k\u00f6nnen das Monument dank der vom Fremdenverkehrsamt L\u00fcttich angebotenen F\u00fchrungen entdecken. Aber auch dank einer 11 km langen Wanderung, die von den Sentiers de Grande Randonn\u00e9e (Gro\u00dfe Wanderwege) anl\u00e4sslich der Vorstellung des neuen Topo-F\u00fchrers GR412 &#8211; Sentiers des Terrils vorgeschlagen wurde. Dies ist die Boucle des Coteaux, bei der Sie die Natur von L\u00fcttich entdecken k\u00f6nnen.&#13;\n<\/p>\n\n<div class=\"wp-block-columns is-layout-flex wp-container-core-columns-is-layout-9d6595d7 wp-block-columns-is-layout-flex\">\n<div class=\"wp-block-column is-layout-flow wp-block-column-is-layout-flow\">\n<figure class=\"wp-block-image size-medium is-resized\"><img loading=\"lazy\" decoding=\"async\" src=\"https:\/\/www.landofmemory.eu\/wp-content\/uploads\/2021\/09\/Chapel_Saint-Maurice__Memorial_Walthere_Dewe__2011_P1030327-300x225.jpeg\" alt=\"Le M&#xE9;morial Walth&#xE8;re Dew&#xE9; - Chapelle Saint-Maurice. Rue Coup&#xE9;e &#xE0; Li&#xE8;ge, Belgique.\" class=\"wp-image-2662\" width=\"327\" height=\"245\" srcset=\"https:\/\/www.landofmemory.eu\/wp-content\/uploads\/2021\/09\/Chapel_Saint-Maurice__Memorial_Walthere_Dewe__2011_P1030327-300x225.jpeg 300w, https:\/\/www.landofmemory.eu\/wp-content\/uploads\/2021\/09\/Chapel_Saint-Maurice__Memorial_Walthere_Dewe__2011_P1030327-768x576.jpeg 768w, https:\/\/www.landofmemory.eu\/wp-content\/uploads\/2021\/09\/Chapel_Saint-Maurice__Memorial_Walthere_Dewe__2011_P1030327-600x450.jpeg 600w, https:\/\/www.landofmemory.eu\/wp-content\/uploads\/2021\/09\/Chapel_Saint-Maurice__Memorial_Walthere_Dewe__2011_P1030327.jpeg 1000w\" sizes=\"auto, (max-width: 327px) 100vw, 327px\" \/><figcaption>Le M\u00e9morial Walth\u00e8re Dew\u00e9 &#8211; Chapelle Saint-Maurice. Rue Coup\u00e9e \u00e0 Li\u00e8ge, Belgique. <\/figcaption><\/figure>\n<\/div>\n\n\n\n<div class=\"wp-block-column is-layout-flow wp-block-column-is-layout-flow\">\n<figure class=\"wp-block-image size-medium is-resized\"><img loading=\"lazy\" decoding=\"async\" src=\"https:\/\/www.landofmemory.eu\/wp-content\/uploads\/2021\/08\/3-2013-10-25-PM-Liege-Chartreuse-Walthere-Dewe-03-300x225.jpg\" alt=\"Monument du fondateur de la Dame Blanche Walt&#xE8;re Dew&#xE9;\" class=\"wp-image-764\" width=\"329\" height=\"247\" srcset=\"https:\/\/www.landofmemory.eu\/wp-content\/uploads\/2021\/08\/3-2013-10-25-PM-Liege-Chartreuse-Walthere-Dewe-03-300x225.jpg 300w, https:\/\/www.landofmemory.eu\/wp-content\/uploads\/2021\/08\/3-2013-10-25-PM-Liege-Chartreuse-Walthere-Dewe-03-768x576.jpg 768w, https:\/\/www.landofmemory.eu\/wp-content\/uploads\/2021\/08\/3-2013-10-25-PM-Liege-Chartreuse-Walthere-Dewe-03-600x450.jpg 600w, https:\/\/www.landofmemory.eu\/wp-content\/uploads\/2021\/08\/3-2013-10-25-PM-Liege-Chartreuse-Walthere-Dewe-03.jpg 1000w\" sizes=\"auto, (max-width: 329px) 100vw, 329px\" \/><figcaption>Monument du fondateur de la Dame Blanche Walt\u00e8re Dew\u00e9.<\/figcaption><\/figure>\n<\/div>\n<\/div>\n","protected":false},"template":"","type_site":[50,69],"class_list":["post-4435","sites-historiques","type-sites-historiques","status-publish","hentry","type_site-gedenkstatten","type_site-themenpfaden-weltkriegen"],"acf":[],"yoast_head":"<!-- This site is optimized with the Yoast SEO plugin v26.0 - https:\/\/yoast.com\/wordpress\/plugins\/seo\/ -->\n<title>Monument Walth\u00e8re Dew\u00e9 - Land of Memory<\/title>\n<meta name=\"description\" content=\"Diese Gedenkst\u00e4tte w\u00fcrdigt Walth\u00e8re Dew\u00e9, eine der gr\u00f6\u00dften Pers\u00f6nlichkeiten des belgischen Widerstands.\" \/>\n<meta name=\"robots\" content=\"index, follow, max-snippet:-1, max-image-preview:large, max-video-preview:-1\" \/>\n<link rel=\"canonical\" href=\"https:\/\/www.landofmemory.eu\/de\/sites-historiques\/walthere-dewe-monument\/\" \/>\n<meta property=\"og:locale\" content=\"de_DE\" \/>\n<meta property=\"og:type\" content=\"article\" \/>\n<meta property=\"og:title\" content=\"Monument Walth\u00e8re Dew\u00e9 - Land of Memory\" \/>\n<meta property=\"og:description\" content=\"Diese Gedenkst\u00e4tte w\u00fcrdigt Walth\u00e8re Dew\u00e9, eine der gr\u00f6\u00dften Pers\u00f6nlichkeiten des belgischen Widerstands.\" \/>\n<meta property=\"og:url\" content=\"https:\/\/www.landofmemory.eu\/de\/sites-historiques\/walthere-dewe-monument\/\" \/>\n<meta property=\"og:site_name\" content=\"Land Of Memory\" \/>\n<meta property=\"article:publisher\" content=\"https:\/\/www.facebook.com\/landofmemory.eu\" \/>\n<meta property=\"article:modified_time\" content=\"2022-08-03T07:43:27+00:00\" \/>\n<meta property=\"og:image\" content=\"https:\/\/www.landofmemory.eu\/wp-content\/uploads\/2021\/09\/Chapel_Saint-Maurice__Memorial_Walthere_Dewe__2011_P1030327-300x225.jpeg\" \/>\n<meta name=\"twitter:card\" content=\"summary_large_image\" \/>\n<meta name=\"twitter:label1\" content=\"Gesch\u00e4tzte Lesezeit\" \/>\n\t<meta name=\"twitter:data1\" content=\"1\u00a0Minute\" \/>\n<script type=\"application\/ld+json\" class=\"yoast-schema-graph\">{\"@context\":\"https:\/\/schema.org\",\"@graph\":[{\"@type\":\"WebPage\",\"@id\":\"https:\/\/www.landofmemory.eu\/de\/sites-historiques\/walthere-dewe-monument\/\",\"url\":\"https:\/\/www.landofmemory.eu\/de\/sites-historiques\/walthere-dewe-monument\/\",\"name\":\"Monument Walth\u00e8re Dew\u00e9 - Land of Memory\",\"isPartOf\":{\"@id\":\"https:\/\/www.landofmemory.eu\/#website\"},\"primaryImageOfPage\":{\"@id\":\"https:\/\/www.landofmemory.eu\/de\/sites-historiques\/walthere-dewe-monument\/#primaryimage\"},\"image\":{\"@id\":\"https:\/\/www.landofmemory.eu\/de\/sites-historiques\/walthere-dewe-monument\/#primaryimage\"},\"thumbnailUrl\":\"https:\/\/www.landofmemory.eu\/wp-content\/uploads\/2021\/09\/Chapel_Saint-Maurice__Memorial_Walthere_Dewe__2011_P1030327-300x225.jpeg\",\"datePublished\":\"2021-10-08T12:36:49+00:00\",\"dateModified\":\"2022-08-03T07:43:27+00:00\",\"description\":\"Diese Gedenkst\u00e4tte w\u00fcrdigt Walth\u00e8re Dew\u00e9, eine der gr\u00f6\u00dften Pers\u00f6nlichkeiten des belgischen Widerstands.\",\"breadcrumb\":{\"@id\":\"https:\/\/www.landofmemory.eu\/de\/sites-historiques\/walthere-dewe-monument\/#breadcrumb\"},\"inLanguage\":\"de\",\"potentialAction\":[{\"@type\":\"ReadAction\",\"target\":[\"https:\/\/www.landofmemory.eu\/de\/sites-historiques\/walthere-dewe-monument\/\"]}]},{\"@type\":\"ImageObject\",\"inLanguage\":\"de\",\"@id\":\"https:\/\/www.landofmemory.eu\/de\/sites-historiques\/walthere-dewe-monument\/#primaryimage\",\"url\":\"https:\/\/www.landofmemory.eu\/wp-content\/uploads\/2021\/09\/Chapel_Saint-Maurice__Memorial_Walthere_Dewe__2011_P1030327-300x225.jpeg\",\"contentUrl\":\"https:\/\/www.landofmemory.eu\/wp-content\/uploads\/2021\/09\/Chapel_Saint-Maurice__Memorial_Walthere_Dewe__2011_P1030327-300x225.jpeg\"},{\"@type\":\"BreadcrumbList\",\"@id\":\"https:\/\/www.landofmemory.eu\/de\/sites-historiques\/walthere-dewe-monument\/#breadcrumb\",\"itemListElement\":[{\"@type\":\"ListItem\",\"position\":1,\"name\":\"Accueil\",\"item\":\"https:\/\/www.landofmemory.eu\/\"},{\"@type\":\"ListItem\",\"position\":2,\"name\":\"Walth\u00e8re Dew\u00e9 Monument\"}]},{\"@type\":\"WebSite\",\"@id\":\"https:\/\/www.landofmemory.eu\/#website\",\"url\":\"https:\/\/www.landofmemory.eu\/\",\"name\":\"Land Of Memory\",\"description\":\"L&#039;histoire commence ici\",\"publisher\":{\"@id\":\"https:\/\/www.landofmemory.eu\/#organization\"},\"potentialAction\":[{\"@type\":\"SearchAction\",\"target\":{\"@type\":\"EntryPoint\",\"urlTemplate\":\"https:\/\/www.landofmemory.eu\/?s={search_term_string}\"},\"query-input\":{\"@type\":\"PropertyValueSpecification\",\"valueRequired\":true,\"valueName\":\"search_term_string\"}}],\"inLanguage\":\"de\"},{\"@type\":\"Organization\",\"@id\":\"https:\/\/www.landofmemory.eu\/#organization\",\"name\":\"Land Of Memory\",\"url\":\"https:\/\/www.landofmemory.eu\/\",\"logo\":{\"@type\":\"ImageObject\",\"inLanguage\":\"de\",\"@id\":\"https:\/\/www.landofmemory.eu\/#\/schema\/logo\/image\/\",\"url\":\"https:\/\/www.landofmemory.eu\/wp-content\/uploads\/2022\/10\/logo-land-of-memory.jpg\",\"contentUrl\":\"https:\/\/www.landofmemory.eu\/wp-content\/uploads\/2022\/10\/logo-land-of-memory.jpg\",\"width\":1000,\"height\":500,\"caption\":\"Land Of Memory\"},\"image\":{\"@id\":\"https:\/\/www.landofmemory.eu\/#\/schema\/logo\/image\/\"},\"sameAs\":[\"https:\/\/www.facebook.com\/landofmemory.eu\",\"https:\/\/www.instagram.com\/landofmemory_eu\/\"]}]}<\/script>\n<!-- \/ Yoast SEO plugin. -->","yoast_head_json":{"title":"Monument Walth\u00e8re Dew\u00e9 - Land of Memory","description":"Diese Gedenkst\u00e4tte w\u00fcrdigt Walth\u00e8re Dew\u00e9, eine der gr\u00f6\u00dften Pers\u00f6nlichkeiten des belgischen Widerstands.","robots":{"index":"index","follow":"follow","max-snippet":"max-snippet:-1","max-image-preview":"max-image-preview:large","max-video-preview":"max-video-preview:-1"},"canonical":"https:\/\/www.landofmemory.eu\/de\/sites-historiques\/walthere-dewe-monument\/","og_locale":"de_DE","og_type":"article","og_title":"Monument Walth\u00e8re Dew\u00e9 - Land of Memory","og_description":"Diese Gedenkst\u00e4tte w\u00fcrdigt Walth\u00e8re Dew\u00e9, eine der gr\u00f6\u00dften Pers\u00f6nlichkeiten des belgischen Widerstands.","og_url":"https:\/\/www.landofmemory.eu\/de\/sites-historiques\/walthere-dewe-monument\/","og_site_name":"Land Of Memory","article_publisher":"https:\/\/www.facebook.com\/landofmemory.eu","article_modified_time":"2022-08-03T07:43:27+00:00","og_image":[{"url":"https:\/\/www.landofmemory.eu\/wp-content\/uploads\/2021\/09\/Chapel_Saint-Maurice__Memorial_Walthere_Dewe__2011_P1030327-300x225.jpeg","type":"","width":"","height":""}],"twitter_card":"summary_large_image","twitter_misc":{"Gesch\u00e4tzte Lesezeit":"1\u00a0Minute"},"schema":{"@context":"https:\/\/schema.org","@graph":[{"@type":"WebPage","@id":"https:\/\/www.landofmemory.eu\/de\/sites-historiques\/walthere-dewe-monument\/","url":"https:\/\/www.landofmemory.eu\/de\/sites-historiques\/walthere-dewe-monument\/","name":"Monument Walth\u00e8re Dew\u00e9 - Land of Memory","isPartOf":{"@id":"https:\/\/www.landofmemory.eu\/#website"},"primaryImageOfPage":{"@id":"https:\/\/www.landofmemory.eu\/de\/sites-historiques\/walthere-dewe-monument\/#primaryimage"},"image":{"@id":"https:\/\/www.landofmemory.eu\/de\/sites-historiques\/walthere-dewe-monument\/#primaryimage"},"thumbnailUrl":"https:\/\/www.landofmemory.eu\/wp-content\/uploads\/2021\/09\/Chapel_Saint-Maurice__Memorial_Walthere_Dewe__2011_P1030327-300x225.jpeg","datePublished":"2021-10-08T12:36:49+00:00","dateModified":"2022-08-03T07:43:27+00:00","description":"Diese Gedenkst\u00e4tte w\u00fcrdigt Walth\u00e8re Dew\u00e9, eine der gr\u00f6\u00dften Pers\u00f6nlichkeiten des belgischen Widerstands.","breadcrumb":{"@id":"https:\/\/www.landofmemory.eu\/de\/sites-historiques\/walthere-dewe-monument\/#breadcrumb"},"inLanguage":"de","potentialAction":[{"@type":"ReadAction","target":["https:\/\/www.landofmemory.eu\/de\/sites-historiques\/walthere-dewe-monument\/"]}]},{"@type":"ImageObject","inLanguage":"de","@id":"https:\/\/www.landofmemory.eu\/de\/sites-historiques\/walthere-dewe-monument\/#primaryimage","url":"https:\/\/www.landofmemory.eu\/wp-content\/uploads\/2021\/09\/Chapel_Saint-Maurice__Memorial_Walthere_Dewe__2011_P1030327-300x225.jpeg","contentUrl":"https:\/\/www.landofmemory.eu\/wp-content\/uploads\/2021\/09\/Chapel_Saint-Maurice__Memorial_Walthere_Dewe__2011_P1030327-300x225.jpeg"},{"@type":"BreadcrumbList","@id":"https:\/\/www.landofmemory.eu\/de\/sites-historiques\/walthere-dewe-monument\/#breadcrumb","itemListElement":[{"@type":"ListItem","position":1,"name":"Accueil","item":"https:\/\/www.landofmemory.eu\/"},{"@type":"ListItem","position":2,"name":"Walth\u00e8re Dew\u00e9 Monument"}]},{"@type":"WebSite","@id":"https:\/\/www.landofmemory.eu\/#website","url":"https:\/\/www.landofmemory.eu\/","name":"Land Of Memory","description":"L&#039;histoire commence ici","publisher":{"@id":"https:\/\/www.landofmemory.eu\/#organization"},"potentialAction":[{"@type":"SearchAction","target":{"@type":"EntryPoint","urlTemplate":"https:\/\/www.landofmemory.eu\/?s={search_term_string}"},"query-input":{"@type":"PropertyValueSpecification","valueRequired":true,"valueName":"search_term_string"}}],"inLanguage":"de"},{"@type":"Organization","@id":"https:\/\/www.landofmemory.eu\/#organization","name":"Land Of Memory","url":"https:\/\/www.landofmemory.eu\/","logo":{"@type":"ImageObject","inLanguage":"de","@id":"https:\/\/www.landofmemory.eu\/#\/schema\/logo\/image\/","url":"https:\/\/www.landofmemory.eu\/wp-content\/uploads\/2022\/10\/logo-land-of-memory.jpg","contentUrl":"https:\/\/www.landofmemory.eu\/wp-content\/uploads\/2022\/10\/logo-land-of-memory.jpg","width":1000,"height":500,"caption":"Land Of Memory"},"image":{"@id":"https:\/\/www.landofmemory.eu\/#\/schema\/logo\/image\/"},"sameAs":["https:\/\/www.facebook.com\/landofmemory.eu","https:\/\/www.instagram.com\/landofmemory_eu\/"]}]}},"_links":{"self":[{"href":"https:\/\/www.landofmemory.eu\/de\/wp-json\/wp\/v2\/sites-historiques\/4435","targetHints":{"allow":["GET"]}}],"collection":[{"href":"https:\/\/www.landofmemory.eu\/de\/wp-json\/wp\/v2\/sites-historiques"}],"about":[{"href":"https:\/\/www.landofmemory.eu\/de\/wp-json\/wp\/v2\/types\/sites-historiques"}],"wp:attachment":[{"href":"https:\/\/www.landofmemory.eu\/de\/wp-json\/wp\/v2\/media?parent=4435"}],"wp:term":[{"taxonomy":"type_site","embeddable":true,"href":"https:\/\/www.landofmemory.eu\/de\/wp-json\/wp\/v2\/type_site?post=4435"}],"curies":[{"name":"wp","href":"https:\/\/api.w.org\/{rel}","templated":true}]}}