{"id":4460,"date":"2021-10-12T14:52:10","date_gmt":"2021-10-12T12:52:10","guid":{"rendered":"https:\/\/www.landofmemory.eu\/sites-historiques\/nationales-museum-fuer-militaergeschichte\/"},"modified":"2022-08-02T11:40:19","modified_gmt":"2022-08-02T09:40:19","slug":"nationales-museum-fuer-militaergeschichte","status":"publish","type":"sites-historiques","link":"https:\/\/www.landofmemory.eu\/de\/sites-historiques\/nationales-museum-fuer-militaergeschichte\/","title":{"rendered":"Nationales Museum f\u00fcr Milit\u00e4rgeschichte"},"content":{"rendered":"\n<h2 class=\"wp-block-heading\">Archiv des Zweiten Weltkriegs<\/h2>\n\n<div class=\"wp-block-columns is-layout-flex wp-container-core-columns-is-layout-9d6595d7 wp-block-columns-is-layout-flex\">\n<div class=\"wp-block-column is-vertically-aligned-center is-layout-flow wp-block-column-is-layout-flow\">\n<figure class=\"wp-block-image size-large is-resized\"><img loading=\"lazy\" decoding=\"async\" src=\"https:\/\/www.landofmemory.eu\/wp-content\/uploads\/2021\/09\/IMG_5906-003-&#xA9;-MNHM-1024x652.jpg\" alt=\"Der Eingang zum Nationalen Museum f&#xFC;r Milit&#xE4;rgeschichte.\" class=\"wp-image-3425\" width=\"387\" height=\"246\"\/><figcaption>\u00a9 MNHM<\/figcaption><\/figure>\n<\/div>\n\n\n\n<div class=\"wp-block-column is-vertically-aligned-center is-layout-flow wp-block-column-is-layout-flow\">\n<p>Das Nationale Museum f\u00fcr Milit\u00e4rgeschichte ist ein Muss f\u00fcr alle Geschichts- und Weltkriegsfans. Es wurde 1982 von Enthusiasten gegr\u00fcndet. Es bietet ergreifend realistische Rekonstruktionen des t\u00e4glichen Lebens der Soldaten, eine umfangreiche Sammlung von Waffen und Milit\u00e4rfahrzeugen sowie zahlreiche Dokumente und Archivfotos.<\/p>\n<\/div>\n<\/div>\n\n<p>Anhand von eindrucksvollen Rekonstruktionen wird die Geschichte der K\u00e4mpfe in der Region Diekirch und das Schicksal der M\u00e4nner w\u00e4hrend der Ardennenoffensive erz\u00e4hlt. Es enth\u00e4lt auch Sammlungen von Gegenst\u00e4nden, die urspr\u00fcnglich f\u00fcr die alliierten Truppen w\u00e4hrend des Ersten und Zweiten Weltkriegs bestimmt waren.<\/p>\n\n<div style=\"height:100px\" aria-hidden=\"true\" class=\"wp-block-spacer\"><\/div>\n\n<div class=\"wp-block-columns is-layout-flex wp-container-core-columns-is-layout-9d6595d7 wp-block-columns-is-layout-flex\">\n<div class=\"wp-block-column is-layout-flow wp-block-column-is-layout-flow\">\n<figure class=\"wp-block-image size-large is-resized\"><img loading=\"lazy\" decoding=\"async\" src=\"https:\/\/www.landofmemory.eu\/wp-content\/uploads\/2021\/09\/MNHM-20&#xA9;-FTPLC.Lichterte-JPG-2-1024x683.jpg\" alt=\"Rekonstruktion im Nationalen Museum f&#xFC;r Milit&#xE4;rgeschichte.\" class=\"wp-image-3433\" width=\"395\" height=\"263\"\/><figcaption>\u00a9 C. Lichterte<\/figcaption><\/figure>\n<\/div>\n\n\n\n<div class=\"wp-block-column is-layout-flow wp-block-column-is-layout-flow\">\n<figure class=\"wp-block-image size-large is-resized\"><img loading=\"lazy\" decoding=\"async\" src=\"https:\/\/www.landofmemory.eu\/wp-content\/uploads\/2021\/09\/Winterszene-2-&#xA9;-Collection-MNHM-Diekirch-2-1024x683.jpg\" alt=\"Rekonstruktion im Nationalen Museum f&#xFC;r Milit&#xE4;rgeschichte.\" class=\"wp-image-3429\" width=\"401\" height=\"267\"\/><figcaption>\u00a9 MNHM<\/figcaption><\/figure>\n<\/div>\n<\/div>\n\n<p><\/p>\n\n<p>Das Museum m\u00f6chte das Wissen weitergeben, das noch von Veteranen erz\u00e4hlt wird, die aber eines Tages nicht mehr da sein werden, um dies zu tun. Daher zielt es darauf ab, die Ereignisse der Weltkriege objektiv und unparteiisch zu beschreiben. Auf 3500 Quadratmetern entdecken wir den amerikanischen, deutschen, aber auch den zivilen Blickwinkel. Au\u00dferdem befasst er sich mit der Geschichte der luxemburgischen Armee in den beiden Weltkriegen, im Koreakrieg und bei humanit\u00e4ren Eins\u00e4tzen. &#13;\n<\/p>\n","protected":false},"template":"","type_site":[53],"class_list":["post-4460","sites-historiques","type-sites-historiques","status-publish","hentry","type_site-museen-und-ausstellungen"],"acf":[],"yoast_head":"<!-- This site is optimized with the Yoast SEO plugin v26.0 - https:\/\/yoast.com\/wordpress\/plugins\/seo\/ -->\n<title>Nationales Museum f\u00fcr Milit\u00e4rgeschichte<\/title>\n<meta name=\"description\" content=\"Dieses interaktive Museum informiert \u00fcber die Ardennenschlacht und die Geschichte des luxemburgischen Widerstands.\" \/>\n<meta name=\"robots\" content=\"index, follow, max-snippet:-1, max-image-preview:large, max-video-preview:-1\" \/>\n<link rel=\"canonical\" href=\"https:\/\/www.landofmemory.eu\/de\/sites-historiques\/nationales-museum-fuer-militaergeschichte\/\" \/>\n<meta property=\"og:locale\" content=\"de_DE\" \/>\n<meta property=\"og:type\" content=\"article\" \/>\n<meta property=\"og:title\" content=\"Nationales Museum f\u00fcr Milit\u00e4rgeschichte\" \/>\n<meta property=\"og:description\" content=\"Dieses interaktive Museum informiert \u00fcber die Ardennenschlacht und die Geschichte des luxemburgischen Widerstands.\" \/>\n<meta property=\"og:url\" content=\"https:\/\/www.landofmemory.eu\/de\/sites-historiques\/nationales-museum-fuer-militaergeschichte\/\" \/>\n<meta property=\"og:site_name\" content=\"Land Of Memory\" \/>\n<meta property=\"article:publisher\" content=\"https:\/\/www.facebook.com\/landofmemory.eu\" \/>\n<meta property=\"article:modified_time\" content=\"2022-08-02T09:40:19+00:00\" \/>\n<meta property=\"og:image\" content=\"https:\/\/www.landofmemory.eu\/wp-content\/uploads\/2021\/09\/IMG_5906-003-&#xA9;-MNHM-1024x652.jpg\" \/>\n<meta name=\"twitter:card\" content=\"summary_large_image\" \/>\n<meta name=\"twitter:label1\" content=\"Gesch\u00e4tzte Lesezeit\" \/>\n\t<meta name=\"twitter:data1\" content=\"1\u00a0Minute\" \/>\n<script type=\"application\/ld+json\" class=\"yoast-schema-graph\">{\"@context\":\"https:\/\/schema.org\",\"@graph\":[{\"@type\":\"WebPage\",\"@id\":\"https:\/\/www.landofmemory.eu\/de\/sites-historiques\/nationales-museum-fuer-militaergeschichte\/\",\"url\":\"https:\/\/www.landofmemory.eu\/de\/sites-historiques\/nationales-museum-fuer-militaergeschichte\/\",\"name\":\"Nationales Museum f\u00fcr Milit\u00e4rgeschichte\",\"isPartOf\":{\"@id\":\"https:\/\/www.landofmemory.eu\/#website\"},\"primaryImageOfPage\":{\"@id\":\"https:\/\/www.landofmemory.eu\/de\/sites-historiques\/nationales-museum-fuer-militaergeschichte\/#primaryimage\"},\"image\":{\"@id\":\"https:\/\/www.landofmemory.eu\/de\/sites-historiques\/nationales-museum-fuer-militaergeschichte\/#primaryimage\"},\"thumbnailUrl\":\"https:\/\/www.landofmemory.eu\/wp-content\/uploads\/2021\/09\/IMG_5906-003-&#xA9;-MNHM-1024x652.jpg\",\"datePublished\":\"2021-10-12T12:52:10+00:00\",\"dateModified\":\"2022-08-02T09:40:19+00:00\",\"description\":\"Dieses interaktive Museum informiert \u00fcber die Ardennenschlacht und die Geschichte des luxemburgischen Widerstands.\",\"breadcrumb\":{\"@id\":\"https:\/\/www.landofmemory.eu\/de\/sites-historiques\/nationales-museum-fuer-militaergeschichte\/#breadcrumb\"},\"inLanguage\":\"de\",\"potentialAction\":[{\"@type\":\"ReadAction\",\"target\":[\"https:\/\/www.landofmemory.eu\/de\/sites-historiques\/nationales-museum-fuer-militaergeschichte\/\"]}]},{\"@type\":\"ImageObject\",\"inLanguage\":\"de\",\"@id\":\"https:\/\/www.landofmemory.eu\/de\/sites-historiques\/nationales-museum-fuer-militaergeschichte\/#primaryimage\",\"url\":\"https:\/\/www.landofmemory.eu\/wp-content\/uploads\/2021\/09\/IMG_5906-003-&#xA9;-MNHM-1024x652.jpg\",\"contentUrl\":\"https:\/\/www.landofmemory.eu\/wp-content\/uploads\/2021\/09\/IMG_5906-003-&#xA9;-MNHM-1024x652.jpg\"},{\"@type\":\"BreadcrumbList\",\"@id\":\"https:\/\/www.landofmemory.eu\/de\/sites-historiques\/nationales-museum-fuer-militaergeschichte\/#breadcrumb\",\"itemListElement\":[{\"@type\":\"ListItem\",\"position\":1,\"name\":\"Accueil\",\"item\":\"https:\/\/www.landofmemory.eu\/\"},{\"@type\":\"ListItem\",\"position\":2,\"name\":\"Nationales Museum f\u00fcr Milit\u00e4rgeschichte\"}]},{\"@type\":\"WebSite\",\"@id\":\"https:\/\/www.landofmemory.eu\/#website\",\"url\":\"https:\/\/www.landofmemory.eu\/\",\"name\":\"Land Of Memory\",\"description\":\"L&#039;histoire commence ici\",\"publisher\":{\"@id\":\"https:\/\/www.landofmemory.eu\/#organization\"},\"potentialAction\":[{\"@type\":\"SearchAction\",\"target\":{\"@type\":\"EntryPoint\",\"urlTemplate\":\"https:\/\/www.landofmemory.eu\/?s={search_term_string}\"},\"query-input\":{\"@type\":\"PropertyValueSpecification\",\"valueRequired\":true,\"valueName\":\"search_term_string\"}}],\"inLanguage\":\"de\"},{\"@type\":\"Organization\",\"@id\":\"https:\/\/www.landofmemory.eu\/#organization\",\"name\":\"Land Of Memory\",\"url\":\"https:\/\/www.landofmemory.eu\/\",\"logo\":{\"@type\":\"ImageObject\",\"inLanguage\":\"de\",\"@id\":\"https:\/\/www.landofmemory.eu\/#\/schema\/logo\/image\/\",\"url\":\"https:\/\/www.landofmemory.eu\/wp-content\/uploads\/2022\/10\/logo-land-of-memory.jpg\",\"contentUrl\":\"https:\/\/www.landofmemory.eu\/wp-content\/uploads\/2022\/10\/logo-land-of-memory.jpg\",\"width\":1000,\"height\":500,\"caption\":\"Land Of Memory\"},\"image\":{\"@id\":\"https:\/\/www.landofmemory.eu\/#\/schema\/logo\/image\/\"},\"sameAs\":[\"https:\/\/www.facebook.com\/landofmemory.eu\",\"https:\/\/www.instagram.com\/landofmemory_eu\/\"]}]}<\/script>\n<!-- \/ Yoast SEO plugin. -->","yoast_head_json":{"title":"Nationales Museum f\u00fcr Milit\u00e4rgeschichte","description":"Dieses interaktive Museum informiert \u00fcber die Ardennenschlacht und die Geschichte des luxemburgischen Widerstands.","robots":{"index":"index","follow":"follow","max-snippet":"max-snippet:-1","max-image-preview":"max-image-preview:large","max-video-preview":"max-video-preview:-1"},"canonical":"https:\/\/www.landofmemory.eu\/de\/sites-historiques\/nationales-museum-fuer-militaergeschichte\/","og_locale":"de_DE","og_type":"article","og_title":"Nationales Museum f\u00fcr Milit\u00e4rgeschichte","og_description":"Dieses interaktive Museum informiert \u00fcber die Ardennenschlacht und die Geschichte des luxemburgischen Widerstands.","og_url":"https:\/\/www.landofmemory.eu\/de\/sites-historiques\/nationales-museum-fuer-militaergeschichte\/","og_site_name":"Land Of Memory","article_publisher":"https:\/\/www.facebook.com\/landofmemory.eu","article_modified_time":"2022-08-02T09:40:19+00:00","og_image":[{"url":"https:\/\/www.landofmemory.eu\/wp-content\/uploads\/2021\/09\/IMG_5906-003-&#xA9;-MNHM-1024x652.jpg","type":"","width":"","height":""}],"twitter_card":"summary_large_image","twitter_misc":{"Gesch\u00e4tzte Lesezeit":"1\u00a0Minute"},"schema":{"@context":"https:\/\/schema.org","@graph":[{"@type":"WebPage","@id":"https:\/\/www.landofmemory.eu\/de\/sites-historiques\/nationales-museum-fuer-militaergeschichte\/","url":"https:\/\/www.landofmemory.eu\/de\/sites-historiques\/nationales-museum-fuer-militaergeschichte\/","name":"Nationales Museum f\u00fcr Milit\u00e4rgeschichte","isPartOf":{"@id":"https:\/\/www.landofmemory.eu\/#website"},"primaryImageOfPage":{"@id":"https:\/\/www.landofmemory.eu\/de\/sites-historiques\/nationales-museum-fuer-militaergeschichte\/#primaryimage"},"image":{"@id":"https:\/\/www.landofmemory.eu\/de\/sites-historiques\/nationales-museum-fuer-militaergeschichte\/#primaryimage"},"thumbnailUrl":"https:\/\/www.landofmemory.eu\/wp-content\/uploads\/2021\/09\/IMG_5906-003-&#xA9;-MNHM-1024x652.jpg","datePublished":"2021-10-12T12:52:10+00:00","dateModified":"2022-08-02T09:40:19+00:00","description":"Dieses interaktive Museum informiert \u00fcber die Ardennenschlacht und die Geschichte des luxemburgischen Widerstands.","breadcrumb":{"@id":"https:\/\/www.landofmemory.eu\/de\/sites-historiques\/nationales-museum-fuer-militaergeschichte\/#breadcrumb"},"inLanguage":"de","potentialAction":[{"@type":"ReadAction","target":["https:\/\/www.landofmemory.eu\/de\/sites-historiques\/nationales-museum-fuer-militaergeschichte\/"]}]},{"@type":"ImageObject","inLanguage":"de","@id":"https:\/\/www.landofmemory.eu\/de\/sites-historiques\/nationales-museum-fuer-militaergeschichte\/#primaryimage","url":"https:\/\/www.landofmemory.eu\/wp-content\/uploads\/2021\/09\/IMG_5906-003-&#xA9;-MNHM-1024x652.jpg","contentUrl":"https:\/\/www.landofmemory.eu\/wp-content\/uploads\/2021\/09\/IMG_5906-003-&#xA9;-MNHM-1024x652.jpg"},{"@type":"BreadcrumbList","@id":"https:\/\/www.landofmemory.eu\/de\/sites-historiques\/nationales-museum-fuer-militaergeschichte\/#breadcrumb","itemListElement":[{"@type":"ListItem","position":1,"name":"Accueil","item":"https:\/\/www.landofmemory.eu\/"},{"@type":"ListItem","position":2,"name":"Nationales Museum f\u00fcr Milit\u00e4rgeschichte"}]},{"@type":"WebSite","@id":"https:\/\/www.landofmemory.eu\/#website","url":"https:\/\/www.landofmemory.eu\/","name":"Land Of Memory","description":"L&#039;histoire commence ici","publisher":{"@id":"https:\/\/www.landofmemory.eu\/#organization"},"potentialAction":[{"@type":"SearchAction","target":{"@type":"EntryPoint","urlTemplate":"https:\/\/www.landofmemory.eu\/?s={search_term_string}"},"query-input":{"@type":"PropertyValueSpecification","valueRequired":true,"valueName":"search_term_string"}}],"inLanguage":"de"},{"@type":"Organization","@id":"https:\/\/www.landofmemory.eu\/#organization","name":"Land Of Memory","url":"https:\/\/www.landofmemory.eu\/","logo":{"@type":"ImageObject","inLanguage":"de","@id":"https:\/\/www.landofmemory.eu\/#\/schema\/logo\/image\/","url":"https:\/\/www.landofmemory.eu\/wp-content\/uploads\/2022\/10\/logo-land-of-memory.jpg","contentUrl":"https:\/\/www.landofmemory.eu\/wp-content\/uploads\/2022\/10\/logo-land-of-memory.jpg","width":1000,"height":500,"caption":"Land Of Memory"},"image":{"@id":"https:\/\/www.landofmemory.eu\/#\/schema\/logo\/image\/"},"sameAs":["https:\/\/www.facebook.com\/landofmemory.eu","https:\/\/www.instagram.com\/landofmemory_eu\/"]}]}},"_links":{"self":[{"href":"https:\/\/www.landofmemory.eu\/de\/wp-json\/wp\/v2\/sites-historiques\/4460","targetHints":{"allow":["GET"]}}],"collection":[{"href":"https:\/\/www.landofmemory.eu\/de\/wp-json\/wp\/v2\/sites-historiques"}],"about":[{"href":"https:\/\/www.landofmemory.eu\/de\/wp-json\/wp\/v2\/types\/sites-historiques"}],"wp:attachment":[{"href":"https:\/\/www.landofmemory.eu\/de\/wp-json\/wp\/v2\/media?parent=4460"}],"wp:term":[{"taxonomy":"type_site","embeddable":true,"href":"https:\/\/www.landofmemory.eu\/de\/wp-json\/wp\/v2\/type_site?post=4460"}],"curies":[{"name":"wp","href":"https:\/\/api.w.org\/{rel}","templated":true}]}}