{"id":4461,"date":"2021-10-12T14:57:35","date_gmt":"2021-10-12T12:57:35","guid":{"rendered":"https:\/\/www.landofmemory.eu\/sites-historiques\/ausstellung-family-of-man\/"},"modified":"2021-11-02T14:18:12","modified_gmt":"2021-11-02T13:18:12","slug":"ausstellung-family-of-man","status":"publish","type":"sites-historiques","link":"https:\/\/www.landofmemory.eu\/de\/sites-historiques\/ausstellung-family-of-man\/","title":{"rendered":"Ausstellung Family of Man"},"content":{"rendered":"\n<h2 class=\"wp-block-heading\">Eine Friedensbotschaft<\/h2>\n\n<div class=\"wp-block-columns is-layout-flex wp-container-core-columns-is-layout-9d6595d7 wp-block-columns-is-layout-flex\">\n<div class=\"wp-block-column is-vertically-aligned-center is-layout-flow wp-block-column-is-layout-flow\">\n<div class=\"wp-block-image\"><figure class=\"aligncenter size-large is-resized\"><img loading=\"lazy\" decoding=\"async\" src=\"https:\/\/www.landofmemory.eu\/wp-content\/uploads\/2021\/09\/The-Family-of-Man-Chateau-de-Clervaux&#xA9;-CNA-Romain-Girtgen-2013-11-2-1024x769.jpg\" alt=\"500 Fotos aus der Ausstellung &quot;The Family of Man&quot;.\" class=\"wp-image-3441\" width=\"391\" height=\"293\"\/><figcaption>\u00a9 CNA &#8211; Romain Girtgen<\/figcaption><\/figure><\/div>\n<\/div>\n\n\n\n<div class=\"wp-block-column is-vertically-aligned-center is-layout-flow wp-block-column-is-layout-flow\">\n<p>\u00ab The Family of Man&#8220; ist eine Ausstellung mit \u00fcber 500 Fotos von 273 Fotografen aus 68 L\u00e4ndern. Eine Ausstellung, die seit 1955 zum Nachdenken \u00fcber den Frieden und die grundlegende Gleichheit der Menschen anregt.<\/p>\n<\/div>\n<\/div>\n\n<div class=\"wp-block-columns is-layout-flex wp-container-core-columns-is-layout-9d6595d7 wp-block-columns-is-layout-flex\">\n<div class=\"wp-block-column is-vertically-aligned-center is-layout-flow wp-block-column-is-layout-flow\">\n<p>Diese monumentale Sammlung von Fotografien wurde von Edward Steichen, Kurator f\u00fcr Ausstellungen am Museum of Modern Art, und seinen Mitarbeitern zwischen 1951 und 1955 zusammengestellt. Sie wurde erstmals 1955 im MoMA in New York ausgestellt. Nach einer Tournee, die mehr als 10 Millionen Besucher angezogen hat, ist die Ausstellung nun dauerhaft im Ch\u00e2teau de Clervaux zu sehen.<\/p>\n<\/div>\n\n\n\n<div class=\"wp-block-column is-vertically-aligned-center is-layout-flow wp-block-column-is-layout-flow\">\n<div class=\"wp-block-image\"><figure class=\"aligncenter size-large is-resized\"><img loading=\"lazy\" decoding=\"async\" src=\"https:\/\/www.landofmemory.eu\/wp-content\/uploads\/2021\/09\/The-Family-of-Man-Chateau-de-Clervaux&#xA9;-CNA-Romain-Girtgen-2013-8-2-1024x769.jpg\" alt=\"Die Sammlung von Fotos aus der Ausstellung &quot;The Family of Man&quot;.\" class=\"wp-image-3445\" width=\"397\" height=\"298\"\/><figcaption>\u00a9 CNA &#8211; Romain Girtgen<\/figcaption><\/figure><\/div>\n<\/div>\n<\/div>\n\n<div class=\"wp-block-columns is-layout-flex wp-container-core-columns-is-layout-9d6595d7 wp-block-columns-is-layout-flex\">\n<div class=\"wp-block-column is-vertically-aligned-center is-layout-flow wp-block-column-is-layout-flow\">\n<div class=\"wp-block-image\"><figure class=\"aligncenter size-large is-resized\"><img loading=\"lazy\" decoding=\"async\" src=\"https:\/\/www.landofmemory.eu\/wp-content\/uploads\/2021\/09\/The-Family-of-Man-Chateau-de-Clervaux&#xA9;-CNA-Romain-Girtgen-2013-10-2-1024x769.jpg\" alt=\"Die Fotos der Ausstellung.\" class=\"wp-image-3449\" width=\"368\" height=\"276\"\/><figcaption>\u00a9 CNA &#8211; Romain Girtgen<\/figcaption><\/figure><\/div>\n\n\n\n<p><\/p>\n\n\n\n<p><\/p>\n\n\n\n<p><\/p>\n<\/div>\n\n\n\n<div class=\"wp-block-column is-vertically-aligned-center is-layout-flow wp-block-column-is-layout-flow\">\n<p>Ziel dieses ph\u00e4nomenalen Projekts war es, in einer von den Spannungen des Kalten Krieges geplagten Welt eine Botschaft des Friedens zu vermitteln. Heute sind einige dieser Bilder zu Ikonen in der Geschichte der Fotografie geworden.&#13;\n<\/p>\n<\/div>\n<\/div>\n\n<div style=\"height:100px\" aria-hidden=\"true\" class=\"wp-block-spacer\"><\/div>\n\n<div class=\"wp-block-columns is-layout-flex wp-container-core-columns-is-layout-9d6595d7 wp-block-columns-is-layout-flex\">\n<div class=\"wp-block-column is-layout-flow wp-block-column-is-layout-flow\">\n<div class=\"wp-block-image\"><figure class=\"aligncenter size-large is-resized\"><img loading=\"lazy\" decoding=\"async\" src=\"https:\/\/www.landofmemory.eu\/wp-content\/uploads\/2021\/09\/The-Family-of-Man-Chateau-de-Clervaux&#xA9;-CNA-Romain-Girtgen-2013-13-2-1-1024x769.jpg\" alt=\"Fotow&#xE4;nde in der Ausstellung &quot;The Family of Man&quot;.\" class=\"wp-image-3457\" width=\"265\" height=\"198\"\/><figcaption>\u00a9 CNA &#8211; Romain Girtgen<\/figcaption><\/figure><\/div>\n<\/div>\n\n\n\n<div class=\"wp-block-column is-layout-flow wp-block-column-is-layout-flow\">\n<div class=\"wp-block-image\"><figure class=\"aligncenter size-large is-resized\"><img loading=\"lazy\" decoding=\"async\" src=\"https:\/\/www.landofmemory.eu\/wp-content\/uploads\/2021\/09\/The-Family-of-Man-Chateau-de-Clervaux&#xA9;-CNA-Romain-Girtgen-2013-17-2-1024x769.jpg\" alt=\"Fotow&#xE4;nde in der Ausstellung &quot;The Family of Man&quot;.\" class=\"wp-image-3461\" width=\"266\" height=\"199\"\/><figcaption>\u00a9 CNA &#8211; Romain Girtgen<\/figcaption><\/figure><\/div>\n<\/div>\n\n\n\n<div class=\"wp-block-column is-layout-flow wp-block-column-is-layout-flow\">\n<div class=\"wp-block-image\"><figure class=\"aligncenter size-large is-resized\"><img loading=\"lazy\" decoding=\"async\" src=\"https:\/\/www.landofmemory.eu\/wp-content\/uploads\/2021\/09\/The-Family-of-Man-Chateau-de-Clervaux&#xA9;-CNA-Romain-Girtgen-2013-19-2-1024x769.jpg\" alt=\"Fotow&#xE4;nde in der Ausstellung &quot;The Family of Man&quot;.\" class=\"wp-image-3465\" width=\"266\" height=\"199\"\/><figcaption>\u00a9 CNA &#8211; Romain Girtgen<\/figcaption><\/figure><\/div>\n<\/div>\n<\/div>\n\n<p><\/p>\n","protected":false},"template":"","type_site":[53],"class_list":["post-4461","sites-historiques","type-sites-historiques","status-publish","hentry","type_site-museen-und-ausstellungen"],"acf":[],"yoast_head":"<!-- This site is optimized with the Yoast SEO plugin v26.0 - https:\/\/yoast.com\/wordpress\/plugins\/seo\/ -->\n<title>Ausstellung Family of Man<\/title>\n<meta name=\"description\" content=\"Entdecken Sie ein legend\u00e4res UNESCO Memory of the World in einer au\u00dfergew\u00f6hnlichen Fotoausstellung.\" \/>\n<meta name=\"robots\" content=\"index, follow, max-snippet:-1, max-image-preview:large, max-video-preview:-1\" \/>\n<link rel=\"canonical\" href=\"https:\/\/www.landofmemory.eu\/de\/sites-historiques\/ausstellung-family-of-man\/\" \/>\n<meta property=\"og:locale\" content=\"de_DE\" \/>\n<meta property=\"og:type\" content=\"article\" \/>\n<meta property=\"og:title\" content=\"Ausstellung Family of Man\" \/>\n<meta property=\"og:description\" content=\"Entdecken Sie ein legend\u00e4res UNESCO Memory of the World in einer au\u00dfergew\u00f6hnlichen Fotoausstellung.\" \/>\n<meta property=\"og:url\" content=\"https:\/\/www.landofmemory.eu\/de\/sites-historiques\/ausstellung-family-of-man\/\" \/>\n<meta property=\"og:site_name\" content=\"Land Of Memory\" \/>\n<meta property=\"article:publisher\" content=\"https:\/\/www.facebook.com\/landofmemory.eu\" \/>\n<meta property=\"article:modified_time\" content=\"2021-11-02T13:18:12+00:00\" \/>\n<meta property=\"og:image\" content=\"https:\/\/www.landofmemory.eu\/wp-content\/uploads\/2021\/09\/The-Family-of-Man-Chateau-de-Clervaux&#xA9;-CNA-Romain-Girtgen-2013-11-2-1024x769.jpg\" \/>\n<meta name=\"twitter:card\" content=\"summary_large_image\" \/>\n<meta name=\"twitter:label1\" content=\"Gesch\u00e4tzte Lesezeit\" \/>\n\t<meta name=\"twitter:data1\" content=\"1\u00a0Minute\" \/>\n<script type=\"application\/ld+json\" class=\"yoast-schema-graph\">{\"@context\":\"https:\/\/schema.org\",\"@graph\":[{\"@type\":\"WebPage\",\"@id\":\"https:\/\/www.landofmemory.eu\/de\/sites-historiques\/ausstellung-family-of-man\/\",\"url\":\"https:\/\/www.landofmemory.eu\/de\/sites-historiques\/ausstellung-family-of-man\/\",\"name\":\"Ausstellung Family of Man\",\"isPartOf\":{\"@id\":\"https:\/\/www.landofmemory.eu\/#website\"},\"primaryImageOfPage\":{\"@id\":\"https:\/\/www.landofmemory.eu\/de\/sites-historiques\/ausstellung-family-of-man\/#primaryimage\"},\"image\":{\"@id\":\"https:\/\/www.landofmemory.eu\/de\/sites-historiques\/ausstellung-family-of-man\/#primaryimage\"},\"thumbnailUrl\":\"https:\/\/www.landofmemory.eu\/wp-content\/uploads\/2021\/09\/The-Family-of-Man-Chateau-de-Clervaux&#xA9;-CNA-Romain-Girtgen-2013-11-2-1024x769.jpg\",\"datePublished\":\"2021-10-12T12:57:35+00:00\",\"dateModified\":\"2021-11-02T13:18:12+00:00\",\"description\":\"Entdecken Sie ein legend\u00e4res UNESCO Memory of the World in einer au\u00dfergew\u00f6hnlichen Fotoausstellung.\",\"breadcrumb\":{\"@id\":\"https:\/\/www.landofmemory.eu\/de\/sites-historiques\/ausstellung-family-of-man\/#breadcrumb\"},\"inLanguage\":\"de\",\"potentialAction\":[{\"@type\":\"ReadAction\",\"target\":[\"https:\/\/www.landofmemory.eu\/de\/sites-historiques\/ausstellung-family-of-man\/\"]}]},{\"@type\":\"ImageObject\",\"inLanguage\":\"de\",\"@id\":\"https:\/\/www.landofmemory.eu\/de\/sites-historiques\/ausstellung-family-of-man\/#primaryimage\",\"url\":\"https:\/\/www.landofmemory.eu\/wp-content\/uploads\/2021\/09\/The-Family-of-Man-Chateau-de-Clervaux&#xA9;-CNA-Romain-Girtgen-2013-11-2-1024x769.jpg\",\"contentUrl\":\"https:\/\/www.landofmemory.eu\/wp-content\/uploads\/2021\/09\/The-Family-of-Man-Chateau-de-Clervaux&#xA9;-CNA-Romain-Girtgen-2013-11-2-1024x769.jpg\"},{\"@type\":\"BreadcrumbList\",\"@id\":\"https:\/\/www.landofmemory.eu\/de\/sites-historiques\/ausstellung-family-of-man\/#breadcrumb\",\"itemListElement\":[{\"@type\":\"ListItem\",\"position\":1,\"name\":\"Accueil\",\"item\":\"https:\/\/www.landofmemory.eu\/\"},{\"@type\":\"ListItem\",\"position\":2,\"name\":\"Ausstellung Family of Man\"}]},{\"@type\":\"WebSite\",\"@id\":\"https:\/\/www.landofmemory.eu\/#website\",\"url\":\"https:\/\/www.landofmemory.eu\/\",\"name\":\"Land Of Memory\",\"description\":\"L&#039;histoire commence ici\",\"publisher\":{\"@id\":\"https:\/\/www.landofmemory.eu\/#organization\"},\"potentialAction\":[{\"@type\":\"SearchAction\",\"target\":{\"@type\":\"EntryPoint\",\"urlTemplate\":\"https:\/\/www.landofmemory.eu\/?s={search_term_string}\"},\"query-input\":{\"@type\":\"PropertyValueSpecification\",\"valueRequired\":true,\"valueName\":\"search_term_string\"}}],\"inLanguage\":\"de\"},{\"@type\":\"Organization\",\"@id\":\"https:\/\/www.landofmemory.eu\/#organization\",\"name\":\"Land Of Memory\",\"url\":\"https:\/\/www.landofmemory.eu\/\",\"logo\":{\"@type\":\"ImageObject\",\"inLanguage\":\"de\",\"@id\":\"https:\/\/www.landofmemory.eu\/#\/schema\/logo\/image\/\",\"url\":\"https:\/\/www.landofmemory.eu\/wp-content\/uploads\/2022\/10\/logo-land-of-memory.jpg\",\"contentUrl\":\"https:\/\/www.landofmemory.eu\/wp-content\/uploads\/2022\/10\/logo-land-of-memory.jpg\",\"width\":1000,\"height\":500,\"caption\":\"Land Of Memory\"},\"image\":{\"@id\":\"https:\/\/www.landofmemory.eu\/#\/schema\/logo\/image\/\"},\"sameAs\":[\"https:\/\/www.facebook.com\/landofmemory.eu\",\"https:\/\/www.instagram.com\/landofmemory_eu\/\"]}]}<\/script>\n<!-- \/ Yoast SEO plugin. -->","yoast_head_json":{"title":"Ausstellung Family of Man","description":"Entdecken Sie ein legend\u00e4res UNESCO Memory of the World in einer au\u00dfergew\u00f6hnlichen Fotoausstellung.","robots":{"index":"index","follow":"follow","max-snippet":"max-snippet:-1","max-image-preview":"max-image-preview:large","max-video-preview":"max-video-preview:-1"},"canonical":"https:\/\/www.landofmemory.eu\/de\/sites-historiques\/ausstellung-family-of-man\/","og_locale":"de_DE","og_type":"article","og_title":"Ausstellung Family of Man","og_description":"Entdecken Sie ein legend\u00e4res UNESCO Memory of the World in einer au\u00dfergew\u00f6hnlichen Fotoausstellung.","og_url":"https:\/\/www.landofmemory.eu\/de\/sites-historiques\/ausstellung-family-of-man\/","og_site_name":"Land Of Memory","article_publisher":"https:\/\/www.facebook.com\/landofmemory.eu","article_modified_time":"2021-11-02T13:18:12+00:00","og_image":[{"url":"https:\/\/www.landofmemory.eu\/wp-content\/uploads\/2021\/09\/The-Family-of-Man-Chateau-de-Clervaux&#xA9;-CNA-Romain-Girtgen-2013-11-2-1024x769.jpg","type":"","width":"","height":""}],"twitter_card":"summary_large_image","twitter_misc":{"Gesch\u00e4tzte Lesezeit":"1\u00a0Minute"},"schema":{"@context":"https:\/\/schema.org","@graph":[{"@type":"WebPage","@id":"https:\/\/www.landofmemory.eu\/de\/sites-historiques\/ausstellung-family-of-man\/","url":"https:\/\/www.landofmemory.eu\/de\/sites-historiques\/ausstellung-family-of-man\/","name":"Ausstellung Family of Man","isPartOf":{"@id":"https:\/\/www.landofmemory.eu\/#website"},"primaryImageOfPage":{"@id":"https:\/\/www.landofmemory.eu\/de\/sites-historiques\/ausstellung-family-of-man\/#primaryimage"},"image":{"@id":"https:\/\/www.landofmemory.eu\/de\/sites-historiques\/ausstellung-family-of-man\/#primaryimage"},"thumbnailUrl":"https:\/\/www.landofmemory.eu\/wp-content\/uploads\/2021\/09\/The-Family-of-Man-Chateau-de-Clervaux&#xA9;-CNA-Romain-Girtgen-2013-11-2-1024x769.jpg","datePublished":"2021-10-12T12:57:35+00:00","dateModified":"2021-11-02T13:18:12+00:00","description":"Entdecken Sie ein legend\u00e4res UNESCO Memory of the World in einer au\u00dfergew\u00f6hnlichen Fotoausstellung.","breadcrumb":{"@id":"https:\/\/www.landofmemory.eu\/de\/sites-historiques\/ausstellung-family-of-man\/#breadcrumb"},"inLanguage":"de","potentialAction":[{"@type":"ReadAction","target":["https:\/\/www.landofmemory.eu\/de\/sites-historiques\/ausstellung-family-of-man\/"]}]},{"@type":"ImageObject","inLanguage":"de","@id":"https:\/\/www.landofmemory.eu\/de\/sites-historiques\/ausstellung-family-of-man\/#primaryimage","url":"https:\/\/www.landofmemory.eu\/wp-content\/uploads\/2021\/09\/The-Family-of-Man-Chateau-de-Clervaux&#xA9;-CNA-Romain-Girtgen-2013-11-2-1024x769.jpg","contentUrl":"https:\/\/www.landofmemory.eu\/wp-content\/uploads\/2021\/09\/The-Family-of-Man-Chateau-de-Clervaux&#xA9;-CNA-Romain-Girtgen-2013-11-2-1024x769.jpg"},{"@type":"BreadcrumbList","@id":"https:\/\/www.landofmemory.eu\/de\/sites-historiques\/ausstellung-family-of-man\/#breadcrumb","itemListElement":[{"@type":"ListItem","position":1,"name":"Accueil","item":"https:\/\/www.landofmemory.eu\/"},{"@type":"ListItem","position":2,"name":"Ausstellung Family of Man"}]},{"@type":"WebSite","@id":"https:\/\/www.landofmemory.eu\/#website","url":"https:\/\/www.landofmemory.eu\/","name":"Land Of Memory","description":"L&#039;histoire commence ici","publisher":{"@id":"https:\/\/www.landofmemory.eu\/#organization"},"potentialAction":[{"@type":"SearchAction","target":{"@type":"EntryPoint","urlTemplate":"https:\/\/www.landofmemory.eu\/?s={search_term_string}"},"query-input":{"@type":"PropertyValueSpecification","valueRequired":true,"valueName":"search_term_string"}}],"inLanguage":"de"},{"@type":"Organization","@id":"https:\/\/www.landofmemory.eu\/#organization","name":"Land Of Memory","url":"https:\/\/www.landofmemory.eu\/","logo":{"@type":"ImageObject","inLanguage":"de","@id":"https:\/\/www.landofmemory.eu\/#\/schema\/logo\/image\/","url":"https:\/\/www.landofmemory.eu\/wp-content\/uploads\/2022\/10\/logo-land-of-memory.jpg","contentUrl":"https:\/\/www.landofmemory.eu\/wp-content\/uploads\/2022\/10\/logo-land-of-memory.jpg","width":1000,"height":500,"caption":"Land Of Memory"},"image":{"@id":"https:\/\/www.landofmemory.eu\/#\/schema\/logo\/image\/"},"sameAs":["https:\/\/www.facebook.com\/landofmemory.eu","https:\/\/www.instagram.com\/landofmemory_eu\/"]}]}},"_links":{"self":[{"href":"https:\/\/www.landofmemory.eu\/de\/wp-json\/wp\/v2\/sites-historiques\/4461","targetHints":{"allow":["GET"]}}],"collection":[{"href":"https:\/\/www.landofmemory.eu\/de\/wp-json\/wp\/v2\/sites-historiques"}],"about":[{"href":"https:\/\/www.landofmemory.eu\/de\/wp-json\/wp\/v2\/types\/sites-historiques"}],"wp:attachment":[{"href":"https:\/\/www.landofmemory.eu\/de\/wp-json\/wp\/v2\/media?parent=4461"}],"wp:term":[{"taxonomy":"type_site","embeddable":true,"href":"https:\/\/www.landofmemory.eu\/de\/wp-json\/wp\/v2\/type_site?post=4461"}],"curies":[{"name":"wp","href":"https:\/\/api.w.org\/{rel}","templated":true}]}}