{"id":4463,"date":"2021-10-12T15:03:07","date_gmt":"2021-10-12T13:03:07","guid":{"rendered":"https:\/\/www.landofmemory.eu\/sites-historiques\/museum-der-ardennenschlacht-in-clervaux\/"},"modified":"2022-08-02T11:53:00","modified_gmt":"2022-08-02T09:53:00","slug":"museum-der-ardennenschlacht-in-clervaux","status":"publish","type":"sites-historiques","link":"https:\/\/www.landofmemory.eu\/de\/sites-historiques\/museum-der-ardennenschlacht-in-clervaux\/","title":{"rendered":"Museum der Ardennenschlacht in Clervaux"},"content":{"rendered":"\n<h2 class=\"wp-block-heading\">Die Ardennenoffensive in Luxemburg anhand von Objekten erz\u00e4hlt&#13;\n<\/h2>\n\n<p>Im Winter 1944\/45 startete das Dritte Reich eine letzte Offensive. Das Ziel war die Dezimierung der alliierten Streitkr\u00e4fte im Westen. Heute ist diese Schlacht unter dem Namen Ardennenoffensive bekannt.<\/p>\n\n<p>Am 16. Dezember 1944 befahl General von Rundstedt den deutschen Truppen, die amerikanischen Linien entlang der Sauer und der Our anzugreifen. Obwohl der Gro\u00dfteil der Bev\u00f6lkerung evakuiert wurde, forderte die Ardennenoffensive zahlreiche Opfer. General S. Patton, Juniorchef der Dritten Armee, \u00fcbernahm sp\u00e4ter die Front und es gelang ihm, den Norden des Landes zur\u00fcckzuerobern, was viele Menschenleben kostete.<\/p>\n\n<p>Das Ardennenschlachtmuseum l\u00e4sst diese dunkle Zeit der Geschichte lebendig werden. Anhand zahlreicher Objekte werden die schrecklichen Momente einer der wichtigsten Schlachten des Zweiten Weltkriegs nachgezeichnet.&#13;\n<\/p>\n\n<div style=\"height:100px\" aria-hidden=\"true\" class=\"wp-block-spacer\"><\/div>\n\n<div class=\"wp-block-columns is-layout-flex wp-container-core-columns-is-layout-9d6595d7 wp-block-columns-is-layout-flex\">\n<div class=\"wp-block-column is-layout-flow wp-block-column-is-layout-flow\">\n<figure class=\"wp-block-image size-large is-resized\"><img loading=\"lazy\" decoding=\"async\" src=\"https:\/\/www.landofmemory.eu\/wp-content\/uploads\/2021\/09\/Musee-Bataille-Ardennes-Clervaux-2-2-683x1024.jpg\" alt=\"Plakate der Ardennenschlacht.\" class=\"wp-image-3494\" width=\"250\" height=\"375\" srcset=\"https:\/\/www.landofmemory.eu\/wp-content\/uploads\/2021\/09\/Musee-Bataille-Ardennes-Clervaux-2-2-683x1024.jpg 683w, https:\/\/www.landofmemory.eu\/wp-content\/uploads\/2021\/09\/Musee-Bataille-Ardennes-Clervaux-2-2-200x300.jpg 200w, https:\/\/www.landofmemory.eu\/wp-content\/uploads\/2021\/09\/Musee-Bataille-Ardennes-Clervaux-2-2-768x1151.jpg 768w, https:\/\/www.landofmemory.eu\/wp-content\/uploads\/2021\/09\/Musee-Bataille-Ardennes-Clervaux-2-2-1025x1536.jpg 1025w, https:\/\/www.landofmemory.eu\/wp-content\/uploads\/2021\/09\/Musee-Bataille-Ardennes-Clervaux-2-2-1367x2048.jpg 1367w, https:\/\/www.landofmemory.eu\/wp-content\/uploads\/2021\/09\/Musee-Bataille-Ardennes-Clervaux-2-2-600x900.jpg 600w, https:\/\/www.landofmemory.eu\/wp-content\/uploads\/2021\/09\/Musee-Bataille-Ardennes-Clervaux-2-2-scaled.jpg 1709w\" sizes=\"auto, (max-width: 250px) 100vw, 250px\" \/><figcaption>\u00a9 Land of Memory<\/figcaption><\/figure>\n<\/div>\n\n\n\n<div class=\"wp-block-column is-layout-flow wp-block-column-is-layout-flow\">\n<figure class=\"wp-block-image size-large is-resized\"><img loading=\"lazy\" decoding=\"async\" src=\"https:\/\/www.landofmemory.eu\/wp-content\/uploads\/2021\/09\/Musee-Bataille-Ardennes-Clervaux-3-2-683x1024.jpg\" alt=\"Sammlung von Sportger&#xE4;ten aus dem Museum.\" class=\"wp-image-3498\" width=\"252\" height=\"377\" srcset=\"https:\/\/www.landofmemory.eu\/wp-content\/uploads\/2021\/09\/Musee-Bataille-Ardennes-Clervaux-3-2-683x1024.jpg 683w, https:\/\/www.landofmemory.eu\/wp-content\/uploads\/2021\/09\/Musee-Bataille-Ardennes-Clervaux-3-2-200x300.jpg 200w, https:\/\/www.landofmemory.eu\/wp-content\/uploads\/2021\/09\/Musee-Bataille-Ardennes-Clervaux-3-2-768x1151.jpg 768w, https:\/\/www.landofmemory.eu\/wp-content\/uploads\/2021\/09\/Musee-Bataille-Ardennes-Clervaux-3-2-1025x1536.jpg 1025w, https:\/\/www.landofmemory.eu\/wp-content\/uploads\/2021\/09\/Musee-Bataille-Ardennes-Clervaux-3-2-1367x2048.jpg 1367w, https:\/\/www.landofmemory.eu\/wp-content\/uploads\/2021\/09\/Musee-Bataille-Ardennes-Clervaux-3-2-600x900.jpg 600w, https:\/\/www.landofmemory.eu\/wp-content\/uploads\/2021\/09\/Musee-Bataille-Ardennes-Clervaux-3-2-scaled.jpg 1709w\" sizes=\"auto, (max-width: 252px) 100vw, 252px\" \/><figcaption>\u00a9 Land of Memory<\/figcaption><\/figure>\n<\/div>\n\n\n\n<div class=\"wp-block-column is-layout-flow wp-block-column-is-layout-flow\">\n<figure class=\"wp-block-image size-large is-resized\"><img loading=\"lazy\" decoding=\"async\" src=\"https:\/\/www.landofmemory.eu\/wp-content\/uploads\/2021\/09\/Musee-Bataille-Ardennes-Clervaux-4-2-683x1024.jpg\" alt=\"Museum der Ardennenschlacht auf zwei Etagen.\" class=\"wp-image-3505\" width=\"254\" height=\"380\" srcset=\"https:\/\/www.landofmemory.eu\/wp-content\/uploads\/2021\/09\/Musee-Bataille-Ardennes-Clervaux-4-2-683x1024.jpg 683w, https:\/\/www.landofmemory.eu\/wp-content\/uploads\/2021\/09\/Musee-Bataille-Ardennes-Clervaux-4-2-200x300.jpg 200w, https:\/\/www.landofmemory.eu\/wp-content\/uploads\/2021\/09\/Musee-Bataille-Ardennes-Clervaux-4-2-768x1151.jpg 768w, https:\/\/www.landofmemory.eu\/wp-content\/uploads\/2021\/09\/Musee-Bataille-Ardennes-Clervaux-4-2-1025x1536.jpg 1025w, https:\/\/www.landofmemory.eu\/wp-content\/uploads\/2021\/09\/Musee-Bataille-Ardennes-Clervaux-4-2-1367x2048.jpg 1367w, https:\/\/www.landofmemory.eu\/wp-content\/uploads\/2021\/09\/Musee-Bataille-Ardennes-Clervaux-4-2-600x900.jpg 600w, https:\/\/www.landofmemory.eu\/wp-content\/uploads\/2021\/09\/Musee-Bataille-Ardennes-Clervaux-4-2-scaled.jpg 1709w\" sizes=\"auto, (max-width: 254px) 100vw, 254px\" \/><figcaption>\u00a9 Land of Memory<\/figcaption><\/figure>\n\n\n\n<p><\/p>\n<\/div>\n<\/div>\n","protected":false},"template":"","type_site":[53],"class_list":["post-4463","sites-historiques","type-sites-historiques","status-publish","hentry","type_site-museen-und-ausstellungen"],"acf":[],"yoast_head":"<!-- This site is optimized with the Yoast SEO plugin v26.0 - https:\/\/yoast.com\/wordpress\/plugins\/seo\/ -->\n<title>Museum der Ardennenschlacht in Clervaux<\/title>\n<meta name=\"description\" content=\"Tauchen Sie ein in die Geschichte der Ardennenschlacht und in das schwierige Alltagsleben der Soldaten w\u00e4hrend des Krieges in Luxemburg.\" \/>\n<meta name=\"robots\" content=\"index, follow, max-snippet:-1, max-image-preview:large, max-video-preview:-1\" \/>\n<link rel=\"canonical\" href=\"https:\/\/www.landofmemory.eu\/de\/sites-historiques\/museum-der-ardennenschlacht-in-clervaux\/\" \/>\n<meta property=\"og:locale\" content=\"de_DE\" \/>\n<meta property=\"og:type\" content=\"article\" \/>\n<meta property=\"og:title\" content=\"Museum der Ardennenschlacht in Clervaux\" \/>\n<meta property=\"og:description\" content=\"Tauchen Sie ein in die Geschichte der Ardennenschlacht und in das schwierige Alltagsleben der Soldaten w\u00e4hrend des Krieges in Luxemburg.\" \/>\n<meta property=\"og:url\" content=\"https:\/\/www.landofmemory.eu\/de\/sites-historiques\/museum-der-ardennenschlacht-in-clervaux\/\" \/>\n<meta property=\"og:site_name\" content=\"Land Of Memory\" \/>\n<meta property=\"article:publisher\" content=\"https:\/\/www.facebook.com\/landofmemory.eu\" \/>\n<meta property=\"article:modified_time\" content=\"2022-08-02T09:53:00+00:00\" \/>\n<meta property=\"og:image\" content=\"https:\/\/www.landofmemory.eu\/wp-content\/uploads\/2021\/09\/Musee-Bataille-Ardennes-Clervaux-2-2-683x1024.jpg\" \/>\n<meta name=\"twitter:card\" content=\"summary_large_image\" \/>\n<meta name=\"twitter:label1\" content=\"Gesch\u00e4tzte Lesezeit\" \/>\n\t<meta name=\"twitter:data1\" content=\"1\u00a0Minute\" \/>\n<script type=\"application\/ld+json\" class=\"yoast-schema-graph\">{\"@context\":\"https:\/\/schema.org\",\"@graph\":[{\"@type\":\"WebPage\",\"@id\":\"https:\/\/www.landofmemory.eu\/de\/sites-historiques\/museum-der-ardennenschlacht-in-clervaux\/\",\"url\":\"https:\/\/www.landofmemory.eu\/de\/sites-historiques\/museum-der-ardennenschlacht-in-clervaux\/\",\"name\":\"Museum der Ardennenschlacht in Clervaux\",\"isPartOf\":{\"@id\":\"https:\/\/www.landofmemory.eu\/#website\"},\"primaryImageOfPage\":{\"@id\":\"https:\/\/www.landofmemory.eu\/de\/sites-historiques\/museum-der-ardennenschlacht-in-clervaux\/#primaryimage\"},\"image\":{\"@id\":\"https:\/\/www.landofmemory.eu\/de\/sites-historiques\/museum-der-ardennenschlacht-in-clervaux\/#primaryimage\"},\"thumbnailUrl\":\"https:\/\/www.landofmemory.eu\/wp-content\/uploads\/2021\/09\/Musee-Bataille-Ardennes-Clervaux-2-2-683x1024.jpg\",\"datePublished\":\"2021-10-12T13:03:07+00:00\",\"dateModified\":\"2022-08-02T09:53:00+00:00\",\"description\":\"Tauchen Sie ein in die Geschichte der Ardennenschlacht und in das schwierige Alltagsleben der Soldaten w\u00e4hrend des Krieges in Luxemburg.\",\"breadcrumb\":{\"@id\":\"https:\/\/www.landofmemory.eu\/de\/sites-historiques\/museum-der-ardennenschlacht-in-clervaux\/#breadcrumb\"},\"inLanguage\":\"de\",\"potentialAction\":[{\"@type\":\"ReadAction\",\"target\":[\"https:\/\/www.landofmemory.eu\/de\/sites-historiques\/museum-der-ardennenschlacht-in-clervaux\/\"]}]},{\"@type\":\"ImageObject\",\"inLanguage\":\"de\",\"@id\":\"https:\/\/www.landofmemory.eu\/de\/sites-historiques\/museum-der-ardennenschlacht-in-clervaux\/#primaryimage\",\"url\":\"https:\/\/www.landofmemory.eu\/wp-content\/uploads\/2021\/09\/Musee-Bataille-Ardennes-Clervaux-2-2-683x1024.jpg\",\"contentUrl\":\"https:\/\/www.landofmemory.eu\/wp-content\/uploads\/2021\/09\/Musee-Bataille-Ardennes-Clervaux-2-2-683x1024.jpg\"},{\"@type\":\"BreadcrumbList\",\"@id\":\"https:\/\/www.landofmemory.eu\/de\/sites-historiques\/museum-der-ardennenschlacht-in-clervaux\/#breadcrumb\",\"itemListElement\":[{\"@type\":\"ListItem\",\"position\":1,\"name\":\"Accueil\",\"item\":\"https:\/\/www.landofmemory.eu\/\"},{\"@type\":\"ListItem\",\"position\":2,\"name\":\"Museum der Ardennenschlacht in Clervaux\"}]},{\"@type\":\"WebSite\",\"@id\":\"https:\/\/www.landofmemory.eu\/#website\",\"url\":\"https:\/\/www.landofmemory.eu\/\",\"name\":\"Land Of Memory\",\"description\":\"L&#039;histoire commence ici\",\"publisher\":{\"@id\":\"https:\/\/www.landofmemory.eu\/#organization\"},\"potentialAction\":[{\"@type\":\"SearchAction\",\"target\":{\"@type\":\"EntryPoint\",\"urlTemplate\":\"https:\/\/www.landofmemory.eu\/?s={search_term_string}\"},\"query-input\":{\"@type\":\"PropertyValueSpecification\",\"valueRequired\":true,\"valueName\":\"search_term_string\"}}],\"inLanguage\":\"de\"},{\"@type\":\"Organization\",\"@id\":\"https:\/\/www.landofmemory.eu\/#organization\",\"name\":\"Land Of Memory\",\"url\":\"https:\/\/www.landofmemory.eu\/\",\"logo\":{\"@type\":\"ImageObject\",\"inLanguage\":\"de\",\"@id\":\"https:\/\/www.landofmemory.eu\/#\/schema\/logo\/image\/\",\"url\":\"https:\/\/www.landofmemory.eu\/wp-content\/uploads\/2022\/10\/logo-land-of-memory.jpg\",\"contentUrl\":\"https:\/\/www.landofmemory.eu\/wp-content\/uploads\/2022\/10\/logo-land-of-memory.jpg\",\"width\":1000,\"height\":500,\"caption\":\"Land Of Memory\"},\"image\":{\"@id\":\"https:\/\/www.landofmemory.eu\/#\/schema\/logo\/image\/\"},\"sameAs\":[\"https:\/\/www.facebook.com\/landofmemory.eu\",\"https:\/\/www.instagram.com\/landofmemory_eu\/\"]}]}<\/script>\n<!-- \/ Yoast SEO plugin. -->","yoast_head_json":{"title":"Museum der Ardennenschlacht in Clervaux","description":"Tauchen Sie ein in die Geschichte der Ardennenschlacht und in das schwierige Alltagsleben der Soldaten w\u00e4hrend des Krieges in Luxemburg.","robots":{"index":"index","follow":"follow","max-snippet":"max-snippet:-1","max-image-preview":"max-image-preview:large","max-video-preview":"max-video-preview:-1"},"canonical":"https:\/\/www.landofmemory.eu\/de\/sites-historiques\/museum-der-ardennenschlacht-in-clervaux\/","og_locale":"de_DE","og_type":"article","og_title":"Museum der Ardennenschlacht in Clervaux","og_description":"Tauchen Sie ein in die Geschichte der Ardennenschlacht und in das schwierige Alltagsleben der Soldaten w\u00e4hrend des Krieges in Luxemburg.","og_url":"https:\/\/www.landofmemory.eu\/de\/sites-historiques\/museum-der-ardennenschlacht-in-clervaux\/","og_site_name":"Land Of Memory","article_publisher":"https:\/\/www.facebook.com\/landofmemory.eu","article_modified_time":"2022-08-02T09:53:00+00:00","og_image":[{"url":"https:\/\/www.landofmemory.eu\/wp-content\/uploads\/2021\/09\/Musee-Bataille-Ardennes-Clervaux-2-2-683x1024.jpg","type":"","width":"","height":""}],"twitter_card":"summary_large_image","twitter_misc":{"Gesch\u00e4tzte Lesezeit":"1\u00a0Minute"},"schema":{"@context":"https:\/\/schema.org","@graph":[{"@type":"WebPage","@id":"https:\/\/www.landofmemory.eu\/de\/sites-historiques\/museum-der-ardennenschlacht-in-clervaux\/","url":"https:\/\/www.landofmemory.eu\/de\/sites-historiques\/museum-der-ardennenschlacht-in-clervaux\/","name":"Museum der Ardennenschlacht in Clervaux","isPartOf":{"@id":"https:\/\/www.landofmemory.eu\/#website"},"primaryImageOfPage":{"@id":"https:\/\/www.landofmemory.eu\/de\/sites-historiques\/museum-der-ardennenschlacht-in-clervaux\/#primaryimage"},"image":{"@id":"https:\/\/www.landofmemory.eu\/de\/sites-historiques\/museum-der-ardennenschlacht-in-clervaux\/#primaryimage"},"thumbnailUrl":"https:\/\/www.landofmemory.eu\/wp-content\/uploads\/2021\/09\/Musee-Bataille-Ardennes-Clervaux-2-2-683x1024.jpg","datePublished":"2021-10-12T13:03:07+00:00","dateModified":"2022-08-02T09:53:00+00:00","description":"Tauchen Sie ein in die Geschichte der Ardennenschlacht und in das schwierige Alltagsleben der Soldaten w\u00e4hrend des Krieges in Luxemburg.","breadcrumb":{"@id":"https:\/\/www.landofmemory.eu\/de\/sites-historiques\/museum-der-ardennenschlacht-in-clervaux\/#breadcrumb"},"inLanguage":"de","potentialAction":[{"@type":"ReadAction","target":["https:\/\/www.landofmemory.eu\/de\/sites-historiques\/museum-der-ardennenschlacht-in-clervaux\/"]}]},{"@type":"ImageObject","inLanguage":"de","@id":"https:\/\/www.landofmemory.eu\/de\/sites-historiques\/museum-der-ardennenschlacht-in-clervaux\/#primaryimage","url":"https:\/\/www.landofmemory.eu\/wp-content\/uploads\/2021\/09\/Musee-Bataille-Ardennes-Clervaux-2-2-683x1024.jpg","contentUrl":"https:\/\/www.landofmemory.eu\/wp-content\/uploads\/2021\/09\/Musee-Bataille-Ardennes-Clervaux-2-2-683x1024.jpg"},{"@type":"BreadcrumbList","@id":"https:\/\/www.landofmemory.eu\/de\/sites-historiques\/museum-der-ardennenschlacht-in-clervaux\/#breadcrumb","itemListElement":[{"@type":"ListItem","position":1,"name":"Accueil","item":"https:\/\/www.landofmemory.eu\/"},{"@type":"ListItem","position":2,"name":"Museum der Ardennenschlacht in Clervaux"}]},{"@type":"WebSite","@id":"https:\/\/www.landofmemory.eu\/#website","url":"https:\/\/www.landofmemory.eu\/","name":"Land Of Memory","description":"L&#039;histoire commence ici","publisher":{"@id":"https:\/\/www.landofmemory.eu\/#organization"},"potentialAction":[{"@type":"SearchAction","target":{"@type":"EntryPoint","urlTemplate":"https:\/\/www.landofmemory.eu\/?s={search_term_string}"},"query-input":{"@type":"PropertyValueSpecification","valueRequired":true,"valueName":"search_term_string"}}],"inLanguage":"de"},{"@type":"Organization","@id":"https:\/\/www.landofmemory.eu\/#organization","name":"Land Of Memory","url":"https:\/\/www.landofmemory.eu\/","logo":{"@type":"ImageObject","inLanguage":"de","@id":"https:\/\/www.landofmemory.eu\/#\/schema\/logo\/image\/","url":"https:\/\/www.landofmemory.eu\/wp-content\/uploads\/2022\/10\/logo-land-of-memory.jpg","contentUrl":"https:\/\/www.landofmemory.eu\/wp-content\/uploads\/2022\/10\/logo-land-of-memory.jpg","width":1000,"height":500,"caption":"Land Of Memory"},"image":{"@id":"https:\/\/www.landofmemory.eu\/#\/schema\/logo\/image\/"},"sameAs":["https:\/\/www.facebook.com\/landofmemory.eu","https:\/\/www.instagram.com\/landofmemory_eu\/"]}]}},"_links":{"self":[{"href":"https:\/\/www.landofmemory.eu\/de\/wp-json\/wp\/v2\/sites-historiques\/4463","targetHints":{"allow":["GET"]}}],"collection":[{"href":"https:\/\/www.landofmemory.eu\/de\/wp-json\/wp\/v2\/sites-historiques"}],"about":[{"href":"https:\/\/www.landofmemory.eu\/de\/wp-json\/wp\/v2\/types\/sites-historiques"}],"wp:attachment":[{"href":"https:\/\/www.landofmemory.eu\/de\/wp-json\/wp\/v2\/media?parent=4463"}],"wp:term":[{"taxonomy":"type_site","embeddable":true,"href":"https:\/\/www.landofmemory.eu\/de\/wp-json\/wp\/v2\/type_site?post=4463"}],"curies":[{"name":"wp","href":"https:\/\/api.w.org\/{rel}","templated":true}]}}