{"id":4466,"date":"2021-10-12T15:06:22","date_gmt":"2021-10-12T13:06:22","guid":{"rendered":"https:\/\/www.landofmemory.eu\/sites-historiques\/museum-der-ardennenschlacht-1944-1945\/"},"modified":"2021-11-02T14:22:09","modified_gmt":"2021-11-02T13:22:09","slug":"museum-der-ardennenschlacht-1944-1945","status":"publish","type":"sites-historiques","link":"https:\/\/www.landofmemory.eu\/de\/sites-historiques\/museum-der-ardennenschlacht-1944-1945\/","title":{"rendered":"Museum der Ardennenschlacht 1944-1945"},"content":{"rendered":"\n<h2 class=\"wp-block-heading\">Die Geisseln der Ardennenschlacht in Wiltz<\/h2>\n\n<div class=\"wp-block-columns is-layout-flex wp-container-core-columns-is-layout-9d6595d7 wp-block-columns-is-layout-flex\">\n<div class=\"wp-block-column is-vertically-aligned-center is-layout-flow wp-block-column-is-layout-flow\">\n<figure class=\"wp-block-image size-large is-resized\"><img loading=\"lazy\" decoding=\"async\" src=\"https:\/\/www.landofmemory.eu\/wp-content\/uploads\/2021\/09\/C.Lichterte-musee-bataille-des-Ardennes-Wiltz-7-2-2-1-1024x683.jpg\" alt=\"Zeugenaussagen im Museum der Ardennenschlacht.\" class=\"wp-image-3538\" width=\"384\" height=\"256\" srcset=\"https:\/\/www.landofmemory.eu\/wp-content\/uploads\/2021\/09\/C.Lichterte-musee-bataille-des-Ardennes-Wiltz-7-2-2-1-1024x683.jpg 1024w, https:\/\/www.landofmemory.eu\/wp-content\/uploads\/2021\/09\/C.Lichterte-musee-bataille-des-Ardennes-Wiltz-7-2-2-1-300x200.jpg 300w, https:\/\/www.landofmemory.eu\/wp-content\/uploads\/2021\/09\/C.Lichterte-musee-bataille-des-Ardennes-Wiltz-7-2-2-1-768x512.jpg 768w, https:\/\/www.landofmemory.eu\/wp-content\/uploads\/2021\/09\/C.Lichterte-musee-bataille-des-Ardennes-Wiltz-7-2-2-1-1536x1024.jpg 1536w, https:\/\/www.landofmemory.eu\/wp-content\/uploads\/2021\/09\/C.Lichterte-musee-bataille-des-Ardennes-Wiltz-7-2-2-1-2048x1365.jpg 2048w, https:\/\/www.landofmemory.eu\/wp-content\/uploads\/2021\/09\/C.Lichterte-musee-bataille-des-Ardennes-Wiltz-7-2-2-1-600x400.jpg 600w\" sizes=\"auto, (max-width: 384px) 100vw, 384px\" \/><figcaption>\u00a9 C. Lichterte<\/figcaption><\/figure>\n<\/div>\n\n\n\n<div class=\"wp-block-column is-vertically-aligned-center is-layout-flow wp-block-column-is-layout-flow\">\n<p>Das Museum ist in dem sch\u00f6nen Schloss Wiltz untergebracht. Es erz\u00e4hlt die Geschichte der Ardennenoffensive und zeugt von den Leiden der Soldaten und der Zivilbev\u00f6lkerung der Stadt w\u00e4hrend dieser Zeit. <\/p>\n<\/div>\n<\/div>\n\n<p><\/p>\n\n<p>Am 10. Mai 1940 wurde das Gro\u00dfherzogtum von deutschen Truppen \u00fcberfallen. Die Besetzung dauerte bis September 1944. Einige Monate sp\u00e4ter startete Hitler eine letzte Offensive, die in der Ardennenschlacht niedergeschlagen wurde. Wiltz wurde erst am 21. Januar 1945 befreit.<\/p>\n\n<p><\/p>\n\n<p>Diese Ereignisse forderten viele Opfer in der Stadt, die leider als &#8222;M\u00e4rtyrerstadt&#8220; bekannt ist. Dieses Museum wurde also im Geiste des Gedenkens und der Huldigung geschaffen, um echte Emotionen zu vermitteln.<\/p>\n\n<p><\/p>\n\n<p>Zahlreiche Fotos und authentische Gegenst\u00e4nde sind ausgestellt: Uniformen, Gem\u00e4lde, historische Ausr\u00fcstungen usw., die die Erinnerungspflicht lebendig halten.&#13;\n<\/p>\n\n<div style=\"height:100px\" aria-hidden=\"true\" class=\"wp-block-spacer\"><\/div>\n\n<div class=\"wp-block-columns is-layout-flex wp-container-core-columns-is-layout-9d6595d7 wp-block-columns-is-layout-flex\">\n<div class=\"wp-block-column is-layout-flow wp-block-column-is-layout-flow\">\n<div class=\"wp-block-image\"><figure class=\"aligncenter size-large is-resized\"><img loading=\"lazy\" decoding=\"async\" src=\"https:\/\/www.landofmemory.eu\/wp-content\/uploads\/2021\/09\/Musee-Bataille-Ardennes-Wiltz_Denis_Bdts-2-2-683x1024.jpg\" alt=\"Sammlung des Museums der Ardennenschlacht.\" class=\"wp-image-3526\" width=\"289\" height=\"433\" srcset=\"https:\/\/www.landofmemory.eu\/wp-content\/uploads\/2021\/09\/Musee-Bataille-Ardennes-Wiltz_Denis_Bdts-2-2-683x1024.jpg 683w, https:\/\/www.landofmemory.eu\/wp-content\/uploads\/2021\/09\/Musee-Bataille-Ardennes-Wiltz_Denis_Bdts-2-2-200x300.jpg 200w, https:\/\/www.landofmemory.eu\/wp-content\/uploads\/2021\/09\/Musee-Bataille-Ardennes-Wiltz_Denis_Bdts-2-2-768x1151.jpg 768w, https:\/\/www.landofmemory.eu\/wp-content\/uploads\/2021\/09\/Musee-Bataille-Ardennes-Wiltz_Denis_Bdts-2-2-1025x1536.jpg 1025w, https:\/\/www.landofmemory.eu\/wp-content\/uploads\/2021\/09\/Musee-Bataille-Ardennes-Wiltz_Denis_Bdts-2-2-1367x2048.jpg 1367w, https:\/\/www.landofmemory.eu\/wp-content\/uploads\/2021\/09\/Musee-Bataille-Ardennes-Wiltz_Denis_Bdts-2-2-600x900.jpg 600w, https:\/\/www.landofmemory.eu\/wp-content\/uploads\/2021\/09\/Musee-Bataille-Ardennes-Wiltz_Denis_Bdts-2-2-scaled.jpg 1709w\" sizes=\"auto, (max-width: 289px) 100vw, 289px\" \/><figcaption>\u00a9 Land of Memory<\/figcaption><\/figure><\/div>\n<\/div>\n\n\n\n<div class=\"wp-block-column is-layout-flow wp-block-column-is-layout-flow\">\n<div class=\"wp-block-image\"><figure class=\"aligncenter size-large is-resized\"><img loading=\"lazy\" decoding=\"async\" src=\"https:\/\/www.landofmemory.eu\/wp-content\/uploads\/2021\/09\/Musee-Bataille-Ardennes-Wiltz_Denis_Bdts-4-2-683x1024.jpg\" alt=\"Sammlung des Museums der Ardennenschlacht.\" class=\"wp-image-3542\" width=\"290\" height=\"434\" srcset=\"https:\/\/www.landofmemory.eu\/wp-content\/uploads\/2021\/09\/Musee-Bataille-Ardennes-Wiltz_Denis_Bdts-4-2-683x1024.jpg 683w, https:\/\/www.landofmemory.eu\/wp-content\/uploads\/2021\/09\/Musee-Bataille-Ardennes-Wiltz_Denis_Bdts-4-2-200x300.jpg 200w, https:\/\/www.landofmemory.eu\/wp-content\/uploads\/2021\/09\/Musee-Bataille-Ardennes-Wiltz_Denis_Bdts-4-2-768x1151.jpg 768w, https:\/\/www.landofmemory.eu\/wp-content\/uploads\/2021\/09\/Musee-Bataille-Ardennes-Wiltz_Denis_Bdts-4-2-1025x1536.jpg 1025w, https:\/\/www.landofmemory.eu\/wp-content\/uploads\/2021\/09\/Musee-Bataille-Ardennes-Wiltz_Denis_Bdts-4-2-1367x2048.jpg 1367w, https:\/\/www.landofmemory.eu\/wp-content\/uploads\/2021\/09\/Musee-Bataille-Ardennes-Wiltz_Denis_Bdts-4-2-600x900.jpg 600w, https:\/\/www.landofmemory.eu\/wp-content\/uploads\/2021\/09\/Musee-Bataille-Ardennes-Wiltz_Denis_Bdts-4-2-scaled.jpg 1709w\" sizes=\"auto, (max-width: 290px) 100vw, 290px\" \/><figcaption>\u00a9 Land of Memory<\/figcaption><\/figure><\/div>\n<\/div>\n<\/div>\n\n<p><\/p>\n","protected":false},"template":"","type_site":[53],"class_list":["post-4466","sites-historiques","type-sites-historiques","status-publish","hentry","type_site-museen-und-ausstellungen"],"acf":[],"yoast_head":"<!-- This site is optimized with the Yoast SEO plugin v26.0 - https:\/\/yoast.com\/wordpress\/plugins\/seo\/ -->\n<title>Zweiter Weltkrieg: Museum der Ardennenschlacht 1944-1945<\/title>\n<meta name=\"description\" content=\"In Wiltz erz\u00e4hlt dieses kleine, lehrreiche und interaktive Museum mehr \u00fcber die Geschichte der Stadt w\u00e4hrend des Zweiten Weltkriegs.\" \/>\n<meta name=\"robots\" content=\"index, follow, max-snippet:-1, max-image-preview:large, max-video-preview:-1\" \/>\n<link rel=\"canonical\" href=\"https:\/\/www.landofmemory.eu\/de\/sites-historiques\/museum-der-ardennenschlacht-1944-1945\/\" \/>\n<meta property=\"og:locale\" content=\"de_DE\" \/>\n<meta property=\"og:type\" content=\"article\" \/>\n<meta property=\"og:title\" content=\"Zweiter Weltkrieg: Museum der Ardennenschlacht 1944-1945\" \/>\n<meta property=\"og:description\" content=\"In Wiltz erz\u00e4hlt dieses kleine, lehrreiche und interaktive Museum mehr \u00fcber die Geschichte der Stadt w\u00e4hrend des Zweiten Weltkriegs.\" \/>\n<meta property=\"og:url\" content=\"https:\/\/www.landofmemory.eu\/de\/sites-historiques\/museum-der-ardennenschlacht-1944-1945\/\" \/>\n<meta property=\"og:site_name\" content=\"Land Of Memory\" \/>\n<meta property=\"article:publisher\" content=\"https:\/\/www.facebook.com\/landofmemory.eu\" \/>\n<meta property=\"article:modified_time\" content=\"2021-11-02T13:22:09+00:00\" \/>\n<meta property=\"og:image\" content=\"https:\/\/www.landofmemory.eu\/wp-content\/uploads\/2021\/09\/C.Lichterte-musee-bataille-des-Ardennes-Wiltz-7-2-2-1-1024x683.jpg\" \/>\n<meta name=\"twitter:card\" content=\"summary_large_image\" \/>\n<meta name=\"twitter:label1\" content=\"Gesch\u00e4tzte Lesezeit\" \/>\n\t<meta name=\"twitter:data1\" content=\"1\u00a0Minute\" \/>\n<script type=\"application\/ld+json\" class=\"yoast-schema-graph\">{\"@context\":\"https:\/\/schema.org\",\"@graph\":[{\"@type\":\"WebPage\",\"@id\":\"https:\/\/www.landofmemory.eu\/de\/sites-historiques\/museum-der-ardennenschlacht-1944-1945\/\",\"url\":\"https:\/\/www.landofmemory.eu\/de\/sites-historiques\/museum-der-ardennenschlacht-1944-1945\/\",\"name\":\"Zweiter Weltkrieg: Museum der Ardennenschlacht 1944-1945\",\"isPartOf\":{\"@id\":\"https:\/\/www.landofmemory.eu\/#website\"},\"primaryImageOfPage\":{\"@id\":\"https:\/\/www.landofmemory.eu\/de\/sites-historiques\/museum-der-ardennenschlacht-1944-1945\/#primaryimage\"},\"image\":{\"@id\":\"https:\/\/www.landofmemory.eu\/de\/sites-historiques\/museum-der-ardennenschlacht-1944-1945\/#primaryimage\"},\"thumbnailUrl\":\"https:\/\/www.landofmemory.eu\/wp-content\/uploads\/2021\/09\/C.Lichterte-musee-bataille-des-Ardennes-Wiltz-7-2-2-1-1024x683.jpg\",\"datePublished\":\"2021-10-12T13:06:22+00:00\",\"dateModified\":\"2021-11-02T13:22:09+00:00\",\"description\":\"In Wiltz erz\u00e4hlt dieses kleine, lehrreiche und interaktive Museum mehr \u00fcber die Geschichte der Stadt w\u00e4hrend des Zweiten Weltkriegs.\",\"breadcrumb\":{\"@id\":\"https:\/\/www.landofmemory.eu\/de\/sites-historiques\/museum-der-ardennenschlacht-1944-1945\/#breadcrumb\"},\"inLanguage\":\"de\",\"potentialAction\":[{\"@type\":\"ReadAction\",\"target\":[\"https:\/\/www.landofmemory.eu\/de\/sites-historiques\/museum-der-ardennenschlacht-1944-1945\/\"]}]},{\"@type\":\"ImageObject\",\"inLanguage\":\"de\",\"@id\":\"https:\/\/www.landofmemory.eu\/de\/sites-historiques\/museum-der-ardennenschlacht-1944-1945\/#primaryimage\",\"url\":\"https:\/\/www.landofmemory.eu\/wp-content\/uploads\/2021\/09\/C.Lichterte-musee-bataille-des-Ardennes-Wiltz-7-2-2-1-1024x683.jpg\",\"contentUrl\":\"https:\/\/www.landofmemory.eu\/wp-content\/uploads\/2021\/09\/C.Lichterte-musee-bataille-des-Ardennes-Wiltz-7-2-2-1-1024x683.jpg\"},{\"@type\":\"BreadcrumbList\",\"@id\":\"https:\/\/www.landofmemory.eu\/de\/sites-historiques\/museum-der-ardennenschlacht-1944-1945\/#breadcrumb\",\"itemListElement\":[{\"@type\":\"ListItem\",\"position\":1,\"name\":\"Accueil\",\"item\":\"https:\/\/www.landofmemory.eu\/\"},{\"@type\":\"ListItem\",\"position\":2,\"name\":\"Museum der Ardennenschlacht 1944-1945\"}]},{\"@type\":\"WebSite\",\"@id\":\"https:\/\/www.landofmemory.eu\/#website\",\"url\":\"https:\/\/www.landofmemory.eu\/\",\"name\":\"Land Of Memory\",\"description\":\"L&#039;histoire commence ici\",\"publisher\":{\"@id\":\"https:\/\/www.landofmemory.eu\/#organization\"},\"potentialAction\":[{\"@type\":\"SearchAction\",\"target\":{\"@type\":\"EntryPoint\",\"urlTemplate\":\"https:\/\/www.landofmemory.eu\/?s={search_term_string}\"},\"query-input\":{\"@type\":\"PropertyValueSpecification\",\"valueRequired\":true,\"valueName\":\"search_term_string\"}}],\"inLanguage\":\"de\"},{\"@type\":\"Organization\",\"@id\":\"https:\/\/www.landofmemory.eu\/#organization\",\"name\":\"Land Of Memory\",\"url\":\"https:\/\/www.landofmemory.eu\/\",\"logo\":{\"@type\":\"ImageObject\",\"inLanguage\":\"de\",\"@id\":\"https:\/\/www.landofmemory.eu\/#\/schema\/logo\/image\/\",\"url\":\"https:\/\/www.landofmemory.eu\/wp-content\/uploads\/2022\/10\/logo-land-of-memory.jpg\",\"contentUrl\":\"https:\/\/www.landofmemory.eu\/wp-content\/uploads\/2022\/10\/logo-land-of-memory.jpg\",\"width\":1000,\"height\":500,\"caption\":\"Land Of Memory\"},\"image\":{\"@id\":\"https:\/\/www.landofmemory.eu\/#\/schema\/logo\/image\/\"},\"sameAs\":[\"https:\/\/www.facebook.com\/landofmemory.eu\",\"https:\/\/www.instagram.com\/landofmemory_eu\/\"]}]}<\/script>\n<!-- \/ Yoast SEO plugin. -->","yoast_head_json":{"title":"Zweiter Weltkrieg: Museum der Ardennenschlacht 1944-1945","description":"In Wiltz erz\u00e4hlt dieses kleine, lehrreiche und interaktive Museum mehr \u00fcber die Geschichte der Stadt w\u00e4hrend des Zweiten Weltkriegs.","robots":{"index":"index","follow":"follow","max-snippet":"max-snippet:-1","max-image-preview":"max-image-preview:large","max-video-preview":"max-video-preview:-1"},"canonical":"https:\/\/www.landofmemory.eu\/de\/sites-historiques\/museum-der-ardennenschlacht-1944-1945\/","og_locale":"de_DE","og_type":"article","og_title":"Zweiter Weltkrieg: Museum der Ardennenschlacht 1944-1945","og_description":"In Wiltz erz\u00e4hlt dieses kleine, lehrreiche und interaktive Museum mehr \u00fcber die Geschichte der Stadt w\u00e4hrend des Zweiten Weltkriegs.","og_url":"https:\/\/www.landofmemory.eu\/de\/sites-historiques\/museum-der-ardennenschlacht-1944-1945\/","og_site_name":"Land Of Memory","article_publisher":"https:\/\/www.facebook.com\/landofmemory.eu","article_modified_time":"2021-11-02T13:22:09+00:00","og_image":[{"url":"https:\/\/www.landofmemory.eu\/wp-content\/uploads\/2021\/09\/C.Lichterte-musee-bataille-des-Ardennes-Wiltz-7-2-2-1-1024x683.jpg","type":"","width":"","height":""}],"twitter_card":"summary_large_image","twitter_misc":{"Gesch\u00e4tzte Lesezeit":"1\u00a0Minute"},"schema":{"@context":"https:\/\/schema.org","@graph":[{"@type":"WebPage","@id":"https:\/\/www.landofmemory.eu\/de\/sites-historiques\/museum-der-ardennenschlacht-1944-1945\/","url":"https:\/\/www.landofmemory.eu\/de\/sites-historiques\/museum-der-ardennenschlacht-1944-1945\/","name":"Zweiter Weltkrieg: Museum der Ardennenschlacht 1944-1945","isPartOf":{"@id":"https:\/\/www.landofmemory.eu\/#website"},"primaryImageOfPage":{"@id":"https:\/\/www.landofmemory.eu\/de\/sites-historiques\/museum-der-ardennenschlacht-1944-1945\/#primaryimage"},"image":{"@id":"https:\/\/www.landofmemory.eu\/de\/sites-historiques\/museum-der-ardennenschlacht-1944-1945\/#primaryimage"},"thumbnailUrl":"https:\/\/www.landofmemory.eu\/wp-content\/uploads\/2021\/09\/C.Lichterte-musee-bataille-des-Ardennes-Wiltz-7-2-2-1-1024x683.jpg","datePublished":"2021-10-12T13:06:22+00:00","dateModified":"2021-11-02T13:22:09+00:00","description":"In Wiltz erz\u00e4hlt dieses kleine, lehrreiche und interaktive Museum mehr \u00fcber die Geschichte der Stadt w\u00e4hrend des Zweiten Weltkriegs.","breadcrumb":{"@id":"https:\/\/www.landofmemory.eu\/de\/sites-historiques\/museum-der-ardennenschlacht-1944-1945\/#breadcrumb"},"inLanguage":"de","potentialAction":[{"@type":"ReadAction","target":["https:\/\/www.landofmemory.eu\/de\/sites-historiques\/museum-der-ardennenschlacht-1944-1945\/"]}]},{"@type":"ImageObject","inLanguage":"de","@id":"https:\/\/www.landofmemory.eu\/de\/sites-historiques\/museum-der-ardennenschlacht-1944-1945\/#primaryimage","url":"https:\/\/www.landofmemory.eu\/wp-content\/uploads\/2021\/09\/C.Lichterte-musee-bataille-des-Ardennes-Wiltz-7-2-2-1-1024x683.jpg","contentUrl":"https:\/\/www.landofmemory.eu\/wp-content\/uploads\/2021\/09\/C.Lichterte-musee-bataille-des-Ardennes-Wiltz-7-2-2-1-1024x683.jpg"},{"@type":"BreadcrumbList","@id":"https:\/\/www.landofmemory.eu\/de\/sites-historiques\/museum-der-ardennenschlacht-1944-1945\/#breadcrumb","itemListElement":[{"@type":"ListItem","position":1,"name":"Accueil","item":"https:\/\/www.landofmemory.eu\/"},{"@type":"ListItem","position":2,"name":"Museum der Ardennenschlacht 1944-1945"}]},{"@type":"WebSite","@id":"https:\/\/www.landofmemory.eu\/#website","url":"https:\/\/www.landofmemory.eu\/","name":"Land Of Memory","description":"L&#039;histoire commence ici","publisher":{"@id":"https:\/\/www.landofmemory.eu\/#organization"},"potentialAction":[{"@type":"SearchAction","target":{"@type":"EntryPoint","urlTemplate":"https:\/\/www.landofmemory.eu\/?s={search_term_string}"},"query-input":{"@type":"PropertyValueSpecification","valueRequired":true,"valueName":"search_term_string"}}],"inLanguage":"de"},{"@type":"Organization","@id":"https:\/\/www.landofmemory.eu\/#organization","name":"Land Of Memory","url":"https:\/\/www.landofmemory.eu\/","logo":{"@type":"ImageObject","inLanguage":"de","@id":"https:\/\/www.landofmemory.eu\/#\/schema\/logo\/image\/","url":"https:\/\/www.landofmemory.eu\/wp-content\/uploads\/2022\/10\/logo-land-of-memory.jpg","contentUrl":"https:\/\/www.landofmemory.eu\/wp-content\/uploads\/2022\/10\/logo-land-of-memory.jpg","width":1000,"height":500,"caption":"Land Of Memory"},"image":{"@id":"https:\/\/www.landofmemory.eu\/#\/schema\/logo\/image\/"},"sameAs":["https:\/\/www.facebook.com\/landofmemory.eu","https:\/\/www.instagram.com\/landofmemory_eu\/"]}]}},"_links":{"self":[{"href":"https:\/\/www.landofmemory.eu\/de\/wp-json\/wp\/v2\/sites-historiques\/4466","targetHints":{"allow":["GET"]}}],"collection":[{"href":"https:\/\/www.landofmemory.eu\/de\/wp-json\/wp\/v2\/sites-historiques"}],"about":[{"href":"https:\/\/www.landofmemory.eu\/de\/wp-json\/wp\/v2\/types\/sites-historiques"}],"wp:attachment":[{"href":"https:\/\/www.landofmemory.eu\/de\/wp-json\/wp\/v2\/media?parent=4466"}],"wp:term":[{"taxonomy":"type_site","embeddable":true,"href":"https:\/\/www.landofmemory.eu\/de\/wp-json\/wp\/v2\/type_site?post=4466"}],"curies":[{"name":"wp","href":"https:\/\/api.w.org\/{rel}","templated":true}]}}