{"id":4474,"date":"2021-10-12T15:36:29","date_gmt":"2021-10-12T13:36:29","guid":{"rendered":"https:\/\/www.landofmemory.eu\/sites-historiques\/amerikanischer-soldatenfriedhof-luxemburg\/"},"modified":"2022-08-01T15:50:27","modified_gmt":"2022-08-01T13:50:27","slug":"amerikanischer-soldatenfriedhof-luxemburg","status":"publish","type":"sites-historiques","link":"https:\/\/www.landofmemory.eu\/de\/sites-historiques\/amerikanischer-soldatenfriedhof-luxemburg\/","title":{"rendered":"Amerikanischer Soldatenfriedhof Luxemburg"},"content":{"rendered":"\n<h2 class=\"wp-block-heading\">Ein Ort der Ruhe und des Gedenkens an amerikanische Soldaten der Alliierten, darunter der ber\u00fchmte General Patton<\/h2>\n\n<div class=\"wp-block-columns is-layout-flex wp-container-core-columns-is-layout-9d6595d7 wp-block-columns-is-layout-flex\">\n<div class=\"wp-block-column is-vertically-aligned-center is-layout-flow wp-block-column-is-layout-flow\">\n<figure class=\"wp-block-image size-full is-resized\"><img loading=\"lazy\" decoding=\"async\" src=\"https:\/\/www.landofmemory.eu\/wp-content\/uploads\/2021\/09\/Design-sans-titre-161-1.jpg\" alt=\"Blick auf den Friedhof in Hamm.\" class=\"wp-image-3613\" width=\"377\" height=\"313\" srcset=\"https:\/\/www.landofmemory.eu\/wp-content\/uploads\/2021\/09\/Design-sans-titre-161-1.jpg 600w, https:\/\/www.landofmemory.eu\/wp-content\/uploads\/2021\/09\/Design-sans-titre-161-1-300x250.jpg 300w\" sizes=\"auto, (max-width: 377px) 100vw, 377px\" \/><figcaption>\u00a9 Land of Memory<\/figcaption><\/figure>\n<\/div>\n\n\n\n<div class=\"wp-block-column is-vertically-aligned-center is-layout-flow wp-block-column-is-layout-flow\">\n<p>Der amerikanische Friedhof in Luxemburg beherbergt 5.070 Soldaten. Die meisten dieser Soldaten fielen beim Vormarsch \u00fcber den Rhein und in der Ardennenoffensive, der blutigsten Schlacht, die die Amerikaner im Zweiten Weltkrieg erlebten. Heute liegen sie in einer Oase des Friedens.<\/p>\n\n\n\n<p><\/p>\n\n\n\n<p>Der Friedhof liegt in einem 14 Hektar gro\u00dfen Waldgebiet mit neun verschiedenen Abteilungen, vier Brunnen, die die Evangelisten darstellen, verschiedene Baumarten, wundersch\u00f6ne Rosen- und Rhododendronbeete&#8230; Ein idyllischer Ort, an dem die Natur uns umgibt. Dieser Friedhof ist vor allem die Ruhest\u00e4tte des ber\u00fchmten Generals George S. Patton.<\/p>\n<\/div>\n<\/div>\n\n<div class=\"wp-block-columns is-layout-flex wp-container-core-columns-is-layout-9d6595d7 wp-block-columns-is-layout-flex\">\n<div class=\"wp-block-column is-vertically-aligned-center is-layout-flow wp-block-column-is-layout-flow\">\n<p>Es gibt auch eine charmante Kapelle. Sie ist mit einer massiven Bronzet\u00fcr aus Armeekartuschen geschm\u00fcckt, die die milit\u00e4rischen &#8220; Werte &#8220; darstellen. Die Skulptur aus rotem Granit wurde in 4 Wochen von 3 Bildhauern angefertigt. Im Inneren tragen vier Mosaikengel die Friedenstaube, und erhabene Glasfenster erinnern an die Opfer der Soldaten, die auf dem Friedhof liegen. Um die Kapelle herum befindet sich eine Terrasse mit zwei Pylonen. Sie stellen die Operationen in Westeuropa und die Ardennenoffensive w\u00e4hrend des Zweiten Weltkriegs dar.<\/p>\n<\/div>\n\n\n\n<div class=\"wp-block-column is-vertically-aligned-center is-layout-flow wp-block-column-is-layout-flow\">\n<figure class=\"wp-block-image size-large is-resized\"><img loading=\"lazy\" decoding=\"async\" src=\"https:\/\/www.landofmemory.eu\/wp-content\/uploads\/2021\/09\/Luxembourg-American-Cemetery_Denis_Bdts-684x1024.jpg\" alt=\"Kapelle des amerikanischen Friedhofs in Luxemburg.\" class=\"wp-image-3621\" width=\"328\" height=\"490\" srcset=\"https:\/\/www.landofmemory.eu\/wp-content\/uploads\/2021\/09\/Luxembourg-American-Cemetery_Denis_Bdts-684x1024.jpg 684w, https:\/\/www.landofmemory.eu\/wp-content\/uploads\/2021\/09\/Luxembourg-American-Cemetery_Denis_Bdts-200x300.jpg 200w, https:\/\/www.landofmemory.eu\/wp-content\/uploads\/2021\/09\/Luxembourg-American-Cemetery_Denis_Bdts-768x1150.jpg 768w, https:\/\/www.landofmemory.eu\/wp-content\/uploads\/2021\/09\/Luxembourg-American-Cemetery_Denis_Bdts-1026x1536.jpg 1026w, https:\/\/www.landofmemory.eu\/wp-content\/uploads\/2021\/09\/Luxembourg-American-Cemetery_Denis_Bdts-600x898.jpg 600w, https:\/\/www.landofmemory.eu\/wp-content\/uploads\/2021\/09\/Luxembourg-American-Cemetery_Denis_Bdts.jpg 1339w\" sizes=\"auto, (max-width: 328px) 100vw, 328px\" \/><figcaption>\u00a9 Land of Memory<\/figcaption><\/figure>\n<\/div>\n<\/div>\n\n<p><\/p>\n\n<p><\/p>\n\n<p>Lassen Sie sich von diesem am 29. Dezember 1944 errichteten Friedhof verzaubern. Ein ruhiger Ort, um den amerikanischen Helden zu gedenken, an einem Ort des Gedenkens inmitten der Natur.<\/p>\n\n<p><\/p>\n\n<p><\/p>\n","protected":false},"template":"","type_site":[51],"class_list":["post-4474","sites-historiques","type-sites-historiques","status-publish","hentry","type_site-weltkriegsfriedhofe"],"acf":[],"yoast_head":"<!-- This site is optimized with the Yoast SEO plugin v26.0 - https:\/\/yoast.com\/wordpress\/plugins\/seo\/ -->\n<title>Zweiter Weltkrieg: Amerikanischer Soldatenfriedhof Luxemburg<\/title>\n<meta name=\"description\" content=\"Der amerikanische Friedhof in Luxemburg empf\u00e4ngt die gefallenen alliierten Soldaten an ihrer letzten Ruhest\u00e4tte.\" \/>\n<meta name=\"robots\" content=\"index, follow, max-snippet:-1, max-image-preview:large, max-video-preview:-1\" \/>\n<link rel=\"canonical\" href=\"https:\/\/www.landofmemory.eu\/de\/sites-historiques\/amerikanischer-soldatenfriedhof-luxemburg\/\" \/>\n<meta property=\"og:locale\" content=\"de_DE\" \/>\n<meta property=\"og:type\" content=\"article\" \/>\n<meta property=\"og:title\" content=\"Zweiter Weltkrieg: Amerikanischer Soldatenfriedhof Luxemburg\" \/>\n<meta property=\"og:description\" content=\"Der amerikanische Friedhof in Luxemburg empf\u00e4ngt die gefallenen alliierten Soldaten an ihrer letzten Ruhest\u00e4tte.\" \/>\n<meta property=\"og:url\" content=\"https:\/\/www.landofmemory.eu\/de\/sites-historiques\/amerikanischer-soldatenfriedhof-luxemburg\/\" \/>\n<meta property=\"og:site_name\" content=\"Land Of Memory\" \/>\n<meta property=\"article:publisher\" content=\"https:\/\/www.facebook.com\/landofmemory.eu\" \/>\n<meta property=\"article:modified_time\" content=\"2022-08-01T13:50:27+00:00\" \/>\n<meta property=\"og:image\" content=\"https:\/\/www.landofmemory.eu\/wp-content\/uploads\/2021\/09\/Design-sans-titre-161-1.jpg\" \/>\n<meta name=\"twitter:card\" content=\"summary_large_image\" \/>\n<meta name=\"twitter:label1\" content=\"Gesch\u00e4tzte Lesezeit\" \/>\n\t<meta name=\"twitter:data1\" content=\"1\u00a0Minute\" \/>\n<script type=\"application\/ld+json\" class=\"yoast-schema-graph\">{\"@context\":\"https:\/\/schema.org\",\"@graph\":[{\"@type\":\"WebPage\",\"@id\":\"https:\/\/www.landofmemory.eu\/de\/sites-historiques\/amerikanischer-soldatenfriedhof-luxemburg\/\",\"url\":\"https:\/\/www.landofmemory.eu\/de\/sites-historiques\/amerikanischer-soldatenfriedhof-luxemburg\/\",\"name\":\"Zweiter Weltkrieg: Amerikanischer Soldatenfriedhof Luxemburg\",\"isPartOf\":{\"@id\":\"https:\/\/www.landofmemory.eu\/#website\"},\"primaryImageOfPage\":{\"@id\":\"https:\/\/www.landofmemory.eu\/de\/sites-historiques\/amerikanischer-soldatenfriedhof-luxemburg\/#primaryimage\"},\"image\":{\"@id\":\"https:\/\/www.landofmemory.eu\/de\/sites-historiques\/amerikanischer-soldatenfriedhof-luxemburg\/#primaryimage\"},\"thumbnailUrl\":\"https:\/\/www.landofmemory.eu\/wp-content\/uploads\/2021\/09\/Design-sans-titre-161-1.jpg\",\"datePublished\":\"2021-10-12T13:36:29+00:00\",\"dateModified\":\"2022-08-01T13:50:27+00:00\",\"description\":\"Der amerikanische Friedhof in Luxemburg empf\u00e4ngt die gefallenen alliierten Soldaten an ihrer letzten Ruhest\u00e4tte.\",\"breadcrumb\":{\"@id\":\"https:\/\/www.landofmemory.eu\/de\/sites-historiques\/amerikanischer-soldatenfriedhof-luxemburg\/#breadcrumb\"},\"inLanguage\":\"de\",\"potentialAction\":[{\"@type\":\"ReadAction\",\"target\":[\"https:\/\/www.landofmemory.eu\/de\/sites-historiques\/amerikanischer-soldatenfriedhof-luxemburg\/\"]}]},{\"@type\":\"ImageObject\",\"inLanguage\":\"de\",\"@id\":\"https:\/\/www.landofmemory.eu\/de\/sites-historiques\/amerikanischer-soldatenfriedhof-luxemburg\/#primaryimage\",\"url\":\"https:\/\/www.landofmemory.eu\/wp-content\/uploads\/2021\/09\/Design-sans-titre-161-1.jpg\",\"contentUrl\":\"https:\/\/www.landofmemory.eu\/wp-content\/uploads\/2021\/09\/Design-sans-titre-161-1.jpg\"},{\"@type\":\"BreadcrumbList\",\"@id\":\"https:\/\/www.landofmemory.eu\/de\/sites-historiques\/amerikanischer-soldatenfriedhof-luxemburg\/#breadcrumb\",\"itemListElement\":[{\"@type\":\"ListItem\",\"position\":1,\"name\":\"Accueil\",\"item\":\"https:\/\/www.landofmemory.eu\/\"},{\"@type\":\"ListItem\",\"position\":2,\"name\":\"Amerikanischer Soldatenfriedhof Luxemburg\"}]},{\"@type\":\"WebSite\",\"@id\":\"https:\/\/www.landofmemory.eu\/#website\",\"url\":\"https:\/\/www.landofmemory.eu\/\",\"name\":\"Land Of Memory\",\"description\":\"L&#039;histoire commence ici\",\"publisher\":{\"@id\":\"https:\/\/www.landofmemory.eu\/#organization\"},\"potentialAction\":[{\"@type\":\"SearchAction\",\"target\":{\"@type\":\"EntryPoint\",\"urlTemplate\":\"https:\/\/www.landofmemory.eu\/?s={search_term_string}\"},\"query-input\":{\"@type\":\"PropertyValueSpecification\",\"valueRequired\":true,\"valueName\":\"search_term_string\"}}],\"inLanguage\":\"de\"},{\"@type\":\"Organization\",\"@id\":\"https:\/\/www.landofmemory.eu\/#organization\",\"name\":\"Land Of Memory\",\"url\":\"https:\/\/www.landofmemory.eu\/\",\"logo\":{\"@type\":\"ImageObject\",\"inLanguage\":\"de\",\"@id\":\"https:\/\/www.landofmemory.eu\/#\/schema\/logo\/image\/\",\"url\":\"https:\/\/www.landofmemory.eu\/wp-content\/uploads\/2022\/10\/logo-land-of-memory.jpg\",\"contentUrl\":\"https:\/\/www.landofmemory.eu\/wp-content\/uploads\/2022\/10\/logo-land-of-memory.jpg\",\"width\":1000,\"height\":500,\"caption\":\"Land Of Memory\"},\"image\":{\"@id\":\"https:\/\/www.landofmemory.eu\/#\/schema\/logo\/image\/\"},\"sameAs\":[\"https:\/\/www.facebook.com\/landofmemory.eu\",\"https:\/\/www.instagram.com\/landofmemory_eu\/\"]}]}<\/script>\n<!-- \/ Yoast SEO plugin. -->","yoast_head_json":{"title":"Zweiter Weltkrieg: Amerikanischer Soldatenfriedhof Luxemburg","description":"Der amerikanische Friedhof in Luxemburg empf\u00e4ngt die gefallenen alliierten Soldaten an ihrer letzten Ruhest\u00e4tte.","robots":{"index":"index","follow":"follow","max-snippet":"max-snippet:-1","max-image-preview":"max-image-preview:large","max-video-preview":"max-video-preview:-1"},"canonical":"https:\/\/www.landofmemory.eu\/de\/sites-historiques\/amerikanischer-soldatenfriedhof-luxemburg\/","og_locale":"de_DE","og_type":"article","og_title":"Zweiter Weltkrieg: Amerikanischer Soldatenfriedhof Luxemburg","og_description":"Der amerikanische Friedhof in Luxemburg empf\u00e4ngt die gefallenen alliierten Soldaten an ihrer letzten Ruhest\u00e4tte.","og_url":"https:\/\/www.landofmemory.eu\/de\/sites-historiques\/amerikanischer-soldatenfriedhof-luxemburg\/","og_site_name":"Land Of Memory","article_publisher":"https:\/\/www.facebook.com\/landofmemory.eu","article_modified_time":"2022-08-01T13:50:27+00:00","og_image":[{"url":"https:\/\/www.landofmemory.eu\/wp-content\/uploads\/2021\/09\/Design-sans-titre-161-1.jpg","type":"","width":"","height":""}],"twitter_card":"summary_large_image","twitter_misc":{"Gesch\u00e4tzte Lesezeit":"1\u00a0Minute"},"schema":{"@context":"https:\/\/schema.org","@graph":[{"@type":"WebPage","@id":"https:\/\/www.landofmemory.eu\/de\/sites-historiques\/amerikanischer-soldatenfriedhof-luxemburg\/","url":"https:\/\/www.landofmemory.eu\/de\/sites-historiques\/amerikanischer-soldatenfriedhof-luxemburg\/","name":"Zweiter Weltkrieg: Amerikanischer Soldatenfriedhof Luxemburg","isPartOf":{"@id":"https:\/\/www.landofmemory.eu\/#website"},"primaryImageOfPage":{"@id":"https:\/\/www.landofmemory.eu\/de\/sites-historiques\/amerikanischer-soldatenfriedhof-luxemburg\/#primaryimage"},"image":{"@id":"https:\/\/www.landofmemory.eu\/de\/sites-historiques\/amerikanischer-soldatenfriedhof-luxemburg\/#primaryimage"},"thumbnailUrl":"https:\/\/www.landofmemory.eu\/wp-content\/uploads\/2021\/09\/Design-sans-titre-161-1.jpg","datePublished":"2021-10-12T13:36:29+00:00","dateModified":"2022-08-01T13:50:27+00:00","description":"Der amerikanische Friedhof in Luxemburg empf\u00e4ngt die gefallenen alliierten Soldaten an ihrer letzten Ruhest\u00e4tte.","breadcrumb":{"@id":"https:\/\/www.landofmemory.eu\/de\/sites-historiques\/amerikanischer-soldatenfriedhof-luxemburg\/#breadcrumb"},"inLanguage":"de","potentialAction":[{"@type":"ReadAction","target":["https:\/\/www.landofmemory.eu\/de\/sites-historiques\/amerikanischer-soldatenfriedhof-luxemburg\/"]}]},{"@type":"ImageObject","inLanguage":"de","@id":"https:\/\/www.landofmemory.eu\/de\/sites-historiques\/amerikanischer-soldatenfriedhof-luxemburg\/#primaryimage","url":"https:\/\/www.landofmemory.eu\/wp-content\/uploads\/2021\/09\/Design-sans-titre-161-1.jpg","contentUrl":"https:\/\/www.landofmemory.eu\/wp-content\/uploads\/2021\/09\/Design-sans-titre-161-1.jpg"},{"@type":"BreadcrumbList","@id":"https:\/\/www.landofmemory.eu\/de\/sites-historiques\/amerikanischer-soldatenfriedhof-luxemburg\/#breadcrumb","itemListElement":[{"@type":"ListItem","position":1,"name":"Accueil","item":"https:\/\/www.landofmemory.eu\/"},{"@type":"ListItem","position":2,"name":"Amerikanischer Soldatenfriedhof Luxemburg"}]},{"@type":"WebSite","@id":"https:\/\/www.landofmemory.eu\/#website","url":"https:\/\/www.landofmemory.eu\/","name":"Land Of Memory","description":"L&#039;histoire commence ici","publisher":{"@id":"https:\/\/www.landofmemory.eu\/#organization"},"potentialAction":[{"@type":"SearchAction","target":{"@type":"EntryPoint","urlTemplate":"https:\/\/www.landofmemory.eu\/?s={search_term_string}"},"query-input":{"@type":"PropertyValueSpecification","valueRequired":true,"valueName":"search_term_string"}}],"inLanguage":"de"},{"@type":"Organization","@id":"https:\/\/www.landofmemory.eu\/#organization","name":"Land Of Memory","url":"https:\/\/www.landofmemory.eu\/","logo":{"@type":"ImageObject","inLanguage":"de","@id":"https:\/\/www.landofmemory.eu\/#\/schema\/logo\/image\/","url":"https:\/\/www.landofmemory.eu\/wp-content\/uploads\/2022\/10\/logo-land-of-memory.jpg","contentUrl":"https:\/\/www.landofmemory.eu\/wp-content\/uploads\/2022\/10\/logo-land-of-memory.jpg","width":1000,"height":500,"caption":"Land Of Memory"},"image":{"@id":"https:\/\/www.landofmemory.eu\/#\/schema\/logo\/image\/"},"sameAs":["https:\/\/www.facebook.com\/landofmemory.eu","https:\/\/www.instagram.com\/landofmemory_eu\/"]}]}},"_links":{"self":[{"href":"https:\/\/www.landofmemory.eu\/de\/wp-json\/wp\/v2\/sites-historiques\/4474","targetHints":{"allow":["GET"]}}],"collection":[{"href":"https:\/\/www.landofmemory.eu\/de\/wp-json\/wp\/v2\/sites-historiques"}],"about":[{"href":"https:\/\/www.landofmemory.eu\/de\/wp-json\/wp\/v2\/types\/sites-historiques"}],"wp:attachment":[{"href":"https:\/\/www.landofmemory.eu\/de\/wp-json\/wp\/v2\/media?parent=4474"}],"wp:term":[{"taxonomy":"type_site","embeddable":true,"href":"https:\/\/www.landofmemory.eu\/de\/wp-json\/wp\/v2\/type_site?post=4474"}],"curies":[{"name":"wp","href":"https:\/\/api.w.org\/{rel}","templated":true}]}}