{"id":4489,"date":"2021-10-13T10:31:00","date_gmt":"2021-10-13T08:31:00","guid":{"rendered":"https:\/\/www.landofmemory.eu\/sites-historiques\/gedenkpfad-am-schumannseck\/"},"modified":"2023-05-05T11:55:50","modified_gmt":"2023-05-05T09:55:50","slug":"gedenkpfad-am-schumannseck","status":"publish","type":"sites-historiques","link":"https:\/\/www.landofmemory.eu\/de\/sites-historiques\/gedenkpfad-am-schumannseck\/","title":{"rendered":"Gedenkpfad am Schumannseck"},"content":{"rendered":"\n<h2 class=\"wp-block-heading\"><strong>Ein Rundgang zwischen Vergangenheit und Gegenwart<\/strong><\/h2>\n\n\n\n<p>Der Wanderweg besteht aus zwei Rundwegen, die f\u00fcr verschiedene Besucherprofile geeignet sind. Der gesamte Rundweg ist 2,8 km lang, sodass Sie etwa zwei Stunden wandern k\u00f6nnen. Ein kleiner Rundgang von etwas mehr als einem Kilometer L\u00e4nge ist ebenfalls m\u00f6glich. Auf jedem Rundgang k\u00f6nnen Sie die noch sichtbaren \u00dcberreste des Krieges entdecken: Foxholes und Krater.\r\n<\/p>\n\n\n\n<p>Der Rundgang wird durch menschengro\u00dfe Silhouettenfiguren aus Fotografien aus der Zeit der Schlacht bereichert. Die meisten dieser Fotos wurden am Schumannseck oder in der n\u00e4heren Umgebung aufgenommen.\r\n<\/p>\n\n\n<div class=\"wp-block-image\">\n<figure class=\"aligncenter size-full is-resized\"><img loading=\"lazy\" decoding=\"async\" src=\"https:\/\/www.landofmemory.eu\/wp-content\/uploads\/2022\/06\/Capture-decran-2022-06-15-a-12.09.25.png\" alt=\"\" class=\"wp-image-9350\" width=\"578\" height=\"607\" srcset=\"https:\/\/www.landofmemory.eu\/wp-content\/uploads\/2022\/06\/Capture-decran-2022-06-15-a-12.09.25.png 803w, https:\/\/www.landofmemory.eu\/wp-content\/uploads\/2022\/06\/Capture-decran-2022-06-15-a-12.09.25-286x300.png 286w, https:\/\/www.landofmemory.eu\/wp-content\/uploads\/2022\/06\/Capture-decran-2022-06-15-a-12.09.25-768x806.png 768w, https:\/\/www.landofmemory.eu\/wp-content\/uploads\/2022\/06\/Capture-decran-2022-06-15-a-12.09.25-600x630.png 600w\" sizes=\"auto, (max-width: 578px) 100vw, 578px\" \/><\/figure>\n<\/div>\n\n\n<p>Entlang der Themen des Pfades bieten QR-Codes Zugang zu mehr als hundert zus\u00e4tzlichen audiovisuellen Zeugnissen (Tonausschnitte, Videos und Archivfotos). Diese QR-Codes sind direkt vor Ort zug\u00e4nglich.\r\n<\/p>\n\n\n\n<p>Die App \u201eN\u00e4chst Statioun\u201c l\u00e4dt dazu ein, entlang des Pfades Abenteuer mit Klaus und Mish zu erleben, den Helden aus der Zeichentrickserie von Zeilt Production, die auf RTL ausgestrahlt wird. <\/p>\n\n\n\n<h2 class=\"wp-block-heading\">Der Durchbruch am &#8222;Schumanns Eck&#8220;<\/h2>\n\n\n\n<p>Am 26. Dezember 1944 organisiert die 3. amerikanische Armee unter der F\u00fchrung von General S. Patton Jr. einen Gegenangriff auf die Stadt Bastogne, die bis dahin von den Deutschen eingekesselt war. Das Ziel der 26. Yankee-Infanteriedivision war es, einen Durchbruch von der Kreuzung Schumanns Eck nach Bras zu schaffen. Die Strategie bestand also darin, die deutschen Truppen einzukesseln, um ihren Vormarsch zu stoppen. Die K\u00e4mpfe w\u00fcteten mit schweren Verlusten auf beiden Seiten des Schlachtfelds.<\/p>\n\n\n\n<p><\/p>\n\n\n\n<p>Die 26. Division sah sich jedoch mit der 9. Volksgrenadierdivision konfrontiert, die den amerikanischen Vormarsch verlangsamte. Tausende von Soldaten verloren bei diesen Zusammenst\u00f6\u00dfen ihr Leben. Wie im Zerm\u00fcrbungskrieg des Ersten Weltkriegs erstarrte die Front 15 Tage.<\/p>\n\n\n\n<p><\/p>\n\n\n\n<p>Am 9. Januar 1945 gelang den &#8222;Yankees&#8220; und der 90. amerikanischen Division ein Durchbruch an der deutschen Front, um Berl\u00e9 einzunehmen. Am 21. Januar 1945 wurde die Stadt Wiltz schlie\u00dflich befreit. Die amerikanische 26th Division und die 6th Cavalry Group \u00fcbernahmen die Kontrolle \u00fcber das Gebiet.\r\n<\/p>\n\n\n\n<p><\/p>\n\n\n\n<p>Der Pfad der Erinnerung ist der Weg, der zum Denkmal &#8222;Massengrab&#8220; f\u00fchrt, das anl\u00e4sslich des 50. Jahrestages der Befreiung Luxemburgs errichtet wurde. Es befindet sich dort, wo deutsche und amerikanische Soldaten w\u00e4hrend des Krieges vor\u00fcbergehend begraben wurden.<\/p>\n\n\n\n<div style=\"height:100px\" aria-hidden=\"true\" class=\"wp-block-spacer\"><\/div>\n\n\n\n<p><\/p>\n\n\n\n<figure class=\"wp-block-gallery has-nested-images columns-default is-cropped wp-block-gallery-1 is-layout-flex wp-block-gallery-is-layout-flex\">\n<figure class=\"wp-block-image size-large\"><img loading=\"lazy\" decoding=\"async\" width=\"1024\" height=\"684\" data-id=\"3660\" src=\"https:\/\/www.landofmemory.eu\/wp-content\/uploads\/2021\/09\/Schumannseck_Denis_Bdts-2-2-1024x684.jpg\" alt=\"Repr\u00e9sentation de la Bataille des Ardennes.\" class=\"wp-image-3660\" srcset=\"https:\/\/www.landofmemory.eu\/wp-content\/uploads\/2021\/09\/Schumannseck_Denis_Bdts-2-2-1024x684.jpg 1024w, https:\/\/www.landofmemory.eu\/wp-content\/uploads\/2021\/09\/Schumannseck_Denis_Bdts-2-2-300x200.jpg 300w, https:\/\/www.landofmemory.eu\/wp-content\/uploads\/2021\/09\/Schumannseck_Denis_Bdts-2-2-768x513.jpg 768w, https:\/\/www.landofmemory.eu\/wp-content\/uploads\/2021\/09\/Schumannseck_Denis_Bdts-2-2-1536x1026.jpg 1536w, https:\/\/www.landofmemory.eu\/wp-content\/uploads\/2021\/09\/Schumannseck_Denis_Bdts-2-2-600x401.jpg 600w, https:\/\/www.landofmemory.eu\/wp-content\/uploads\/2021\/09\/Schumannseck_Denis_Bdts-2-2.jpg 2005w\" sizes=\"auto, (max-width: 1024px) 100vw, 1024px\" \/><figcaption class=\"wp-element-caption\">\u00a9 Land of Memory<\/figcaption><\/figure>\n\n\n\n<figure class=\"wp-block-image size-large\"><img loading=\"lazy\" decoding=\"async\" width=\"1024\" height=\"684\" data-id=\"3664\" src=\"https:\/\/www.landofmemory.eu\/wp-content\/uploads\/2021\/09\/Schumannseck_Denis_Bdts-3-2-1024x684.jpg\" alt=\"Repr\u00e9sentation des civils exil\u00e9s.\" class=\"wp-image-3664\" srcset=\"https:\/\/www.landofmemory.eu\/wp-content\/uploads\/2021\/09\/Schumannseck_Denis_Bdts-3-2-1024x684.jpg 1024w, https:\/\/www.landofmemory.eu\/wp-content\/uploads\/2021\/09\/Schumannseck_Denis_Bdts-3-2-300x200.jpg 300w, https:\/\/www.landofmemory.eu\/wp-content\/uploads\/2021\/09\/Schumannseck_Denis_Bdts-3-2-768x513.jpg 768w, https:\/\/www.landofmemory.eu\/wp-content\/uploads\/2021\/09\/Schumannseck_Denis_Bdts-3-2-1536x1026.jpg 1536w, https:\/\/www.landofmemory.eu\/wp-content\/uploads\/2021\/09\/Schumannseck_Denis_Bdts-3-2-600x401.jpg 600w, https:\/\/www.landofmemory.eu\/wp-content\/uploads\/2021\/09\/Schumannseck_Denis_Bdts-3-2.jpg 2005w\" sizes=\"auto, (max-width: 1024px) 100vw, 1024px\" \/><figcaption class=\"wp-element-caption\">\u00a9 Land of Memory<\/figcaption><\/figure>\n\n\n\n<figure class=\"wp-block-image size-large\"><img loading=\"lazy\" decoding=\"async\" width=\"1024\" height=\"684\" data-id=\"3668\" src=\"https:\/\/www.landofmemory.eu\/wp-content\/uploads\/2021\/09\/Schumannseck_Denis_Bdts-4-2-1024x684.jpg\" alt=\"Construction en bois au Shumannseck.\" class=\"wp-image-3668\" srcset=\"https:\/\/www.landofmemory.eu\/wp-content\/uploads\/2021\/09\/Schumannseck_Denis_Bdts-4-2-1024x684.jpg 1024w, https:\/\/www.landofmemory.eu\/wp-content\/uploads\/2021\/09\/Schumannseck_Denis_Bdts-4-2-300x200.jpg 300w, https:\/\/www.landofmemory.eu\/wp-content\/uploads\/2021\/09\/Schumannseck_Denis_Bdts-4-2-768x513.jpg 768w, https:\/\/www.landofmemory.eu\/wp-content\/uploads\/2021\/09\/Schumannseck_Denis_Bdts-4-2-1536x1026.jpg 1536w, https:\/\/www.landofmemory.eu\/wp-content\/uploads\/2021\/09\/Schumannseck_Denis_Bdts-4-2-600x401.jpg 600w, https:\/\/www.landofmemory.eu\/wp-content\/uploads\/2021\/09\/Schumannseck_Denis_Bdts-4-2.jpg 2005w\" sizes=\"auto, (max-width: 1024px) 100vw, 1024px\" \/><figcaption class=\"wp-element-caption\">\u00a9 Land of Memory<\/figcaption><\/figure>\n\n\n\n<figure class=\"wp-block-image size-large\"><img loading=\"lazy\" decoding=\"async\" width=\"1024\" height=\"684\" data-id=\"3672\" src=\"https:\/\/www.landofmemory.eu\/wp-content\/uploads\/2021\/09\/Schumannseck_Denis_Bdts-5-2-1024x684.jpg\" alt=\"Rencontre entre un allemand et un luxembourgeois.\" class=\"wp-image-3672\" srcset=\"https:\/\/www.landofmemory.eu\/wp-content\/uploads\/2021\/09\/Schumannseck_Denis_Bdts-5-2-1024x684.jpg 1024w, https:\/\/www.landofmemory.eu\/wp-content\/uploads\/2021\/09\/Schumannseck_Denis_Bdts-5-2-300x200.jpg 300w, https:\/\/www.landofmemory.eu\/wp-content\/uploads\/2021\/09\/Schumannseck_Denis_Bdts-5-2-768x513.jpg 768w, https:\/\/www.landofmemory.eu\/wp-content\/uploads\/2021\/09\/Schumannseck_Denis_Bdts-5-2-1536x1026.jpg 1536w, https:\/\/www.landofmemory.eu\/wp-content\/uploads\/2021\/09\/Schumannseck_Denis_Bdts-5-2-600x401.jpg 600w, https:\/\/www.landofmemory.eu\/wp-content\/uploads\/2021\/09\/Schumannseck_Denis_Bdts-5-2.jpg 2005w\" sizes=\"auto, (max-width: 1024px) 100vw, 1024px\" \/><figcaption class=\"wp-element-caption\">\u00a9 Land of Memory<\/figcaption><\/figure>\n<\/figure>\n","protected":false},"template":"","type_site":[69],"class_list":["post-4489","sites-historiques","type-sites-historiques","status-publish","hentry","type_site-themenpfaden-weltkriegen"],"acf":[],"yoast_head":"<!-- This site is optimized with the Yoast SEO plugin v26.0 - https:\/\/yoast.com\/wordpress\/plugins\/seo\/ -->\n<title>Zweiter Weltkrieg : Gedenkpfad am Schumannseck<\/title>\n<meta name=\"description\" content=\"Am 26. Dezember 1944 organisiert die 3. amerikanische Armee unter der F\u00fchrung von General S. Patton Jr. einen Gegenangriff auf die Stadt Bastogne.\" \/>\n<meta name=\"robots\" content=\"index, follow, max-snippet:-1, max-image-preview:large, max-video-preview:-1\" \/>\n<link rel=\"canonical\" href=\"https:\/\/www.landofmemory.eu\/de\/sites-historiques\/gedenkpfad-am-schumannseck\/\" \/>\n<meta property=\"og:locale\" content=\"de_DE\" \/>\n<meta property=\"og:type\" content=\"article\" \/>\n<meta property=\"og:title\" content=\"Zweiter Weltkrieg : Gedenkpfad am Schumannseck\" \/>\n<meta property=\"og:description\" content=\"Am 26. Dezember 1944 organisiert die 3. amerikanische Armee unter der F\u00fchrung von General S. Patton Jr. einen Gegenangriff auf die Stadt Bastogne.\" \/>\n<meta property=\"og:url\" content=\"https:\/\/www.landofmemory.eu\/de\/sites-historiques\/gedenkpfad-am-schumannseck\/\" \/>\n<meta property=\"og:site_name\" content=\"Land Of Memory\" \/>\n<meta property=\"article:publisher\" content=\"https:\/\/www.facebook.com\/landofmemory.eu\" \/>\n<meta property=\"article:modified_time\" content=\"2023-05-05T09:55:50+00:00\" \/>\n<meta property=\"og:image\" content=\"https:\/\/www.landofmemory.eu\/wp-content\/uploads\/2022\/06\/Capture-decran-2022-06-15-a-12.09.25.png\" \/>\n<meta name=\"twitter:card\" content=\"summary_large_image\" \/>\n<meta name=\"twitter:label1\" content=\"Gesch\u00e4tzte Lesezeit\" \/>\n\t<meta name=\"twitter:data1\" content=\"2\u00a0Minuten\" \/>\n<script type=\"application\/ld+json\" class=\"yoast-schema-graph\">{\"@context\":\"https:\/\/schema.org\",\"@graph\":[{\"@type\":\"WebPage\",\"@id\":\"https:\/\/www.landofmemory.eu\/de\/sites-historiques\/gedenkpfad-am-schumannseck\/\",\"url\":\"https:\/\/www.landofmemory.eu\/de\/sites-historiques\/gedenkpfad-am-schumannseck\/\",\"name\":\"Zweiter Weltkrieg : Gedenkpfad am Schumannseck\",\"isPartOf\":{\"@id\":\"https:\/\/www.landofmemory.eu\/#website\"},\"primaryImageOfPage\":{\"@id\":\"https:\/\/www.landofmemory.eu\/de\/sites-historiques\/gedenkpfad-am-schumannseck\/#primaryimage\"},\"image\":{\"@id\":\"https:\/\/www.landofmemory.eu\/de\/sites-historiques\/gedenkpfad-am-schumannseck\/#primaryimage\"},\"thumbnailUrl\":\"https:\/\/www.landofmemory.eu\/wp-content\/uploads\/2022\/06\/Capture-decran-2022-06-15-a-12.09.25.png\",\"datePublished\":\"2021-10-13T08:31:00+00:00\",\"dateModified\":\"2023-05-05T09:55:50+00:00\",\"description\":\"Am 26. Dezember 1944 organisiert die 3. amerikanische Armee unter der F\u00fchrung von General S. Patton Jr. einen Gegenangriff auf die Stadt Bastogne.\",\"breadcrumb\":{\"@id\":\"https:\/\/www.landofmemory.eu\/de\/sites-historiques\/gedenkpfad-am-schumannseck\/#breadcrumb\"},\"inLanguage\":\"de\",\"potentialAction\":[{\"@type\":\"ReadAction\",\"target\":[\"https:\/\/www.landofmemory.eu\/de\/sites-historiques\/gedenkpfad-am-schumannseck\/\"]}]},{\"@type\":\"ImageObject\",\"inLanguage\":\"de\",\"@id\":\"https:\/\/www.landofmemory.eu\/de\/sites-historiques\/gedenkpfad-am-schumannseck\/#primaryimage\",\"url\":\"https:\/\/www.landofmemory.eu\/wp-content\/uploads\/2022\/06\/Capture-decran-2022-06-15-a-12.09.25.png\",\"contentUrl\":\"https:\/\/www.landofmemory.eu\/wp-content\/uploads\/2022\/06\/Capture-decran-2022-06-15-a-12.09.25.png\"},{\"@type\":\"BreadcrumbList\",\"@id\":\"https:\/\/www.landofmemory.eu\/de\/sites-historiques\/gedenkpfad-am-schumannseck\/#breadcrumb\",\"itemListElement\":[{\"@type\":\"ListItem\",\"position\":1,\"name\":\"Accueil\",\"item\":\"https:\/\/www.landofmemory.eu\/\"},{\"@type\":\"ListItem\",\"position\":2,\"name\":\"Gedenkpfad am Schumannseck\"}]},{\"@type\":\"WebSite\",\"@id\":\"https:\/\/www.landofmemory.eu\/#website\",\"url\":\"https:\/\/www.landofmemory.eu\/\",\"name\":\"Land Of Memory\",\"description\":\"L&#039;histoire commence ici\",\"publisher\":{\"@id\":\"https:\/\/www.landofmemory.eu\/#organization\"},\"potentialAction\":[{\"@type\":\"SearchAction\",\"target\":{\"@type\":\"EntryPoint\",\"urlTemplate\":\"https:\/\/www.landofmemory.eu\/?s={search_term_string}\"},\"query-input\":{\"@type\":\"PropertyValueSpecification\",\"valueRequired\":true,\"valueName\":\"search_term_string\"}}],\"inLanguage\":\"de\"},{\"@type\":\"Organization\",\"@id\":\"https:\/\/www.landofmemory.eu\/#organization\",\"name\":\"Land Of Memory\",\"url\":\"https:\/\/www.landofmemory.eu\/\",\"logo\":{\"@type\":\"ImageObject\",\"inLanguage\":\"de\",\"@id\":\"https:\/\/www.landofmemory.eu\/#\/schema\/logo\/image\/\",\"url\":\"https:\/\/www.landofmemory.eu\/wp-content\/uploads\/2022\/10\/logo-land-of-memory.jpg\",\"contentUrl\":\"https:\/\/www.landofmemory.eu\/wp-content\/uploads\/2022\/10\/logo-land-of-memory.jpg\",\"width\":1000,\"height\":500,\"caption\":\"Land Of Memory\"},\"image\":{\"@id\":\"https:\/\/www.landofmemory.eu\/#\/schema\/logo\/image\/\"},\"sameAs\":[\"https:\/\/www.facebook.com\/landofmemory.eu\",\"https:\/\/www.instagram.com\/landofmemory_eu\/\"]}]}<\/script>\n<!-- \/ Yoast SEO plugin. -->","yoast_head_json":{"title":"Zweiter Weltkrieg : Gedenkpfad am Schumannseck","description":"Am 26. Dezember 1944 organisiert die 3. amerikanische Armee unter der F\u00fchrung von General S. Patton Jr. einen Gegenangriff auf die Stadt Bastogne.","robots":{"index":"index","follow":"follow","max-snippet":"max-snippet:-1","max-image-preview":"max-image-preview:large","max-video-preview":"max-video-preview:-1"},"canonical":"https:\/\/www.landofmemory.eu\/de\/sites-historiques\/gedenkpfad-am-schumannseck\/","og_locale":"de_DE","og_type":"article","og_title":"Zweiter Weltkrieg : Gedenkpfad am Schumannseck","og_description":"Am 26. Dezember 1944 organisiert die 3. amerikanische Armee unter der F\u00fchrung von General S. Patton Jr. einen Gegenangriff auf die Stadt Bastogne.","og_url":"https:\/\/www.landofmemory.eu\/de\/sites-historiques\/gedenkpfad-am-schumannseck\/","og_site_name":"Land Of Memory","article_publisher":"https:\/\/www.facebook.com\/landofmemory.eu","article_modified_time":"2023-05-05T09:55:50+00:00","og_image":[{"url":"https:\/\/www.landofmemory.eu\/wp-content\/uploads\/2022\/06\/Capture-decran-2022-06-15-a-12.09.25.png","type":"","width":"","height":""}],"twitter_card":"summary_large_image","twitter_misc":{"Gesch\u00e4tzte Lesezeit":"2\u00a0Minuten"},"schema":{"@context":"https:\/\/schema.org","@graph":[{"@type":"WebPage","@id":"https:\/\/www.landofmemory.eu\/de\/sites-historiques\/gedenkpfad-am-schumannseck\/","url":"https:\/\/www.landofmemory.eu\/de\/sites-historiques\/gedenkpfad-am-schumannseck\/","name":"Zweiter Weltkrieg : Gedenkpfad am Schumannseck","isPartOf":{"@id":"https:\/\/www.landofmemory.eu\/#website"},"primaryImageOfPage":{"@id":"https:\/\/www.landofmemory.eu\/de\/sites-historiques\/gedenkpfad-am-schumannseck\/#primaryimage"},"image":{"@id":"https:\/\/www.landofmemory.eu\/de\/sites-historiques\/gedenkpfad-am-schumannseck\/#primaryimage"},"thumbnailUrl":"https:\/\/www.landofmemory.eu\/wp-content\/uploads\/2022\/06\/Capture-decran-2022-06-15-a-12.09.25.png","datePublished":"2021-10-13T08:31:00+00:00","dateModified":"2023-05-05T09:55:50+00:00","description":"Am 26. Dezember 1944 organisiert die 3. amerikanische Armee unter der F\u00fchrung von General S. Patton Jr. einen Gegenangriff auf die Stadt Bastogne.","breadcrumb":{"@id":"https:\/\/www.landofmemory.eu\/de\/sites-historiques\/gedenkpfad-am-schumannseck\/#breadcrumb"},"inLanguage":"de","potentialAction":[{"@type":"ReadAction","target":["https:\/\/www.landofmemory.eu\/de\/sites-historiques\/gedenkpfad-am-schumannseck\/"]}]},{"@type":"ImageObject","inLanguage":"de","@id":"https:\/\/www.landofmemory.eu\/de\/sites-historiques\/gedenkpfad-am-schumannseck\/#primaryimage","url":"https:\/\/www.landofmemory.eu\/wp-content\/uploads\/2022\/06\/Capture-decran-2022-06-15-a-12.09.25.png","contentUrl":"https:\/\/www.landofmemory.eu\/wp-content\/uploads\/2022\/06\/Capture-decran-2022-06-15-a-12.09.25.png"},{"@type":"BreadcrumbList","@id":"https:\/\/www.landofmemory.eu\/de\/sites-historiques\/gedenkpfad-am-schumannseck\/#breadcrumb","itemListElement":[{"@type":"ListItem","position":1,"name":"Accueil","item":"https:\/\/www.landofmemory.eu\/"},{"@type":"ListItem","position":2,"name":"Gedenkpfad am Schumannseck"}]},{"@type":"WebSite","@id":"https:\/\/www.landofmemory.eu\/#website","url":"https:\/\/www.landofmemory.eu\/","name":"Land Of Memory","description":"L&#039;histoire commence ici","publisher":{"@id":"https:\/\/www.landofmemory.eu\/#organization"},"potentialAction":[{"@type":"SearchAction","target":{"@type":"EntryPoint","urlTemplate":"https:\/\/www.landofmemory.eu\/?s={search_term_string}"},"query-input":{"@type":"PropertyValueSpecification","valueRequired":true,"valueName":"search_term_string"}}],"inLanguage":"de"},{"@type":"Organization","@id":"https:\/\/www.landofmemory.eu\/#organization","name":"Land Of Memory","url":"https:\/\/www.landofmemory.eu\/","logo":{"@type":"ImageObject","inLanguage":"de","@id":"https:\/\/www.landofmemory.eu\/#\/schema\/logo\/image\/","url":"https:\/\/www.landofmemory.eu\/wp-content\/uploads\/2022\/10\/logo-land-of-memory.jpg","contentUrl":"https:\/\/www.landofmemory.eu\/wp-content\/uploads\/2022\/10\/logo-land-of-memory.jpg","width":1000,"height":500,"caption":"Land Of Memory"},"image":{"@id":"https:\/\/www.landofmemory.eu\/#\/schema\/logo\/image\/"},"sameAs":["https:\/\/www.facebook.com\/landofmemory.eu","https:\/\/www.instagram.com\/landofmemory_eu\/"]}]}},"_links":{"self":[{"href":"https:\/\/www.landofmemory.eu\/de\/wp-json\/wp\/v2\/sites-historiques\/4489","targetHints":{"allow":["GET"]}}],"collection":[{"href":"https:\/\/www.landofmemory.eu\/de\/wp-json\/wp\/v2\/sites-historiques"}],"about":[{"href":"https:\/\/www.landofmemory.eu\/de\/wp-json\/wp\/v2\/types\/sites-historiques"}],"wp:attachment":[{"href":"https:\/\/www.landofmemory.eu\/de\/wp-json\/wp\/v2\/media?parent=4489"}],"wp:term":[{"taxonomy":"type_site","embeddable":true,"href":"https:\/\/www.landofmemory.eu\/de\/wp-json\/wp\/v2\/type_site?post=4489"}],"curies":[{"name":"wp","href":"https:\/\/api.w.org\/{rel}","templated":true}]}}