{"id":4971,"date":"2021-10-21T14:03:50","date_gmt":"2021-10-21T12:03:50","guid":{"rendered":"https:\/\/www.landofmemory.eu\/sites-historiques\/deutscher-soldatenfriedhof-recogne\/"},"modified":"2022-09-22T15:05:51","modified_gmt":"2022-09-22T13:05:51","slug":"deutscher-soldatenfriedhof-recogne","status":"publish","type":"sites-historiques","link":"https:\/\/www.landofmemory.eu\/de\/sites-historiques\/deutscher-soldatenfriedhof-recogne\/","title":{"rendered":"Deutscher Soldatenfriedhof Recogne"},"content":{"rendered":"\n<h2 class=\"wp-block-heading\"><strong>Steine der Erinnerung: ein Ort des Gedenkens<\/strong><\/h2>\n\n<div class=\"wp-block-columns is-layout-flex wp-container-core-columns-is-layout-9d6595d7 wp-block-columns-is-layout-flex\">\n<div class=\"wp-block-column is-vertically-aligned-center is-layout-flow wp-block-column-is-layout-flow\">\n<div class=\"wp-block-image\"><figure class=\"alignright size-large is-resized\"><img loading=\"lazy\" decoding=\"async\" src=\"https:\/\/www.landofmemory.eu\/wp-content\/uploads\/2021\/10\/Cimetiere-Allemand-Recogne_Denis_Bdts-4-2-1024x684.jpg\" alt=\"Deutsche Gr&#xE4;ber auf dem Friedhof von Recogne.\" class=\"wp-image-3998\" width=\"419\" height=\"279\" srcset=\"https:\/\/www.landofmemory.eu\/wp-content\/uploads\/2021\/10\/Cimetiere-Allemand-Recogne_Denis_Bdts-4-2-1024x684.jpg 1024w, https:\/\/www.landofmemory.eu\/wp-content\/uploads\/2021\/10\/Cimetiere-Allemand-Recogne_Denis_Bdts-4-2-300x200.jpg 300w, https:\/\/www.landofmemory.eu\/wp-content\/uploads\/2021\/10\/Cimetiere-Allemand-Recogne_Denis_Bdts-4-2-768x513.jpg 768w, https:\/\/www.landofmemory.eu\/wp-content\/uploads\/2021\/10\/Cimetiere-Allemand-Recogne_Denis_Bdts-4-2-1536x1025.jpg 1536w, https:\/\/www.landofmemory.eu\/wp-content\/uploads\/2021\/10\/Cimetiere-Allemand-Recogne_Denis_Bdts-4-2-2048x1367.jpg 2048w, https:\/\/www.landofmemory.eu\/wp-content\/uploads\/2021\/10\/Cimetiere-Allemand-Recogne_Denis_Bdts-4-2-600x401.jpg 600w\" sizes=\"auto, (max-width: 419px) 100vw, 419px\" \/><figcaption>\u00a9 Land of Memory<\/figcaption><\/figure><\/div>\n<\/div>\n\n\n\n<div class=\"wp-block-column is-vertically-aligned-center is-layout-flow wp-block-column-is-layout-flow\">\n<p>Auf diesem Friedhof, der am 25. September 1960 eingeweiht wurde, sind 6810&#13;\ndeutsche Soldaten bestattet. <\/p>\n\n\n\n<p><\/p>\n\n\n\n<p>1945 hatten die Amerikaner in diesem an Foy angrenzenden Dorf einen ersten provisorischen Friedhof angelegt. Die beiden Begr\u00e4bnisst\u00e4tten, die amerikanische und die deutsche, lagen einander gegen\u00fcber.<\/p>\n\n\n\n<p><\/p>\n\n\n\n<p>En 1948, les combattants am\u00e9ricains sont transf\u00e9r\u00e9s dans le grand <a href=\"https:\/\/www.landofmemory.eu\/sites-historiques\/cimetiere-americain-henry-chapelle\/\" target=\"_blank\" rel=\"noreferrer noopener\">cimeti\u00e8re d&#8217;Henri-Chapelle<\/a>. Restera le cimeti\u00e8re militaire allemand qui recevra les d\u00e9pouilles de soldats abattus dans d&#8217;autres combats. <\/p>\n<\/div>\n<\/div>\n\n<div style=\"height:100px\" aria-hidden=\"true\" class=\"wp-block-spacer\"><\/div>\n\n<div class=\"wp-block-columns is-layout-flex wp-container-core-columns-is-layout-9d6595d7 wp-block-columns-is-layout-flex\">\n<div class=\"wp-block-column is-vertically-aligned-center is-layout-flow wp-block-column-is-layout-flow\">\n<p><\/p>\n\n\n\n<p>Im Jahr 1954 gestaltete der Volksbund &#8222;Deutsche&#13;\nKriegsgr\u00e4berf\u00fcrsorge&#8220; den Platz neu. Eine Mauer und eine Kapelle aus rotem Eifelsandstein wurden errichtet. Die Kreuze, die urspr\u00fcnglich aus Beton gefertigt waren, wurden durch Kreuze aus Naturstein ersetzt. Jugendliche aus 6 Nationen boten spontan ihre Hilfe bei der Errichtung des Friedhofszauns und der Rasenfl\u00e4che f\u00fcr die Gr\u00e4ber an.<\/p>\n<\/div>\n\n\n\n<div class=\"wp-block-column is-vertically-aligned-center is-layout-flow wp-block-column-is-layout-flow\">\n<figure class=\"wp-block-image size-large is-resized\"><img loading=\"lazy\" decoding=\"async\" src=\"https:\/\/www.landofmemory.eu\/wp-content\/uploads\/2021\/10\/Cimetiere-Allemand-Recogne_Denis_Bdts-6-1-684x1024.jpg\" alt=\"Kapelle auf dem Friedhof von Recogne.\" class=\"wp-image-4006\" width=\"338\" height=\"505\" srcset=\"https:\/\/www.landofmemory.eu\/wp-content\/uploads\/2021\/10\/Cimetiere-Allemand-Recogne_Denis_Bdts-6-1-684x1024.jpg 684w, https:\/\/www.landofmemory.eu\/wp-content\/uploads\/2021\/10\/Cimetiere-Allemand-Recogne_Denis_Bdts-6-1-200x300.jpg 200w, https:\/\/www.landofmemory.eu\/wp-content\/uploads\/2021\/10\/Cimetiere-Allemand-Recogne_Denis_Bdts-6-1-768x1150.jpg 768w, https:\/\/www.landofmemory.eu\/wp-content\/uploads\/2021\/10\/Cimetiere-Allemand-Recogne_Denis_Bdts-6-1-1367x2048.jpg 1367w, https:\/\/www.landofmemory.eu\/wp-content\/uploads\/2021\/10\/Cimetiere-Allemand-Recogne_Denis_Bdts-6-1-scaled.jpg 1709w\" sizes=\"auto, (max-width: 338px) 100vw, 338px\" \/><figcaption>\u00a9 Land of Memory<\/figcaption><\/figure>\n<\/div>\n<\/div>\n\n<p><\/p>\n","protected":false},"template":"","type_site":[51],"class_list":["post-4971","sites-historiques","type-sites-historiques","status-publish","hentry","type_site-weltkriegsfriedhofe"],"acf":[],"yoast_head":"<!-- This site is optimized with the Yoast SEO plugin v26.0 - https:\/\/yoast.com\/wordpress\/plugins\/seo\/ -->\n<title>Zweiter Weltkrieg: Deutscher Soldatenfriedhof Recogne<\/title>\n<meta name=\"description\" content=\"Der deutsche Soldatenfriedhof Recogne ehrt die deutschen Soldaten, die w\u00e4hrend des Zweiten Weltkriegs ihr Leben verloren haben.\" \/>\n<meta name=\"robots\" content=\"index, follow, max-snippet:-1, max-image-preview:large, max-video-preview:-1\" \/>\n<link rel=\"canonical\" href=\"https:\/\/www.landofmemory.eu\/de\/sites-historiques\/deutscher-soldatenfriedhof-recogne\/\" \/>\n<meta property=\"og:locale\" content=\"de_DE\" \/>\n<meta property=\"og:type\" content=\"article\" \/>\n<meta property=\"og:title\" content=\"Zweiter Weltkrieg: Deutscher Soldatenfriedhof Recogne\" \/>\n<meta property=\"og:description\" content=\"Der deutsche Soldatenfriedhof Recogne ehrt die deutschen Soldaten, die w\u00e4hrend des Zweiten Weltkriegs ihr Leben verloren haben.\" \/>\n<meta property=\"og:url\" content=\"https:\/\/www.landofmemory.eu\/de\/sites-historiques\/deutscher-soldatenfriedhof-recogne\/\" \/>\n<meta property=\"og:site_name\" content=\"Land Of Memory\" \/>\n<meta property=\"article:publisher\" content=\"https:\/\/www.facebook.com\/landofmemory.eu\" \/>\n<meta property=\"article:modified_time\" content=\"2022-09-22T13:05:51+00:00\" \/>\n<meta property=\"og:image\" content=\"https:\/\/www.landofmemory.eu\/wp-content\/uploads\/2021\/10\/Cimetiere-Allemand-Recogne_Denis_Bdts-4-2-1024x684.jpg\" \/>\n<meta name=\"twitter:card\" content=\"summary_large_image\" \/>\n<meta name=\"twitter:label1\" content=\"Gesch\u00e4tzte Lesezeit\" \/>\n\t<meta name=\"twitter:data1\" content=\"2\u00a0Minuten\" \/>\n<script type=\"application\/ld+json\" class=\"yoast-schema-graph\">{\"@context\":\"https:\/\/schema.org\",\"@graph\":[{\"@type\":\"WebPage\",\"@id\":\"https:\/\/www.landofmemory.eu\/de\/sites-historiques\/deutscher-soldatenfriedhof-recogne\/\",\"url\":\"https:\/\/www.landofmemory.eu\/de\/sites-historiques\/deutscher-soldatenfriedhof-recogne\/\",\"name\":\"Zweiter Weltkrieg: Deutscher Soldatenfriedhof Recogne\",\"isPartOf\":{\"@id\":\"https:\/\/www.landofmemory.eu\/#website\"},\"primaryImageOfPage\":{\"@id\":\"https:\/\/www.landofmemory.eu\/de\/sites-historiques\/deutscher-soldatenfriedhof-recogne\/#primaryimage\"},\"image\":{\"@id\":\"https:\/\/www.landofmemory.eu\/de\/sites-historiques\/deutscher-soldatenfriedhof-recogne\/#primaryimage\"},\"thumbnailUrl\":\"https:\/\/www.landofmemory.eu\/wp-content\/uploads\/2021\/10\/Cimetiere-Allemand-Recogne_Denis_Bdts-4-2-1024x684.jpg\",\"datePublished\":\"2021-10-21T12:03:50+00:00\",\"dateModified\":\"2022-09-22T13:05:51+00:00\",\"description\":\"Der deutsche Soldatenfriedhof Recogne ehrt die deutschen Soldaten, die w\u00e4hrend des Zweiten Weltkriegs ihr Leben verloren haben.\",\"breadcrumb\":{\"@id\":\"https:\/\/www.landofmemory.eu\/de\/sites-historiques\/deutscher-soldatenfriedhof-recogne\/#breadcrumb\"},\"inLanguage\":\"de\",\"potentialAction\":[{\"@type\":\"ReadAction\",\"target\":[\"https:\/\/www.landofmemory.eu\/de\/sites-historiques\/deutscher-soldatenfriedhof-recogne\/\"]}]},{\"@type\":\"ImageObject\",\"inLanguage\":\"de\",\"@id\":\"https:\/\/www.landofmemory.eu\/de\/sites-historiques\/deutscher-soldatenfriedhof-recogne\/#primaryimage\",\"url\":\"https:\/\/www.landofmemory.eu\/wp-content\/uploads\/2021\/10\/Cimetiere-Allemand-Recogne_Denis_Bdts-4-2-1024x684.jpg\",\"contentUrl\":\"https:\/\/www.landofmemory.eu\/wp-content\/uploads\/2021\/10\/Cimetiere-Allemand-Recogne_Denis_Bdts-4-2-1024x684.jpg\"},{\"@type\":\"BreadcrumbList\",\"@id\":\"https:\/\/www.landofmemory.eu\/de\/sites-historiques\/deutscher-soldatenfriedhof-recogne\/#breadcrumb\",\"itemListElement\":[{\"@type\":\"ListItem\",\"position\":1,\"name\":\"Accueil\",\"item\":\"https:\/\/www.landofmemory.eu\/\"},{\"@type\":\"ListItem\",\"position\":2,\"name\":\"Deutscher Soldatenfriedhof Recogne\"}]},{\"@type\":\"WebSite\",\"@id\":\"https:\/\/www.landofmemory.eu\/#website\",\"url\":\"https:\/\/www.landofmemory.eu\/\",\"name\":\"Land Of Memory\",\"description\":\"L&#039;histoire commence ici\",\"publisher\":{\"@id\":\"https:\/\/www.landofmemory.eu\/#organization\"},\"potentialAction\":[{\"@type\":\"SearchAction\",\"target\":{\"@type\":\"EntryPoint\",\"urlTemplate\":\"https:\/\/www.landofmemory.eu\/?s={search_term_string}\"},\"query-input\":{\"@type\":\"PropertyValueSpecification\",\"valueRequired\":true,\"valueName\":\"search_term_string\"}}],\"inLanguage\":\"de\"},{\"@type\":\"Organization\",\"@id\":\"https:\/\/www.landofmemory.eu\/#organization\",\"name\":\"Land Of Memory\",\"url\":\"https:\/\/www.landofmemory.eu\/\",\"logo\":{\"@type\":\"ImageObject\",\"inLanguage\":\"de\",\"@id\":\"https:\/\/www.landofmemory.eu\/#\/schema\/logo\/image\/\",\"url\":\"https:\/\/www.landofmemory.eu\/wp-content\/uploads\/2022\/10\/logo-land-of-memory.jpg\",\"contentUrl\":\"https:\/\/www.landofmemory.eu\/wp-content\/uploads\/2022\/10\/logo-land-of-memory.jpg\",\"width\":1000,\"height\":500,\"caption\":\"Land Of Memory\"},\"image\":{\"@id\":\"https:\/\/www.landofmemory.eu\/#\/schema\/logo\/image\/\"},\"sameAs\":[\"https:\/\/www.facebook.com\/landofmemory.eu\",\"https:\/\/www.instagram.com\/landofmemory_eu\/\"]}]}<\/script>\n<!-- \/ Yoast SEO plugin. -->","yoast_head_json":{"title":"Zweiter Weltkrieg: Deutscher Soldatenfriedhof Recogne","description":"Der deutsche Soldatenfriedhof Recogne ehrt die deutschen Soldaten, die w\u00e4hrend des Zweiten Weltkriegs ihr Leben verloren haben.","robots":{"index":"index","follow":"follow","max-snippet":"max-snippet:-1","max-image-preview":"max-image-preview:large","max-video-preview":"max-video-preview:-1"},"canonical":"https:\/\/www.landofmemory.eu\/de\/sites-historiques\/deutscher-soldatenfriedhof-recogne\/","og_locale":"de_DE","og_type":"article","og_title":"Zweiter Weltkrieg: Deutscher Soldatenfriedhof Recogne","og_description":"Der deutsche Soldatenfriedhof Recogne ehrt die deutschen Soldaten, die w\u00e4hrend des Zweiten Weltkriegs ihr Leben verloren haben.","og_url":"https:\/\/www.landofmemory.eu\/de\/sites-historiques\/deutscher-soldatenfriedhof-recogne\/","og_site_name":"Land Of Memory","article_publisher":"https:\/\/www.facebook.com\/landofmemory.eu","article_modified_time":"2022-09-22T13:05:51+00:00","og_image":[{"url":"https:\/\/www.landofmemory.eu\/wp-content\/uploads\/2021\/10\/Cimetiere-Allemand-Recogne_Denis_Bdts-4-2-1024x684.jpg","type":"","width":"","height":""}],"twitter_card":"summary_large_image","twitter_misc":{"Gesch\u00e4tzte Lesezeit":"2\u00a0Minuten"},"schema":{"@context":"https:\/\/schema.org","@graph":[{"@type":"WebPage","@id":"https:\/\/www.landofmemory.eu\/de\/sites-historiques\/deutscher-soldatenfriedhof-recogne\/","url":"https:\/\/www.landofmemory.eu\/de\/sites-historiques\/deutscher-soldatenfriedhof-recogne\/","name":"Zweiter Weltkrieg: Deutscher Soldatenfriedhof Recogne","isPartOf":{"@id":"https:\/\/www.landofmemory.eu\/#website"},"primaryImageOfPage":{"@id":"https:\/\/www.landofmemory.eu\/de\/sites-historiques\/deutscher-soldatenfriedhof-recogne\/#primaryimage"},"image":{"@id":"https:\/\/www.landofmemory.eu\/de\/sites-historiques\/deutscher-soldatenfriedhof-recogne\/#primaryimage"},"thumbnailUrl":"https:\/\/www.landofmemory.eu\/wp-content\/uploads\/2021\/10\/Cimetiere-Allemand-Recogne_Denis_Bdts-4-2-1024x684.jpg","datePublished":"2021-10-21T12:03:50+00:00","dateModified":"2022-09-22T13:05:51+00:00","description":"Der deutsche Soldatenfriedhof Recogne ehrt die deutschen Soldaten, die w\u00e4hrend des Zweiten Weltkriegs ihr Leben verloren haben.","breadcrumb":{"@id":"https:\/\/www.landofmemory.eu\/de\/sites-historiques\/deutscher-soldatenfriedhof-recogne\/#breadcrumb"},"inLanguage":"de","potentialAction":[{"@type":"ReadAction","target":["https:\/\/www.landofmemory.eu\/de\/sites-historiques\/deutscher-soldatenfriedhof-recogne\/"]}]},{"@type":"ImageObject","inLanguage":"de","@id":"https:\/\/www.landofmemory.eu\/de\/sites-historiques\/deutscher-soldatenfriedhof-recogne\/#primaryimage","url":"https:\/\/www.landofmemory.eu\/wp-content\/uploads\/2021\/10\/Cimetiere-Allemand-Recogne_Denis_Bdts-4-2-1024x684.jpg","contentUrl":"https:\/\/www.landofmemory.eu\/wp-content\/uploads\/2021\/10\/Cimetiere-Allemand-Recogne_Denis_Bdts-4-2-1024x684.jpg"},{"@type":"BreadcrumbList","@id":"https:\/\/www.landofmemory.eu\/de\/sites-historiques\/deutscher-soldatenfriedhof-recogne\/#breadcrumb","itemListElement":[{"@type":"ListItem","position":1,"name":"Accueil","item":"https:\/\/www.landofmemory.eu\/"},{"@type":"ListItem","position":2,"name":"Deutscher Soldatenfriedhof Recogne"}]},{"@type":"WebSite","@id":"https:\/\/www.landofmemory.eu\/#website","url":"https:\/\/www.landofmemory.eu\/","name":"Land Of Memory","description":"L&#039;histoire commence ici","publisher":{"@id":"https:\/\/www.landofmemory.eu\/#organization"},"potentialAction":[{"@type":"SearchAction","target":{"@type":"EntryPoint","urlTemplate":"https:\/\/www.landofmemory.eu\/?s={search_term_string}"},"query-input":{"@type":"PropertyValueSpecification","valueRequired":true,"valueName":"search_term_string"}}],"inLanguage":"de"},{"@type":"Organization","@id":"https:\/\/www.landofmemory.eu\/#organization","name":"Land Of Memory","url":"https:\/\/www.landofmemory.eu\/","logo":{"@type":"ImageObject","inLanguage":"de","@id":"https:\/\/www.landofmemory.eu\/#\/schema\/logo\/image\/","url":"https:\/\/www.landofmemory.eu\/wp-content\/uploads\/2022\/10\/logo-land-of-memory.jpg","contentUrl":"https:\/\/www.landofmemory.eu\/wp-content\/uploads\/2022\/10\/logo-land-of-memory.jpg","width":1000,"height":500,"caption":"Land Of Memory"},"image":{"@id":"https:\/\/www.landofmemory.eu\/#\/schema\/logo\/image\/"},"sameAs":["https:\/\/www.facebook.com\/landofmemory.eu","https:\/\/www.instagram.com\/landofmemory_eu\/"]}]}},"_links":{"self":[{"href":"https:\/\/www.landofmemory.eu\/de\/wp-json\/wp\/v2\/sites-historiques\/4971","targetHints":{"allow":["GET"]}}],"collection":[{"href":"https:\/\/www.landofmemory.eu\/de\/wp-json\/wp\/v2\/sites-historiques"}],"about":[{"href":"https:\/\/www.landofmemory.eu\/de\/wp-json\/wp\/v2\/types\/sites-historiques"}],"wp:attachment":[{"href":"https:\/\/www.landofmemory.eu\/de\/wp-json\/wp\/v2\/media?parent=4971"}],"wp:term":[{"taxonomy":"type_site","embeddable":true,"href":"https:\/\/www.landofmemory.eu\/de\/wp-json\/wp\/v2\/type_site?post=4971"}],"curies":[{"name":"wp","href":"https:\/\/api.w.org\/{rel}","templated":true}]}}