{"id":4987,"date":"2021-10-21T14:30:32","date_gmt":"2021-10-21T12:30:32","guid":{"rendered":"https:\/\/www.landofmemory.eu\/sites-historiques\/nurses-of-bastogne-memorial\/"},"modified":"2021-11-02T16:08:19","modified_gmt":"2021-11-02T15:08:19","slug":"nurses-of-bastogne-memorial","status":"publish","type":"sites-historiques","link":"https:\/\/www.landofmemory.eu\/de\/sites-historiques\/nurses-of-bastogne-memorial\/","title":{"rendered":"Nurses of Bastogne Memorial"},"content":{"rendered":"\n<h2 class=\"wp-block-heading\">Die Engel von Bastogne<\/h2>\n\n<p><\/p>\n\n<p><br\/><\/p>\n\n<div class=\"wp-block-columns is-layout-flex wp-container-core-columns-is-layout-9d6595d7 wp-block-columns-is-layout-flex\">\n<div class=\"wp-block-column is-vertically-aligned-center is-layout-flow wp-block-column-is-layout-flow\">\n<figure class=\"wp-block-image size-large is-resized\"><img loading=\"lazy\" decoding=\"async\" src=\"https:\/\/www.landofmemory.eu\/wp-content\/uploads\/2021\/09\/MTBastogne_Bastogne_NurseMemorial_AlinePreser-9-1024x683.jpg\" alt=\"Beschreibende Tafel am Bastogne Nurse Memorial.\" class=\"wp-image-4864\" width=\"375\" height=\"250\" srcset=\"https:\/\/www.landofmemory.eu\/wp-content\/uploads\/2021\/09\/MTBastogne_Bastogne_NurseMemorial_AlinePreser-9-1024x683.jpg 1024w, https:\/\/www.landofmemory.eu\/wp-content\/uploads\/2021\/09\/MTBastogne_Bastogne_NurseMemorial_AlinePreser-9-300x200.jpg 300w, https:\/\/www.landofmemory.eu\/wp-content\/uploads\/2021\/09\/MTBastogne_Bastogne_NurseMemorial_AlinePreser-9-768x512.jpg 768w, https:\/\/www.landofmemory.eu\/wp-content\/uploads\/2021\/09\/MTBastogne_Bastogne_NurseMemorial_AlinePreser-9-1536x1024.jpg 1536w, https:\/\/www.landofmemory.eu\/wp-content\/uploads\/2021\/09\/MTBastogne_Bastogne_NurseMemorial_AlinePreser-9-2048x1366.jpg 2048w, https:\/\/www.landofmemory.eu\/wp-content\/uploads\/2021\/09\/MTBastogne_Bastogne_NurseMemorial_AlinePreser-9-600x400.jpg 600w\" sizes=\"auto, (max-width: 375px) 100vw, 375px\" \/><figcaption>\u00a9 A. Preser<\/figcaption><\/figure>\n<\/div>\n\n\n\n<div class=\"wp-block-column is-vertically-aligned-center is-layout-flow wp-block-column-is-layout-flow\">\n<p>Die beiden Krankenschwestern aus Bastogne, die den Spitznamen &#8222;Engel von Bastogne&#8220; erhielten, meldeten sich freiwillig bei der 10. amerikanischen Panzerdivision. Sie behandelten die Verwundeten mit den ihnen zur Verf\u00fcgung stehenden Mitteln in einem behelfsm\u00e4\u00dfigen Krankenhaus inmitten der Kriegsk\u00e4mpfe.<\/p>\n<\/div>\n<\/div>\n\n<div class=\"wp-block-columns is-layout-flex wp-container-core-columns-is-layout-9d6595d7 wp-block-columns-is-layout-flex\">\n<div class=\"wp-block-column is-vertically-aligned-center is-layout-flow wp-block-column-is-layout-flow\">\n<p>Ren\u00e9e Lemaire verlor ihr Leben zusammen mit 30 amerikanischen Soldaten in der Erste-Hilfe-Station in der Rue de Neufch\u00e2teau, die an Heiligabend 1944 von den Deutschen bombardiert wurde. Ihr K\u00f6rper wurde in einen wei\u00dfen Fallschirm geh\u00fcllt, den sie f\u00fcr ihr Hochzeitskleid vorgesehen hatte. <\/p>\n<\/div>\n\n\n\n<div class=\"wp-block-column is-vertically-aligned-center is-layout-flow wp-block-column-is-layout-flow\">\n<figure class=\"wp-block-image size-large is-resized\"><img loading=\"lazy\" decoding=\"async\" src=\"https:\/\/www.landofmemory.eu\/wp-content\/uploads\/2021\/10\/MTBastogne_Bastogne_NurseMemorial_AlinePreser-4-1024x682.jpg\" alt=\"Beschreibende Tafel &#xFC;ber das Leben von Ren&#xE9;e Lemaire.\" class=\"wp-image-4868\" width=\"388\" height=\"258\" srcset=\"https:\/\/www.landofmemory.eu\/wp-content\/uploads\/2021\/10\/MTBastogne_Bastogne_NurseMemorial_AlinePreser-4-1024x682.jpg 1024w, https:\/\/www.landofmemory.eu\/wp-content\/uploads\/2021\/10\/MTBastogne_Bastogne_NurseMemorial_AlinePreser-4-300x200.jpg 300w, https:\/\/www.landofmemory.eu\/wp-content\/uploads\/2021\/10\/MTBastogne_Bastogne_NurseMemorial_AlinePreser-4-768x512.jpg 768w, https:\/\/www.landofmemory.eu\/wp-content\/uploads\/2021\/10\/MTBastogne_Bastogne_NurseMemorial_AlinePreser-4-1536x1024.jpg 1536w, https:\/\/www.landofmemory.eu\/wp-content\/uploads\/2021\/10\/MTBastogne_Bastogne_NurseMemorial_AlinePreser-4-600x400.jpg 600w, https:\/\/www.landofmemory.eu\/wp-content\/uploads\/2021\/10\/MTBastogne_Bastogne_NurseMemorial_AlinePreser-4.jpg 2000w\" sizes=\"auto, (max-width: 388px) 100vw, 388px\" \/><figcaption>\u00a9 A. Preser<\/figcaption><\/figure>\n<\/div>\n<\/div>\n\n<div class=\"wp-block-columns is-layout-flex wp-container-core-columns-is-layout-9d6595d7 wp-block-columns-is-layout-flex\">\n<div class=\"wp-block-column is-vertically-aligned-center is-layout-flow wp-block-column-is-layout-flow\">\n<figure class=\"wp-block-image size-full is-resized\"><img loading=\"lazy\" decoding=\"async\" src=\"https:\/\/www.landofmemory.eu\/wp-content\/uploads\/2021\/10\/MTBastogne_Bastogne_NurseMemorial_AlinePreser-3.jpg\" alt=\" Beschreibende Tafel &#xFC;ber das Leben von Augusta Chiwy.\" class=\"wp-image-4872\" width=\"361\" height=\"239\" srcset=\"https:\/\/www.landofmemory.eu\/wp-content\/uploads\/2021\/10\/MTBastogne_Bastogne_NurseMemorial_AlinePreser-3.jpg 667w, https:\/\/www.landofmemory.eu\/wp-content\/uploads\/2021\/10\/MTBastogne_Bastogne_NurseMemorial_AlinePreser-3-300x200.jpg 300w, https:\/\/www.landofmemory.eu\/wp-content\/uploads\/2021\/10\/MTBastogne_Bastogne_NurseMemorial_AlinePreser-3-600x399.jpg 600w\" sizes=\"auto, (max-width: 361px) 100vw, 361px\" \/><figcaption>\u00a9 A. Preser<\/figcaption><\/figure>\n<\/div>\n\n\n\n<div class=\"wp-block-column is-vertically-aligned-center is-layout-flow wp-block-column-is-layout-flow\">\n<p>Augusta Chiwy hatte mehr Gl\u00fcck und \u00fcberlebte bis 2015. Seit 2019 gibt es eine Gedenkst\u00e4tte, die ihr Andenken und das aller Krankenschwestern und -pfleger, die ihren Auftrag unter Einsatz ihres Lebens erf\u00fcllt haben, bewahrt.<\/p>\n<\/div>\n<\/div>\n","protected":false},"template":"","type_site":[50],"class_list":["post-4987","sites-historiques","type-sites-historiques","status-publish","hentry","type_site-gedenkstatten"],"acf":[],"yoast_head":"<!-- This site is optimized with the Yoast SEO plugin v26.0 - https:\/\/yoast.com\/wordpress\/plugins\/seo\/ -->\n<title>Zweiter Weltkrieg: Nurses of Bastogne Memorial<\/title>\n<meta name=\"description\" content=\"Entdecken Sie die Gedenkst\u00e4tte der beiden Engel von Bastogne, die an die Helden und Heldinnen erinnern, die ihr Leben verloren haben, um das Anderer zu retten.\" \/>\n<meta name=\"robots\" content=\"index, follow, max-snippet:-1, max-image-preview:large, max-video-preview:-1\" \/>\n<link rel=\"canonical\" href=\"https:\/\/www.landofmemory.eu\/de\/sites-historiques\/nurses-of-bastogne-memorial\/\" \/>\n<meta property=\"og:locale\" content=\"de_DE\" \/>\n<meta property=\"og:type\" content=\"article\" \/>\n<meta property=\"og:title\" content=\"Zweiter Weltkrieg: Nurses of Bastogne Memorial\" \/>\n<meta property=\"og:description\" content=\"Entdecken Sie die Gedenkst\u00e4tte der beiden Engel von Bastogne, die an die Helden und Heldinnen erinnern, die ihr Leben verloren haben, um das Anderer zu retten.\" \/>\n<meta property=\"og:url\" content=\"https:\/\/www.landofmemory.eu\/de\/sites-historiques\/nurses-of-bastogne-memorial\/\" \/>\n<meta property=\"og:site_name\" content=\"Land Of Memory\" \/>\n<meta property=\"article:publisher\" content=\"https:\/\/www.facebook.com\/landofmemory.eu\" \/>\n<meta property=\"article:modified_time\" content=\"2021-11-02T15:08:19+00:00\" \/>\n<meta property=\"og:image\" content=\"https:\/\/www.landofmemory.eu\/wp-content\/uploads\/2021\/09\/MTBastogne_Bastogne_NurseMemorial_AlinePreser-9-1024x683.jpg\" \/>\n<meta name=\"twitter:card\" content=\"summary_large_image\" \/>\n<meta name=\"twitter:label1\" content=\"Gesch\u00e4tzte Lesezeit\" \/>\n\t<meta name=\"twitter:data1\" content=\"1\u00a0Minute\" \/>\n<script type=\"application\/ld+json\" class=\"yoast-schema-graph\">{\"@context\":\"https:\/\/schema.org\",\"@graph\":[{\"@type\":\"WebPage\",\"@id\":\"https:\/\/www.landofmemory.eu\/de\/sites-historiques\/nurses-of-bastogne-memorial\/\",\"url\":\"https:\/\/www.landofmemory.eu\/de\/sites-historiques\/nurses-of-bastogne-memorial\/\",\"name\":\"Zweiter Weltkrieg: Nurses of Bastogne Memorial\",\"isPartOf\":{\"@id\":\"https:\/\/www.landofmemory.eu\/#website\"},\"primaryImageOfPage\":{\"@id\":\"https:\/\/www.landofmemory.eu\/de\/sites-historiques\/nurses-of-bastogne-memorial\/#primaryimage\"},\"image\":{\"@id\":\"https:\/\/www.landofmemory.eu\/de\/sites-historiques\/nurses-of-bastogne-memorial\/#primaryimage\"},\"thumbnailUrl\":\"https:\/\/www.landofmemory.eu\/wp-content\/uploads\/2021\/09\/MTBastogne_Bastogne_NurseMemorial_AlinePreser-9-1024x683.jpg\",\"datePublished\":\"2021-10-21T12:30:32+00:00\",\"dateModified\":\"2021-11-02T15:08:19+00:00\",\"description\":\"Entdecken Sie die Gedenkst\u00e4tte der beiden Engel von Bastogne, die an die Helden und Heldinnen erinnern, die ihr Leben verloren haben, um das Anderer zu retten.\",\"breadcrumb\":{\"@id\":\"https:\/\/www.landofmemory.eu\/de\/sites-historiques\/nurses-of-bastogne-memorial\/#breadcrumb\"},\"inLanguage\":\"de\",\"potentialAction\":[{\"@type\":\"ReadAction\",\"target\":[\"https:\/\/www.landofmemory.eu\/de\/sites-historiques\/nurses-of-bastogne-memorial\/\"]}]},{\"@type\":\"ImageObject\",\"inLanguage\":\"de\",\"@id\":\"https:\/\/www.landofmemory.eu\/de\/sites-historiques\/nurses-of-bastogne-memorial\/#primaryimage\",\"url\":\"https:\/\/www.landofmemory.eu\/wp-content\/uploads\/2021\/09\/MTBastogne_Bastogne_NurseMemorial_AlinePreser-9-1024x683.jpg\",\"contentUrl\":\"https:\/\/www.landofmemory.eu\/wp-content\/uploads\/2021\/09\/MTBastogne_Bastogne_NurseMemorial_AlinePreser-9-1024x683.jpg\"},{\"@type\":\"BreadcrumbList\",\"@id\":\"https:\/\/www.landofmemory.eu\/de\/sites-historiques\/nurses-of-bastogne-memorial\/#breadcrumb\",\"itemListElement\":[{\"@type\":\"ListItem\",\"position\":1,\"name\":\"Accueil\",\"item\":\"https:\/\/www.landofmemory.eu\/\"},{\"@type\":\"ListItem\",\"position\":2,\"name\":\"Nurses of Bastogne Memorial\"}]},{\"@type\":\"WebSite\",\"@id\":\"https:\/\/www.landofmemory.eu\/#website\",\"url\":\"https:\/\/www.landofmemory.eu\/\",\"name\":\"Land Of Memory\",\"description\":\"L&#039;histoire commence ici\",\"publisher\":{\"@id\":\"https:\/\/www.landofmemory.eu\/#organization\"},\"potentialAction\":[{\"@type\":\"SearchAction\",\"target\":{\"@type\":\"EntryPoint\",\"urlTemplate\":\"https:\/\/www.landofmemory.eu\/?s={search_term_string}\"},\"query-input\":{\"@type\":\"PropertyValueSpecification\",\"valueRequired\":true,\"valueName\":\"search_term_string\"}}],\"inLanguage\":\"de\"},{\"@type\":\"Organization\",\"@id\":\"https:\/\/www.landofmemory.eu\/#organization\",\"name\":\"Land Of Memory\",\"url\":\"https:\/\/www.landofmemory.eu\/\",\"logo\":{\"@type\":\"ImageObject\",\"inLanguage\":\"de\",\"@id\":\"https:\/\/www.landofmemory.eu\/#\/schema\/logo\/image\/\",\"url\":\"https:\/\/www.landofmemory.eu\/wp-content\/uploads\/2022\/10\/logo-land-of-memory.jpg\",\"contentUrl\":\"https:\/\/www.landofmemory.eu\/wp-content\/uploads\/2022\/10\/logo-land-of-memory.jpg\",\"width\":1000,\"height\":500,\"caption\":\"Land Of Memory\"},\"image\":{\"@id\":\"https:\/\/www.landofmemory.eu\/#\/schema\/logo\/image\/\"},\"sameAs\":[\"https:\/\/www.facebook.com\/landofmemory.eu\",\"https:\/\/www.instagram.com\/landofmemory_eu\/\"]}]}<\/script>\n<!-- \/ Yoast SEO plugin. -->","yoast_head_json":{"title":"Zweiter Weltkrieg: Nurses of Bastogne Memorial","description":"Entdecken Sie die Gedenkst\u00e4tte der beiden Engel von Bastogne, die an die Helden und Heldinnen erinnern, die ihr Leben verloren haben, um das Anderer zu retten.","robots":{"index":"index","follow":"follow","max-snippet":"max-snippet:-1","max-image-preview":"max-image-preview:large","max-video-preview":"max-video-preview:-1"},"canonical":"https:\/\/www.landofmemory.eu\/de\/sites-historiques\/nurses-of-bastogne-memorial\/","og_locale":"de_DE","og_type":"article","og_title":"Zweiter Weltkrieg: Nurses of Bastogne Memorial","og_description":"Entdecken Sie die Gedenkst\u00e4tte der beiden Engel von Bastogne, die an die Helden und Heldinnen erinnern, die ihr Leben verloren haben, um das Anderer zu retten.","og_url":"https:\/\/www.landofmemory.eu\/de\/sites-historiques\/nurses-of-bastogne-memorial\/","og_site_name":"Land Of Memory","article_publisher":"https:\/\/www.facebook.com\/landofmemory.eu","article_modified_time":"2021-11-02T15:08:19+00:00","og_image":[{"url":"https:\/\/www.landofmemory.eu\/wp-content\/uploads\/2021\/09\/MTBastogne_Bastogne_NurseMemorial_AlinePreser-9-1024x683.jpg","type":"","width":"","height":""}],"twitter_card":"summary_large_image","twitter_misc":{"Gesch\u00e4tzte Lesezeit":"1\u00a0Minute"},"schema":{"@context":"https:\/\/schema.org","@graph":[{"@type":"WebPage","@id":"https:\/\/www.landofmemory.eu\/de\/sites-historiques\/nurses-of-bastogne-memorial\/","url":"https:\/\/www.landofmemory.eu\/de\/sites-historiques\/nurses-of-bastogne-memorial\/","name":"Zweiter Weltkrieg: Nurses of Bastogne Memorial","isPartOf":{"@id":"https:\/\/www.landofmemory.eu\/#website"},"primaryImageOfPage":{"@id":"https:\/\/www.landofmemory.eu\/de\/sites-historiques\/nurses-of-bastogne-memorial\/#primaryimage"},"image":{"@id":"https:\/\/www.landofmemory.eu\/de\/sites-historiques\/nurses-of-bastogne-memorial\/#primaryimage"},"thumbnailUrl":"https:\/\/www.landofmemory.eu\/wp-content\/uploads\/2021\/09\/MTBastogne_Bastogne_NurseMemorial_AlinePreser-9-1024x683.jpg","datePublished":"2021-10-21T12:30:32+00:00","dateModified":"2021-11-02T15:08:19+00:00","description":"Entdecken Sie die Gedenkst\u00e4tte der beiden Engel von Bastogne, die an die Helden und Heldinnen erinnern, die ihr Leben verloren haben, um das Anderer zu retten.","breadcrumb":{"@id":"https:\/\/www.landofmemory.eu\/de\/sites-historiques\/nurses-of-bastogne-memorial\/#breadcrumb"},"inLanguage":"de","potentialAction":[{"@type":"ReadAction","target":["https:\/\/www.landofmemory.eu\/de\/sites-historiques\/nurses-of-bastogne-memorial\/"]}]},{"@type":"ImageObject","inLanguage":"de","@id":"https:\/\/www.landofmemory.eu\/de\/sites-historiques\/nurses-of-bastogne-memorial\/#primaryimage","url":"https:\/\/www.landofmemory.eu\/wp-content\/uploads\/2021\/09\/MTBastogne_Bastogne_NurseMemorial_AlinePreser-9-1024x683.jpg","contentUrl":"https:\/\/www.landofmemory.eu\/wp-content\/uploads\/2021\/09\/MTBastogne_Bastogne_NurseMemorial_AlinePreser-9-1024x683.jpg"},{"@type":"BreadcrumbList","@id":"https:\/\/www.landofmemory.eu\/de\/sites-historiques\/nurses-of-bastogne-memorial\/#breadcrumb","itemListElement":[{"@type":"ListItem","position":1,"name":"Accueil","item":"https:\/\/www.landofmemory.eu\/"},{"@type":"ListItem","position":2,"name":"Nurses of Bastogne Memorial"}]},{"@type":"WebSite","@id":"https:\/\/www.landofmemory.eu\/#website","url":"https:\/\/www.landofmemory.eu\/","name":"Land Of Memory","description":"L&#039;histoire commence ici","publisher":{"@id":"https:\/\/www.landofmemory.eu\/#organization"},"potentialAction":[{"@type":"SearchAction","target":{"@type":"EntryPoint","urlTemplate":"https:\/\/www.landofmemory.eu\/?s={search_term_string}"},"query-input":{"@type":"PropertyValueSpecification","valueRequired":true,"valueName":"search_term_string"}}],"inLanguage":"de"},{"@type":"Organization","@id":"https:\/\/www.landofmemory.eu\/#organization","name":"Land Of Memory","url":"https:\/\/www.landofmemory.eu\/","logo":{"@type":"ImageObject","inLanguage":"de","@id":"https:\/\/www.landofmemory.eu\/#\/schema\/logo\/image\/","url":"https:\/\/www.landofmemory.eu\/wp-content\/uploads\/2022\/10\/logo-land-of-memory.jpg","contentUrl":"https:\/\/www.landofmemory.eu\/wp-content\/uploads\/2022\/10\/logo-land-of-memory.jpg","width":1000,"height":500,"caption":"Land Of Memory"},"image":{"@id":"https:\/\/www.landofmemory.eu\/#\/schema\/logo\/image\/"},"sameAs":["https:\/\/www.facebook.com\/landofmemory.eu","https:\/\/www.instagram.com\/landofmemory_eu\/"]}]}},"_links":{"self":[{"href":"https:\/\/www.landofmemory.eu\/de\/wp-json\/wp\/v2\/sites-historiques\/4987","targetHints":{"allow":["GET"]}}],"collection":[{"href":"https:\/\/www.landofmemory.eu\/de\/wp-json\/wp\/v2\/sites-historiques"}],"about":[{"href":"https:\/\/www.landofmemory.eu\/de\/wp-json\/wp\/v2\/types\/sites-historiques"}],"wp:attachment":[{"href":"https:\/\/www.landofmemory.eu\/de\/wp-json\/wp\/v2\/media?parent=4987"}],"wp:term":[{"taxonomy":"type_site","embeddable":true,"href":"https:\/\/www.landofmemory.eu\/de\/wp-json\/wp\/v2\/type_site?post=4987"}],"curies":[{"name":"wp","href":"https:\/\/api.w.org\/{rel}","templated":true}]}}