{"id":4994,"date":"2021-10-21T14:42:22","date_gmt":"2021-10-21T12:42:22","guid":{"rendered":"https:\/\/www.landofmemory.eu\/sites-historiques\/bois-jacques\/"},"modified":"2022-09-22T15:19:52","modified_gmt":"2022-09-22T13:19:52","slug":"bois-jacques","status":"publish","type":"sites-historiques","link":"https:\/\/www.landofmemory.eu\/de\/sites-historiques\/bois-jacques\/","title":{"rendered":"Bois Jacques"},"content":{"rendered":"\n<h2 class=\"wp-block-heading\">Waffenbr\u00fcder <\/h2>\n\n<div class=\"wp-block-columns is-layout-flex wp-container-core-columns-is-layout-9d6595d7 wp-block-columns-is-layout-flex\">\n<div class=\"wp-block-column is-layout-flow wp-block-column-is-layout-flow\">\n<figure class=\"wp-block-image size-large is-resized\"><img loading=\"lazy\" decoding=\"async\" src=\"https:\/\/www.landofmemory.eu\/wp-content\/uploads\/2021\/10\/Bois-Jacques_Denis_Bdts-2-1024x684.jpg\" alt=\"Kreuz im Bois Jacques.\" class=\"wp-image-3838\" width=\"391\" height=\"260\" srcset=\"https:\/\/www.landofmemory.eu\/wp-content\/uploads\/2021\/10\/Bois-Jacques_Denis_Bdts-2-1024x684.jpg 1024w, https:\/\/www.landofmemory.eu\/wp-content\/uploads\/2021\/10\/Bois-Jacques_Denis_Bdts-2-300x200.jpg 300w, https:\/\/www.landofmemory.eu\/wp-content\/uploads\/2021\/10\/Bois-Jacques_Denis_Bdts-2-768x513.jpg 768w, https:\/\/www.landofmemory.eu\/wp-content\/uploads\/2021\/10\/Bois-Jacques_Denis_Bdts-2-1536x1026.jpg 1536w, https:\/\/www.landofmemory.eu\/wp-content\/uploads\/2021\/10\/Bois-Jacques_Denis_Bdts-2-600x401.jpg 600w, https:\/\/www.landofmemory.eu\/wp-content\/uploads\/2021\/10\/Bois-Jacques_Denis_Bdts-2.jpg 2005w\" sizes=\"auto, (max-width: 391px) 100vw, 391px\" \/><figcaption>\u00a9 Land of Memory<\/figcaption><\/figure>\n<\/div>\n\n\n\n<div class=\"wp-block-column is-layout-flow wp-block-column-is-layout-flow\">\n<figure class=\"wp-block-image size-large is-resized\"><img loading=\"lazy\" decoding=\"async\" src=\"https:\/\/www.landofmemory.eu\/wp-content\/uploads\/2021\/10\/Bois-Jacques_Denis_Bdts-1024x684.jpg\" alt=\"Spaziergang im Bois Jacques.\" class=\"wp-image-3842\" width=\"397\" height=\"264\" srcset=\"https:\/\/www.landofmemory.eu\/wp-content\/uploads\/2021\/10\/Bois-Jacques_Denis_Bdts-1024x684.jpg 1024w, https:\/\/www.landofmemory.eu\/wp-content\/uploads\/2021\/10\/Bois-Jacques_Denis_Bdts-300x200.jpg 300w, https:\/\/www.landofmemory.eu\/wp-content\/uploads\/2021\/10\/Bois-Jacques_Denis_Bdts-768x513.jpg 768w, https:\/\/www.landofmemory.eu\/wp-content\/uploads\/2021\/10\/Bois-Jacques_Denis_Bdts-1536x1026.jpg 1536w, https:\/\/www.landofmemory.eu\/wp-content\/uploads\/2021\/10\/Bois-Jacques_Denis_Bdts-600x401.jpg 600w, https:\/\/www.landofmemory.eu\/wp-content\/uploads\/2021\/10\/Bois-Jacques_Denis_Bdts.jpg 2005w\" sizes=\"auto, (max-width: 397px) 100vw, 397px\" \/><figcaption>\u00a9 Land of Memory<\/figcaption><\/figure>\n<\/div>\n<\/div>\n\n<p><\/p>\n\n<p>Der Bois Jacques befindet sich in dem kleinen Dorf Foy, nicht weit von Bastogne entfernt. Man sieht dort noch immer die Spuren der K\u00e4mpfe, die hier w\u00e4hrend der <a href=\"https:\/\/www.landofmemory.eu\/de\/itineraires\/itineraire-bataille-des-ardennes\/\" target=\"_blank\" rel=\"noreferrer noopener\">Ardennenoffensive<\/a> stattfanden. Die L\u00f6cher der &#8222;F\u00fcsiliere&#8220; oder auch &#8222;fox holes&#8220; genannt, die Sch\u00fctzengr\u00e4ben wurden von den M\u00e4nnern der &#8222;Easy Company&#8220; gegraben. Dies war die Einheit der 101. amerikanischen Luftlandedivision, die den Wald w\u00e4hrend des kalten Winters 1944 besetzte.<\/p>\n\n<p>Sinds Spielbergs serie &#8222;Band of Brothers&#8220; met de beroemde Tom Hanks, is het Bois Jacques een essenti\u00eble plaats geworden van de Slag om de Ardennen. In dit bos vochten de niet minder mythische 101e Airborne parachutisten in schuttersputjes.<\/p>\n\n<p>Van 19 december 1944 tot 17 januari 1945 werd het dennenbos tussen de dorpen Foy en Bizory, dicht bij de <a href=\"https:\/\/www.landofmemory.eu\/de\/sites-historiques\/le-mardasson\/\" target=\"_blank\" rel=\"noreferrer noopener\">Mardasson<\/a>, doorkruist door de frontlijn. Deze plaats is een bedevaartsoord geworden waar men de overblijfselen uit het verleden kan observeren, zoals de beroemde schuttersputten, die nu nog zichtbaar zijn.<\/p>\n<div class=\"wp-block-image\">\n<figure class=\"aligncenter size-full\"><img loading=\"lazy\" decoding=\"async\" width=\"624\" height=\"415\" src=\"https:\/\/www.landofmemory.eu\/wp-content\/uploads\/2022\/07\/boisjacques-1.jpeg\" alt=\"\" class=\"wp-image-9963\" srcset=\"https:\/\/www.landofmemory.eu\/wp-content\/uploads\/2022\/07\/boisjacques-1.jpeg 624w, https:\/\/www.landofmemory.eu\/wp-content\/uploads\/2022\/07\/boisjacques-1-300x200.jpeg 300w, https:\/\/www.landofmemory.eu\/wp-content\/uploads\/2022\/07\/boisjacques-1-600x399.jpeg 600w\" sizes=\"auto, (max-width: 624px) 100vw, 624px\" \/><\/figure>\n<\/div>\n<p>Om de ervaring nog spannender te maken, wordt de bezoeker ondergedompeld in het hart van de gevechten van Winter &#8217;44 dankzij een gloednieuwe toepassing. Het is heel eenvoudig te gebruiken: alles wat je nodig hebt is je smartphone, \u00e9\u00e9n klik en de magie gebeurt&#8230; Hier zit je midden in een veldslag en deel je het dagelijkse leven van de G.I.&#8217;s van Easy Company.  In zes afleveringen leeft u in 360\u00b0 mee met de personages van Brothers in Arms. Deze augmented reality biedt totale onderdompeling.<\/p>\n\n<p>Deze applicatie, die bij de toegangsprijs tot het museum is inbegrepen, kan vooraf worden gedownload via Google Play of App Store. Maar je zult naar het museum moeten komen om het verhaal te beleven. De toepassing geolokaliseert u om te ervaren wat er gebeurde op de exacte locatie van de gebeurtenissen!<\/p>\n\n<p>De Franse youtuber <a href=\"https:\/\/www.youtube.com\/user\/notabenemovies\" target=\"_blank\" rel=\"noreferrer noopener\">Nota Bene<\/a> (echte naam Benjamin Brillaud), een geschiedenisspecialist, zal u tijdens uw bezoek begeleiden. Dankzij zijn kennis begeleidt hij u tijdens de hele rondleiding om u te helpen de geschiedenis te begrijpen. <\/p>\n\n<p>De applicatie is beschikbaar in vier talen: Engels, Frans, Duits en Nederlands.<\/p>\n","protected":false},"template":"","type_site":[50,69],"class_list":["post-4994","sites-historiques","type-sites-historiques","status-publish","hentry","type_site-gedenkstatten","type_site-themenpfaden-weltkriegen"],"acf":[],"yoast_head":"<!-- This site is optimized with the Yoast SEO plugin v26.0 - https:\/\/yoast.com\/wordpress\/plugins\/seo\/ -->\n<title>Zweiter Weltkrieg: Bois Jacques<\/title>\n<meta name=\"description\" content=\"Entdecken Sie die ber\u00fchmten &quot;Fox holes&quot;, in denen die Soldaten in diesem geschichtstr\u00e4chtigen und zum wallonischen Kulturerbe geh\u00f6renden Wald Zuflucht fanden.\" \/>\n<meta name=\"robots\" content=\"index, follow, max-snippet:-1, max-image-preview:large, max-video-preview:-1\" \/>\n<link rel=\"canonical\" href=\"https:\/\/www.landofmemory.eu\/de\/sites-historiques\/bois-jacques\/\" \/>\n<meta property=\"og:locale\" content=\"de_DE\" \/>\n<meta property=\"og:type\" content=\"article\" \/>\n<meta property=\"og:title\" content=\"Zweiter Weltkrieg: Bois Jacques\" \/>\n<meta property=\"og:description\" content=\"Entdecken Sie die ber\u00fchmten &quot;Fox holes&quot;, in denen die Soldaten in diesem geschichtstr\u00e4chtigen und zum wallonischen Kulturerbe geh\u00f6renden Wald Zuflucht fanden.\" \/>\n<meta property=\"og:url\" content=\"https:\/\/www.landofmemory.eu\/de\/sites-historiques\/bois-jacques\/\" \/>\n<meta property=\"og:site_name\" content=\"Land Of Memory\" \/>\n<meta property=\"article:publisher\" content=\"https:\/\/www.facebook.com\/landofmemory.eu\" \/>\n<meta property=\"article:modified_time\" content=\"2022-09-22T13:19:52+00:00\" \/>\n<meta property=\"og:image\" content=\"https:\/\/www.landofmemory.eu\/wp-content\/uploads\/2021\/10\/Bois-Jacques_Denis_Bdts-2-1024x684.jpg\" \/>\n<meta name=\"twitter:card\" content=\"summary_large_image\" \/>\n<meta name=\"twitter:label1\" content=\"Gesch\u00e4tzte Lesezeit\" \/>\n\t<meta name=\"twitter:data1\" content=\"2\u00a0Minuten\" \/>\n<script type=\"application\/ld+json\" class=\"yoast-schema-graph\">{\"@context\":\"https:\/\/schema.org\",\"@graph\":[{\"@type\":\"WebPage\",\"@id\":\"https:\/\/www.landofmemory.eu\/de\/sites-historiques\/bois-jacques\/\",\"url\":\"https:\/\/www.landofmemory.eu\/de\/sites-historiques\/bois-jacques\/\",\"name\":\"Zweiter Weltkrieg: Bois Jacques\",\"isPartOf\":{\"@id\":\"https:\/\/www.landofmemory.eu\/#website\"},\"primaryImageOfPage\":{\"@id\":\"https:\/\/www.landofmemory.eu\/de\/sites-historiques\/bois-jacques\/#primaryimage\"},\"image\":{\"@id\":\"https:\/\/www.landofmemory.eu\/de\/sites-historiques\/bois-jacques\/#primaryimage\"},\"thumbnailUrl\":\"https:\/\/www.landofmemory.eu\/wp-content\/uploads\/2021\/10\/Bois-Jacques_Denis_Bdts-2-1024x684.jpg\",\"datePublished\":\"2021-10-21T12:42:22+00:00\",\"dateModified\":\"2022-09-22T13:19:52+00:00\",\"description\":\"Entdecken Sie die ber\u00fchmten \\\"Fox holes\\\", in denen die Soldaten in diesem geschichtstr\u00e4chtigen und zum wallonischen Kulturerbe geh\u00f6renden Wald Zuflucht fanden.\",\"breadcrumb\":{\"@id\":\"https:\/\/www.landofmemory.eu\/de\/sites-historiques\/bois-jacques\/#breadcrumb\"},\"inLanguage\":\"de\",\"potentialAction\":[{\"@type\":\"ReadAction\",\"target\":[\"https:\/\/www.landofmemory.eu\/de\/sites-historiques\/bois-jacques\/\"]}]},{\"@type\":\"ImageObject\",\"inLanguage\":\"de\",\"@id\":\"https:\/\/www.landofmemory.eu\/de\/sites-historiques\/bois-jacques\/#primaryimage\",\"url\":\"https:\/\/www.landofmemory.eu\/wp-content\/uploads\/2021\/10\/Bois-Jacques_Denis_Bdts-2-1024x684.jpg\",\"contentUrl\":\"https:\/\/www.landofmemory.eu\/wp-content\/uploads\/2021\/10\/Bois-Jacques_Denis_Bdts-2-1024x684.jpg\"},{\"@type\":\"BreadcrumbList\",\"@id\":\"https:\/\/www.landofmemory.eu\/de\/sites-historiques\/bois-jacques\/#breadcrumb\",\"itemListElement\":[{\"@type\":\"ListItem\",\"position\":1,\"name\":\"Accueil\",\"item\":\"https:\/\/www.landofmemory.eu\/\"},{\"@type\":\"ListItem\",\"position\":2,\"name\":\"Bois Jacques\"}]},{\"@type\":\"WebSite\",\"@id\":\"https:\/\/www.landofmemory.eu\/#website\",\"url\":\"https:\/\/www.landofmemory.eu\/\",\"name\":\"Land Of Memory\",\"description\":\"L&#039;histoire commence ici\",\"publisher\":{\"@id\":\"https:\/\/www.landofmemory.eu\/#organization\"},\"potentialAction\":[{\"@type\":\"SearchAction\",\"target\":{\"@type\":\"EntryPoint\",\"urlTemplate\":\"https:\/\/www.landofmemory.eu\/?s={search_term_string}\"},\"query-input\":{\"@type\":\"PropertyValueSpecification\",\"valueRequired\":true,\"valueName\":\"search_term_string\"}}],\"inLanguage\":\"de\"},{\"@type\":\"Organization\",\"@id\":\"https:\/\/www.landofmemory.eu\/#organization\",\"name\":\"Land Of Memory\",\"url\":\"https:\/\/www.landofmemory.eu\/\",\"logo\":{\"@type\":\"ImageObject\",\"inLanguage\":\"de\",\"@id\":\"https:\/\/www.landofmemory.eu\/#\/schema\/logo\/image\/\",\"url\":\"https:\/\/www.landofmemory.eu\/wp-content\/uploads\/2022\/10\/logo-land-of-memory.jpg\",\"contentUrl\":\"https:\/\/www.landofmemory.eu\/wp-content\/uploads\/2022\/10\/logo-land-of-memory.jpg\",\"width\":1000,\"height\":500,\"caption\":\"Land Of Memory\"},\"image\":{\"@id\":\"https:\/\/www.landofmemory.eu\/#\/schema\/logo\/image\/\"},\"sameAs\":[\"https:\/\/www.facebook.com\/landofmemory.eu\",\"https:\/\/www.instagram.com\/landofmemory_eu\/\"]}]}<\/script>\n<!-- \/ Yoast SEO plugin. -->","yoast_head_json":{"title":"Zweiter Weltkrieg: Bois Jacques","description":"Entdecken Sie die ber\u00fchmten \"Fox holes\", in denen die Soldaten in diesem geschichtstr\u00e4chtigen und zum wallonischen Kulturerbe geh\u00f6renden Wald Zuflucht fanden.","robots":{"index":"index","follow":"follow","max-snippet":"max-snippet:-1","max-image-preview":"max-image-preview:large","max-video-preview":"max-video-preview:-1"},"canonical":"https:\/\/www.landofmemory.eu\/de\/sites-historiques\/bois-jacques\/","og_locale":"de_DE","og_type":"article","og_title":"Zweiter Weltkrieg: Bois Jacques","og_description":"Entdecken Sie die ber\u00fchmten \"Fox holes\", in denen die Soldaten in diesem geschichtstr\u00e4chtigen und zum wallonischen Kulturerbe geh\u00f6renden Wald Zuflucht fanden.","og_url":"https:\/\/www.landofmemory.eu\/de\/sites-historiques\/bois-jacques\/","og_site_name":"Land Of Memory","article_publisher":"https:\/\/www.facebook.com\/landofmemory.eu","article_modified_time":"2022-09-22T13:19:52+00:00","og_image":[{"url":"https:\/\/www.landofmemory.eu\/wp-content\/uploads\/2021\/10\/Bois-Jacques_Denis_Bdts-2-1024x684.jpg","type":"","width":"","height":""}],"twitter_card":"summary_large_image","twitter_misc":{"Gesch\u00e4tzte Lesezeit":"2\u00a0Minuten"},"schema":{"@context":"https:\/\/schema.org","@graph":[{"@type":"WebPage","@id":"https:\/\/www.landofmemory.eu\/de\/sites-historiques\/bois-jacques\/","url":"https:\/\/www.landofmemory.eu\/de\/sites-historiques\/bois-jacques\/","name":"Zweiter Weltkrieg: Bois Jacques","isPartOf":{"@id":"https:\/\/www.landofmemory.eu\/#website"},"primaryImageOfPage":{"@id":"https:\/\/www.landofmemory.eu\/de\/sites-historiques\/bois-jacques\/#primaryimage"},"image":{"@id":"https:\/\/www.landofmemory.eu\/de\/sites-historiques\/bois-jacques\/#primaryimage"},"thumbnailUrl":"https:\/\/www.landofmemory.eu\/wp-content\/uploads\/2021\/10\/Bois-Jacques_Denis_Bdts-2-1024x684.jpg","datePublished":"2021-10-21T12:42:22+00:00","dateModified":"2022-09-22T13:19:52+00:00","description":"Entdecken Sie die ber\u00fchmten \"Fox holes\", in denen die Soldaten in diesem geschichtstr\u00e4chtigen und zum wallonischen Kulturerbe geh\u00f6renden Wald Zuflucht fanden.","breadcrumb":{"@id":"https:\/\/www.landofmemory.eu\/de\/sites-historiques\/bois-jacques\/#breadcrumb"},"inLanguage":"de","potentialAction":[{"@type":"ReadAction","target":["https:\/\/www.landofmemory.eu\/de\/sites-historiques\/bois-jacques\/"]}]},{"@type":"ImageObject","inLanguage":"de","@id":"https:\/\/www.landofmemory.eu\/de\/sites-historiques\/bois-jacques\/#primaryimage","url":"https:\/\/www.landofmemory.eu\/wp-content\/uploads\/2021\/10\/Bois-Jacques_Denis_Bdts-2-1024x684.jpg","contentUrl":"https:\/\/www.landofmemory.eu\/wp-content\/uploads\/2021\/10\/Bois-Jacques_Denis_Bdts-2-1024x684.jpg"},{"@type":"BreadcrumbList","@id":"https:\/\/www.landofmemory.eu\/de\/sites-historiques\/bois-jacques\/#breadcrumb","itemListElement":[{"@type":"ListItem","position":1,"name":"Accueil","item":"https:\/\/www.landofmemory.eu\/"},{"@type":"ListItem","position":2,"name":"Bois Jacques"}]},{"@type":"WebSite","@id":"https:\/\/www.landofmemory.eu\/#website","url":"https:\/\/www.landofmemory.eu\/","name":"Land Of Memory","description":"L&#039;histoire commence ici","publisher":{"@id":"https:\/\/www.landofmemory.eu\/#organization"},"potentialAction":[{"@type":"SearchAction","target":{"@type":"EntryPoint","urlTemplate":"https:\/\/www.landofmemory.eu\/?s={search_term_string}"},"query-input":{"@type":"PropertyValueSpecification","valueRequired":true,"valueName":"search_term_string"}}],"inLanguage":"de"},{"@type":"Organization","@id":"https:\/\/www.landofmemory.eu\/#organization","name":"Land Of Memory","url":"https:\/\/www.landofmemory.eu\/","logo":{"@type":"ImageObject","inLanguage":"de","@id":"https:\/\/www.landofmemory.eu\/#\/schema\/logo\/image\/","url":"https:\/\/www.landofmemory.eu\/wp-content\/uploads\/2022\/10\/logo-land-of-memory.jpg","contentUrl":"https:\/\/www.landofmemory.eu\/wp-content\/uploads\/2022\/10\/logo-land-of-memory.jpg","width":1000,"height":500,"caption":"Land Of Memory"},"image":{"@id":"https:\/\/www.landofmemory.eu\/#\/schema\/logo\/image\/"},"sameAs":["https:\/\/www.facebook.com\/landofmemory.eu","https:\/\/www.instagram.com\/landofmemory_eu\/"]}]}},"_links":{"self":[{"href":"https:\/\/www.landofmemory.eu\/de\/wp-json\/wp\/v2\/sites-historiques\/4994","targetHints":{"allow":["GET"]}}],"collection":[{"href":"https:\/\/www.landofmemory.eu\/de\/wp-json\/wp\/v2\/sites-historiques"}],"about":[{"href":"https:\/\/www.landofmemory.eu\/de\/wp-json\/wp\/v2\/types\/sites-historiques"}],"wp:attachment":[{"href":"https:\/\/www.landofmemory.eu\/de\/wp-json\/wp\/v2\/media?parent=4994"}],"wp:term":[{"taxonomy":"type_site","embeddable":true,"href":"https:\/\/www.landofmemory.eu\/de\/wp-json\/wp\/v2\/type_site?post=4994"}],"curies":[{"name":"wp","href":"https:\/\/api.w.org\/{rel}","templated":true}]}}