{"id":5558,"date":"2021-11-02T15:54:35","date_gmt":"2021-11-02T14:54:35","guid":{"rendered":"https:\/\/www.landofmemory.eu\/sites-historiques\/bastogne-war-museum\/"},"modified":"2022-08-03T10:33:39","modified_gmt":"2022-08-03T08:33:39","slug":"bastogne-war-museum","status":"publish","type":"sites-historiques","link":"https:\/\/www.landofmemory.eu\/de\/sites-historiques\/bastogne-war-museum\/","title":{"rendered":"Bastogne War Museum"},"content":{"rendered":"\n<h2 class=\"wp-block-heading\" id=\"de-bastogne-a-berlin\">Von Bastogne nach Berlin<\/h2>\n\n<div class=\"wp-block-columns is-layout-flex wp-container-core-columns-is-layout-9d6595d7 wp-block-columns-is-layout-flex\">\n<div class=\"wp-block-column is-vertically-aligned-center is-layout-flow wp-block-column-is-layout-flow\">\n<figure class=\"wp-block-image size-large is-resized\"><img loading=\"lazy\" decoding=\"async\" src=\"https:\/\/www.landofmemory.eu\/wp-content\/uploads\/2021\/09\/copyright-Bastogne-War-Museum-2-1024x683.jpg\" alt=\"Eingang zum Bastogne-Museum.\" class=\"wp-image-3254\" width=\"414\" height=\"276\" srcset=\"https:\/\/www.landofmemory.eu\/wp-content\/uploads\/2021\/09\/copyright-Bastogne-War-Museum-2-1024x683.jpg 1024w, https:\/\/www.landofmemory.eu\/wp-content\/uploads\/2021\/09\/copyright-Bastogne-War-Museum-2-300x200.jpg 300w, https:\/\/www.landofmemory.eu\/wp-content\/uploads\/2021\/09\/copyright-Bastogne-War-Museum-2-768x512.jpg 768w, https:\/\/www.landofmemory.eu\/wp-content\/uploads\/2021\/09\/copyright-Bastogne-War-Museum-2-1536x1024.jpg 1536w, https:\/\/www.landofmemory.eu\/wp-content\/uploads\/2021\/09\/copyright-Bastogne-War-Museum-2-2048x1366.jpg 2048w, https:\/\/www.landofmemory.eu\/wp-content\/uploads\/2021\/09\/copyright-Bastogne-War-Museum-2-600x400.jpg 600w\" sizes=\"auto, (max-width: 414px) 100vw, 414px\" \/><figcaption>\u00a9 Bastogne War Museum<\/figcaption><\/figure>\n<\/div>\n\n\n\n<div class=\"wp-block-column is-vertically-aligned-center is-layout-flow wp-block-column-is-layout-flow\">\n<p>Ein unverzichtbarer Ort in Europa, der dem Zweiten Weltkrieg gewidmet ist. Auf der \u00ab Route der Befreiung Europas \u00bb ist das Kriegsmuseum von Bastogne ein Muss.<\/p>\n<\/div>\n<\/div>\n\n<div class=\"wp-block-columns is-layout-flex wp-container-core-columns-is-layout-9d6595d7 wp-block-columns-is-layout-flex\">\n<div class=\"wp-block-column is-vertically-aligned-center is-layout-flow wp-block-column-is-layout-flow\">\n<p>F\u00fcr Familien wird die Geschichte durch die Erz\u00e4hlung von vier Personen, 2 Zivilisten und 2 Soldaten, die mitten in den Konflikt hineingeworfen wurden, n\u00e4her gebracht. Kleine &#8222;History Bubbles&#8220; zeigen unver\u00f6ffentlichte oder ungew\u00f6hnliche Gegenst\u00e4nde, die vom t\u00e4glichen Leben w\u00e4hrend der Besatzungszeit erz\u00e4hlen. Erstaunliche Szenen, ergreifende Zeugnisse, multimediale Installationen, Filme, alles wird getan, um die Leiden des Krieges zu verstehen.<\/p>\n<\/div>\n\n\n\n<div class=\"wp-block-column is-vertically-aligned-center is-layout-flow wp-block-column-is-layout-flow\">\n<figure class=\"wp-block-image size-large is-resized\"><img loading=\"lazy\" decoding=\"async\" src=\"https:\/\/www.landofmemory.eu\/wp-content\/uploads\/2021\/09\/Musee-de-Bastogne-40-45_Denis_Bdts-3-2-1024x683.jpg\" alt=\"Installation im Museum von Bastogne.\" class=\"wp-image-3290\" width=\"416\" height=\"277\" srcset=\"https:\/\/www.landofmemory.eu\/wp-content\/uploads\/2021\/09\/Musee-de-Bastogne-40-45_Denis_Bdts-3-2-1024x683.jpg 1024w, https:\/\/www.landofmemory.eu\/wp-content\/uploads\/2021\/09\/Musee-de-Bastogne-40-45_Denis_Bdts-3-2-300x200.jpg 300w, https:\/\/www.landofmemory.eu\/wp-content\/uploads\/2021\/09\/Musee-de-Bastogne-40-45_Denis_Bdts-3-2-768x513.jpg 768w, https:\/\/www.landofmemory.eu\/wp-content\/uploads\/2021\/09\/Musee-de-Bastogne-40-45_Denis_Bdts-3-2-1536x1025.jpg 1536w, https:\/\/www.landofmemory.eu\/wp-content\/uploads\/2021\/09\/Musee-de-Bastogne-40-45_Denis_Bdts-3-2-2048x1367.jpg 2048w, https:\/\/www.landofmemory.eu\/wp-content\/uploads\/2021\/09\/Musee-de-Bastogne-40-45_Denis_Bdts-3-2-600x400.jpg 600w\" sizes=\"auto, (max-width: 416px) 100vw, 416px\" \/><figcaption>F\u00fcr Familien wird die Geschichte durch die Erz\u00e4hlung von vier Personen, 2 Zivilisten und 2 Soldaten, die mitten in den Konflikt hineingeworfen wurden, n\u00e4her gebracht. Kleine &#8222;History Bubbles&#8220; zeigen unver\u00f6ffentlichte oder ungew\u00f6hnliche Gegenst\u00e4nde, die vom t\u00e4glichen Leben w\u00e4hrend der Besatzungszeit erz\u00e4hlen. Erstaunliche Szenen, ergreifende Zeugnisse, multimediale Installationen, Filme, alles wird getan, um die Leiden des Krieges zu verstehen.<\/figcaption><\/figure>\n<\/div>\n<\/div>\n\n<p>Das Museum bietet verschiedene Erlebnisse im Freien. Entdecken Sie die wichtigsten Orte der Schlacht von Bastogne in einem Milit\u00e4rjeep oder einem alten GMC.&#13;\nF\u00fcr diejenigen, die eine sanftere Fortbewegung bevorzugen: zu Fu\u00df oder mit dem Fahrrad, bietet das Museum ein Roadbook mit Erkl\u00e4rungen und Anekdoten \u00fcber die Orte, die Sie durchqueren. Das &#8222;One Day&#8220;-Paket ist ein weiteres Komplettpaket, das den Museumseintritt, ein Getr\u00e4nk, eine Souvenirtasche, ein Quiz f\u00fcr Kinder und ein Roadbook mit nicht weniger als vier ausgeschilderten Wanderungen umfasst. Eine perfekte Kombination, um die Sch\u00f6nheit der Natur der Ardennen zu entdecken und einzigartige Orte zu erkunden.<\/p>\n\n<div class=\"wp-block-columns is-layout-flex wp-container-core-columns-is-layout-9d6595d7 wp-block-columns-is-layout-flex\">\n<div class=\"wp-block-column is-layout-flow wp-block-column-is-layout-flow\">\n<figure class=\"wp-block-image size-large is-resized\"><img loading=\"lazy\" decoding=\"async\" src=\"https:\/\/www.landofmemory.eu\/wp-content\/uploads\/2021\/09\/DSF7784_WhiteStar_FTLB_A.Segers-2-1024x683.jpg\" alt=\"Jeep-Tour im Bastogne War Museum.\" class=\"wp-image-3270\" width=\"381\" height=\"254\" srcset=\"https:\/\/www.landofmemory.eu\/wp-content\/uploads\/2021\/09\/DSF7784_WhiteStar_FTLB_A.Segers-2-1024x683.jpg 1024w, https:\/\/www.landofmemory.eu\/wp-content\/uploads\/2021\/09\/DSF7784_WhiteStar_FTLB_A.Segers-2-300x200.jpg 300w, https:\/\/www.landofmemory.eu\/wp-content\/uploads\/2021\/09\/DSF7784_WhiteStar_FTLB_A.Segers-2-768x512.jpg 768w, https:\/\/www.landofmemory.eu\/wp-content\/uploads\/2021\/09\/DSF7784_WhiteStar_FTLB_A.Segers-2-1536x1024.jpg 1536w, https:\/\/www.landofmemory.eu\/wp-content\/uploads\/2021\/09\/DSF7784_WhiteStar_FTLB_A.Segers-2-2048x1366.jpg 2048w, https:\/\/www.landofmemory.eu\/wp-content\/uploads\/2021\/09\/DSF7784_WhiteStar_FTLB_A.Segers-2-600x400.jpg 600w\" sizes=\"auto, (max-width: 381px) 100vw, 381px\" \/><figcaption>\u00a9 FTLB &#8211; A.Segers<\/figcaption><\/figure>\n<\/div>\n\n\n\n<div class=\"wp-block-column is-layout-flow wp-block-column-is-layout-flow\">\n<figure class=\"wp-block-image size-large is-resized\"><img loading=\"lazy\" decoding=\"async\" src=\"https:\/\/www.landofmemory.eu\/wp-content\/uploads\/2021\/09\/DSF7774_WhiteStar_FTLB_A.Segers-2-1024x683.jpg\" alt=\"Jeep-Tour in Bastogne.\" class=\"wp-image-3274\" width=\"375\" height=\"250\" srcset=\"https:\/\/www.landofmemory.eu\/wp-content\/uploads\/2021\/09\/DSF7774_WhiteStar_FTLB_A.Segers-2-1024x683.jpg 1024w, https:\/\/www.landofmemory.eu\/wp-content\/uploads\/2021\/09\/DSF7774_WhiteStar_FTLB_A.Segers-2-300x200.jpg 300w, https:\/\/www.landofmemory.eu\/wp-content\/uploads\/2021\/09\/DSF7774_WhiteStar_FTLB_A.Segers-2-768x512.jpg 768w, https:\/\/www.landofmemory.eu\/wp-content\/uploads\/2021\/09\/DSF7774_WhiteStar_FTLB_A.Segers-2-1536x1024.jpg 1536w, https:\/\/www.landofmemory.eu\/wp-content\/uploads\/2021\/09\/DSF7774_WhiteStar_FTLB_A.Segers-2-2048x1365.jpg 2048w, https:\/\/www.landofmemory.eu\/wp-content\/uploads\/2021\/09\/DSF7774_WhiteStar_FTLB_A.Segers-2-600x400.jpg 600w\" sizes=\"auto, (max-width: 375px) 100vw, 375px\" \/><figcaption>\u00a9 FTLB &#8211; A.Segers<\/figcaption><\/figure>\n<\/div>\n<\/div>\n\n<div class=\"wp-block-columns is-layout-flex wp-container-core-columns-is-layout-9d6595d7 wp-block-columns-is-layout-flex\">\n<div class=\"wp-block-column is-vertically-aligned-center is-layout-flow wp-block-column-is-layout-flow\">\n<figure class=\"wp-block-image size-large is-resized\"><img loading=\"lazy\" decoding=\"async\" src=\"https:\/\/www.landofmemory.eu\/wp-content\/uploads\/2021\/09\/RemoteMediaFile_6553783_0_2021_06_18_11_12_12-2-1-1024x576.jpg\" alt=\"Blick auf das Mardasson-Denkmal.\" class=\"wp-image-3297\" width=\"373\" height=\"210\" srcset=\"https:\/\/www.landofmemory.eu\/wp-content\/uploads\/2021\/09\/RemoteMediaFile_6553783_0_2021_06_18_11_12_12-2-1-1024x576.jpg 1024w, https:\/\/www.landofmemory.eu\/wp-content\/uploads\/2021\/09\/RemoteMediaFile_6553783_0_2021_06_18_11_12_12-2-1-300x169.jpg 300w, https:\/\/www.landofmemory.eu\/wp-content\/uploads\/2021\/09\/RemoteMediaFile_6553783_0_2021_06_18_11_12_12-2-1-768x432.jpg 768w, https:\/\/www.landofmemory.eu\/wp-content\/uploads\/2021\/09\/RemoteMediaFile_6553783_0_2021_06_18_11_12_12-2-1-1536x864.jpg 1536w, https:\/\/www.landofmemory.eu\/wp-content\/uploads\/2021\/09\/RemoteMediaFile_6553783_0_2021_06_18_11_12_12-2-1-2048x1152.jpg 2048w, https:\/\/www.landofmemory.eu\/wp-content\/uploads\/2021\/09\/RemoteMediaFile_6553783_0_2021_06_18_11_12_12-2-1-600x338.jpg 600w\" sizes=\"auto, (max-width: 373px) 100vw, 373px\" \/><figcaption>\u00a9 Land of Memory<\/figcaption><\/figure>\n<\/div>\n\n\n\n<div class=\"wp-block-column is-vertically-aligned-center is-layout-flow wp-block-column-is-layout-flow\">\n<p>Auf diesen Rundwegen entdecken Sie das Mardasson-Denkmal. Seine Sternform ist eine Hommage an die amerikanischen Befreier. Au\u00dfergew\u00f6hnlich ist auch die Krypta, die mit Mosaiken des franz\u00f6sischen K\u00fcnstlers Fernand L\u00e9ger verziert ist.<\/p>\n<\/div>\n<\/div>\n\n<div class=\"wp-block-columns is-layout-flex wp-container-core-columns-is-layout-9d6595d7 wp-block-columns-is-layout-flex\">\n<div class=\"wp-block-column is-layout-flow wp-block-column-is-layout-flow\">\n<figure class=\"wp-block-image size-large is-resized\"><img loading=\"lazy\" decoding=\"async\" src=\"https:\/\/www.landofmemory.eu\/wp-content\/uploads\/2021\/09\/Musee-de-Bastogne-40-45_Denis_Bdts-2-2-1-1024x683.jpg\" alt=\"Multimedia-Installationen im Museum von Bastogne.\" class=\"wp-image-3282\" width=\"399\" height=\"265\" srcset=\"https:\/\/www.landofmemory.eu\/wp-content\/uploads\/2021\/09\/Musee-de-Bastogne-40-45_Denis_Bdts-2-2-1-1024x683.jpg 1024w, https:\/\/www.landofmemory.eu\/wp-content\/uploads\/2021\/09\/Musee-de-Bastogne-40-45_Denis_Bdts-2-2-1-300x200.jpg 300w, https:\/\/www.landofmemory.eu\/wp-content\/uploads\/2021\/09\/Musee-de-Bastogne-40-45_Denis_Bdts-2-2-1-1536x1025.jpg 1536w, https:\/\/www.landofmemory.eu\/wp-content\/uploads\/2021\/09\/Musee-de-Bastogne-40-45_Denis_Bdts-2-2-1-2048x1367.jpg 2048w, https:\/\/www.landofmemory.eu\/wp-content\/uploads\/2021\/09\/Musee-de-Bastogne-40-45_Denis_Bdts-2-2-1-600x400.jpg 600w\" sizes=\"auto, (max-width: 399px) 100vw, 399px\" \/><figcaption>\u00a9 Land of Memory<\/figcaption><\/figure>\n<\/div>\n\n\n\n<div class=\"wp-block-column is-layout-flow wp-block-column-is-layout-flow\">\n<figure class=\"wp-block-image size-large is-resized\"><img loading=\"lazy\" decoding=\"async\" src=\"https:\/\/www.landofmemory.eu\/wp-content\/uploads\/2021\/09\/Musee-de-Bastogne-40-45_Denis_Bdts-4-2-1024x684.jpg\" alt=\"Zeugnisse aus dem Bastogne War Museum.\" class=\"wp-image-3286\" width=\"392\" height=\"262\" srcset=\"https:\/\/www.landofmemory.eu\/wp-content\/uploads\/2021\/09\/Musee-de-Bastogne-40-45_Denis_Bdts-4-2-1024x684.jpg 1024w, https:\/\/www.landofmemory.eu\/wp-content\/uploads\/2021\/09\/Musee-de-Bastogne-40-45_Denis_Bdts-4-2-300x200.jpg 300w, https:\/\/www.landofmemory.eu\/wp-content\/uploads\/2021\/09\/Musee-de-Bastogne-40-45_Denis_Bdts-4-2-768x513.jpg 768w, https:\/\/www.landofmemory.eu\/wp-content\/uploads\/2021\/09\/Musee-de-Bastogne-40-45_Denis_Bdts-4-2-1536x1025.jpg 1536w, https:\/\/www.landofmemory.eu\/wp-content\/uploads\/2021\/09\/Musee-de-Bastogne-40-45_Denis_Bdts-4-2-2048x1367.jpg 2048w, https:\/\/www.landofmemory.eu\/wp-content\/uploads\/2021\/09\/Musee-de-Bastogne-40-45_Denis_Bdts-4-2-600x401.jpg 600w\" sizes=\"auto, (max-width: 392px) 100vw, 392px\" \/><figcaption>\u00a9 Land of Memory<\/figcaption><\/figure>\n\n\n\n<p><\/p>\n<\/div>\n<\/div>\n\n<h2 class=\"wp-block-heading\" id=\"renouveau-pour-le-musee\">G\u00e9n\u00e9ration 45<\/h2>\n\n<p>Wie der Name schon sagt, f\u00fchrt Sie diese Erweiterung von 1945 bis zum Fall der Berliner Mauer mitten in diese Zeit. Diese immersive, selbstgef\u00fchrte Tour wird durch eine Reihe von Berichten von Soldaten und Einwohnern bestimmt, die diese harten Zeiten durchgestanden haben. W\u00e4hrend des Rundgangs werden Sie ein altes, nachgebautes Programmkino entdecken. Es wird ein Film gezeigt, der den sozialen, wirtschaftlichen und kulturellen Kontext der Zeit nach dem Zweiten Weltkrieg nachzeichnet.<\/p>\n\n<figure class=\"wp-block-image size-large\"><img loading=\"lazy\" decoding=\"async\" width=\"1024\" height=\"681\" src=\"https:\/\/www.landofmemory.eu\/wp-content\/uploads\/2022\/07\/film-1024x681.jpg\" alt=\"\" class=\"wp-image-9754\" srcset=\"https:\/\/www.landofmemory.eu\/wp-content\/uploads\/2022\/07\/film-1024x681.jpg 1024w, https:\/\/www.landofmemory.eu\/wp-content\/uploads\/2022\/07\/film-300x200.jpg 300w, https:\/\/www.landofmemory.eu\/wp-content\/uploads\/2022\/07\/film-768x511.jpg 768w, https:\/\/www.landofmemory.eu\/wp-content\/uploads\/2022\/07\/film-1536x1022.jpg 1536w, https:\/\/www.landofmemory.eu\/wp-content\/uploads\/2022\/07\/film-2048x1363.jpg 2048w, https:\/\/www.landofmemory.eu\/wp-content\/uploads\/2022\/07\/film-600x399.jpg 600w\" sizes=\"auto, (max-width: 1024px) 100vw, 1024px\" \/><\/figure>\n\n<p>Dieser Kontext wird auf neue Art und Weise erz\u00e4hlt, indem die Lebensabschnitte zweier Veteranen verfolgt werden: Sergio, ein amerikanischer Staatsb\u00fcrger, und Karl, ein deutscher Soldat, der sich daf\u00fcr entscheidet, in einem Dorf in der N\u00e4he von Bastogne zu bleiben.  Ihr Leben ist Teil der europ\u00e4ischen Nachkriegsgeschichte. Dank der Unterst\u00fctzung ihrer Familien ist dieser Besuch ein authentischer und emotionaler Moment.\u00a0<\/p>\n\n<div class=\"wp-block-columns is-layout-flex wp-container-core-columns-is-layout-9d6595d7 wp-block-columns-is-layout-flex\">\n<div class=\"wp-block-column is-layout-flow wp-block-column-is-layout-flow\" style=\"flex-basis:50%\">\n<figure class=\"wp-block-image size-large\"><img loading=\"lazy\" decoding=\"async\" width=\"1024\" height=\"681\" src=\"https:\/\/www.landofmemory.eu\/wp-content\/uploads\/2022\/07\/bastogne-1-1024x681.jpg\" alt=\"\" class=\"wp-image-9744\" srcset=\"https:\/\/www.landofmemory.eu\/wp-content\/uploads\/2022\/07\/bastogne-1-1024x681.jpg 1024w, https:\/\/www.landofmemory.eu\/wp-content\/uploads\/2022\/07\/bastogne-1-300x200.jpg 300w, https:\/\/www.landofmemory.eu\/wp-content\/uploads\/2022\/07\/bastogne-1-768x511.jpg 768w, https:\/\/www.landofmemory.eu\/wp-content\/uploads\/2022\/07\/bastogne-1-1536x1022.jpg 1536w, https:\/\/www.landofmemory.eu\/wp-content\/uploads\/2022\/07\/bastogne-1-2048x1363.jpg 2048w, https:\/\/www.landofmemory.eu\/wp-content\/uploads\/2022\/07\/bastogne-1-600x399.jpg 600w\" sizes=\"auto, (max-width: 1024px) 100vw, 1024px\" \/><\/figure>\n<\/div>\n\n\n\n<div class=\"wp-block-column is-layout-flow wp-block-column-is-layout-flow\" style=\"flex-basis:50%\">\n<figure class=\"wp-block-image size-large\"><img loading=\"lazy\" decoding=\"async\" width=\"1024\" height=\"681\" src=\"https:\/\/www.landofmemory.eu\/wp-content\/uploads\/2022\/07\/prisonnier-1024x681.jpg\" alt=\"\" class=\"wp-image-9748\" srcset=\"https:\/\/www.landofmemory.eu\/wp-content\/uploads\/2022\/07\/prisonnier-1024x681.jpg 1024w, https:\/\/www.landofmemory.eu\/wp-content\/uploads\/2022\/07\/prisonnier-300x200.jpg 300w, https:\/\/www.landofmemory.eu\/wp-content\/uploads\/2022\/07\/prisonnier-768x511.jpg 768w, https:\/\/www.landofmemory.eu\/wp-content\/uploads\/2022\/07\/prisonnier-1536x1022.jpg 1536w, https:\/\/www.landofmemory.eu\/wp-content\/uploads\/2022\/07\/prisonnier-2048x1363.jpg 2048w, https:\/\/www.landofmemory.eu\/wp-content\/uploads\/2022\/07\/prisonnier-600x399.jpg 600w\" sizes=\"auto, (max-width: 1024px) 100vw, 1024px\" \/><\/figure>\n<\/div>\n<\/div>\n\n<p>Eine Erneuerung, deren Schl\u00fcsselw\u00f6rter P\u00e4dagogik, Austausch und Erinnerung sind.<\/p>\n","protected":false},"template":"","type_site":[53],"class_list":["post-5558","sites-historiques","type-sites-historiques","status-publish","hentry","type_site-museen-und-ausstellungen"],"acf":[],"yoast_head":"<!-- This site is optimized with the Yoast SEO plugin v26.0 - https:\/\/yoast.com\/wordpress\/plugins\/seo\/ -->\n<title>Zweiter Weltkrieg: Bastogne War Museum<\/title>\n<meta name=\"description\" content=\"Tauchen Sie ein in die Realit\u00e4t des Milit\u00e4rs w\u00e4hrend der Ardennenoffensive und des Zweiten Weltkriegs dank eines immersiven Erlebnisses.\" \/>\n<meta name=\"robots\" content=\"index, follow, max-snippet:-1, max-image-preview:large, max-video-preview:-1\" \/>\n<link rel=\"canonical\" href=\"https:\/\/www.landofmemory.eu\/de\/sites-historiques\/bastogne-war-museum\/\" \/>\n<meta property=\"og:locale\" content=\"de_DE\" \/>\n<meta property=\"og:type\" content=\"article\" \/>\n<meta property=\"og:title\" content=\"Zweiter Weltkrieg: Bastogne War Museum\" \/>\n<meta property=\"og:description\" content=\"Tauchen Sie ein in die Realit\u00e4t des Milit\u00e4rs w\u00e4hrend der Ardennenoffensive und des Zweiten Weltkriegs dank eines immersiven Erlebnisses.\" \/>\n<meta property=\"og:url\" content=\"https:\/\/www.landofmemory.eu\/de\/sites-historiques\/bastogne-war-museum\/\" \/>\n<meta property=\"og:site_name\" content=\"Land Of Memory\" \/>\n<meta property=\"article:publisher\" content=\"https:\/\/www.facebook.com\/landofmemory.eu\" \/>\n<meta property=\"article:modified_time\" content=\"2022-08-03T08:33:39+00:00\" \/>\n<meta property=\"og:image\" content=\"https:\/\/www.landofmemory.eu\/wp-content\/uploads\/2021\/09\/copyright-Bastogne-War-Museum-2-1024x683.jpg\" \/>\n<meta name=\"twitter:card\" content=\"summary_large_image\" \/>\n<meta name=\"twitter:label1\" content=\"Gesch\u00e4tzte Lesezeit\" \/>\n\t<meta name=\"twitter:data1\" content=\"3\u00a0Minuten\" \/>\n<script type=\"application\/ld+json\" class=\"yoast-schema-graph\">{\"@context\":\"https:\/\/schema.org\",\"@graph\":[{\"@type\":\"WebPage\",\"@id\":\"https:\/\/www.landofmemory.eu\/de\/sites-historiques\/bastogne-war-museum\/\",\"url\":\"https:\/\/www.landofmemory.eu\/de\/sites-historiques\/bastogne-war-museum\/\",\"name\":\"Zweiter Weltkrieg: Bastogne War Museum\",\"isPartOf\":{\"@id\":\"https:\/\/www.landofmemory.eu\/#website\"},\"primaryImageOfPage\":{\"@id\":\"https:\/\/www.landofmemory.eu\/de\/sites-historiques\/bastogne-war-museum\/#primaryimage\"},\"image\":{\"@id\":\"https:\/\/www.landofmemory.eu\/de\/sites-historiques\/bastogne-war-museum\/#primaryimage\"},\"thumbnailUrl\":\"https:\/\/www.landofmemory.eu\/wp-content\/uploads\/2021\/09\/copyright-Bastogne-War-Museum-2-1024x683.jpg\",\"datePublished\":\"2021-11-02T14:54:35+00:00\",\"dateModified\":\"2022-08-03T08:33:39+00:00\",\"description\":\"Tauchen Sie ein in die Realit\u00e4t des Milit\u00e4rs w\u00e4hrend der Ardennenoffensive und des Zweiten Weltkriegs dank eines immersiven Erlebnisses.\",\"breadcrumb\":{\"@id\":\"https:\/\/www.landofmemory.eu\/de\/sites-historiques\/bastogne-war-museum\/#breadcrumb\"},\"inLanguage\":\"de\",\"potentialAction\":[{\"@type\":\"ReadAction\",\"target\":[\"https:\/\/www.landofmemory.eu\/de\/sites-historiques\/bastogne-war-museum\/\"]}]},{\"@type\":\"ImageObject\",\"inLanguage\":\"de\",\"@id\":\"https:\/\/www.landofmemory.eu\/de\/sites-historiques\/bastogne-war-museum\/#primaryimage\",\"url\":\"https:\/\/www.landofmemory.eu\/wp-content\/uploads\/2021\/09\/copyright-Bastogne-War-Museum-2-1024x683.jpg\",\"contentUrl\":\"https:\/\/www.landofmemory.eu\/wp-content\/uploads\/2021\/09\/copyright-Bastogne-War-Museum-2-1024x683.jpg\"},{\"@type\":\"BreadcrumbList\",\"@id\":\"https:\/\/www.landofmemory.eu\/de\/sites-historiques\/bastogne-war-museum\/#breadcrumb\",\"itemListElement\":[{\"@type\":\"ListItem\",\"position\":1,\"name\":\"Accueil\",\"item\":\"https:\/\/www.landofmemory.eu\/\"},{\"@type\":\"ListItem\",\"position\":2,\"name\":\"Bastogne War Museum\"}]},{\"@type\":\"WebSite\",\"@id\":\"https:\/\/www.landofmemory.eu\/#website\",\"url\":\"https:\/\/www.landofmemory.eu\/\",\"name\":\"Land Of Memory\",\"description\":\"L&#039;histoire commence ici\",\"publisher\":{\"@id\":\"https:\/\/www.landofmemory.eu\/#organization\"},\"potentialAction\":[{\"@type\":\"SearchAction\",\"target\":{\"@type\":\"EntryPoint\",\"urlTemplate\":\"https:\/\/www.landofmemory.eu\/?s={search_term_string}\"},\"query-input\":{\"@type\":\"PropertyValueSpecification\",\"valueRequired\":true,\"valueName\":\"search_term_string\"}}],\"inLanguage\":\"de\"},{\"@type\":\"Organization\",\"@id\":\"https:\/\/www.landofmemory.eu\/#organization\",\"name\":\"Land Of Memory\",\"url\":\"https:\/\/www.landofmemory.eu\/\",\"logo\":{\"@type\":\"ImageObject\",\"inLanguage\":\"de\",\"@id\":\"https:\/\/www.landofmemory.eu\/#\/schema\/logo\/image\/\",\"url\":\"https:\/\/www.landofmemory.eu\/wp-content\/uploads\/2022\/10\/logo-land-of-memory.jpg\",\"contentUrl\":\"https:\/\/www.landofmemory.eu\/wp-content\/uploads\/2022\/10\/logo-land-of-memory.jpg\",\"width\":1000,\"height\":500,\"caption\":\"Land Of Memory\"},\"image\":{\"@id\":\"https:\/\/www.landofmemory.eu\/#\/schema\/logo\/image\/\"},\"sameAs\":[\"https:\/\/www.facebook.com\/landofmemory.eu\",\"https:\/\/www.instagram.com\/landofmemory_eu\/\"]}]}<\/script>\n<!-- \/ Yoast SEO plugin. -->","yoast_head_json":{"title":"Zweiter Weltkrieg: Bastogne War Museum","description":"Tauchen Sie ein in die Realit\u00e4t des Milit\u00e4rs w\u00e4hrend der Ardennenoffensive und des Zweiten Weltkriegs dank eines immersiven Erlebnisses.","robots":{"index":"index","follow":"follow","max-snippet":"max-snippet:-1","max-image-preview":"max-image-preview:large","max-video-preview":"max-video-preview:-1"},"canonical":"https:\/\/www.landofmemory.eu\/de\/sites-historiques\/bastogne-war-museum\/","og_locale":"de_DE","og_type":"article","og_title":"Zweiter Weltkrieg: Bastogne War Museum","og_description":"Tauchen Sie ein in die Realit\u00e4t des Milit\u00e4rs w\u00e4hrend der Ardennenoffensive und des Zweiten Weltkriegs dank eines immersiven Erlebnisses.","og_url":"https:\/\/www.landofmemory.eu\/de\/sites-historiques\/bastogne-war-museum\/","og_site_name":"Land Of Memory","article_publisher":"https:\/\/www.facebook.com\/landofmemory.eu","article_modified_time":"2022-08-03T08:33:39+00:00","og_image":[{"url":"https:\/\/www.landofmemory.eu\/wp-content\/uploads\/2021\/09\/copyright-Bastogne-War-Museum-2-1024x683.jpg","type":"","width":"","height":""}],"twitter_card":"summary_large_image","twitter_misc":{"Gesch\u00e4tzte Lesezeit":"3\u00a0Minuten"},"schema":{"@context":"https:\/\/schema.org","@graph":[{"@type":"WebPage","@id":"https:\/\/www.landofmemory.eu\/de\/sites-historiques\/bastogne-war-museum\/","url":"https:\/\/www.landofmemory.eu\/de\/sites-historiques\/bastogne-war-museum\/","name":"Zweiter Weltkrieg: Bastogne War Museum","isPartOf":{"@id":"https:\/\/www.landofmemory.eu\/#website"},"primaryImageOfPage":{"@id":"https:\/\/www.landofmemory.eu\/de\/sites-historiques\/bastogne-war-museum\/#primaryimage"},"image":{"@id":"https:\/\/www.landofmemory.eu\/de\/sites-historiques\/bastogne-war-museum\/#primaryimage"},"thumbnailUrl":"https:\/\/www.landofmemory.eu\/wp-content\/uploads\/2021\/09\/copyright-Bastogne-War-Museum-2-1024x683.jpg","datePublished":"2021-11-02T14:54:35+00:00","dateModified":"2022-08-03T08:33:39+00:00","description":"Tauchen Sie ein in die Realit\u00e4t des Milit\u00e4rs w\u00e4hrend der Ardennenoffensive und des Zweiten Weltkriegs dank eines immersiven Erlebnisses.","breadcrumb":{"@id":"https:\/\/www.landofmemory.eu\/de\/sites-historiques\/bastogne-war-museum\/#breadcrumb"},"inLanguage":"de","potentialAction":[{"@type":"ReadAction","target":["https:\/\/www.landofmemory.eu\/de\/sites-historiques\/bastogne-war-museum\/"]}]},{"@type":"ImageObject","inLanguage":"de","@id":"https:\/\/www.landofmemory.eu\/de\/sites-historiques\/bastogne-war-museum\/#primaryimage","url":"https:\/\/www.landofmemory.eu\/wp-content\/uploads\/2021\/09\/copyright-Bastogne-War-Museum-2-1024x683.jpg","contentUrl":"https:\/\/www.landofmemory.eu\/wp-content\/uploads\/2021\/09\/copyright-Bastogne-War-Museum-2-1024x683.jpg"},{"@type":"BreadcrumbList","@id":"https:\/\/www.landofmemory.eu\/de\/sites-historiques\/bastogne-war-museum\/#breadcrumb","itemListElement":[{"@type":"ListItem","position":1,"name":"Accueil","item":"https:\/\/www.landofmemory.eu\/"},{"@type":"ListItem","position":2,"name":"Bastogne War Museum"}]},{"@type":"WebSite","@id":"https:\/\/www.landofmemory.eu\/#website","url":"https:\/\/www.landofmemory.eu\/","name":"Land Of Memory","description":"L&#039;histoire commence ici","publisher":{"@id":"https:\/\/www.landofmemory.eu\/#organization"},"potentialAction":[{"@type":"SearchAction","target":{"@type":"EntryPoint","urlTemplate":"https:\/\/www.landofmemory.eu\/?s={search_term_string}"},"query-input":{"@type":"PropertyValueSpecification","valueRequired":true,"valueName":"search_term_string"}}],"inLanguage":"de"},{"@type":"Organization","@id":"https:\/\/www.landofmemory.eu\/#organization","name":"Land Of Memory","url":"https:\/\/www.landofmemory.eu\/","logo":{"@type":"ImageObject","inLanguage":"de","@id":"https:\/\/www.landofmemory.eu\/#\/schema\/logo\/image\/","url":"https:\/\/www.landofmemory.eu\/wp-content\/uploads\/2022\/10\/logo-land-of-memory.jpg","contentUrl":"https:\/\/www.landofmemory.eu\/wp-content\/uploads\/2022\/10\/logo-land-of-memory.jpg","width":1000,"height":500,"caption":"Land Of Memory"},"image":{"@id":"https:\/\/www.landofmemory.eu\/#\/schema\/logo\/image\/"},"sameAs":["https:\/\/www.facebook.com\/landofmemory.eu","https:\/\/www.instagram.com\/landofmemory_eu\/"]}]}},"_links":{"self":[{"href":"https:\/\/www.landofmemory.eu\/de\/wp-json\/wp\/v2\/sites-historiques\/5558","targetHints":{"allow":["GET"]}}],"collection":[{"href":"https:\/\/www.landofmemory.eu\/de\/wp-json\/wp\/v2\/sites-historiques"}],"about":[{"href":"https:\/\/www.landofmemory.eu\/de\/wp-json\/wp\/v2\/types\/sites-historiques"}],"wp:attachment":[{"href":"https:\/\/www.landofmemory.eu\/de\/wp-json\/wp\/v2\/media?parent=5558"}],"wp:term":[{"taxonomy":"type_site","embeddable":true,"href":"https:\/\/www.landofmemory.eu\/de\/wp-json\/wp\/v2\/type_site?post=5558"}],"curies":[{"name":"wp","href":"https:\/\/api.w.org\/{rel}","templated":true}]}}