{"id":5559,"date":"2021-11-02T15:57:37","date_gmt":"2021-11-02T14:57:37","guid":{"rendered":"https:\/\/www.landofmemory.eu\/sites-historiques\/bastogne-barracks\/"},"modified":"2021-11-02T15:57:37","modified_gmt":"2021-11-02T14:57:37","slug":"bastogne-barracks","status":"publish","type":"sites-historiques","link":"https:\/\/www.landofmemory.eu\/de\/sites-historiques\/bastogne-barracks\/","title":{"rendered":"Bastogne Barracks"},"content":{"rendered":"\n<h2 class=\"wp-block-heading\">Emblematischer Ort des Zweiten Weltkriegs<\/h2>\n\n<p>Auf dem Gel\u00e4nde einer ehemaligen Kaserne werden Sie von F\u00fchrern empfangen, die auf die Geschichte des Zweiten Weltkriegs und auf die Restaurierung von historischen Fahrzeugen spezialisiert sind. Die 1936 f\u00fcr die Chasseurs Ardennais errichteten Geb\u00e4ude wurden w\u00e4hrend des Krieges als Ausbildungszentrum f\u00fcr die Hitlerjugend und sp\u00e4ter als amerikanisches Hauptquartier f\u00fcr General McAuliffe, den Befehlshaber der ber\u00fchmten 101st Airborne, genutzt. <\/p>\n\n<p>Ein Muss f\u00fcr Liebhaber, die einen Besuch mit vielen Informationen und exklusiven Anekdoten w\u00fcnschen.<\/p>\n\n<div style=\"height:100px\" aria-hidden=\"true\" class=\"wp-block-spacer\"><\/div>\n\n<figure class=\"wp-block-gallery columns-3 is-cropped wp-block-gallery-1 is-layout-flex wp-block-gallery-is-layout-flex\"><ul class=\"blocks-gallery-grid\"><li class=\"blocks-gallery-item\"><figure><img loading=\"lazy\" decoding=\"async\" width=\"1024\" height=\"682\" src=\"https:\/\/www.landofmemory.eu\/wp-content\/uploads\/2021\/09\/DSF7777_FTLB_A.Segers-1024x682.jpeg\" alt=\"Zeitgen&#xF6;ssische Panzer.\" data-id=\"3740\" data-full-url=\"https:\/\/www.landofmemory.eu\/wp-content\/uploads\/2021\/09\/DSF7777_FTLB_A.Segers-scaled.jpeg\" data-link=\"https:\/\/www.landofmemory.eu\/sites-historiques\/bastogne-barracks\/dsf7777_ftlb_a-segers\/\" class=\"wp-image-3743\" srcset=\"https:\/\/www.landofmemory.eu\/wp-content\/uploads\/2021\/09\/DSF7777_FTLB_A.Segers-1024x682.jpeg 1024w, https:\/\/www.landofmemory.eu\/wp-content\/uploads\/2021\/09\/DSF7777_FTLB_A.Segers-300x200.jpeg 300w, https:\/\/www.landofmemory.eu\/wp-content\/uploads\/2021\/09\/DSF7777_FTLB_A.Segers-768x512.jpeg 768w, https:\/\/www.landofmemory.eu\/wp-content\/uploads\/2021\/09\/DSF7777_FTLB_A.Segers-1536x1024.jpeg 1536w, https:\/\/www.landofmemory.eu\/wp-content\/uploads\/2021\/09\/DSF7777_FTLB_A.Segers-2048x1365.jpeg 2048w, https:\/\/www.landofmemory.eu\/wp-content\/uploads\/2021\/09\/DSF7777_FTLB_A.Segers-600x400.jpeg 600w\" sizes=\"auto, (max-width: 1024px) 100vw, 1024px\" \/><figcaption class=\"blocks-gallery-item__caption\">\u00a9 FTLB &#8211; A.Segers<\/figcaption><\/figure><\/li><li class=\"blocks-gallery-item\"><figure><img loading=\"lazy\" decoding=\"async\" width=\"1024\" height=\"682\" src=\"https:\/\/www.landofmemory.eu\/wp-content\/uploads\/2021\/09\/DSF7887_BBarracks_FTLB_A.Segers-1-1024x682.jpg\" alt=\"Detail eines historischen Fahrzeugs.\" data-id=\"3744\" data-full-url=\"https:\/\/www.landofmemory.eu\/wp-content\/uploads\/2021\/09\/DSF7887_BBarracks_FTLB_A.Segers-1-scaled.jpg\" data-link=\"https:\/\/www.landofmemory.eu\/sites-historiques\/bastogne-barracks\/dsf7887_bbarracks_ftlb_a-segers-1\/\" class=\"wp-image-3744\" srcset=\"https:\/\/www.landofmemory.eu\/wp-content\/uploads\/2021\/09\/DSF7887_BBarracks_FTLB_A.Segers-1-1024x682.jpg 1024w, https:\/\/www.landofmemory.eu\/wp-content\/uploads\/2021\/09\/DSF7887_BBarracks_FTLB_A.Segers-1-300x200.jpg 300w, https:\/\/www.landofmemory.eu\/wp-content\/uploads\/2021\/09\/DSF7887_BBarracks_FTLB_A.Segers-1-768x512.jpg 768w, https:\/\/www.landofmemory.eu\/wp-content\/uploads\/2021\/09\/DSF7887_BBarracks_FTLB_A.Segers-1-1536x1024.jpg 1536w, https:\/\/www.landofmemory.eu\/wp-content\/uploads\/2021\/09\/DSF7887_BBarracks_FTLB_A.Segers-1-2048x1365.jpg 2048w, https:\/\/www.landofmemory.eu\/wp-content\/uploads\/2021\/09\/DSF7887_BBarracks_FTLB_A.Segers-1-600x400.jpg 600w\" sizes=\"auto, (max-width: 1024px) 100vw, 1024px\" \/><figcaption class=\"blocks-gallery-item__caption\">\u00a9 FTLB &#8211; A.Segers<\/figcaption><\/figure><\/li><li class=\"blocks-gallery-item\"><figure><img loading=\"lazy\" decoding=\"async\" width=\"1024\" height=\"683\" src=\"https:\/\/www.landofmemory.eu\/wp-content\/uploads\/2021\/09\/DSF7894_BBarracks_FTLB_A.Segers-1-1024x683.jpg\" alt=\"Besuchen Sie die Bastogne Barracks.\" data-id=\"3748\" data-full-url=\"https:\/\/www.landofmemory.eu\/wp-content\/uploads\/2021\/09\/DSF7894_BBarracks_FTLB_A.Segers-1.jpg\" data-link=\"https:\/\/www.landofmemory.eu\/sites-historiques\/bastogne-barracks\/dsf7894_bbarracks_ftlb_a-segers-1\/\" class=\"wp-image-3751\" srcset=\"https:\/\/www.landofmemory.eu\/wp-content\/uploads\/2021\/09\/DSF7894_BBarracks_FTLB_A.Segers-1-1024x683.jpg 1024w, https:\/\/www.landofmemory.eu\/wp-content\/uploads\/2021\/09\/DSF7894_BBarracks_FTLB_A.Segers-1-300x200.jpg 300w, https:\/\/www.landofmemory.eu\/wp-content\/uploads\/2021\/09\/DSF7894_BBarracks_FTLB_A.Segers-1-768x512.jpg 768w, https:\/\/www.landofmemory.eu\/wp-content\/uploads\/2021\/09\/DSF7894_BBarracks_FTLB_A.Segers-1-600x400.jpg 600w, https:\/\/www.landofmemory.eu\/wp-content\/uploads\/2021\/09\/DSF7894_BBarracks_FTLB_A.Segers-1.jpg 1417w\" sizes=\"auto, (max-width: 1024px) 100vw, 1024px\" \/><figcaption class=\"blocks-gallery-item__caption\">\u00a9 FTLB &#8211; A.Segers<\/figcaption><\/figure><\/li><li class=\"blocks-gallery-item\"><figure><img loading=\"lazy\" decoding=\"async\" width=\"1024\" height=\"683\" src=\"https:\/\/www.landofmemory.eu\/wp-content\/uploads\/2021\/09\/DSF7911_BBarracks_FTLB_A.Segers-1-1024x683.jpg\" alt=\"Zeitgen&#xF6;ssische Fahrzeuge.\" data-id=\"3752\" data-full-url=\"https:\/\/www.landofmemory.eu\/wp-content\/uploads\/2021\/09\/DSF7911_BBarracks_FTLB_A.Segers-1.jpg\" data-link=\"https:\/\/www.landofmemory.eu\/sites-historiques\/bastogne-barracks\/dsf7911_bbarracks_ftlb_a-segers-1\/\" class=\"wp-image-3755\" srcset=\"https:\/\/www.landofmemory.eu\/wp-content\/uploads\/2021\/09\/DSF7911_BBarracks_FTLB_A.Segers-1-1024x683.jpg 1024w, https:\/\/www.landofmemory.eu\/wp-content\/uploads\/2021\/09\/DSF7911_BBarracks_FTLB_A.Segers-1-300x200.jpg 300w, https:\/\/www.landofmemory.eu\/wp-content\/uploads\/2021\/09\/DSF7911_BBarracks_FTLB_A.Segers-1-768x512.jpg 768w, https:\/\/www.landofmemory.eu\/wp-content\/uploads\/2021\/09\/DSF7911_BBarracks_FTLB_A.Segers-1-1536x1024.jpg 1536w, https:\/\/www.landofmemory.eu\/wp-content\/uploads\/2021\/09\/DSF7911_BBarracks_FTLB_A.Segers-1-2048x1365.jpg 2048w, https:\/\/www.landofmemory.eu\/wp-content\/uploads\/2021\/09\/DSF7911_BBarracks_FTLB_A.Segers-1-600x400.jpg 600w\" sizes=\"auto, (max-width: 1024px) 100vw, 1024px\" \/><figcaption class=\"blocks-gallery-item__caption\">\u00a9 FTLB &#8211; A.Segers<\/figcaption><\/figure><\/li><\/ul><\/figure>\n","protected":false},"template":"","type_site":[53],"class_list":["post-5559","sites-historiques","type-sites-historiques","status-publish","hentry","type_site-museen-und-ausstellungen"],"acf":[],"yoast_head":"<!-- This site is optimized with the Yoast SEO plugin v26.0 - https:\/\/yoast.com\/wordpress\/plugins\/seo\/ -->\n<title>Zweiter Weltkrieg: Bastogne Barracks<\/title>\n<meta name=\"description\" content=\"Die Bastogne Barracks beherbergen eine der gr\u00f6\u00dften Sammlungen von Milit\u00e4rfahrzeugen aus der Ardennenoffensive.\" \/>\n<meta name=\"robots\" content=\"index, follow, max-snippet:-1, max-image-preview:large, max-video-preview:-1\" \/>\n<link rel=\"canonical\" href=\"https:\/\/www.landofmemory.eu\/de\/sites-historiques\/bastogne-barracks\/\" \/>\n<meta property=\"og:locale\" content=\"de_DE\" \/>\n<meta property=\"og:type\" content=\"article\" \/>\n<meta property=\"og:title\" content=\"Zweiter Weltkrieg: Bastogne Barracks\" \/>\n<meta property=\"og:description\" content=\"Die Bastogne Barracks beherbergen eine der gr\u00f6\u00dften Sammlungen von Milit\u00e4rfahrzeugen aus der Ardennenoffensive.\" \/>\n<meta property=\"og:url\" content=\"https:\/\/www.landofmemory.eu\/de\/sites-historiques\/bastogne-barracks\/\" \/>\n<meta property=\"og:site_name\" content=\"Land Of Memory\" \/>\n<meta property=\"article:publisher\" content=\"https:\/\/www.facebook.com\/landofmemory.eu\" \/>\n<meta property=\"og:image\" content=\"https:\/\/www.landofmemory.eu\/wp-content\/uploads\/2021\/09\/DSF7777_FTLB_A.Segers-1024x682.jpeg\" \/>\n<meta name=\"twitter:card\" content=\"summary_large_image\" \/>\n<meta name=\"twitter:label1\" content=\"Gesch\u00e4tzte Lesezeit\" \/>\n\t<meta name=\"twitter:data1\" content=\"1\u00a0Minute\" \/>\n<script type=\"application\/ld+json\" class=\"yoast-schema-graph\">{\"@context\":\"https:\/\/schema.org\",\"@graph\":[{\"@type\":\"WebPage\",\"@id\":\"https:\/\/www.landofmemory.eu\/de\/sites-historiques\/bastogne-barracks\/\",\"url\":\"https:\/\/www.landofmemory.eu\/de\/sites-historiques\/bastogne-barracks\/\",\"name\":\"Zweiter Weltkrieg: Bastogne Barracks\",\"isPartOf\":{\"@id\":\"https:\/\/www.landofmemory.eu\/#website\"},\"primaryImageOfPage\":{\"@id\":\"https:\/\/www.landofmemory.eu\/de\/sites-historiques\/bastogne-barracks\/#primaryimage\"},\"image\":{\"@id\":\"https:\/\/www.landofmemory.eu\/de\/sites-historiques\/bastogne-barracks\/#primaryimage\"},\"thumbnailUrl\":\"https:\/\/www.landofmemory.eu\/wp-content\/uploads\/2021\/09\/DSF7777_FTLB_A.Segers-1024x682.jpeg\",\"datePublished\":\"2021-11-02T14:57:37+00:00\",\"description\":\"Die Bastogne Barracks beherbergen eine der gr\u00f6\u00dften Sammlungen von Milit\u00e4rfahrzeugen aus der Ardennenoffensive.\",\"breadcrumb\":{\"@id\":\"https:\/\/www.landofmemory.eu\/de\/sites-historiques\/bastogne-barracks\/#breadcrumb\"},\"inLanguage\":\"de\",\"potentialAction\":[{\"@type\":\"ReadAction\",\"target\":[\"https:\/\/www.landofmemory.eu\/de\/sites-historiques\/bastogne-barracks\/\"]}]},{\"@type\":\"ImageObject\",\"inLanguage\":\"de\",\"@id\":\"https:\/\/www.landofmemory.eu\/de\/sites-historiques\/bastogne-barracks\/#primaryimage\",\"url\":\"https:\/\/www.landofmemory.eu\/wp-content\/uploads\/2021\/09\/DSF7777_FTLB_A.Segers-1024x682.jpeg\",\"contentUrl\":\"https:\/\/www.landofmemory.eu\/wp-content\/uploads\/2021\/09\/DSF7777_FTLB_A.Segers-1024x682.jpeg\"},{\"@type\":\"BreadcrumbList\",\"@id\":\"https:\/\/www.landofmemory.eu\/de\/sites-historiques\/bastogne-barracks\/#breadcrumb\",\"itemListElement\":[{\"@type\":\"ListItem\",\"position\":1,\"name\":\"Accueil\",\"item\":\"https:\/\/www.landofmemory.eu\/\"},{\"@type\":\"ListItem\",\"position\":2,\"name\":\"Bastogne Barracks\"}]},{\"@type\":\"WebSite\",\"@id\":\"https:\/\/www.landofmemory.eu\/#website\",\"url\":\"https:\/\/www.landofmemory.eu\/\",\"name\":\"Land Of Memory\",\"description\":\"L&#039;histoire commence ici\",\"publisher\":{\"@id\":\"https:\/\/www.landofmemory.eu\/#organization\"},\"potentialAction\":[{\"@type\":\"SearchAction\",\"target\":{\"@type\":\"EntryPoint\",\"urlTemplate\":\"https:\/\/www.landofmemory.eu\/?s={search_term_string}\"},\"query-input\":{\"@type\":\"PropertyValueSpecification\",\"valueRequired\":true,\"valueName\":\"search_term_string\"}}],\"inLanguage\":\"de\"},{\"@type\":\"Organization\",\"@id\":\"https:\/\/www.landofmemory.eu\/#organization\",\"name\":\"Land Of Memory\",\"url\":\"https:\/\/www.landofmemory.eu\/\",\"logo\":{\"@type\":\"ImageObject\",\"inLanguage\":\"de\",\"@id\":\"https:\/\/www.landofmemory.eu\/#\/schema\/logo\/image\/\",\"url\":\"https:\/\/www.landofmemory.eu\/wp-content\/uploads\/2022\/10\/logo-land-of-memory.jpg\",\"contentUrl\":\"https:\/\/www.landofmemory.eu\/wp-content\/uploads\/2022\/10\/logo-land-of-memory.jpg\",\"width\":1000,\"height\":500,\"caption\":\"Land Of Memory\"},\"image\":{\"@id\":\"https:\/\/www.landofmemory.eu\/#\/schema\/logo\/image\/\"},\"sameAs\":[\"https:\/\/www.facebook.com\/landofmemory.eu\",\"https:\/\/www.instagram.com\/landofmemory_eu\/\"]}]}<\/script>\n<!-- \/ Yoast SEO plugin. -->","yoast_head_json":{"title":"Zweiter Weltkrieg: Bastogne Barracks","description":"Die Bastogne Barracks beherbergen eine der gr\u00f6\u00dften Sammlungen von Milit\u00e4rfahrzeugen aus der Ardennenoffensive.","robots":{"index":"index","follow":"follow","max-snippet":"max-snippet:-1","max-image-preview":"max-image-preview:large","max-video-preview":"max-video-preview:-1"},"canonical":"https:\/\/www.landofmemory.eu\/de\/sites-historiques\/bastogne-barracks\/","og_locale":"de_DE","og_type":"article","og_title":"Zweiter Weltkrieg: Bastogne Barracks","og_description":"Die Bastogne Barracks beherbergen eine der gr\u00f6\u00dften Sammlungen von Milit\u00e4rfahrzeugen aus der Ardennenoffensive.","og_url":"https:\/\/www.landofmemory.eu\/de\/sites-historiques\/bastogne-barracks\/","og_site_name":"Land Of Memory","article_publisher":"https:\/\/www.facebook.com\/landofmemory.eu","og_image":[{"url":"https:\/\/www.landofmemory.eu\/wp-content\/uploads\/2021\/09\/DSF7777_FTLB_A.Segers-1024x682.jpeg","type":"","width":"","height":""}],"twitter_card":"summary_large_image","twitter_misc":{"Gesch\u00e4tzte Lesezeit":"1\u00a0Minute"},"schema":{"@context":"https:\/\/schema.org","@graph":[{"@type":"WebPage","@id":"https:\/\/www.landofmemory.eu\/de\/sites-historiques\/bastogne-barracks\/","url":"https:\/\/www.landofmemory.eu\/de\/sites-historiques\/bastogne-barracks\/","name":"Zweiter Weltkrieg: Bastogne Barracks","isPartOf":{"@id":"https:\/\/www.landofmemory.eu\/#website"},"primaryImageOfPage":{"@id":"https:\/\/www.landofmemory.eu\/de\/sites-historiques\/bastogne-barracks\/#primaryimage"},"image":{"@id":"https:\/\/www.landofmemory.eu\/de\/sites-historiques\/bastogne-barracks\/#primaryimage"},"thumbnailUrl":"https:\/\/www.landofmemory.eu\/wp-content\/uploads\/2021\/09\/DSF7777_FTLB_A.Segers-1024x682.jpeg","datePublished":"2021-11-02T14:57:37+00:00","description":"Die Bastogne Barracks beherbergen eine der gr\u00f6\u00dften Sammlungen von Milit\u00e4rfahrzeugen aus der Ardennenoffensive.","breadcrumb":{"@id":"https:\/\/www.landofmemory.eu\/de\/sites-historiques\/bastogne-barracks\/#breadcrumb"},"inLanguage":"de","potentialAction":[{"@type":"ReadAction","target":["https:\/\/www.landofmemory.eu\/de\/sites-historiques\/bastogne-barracks\/"]}]},{"@type":"ImageObject","inLanguage":"de","@id":"https:\/\/www.landofmemory.eu\/de\/sites-historiques\/bastogne-barracks\/#primaryimage","url":"https:\/\/www.landofmemory.eu\/wp-content\/uploads\/2021\/09\/DSF7777_FTLB_A.Segers-1024x682.jpeg","contentUrl":"https:\/\/www.landofmemory.eu\/wp-content\/uploads\/2021\/09\/DSF7777_FTLB_A.Segers-1024x682.jpeg"},{"@type":"BreadcrumbList","@id":"https:\/\/www.landofmemory.eu\/de\/sites-historiques\/bastogne-barracks\/#breadcrumb","itemListElement":[{"@type":"ListItem","position":1,"name":"Accueil","item":"https:\/\/www.landofmemory.eu\/"},{"@type":"ListItem","position":2,"name":"Bastogne Barracks"}]},{"@type":"WebSite","@id":"https:\/\/www.landofmemory.eu\/#website","url":"https:\/\/www.landofmemory.eu\/","name":"Land Of Memory","description":"L&#039;histoire commence ici","publisher":{"@id":"https:\/\/www.landofmemory.eu\/#organization"},"potentialAction":[{"@type":"SearchAction","target":{"@type":"EntryPoint","urlTemplate":"https:\/\/www.landofmemory.eu\/?s={search_term_string}"},"query-input":{"@type":"PropertyValueSpecification","valueRequired":true,"valueName":"search_term_string"}}],"inLanguage":"de"},{"@type":"Organization","@id":"https:\/\/www.landofmemory.eu\/#organization","name":"Land Of Memory","url":"https:\/\/www.landofmemory.eu\/","logo":{"@type":"ImageObject","inLanguage":"de","@id":"https:\/\/www.landofmemory.eu\/#\/schema\/logo\/image\/","url":"https:\/\/www.landofmemory.eu\/wp-content\/uploads\/2022\/10\/logo-land-of-memory.jpg","contentUrl":"https:\/\/www.landofmemory.eu\/wp-content\/uploads\/2022\/10\/logo-land-of-memory.jpg","width":1000,"height":500,"caption":"Land Of Memory"},"image":{"@id":"https:\/\/www.landofmemory.eu\/#\/schema\/logo\/image\/"},"sameAs":["https:\/\/www.facebook.com\/landofmemory.eu","https:\/\/www.instagram.com\/landofmemory_eu\/"]}]}},"_links":{"self":[{"href":"https:\/\/www.landofmemory.eu\/de\/wp-json\/wp\/v2\/sites-historiques\/5559","targetHints":{"allow":["GET"]}}],"collection":[{"href":"https:\/\/www.landofmemory.eu\/de\/wp-json\/wp\/v2\/sites-historiques"}],"about":[{"href":"https:\/\/www.landofmemory.eu\/de\/wp-json\/wp\/v2\/types\/sites-historiques"}],"wp:attachment":[{"href":"https:\/\/www.landofmemory.eu\/de\/wp-json\/wp\/v2\/media?parent=5559"}],"wp:term":[{"taxonomy":"type_site","embeddable":true,"href":"https:\/\/www.landofmemory.eu\/de\/wp-json\/wp\/v2\/type_site?post=5559"}],"curies":[{"name":"wp","href":"https:\/\/api.w.org\/{rel}","templated":true}]}}