{"id":5567,"date":"2021-11-02T16:34:50","date_gmt":"2021-11-02T15:34:50","guid":{"rendered":"https:\/\/www.landofmemory.eu\/sites-historiques\/das-soldaten-und-siegesdenkmal-von-verdun\/"},"modified":"2022-08-02T17:27:52","modified_gmt":"2022-08-02T15:27:52","slug":"das-soldaten-und-siegesdenkmal-von-verdun","status":"publish","type":"sites-historiques","link":"https:\/\/www.landofmemory.eu\/de\/sites-historiques\/das-soldaten-und-siegesdenkmal-von-verdun\/","title":{"rendered":"Das Soldaten- und Siegesdenkmal von Verdun"},"content":{"rendered":"\n<h2 class=\"wp-block-heading\">Erinnerungen an die Schlacht von Verdun<\/h2>\n\n<div class=\"wp-block-columns is-layout-flex wp-container-core-columns-is-layout-9d6595d7 wp-block-columns-is-layout-flex\">\n<div class=\"wp-block-column is-vertically-aligned-center is-layout-flow wp-block-column-is-layout-flow\">\n<div class=\"wp-block-image\"><figure class=\"aligncenter size-medium is-resized\"><img loading=\"lazy\" decoding=\"async\" src=\"https:\/\/www.landofmemory.eu\/wp-content\/uploads\/2021\/10\/Me&#x301;morial-de-verdun_Denis_Bdts1-300x200.jpg\" alt=\"Alte Granate vor der Gedenkst&#xE4;tte von Verdun.\" class=\"wp-image-4338\" width=\"421\" height=\"281\"\/><figcaption>\u00a9 Land of Memory<\/figcaption><\/figure><\/div>\n<\/div>\n\n\n\n<div class=\"wp-block-column is-vertically-aligned-center is-layout-flow wp-block-column-is-layout-flow\">\n<p>Die 2016 renovierte Gedenkst\u00e4tte von Verdun l\u00e4sst uns in die Geschichte der Schlacht von Verdun eintauchen.&#13;\n<\/p>\n\n\n\n<p>Auf drei Ebenen werden alle Details der Schlacht rekonstruiert. Eine Erfahrung, die durch zahlreiche Objekte, Archivbilder und Zeugenaussagen erz\u00e4hlt wird, die vom Alltag der Soldaten an der Front, aber auch von den Strategien und Eins\u00e4tzen, die die Schlacht darstellt, berichten.&#13;\n<\/p>\n\n\n\n<p>Im Erdgeschoss tauchen wir in die Sichtweise des K\u00e4mpfers ein. Auf gro\u00dfen Bildschirmen erleben wir die physische, auditive und psychologische Gewalt einer solchen Konfrontation. In der ersten Etage entdecken wir das Schlachtfeld und die Rolle der einzelnen Personen vor Ort.<\/p>\n<\/div>\n<\/div>\n\n<div style=\"height:100px\" aria-hidden=\"true\" class=\"wp-block-spacer\"><\/div>\n\n<div class=\"wp-block-columns is-layout-flex wp-container-core-columns-is-layout-9d6595d7 wp-block-columns-is-layout-flex\">\n<div class=\"wp-block-column is-vertically-aligned-center is-layout-flow wp-block-column-is-layout-flow\">\n<p>Wir erfahren, welche beispiellose Rolle die Luftwaffe spielt. In Verdun fand n\u00e4mlich die erste Luftschlacht der Geschichte statt. Im obersten Stockwerk bietet die Terrasse einen Panoramablick auf das ehemalige Schlachtfeld. Multimedia-Terminals erz\u00e4hlen die Geschichte der Front. Zurzeit werden auch verschiedene Wechselausstellungen gezeigt.&#13;\n<\/p>\n\n\n\n<p>Nach dem Besuch der Gedenkst\u00e4tte von Verdun k\u00f6nnen Sie einen Spaziergang durch den Wald machen, der die Gedenkst\u00e4tte umgibt. Die Spuren der K\u00e4mpfe sind noch immer sichtbar. F\u00fcr Neugierige besteht die M\u00f6glichkeit, zus\u00e4tzlich zur Besichtigung der Gedenkst\u00e4tte einen p\u00e4dagogischen Rundgang zu buchen. &#13;\n<\/p>\n<\/div>\n\n\n\n<div class=\"wp-block-column is-vertically-aligned-center is-layout-flow wp-block-column-is-layout-flow\">\n<div class=\"wp-block-image\"><figure class=\"aligncenter size-medium is-resized\"><img loading=\"lazy\" decoding=\"async\" src=\"https:\/\/www.landofmemory.eu\/wp-content\/uploads\/2021\/10\/Me&#x301;morial-de-verdun_Denis_Bdts-300x200.jpg\" alt=\"Uniformen und pers&#xF6;nliche Gegenst&#xE4;nde, die in der Gedenkst&#xE4;tte von Verdun ausgestellt sind.\" class=\"wp-image-4342\" width=\"406\" height=\"271\"\/><figcaption>\u00a9 Land of Memory<\/figcaption><\/figure><\/div>\n<\/div>\n<\/div>\n\n<p>Ein kleines Extra: Ein virtueller Besuch des Museums ist auf der Webseite verf\u00fcgbar, um Ihren Besuch vorzubereiten, wenn Sie nicht vor Ort sein k\u00f6nnen!<\/p>\n","protected":false},"template":"","type_site":[50,53],"class_list":["post-5567","sites-historiques","type-sites-historiques","status-publish","hentry","type_site-gedenkstatten","type_site-museen-und-ausstellungen"],"acf":[],"yoast_head":"<!-- This site is optimized with the Yoast SEO plugin v26.0 - https:\/\/yoast.com\/wordpress\/plugins\/seo\/ -->\n<title>Gedenkst\u00e4tte von Verdun - Land of Memory<\/title>\n<meta name=\"description\" content=\"Die Gedenkst\u00e4tte von Verdun erinnert an die Geschichte der Schlacht von Verdun. Sie ist ein wesentlicher Bestandteil des Kriegsdenkmal-Tourismus.\" \/>\n<meta name=\"robots\" content=\"index, follow, max-snippet:-1, max-image-preview:large, max-video-preview:-1\" \/>\n<link rel=\"canonical\" href=\"https:\/\/www.landofmemory.eu\/de\/sites-historiques\/das-soldaten-und-siegesdenkmal-von-verdun\/\" \/>\n<meta property=\"og:locale\" content=\"de_DE\" \/>\n<meta property=\"og:type\" content=\"article\" \/>\n<meta property=\"og:title\" content=\"Gedenkst\u00e4tte von Verdun - Land of Memory\" \/>\n<meta property=\"og:description\" content=\"Die Gedenkst\u00e4tte von Verdun erinnert an die Geschichte der Schlacht von Verdun. Sie ist ein wesentlicher Bestandteil des Kriegsdenkmal-Tourismus.\" \/>\n<meta property=\"og:url\" content=\"https:\/\/www.landofmemory.eu\/de\/sites-historiques\/das-soldaten-und-siegesdenkmal-von-verdun\/\" \/>\n<meta property=\"og:site_name\" content=\"Land Of Memory\" \/>\n<meta property=\"article:publisher\" content=\"https:\/\/www.facebook.com\/landofmemory.eu\" \/>\n<meta property=\"article:modified_time\" content=\"2022-08-02T15:27:52+00:00\" \/>\n<meta property=\"og:image\" content=\"https:\/\/www.landofmemory.eu\/wp-content\/uploads\/2021\/10\/Me&#x301;morial-de-verdun_Denis_Bdts1-300x200.jpg\" \/>\n<meta name=\"twitter:card\" content=\"summary_large_image\" \/>\n<meta name=\"twitter:label1\" content=\"Gesch\u00e4tzte Lesezeit\" \/>\n\t<meta name=\"twitter:data1\" content=\"1\u00a0Minute\" \/>\n<script type=\"application\/ld+json\" class=\"yoast-schema-graph\">{\"@context\":\"https:\/\/schema.org\",\"@graph\":[{\"@type\":\"WebPage\",\"@id\":\"https:\/\/www.landofmemory.eu\/de\/sites-historiques\/das-soldaten-und-siegesdenkmal-von-verdun\/\",\"url\":\"https:\/\/www.landofmemory.eu\/de\/sites-historiques\/das-soldaten-und-siegesdenkmal-von-verdun\/\",\"name\":\"Gedenkst\u00e4tte von Verdun - Land of Memory\",\"isPartOf\":{\"@id\":\"https:\/\/www.landofmemory.eu\/#website\"},\"primaryImageOfPage\":{\"@id\":\"https:\/\/www.landofmemory.eu\/de\/sites-historiques\/das-soldaten-und-siegesdenkmal-von-verdun\/#primaryimage\"},\"image\":{\"@id\":\"https:\/\/www.landofmemory.eu\/de\/sites-historiques\/das-soldaten-und-siegesdenkmal-von-verdun\/#primaryimage\"},\"thumbnailUrl\":\"https:\/\/www.landofmemory.eu\/wp-content\/uploads\/2021\/10\/Me&#x301;morial-de-verdun_Denis_Bdts1-300x200.jpg\",\"datePublished\":\"2021-11-02T15:34:50+00:00\",\"dateModified\":\"2022-08-02T15:27:52+00:00\",\"description\":\"Die Gedenkst\u00e4tte von Verdun erinnert an die Geschichte der Schlacht von Verdun. Sie ist ein wesentlicher Bestandteil des Kriegsdenkmal-Tourismus.\",\"breadcrumb\":{\"@id\":\"https:\/\/www.landofmemory.eu\/de\/sites-historiques\/das-soldaten-und-siegesdenkmal-von-verdun\/#breadcrumb\"},\"inLanguage\":\"de\",\"potentialAction\":[{\"@type\":\"ReadAction\",\"target\":[\"https:\/\/www.landofmemory.eu\/de\/sites-historiques\/das-soldaten-und-siegesdenkmal-von-verdun\/\"]}]},{\"@type\":\"ImageObject\",\"inLanguage\":\"de\",\"@id\":\"https:\/\/www.landofmemory.eu\/de\/sites-historiques\/das-soldaten-und-siegesdenkmal-von-verdun\/#primaryimage\",\"url\":\"https:\/\/www.landofmemory.eu\/wp-content\/uploads\/2021\/10\/Me&#x301;morial-de-verdun_Denis_Bdts1-300x200.jpg\",\"contentUrl\":\"https:\/\/www.landofmemory.eu\/wp-content\/uploads\/2021\/10\/Me&#x301;morial-de-verdun_Denis_Bdts1-300x200.jpg\"},{\"@type\":\"BreadcrumbList\",\"@id\":\"https:\/\/www.landofmemory.eu\/de\/sites-historiques\/das-soldaten-und-siegesdenkmal-von-verdun\/#breadcrumb\",\"itemListElement\":[{\"@type\":\"ListItem\",\"position\":1,\"name\":\"Accueil\",\"item\":\"https:\/\/www.landofmemory.eu\/\"},{\"@type\":\"ListItem\",\"position\":2,\"name\":\"Das Soldaten- und Siegesdenkmal von Verdun\"}]},{\"@type\":\"WebSite\",\"@id\":\"https:\/\/www.landofmemory.eu\/#website\",\"url\":\"https:\/\/www.landofmemory.eu\/\",\"name\":\"Land Of Memory\",\"description\":\"L&#039;histoire commence ici\",\"publisher\":{\"@id\":\"https:\/\/www.landofmemory.eu\/#organization\"},\"potentialAction\":[{\"@type\":\"SearchAction\",\"target\":{\"@type\":\"EntryPoint\",\"urlTemplate\":\"https:\/\/www.landofmemory.eu\/?s={search_term_string}\"},\"query-input\":{\"@type\":\"PropertyValueSpecification\",\"valueRequired\":true,\"valueName\":\"search_term_string\"}}],\"inLanguage\":\"de\"},{\"@type\":\"Organization\",\"@id\":\"https:\/\/www.landofmemory.eu\/#organization\",\"name\":\"Land Of Memory\",\"url\":\"https:\/\/www.landofmemory.eu\/\",\"logo\":{\"@type\":\"ImageObject\",\"inLanguage\":\"de\",\"@id\":\"https:\/\/www.landofmemory.eu\/#\/schema\/logo\/image\/\",\"url\":\"https:\/\/www.landofmemory.eu\/wp-content\/uploads\/2022\/10\/logo-land-of-memory.jpg\",\"contentUrl\":\"https:\/\/www.landofmemory.eu\/wp-content\/uploads\/2022\/10\/logo-land-of-memory.jpg\",\"width\":1000,\"height\":500,\"caption\":\"Land Of Memory\"},\"image\":{\"@id\":\"https:\/\/www.landofmemory.eu\/#\/schema\/logo\/image\/\"},\"sameAs\":[\"https:\/\/www.facebook.com\/landofmemory.eu\",\"https:\/\/www.instagram.com\/landofmemory_eu\/\"]}]}<\/script>\n<!-- \/ Yoast SEO plugin. -->","yoast_head_json":{"title":"Gedenkst\u00e4tte von Verdun - Land of Memory","description":"Die Gedenkst\u00e4tte von Verdun erinnert an die Geschichte der Schlacht von Verdun. Sie ist ein wesentlicher Bestandteil des Kriegsdenkmal-Tourismus.","robots":{"index":"index","follow":"follow","max-snippet":"max-snippet:-1","max-image-preview":"max-image-preview:large","max-video-preview":"max-video-preview:-1"},"canonical":"https:\/\/www.landofmemory.eu\/de\/sites-historiques\/das-soldaten-und-siegesdenkmal-von-verdun\/","og_locale":"de_DE","og_type":"article","og_title":"Gedenkst\u00e4tte von Verdun - Land of Memory","og_description":"Die Gedenkst\u00e4tte von Verdun erinnert an die Geschichte der Schlacht von Verdun. Sie ist ein wesentlicher Bestandteil des Kriegsdenkmal-Tourismus.","og_url":"https:\/\/www.landofmemory.eu\/de\/sites-historiques\/das-soldaten-und-siegesdenkmal-von-verdun\/","og_site_name":"Land Of Memory","article_publisher":"https:\/\/www.facebook.com\/landofmemory.eu","article_modified_time":"2022-08-02T15:27:52+00:00","og_image":[{"url":"https:\/\/www.landofmemory.eu\/wp-content\/uploads\/2021\/10\/Me&#x301;morial-de-verdun_Denis_Bdts1-300x200.jpg","type":"","width":"","height":""}],"twitter_card":"summary_large_image","twitter_misc":{"Gesch\u00e4tzte Lesezeit":"1\u00a0Minute"},"schema":{"@context":"https:\/\/schema.org","@graph":[{"@type":"WebPage","@id":"https:\/\/www.landofmemory.eu\/de\/sites-historiques\/das-soldaten-und-siegesdenkmal-von-verdun\/","url":"https:\/\/www.landofmemory.eu\/de\/sites-historiques\/das-soldaten-und-siegesdenkmal-von-verdun\/","name":"Gedenkst\u00e4tte von Verdun - Land of Memory","isPartOf":{"@id":"https:\/\/www.landofmemory.eu\/#website"},"primaryImageOfPage":{"@id":"https:\/\/www.landofmemory.eu\/de\/sites-historiques\/das-soldaten-und-siegesdenkmal-von-verdun\/#primaryimage"},"image":{"@id":"https:\/\/www.landofmemory.eu\/de\/sites-historiques\/das-soldaten-und-siegesdenkmal-von-verdun\/#primaryimage"},"thumbnailUrl":"https:\/\/www.landofmemory.eu\/wp-content\/uploads\/2021\/10\/Me&#x301;morial-de-verdun_Denis_Bdts1-300x200.jpg","datePublished":"2021-11-02T15:34:50+00:00","dateModified":"2022-08-02T15:27:52+00:00","description":"Die Gedenkst\u00e4tte von Verdun erinnert an die Geschichte der Schlacht von Verdun. Sie ist ein wesentlicher Bestandteil des Kriegsdenkmal-Tourismus.","breadcrumb":{"@id":"https:\/\/www.landofmemory.eu\/de\/sites-historiques\/das-soldaten-und-siegesdenkmal-von-verdun\/#breadcrumb"},"inLanguage":"de","potentialAction":[{"@type":"ReadAction","target":["https:\/\/www.landofmemory.eu\/de\/sites-historiques\/das-soldaten-und-siegesdenkmal-von-verdun\/"]}]},{"@type":"ImageObject","inLanguage":"de","@id":"https:\/\/www.landofmemory.eu\/de\/sites-historiques\/das-soldaten-und-siegesdenkmal-von-verdun\/#primaryimage","url":"https:\/\/www.landofmemory.eu\/wp-content\/uploads\/2021\/10\/Me&#x301;morial-de-verdun_Denis_Bdts1-300x200.jpg","contentUrl":"https:\/\/www.landofmemory.eu\/wp-content\/uploads\/2021\/10\/Me&#x301;morial-de-verdun_Denis_Bdts1-300x200.jpg"},{"@type":"BreadcrumbList","@id":"https:\/\/www.landofmemory.eu\/de\/sites-historiques\/das-soldaten-und-siegesdenkmal-von-verdun\/#breadcrumb","itemListElement":[{"@type":"ListItem","position":1,"name":"Accueil","item":"https:\/\/www.landofmemory.eu\/"},{"@type":"ListItem","position":2,"name":"Das Soldaten- und Siegesdenkmal von Verdun"}]},{"@type":"WebSite","@id":"https:\/\/www.landofmemory.eu\/#website","url":"https:\/\/www.landofmemory.eu\/","name":"Land Of Memory","description":"L&#039;histoire commence ici","publisher":{"@id":"https:\/\/www.landofmemory.eu\/#organization"},"potentialAction":[{"@type":"SearchAction","target":{"@type":"EntryPoint","urlTemplate":"https:\/\/www.landofmemory.eu\/?s={search_term_string}"},"query-input":{"@type":"PropertyValueSpecification","valueRequired":true,"valueName":"search_term_string"}}],"inLanguage":"de"},{"@type":"Organization","@id":"https:\/\/www.landofmemory.eu\/#organization","name":"Land Of Memory","url":"https:\/\/www.landofmemory.eu\/","logo":{"@type":"ImageObject","inLanguage":"de","@id":"https:\/\/www.landofmemory.eu\/#\/schema\/logo\/image\/","url":"https:\/\/www.landofmemory.eu\/wp-content\/uploads\/2022\/10\/logo-land-of-memory.jpg","contentUrl":"https:\/\/www.landofmemory.eu\/wp-content\/uploads\/2022\/10\/logo-land-of-memory.jpg","width":1000,"height":500,"caption":"Land Of Memory"},"image":{"@id":"https:\/\/www.landofmemory.eu\/#\/schema\/logo\/image\/"},"sameAs":["https:\/\/www.facebook.com\/landofmemory.eu","https:\/\/www.instagram.com\/landofmemory_eu\/"]}]}},"_links":{"self":[{"href":"https:\/\/www.landofmemory.eu\/de\/wp-json\/wp\/v2\/sites-historiques\/5567","targetHints":{"allow":["GET"]}}],"collection":[{"href":"https:\/\/www.landofmemory.eu\/de\/wp-json\/wp\/v2\/sites-historiques"}],"about":[{"href":"https:\/\/www.landofmemory.eu\/de\/wp-json\/wp\/v2\/types\/sites-historiques"}],"wp:attachment":[{"href":"https:\/\/www.landofmemory.eu\/de\/wp-json\/wp\/v2\/media?parent=5567"}],"wp:term":[{"taxonomy":"type_site","embeddable":true,"href":"https:\/\/www.landofmemory.eu\/de\/wp-json\/wp\/v2\/type_site?post=5567"}],"curies":[{"name":"wp","href":"https:\/\/api.w.org\/{rel}","templated":true}]}}