{"id":5575,"date":"2021-11-02T16:46:52","date_gmt":"2021-11-02T15:46:52","guid":{"rendered":"https:\/\/www.landofmemory.eu\/sites-historiques\/amerikanischer-friedhof-romagne-sous-montfaucon\/"},"modified":"2022-08-02T17:27:05","modified_gmt":"2022-08-02T15:27:05","slug":"amerikanischer-friedhof-romagne-sous-montfaucon","status":"publish","type":"sites-historiques","link":"https:\/\/www.landofmemory.eu\/de\/sites-historiques\/amerikanischer-friedhof-romagne-sous-montfaucon\/","title":{"rendered":"Amerikanischer Friedhof Romagne-sous-Montfaucon"},"content":{"rendered":"\n<h2 class=\"wp-block-heading\">Der gr\u00f6\u00dfte amerikanische Friedhof Europas<\/h2>\n\n<p>Die meisten amerikanischen Soldaten, die in Europa gefallen sind, sind auf diesem amerikanischen Friedhof und Denkmal begraben. Auf 53 Hektar befinden sich 14.246 Soldaten begraben, die im Krieg gefallen sind. Die meisten von ihnen verloren ihr Leben w\u00e4hrend der Maas-Argonnen-Offensive des Ersten Weltkriegs. Pers\u00f6nliche Geschichten, Fotos, Filme und interaktive Ausstellungen&#8230; In den Ausstellungen wird auch die entscheidende Bedeutung der Offensive deutlich. In der Tat hat die Erste Armee eine unglaubliche Gegenwehr geleistet und den Feind zum R\u00fcckzug gezwungen. Diese heftigen K\u00e4mpfe dauerten 47 Tage.&#13;\n<\/p>\n\n<div style=\"height:100px\" aria-hidden=\"true\" class=\"wp-block-spacer\"><\/div>\n\n<p><\/p>\n\n<div class=\"wp-block-columns is-layout-flex wp-container-core-columns-is-layout-9d6595d7 wp-block-columns-is-layout-flex\">\n<div class=\"wp-block-column is-layout-flow wp-block-column-is-layout-flow\">\n<div class=\"wp-block-image\"><figure class=\"aligncenter size-medium is-resized\"><img loading=\"lazy\" decoding=\"async\" src=\"https:\/\/www.landofmemory.eu\/wp-content\/uploads\/2021\/10\/1310_ROMAGNE_003_Guillaume-Ramon-min-300x200.jpg\" alt=\"Die Gr&#xE4;ber auf dem amerikanischen Friedhof von Romagne sous Montfaucon.\" class=\"wp-image-4312\" width=\"558\" height=\"372\" srcset=\"https:\/\/www.landofmemory.eu\/wp-content\/uploads\/2021\/10\/1310_ROMAGNE_003_Guillaume-Ramon-min-300x200.jpg 300w, https:\/\/www.landofmemory.eu\/wp-content\/uploads\/2021\/10\/1310_ROMAGNE_003_Guillaume-Ramon-min-1024x683.jpg 1024w, https:\/\/www.landofmemory.eu\/wp-content\/uploads\/2021\/10\/1310_ROMAGNE_003_Guillaume-Ramon-min-768x513.jpg 768w, https:\/\/www.landofmemory.eu\/wp-content\/uploads\/2021\/10\/1310_ROMAGNE_003_Guillaume-Ramon-min-1536x1025.jpg 1536w, https:\/\/www.landofmemory.eu\/wp-content\/uploads\/2021\/10\/1310_ROMAGNE_003_Guillaume-Ramon-min-2048x1367.jpg 2048w, https:\/\/www.landofmemory.eu\/wp-content\/uploads\/2021\/10\/1310_ROMAGNE_003_Guillaume-Ramon-min-600x400.jpg 600w\" sizes=\"auto, (max-width: 558px) 100vw, 558px\" \/><figcaption>\u00a9 Guillaume Ramon<\/figcaption><\/figure><\/div>\n<\/div>\n<\/div>\n\n<p>Dort angekommen, entdeckt man eine riesige Gruppe von Grabsteinen, die in langen, regelm\u00e4\u00dfigen Reihen angeordnet sind. Sie erstrecken sich vom zentralen Becken bis zur neoromanischen Kapelle, die den Bergr\u00fccken kr\u00f6nt. Dar\u00fcber hinaus trennt eine pr\u00e4chtige Bronzetafel das Foyer der Kapelle vom Innenraum, dessen Glasfenster die Abzeichen amerikanischer Einheiten zeigen. Schlie\u00dflich kann man hinter dem Altar die Flaggen der wichtigsten verb\u00fcndeten Nationen bewundern.<\/p>\n\n<p><\/p>\n\n<p>Auf beiden Seiten der Kapelle befinden sich sch\u00f6ne Gedenkloggien, auf denen die Namen der vermissten Soldaten stehen. <\/p>\n\n<p><\/p>\n\n<p>Seit 2016 ist das Besucherzentrum renoviert und wiederer\u00f6ffnet worden.<\/p>\n","protected":false},"template":"","type_site":[51],"class_list":["post-5575","sites-historiques","type-sites-historiques","status-publish","hentry","type_site-weltkriegsfriedhofe"],"acf":[],"yoast_head":"<!-- This site is optimized with the Yoast SEO plugin v26.0 - https:\/\/yoast.com\/wordpress\/plugins\/seo\/ -->\n<title>Cimeti\u00e8re Am\u00e9ricain de Romagne-sous-Montfaucon<\/title>\n<meta name=\"description\" content=\"Der gr\u00f6\u00dfte amerikanische Friedhof Europas, die Gedenkst\u00e4tte Romagne-sous-Montfaucon, ist ein Ort voller Emotionen und Erinnerungen.\" \/>\n<meta name=\"robots\" content=\"index, follow, max-snippet:-1, max-image-preview:large, max-video-preview:-1\" \/>\n<link rel=\"canonical\" href=\"https:\/\/www.landofmemory.eu\/de\/sites-historiques\/amerikanischer-friedhof-romagne-sous-montfaucon\/\" \/>\n<meta property=\"og:locale\" content=\"de_DE\" \/>\n<meta property=\"og:type\" content=\"article\" \/>\n<meta property=\"og:title\" content=\"Cimeti\u00e8re Am\u00e9ricain de Romagne-sous-Montfaucon\" \/>\n<meta property=\"og:description\" content=\"Der gr\u00f6\u00dfte amerikanische Friedhof Europas, die Gedenkst\u00e4tte Romagne-sous-Montfaucon, ist ein Ort voller Emotionen und Erinnerungen.\" \/>\n<meta property=\"og:url\" content=\"https:\/\/www.landofmemory.eu\/de\/sites-historiques\/amerikanischer-friedhof-romagne-sous-montfaucon\/\" \/>\n<meta property=\"og:site_name\" content=\"Land Of Memory\" \/>\n<meta property=\"article:publisher\" content=\"https:\/\/www.facebook.com\/landofmemory.eu\" \/>\n<meta property=\"article:modified_time\" content=\"2022-08-02T15:27:05+00:00\" \/>\n<meta property=\"og:image\" content=\"https:\/\/www.landofmemory.eu\/wp-content\/uploads\/2021\/10\/1310_ROMAGNE_003_Guillaume-Ramon-min-300x200.jpg\" \/>\n<meta name=\"twitter:card\" content=\"summary_large_image\" \/>\n<meta name=\"twitter:label1\" content=\"Gesch\u00e4tzte Lesezeit\" \/>\n\t<meta name=\"twitter:data1\" content=\"1\u00a0Minute\" \/>\n<script type=\"application\/ld+json\" class=\"yoast-schema-graph\">{\"@context\":\"https:\/\/schema.org\",\"@graph\":[{\"@type\":\"WebPage\",\"@id\":\"https:\/\/www.landofmemory.eu\/de\/sites-historiques\/amerikanischer-friedhof-romagne-sous-montfaucon\/\",\"url\":\"https:\/\/www.landofmemory.eu\/de\/sites-historiques\/amerikanischer-friedhof-romagne-sous-montfaucon\/\",\"name\":\"Cimeti\u00e8re Am\u00e9ricain de Romagne-sous-Montfaucon\",\"isPartOf\":{\"@id\":\"https:\/\/www.landofmemory.eu\/#website\"},\"primaryImageOfPage\":{\"@id\":\"https:\/\/www.landofmemory.eu\/de\/sites-historiques\/amerikanischer-friedhof-romagne-sous-montfaucon\/#primaryimage\"},\"image\":{\"@id\":\"https:\/\/www.landofmemory.eu\/de\/sites-historiques\/amerikanischer-friedhof-romagne-sous-montfaucon\/#primaryimage\"},\"thumbnailUrl\":\"https:\/\/www.landofmemory.eu\/wp-content\/uploads\/2021\/10\/1310_ROMAGNE_003_Guillaume-Ramon-min-300x200.jpg\",\"datePublished\":\"2021-11-02T15:46:52+00:00\",\"dateModified\":\"2022-08-02T15:27:05+00:00\",\"description\":\"Der gr\u00f6\u00dfte amerikanische Friedhof Europas, die Gedenkst\u00e4tte Romagne-sous-Montfaucon, ist ein Ort voller Emotionen und Erinnerungen.\",\"breadcrumb\":{\"@id\":\"https:\/\/www.landofmemory.eu\/de\/sites-historiques\/amerikanischer-friedhof-romagne-sous-montfaucon\/#breadcrumb\"},\"inLanguage\":\"de\",\"potentialAction\":[{\"@type\":\"ReadAction\",\"target\":[\"https:\/\/www.landofmemory.eu\/de\/sites-historiques\/amerikanischer-friedhof-romagne-sous-montfaucon\/\"]}]},{\"@type\":\"ImageObject\",\"inLanguage\":\"de\",\"@id\":\"https:\/\/www.landofmemory.eu\/de\/sites-historiques\/amerikanischer-friedhof-romagne-sous-montfaucon\/#primaryimage\",\"url\":\"https:\/\/www.landofmemory.eu\/wp-content\/uploads\/2021\/10\/1310_ROMAGNE_003_Guillaume-Ramon-min-300x200.jpg\",\"contentUrl\":\"https:\/\/www.landofmemory.eu\/wp-content\/uploads\/2021\/10\/1310_ROMAGNE_003_Guillaume-Ramon-min-300x200.jpg\"},{\"@type\":\"BreadcrumbList\",\"@id\":\"https:\/\/www.landofmemory.eu\/de\/sites-historiques\/amerikanischer-friedhof-romagne-sous-montfaucon\/#breadcrumb\",\"itemListElement\":[{\"@type\":\"ListItem\",\"position\":1,\"name\":\"Accueil\",\"item\":\"https:\/\/www.landofmemory.eu\/\"},{\"@type\":\"ListItem\",\"position\":2,\"name\":\"Amerikanischer Friedhof Romagne-sous-Montfaucon\"}]},{\"@type\":\"WebSite\",\"@id\":\"https:\/\/www.landofmemory.eu\/#website\",\"url\":\"https:\/\/www.landofmemory.eu\/\",\"name\":\"Land Of Memory\",\"description\":\"L&#039;histoire commence ici\",\"publisher\":{\"@id\":\"https:\/\/www.landofmemory.eu\/#organization\"},\"potentialAction\":[{\"@type\":\"SearchAction\",\"target\":{\"@type\":\"EntryPoint\",\"urlTemplate\":\"https:\/\/www.landofmemory.eu\/?s={search_term_string}\"},\"query-input\":{\"@type\":\"PropertyValueSpecification\",\"valueRequired\":true,\"valueName\":\"search_term_string\"}}],\"inLanguage\":\"de\"},{\"@type\":\"Organization\",\"@id\":\"https:\/\/www.landofmemory.eu\/#organization\",\"name\":\"Land Of Memory\",\"url\":\"https:\/\/www.landofmemory.eu\/\",\"logo\":{\"@type\":\"ImageObject\",\"inLanguage\":\"de\",\"@id\":\"https:\/\/www.landofmemory.eu\/#\/schema\/logo\/image\/\",\"url\":\"https:\/\/www.landofmemory.eu\/wp-content\/uploads\/2022\/10\/logo-land-of-memory.jpg\",\"contentUrl\":\"https:\/\/www.landofmemory.eu\/wp-content\/uploads\/2022\/10\/logo-land-of-memory.jpg\",\"width\":1000,\"height\":500,\"caption\":\"Land Of Memory\"},\"image\":{\"@id\":\"https:\/\/www.landofmemory.eu\/#\/schema\/logo\/image\/\"},\"sameAs\":[\"https:\/\/www.facebook.com\/landofmemory.eu\",\"https:\/\/www.instagram.com\/landofmemory_eu\/\"]}]}<\/script>\n<!-- \/ Yoast SEO plugin. -->","yoast_head_json":{"title":"Cimeti\u00e8re Am\u00e9ricain de Romagne-sous-Montfaucon","description":"Der gr\u00f6\u00dfte amerikanische Friedhof Europas, die Gedenkst\u00e4tte Romagne-sous-Montfaucon, ist ein Ort voller Emotionen und Erinnerungen.","robots":{"index":"index","follow":"follow","max-snippet":"max-snippet:-1","max-image-preview":"max-image-preview:large","max-video-preview":"max-video-preview:-1"},"canonical":"https:\/\/www.landofmemory.eu\/de\/sites-historiques\/amerikanischer-friedhof-romagne-sous-montfaucon\/","og_locale":"de_DE","og_type":"article","og_title":"Cimeti\u00e8re Am\u00e9ricain de Romagne-sous-Montfaucon","og_description":"Der gr\u00f6\u00dfte amerikanische Friedhof Europas, die Gedenkst\u00e4tte Romagne-sous-Montfaucon, ist ein Ort voller Emotionen und Erinnerungen.","og_url":"https:\/\/www.landofmemory.eu\/de\/sites-historiques\/amerikanischer-friedhof-romagne-sous-montfaucon\/","og_site_name":"Land Of Memory","article_publisher":"https:\/\/www.facebook.com\/landofmemory.eu","article_modified_time":"2022-08-02T15:27:05+00:00","og_image":[{"url":"https:\/\/www.landofmemory.eu\/wp-content\/uploads\/2021\/10\/1310_ROMAGNE_003_Guillaume-Ramon-min-300x200.jpg","type":"","width":"","height":""}],"twitter_card":"summary_large_image","twitter_misc":{"Gesch\u00e4tzte Lesezeit":"1\u00a0Minute"},"schema":{"@context":"https:\/\/schema.org","@graph":[{"@type":"WebPage","@id":"https:\/\/www.landofmemory.eu\/de\/sites-historiques\/amerikanischer-friedhof-romagne-sous-montfaucon\/","url":"https:\/\/www.landofmemory.eu\/de\/sites-historiques\/amerikanischer-friedhof-romagne-sous-montfaucon\/","name":"Cimeti\u00e8re Am\u00e9ricain de Romagne-sous-Montfaucon","isPartOf":{"@id":"https:\/\/www.landofmemory.eu\/#website"},"primaryImageOfPage":{"@id":"https:\/\/www.landofmemory.eu\/de\/sites-historiques\/amerikanischer-friedhof-romagne-sous-montfaucon\/#primaryimage"},"image":{"@id":"https:\/\/www.landofmemory.eu\/de\/sites-historiques\/amerikanischer-friedhof-romagne-sous-montfaucon\/#primaryimage"},"thumbnailUrl":"https:\/\/www.landofmemory.eu\/wp-content\/uploads\/2021\/10\/1310_ROMAGNE_003_Guillaume-Ramon-min-300x200.jpg","datePublished":"2021-11-02T15:46:52+00:00","dateModified":"2022-08-02T15:27:05+00:00","description":"Der gr\u00f6\u00dfte amerikanische Friedhof Europas, die Gedenkst\u00e4tte Romagne-sous-Montfaucon, ist ein Ort voller Emotionen und Erinnerungen.","breadcrumb":{"@id":"https:\/\/www.landofmemory.eu\/de\/sites-historiques\/amerikanischer-friedhof-romagne-sous-montfaucon\/#breadcrumb"},"inLanguage":"de","potentialAction":[{"@type":"ReadAction","target":["https:\/\/www.landofmemory.eu\/de\/sites-historiques\/amerikanischer-friedhof-romagne-sous-montfaucon\/"]}]},{"@type":"ImageObject","inLanguage":"de","@id":"https:\/\/www.landofmemory.eu\/de\/sites-historiques\/amerikanischer-friedhof-romagne-sous-montfaucon\/#primaryimage","url":"https:\/\/www.landofmemory.eu\/wp-content\/uploads\/2021\/10\/1310_ROMAGNE_003_Guillaume-Ramon-min-300x200.jpg","contentUrl":"https:\/\/www.landofmemory.eu\/wp-content\/uploads\/2021\/10\/1310_ROMAGNE_003_Guillaume-Ramon-min-300x200.jpg"},{"@type":"BreadcrumbList","@id":"https:\/\/www.landofmemory.eu\/de\/sites-historiques\/amerikanischer-friedhof-romagne-sous-montfaucon\/#breadcrumb","itemListElement":[{"@type":"ListItem","position":1,"name":"Accueil","item":"https:\/\/www.landofmemory.eu\/"},{"@type":"ListItem","position":2,"name":"Amerikanischer Friedhof Romagne-sous-Montfaucon"}]},{"@type":"WebSite","@id":"https:\/\/www.landofmemory.eu\/#website","url":"https:\/\/www.landofmemory.eu\/","name":"Land Of Memory","description":"L&#039;histoire commence ici","publisher":{"@id":"https:\/\/www.landofmemory.eu\/#organization"},"potentialAction":[{"@type":"SearchAction","target":{"@type":"EntryPoint","urlTemplate":"https:\/\/www.landofmemory.eu\/?s={search_term_string}"},"query-input":{"@type":"PropertyValueSpecification","valueRequired":true,"valueName":"search_term_string"}}],"inLanguage":"de"},{"@type":"Organization","@id":"https:\/\/www.landofmemory.eu\/#organization","name":"Land Of Memory","url":"https:\/\/www.landofmemory.eu\/","logo":{"@type":"ImageObject","inLanguage":"de","@id":"https:\/\/www.landofmemory.eu\/#\/schema\/logo\/image\/","url":"https:\/\/www.landofmemory.eu\/wp-content\/uploads\/2022\/10\/logo-land-of-memory.jpg","contentUrl":"https:\/\/www.landofmemory.eu\/wp-content\/uploads\/2022\/10\/logo-land-of-memory.jpg","width":1000,"height":500,"caption":"Land Of Memory"},"image":{"@id":"https:\/\/www.landofmemory.eu\/#\/schema\/logo\/image\/"},"sameAs":["https:\/\/www.facebook.com\/landofmemory.eu","https:\/\/www.instagram.com\/landofmemory_eu\/"]}]}},"_links":{"self":[{"href":"https:\/\/www.landofmemory.eu\/de\/wp-json\/wp\/v2\/sites-historiques\/5575","targetHints":{"allow":["GET"]}}],"collection":[{"href":"https:\/\/www.landofmemory.eu\/de\/wp-json\/wp\/v2\/sites-historiques"}],"about":[{"href":"https:\/\/www.landofmemory.eu\/de\/wp-json\/wp\/v2\/types\/sites-historiques"}],"wp:attachment":[{"href":"https:\/\/www.landofmemory.eu\/de\/wp-json\/wp\/v2\/media?parent=5575"}],"wp:term":[{"taxonomy":"type_site","embeddable":true,"href":"https:\/\/www.landofmemory.eu\/de\/wp-json\/wp\/v2\/type_site?post=5575"}],"curies":[{"name":"wp","href":"https:\/\/api.w.org\/{rel}","templated":true}]}}