{"id":5854,"date":"2021-11-09T14:48:57","date_gmt":"2021-11-09T13:48:57","guid":{"rendered":"https:\/\/www.landofmemory.eu\/sujets-thematiques\/die-16-forts-der-befestigten-stellung-von-luettich\/"},"modified":"2022-08-03T11:44:38","modified_gmt":"2022-08-03T09:44:38","slug":"die-16-forts-der-befestigten-stellung-von-luettich","status":"publish","type":"sujets-thematiques","link":"https:\/\/www.landofmemory.eu\/de\/sujets-thematiques\/die-16-forts-der-befestigten-stellung-von-luettich\/","title":{"rendered":"Die 16 Forts der befestigten Stellung von L\u00fcttich"},"content":{"rendered":"\n<h2 class=\"wp-block-heading\">Die Festungen von L\u00fcttich: ein Betong\u00fcrtel, der die Stadt umgibt<\/h2>\n\n<p>Die befestigte Stellung von L\u00fcttich (P.F.L.) bestand 1914 aus 12 und 1940 aus 16 Festungen, die die Stadt umgaben. Sie waren schwer bewaffnet, betoniert und teilweise eingegraben. Aufgrund ihrer strategischen Entfernung sch\u00fctzten sie sich gegenseitig, die Stadt L\u00fcttich selbst und ihre wichtigsten Br\u00fccken.<\/p>\n\n<p>Der heldenhafte Widerstand der belgischen Streitkr\u00e4fte innerhalb der P.F.L. zu Beginn des Ersten Weltkriegs (vom 4. bis 16. August 1914) spielte eine entscheidende Rolle f\u00fcr den Beginn des Konflikts. Er erm\u00f6glichte es den franz\u00f6sischen Truppen, sich zu positionieren, w\u00e4hrend die Festungen von den ersten Sch\u00fcssen der Gro\u00dfen Bertha heftig beschossen wurden. In Erinnerung an diese Heldentat wurde L\u00fcttich als erste Stadt au\u00dferhalb Frankreichs mit dem Orden der franz\u00f6sischen Ehrenlegion ausgezeichnet. Dar\u00fcber hinaus beherbergt sie als Zeugnis dieses Mutes ein einzigartiges Symbol: das Interalliierte Ehrenmal. W\u00e4hrend des Zweiten Weltkriegs setzte der Festungsg\u00fcrtel von L\u00fcttich seine Aufgabe fort, auch wenn er das Blut zahlreicher Soldaten kostete.<\/p>\n\n<p>Als letzte Hommage benannte Paris das Wiener Caf\u00e9, das den Feind heraufbeschwor, in Caf\u00e9 Li\u00e9geois um&#8230; \u00fcberall bekannt und als Getr\u00e4nk auf den Terrassen der Cit\u00e9 ardente getrunken!&#13;\n<\/p>\n\n<p><\/p>\n\n<div style=\"height:100px\" aria-hidden=\"true\" class=\"wp-block-spacer\"><\/div>\n\n<figure class=\"wp-block-gallery columns-3 is-cropped wp-block-gallery-1 is-layout-flex wp-block-gallery-is-layout-flex\"><ul class=\"blocks-gallery-grid\"><li class=\"blocks-gallery-item\"><figure><a href=\"https:\/\/www.landofmemory.eu\/sujets-thematiques\/forts-liege\/5-986_001-2\/\"><img loading=\"lazy\" decoding=\"async\" width=\"1000\" height=\"750\" src=\"https:\/\/www.landofmemory.eu\/wp-content\/uploads\/2021\/08\/5-986_001-1.jpg\" alt=\"Les ruines du Fort de Loncin. Poterne d'entr&#xE9;e.\" data-id=\"545\" data-full-url=\"https:\/\/www.landofmemory.eu\/wp-content\/uploads\/2021\/08\/5-986_001-1.jpg\" data-link=\"https:\/\/www.landofmemory.eu\/sujets-thematiques\/forts-liege\/5-986_001-2\/\" class=\"wp-image-548\" srcset=\"https:\/\/www.landofmemory.eu\/wp-content\/uploads\/2021\/08\/5-986_001-1.jpg 1000w, https:\/\/www.landofmemory.eu\/wp-content\/uploads\/2021\/08\/5-986_001-1-300x225.jpg 300w, https:\/\/www.landofmemory.eu\/wp-content\/uploads\/2021\/08\/5-986_001-1-768x576.jpg 768w, https:\/\/www.landofmemory.eu\/wp-content\/uploads\/2021\/08\/5-986_001-1-600x450.jpg 600w\" sizes=\"auto, (max-width: 1000px) 100vw, 1000px\" \/><\/a><figcaption class=\"blocks-gallery-item__caption\">Die Ruinen des Forts von Loncin. Eingangspostament.<\/figcaption><\/figure><\/li><li class=\"blocks-gallery-item\"><figure><a href=\"https:\/\/www.landofmemory.eu\/sujets-thematiques\/forts-liege\/2-liege_1914-2\/\"><img loading=\"lazy\" decoding=\"async\" width=\"1000\" height=\"750\" src=\"https:\/\/www.landofmemory.eu\/wp-content\/uploads\/2021\/08\/2-Liege_1914-1.jpg\" alt=\"&#xAB; La Belgique envahie a gard&#xE9; son sang-froid &#xBB;. Les forces belges &#xE0; Li&#xE8;ge en ao&#xFB;t 1914.\" data-id=\"553\" data-full-url=\"https:\/\/www.landofmemory.eu\/wp-content\/uploads\/2021\/08\/2-Liege_1914-1.jpg\" data-link=\"https:\/\/www.landofmemory.eu\/sujets-thematiques\/forts-liege\/2-liege_1914-2\/\" class=\"wp-image-556\" srcset=\"https:\/\/www.landofmemory.eu\/wp-content\/uploads\/2021\/08\/2-Liege_1914-1.jpg 1000w, https:\/\/www.landofmemory.eu\/wp-content\/uploads\/2021\/08\/2-Liege_1914-1-300x225.jpg 300w, https:\/\/www.landofmemory.eu\/wp-content\/uploads\/2021\/08\/2-Liege_1914-1-768x576.jpg 768w, https:\/\/www.landofmemory.eu\/wp-content\/uploads\/2021\/08\/2-Liege_1914-1-600x450.jpg 600w\" sizes=\"auto, (max-width: 1000px) 100vw, 1000px\" \/><\/a><figcaption class=\"blocks-gallery-item__caption\">Das \u00fcberfallene Belgien bewahrt einen k\u00fchlen Kopf. Belgische Truppen in L\u00fcttich im August 1914.<\/figcaption><\/figure><\/li><li class=\"blocks-gallery-item\"><figure><a href=\"https:\/\/www.landofmemory.eu\/sujets-thematiques\/forts-liege\/4-loncin-26-3-1890-2\/\"><img loading=\"lazy\" decoding=\"async\" width=\"1000\" height=\"750\" src=\"https:\/\/www.landofmemory.eu\/wp-content\/uploads\/2021\/08\/4-Loncin-26-3-1890-1.jpg\" alt=\"Le Fort de Loncin en construction. 26 mars 1890.\" data-id=\"557\" data-full-url=\"https:\/\/www.landofmemory.eu\/wp-content\/uploads\/2021\/08\/4-Loncin-26-3-1890-1.jpg\" data-link=\"https:\/\/www.landofmemory.eu\/sujets-thematiques\/forts-liege\/4-loncin-26-3-1890-2\/\" class=\"wp-image-560\" srcset=\"https:\/\/www.landofmemory.eu\/wp-content\/uploads\/2021\/08\/4-Loncin-26-3-1890-1.jpg 1000w, https:\/\/www.landofmemory.eu\/wp-content\/uploads\/2021\/08\/4-Loncin-26-3-1890-1-300x225.jpg 300w, https:\/\/www.landofmemory.eu\/wp-content\/uploads\/2021\/08\/4-Loncin-26-3-1890-1-768x576.jpg 768w, https:\/\/www.landofmemory.eu\/wp-content\/uploads\/2021\/08\/4-Loncin-26-3-1890-1-600x450.jpg 600w\" sizes=\"auto, (max-width: 1000px) 100vw, 1000px\" \/><\/a><figcaption class=\"blocks-gallery-item__caption\">Das Fort von Loncin im Bau, 26. M\u00e4rz 1890.<\/figcaption><\/figure><\/li><\/ul><\/figure>\n","protected":false},"template":"","type_sujet":[31,91,32,92],"class_list":["post-5854","sujets-thematiques","type-sujets-thematiques","status-publish","hentry","type_sujet-1914-1918","type_sujet-1914-1918-de","type_sujet-1939-1945","type_sujet-1939-1945-de"],"acf":[],"yoast_head":"<!-- This site is optimized with the Yoast SEO plugin v26.0 - https:\/\/yoast.com\/wordpress\/plugins\/seo\/ -->\n<title>Die 16 Forts der befestigten Stellung von L\u00fcttich - Land Of Memory<\/title>\n<meta name=\"description\" content=\"W\u00e4hrend der beiden Weltkriege spielte die befestigte Stellung von L\u00fcttich eine entscheidende Rolle f\u00fcr die Verteidigung der Alliierten.\" \/>\n<meta name=\"robots\" content=\"index, follow, max-snippet:-1, max-image-preview:large, max-video-preview:-1\" \/>\n<link rel=\"canonical\" href=\"https:\/\/www.landofmemory.eu\/de\/sujets-thematiques\/die-16-forts-der-befestigten-stellung-von-luettich\/\" \/>\n<meta property=\"og:locale\" content=\"de_DE\" \/>\n<meta property=\"og:type\" content=\"article\" \/>\n<meta property=\"og:title\" content=\"Die 16 Forts der befestigten Stellung von L\u00fcttich - Land Of Memory\" \/>\n<meta property=\"og:description\" content=\"W\u00e4hrend der beiden Weltkriege spielte die befestigte Stellung von L\u00fcttich eine entscheidende Rolle f\u00fcr die Verteidigung der Alliierten.\" \/>\n<meta property=\"og:url\" content=\"https:\/\/www.landofmemory.eu\/de\/sujets-thematiques\/die-16-forts-der-befestigten-stellung-von-luettich\/\" \/>\n<meta property=\"og:site_name\" content=\"Land Of Memory\" \/>\n<meta property=\"article:publisher\" content=\"https:\/\/www.facebook.com\/landofmemory.eu\" \/>\n<meta property=\"article:modified_time\" content=\"2022-08-03T09:44:38+00:00\" \/>\n<meta property=\"og:image\" content=\"https:\/\/www.landofmemory.eu\/wp-content\/uploads\/2021\/08\/5-986_001-1.jpg\" \/>\n<meta name=\"twitter:card\" content=\"summary_large_image\" \/>\n<meta name=\"twitter:label1\" content=\"Gesch\u00e4tzte Lesezeit\" \/>\n\t<meta name=\"twitter:data1\" content=\"1\u00a0Minute\" \/>\n<script type=\"application\/ld+json\" class=\"yoast-schema-graph\">{\"@context\":\"https:\/\/schema.org\",\"@graph\":[{\"@type\":\"WebPage\",\"@id\":\"https:\/\/www.landofmemory.eu\/de\/sujets-thematiques\/die-16-forts-der-befestigten-stellung-von-luettich\/\",\"url\":\"https:\/\/www.landofmemory.eu\/de\/sujets-thematiques\/die-16-forts-der-befestigten-stellung-von-luettich\/\",\"name\":\"Die 16 Forts der befestigten Stellung von L\u00fcttich - Land Of Memory\",\"isPartOf\":{\"@id\":\"https:\/\/www.landofmemory.eu\/#website\"},\"primaryImageOfPage\":{\"@id\":\"https:\/\/www.landofmemory.eu\/de\/sujets-thematiques\/die-16-forts-der-befestigten-stellung-von-luettich\/#primaryimage\"},\"image\":{\"@id\":\"https:\/\/www.landofmemory.eu\/de\/sujets-thematiques\/die-16-forts-der-befestigten-stellung-von-luettich\/#primaryimage\"},\"thumbnailUrl\":\"https:\/\/www.landofmemory.eu\/wp-content\/uploads\/2021\/08\/5-986_001-1.jpg\",\"datePublished\":\"2021-11-09T13:48:57+00:00\",\"dateModified\":\"2022-08-03T09:44:38+00:00\",\"description\":\"W\u00e4hrend der beiden Weltkriege spielte die befestigte Stellung von L\u00fcttich eine entscheidende Rolle f\u00fcr die Verteidigung der Alliierten.\",\"breadcrumb\":{\"@id\":\"https:\/\/www.landofmemory.eu\/de\/sujets-thematiques\/die-16-forts-der-befestigten-stellung-von-luettich\/#breadcrumb\"},\"inLanguage\":\"de\",\"potentialAction\":[{\"@type\":\"ReadAction\",\"target\":[\"https:\/\/www.landofmemory.eu\/de\/sujets-thematiques\/die-16-forts-der-befestigten-stellung-von-luettich\/\"]}]},{\"@type\":\"ImageObject\",\"inLanguage\":\"de\",\"@id\":\"https:\/\/www.landofmemory.eu\/de\/sujets-thematiques\/die-16-forts-der-befestigten-stellung-von-luettich\/#primaryimage\",\"url\":\"https:\/\/www.landofmemory.eu\/wp-content\/uploads\/2021\/08\/5-986_001-1.jpg\",\"contentUrl\":\"https:\/\/www.landofmemory.eu\/wp-content\/uploads\/2021\/08\/5-986_001-1.jpg\"},{\"@type\":\"BreadcrumbList\",\"@id\":\"https:\/\/www.landofmemory.eu\/de\/sujets-thematiques\/die-16-forts-der-befestigten-stellung-von-luettich\/#breadcrumb\",\"itemListElement\":[{\"@type\":\"ListItem\",\"position\":1,\"name\":\"Accueil\",\"item\":\"https:\/\/www.landofmemory.eu\/\"},{\"@type\":\"ListItem\",\"position\":2,\"name\":\"Die 16 Forts der befestigten Stellung von L\u00fcttich\"}]},{\"@type\":\"WebSite\",\"@id\":\"https:\/\/www.landofmemory.eu\/#website\",\"url\":\"https:\/\/www.landofmemory.eu\/\",\"name\":\"Land Of Memory\",\"description\":\"L&#039;histoire commence ici\",\"publisher\":{\"@id\":\"https:\/\/www.landofmemory.eu\/#organization\"},\"potentialAction\":[{\"@type\":\"SearchAction\",\"target\":{\"@type\":\"EntryPoint\",\"urlTemplate\":\"https:\/\/www.landofmemory.eu\/?s={search_term_string}\"},\"query-input\":{\"@type\":\"PropertyValueSpecification\",\"valueRequired\":true,\"valueName\":\"search_term_string\"}}],\"inLanguage\":\"de\"},{\"@type\":\"Organization\",\"@id\":\"https:\/\/www.landofmemory.eu\/#organization\",\"name\":\"Land Of Memory\",\"url\":\"https:\/\/www.landofmemory.eu\/\",\"logo\":{\"@type\":\"ImageObject\",\"inLanguage\":\"de\",\"@id\":\"https:\/\/www.landofmemory.eu\/#\/schema\/logo\/image\/\",\"url\":\"https:\/\/www.landofmemory.eu\/wp-content\/uploads\/2022\/10\/logo-land-of-memory.jpg\",\"contentUrl\":\"https:\/\/www.landofmemory.eu\/wp-content\/uploads\/2022\/10\/logo-land-of-memory.jpg\",\"width\":1000,\"height\":500,\"caption\":\"Land Of Memory\"},\"image\":{\"@id\":\"https:\/\/www.landofmemory.eu\/#\/schema\/logo\/image\/\"},\"sameAs\":[\"https:\/\/www.facebook.com\/landofmemory.eu\",\"https:\/\/www.instagram.com\/landofmemory_eu\/\"]}]}<\/script>\n<!-- \/ Yoast SEO plugin. -->","yoast_head_json":{"title":"Die 16 Forts der befestigten Stellung von L\u00fcttich - Land Of Memory","description":"W\u00e4hrend der beiden Weltkriege spielte die befestigte Stellung von L\u00fcttich eine entscheidende Rolle f\u00fcr die Verteidigung der Alliierten.","robots":{"index":"index","follow":"follow","max-snippet":"max-snippet:-1","max-image-preview":"max-image-preview:large","max-video-preview":"max-video-preview:-1"},"canonical":"https:\/\/www.landofmemory.eu\/de\/sujets-thematiques\/die-16-forts-der-befestigten-stellung-von-luettich\/","og_locale":"de_DE","og_type":"article","og_title":"Die 16 Forts der befestigten Stellung von L\u00fcttich - Land Of Memory","og_description":"W\u00e4hrend der beiden Weltkriege spielte die befestigte Stellung von L\u00fcttich eine entscheidende Rolle f\u00fcr die Verteidigung der Alliierten.","og_url":"https:\/\/www.landofmemory.eu\/de\/sujets-thematiques\/die-16-forts-der-befestigten-stellung-von-luettich\/","og_site_name":"Land Of Memory","article_publisher":"https:\/\/www.facebook.com\/landofmemory.eu","article_modified_time":"2022-08-03T09:44:38+00:00","og_image":[{"url":"https:\/\/www.landofmemory.eu\/wp-content\/uploads\/2021\/08\/5-986_001-1.jpg","type":"","width":"","height":""}],"twitter_card":"summary_large_image","twitter_misc":{"Gesch\u00e4tzte Lesezeit":"1\u00a0Minute"},"schema":{"@context":"https:\/\/schema.org","@graph":[{"@type":"WebPage","@id":"https:\/\/www.landofmemory.eu\/de\/sujets-thematiques\/die-16-forts-der-befestigten-stellung-von-luettich\/","url":"https:\/\/www.landofmemory.eu\/de\/sujets-thematiques\/die-16-forts-der-befestigten-stellung-von-luettich\/","name":"Die 16 Forts der befestigten Stellung von L\u00fcttich - Land Of Memory","isPartOf":{"@id":"https:\/\/www.landofmemory.eu\/#website"},"primaryImageOfPage":{"@id":"https:\/\/www.landofmemory.eu\/de\/sujets-thematiques\/die-16-forts-der-befestigten-stellung-von-luettich\/#primaryimage"},"image":{"@id":"https:\/\/www.landofmemory.eu\/de\/sujets-thematiques\/die-16-forts-der-befestigten-stellung-von-luettich\/#primaryimage"},"thumbnailUrl":"https:\/\/www.landofmemory.eu\/wp-content\/uploads\/2021\/08\/5-986_001-1.jpg","datePublished":"2021-11-09T13:48:57+00:00","dateModified":"2022-08-03T09:44:38+00:00","description":"W\u00e4hrend der beiden Weltkriege spielte die befestigte Stellung von L\u00fcttich eine entscheidende Rolle f\u00fcr die Verteidigung der Alliierten.","breadcrumb":{"@id":"https:\/\/www.landofmemory.eu\/de\/sujets-thematiques\/die-16-forts-der-befestigten-stellung-von-luettich\/#breadcrumb"},"inLanguage":"de","potentialAction":[{"@type":"ReadAction","target":["https:\/\/www.landofmemory.eu\/de\/sujets-thematiques\/die-16-forts-der-befestigten-stellung-von-luettich\/"]}]},{"@type":"ImageObject","inLanguage":"de","@id":"https:\/\/www.landofmemory.eu\/de\/sujets-thematiques\/die-16-forts-der-befestigten-stellung-von-luettich\/#primaryimage","url":"https:\/\/www.landofmemory.eu\/wp-content\/uploads\/2021\/08\/5-986_001-1.jpg","contentUrl":"https:\/\/www.landofmemory.eu\/wp-content\/uploads\/2021\/08\/5-986_001-1.jpg"},{"@type":"BreadcrumbList","@id":"https:\/\/www.landofmemory.eu\/de\/sujets-thematiques\/die-16-forts-der-befestigten-stellung-von-luettich\/#breadcrumb","itemListElement":[{"@type":"ListItem","position":1,"name":"Accueil","item":"https:\/\/www.landofmemory.eu\/"},{"@type":"ListItem","position":2,"name":"Die 16 Forts der befestigten Stellung von L\u00fcttich"}]},{"@type":"WebSite","@id":"https:\/\/www.landofmemory.eu\/#website","url":"https:\/\/www.landofmemory.eu\/","name":"Land Of Memory","description":"L&#039;histoire commence ici","publisher":{"@id":"https:\/\/www.landofmemory.eu\/#organization"},"potentialAction":[{"@type":"SearchAction","target":{"@type":"EntryPoint","urlTemplate":"https:\/\/www.landofmemory.eu\/?s={search_term_string}"},"query-input":{"@type":"PropertyValueSpecification","valueRequired":true,"valueName":"search_term_string"}}],"inLanguage":"de"},{"@type":"Organization","@id":"https:\/\/www.landofmemory.eu\/#organization","name":"Land Of Memory","url":"https:\/\/www.landofmemory.eu\/","logo":{"@type":"ImageObject","inLanguage":"de","@id":"https:\/\/www.landofmemory.eu\/#\/schema\/logo\/image\/","url":"https:\/\/www.landofmemory.eu\/wp-content\/uploads\/2022\/10\/logo-land-of-memory.jpg","contentUrl":"https:\/\/www.landofmemory.eu\/wp-content\/uploads\/2022\/10\/logo-land-of-memory.jpg","width":1000,"height":500,"caption":"Land Of Memory"},"image":{"@id":"https:\/\/www.landofmemory.eu\/#\/schema\/logo\/image\/"},"sameAs":["https:\/\/www.facebook.com\/landofmemory.eu","https:\/\/www.instagram.com\/landofmemory_eu\/"]}]}},"_links":{"self":[{"href":"https:\/\/www.landofmemory.eu\/de\/wp-json\/wp\/v2\/sujets-thematiques\/5854","targetHints":{"allow":["GET"]}}],"collection":[{"href":"https:\/\/www.landofmemory.eu\/de\/wp-json\/wp\/v2\/sujets-thematiques"}],"about":[{"href":"https:\/\/www.landofmemory.eu\/de\/wp-json\/wp\/v2\/types\/sujets-thematiques"}],"wp:attachment":[{"href":"https:\/\/www.landofmemory.eu\/de\/wp-json\/wp\/v2\/media?parent=5854"}],"wp:term":[{"taxonomy":"type_sujet","embeddable":true,"href":"https:\/\/www.landofmemory.eu\/de\/wp-json\/wp\/v2\/type_sujet?post=5854"}],"curies":[{"name":"wp","href":"https:\/\/api.w.org\/{rel}","templated":true}]}}