{"id":5856,"date":"2021-11-09T15:22:17","date_gmt":"2021-11-09T14:22:17","guid":{"rendered":"https:\/\/www.landofmemory.eu\/sujets-thematiques\/verdun-und-das-fort-douaumont\/"},"modified":"2021-12-15T16:43:51","modified_gmt":"2021-12-15T15:43:51","slug":"verdun-und-das-fort-douaumont","status":"publish","type":"sujets-thematiques","link":"https:\/\/www.landofmemory.eu\/de\/sujets-thematiques\/verdun-und-das-fort-douaumont\/","title":{"rendered":"Verdun und das Fort Douaumont"},"content":{"rendered":"\n<h2 class=\"wp-block-heading\">Hauptplatz des Verteidigungssystems<\/h2>\n\n<p>Der Festungsring von Verdun, eine mittelalterliche Festungsanlage, wurde nach dem Deutsch-Franz\u00f6sischen Krieg von 1870 zwischen 1874 und 1914 vollst\u00e4ndig modernisiert. <\/p>\n\n<p>Er besteht aus zwei m\u00e4chtigen G\u00fcrteln von bewaffneten Festungen und Unterst\u00e4nden, die die Stadt und die unterirdische Zitadelle umgeben. So wurde er zu einem der wichtigsten Punkte im Verteidigungssystem, das das franz\u00f6sische Territorium vor Invasionen sch\u00fctzen sollte.<\/p>\n\n<p>Der damaligen Propaganda zufolge war das Fort Douaumont die st\u00e4rkste Festung in der Gegend und wurde im Februar 1916, zu Beginn der Schlacht von Verdun, von den Deutschen erobert. &#13;\n<\/p>\n\n<p>Die deutschen Truppen besetzten es acht Monate lang und nutzten es als St\u00fctzpunkt f\u00fcr ihre Offensiven. <\/p>\n\n<p>Trotz mehrerer Versuche, das Fort zur\u00fcckzuerobern, konnten die Franzosen es erst am 24. Oktober 1916 wieder einnehmen.<\/p>\n\n<div style=\"height:100px\" aria-hidden=\"true\" class=\"wp-block-spacer\"><\/div>\n\n<figure class=\"wp-block-gallery columns-3 is-cropped wp-block-gallery-1 is-layout-flex wp-block-gallery-is-layout-flex\"><ul class=\"blocks-gallery-grid\"><li class=\"blocks-gallery-item\"><figure><img loading=\"lazy\" decoding=\"async\" width=\"1000\" height=\"750\" src=\"https:\/\/www.landofmemory.eu\/wp-content\/uploads\/2021\/09\/14-Bataille_de_Verdun_1916.jpeg\" alt=\"Angreifende franz&#xF6;sische Soldaten kommen w&#xE4;hrend der Schlacht von Verdun 1916 aus ihrem Graben.\" data-id=\"2213\" data-full-url=\"https:\/\/www.landofmemory.eu\/wp-content\/uploads\/2021\/09\/14-Bataille_de_Verdun_1916.jpeg\" data-link=\"https:\/\/www.landofmemory.eu\/sujets-thematiques\/verdun-fort-douamont-premiere-guerre-mondiale\/14-bataille_de_verdun_1916-2\" class=\"wp-image-2216\" srcset=\"https:\/\/www.landofmemory.eu\/wp-content\/uploads\/2021\/09\/14-Bataille_de_Verdun_1916.jpeg 1000w, https:\/\/www.landofmemory.eu\/wp-content\/uploads\/2021\/09\/14-Bataille_de_Verdun_1916-300x225.jpeg 300w, https:\/\/www.landofmemory.eu\/wp-content\/uploads\/2021\/09\/14-Bataille_de_Verdun_1916-768x576.jpeg 768w, https:\/\/www.landofmemory.eu\/wp-content\/uploads\/2021\/09\/14-Bataille_de_Verdun_1916-600x450.jpeg 600w\" sizes=\"auto, (max-width: 1000px) 100vw, 1000px\" \/><figcaption class=\"blocks-gallery-item__caption\">Angreifende franz\u00f6sische Soldaten kommen w\u00e4hrend der Schlacht von Verdun 1916 aus ihrem Graben.<\/figcaption><\/figure><\/li><li class=\"blocks-gallery-item\"><figure><img loading=\"lazy\" decoding=\"async\" width=\"1000\" height=\"750\" src=\"https:\/\/www.landofmemory.eu\/wp-content\/uploads\/2021\/09\/15-9297324433_c538b91c03_o-1.jpeg\" alt=\"Abl&#xF6;sung der Truppen nach dem ersten Schock von Verdun am 26. Februar 1916.\" data-id=\"2233\" data-full-url=\"https:\/\/www.landofmemory.eu\/wp-content\/uploads\/2021\/09\/15-9297324433_c538b91c03_o-1.jpeg\" data-link=\"https:\/\/www.landofmemory.eu\/sujets-thematiques\/verdun-fort-douamont-premiere-guerre-mondiale\/15-9297324433_c538b91c03_o-1\" class=\"wp-image-2236\" srcset=\"https:\/\/www.landofmemory.eu\/wp-content\/uploads\/2021\/09\/15-9297324433_c538b91c03_o-1.jpeg 1000w, https:\/\/www.landofmemory.eu\/wp-content\/uploads\/2021\/09\/15-9297324433_c538b91c03_o-1-300x225.jpeg 300w, https:\/\/www.landofmemory.eu\/wp-content\/uploads\/2021\/09\/15-9297324433_c538b91c03_o-1-768x576.jpeg 768w, https:\/\/www.landofmemory.eu\/wp-content\/uploads\/2021\/09\/15-9297324433_c538b91c03_o-1-600x450.jpeg 600w\" sizes=\"auto, (max-width: 1000px) 100vw, 1000px\" \/><figcaption class=\"blocks-gallery-item__caption\">Abl\u00f6sung der Truppen nach dem ersten Schock von Verdun am 26. Februar 1916.<\/figcaption><\/figure><\/li><li class=\"blocks-gallery-item\"><figure><img loading=\"lazy\" decoding=\"async\" width=\"1000\" height=\"750\" src=\"https:\/\/www.landofmemory.eu\/wp-content\/uploads\/2021\/09\/12-FRAD055_FI_010FI0001_0101-2.jpeg\" alt=\"Ein Tunnel, der zum Fort Douaumont (Verdun) f&#xFC;hrt.\" data-id=\"2245\" data-full-url=\"https:\/\/www.landofmemory.eu\/wp-content\/uploads\/2021\/09\/12-FRAD055_FI_010FI0001_0101-2.jpeg\" data-link=\"https:\/\/www.landofmemory.eu\/sujets-thematiques\/verdun-fort-douamont-premiere-guerre-mondiale\/12-frad055_fi_010fi0001_0101-2-2\" class=\"wp-image-2248\" srcset=\"https:\/\/www.landofmemory.eu\/wp-content\/uploads\/2021\/09\/12-FRAD055_FI_010FI0001_0101-2.jpeg 1000w, https:\/\/www.landofmemory.eu\/wp-content\/uploads\/2021\/09\/12-FRAD055_FI_010FI0001_0101-2-300x225.jpeg 300w, https:\/\/www.landofmemory.eu\/wp-content\/uploads\/2021\/09\/12-FRAD055_FI_010FI0001_0101-2-768x576.jpeg 768w, https:\/\/www.landofmemory.eu\/wp-content\/uploads\/2021\/09\/12-FRAD055_FI_010FI0001_0101-2-600x450.jpeg 600w\" sizes=\"auto, (max-width: 1000px) 100vw, 1000px\" \/><figcaption class=\"blocks-gallery-item__caption\">Ein Tunnel, der zum Fort Douaumont (Verdun) f\u00fchrt.<\/figcaption><\/figure><\/li><li class=\"blocks-gallery-item\"><figure><img loading=\"lazy\" decoding=\"async\" width=\"1000\" height=\"750\" src=\"https:\/\/www.landofmemory.eu\/wp-content\/uploads\/2021\/09\/13-FRAD055_FI_010FI0001_0103-1.jpeg\" alt=\"Fort Douaumont.\" data-id=\"2237\" data-full-url=\"https:\/\/www.landofmemory.eu\/wp-content\/uploads\/2021\/09\/13-FRAD055_FI_010FI0001_0103-1.jpeg\" data-link=\"https:\/\/www.landofmemory.eu\/sujets-thematiques\/verdun-fort-douamont-premiere-guerre-mondiale\/13-frad055_fi_010fi0001_0103-1\" class=\"wp-image-2240\" srcset=\"https:\/\/www.landofmemory.eu\/wp-content\/uploads\/2021\/09\/13-FRAD055_FI_010FI0001_0103-1.jpeg 1000w, https:\/\/www.landofmemory.eu\/wp-content\/uploads\/2021\/09\/13-FRAD055_FI_010FI0001_0103-1-300x225.jpeg 300w, https:\/\/www.landofmemory.eu\/wp-content\/uploads\/2021\/09\/13-FRAD055_FI_010FI0001_0103-1-768x576.jpeg 768w, https:\/\/www.landofmemory.eu\/wp-content\/uploads\/2021\/09\/13-FRAD055_FI_010FI0001_0103-1-600x450.jpeg 600w\" sizes=\"auto, (max-width: 1000px) 100vw, 1000px\" \/><figcaption class=\"blocks-gallery-item__caption\">Fort Douaumont.<\/figcaption><\/figure><\/li><li class=\"blocks-gallery-item\"><figure><img loading=\"lazy\" decoding=\"async\" width=\"1000\" height=\"750\" src=\"https:\/\/www.landofmemory.eu\/wp-content\/uploads\/2021\/09\/11-FRAD055_FI_010FI0001_0094.jpeg\" alt=\"Ein Panzerturm im Fort von Douaumont.\" data-id=\"2249\" data-full-url=\"https:\/\/www.landofmemory.eu\/wp-content\/uploads\/2021\/09\/11-FRAD055_FI_010FI0001_0094.jpeg\" data-link=\"https:\/\/www.landofmemory.eu\/sujets-thematiques\/verdun-fort-douamont-premiere-guerre-mondiale\/11-frad055_fi_010fi0001_0094-2\" class=\"wp-image-2252\" srcset=\"https:\/\/www.landofmemory.eu\/wp-content\/uploads\/2021\/09\/11-FRAD055_FI_010FI0001_0094.jpeg 1000w, https:\/\/www.landofmemory.eu\/wp-content\/uploads\/2021\/09\/11-FRAD055_FI_010FI0001_0094-300x225.jpeg 300w, https:\/\/www.landofmemory.eu\/wp-content\/uploads\/2021\/09\/11-FRAD055_FI_010FI0001_0094-768x576.jpeg 768w, https:\/\/www.landofmemory.eu\/wp-content\/uploads\/2021\/09\/11-FRAD055_FI_010FI0001_0094-600x450.jpeg 600w\" sizes=\"auto, (max-width: 1000px) 100vw, 1000px\" \/><figcaption class=\"blocks-gallery-item__caption\">Ein Panzerturm im Fort von Douaumont.<\/figcaption><\/figure><\/li><li class=\"blocks-gallery-item\"><figure><img loading=\"lazy\" decoding=\"async\" width=\"1000\" height=\"750\" src=\"https:\/\/www.landofmemory.eu\/wp-content\/uploads\/2021\/09\/10-Une_vue_du_fort_de_...jpg\" alt=\"Ein Blick auf das Fort von Douaumont.\" data-id=\"2257\" data-full-url=\"https:\/\/www.landofmemory.eu\/wp-content\/uploads\/2021\/09\/10-Une_vue_du_fort_de_...jpg\" data-link=\"https:\/\/www.landofmemory.eu\/sujets-thematiques\/verdun-fort-douamont-premiere-guerre-mondiale\/10-une_vue_du_fort_de_-2\" class=\"wp-image-2260\" srcset=\"https:\/\/www.landofmemory.eu\/wp-content\/uploads\/2021\/09\/10-Une_vue_du_fort_de_...jpg 1000w, https:\/\/www.landofmemory.eu\/wp-content\/uploads\/2021\/09\/10-Une_vue_du_fort_de_..-300x225.jpg 300w, https:\/\/www.landofmemory.eu\/wp-content\/uploads\/2021\/09\/10-Une_vue_du_fort_de_..-768x576.jpg 768w, https:\/\/www.landofmemory.eu\/wp-content\/uploads\/2021\/09\/10-Une_vue_du_fort_de_..-600x450.jpg 600w\" sizes=\"auto, (max-width: 1000px) 100vw, 1000px\" \/><figcaption class=\"blocks-gallery-item__caption\">Ein Blick auf das Fort von Douaumont.<\/figcaption><\/figure><\/li><li class=\"blocks-gallery-item\"><figure><img loading=\"lazy\" decoding=\"async\" width=\"1000\" height=\"750\" src=\"https:\/\/www.landofmemory.eu\/wp-content\/uploads\/2021\/09\/9-FRAD055_FI_010FI0001_0111.jpeg\" alt=\"R&#xFC;ckeroberung des Forts Douaumont durch die Franzosen im Oktober 1916.\" data-id=\"2261\" data-full-url=\"https:\/\/www.landofmemory.eu\/wp-content\/uploads\/2021\/09\/9-FRAD055_FI_010FI0001_0111.jpeg\" data-link=\"https:\/\/www.landofmemory.eu\/sujets-thematiques\/verdun-fort-douamont-premiere-guerre-mondiale\/9-frad055_fi_010fi0001_0111-2\" class=\"wp-image-2264\" srcset=\"https:\/\/www.landofmemory.eu\/wp-content\/uploads\/2021\/09\/9-FRAD055_FI_010FI0001_0111.jpeg 1000w, https:\/\/www.landofmemory.eu\/wp-content\/uploads\/2021\/09\/9-FRAD055_FI_010FI0001_0111-300x225.jpeg 300w, https:\/\/www.landofmemory.eu\/wp-content\/uploads\/2021\/09\/9-FRAD055_FI_010FI0001_0111-768x576.jpeg 768w, https:\/\/www.landofmemory.eu\/wp-content\/uploads\/2021\/09\/9-FRAD055_FI_010FI0001_0111-600x450.jpeg 600w\" sizes=\"auto, (max-width: 1000px) 100vw, 1000px\" \/><figcaption class=\"blocks-gallery-item__caption\">R\u00fcckeroberung des Forts Douaumont durch die Franzosen im Oktober 1916.<\/figcaption><\/figure><\/li><li class=\"blocks-gallery-item\"><figure><img loading=\"lazy\" decoding=\"async\" width=\"1000\" height=\"750\" src=\"https:\/\/www.landofmemory.eu\/wp-content\/uploads\/2021\/09\/8-FRAD055_FI_010FI0001_0105.jpeg\" alt=\"Fort Douaumont im Fr&#xFC;hjahr 1916.\" data-id=\"2265\" data-full-url=\"https:\/\/www.landofmemory.eu\/wp-content\/uploads\/2021\/09\/8-FRAD055_FI_010FI0001_0105.jpeg\" data-link=\"https:\/\/www.landofmemory.eu\/sujets-thematiques\/verdun-fort-douamont-premiere-guerre-mondiale\/8-frad055_fi_010fi0001_0105-2\" class=\"wp-image-2268\" srcset=\"https:\/\/www.landofmemory.eu\/wp-content\/uploads\/2021\/09\/8-FRAD055_FI_010FI0001_0105.jpeg 1000w, https:\/\/www.landofmemory.eu\/wp-content\/uploads\/2021\/09\/8-FRAD055_FI_010FI0001_0105-300x225.jpeg 300w, https:\/\/www.landofmemory.eu\/wp-content\/uploads\/2021\/09\/8-FRAD055_FI_010FI0001_0105-768x576.jpeg 768w, https:\/\/www.landofmemory.eu\/wp-content\/uploads\/2021\/09\/8-FRAD055_FI_010FI0001_0105-600x450.jpeg 600w\" sizes=\"auto, (max-width: 1000px) 100vw, 1000px\" \/><figcaption class=\"blocks-gallery-item__caption\">Fort Douaumont im Fr\u00fchjahr 1916.<\/figcaption><\/figure><\/li><li class=\"blocks-gallery-item\"><figure><img loading=\"lazy\" decoding=\"async\" width=\"1000\" height=\"750\" src=\"https:\/\/www.landofmemory.eu\/wp-content\/uploads\/2021\/09\/7-FRAD055_FI_010FI0001_0114.jpeg\" alt=\"Die Schlucht des Todes in der N&#xE4;he von Douaumont.\" data-id=\"2269\" data-full-url=\"https:\/\/www.landofmemory.eu\/wp-content\/uploads\/2021\/09\/7-FRAD055_FI_010FI0001_0114.jpeg\" data-link=\"https:\/\/www.landofmemory.eu\/sujets-thematiques\/verdun-fort-douamont-premiere-guerre-mondiale\/7-frad055_fi_010fi0001_0114-2\" class=\"wp-image-2272\" srcset=\"https:\/\/www.landofmemory.eu\/wp-content\/uploads\/2021\/09\/7-FRAD055_FI_010FI0001_0114.jpeg 1000w, https:\/\/www.landofmemory.eu\/wp-content\/uploads\/2021\/09\/7-FRAD055_FI_010FI0001_0114-300x225.jpeg 300w, https:\/\/www.landofmemory.eu\/wp-content\/uploads\/2021\/09\/7-FRAD055_FI_010FI0001_0114-768x576.jpeg 768w, https:\/\/www.landofmemory.eu\/wp-content\/uploads\/2021\/09\/7-FRAD055_FI_010FI0001_0114-600x450.jpeg 600w\" sizes=\"auto, (max-width: 1000px) 100vw, 1000px\" \/><figcaption class=\"blocks-gallery-item__caption\">Die Schlucht des Todes in der N\u00e4he von Douaumont.<\/figcaption><\/figure><\/li><li class=\"blocks-gallery-item\"><figure><img loading=\"lazy\" decoding=\"async\" width=\"1000\" height=\"750\" src=\"https:\/\/www.landofmemory.eu\/wp-content\/uploads\/2021\/09\/6-Douaumont___inauguration_de_l_ossuaire_...jpg\" alt=\"Aufnahme des Beinhauses und des Friedhofs von Douaumont bei der Einweihung des Beinhauses im Jahr 1932.\" data-id=\"2273\" data-full-url=\"https:\/\/www.landofmemory.eu\/wp-content\/uploads\/2021\/09\/6-Douaumont___inauguration_de_l_ossuaire_...jpg\" data-link=\"https:\/\/www.landofmemory.eu\/sujets-thematiques\/verdun-fort-douamont-premiere-guerre-mondiale\/6-douaumont___inauguration_de_l_ossuaire_-2\" class=\"wp-image-2276\" srcset=\"https:\/\/www.landofmemory.eu\/wp-content\/uploads\/2021\/09\/6-Douaumont___inauguration_de_l_ossuaire_...jpg 1000w, https:\/\/www.landofmemory.eu\/wp-content\/uploads\/2021\/09\/6-Douaumont___inauguration_de_l_ossuaire_..-300x225.jpg 300w, https:\/\/www.landofmemory.eu\/wp-content\/uploads\/2021\/09\/6-Douaumont___inauguration_de_l_ossuaire_..-768x576.jpg 768w, https:\/\/www.landofmemory.eu\/wp-content\/uploads\/2021\/09\/6-Douaumont___inauguration_de_l_ossuaire_..-600x450.jpg 600w\" sizes=\"auto, (max-width: 1000px) 100vw, 1000px\" \/><figcaption class=\"blocks-gallery-item__caption\">Aufnahme des Beinhauses und des Friedhofs von Douaumont bei der Einweihung des Beinhauses im Jahr 1932.<\/figcaption><\/figure><\/li><li class=\"blocks-gallery-item\"><figure><img loading=\"lazy\" decoding=\"async\" width=\"1000\" height=\"750\" src=\"https:\/\/www.landofmemory.eu\/wp-content\/uploads\/2021\/09\/5-FRAD055_FI_010FI0001_0097-3.jpeg\" alt=\"Die T&#xFC;rme des Forts von Douaumont.\" data-id=\"2285\" data-full-url=\"https:\/\/www.landofmemory.eu\/wp-content\/uploads\/2021\/09\/5-FRAD055_FI_010FI0001_0097-3.jpeg\" data-link=\"https:\/\/www.landofmemory.eu\/sujets-thematiques\/verdun-fort-douamont-premiere-guerre-mondiale\/5-frad055_fi_010fi0001_0097-3\" class=\"wp-image-2288\" srcset=\"https:\/\/www.landofmemory.eu\/wp-content\/uploads\/2021\/09\/5-FRAD055_FI_010FI0001_0097-3.jpeg 1000w, https:\/\/www.landofmemory.eu\/wp-content\/uploads\/2021\/09\/5-FRAD055_FI_010FI0001_0097-3-300x225.jpeg 300w, https:\/\/www.landofmemory.eu\/wp-content\/uploads\/2021\/09\/5-FRAD055_FI_010FI0001_0097-3-768x576.jpeg 768w, https:\/\/www.landofmemory.eu\/wp-content\/uploads\/2021\/09\/5-FRAD055_FI_010FI0001_0097-3-600x450.jpeg 600w\" sizes=\"auto, (max-width: 1000px) 100vw, 1000px\" \/><figcaption class=\"blocks-gallery-item__caption\">Die T\u00fcrme des Forts von Douaumont.<\/figcaption><\/figure><\/li><li class=\"blocks-gallery-item\"><figure><img loading=\"lazy\" decoding=\"async\" width=\"1000\" height=\"750\" src=\"https:\/\/www.landofmemory.eu\/wp-content\/uploads\/2021\/09\/4-FRAD055_FI_010FI0001_0096.jpeg\" alt=\"Kasematten des Fort Douaumont.\" data-id=\"2289\" data-full-url=\"https:\/\/www.landofmemory.eu\/wp-content\/uploads\/2021\/09\/4-FRAD055_FI_010FI0001_0096.jpeg\" data-link=\"https:\/\/www.landofmemory.eu\/sujets-thematiques\/verdun-fort-douamont-premiere-guerre-mondiale\/4-frad055_fi_010fi0001_0096-2\" class=\"wp-image-2292\" srcset=\"https:\/\/www.landofmemory.eu\/wp-content\/uploads\/2021\/09\/4-FRAD055_FI_010FI0001_0096.jpeg 1000w, https:\/\/www.landofmemory.eu\/wp-content\/uploads\/2021\/09\/4-FRAD055_FI_010FI0001_0096-300x225.jpeg 300w, https:\/\/www.landofmemory.eu\/wp-content\/uploads\/2021\/09\/4-FRAD055_FI_010FI0001_0096-768x576.jpeg 768w, https:\/\/www.landofmemory.eu\/wp-content\/uploads\/2021\/09\/4-FRAD055_FI_010FI0001_0096-600x450.jpeg 600w\" sizes=\"auto, (max-width: 1000px) 100vw, 1000px\" \/><figcaption class=\"blocks-gallery-item__caption\">Kasematten des Fort Douaumont.<\/figcaption><\/figure><\/li><li class=\"blocks-gallery-item\"><figure><img loading=\"lazy\" decoding=\"async\" width=\"1000\" height=\"750\" src=\"https:\/\/www.landofmemory.eu\/wp-content\/uploads\/2021\/09\/3-Cadavres_allemands_pres_de_Verdun_...jpg\" alt=\"Deutsche Leichen in der N&#xE4;he von Verdun. 1916.\" data-id=\"2293\" data-full-url=\"https:\/\/www.landofmemory.eu\/wp-content\/uploads\/2021\/09\/3-Cadavres_allemands_pres_de_Verdun_...jpg\" data-link=\"https:\/\/www.landofmemory.eu\/sujets-thematiques\/verdun-fort-douamont-premiere-guerre-mondiale\/3-cadavres_allemands_pres_de_verdun_-2\" class=\"wp-image-2296\" srcset=\"https:\/\/www.landofmemory.eu\/wp-content\/uploads\/2021\/09\/3-Cadavres_allemands_pres_de_Verdun_...jpg 1000w, https:\/\/www.landofmemory.eu\/wp-content\/uploads\/2021\/09\/3-Cadavres_allemands_pres_de_Verdun_..-300x225.jpg 300w, https:\/\/www.landofmemory.eu\/wp-content\/uploads\/2021\/09\/3-Cadavres_allemands_pres_de_Verdun_..-768x576.jpg 768w, https:\/\/www.landofmemory.eu\/wp-content\/uploads\/2021\/09\/3-Cadavres_allemands_pres_de_Verdun_..-600x450.jpg 600w\" sizes=\"auto, (max-width: 1000px) 100vw, 1000px\" \/><figcaption class=\"blocks-gallery-item__caption\">Deutsche Leichen in der N\u00e4he von Verdun. 1916.<\/figcaption><\/figure><\/li><li class=\"blocks-gallery-item\"><figure><img loading=\"lazy\" decoding=\"async\" width=\"1000\" height=\"750\" src=\"https:\/\/www.landofmemory.eu\/wp-content\/uploads\/2021\/09\/2-FRAD055_FI_010FI0001_0099.jpeg\" alt=\"Die Ruinen des Gro&#xDF;en Krieges in der N&#xE4;he des Forts von Douaumont.\" data-id=\"2297\" data-full-url=\"https:\/\/www.landofmemory.eu\/wp-content\/uploads\/2021\/09\/2-FRAD055_FI_010FI0001_0099.jpeg\" data-link=\"https:\/\/www.landofmemory.eu\/sujets-thematiques\/verdun-fort-douamont-premiere-guerre-mondiale\/2-frad055_fi_010fi0001_0099-2\" class=\"wp-image-2300\" srcset=\"https:\/\/www.landofmemory.eu\/wp-content\/uploads\/2021\/09\/2-FRAD055_FI_010FI0001_0099.jpeg 1000w, https:\/\/www.landofmemory.eu\/wp-content\/uploads\/2021\/09\/2-FRAD055_FI_010FI0001_0099-300x225.jpeg 300w, https:\/\/www.landofmemory.eu\/wp-content\/uploads\/2021\/09\/2-FRAD055_FI_010FI0001_0099-768x576.jpeg 768w, https:\/\/www.landofmemory.eu\/wp-content\/uploads\/2021\/09\/2-FRAD055_FI_010FI0001_0099-600x450.jpeg 600w\" sizes=\"auto, (max-width: 1000px) 100vw, 1000px\" \/><figcaption class=\"blocks-gallery-item__caption\">Die Ruinen des Gro\u00dfen Krieges in der N\u00e4he des Forts von Douaumont.<\/figcaption><\/figure><\/li><li class=\"blocks-gallery-item\"><figure><img loading=\"lazy\" decoding=\"async\" width=\"1000\" height=\"750\" src=\"https:\/\/www.landofmemory.eu\/wp-content\/uploads\/2021\/09\/1-FRAD055_FI_010FI0001_0080.jpeg\" alt=\"Eine ruhige Nacht vor Douaumont im Jahr 1916.\" data-id=\"2301\" data-full-url=\"https:\/\/www.landofmemory.eu\/wp-content\/uploads\/2021\/09\/1-FRAD055_FI_010FI0001_0080.jpeg\" data-link=\"https:\/\/www.landofmemory.eu\/sujets-thematiques\/verdun-fort-douamont-premiere-guerre-mondiale\/1-frad055_fi_010fi0001_0080-2\" class=\"wp-image-2304\" srcset=\"https:\/\/www.landofmemory.eu\/wp-content\/uploads\/2021\/09\/1-FRAD055_FI_010FI0001_0080.jpeg 1000w, https:\/\/www.landofmemory.eu\/wp-content\/uploads\/2021\/09\/1-FRAD055_FI_010FI0001_0080-300x225.jpeg 300w, https:\/\/www.landofmemory.eu\/wp-content\/uploads\/2021\/09\/1-FRAD055_FI_010FI0001_0080-768x576.jpeg 768w, https:\/\/www.landofmemory.eu\/wp-content\/uploads\/2021\/09\/1-FRAD055_FI_010FI0001_0080-600x450.jpeg 600w\" sizes=\"auto, (max-width: 1000px) 100vw, 1000px\" \/><figcaption class=\"blocks-gallery-item__caption\">Eine ruhige Nacht vor Douaumont im Jahr 1916.<\/figcaption><\/figure><\/li><\/ul><\/figure>\n\n<p><\/p>\n","protected":false},"template":"","type_sujet":[91],"class_list":["post-5856","sujets-thematiques","type-sujets-thematiques","status-publish","hentry","type_sujet-1914-1918-de"],"acf":[],"yoast_head":"<!-- This site is optimized with the Yoast SEO plugin v26.0 - https:\/\/yoast.com\/wordpress\/plugins\/seo\/ -->\n<title>Erster Weltkrieg: Verdun und das Fort Douaumont<\/title>\n<meta name=\"description\" content=\"Der Ort Verdun ist, auch dank des Forts von Douaumont, einer der wichtigsten Orte f\u00fcr die Verteidigung des franz\u00f6sischen Territoriums.\" \/>\n<meta name=\"robots\" content=\"index, follow, max-snippet:-1, max-image-preview:large, max-video-preview:-1\" \/>\n<link rel=\"canonical\" href=\"https:\/\/www.landofmemory.eu\/de\/sujets-thematiques\/verdun-und-das-fort-douaumont\/\" \/>\n<meta property=\"og:locale\" content=\"de_DE\" \/>\n<meta property=\"og:type\" content=\"article\" \/>\n<meta property=\"og:title\" content=\"Erster Weltkrieg: Verdun und das Fort Douaumont\" \/>\n<meta property=\"og:description\" content=\"Der Ort Verdun ist, auch dank des Forts von Douaumont, einer der wichtigsten Orte f\u00fcr die Verteidigung des franz\u00f6sischen Territoriums.\" \/>\n<meta property=\"og:url\" content=\"https:\/\/www.landofmemory.eu\/de\/sujets-thematiques\/verdun-und-das-fort-douaumont\/\" \/>\n<meta property=\"og:site_name\" content=\"Land Of Memory\" \/>\n<meta property=\"article:publisher\" content=\"https:\/\/www.facebook.com\/landofmemory.eu\" \/>\n<meta property=\"article:modified_time\" content=\"2021-12-15T15:43:51+00:00\" \/>\n<meta property=\"og:image\" content=\"https:\/\/www.landofmemory.eu\/wp-content\/uploads\/2021\/09\/14-Bataille_de_Verdun_1916.jpeg\" \/>\n<meta name=\"twitter:card\" content=\"summary_large_image\" \/>\n<meta name=\"twitter:label1\" content=\"Gesch\u00e4tzte Lesezeit\" \/>\n\t<meta name=\"twitter:data1\" content=\"1\u00a0Minute\" \/>\n<script type=\"application\/ld+json\" class=\"yoast-schema-graph\">{\"@context\":\"https:\/\/schema.org\",\"@graph\":[{\"@type\":\"WebPage\",\"@id\":\"https:\/\/www.landofmemory.eu\/de\/sujets-thematiques\/verdun-und-das-fort-douaumont\/\",\"url\":\"https:\/\/www.landofmemory.eu\/de\/sujets-thematiques\/verdun-und-das-fort-douaumont\/\",\"name\":\"Erster Weltkrieg: Verdun und das Fort Douaumont\",\"isPartOf\":{\"@id\":\"https:\/\/www.landofmemory.eu\/#website\"},\"primaryImageOfPage\":{\"@id\":\"https:\/\/www.landofmemory.eu\/de\/sujets-thematiques\/verdun-und-das-fort-douaumont\/#primaryimage\"},\"image\":{\"@id\":\"https:\/\/www.landofmemory.eu\/de\/sujets-thematiques\/verdun-und-das-fort-douaumont\/#primaryimage\"},\"thumbnailUrl\":\"https:\/\/www.landofmemory.eu\/wp-content\/uploads\/2021\/09\/14-Bataille_de_Verdun_1916.jpeg\",\"datePublished\":\"2021-11-09T14:22:17+00:00\",\"dateModified\":\"2021-12-15T15:43:51+00:00\",\"description\":\"Der Ort Verdun ist, auch dank des Forts von Douaumont, einer der wichtigsten Orte f\u00fcr die Verteidigung des franz\u00f6sischen Territoriums.\",\"breadcrumb\":{\"@id\":\"https:\/\/www.landofmemory.eu\/de\/sujets-thematiques\/verdun-und-das-fort-douaumont\/#breadcrumb\"},\"inLanguage\":\"de\",\"potentialAction\":[{\"@type\":\"ReadAction\",\"target\":[\"https:\/\/www.landofmemory.eu\/de\/sujets-thematiques\/verdun-und-das-fort-douaumont\/\"]}]},{\"@type\":\"ImageObject\",\"inLanguage\":\"de\",\"@id\":\"https:\/\/www.landofmemory.eu\/de\/sujets-thematiques\/verdun-und-das-fort-douaumont\/#primaryimage\",\"url\":\"https:\/\/www.landofmemory.eu\/wp-content\/uploads\/2021\/09\/14-Bataille_de_Verdun_1916.jpeg\",\"contentUrl\":\"https:\/\/www.landofmemory.eu\/wp-content\/uploads\/2021\/09\/14-Bataille_de_Verdun_1916.jpeg\"},{\"@type\":\"BreadcrumbList\",\"@id\":\"https:\/\/www.landofmemory.eu\/de\/sujets-thematiques\/verdun-und-das-fort-douaumont\/#breadcrumb\",\"itemListElement\":[{\"@type\":\"ListItem\",\"position\":1,\"name\":\"Accueil\",\"item\":\"https:\/\/www.landofmemory.eu\/\"},{\"@type\":\"ListItem\",\"position\":2,\"name\":\"Verdun und das Fort Douaumont\"}]},{\"@type\":\"WebSite\",\"@id\":\"https:\/\/www.landofmemory.eu\/#website\",\"url\":\"https:\/\/www.landofmemory.eu\/\",\"name\":\"Land Of Memory\",\"description\":\"L&#039;histoire commence ici\",\"publisher\":{\"@id\":\"https:\/\/www.landofmemory.eu\/#organization\"},\"potentialAction\":[{\"@type\":\"SearchAction\",\"target\":{\"@type\":\"EntryPoint\",\"urlTemplate\":\"https:\/\/www.landofmemory.eu\/?s={search_term_string}\"},\"query-input\":{\"@type\":\"PropertyValueSpecification\",\"valueRequired\":true,\"valueName\":\"search_term_string\"}}],\"inLanguage\":\"de\"},{\"@type\":\"Organization\",\"@id\":\"https:\/\/www.landofmemory.eu\/#organization\",\"name\":\"Land Of Memory\",\"url\":\"https:\/\/www.landofmemory.eu\/\",\"logo\":{\"@type\":\"ImageObject\",\"inLanguage\":\"de\",\"@id\":\"https:\/\/www.landofmemory.eu\/#\/schema\/logo\/image\/\",\"url\":\"https:\/\/www.landofmemory.eu\/wp-content\/uploads\/2022\/10\/logo-land-of-memory.jpg\",\"contentUrl\":\"https:\/\/www.landofmemory.eu\/wp-content\/uploads\/2022\/10\/logo-land-of-memory.jpg\",\"width\":1000,\"height\":500,\"caption\":\"Land Of Memory\"},\"image\":{\"@id\":\"https:\/\/www.landofmemory.eu\/#\/schema\/logo\/image\/\"},\"sameAs\":[\"https:\/\/www.facebook.com\/landofmemory.eu\",\"https:\/\/www.instagram.com\/landofmemory_eu\/\"]}]}<\/script>\n<!-- \/ Yoast SEO plugin. -->","yoast_head_json":{"title":"Erster Weltkrieg: Verdun und das Fort Douaumont","description":"Der Ort Verdun ist, auch dank des Forts von Douaumont, einer der wichtigsten Orte f\u00fcr die Verteidigung des franz\u00f6sischen Territoriums.","robots":{"index":"index","follow":"follow","max-snippet":"max-snippet:-1","max-image-preview":"max-image-preview:large","max-video-preview":"max-video-preview:-1"},"canonical":"https:\/\/www.landofmemory.eu\/de\/sujets-thematiques\/verdun-und-das-fort-douaumont\/","og_locale":"de_DE","og_type":"article","og_title":"Erster Weltkrieg: Verdun und das Fort Douaumont","og_description":"Der Ort Verdun ist, auch dank des Forts von Douaumont, einer der wichtigsten Orte f\u00fcr die Verteidigung des franz\u00f6sischen Territoriums.","og_url":"https:\/\/www.landofmemory.eu\/de\/sujets-thematiques\/verdun-und-das-fort-douaumont\/","og_site_name":"Land Of Memory","article_publisher":"https:\/\/www.facebook.com\/landofmemory.eu","article_modified_time":"2021-12-15T15:43:51+00:00","og_image":[{"url":"https:\/\/www.landofmemory.eu\/wp-content\/uploads\/2021\/09\/14-Bataille_de_Verdun_1916.jpeg","type":"","width":"","height":""}],"twitter_card":"summary_large_image","twitter_misc":{"Gesch\u00e4tzte Lesezeit":"1\u00a0Minute"},"schema":{"@context":"https:\/\/schema.org","@graph":[{"@type":"WebPage","@id":"https:\/\/www.landofmemory.eu\/de\/sujets-thematiques\/verdun-und-das-fort-douaumont\/","url":"https:\/\/www.landofmemory.eu\/de\/sujets-thematiques\/verdun-und-das-fort-douaumont\/","name":"Erster Weltkrieg: Verdun und das Fort Douaumont","isPartOf":{"@id":"https:\/\/www.landofmemory.eu\/#website"},"primaryImageOfPage":{"@id":"https:\/\/www.landofmemory.eu\/de\/sujets-thematiques\/verdun-und-das-fort-douaumont\/#primaryimage"},"image":{"@id":"https:\/\/www.landofmemory.eu\/de\/sujets-thematiques\/verdun-und-das-fort-douaumont\/#primaryimage"},"thumbnailUrl":"https:\/\/www.landofmemory.eu\/wp-content\/uploads\/2021\/09\/14-Bataille_de_Verdun_1916.jpeg","datePublished":"2021-11-09T14:22:17+00:00","dateModified":"2021-12-15T15:43:51+00:00","description":"Der Ort Verdun ist, auch dank des Forts von Douaumont, einer der wichtigsten Orte f\u00fcr die Verteidigung des franz\u00f6sischen Territoriums.","breadcrumb":{"@id":"https:\/\/www.landofmemory.eu\/de\/sujets-thematiques\/verdun-und-das-fort-douaumont\/#breadcrumb"},"inLanguage":"de","potentialAction":[{"@type":"ReadAction","target":["https:\/\/www.landofmemory.eu\/de\/sujets-thematiques\/verdun-und-das-fort-douaumont\/"]}]},{"@type":"ImageObject","inLanguage":"de","@id":"https:\/\/www.landofmemory.eu\/de\/sujets-thematiques\/verdun-und-das-fort-douaumont\/#primaryimage","url":"https:\/\/www.landofmemory.eu\/wp-content\/uploads\/2021\/09\/14-Bataille_de_Verdun_1916.jpeg","contentUrl":"https:\/\/www.landofmemory.eu\/wp-content\/uploads\/2021\/09\/14-Bataille_de_Verdun_1916.jpeg"},{"@type":"BreadcrumbList","@id":"https:\/\/www.landofmemory.eu\/de\/sujets-thematiques\/verdun-und-das-fort-douaumont\/#breadcrumb","itemListElement":[{"@type":"ListItem","position":1,"name":"Accueil","item":"https:\/\/www.landofmemory.eu\/"},{"@type":"ListItem","position":2,"name":"Verdun und das Fort Douaumont"}]},{"@type":"WebSite","@id":"https:\/\/www.landofmemory.eu\/#website","url":"https:\/\/www.landofmemory.eu\/","name":"Land Of Memory","description":"L&#039;histoire commence ici","publisher":{"@id":"https:\/\/www.landofmemory.eu\/#organization"},"potentialAction":[{"@type":"SearchAction","target":{"@type":"EntryPoint","urlTemplate":"https:\/\/www.landofmemory.eu\/?s={search_term_string}"},"query-input":{"@type":"PropertyValueSpecification","valueRequired":true,"valueName":"search_term_string"}}],"inLanguage":"de"},{"@type":"Organization","@id":"https:\/\/www.landofmemory.eu\/#organization","name":"Land Of Memory","url":"https:\/\/www.landofmemory.eu\/","logo":{"@type":"ImageObject","inLanguage":"de","@id":"https:\/\/www.landofmemory.eu\/#\/schema\/logo\/image\/","url":"https:\/\/www.landofmemory.eu\/wp-content\/uploads\/2022\/10\/logo-land-of-memory.jpg","contentUrl":"https:\/\/www.landofmemory.eu\/wp-content\/uploads\/2022\/10\/logo-land-of-memory.jpg","width":1000,"height":500,"caption":"Land Of Memory"},"image":{"@id":"https:\/\/www.landofmemory.eu\/#\/schema\/logo\/image\/"},"sameAs":["https:\/\/www.facebook.com\/landofmemory.eu","https:\/\/www.instagram.com\/landofmemory_eu\/"]}]}},"_links":{"self":[{"href":"https:\/\/www.landofmemory.eu\/de\/wp-json\/wp\/v2\/sujets-thematiques\/5856","targetHints":{"allow":["GET"]}}],"collection":[{"href":"https:\/\/www.landofmemory.eu\/de\/wp-json\/wp\/v2\/sujets-thematiques"}],"about":[{"href":"https:\/\/www.landofmemory.eu\/de\/wp-json\/wp\/v2\/types\/sujets-thematiques"}],"wp:attachment":[{"href":"https:\/\/www.landofmemory.eu\/de\/wp-json\/wp\/v2\/media?parent=5856"}],"wp:term":[{"taxonomy":"type_sujet","embeddable":true,"href":"https:\/\/www.landofmemory.eu\/de\/wp-json\/wp\/v2\/type_sujet?post=5856"}],"curies":[{"name":"wp","href":"https:\/\/api.w.org\/{rel}","templated":true}]}}