{"id":5862,"date":"2021-11-09T16:23:53","date_gmt":"2021-11-09T15:23:53","guid":{"rendered":"https:\/\/www.landofmemory.eu\/sujets-thematiques\/die-deutsche-offensive-im-dezember-1944\/"},"modified":"2022-08-03T11:45:58","modified_gmt":"2022-08-03T09:45:58","slug":"die-deutsche-offensive-im-dezember-1944","status":"publish","type":"sujets-thematiques","link":"https:\/\/www.landofmemory.eu\/de\/sujets-thematiques\/die-deutsche-offensive-im-dezember-1944\/","title":{"rendered":"Die deutsche Offensive im Dezember 1944"},"content":{"rendered":"\n<h2 class=\"wp-block-heading\">Hitlers letzte Offensive in den Ardennen<\/h2>\n\n<p>Als der Winter 1944 n\u00e4her r\u00fcckte, befanden sich die deutschen Truppen an allen Fronten auf dem R\u00fcckzug. Doch am 16. Dezember startete Hitler einen \u00dcberraschungsangriff in den belgischen und luxemburgischen Ardennen, um die auf Deutschland vorr\u00fcckenden alliierten Linien (die Amerikaner im Norden und die Briten im S\u00fcden zu durchbrechen und den Hafen von Antwerpen zu erreichen, wo Verst\u00e4rkung und Nachschub transportiert wurden.<\/p>\n\n<p>Ab 5 Uhr morgens brach eine Flut von Feuer auf die amerikanischen Vorposten in den Ardennen los. Der Angriff von Infanterieeinheiten und Panzerkolonnen folgte dicht darauf.<\/p>\n\n<p>Houffalize (BE), La Roche (BE), Saint-Vith (BE), Hosingen (LU), Wiltz (LU) und Berl\u00e9 (LU) sind nur einige Beispiele f\u00fcr die vielen D\u00f6rfer, die weitgehend zerst\u00f6rt wurden. Es kam zu mehreren Massakern, darunter auch das von Baugnez.<\/p>\n\n<p>Am 22. Dezember wurde Bastogne (BE) umzingelt. Aber die Reichswehr hatte nicht mehr die Mittel, um ihre Ziele zu verwirklichen. Die 200.000 deutschen Soldaten, die f\u00fcr die Offensive mobilisiert und von etwa 600 gepanzerten Fahrzeugen unterst\u00fctzt wurden, erreichten ihr Ziel nicht (vor allem wegen des Treibstoffmangels). Sie wurden von den Alliierten aufgehalten und nach La Gleize (BE) zur\u00fcckgedr\u00e4ngt. Dort legten sie alle ihre Waffen ab. Davon zeugt heute ein Museum mit dem ber\u00fchmten Kommandopanzer Tiger 216, der den Belagerern abgenommen wurde.<\/p>\n\n<p>Deutsche Divisionen und alliierte Truppen k\u00e4mpften 6 Wochen lang, vom 16. Dezember 1944 bis zum 25. Januar 1945, unter eisigen Wetterbedingungen. Die Schlacht erwies sich als die t\u00f6dlichste, die je von der US-Armee geschlagen wurde, die \u00fcber 100.000 Opfer zu beklagen hatte, aber Hitlers letzte Offensive war ein Fehlschlag.&#13;\n<\/p>\n\n<div style=\"height:100px\" aria-hidden=\"true\" class=\"wp-block-spacer\"><\/div>\n\n<figure class=\"wp-block-gallery columns-3 is-cropped wp-block-gallery-1 is-layout-flex wp-block-gallery-is-layout-flex\"><ul class=\"blocks-gallery-grid\"><li class=\"blocks-gallery-item\"><figure><a href=\"https:\/\/www.landofmemory.eu\/sujets-thematiques\/offensive-allemande-decembre-1944-hilter-ardennes\/2-malmedy_massacre-3\/\"><img loading=\"lazy\" decoding=\"async\" width=\"1000\" height=\"750\" src=\"https:\/\/www.landofmemory.eu\/wp-content\/uploads\/2021\/08\/2-Malmedy_Massacre-2.jpg\" alt=\"Massacre de Malmedy, le 17 d&#xE9;cembre 1944.\" data-id=\"1420\" data-full-url=\"https:\/\/www.landofmemory.eu\/wp-content\/uploads\/2021\/08\/2-Malmedy_Massacre-2.jpg\" data-link=\"https:\/\/www.landofmemory.eu\/sujets-thematiques\/offensive-allemande-decembre-1944-hilter-ardennes\/2-malmedy_massacre-3\/\" class=\"wp-image-1423\" srcset=\"https:\/\/www.landofmemory.eu\/wp-content\/uploads\/2021\/08\/2-Malmedy_Massacre-2.jpg 1000w, https:\/\/www.landofmemory.eu\/wp-content\/uploads\/2021\/08\/2-Malmedy_Massacre-2-300x225.jpg 300w, https:\/\/www.landofmemory.eu\/wp-content\/uploads\/2021\/08\/2-Malmedy_Massacre-2-768x576.jpg 768w, https:\/\/www.landofmemory.eu\/wp-content\/uploads\/2021\/08\/2-Malmedy_Massacre-2-600x450.jpg 600w\" sizes=\"auto, (max-width: 1000px) 100vw, 1000px\" \/><\/a><figcaption class=\"blocks-gallery-item__caption\">Massaker von Malmedy, 17. Dezember 1944.<\/figcaption><\/figure><\/li><li class=\"blocks-gallery-item\"><figure><a href=\"https:\/\/www.landofmemory.eu\/sujets-thematiques\/offensive-allemande-decembre-1944-hilter-ardennes\/4-bundesarchiv_bild_183-1985-0104-501_ardennenoffensive_grenadiere_in_luxemburg-3\/\"><img loading=\"lazy\" decoding=\"async\" width=\"1000\" height=\"750\" src=\"https:\/\/www.landofmemory.eu\/wp-content\/uploads\/2021\/08\/4-Bundesarchiv_Bild_183-1985-0104-501_Ardennenoffensive_Grenadiere_in_Luxemburg-2.jpg\" alt=\"Soldats allemands lors de l'offensive de la Wehrmacht allemande dans une for&#xEA;t au Luxembourg, le 22 d&#xE9;cembre 1944.\" data-id=\"1424\" data-full-url=\"https:\/\/www.landofmemory.eu\/wp-content\/uploads\/2021\/08\/4-Bundesarchiv_Bild_183-1985-0104-501_Ardennenoffensive_Grenadiere_in_Luxemburg-2.jpg\" data-link=\"https:\/\/www.landofmemory.eu\/sujets-thematiques\/offensive-allemande-decembre-1944-hilter-ardennes\/4-bundesarchiv_bild_183-1985-0104-501_ardennenoffensive_grenadiere_in_luxemburg-3\/\" class=\"wp-image-1427\" srcset=\"https:\/\/www.landofmemory.eu\/wp-content\/uploads\/2021\/08\/4-Bundesarchiv_Bild_183-1985-0104-501_Ardennenoffensive_Grenadiere_in_Luxemburg-2.jpg 1000w, https:\/\/www.landofmemory.eu\/wp-content\/uploads\/2021\/08\/4-Bundesarchiv_Bild_183-1985-0104-501_Ardennenoffensive_Grenadiere_in_Luxemburg-2-300x225.jpg 300w, https:\/\/www.landofmemory.eu\/wp-content\/uploads\/2021\/08\/4-Bundesarchiv_Bild_183-1985-0104-501_Ardennenoffensive_Grenadiere_in_Luxemburg-2-768x576.jpg 768w, https:\/\/www.landofmemory.eu\/wp-content\/uploads\/2021\/08\/4-Bundesarchiv_Bild_183-1985-0104-501_Ardennenoffensive_Grenadiere_in_Luxemburg-2-600x450.jpg 600w\" sizes=\"auto, (max-width: 1000px) 100vw, 1000px\" \/><\/a><figcaption class=\"blocks-gallery-item__caption\">Deutsche Soldaten w\u00e4hrend der Offensive der deutschen Wehrmacht in einem Wald in Luxemburg, 22. Dezember 1944.&#13;\n<\/figcaption><\/figure><\/li><li class=\"blocks-gallery-item\"><figure><a href=\"https:\/\/www.landofmemory.eu\/sujets-thematiques\/offensive-allemande-decembre-1944-hilter-ardennes\/3-deadbelgiumcivilians1944-2-2\/\"><img loading=\"lazy\" decoding=\"async\" width=\"1000\" height=\"750\" src=\"https:\/\/www.landofmemory.eu\/wp-content\/uploads\/2021\/08\/3-DeadBelgiumcivilians1944-2.jpg\" alt=\"Les corps d'hommes, de femmes et d'enfants belges, tu&#xE9;s par l'arm&#xE9;e allemande lors de leur contre-offensive au Luxembourg et en Belgique, attendent leur identification avant l'inhumation, le 15 d&#xE9;cembre 1944.\" data-id=\"1428\" data-full-url=\"https:\/\/www.landofmemory.eu\/wp-content\/uploads\/2021\/08\/3-DeadBelgiumcivilians1944-2.jpg\" data-link=\"https:\/\/www.landofmemory.eu\/sujets-thematiques\/offensive-allemande-decembre-1944-hilter-ardennes\/3-deadbelgiumcivilians1944-2-2\/\" class=\"wp-image-1431\" srcset=\"https:\/\/www.landofmemory.eu\/wp-content\/uploads\/2021\/08\/3-DeadBelgiumcivilians1944-2.jpg 1000w, https:\/\/www.landofmemory.eu\/wp-content\/uploads\/2021\/08\/3-DeadBelgiumcivilians1944-2-300x225.jpg 300w, https:\/\/www.landofmemory.eu\/wp-content\/uploads\/2021\/08\/3-DeadBelgiumcivilians1944-2-768x576.jpg 768w, https:\/\/www.landofmemory.eu\/wp-content\/uploads\/2021\/08\/3-DeadBelgiumcivilians1944-2-600x450.jpg 600w\" sizes=\"auto, (max-width: 1000px) 100vw, 1000px\" \/><\/a><figcaption class=\"blocks-gallery-item__caption\">Die Leichen der belgischen M\u00e4nner, Frauen und Kinder, die von der deutschen Armee w\u00e4hrend ihrer Gegenoffensive in Luxemburg und Belgien get\u00f6tet wurden, warten auf ihre Identifizierung, bevor sie am 15. Dezember 1944 beerdigt wurden.<\/figcaption><\/figure><\/li><\/ul><\/figure>\n","protected":false},"template":"","type_sujet":[32,92],"class_list":["post-5862","sujets-thematiques","type-sujets-thematiques","status-publish","hentry","type_sujet-1939-1945","type_sujet-1939-1945-de"],"acf":[],"yoast_head":"<!-- This site is optimized with the Yoast SEO plugin v26.0 - https:\/\/yoast.com\/wordpress\/plugins\/seo\/ -->\n<title>Land of Memory: Die deutsche Offensive im Dezember 1944<\/title>\n<meta name=\"description\" content=\"Hilters letzte Offensive in den Ardennen wurde 1944 gestartet, um die Br\u00fccke von Antwerpen zu erreichen, scheiterte jedoch.\" \/>\n<meta name=\"robots\" content=\"index, follow, max-snippet:-1, max-image-preview:large, max-video-preview:-1\" \/>\n<link rel=\"canonical\" href=\"https:\/\/www.landofmemory.eu\/de\/sujets-thematiques\/die-deutsche-offensive-im-dezember-1944\/\" \/>\n<meta property=\"og:locale\" content=\"de_DE\" \/>\n<meta property=\"og:type\" content=\"article\" \/>\n<meta property=\"og:title\" content=\"Land of Memory: Die deutsche Offensive im Dezember 1944\" \/>\n<meta property=\"og:description\" content=\"Hilters letzte Offensive in den Ardennen wurde 1944 gestartet, um die Br\u00fccke von Antwerpen zu erreichen, scheiterte jedoch.\" \/>\n<meta property=\"og:url\" content=\"https:\/\/www.landofmemory.eu\/de\/sujets-thematiques\/die-deutsche-offensive-im-dezember-1944\/\" \/>\n<meta property=\"og:site_name\" content=\"Land Of Memory\" \/>\n<meta property=\"article:publisher\" content=\"https:\/\/www.facebook.com\/landofmemory.eu\" \/>\n<meta property=\"article:modified_time\" content=\"2022-08-03T09:45:58+00:00\" \/>\n<meta property=\"og:image\" content=\"https:\/\/www.landofmemory.eu\/wp-content\/uploads\/2021\/08\/2-Malmedy_Massacre-2.jpg\" \/>\n<meta name=\"twitter:card\" content=\"summary_large_image\" \/>\n<meta name=\"twitter:label1\" content=\"Gesch\u00e4tzte Lesezeit\" \/>\n\t<meta name=\"twitter:data1\" content=\"2\u00a0Minuten\" \/>\n<script type=\"application\/ld+json\" class=\"yoast-schema-graph\">{\"@context\":\"https:\/\/schema.org\",\"@graph\":[{\"@type\":\"WebPage\",\"@id\":\"https:\/\/www.landofmemory.eu\/de\/sujets-thematiques\/die-deutsche-offensive-im-dezember-1944\/\",\"url\":\"https:\/\/www.landofmemory.eu\/de\/sujets-thematiques\/die-deutsche-offensive-im-dezember-1944\/\",\"name\":\"Land of Memory: Die deutsche Offensive im Dezember 1944\",\"isPartOf\":{\"@id\":\"https:\/\/www.landofmemory.eu\/#website\"},\"primaryImageOfPage\":{\"@id\":\"https:\/\/www.landofmemory.eu\/de\/sujets-thematiques\/die-deutsche-offensive-im-dezember-1944\/#primaryimage\"},\"image\":{\"@id\":\"https:\/\/www.landofmemory.eu\/de\/sujets-thematiques\/die-deutsche-offensive-im-dezember-1944\/#primaryimage\"},\"thumbnailUrl\":\"https:\/\/www.landofmemory.eu\/wp-content\/uploads\/2021\/08\/2-Malmedy_Massacre-2.jpg\",\"datePublished\":\"2021-11-09T15:23:53+00:00\",\"dateModified\":\"2022-08-03T09:45:58+00:00\",\"description\":\"Hilters letzte Offensive in den Ardennen wurde 1944 gestartet, um die Br\u00fccke von Antwerpen zu erreichen, scheiterte jedoch.\",\"breadcrumb\":{\"@id\":\"https:\/\/www.landofmemory.eu\/de\/sujets-thematiques\/die-deutsche-offensive-im-dezember-1944\/#breadcrumb\"},\"inLanguage\":\"de\",\"potentialAction\":[{\"@type\":\"ReadAction\",\"target\":[\"https:\/\/www.landofmemory.eu\/de\/sujets-thematiques\/die-deutsche-offensive-im-dezember-1944\/\"]}]},{\"@type\":\"ImageObject\",\"inLanguage\":\"de\",\"@id\":\"https:\/\/www.landofmemory.eu\/de\/sujets-thematiques\/die-deutsche-offensive-im-dezember-1944\/#primaryimage\",\"url\":\"https:\/\/www.landofmemory.eu\/wp-content\/uploads\/2021\/08\/2-Malmedy_Massacre-2.jpg\",\"contentUrl\":\"https:\/\/www.landofmemory.eu\/wp-content\/uploads\/2021\/08\/2-Malmedy_Massacre-2.jpg\"},{\"@type\":\"BreadcrumbList\",\"@id\":\"https:\/\/www.landofmemory.eu\/de\/sujets-thematiques\/die-deutsche-offensive-im-dezember-1944\/#breadcrumb\",\"itemListElement\":[{\"@type\":\"ListItem\",\"position\":1,\"name\":\"Accueil\",\"item\":\"https:\/\/www.landofmemory.eu\/\"},{\"@type\":\"ListItem\",\"position\":2,\"name\":\"Die deutsche Offensive im Dezember 1944\"}]},{\"@type\":\"WebSite\",\"@id\":\"https:\/\/www.landofmemory.eu\/#website\",\"url\":\"https:\/\/www.landofmemory.eu\/\",\"name\":\"Land Of Memory\",\"description\":\"L&#039;histoire commence ici\",\"publisher\":{\"@id\":\"https:\/\/www.landofmemory.eu\/#organization\"},\"potentialAction\":[{\"@type\":\"SearchAction\",\"target\":{\"@type\":\"EntryPoint\",\"urlTemplate\":\"https:\/\/www.landofmemory.eu\/?s={search_term_string}\"},\"query-input\":{\"@type\":\"PropertyValueSpecification\",\"valueRequired\":true,\"valueName\":\"search_term_string\"}}],\"inLanguage\":\"de\"},{\"@type\":\"Organization\",\"@id\":\"https:\/\/www.landofmemory.eu\/#organization\",\"name\":\"Land Of Memory\",\"url\":\"https:\/\/www.landofmemory.eu\/\",\"logo\":{\"@type\":\"ImageObject\",\"inLanguage\":\"de\",\"@id\":\"https:\/\/www.landofmemory.eu\/#\/schema\/logo\/image\/\",\"url\":\"https:\/\/www.landofmemory.eu\/wp-content\/uploads\/2022\/10\/logo-land-of-memory.jpg\",\"contentUrl\":\"https:\/\/www.landofmemory.eu\/wp-content\/uploads\/2022\/10\/logo-land-of-memory.jpg\",\"width\":1000,\"height\":500,\"caption\":\"Land Of Memory\"},\"image\":{\"@id\":\"https:\/\/www.landofmemory.eu\/#\/schema\/logo\/image\/\"},\"sameAs\":[\"https:\/\/www.facebook.com\/landofmemory.eu\",\"https:\/\/www.instagram.com\/landofmemory_eu\/\"]}]}<\/script>\n<!-- \/ Yoast SEO plugin. -->","yoast_head_json":{"title":"Land of Memory: Die deutsche Offensive im Dezember 1944","description":"Hilters letzte Offensive in den Ardennen wurde 1944 gestartet, um die Br\u00fccke von Antwerpen zu erreichen, scheiterte jedoch.","robots":{"index":"index","follow":"follow","max-snippet":"max-snippet:-1","max-image-preview":"max-image-preview:large","max-video-preview":"max-video-preview:-1"},"canonical":"https:\/\/www.landofmemory.eu\/de\/sujets-thematiques\/die-deutsche-offensive-im-dezember-1944\/","og_locale":"de_DE","og_type":"article","og_title":"Land of Memory: Die deutsche Offensive im Dezember 1944","og_description":"Hilters letzte Offensive in den Ardennen wurde 1944 gestartet, um die Br\u00fccke von Antwerpen zu erreichen, scheiterte jedoch.","og_url":"https:\/\/www.landofmemory.eu\/de\/sujets-thematiques\/die-deutsche-offensive-im-dezember-1944\/","og_site_name":"Land Of Memory","article_publisher":"https:\/\/www.facebook.com\/landofmemory.eu","article_modified_time":"2022-08-03T09:45:58+00:00","og_image":[{"url":"https:\/\/www.landofmemory.eu\/wp-content\/uploads\/2021\/08\/2-Malmedy_Massacre-2.jpg","type":"","width":"","height":""}],"twitter_card":"summary_large_image","twitter_misc":{"Gesch\u00e4tzte Lesezeit":"2\u00a0Minuten"},"schema":{"@context":"https:\/\/schema.org","@graph":[{"@type":"WebPage","@id":"https:\/\/www.landofmemory.eu\/de\/sujets-thematiques\/die-deutsche-offensive-im-dezember-1944\/","url":"https:\/\/www.landofmemory.eu\/de\/sujets-thematiques\/die-deutsche-offensive-im-dezember-1944\/","name":"Land of Memory: Die deutsche Offensive im Dezember 1944","isPartOf":{"@id":"https:\/\/www.landofmemory.eu\/#website"},"primaryImageOfPage":{"@id":"https:\/\/www.landofmemory.eu\/de\/sujets-thematiques\/die-deutsche-offensive-im-dezember-1944\/#primaryimage"},"image":{"@id":"https:\/\/www.landofmemory.eu\/de\/sujets-thematiques\/die-deutsche-offensive-im-dezember-1944\/#primaryimage"},"thumbnailUrl":"https:\/\/www.landofmemory.eu\/wp-content\/uploads\/2021\/08\/2-Malmedy_Massacre-2.jpg","datePublished":"2021-11-09T15:23:53+00:00","dateModified":"2022-08-03T09:45:58+00:00","description":"Hilters letzte Offensive in den Ardennen wurde 1944 gestartet, um die Br\u00fccke von Antwerpen zu erreichen, scheiterte jedoch.","breadcrumb":{"@id":"https:\/\/www.landofmemory.eu\/de\/sujets-thematiques\/die-deutsche-offensive-im-dezember-1944\/#breadcrumb"},"inLanguage":"de","potentialAction":[{"@type":"ReadAction","target":["https:\/\/www.landofmemory.eu\/de\/sujets-thematiques\/die-deutsche-offensive-im-dezember-1944\/"]}]},{"@type":"ImageObject","inLanguage":"de","@id":"https:\/\/www.landofmemory.eu\/de\/sujets-thematiques\/die-deutsche-offensive-im-dezember-1944\/#primaryimage","url":"https:\/\/www.landofmemory.eu\/wp-content\/uploads\/2021\/08\/2-Malmedy_Massacre-2.jpg","contentUrl":"https:\/\/www.landofmemory.eu\/wp-content\/uploads\/2021\/08\/2-Malmedy_Massacre-2.jpg"},{"@type":"BreadcrumbList","@id":"https:\/\/www.landofmemory.eu\/de\/sujets-thematiques\/die-deutsche-offensive-im-dezember-1944\/#breadcrumb","itemListElement":[{"@type":"ListItem","position":1,"name":"Accueil","item":"https:\/\/www.landofmemory.eu\/"},{"@type":"ListItem","position":2,"name":"Die deutsche Offensive im Dezember 1944"}]},{"@type":"WebSite","@id":"https:\/\/www.landofmemory.eu\/#website","url":"https:\/\/www.landofmemory.eu\/","name":"Land Of Memory","description":"L&#039;histoire commence ici","publisher":{"@id":"https:\/\/www.landofmemory.eu\/#organization"},"potentialAction":[{"@type":"SearchAction","target":{"@type":"EntryPoint","urlTemplate":"https:\/\/www.landofmemory.eu\/?s={search_term_string}"},"query-input":{"@type":"PropertyValueSpecification","valueRequired":true,"valueName":"search_term_string"}}],"inLanguage":"de"},{"@type":"Organization","@id":"https:\/\/www.landofmemory.eu\/#organization","name":"Land Of Memory","url":"https:\/\/www.landofmemory.eu\/","logo":{"@type":"ImageObject","inLanguage":"de","@id":"https:\/\/www.landofmemory.eu\/#\/schema\/logo\/image\/","url":"https:\/\/www.landofmemory.eu\/wp-content\/uploads\/2022\/10\/logo-land-of-memory.jpg","contentUrl":"https:\/\/www.landofmemory.eu\/wp-content\/uploads\/2022\/10\/logo-land-of-memory.jpg","width":1000,"height":500,"caption":"Land Of Memory"},"image":{"@id":"https:\/\/www.landofmemory.eu\/#\/schema\/logo\/image\/"},"sameAs":["https:\/\/www.facebook.com\/landofmemory.eu","https:\/\/www.instagram.com\/landofmemory_eu\/"]}]}},"_links":{"self":[{"href":"https:\/\/www.landofmemory.eu\/de\/wp-json\/wp\/v2\/sujets-thematiques\/5862","targetHints":{"allow":["GET"]}}],"collection":[{"href":"https:\/\/www.landofmemory.eu\/de\/wp-json\/wp\/v2\/sujets-thematiques"}],"about":[{"href":"https:\/\/www.landofmemory.eu\/de\/wp-json\/wp\/v2\/types\/sujets-thematiques"}],"wp:attachment":[{"href":"https:\/\/www.landofmemory.eu\/de\/wp-json\/wp\/v2\/media?parent=5862"}],"wp:term":[{"taxonomy":"type_sujet","embeddable":true,"href":"https:\/\/www.landofmemory.eu\/de\/wp-json\/wp\/v2\/type_sujet?post=5862"}],"curies":[{"name":"wp","href":"https:\/\/api.w.org\/{rel}","templated":true}]}}