{"id":5903,"date":"2021-11-10T09:45:21","date_gmt":"2021-11-10T08:45:21","guid":{"rendered":"https:\/\/www.landofmemory.eu\/sujets-thematiques\/minenkrieg\/"},"modified":"2021-11-10T09:45:21","modified_gmt":"2021-11-10T08:45:21","slug":"minenkrieg","status":"publish","type":"sujets-thematiques","link":"https:\/\/www.landofmemory.eu\/de\/sujets-thematiques\/minenkrieg\/","title":{"rendered":"Minenkrieg"},"content":{"rendered":"\n<h2 class=\"wp-block-heading\">Eine Praxis des Gro\u00dfen Krieges, die die Moral untergr\u00e4bt<\/h2>\n\n<div style=\"height:100px\" aria-hidden=\"true\" class=\"wp-block-spacer\"><\/div>\n\n<div class=\"wp-block-columns is-layout-flex wp-container-core-columns-is-layout-9d6595d7 wp-block-columns-is-layout-flex\">\n<div class=\"wp-block-column is-vertically-aligned-center is-layout-flow wp-block-column-is-layout-flow\">\n<div class=\"wp-block-columns is-layout-flex wp-container-core-columns-is-layout-9d6595d7 wp-block-columns-is-layout-flex\">\n<div class=\"wp-block-column is-vertically-aligned-center is-layout-flow wp-block-column-is-layout-flow\">\n<div class=\"wp-block-image\"><figure class=\"aligncenter size-full is-resized\"><img loading=\"lazy\" decoding=\"async\" src=\"https:\/\/www.landofmemory.eu\/wp-content\/uploads\/2021\/09\/4-Tranchee_dynamite-1.jpeg\" alt=\"K&#xFC;nstlerische Darstellung der Verlegung einer Mine unter einem feindlichen Graben. Illustration aus der Zeitung Le Miroir von 1915.\" class=\"wp-image-2628\" width=\"315\" height=\"423\" srcset=\"https:\/\/www.landofmemory.eu\/wp-content\/uploads\/2021\/09\/4-Tranchee_dynamite-1.jpeg 558w, https:\/\/www.landofmemory.eu\/wp-content\/uploads\/2021\/09\/4-Tranchee_dynamite-1-223x300.jpeg 223w\" sizes=\"auto, (max-width: 315px) 100vw, 315px\" \/><figcaption>K\u00fcnstlerische Darstellung der Verlegung einer Mine unter einem feindlichen Graben. Illustration aus der Zeitung Le Miroir von 1915.<\/figcaption><\/figure><\/div>\n<\/div>\n\n\n\n<div class=\"wp-block-column is-vertically-aligned-center is-layout-flow wp-block-column-is-layout-flow\">\n<p>In den Argonnen wurde der Vauquois-H\u00fcgel gesprengt. Hauptverantwortlich daf\u00fcr waren die Explosionen von 519 Minen und Tarnkappen zwischen dem Fr\u00fchjahr 1915 und April 1918. &#13;\n<\/p>\n\n\n\n<p>Die gr\u00f6\u00dfte Mine, beladen mit 60 Tonnen Westfalit, explodierte am 14. Mai 1916 und t\u00f6tete 108 franz\u00f6sische Soldaten.<\/p>\n\n\n\n<p>Auf der anderen Seite, am Oberlauf der Maas, fand auf dem Kamm der \u00c9parges einer der l\u00e4ngsten Minenkriege der Geschichte statt. &#13;\n<\/p>\n\n\n\n<p>In der Tat gab es fast 130 Minenexplosionen und Tarnungen. Zwischen Februar 1915 und August 1918 ersch\u00fctterten sie den Boden und das Innere des Landes. <\/p>\n\n\n\n<p><\/p>\n\n\n\n<p>Heute ist die Butte de Vauquois die einzige St\u00e4tte, die von dieser Art von K\u00e4mpfen zeugt. Sie k\u00f6nnen die unterirdischen G\u00e4nge in Begleitung eines F\u00fchrers und ausger\u00fcstet mit Helm und Taschenlampe entdecken.<\/p>\n<\/div>\n<\/div>\n<\/div>\n<\/div>\n\n<div class=\"wp-block-columns is-layout-flex wp-container-core-columns-is-layout-9d6595d7 wp-block-columns-is-layout-flex\">\n<div class=\"wp-block-column is-vertically-aligned-center is-layout-flow wp-block-column-is-layout-flow\">\n<div class=\"wp-block-image\"><figure class=\"aligncenter size-medium is-resized\"><img loading=\"lazy\" decoding=\"async\" src=\"https:\/\/www.landofmemory.eu\/wp-content\/uploads\/2021\/09\/1-FRAD055_FI_010FI0001_0135-1-1-300x192.jpeg\" alt=\"Der Cr&#xE8;te des Eparges.\" class=\"wp-image-2644\" width=\"358\" height=\"229\" srcset=\"https:\/\/www.landofmemory.eu\/wp-content\/uploads\/2021\/09\/1-FRAD055_FI_010FI0001_0135-1-1-300x192.jpeg 300w, https:\/\/www.landofmemory.eu\/wp-content\/uploads\/2021\/09\/1-FRAD055_FI_010FI0001_0135-1-1-768x491.jpeg 768w, https:\/\/www.landofmemory.eu\/wp-content\/uploads\/2021\/09\/1-FRAD055_FI_010FI0001_0135-1-1-600x383.jpeg 600w, https:\/\/www.landofmemory.eu\/wp-content\/uploads\/2021\/09\/1-FRAD055_FI_010FI0001_0135-1-1.jpeg 1000w\" sizes=\"auto, (max-width: 358px) 100vw, 358px\" \/><figcaption>Der Cr\u00e8te des Eparges.<\/figcaption><\/figure><\/div>\n<\/div>\n\n\n\n<div class=\"wp-block-column is-vertically-aligned-center is-layout-flow wp-block-column-is-layout-flow\">\n<div class=\"wp-block-image\"><figure class=\"aligncenter size-medium is-resized\"><img loading=\"lazy\" decoding=\"async\" src=\"https:\/\/www.landofmemory.eu\/wp-content\/uploads\/2021\/09\/2-FRAD055_FI_010FI0001_0136-2-300x192.jpeg\" alt=\"Ein Minenschacht auf der Crete des Eparges.\" class=\"wp-image-2636\" width=\"364\" height=\"231\"\/><figcaption>Ein Minenschacht auf der Crete des Eparges.<\/figcaption><\/figure><\/div>\n\n\n\n<p><\/p>\n<\/div>\n<\/div>\n","protected":false},"template":"","type_sujet":[91],"class_list":["post-5903","sujets-thematiques","type-sujets-thematiques","status-publish","hentry","type_sujet-1914-1918-de"],"acf":[],"yoast_head":"<!-- This site is optimized with the Yoast SEO plugin v26.0 - https:\/\/yoast.com\/wordpress\/plugins\/seo\/ -->\n<title>Land of Memory: Minenkrieg, eine Praxis aus dem Ersten Weltkrieg<\/title>\n<meta name=\"description\" content=\"Der Minenkrieg wurde w\u00e4hrend des Ersten Weltkriegs \u00fcberall an der Front eingesetzt und hat viele Landschaften gepr\u00e4gt.\" \/>\n<meta name=\"robots\" content=\"index, follow, max-snippet:-1, max-image-preview:large, max-video-preview:-1\" \/>\n<link rel=\"canonical\" href=\"https:\/\/www.landofmemory.eu\/de\/sujets-thematiques\/minenkrieg\/\" \/>\n<meta property=\"og:locale\" content=\"de_DE\" \/>\n<meta property=\"og:type\" content=\"article\" \/>\n<meta property=\"og:title\" content=\"Land of Memory: Minenkrieg, eine Praxis aus dem Ersten Weltkrieg\" \/>\n<meta property=\"og:description\" content=\"Der Minenkrieg wurde w\u00e4hrend des Ersten Weltkriegs \u00fcberall an der Front eingesetzt und hat viele Landschaften gepr\u00e4gt.\" \/>\n<meta property=\"og:url\" content=\"https:\/\/www.landofmemory.eu\/de\/sujets-thematiques\/minenkrieg\/\" \/>\n<meta property=\"og:site_name\" content=\"Land Of Memory\" \/>\n<meta property=\"article:publisher\" content=\"https:\/\/www.facebook.com\/landofmemory.eu\" \/>\n<meta property=\"og:image\" content=\"https:\/\/www.landofmemory.eu\/wp-content\/uploads\/2021\/09\/4-Tranchee_dynamite-1.jpeg\" \/>\n<meta name=\"twitter:card\" content=\"summary_large_image\" \/>\n<meta name=\"twitter:label1\" content=\"Gesch\u00e4tzte Lesezeit\" \/>\n\t<meta name=\"twitter:data1\" content=\"1\u00a0Minute\" \/>\n<script type=\"application\/ld+json\" class=\"yoast-schema-graph\">{\"@context\":\"https:\/\/schema.org\",\"@graph\":[{\"@type\":\"WebPage\",\"@id\":\"https:\/\/www.landofmemory.eu\/de\/sujets-thematiques\/minenkrieg\/\",\"url\":\"https:\/\/www.landofmemory.eu\/de\/sujets-thematiques\/minenkrieg\/\",\"name\":\"Land of Memory: Minenkrieg, eine Praxis aus dem Ersten Weltkrieg\",\"isPartOf\":{\"@id\":\"https:\/\/www.landofmemory.eu\/#website\"},\"primaryImageOfPage\":{\"@id\":\"https:\/\/www.landofmemory.eu\/de\/sujets-thematiques\/minenkrieg\/#primaryimage\"},\"image\":{\"@id\":\"https:\/\/www.landofmemory.eu\/de\/sujets-thematiques\/minenkrieg\/#primaryimage\"},\"thumbnailUrl\":\"https:\/\/www.landofmemory.eu\/wp-content\/uploads\/2021\/09\/4-Tranchee_dynamite-1.jpeg\",\"datePublished\":\"2021-11-10T08:45:21+00:00\",\"description\":\"Der Minenkrieg wurde w\u00e4hrend des Ersten Weltkriegs \u00fcberall an der Front eingesetzt und hat viele Landschaften gepr\u00e4gt.\",\"breadcrumb\":{\"@id\":\"https:\/\/www.landofmemory.eu\/de\/sujets-thematiques\/minenkrieg\/#breadcrumb\"},\"inLanguage\":\"de\",\"potentialAction\":[{\"@type\":\"ReadAction\",\"target\":[\"https:\/\/www.landofmemory.eu\/de\/sujets-thematiques\/minenkrieg\/\"]}]},{\"@type\":\"ImageObject\",\"inLanguage\":\"de\",\"@id\":\"https:\/\/www.landofmemory.eu\/de\/sujets-thematiques\/minenkrieg\/#primaryimage\",\"url\":\"https:\/\/www.landofmemory.eu\/wp-content\/uploads\/2021\/09\/4-Tranchee_dynamite-1.jpeg\",\"contentUrl\":\"https:\/\/www.landofmemory.eu\/wp-content\/uploads\/2021\/09\/4-Tranchee_dynamite-1.jpeg\"},{\"@type\":\"BreadcrumbList\",\"@id\":\"https:\/\/www.landofmemory.eu\/de\/sujets-thematiques\/minenkrieg\/#breadcrumb\",\"itemListElement\":[{\"@type\":\"ListItem\",\"position\":1,\"name\":\"Accueil\",\"item\":\"https:\/\/www.landofmemory.eu\/\"},{\"@type\":\"ListItem\",\"position\":2,\"name\":\"Minenkrieg\"}]},{\"@type\":\"WebSite\",\"@id\":\"https:\/\/www.landofmemory.eu\/#website\",\"url\":\"https:\/\/www.landofmemory.eu\/\",\"name\":\"Land Of Memory\",\"description\":\"L&#039;histoire commence ici\",\"publisher\":{\"@id\":\"https:\/\/www.landofmemory.eu\/#organization\"},\"potentialAction\":[{\"@type\":\"SearchAction\",\"target\":{\"@type\":\"EntryPoint\",\"urlTemplate\":\"https:\/\/www.landofmemory.eu\/?s={search_term_string}\"},\"query-input\":{\"@type\":\"PropertyValueSpecification\",\"valueRequired\":true,\"valueName\":\"search_term_string\"}}],\"inLanguage\":\"de\"},{\"@type\":\"Organization\",\"@id\":\"https:\/\/www.landofmemory.eu\/#organization\",\"name\":\"Land Of Memory\",\"url\":\"https:\/\/www.landofmemory.eu\/\",\"logo\":{\"@type\":\"ImageObject\",\"inLanguage\":\"de\",\"@id\":\"https:\/\/www.landofmemory.eu\/#\/schema\/logo\/image\/\",\"url\":\"https:\/\/www.landofmemory.eu\/wp-content\/uploads\/2022\/10\/logo-land-of-memory.jpg\",\"contentUrl\":\"https:\/\/www.landofmemory.eu\/wp-content\/uploads\/2022\/10\/logo-land-of-memory.jpg\",\"width\":1000,\"height\":500,\"caption\":\"Land Of Memory\"},\"image\":{\"@id\":\"https:\/\/www.landofmemory.eu\/#\/schema\/logo\/image\/\"},\"sameAs\":[\"https:\/\/www.facebook.com\/landofmemory.eu\",\"https:\/\/www.instagram.com\/landofmemory_eu\/\"]}]}<\/script>\n<!-- \/ Yoast SEO plugin. -->","yoast_head_json":{"title":"Land of Memory: Minenkrieg, eine Praxis aus dem Ersten Weltkrieg","description":"Der Minenkrieg wurde w\u00e4hrend des Ersten Weltkriegs \u00fcberall an der Front eingesetzt und hat viele Landschaften gepr\u00e4gt.","robots":{"index":"index","follow":"follow","max-snippet":"max-snippet:-1","max-image-preview":"max-image-preview:large","max-video-preview":"max-video-preview:-1"},"canonical":"https:\/\/www.landofmemory.eu\/de\/sujets-thematiques\/minenkrieg\/","og_locale":"de_DE","og_type":"article","og_title":"Land of Memory: Minenkrieg, eine Praxis aus dem Ersten Weltkrieg","og_description":"Der Minenkrieg wurde w\u00e4hrend des Ersten Weltkriegs \u00fcberall an der Front eingesetzt und hat viele Landschaften gepr\u00e4gt.","og_url":"https:\/\/www.landofmemory.eu\/de\/sujets-thematiques\/minenkrieg\/","og_site_name":"Land Of Memory","article_publisher":"https:\/\/www.facebook.com\/landofmemory.eu","og_image":[{"url":"https:\/\/www.landofmemory.eu\/wp-content\/uploads\/2021\/09\/4-Tranchee_dynamite-1.jpeg","type":"","width":"","height":""}],"twitter_card":"summary_large_image","twitter_misc":{"Gesch\u00e4tzte Lesezeit":"1\u00a0Minute"},"schema":{"@context":"https:\/\/schema.org","@graph":[{"@type":"WebPage","@id":"https:\/\/www.landofmemory.eu\/de\/sujets-thematiques\/minenkrieg\/","url":"https:\/\/www.landofmemory.eu\/de\/sujets-thematiques\/minenkrieg\/","name":"Land of Memory: Minenkrieg, eine Praxis aus dem Ersten Weltkrieg","isPartOf":{"@id":"https:\/\/www.landofmemory.eu\/#website"},"primaryImageOfPage":{"@id":"https:\/\/www.landofmemory.eu\/de\/sujets-thematiques\/minenkrieg\/#primaryimage"},"image":{"@id":"https:\/\/www.landofmemory.eu\/de\/sujets-thematiques\/minenkrieg\/#primaryimage"},"thumbnailUrl":"https:\/\/www.landofmemory.eu\/wp-content\/uploads\/2021\/09\/4-Tranchee_dynamite-1.jpeg","datePublished":"2021-11-10T08:45:21+00:00","description":"Der Minenkrieg wurde w\u00e4hrend des Ersten Weltkriegs \u00fcberall an der Front eingesetzt und hat viele Landschaften gepr\u00e4gt.","breadcrumb":{"@id":"https:\/\/www.landofmemory.eu\/de\/sujets-thematiques\/minenkrieg\/#breadcrumb"},"inLanguage":"de","potentialAction":[{"@type":"ReadAction","target":["https:\/\/www.landofmemory.eu\/de\/sujets-thematiques\/minenkrieg\/"]}]},{"@type":"ImageObject","inLanguage":"de","@id":"https:\/\/www.landofmemory.eu\/de\/sujets-thematiques\/minenkrieg\/#primaryimage","url":"https:\/\/www.landofmemory.eu\/wp-content\/uploads\/2021\/09\/4-Tranchee_dynamite-1.jpeg","contentUrl":"https:\/\/www.landofmemory.eu\/wp-content\/uploads\/2021\/09\/4-Tranchee_dynamite-1.jpeg"},{"@type":"BreadcrumbList","@id":"https:\/\/www.landofmemory.eu\/de\/sujets-thematiques\/minenkrieg\/#breadcrumb","itemListElement":[{"@type":"ListItem","position":1,"name":"Accueil","item":"https:\/\/www.landofmemory.eu\/"},{"@type":"ListItem","position":2,"name":"Minenkrieg"}]},{"@type":"WebSite","@id":"https:\/\/www.landofmemory.eu\/#website","url":"https:\/\/www.landofmemory.eu\/","name":"Land Of Memory","description":"L&#039;histoire commence ici","publisher":{"@id":"https:\/\/www.landofmemory.eu\/#organization"},"potentialAction":[{"@type":"SearchAction","target":{"@type":"EntryPoint","urlTemplate":"https:\/\/www.landofmemory.eu\/?s={search_term_string}"},"query-input":{"@type":"PropertyValueSpecification","valueRequired":true,"valueName":"search_term_string"}}],"inLanguage":"de"},{"@type":"Organization","@id":"https:\/\/www.landofmemory.eu\/#organization","name":"Land Of Memory","url":"https:\/\/www.landofmemory.eu\/","logo":{"@type":"ImageObject","inLanguage":"de","@id":"https:\/\/www.landofmemory.eu\/#\/schema\/logo\/image\/","url":"https:\/\/www.landofmemory.eu\/wp-content\/uploads\/2022\/10\/logo-land-of-memory.jpg","contentUrl":"https:\/\/www.landofmemory.eu\/wp-content\/uploads\/2022\/10\/logo-land-of-memory.jpg","width":1000,"height":500,"caption":"Land Of Memory"},"image":{"@id":"https:\/\/www.landofmemory.eu\/#\/schema\/logo\/image\/"},"sameAs":["https:\/\/www.facebook.com\/landofmemory.eu","https:\/\/www.instagram.com\/landofmemory_eu\/"]}]}},"_links":{"self":[{"href":"https:\/\/www.landofmemory.eu\/de\/wp-json\/wp\/v2\/sujets-thematiques\/5903","targetHints":{"allow":["GET"]}}],"collection":[{"href":"https:\/\/www.landofmemory.eu\/de\/wp-json\/wp\/v2\/sujets-thematiques"}],"about":[{"href":"https:\/\/www.landofmemory.eu\/de\/wp-json\/wp\/v2\/types\/sujets-thematiques"}],"wp:attachment":[{"href":"https:\/\/www.landofmemory.eu\/de\/wp-json\/wp\/v2\/media?parent=5903"}],"wp:term":[{"taxonomy":"type_sujet","embeddable":true,"href":"https:\/\/www.landofmemory.eu\/de\/wp-json\/wp\/v2\/type_sujet?post=5903"}],"curies":[{"name":"wp","href":"https:\/\/api.w.org\/{rel}","templated":true}]}}