{"id":5915,"date":"2021-11-10T10:05:14","date_gmt":"2021-11-10T09:05:14","guid":{"rendered":"https:\/\/www.landofmemory.eu\/sujets-thematiques\/der-voelkerbund\/"},"modified":"2021-11-10T10:05:14","modified_gmt":"2021-11-10T09:05:14","slug":"der-voelkerbund","status":"publish","type":"sujets-thematiques","link":"https:\/\/www.landofmemory.eu\/de\/sujets-thematiques\/der-voelkerbund\/","title":{"rendered":"Der V\u00f6lkerbund"},"content":{"rendered":"\n<h2 class=\"wp-block-heading\">Friedliche Beziehungen<\/h2>\n\n<p>Kurz nach der Ratifizierung des Versailler Vertrags wurde im Januar 1920 der V\u00f6lkerbund (League of Nations) gegr\u00fcndet. Er sollte eine internationale Organisation sein, der in der Lage ist, friedliche L\u00f6sungen f\u00fcr Konflikte zwischen Staaten zu finden. Erm\u00f6glicht wurde dies durch Schiedsverfahren und die Einf\u00fchrung kollektiver Sanktionen gegen uneinsichtige Staaten.&#13;\n<\/p>\n\n<p>Der von US-Pr\u00e4sident Woodrow Wilson gef\u00f6rderte Ansatz bestand darin, kollektive Verhandlungen der Geheimdiplomatie vorzuziehen.<\/p>\n\n<p>Der V\u00f6lkerbund verf\u00fcgte jedoch \u00fcber keine eigenen Streitkr\u00e4fte und nur \u00fcber geringe Zwangsmittel. Daher ist er bei der Umsetzung dieser Resolutionen ausschlie\u00dflich vom guten Willen der Gro\u00dfm\u00e4chte abh\u00e4ngig.&#13;\n<\/p>\n\n<p>Trotz einiger bemerkenswerter Erfolge war der V\u00f6lkerbund in den 1930er Jahren nicht in der Lage, eine Aggression der Achsenm\u00e4chte (Deutschland, Italien und Japan) zu verhindern.<\/p>\n\n<div style=\"height:100px\" aria-hidden=\"true\" class=\"wp-block-spacer\"><\/div>\n\n<div class=\"wp-block-columns is-layout-flex wp-container-core-columns-is-layout-9d6595d7 wp-block-columns-is-layout-flex\">\n<div class=\"wp-block-column is-layout-flow wp-block-column-is-layout-flow\">\n<div class=\"wp-block-image\"><figure class=\"aligncenter size-medium is-resized\"><img loading=\"lazy\" decoding=\"async\" src=\"https:\/\/www.landofmemory.eu\/wp-content\/uploads\/2021\/09\/6-International_Conference_Regarding_the_Use_of_Esperanto_WDL11591-300x225.jpeg\" alt=\"Internationale Konferenz &#xFC;ber den Gebrauch von Esperanto in Genf im April 1922.\" class=\"wp-image-2707\" width=\"405\" height=\"304\" srcset=\"https:\/\/www.landofmemory.eu\/wp-content\/uploads\/2021\/09\/6-International_Conference_Regarding_the_Use_of_Esperanto_WDL11591-300x225.jpeg 300w, https:\/\/www.landofmemory.eu\/wp-content\/uploads\/2021\/09\/6-International_Conference_Regarding_the_Use_of_Esperanto_WDL11591-768x576.jpeg 768w, https:\/\/www.landofmemory.eu\/wp-content\/uploads\/2021\/09\/6-International_Conference_Regarding_the_Use_of_Esperanto_WDL11591-600x450.jpeg 600w, https:\/\/www.landofmemory.eu\/wp-content\/uploads\/2021\/09\/6-International_Conference_Regarding_the_Use_of_Esperanto_WDL11591.jpeg 1000w\" sizes=\"auto, (max-width: 405px) 100vw, 405px\" \/><figcaption>Internationale Konferenz \u00fcber den Gebrauch von Esperanto in Genf im April 1922.<\/figcaption><\/figure><\/div>\n<\/div>\n\n\n\n<div class=\"wp-block-column is-layout-flow wp-block-column-is-layout-flow\">\n<div class=\"wp-block-image\"><figure class=\"aligncenter size-medium is-resized\"><img loading=\"lazy\" decoding=\"async\" src=\"https:\/\/www.landofmemory.eu\/wp-content\/uploads\/2021\/09\/5-Origin_of_the_League_of_Nations-300x225.jpeg\" alt=\"Der V&#xF6;lkerbund: Eine illustrierte Zusammenfassung. Genf, V&#xF6;lkerbund, 1920.\" class=\"wp-image-2711\" width=\"405\" height=\"304\" srcset=\"https:\/\/www.landofmemory.eu\/wp-content\/uploads\/2021\/09\/5-Origin_of_the_League_of_Nations-300x225.jpeg 300w, https:\/\/www.landofmemory.eu\/wp-content\/uploads\/2021\/09\/5-Origin_of_the_League_of_Nations-768x576.jpeg 768w, https:\/\/www.landofmemory.eu\/wp-content\/uploads\/2021\/09\/5-Origin_of_the_League_of_Nations-600x450.jpeg 600w, https:\/\/www.landofmemory.eu\/wp-content\/uploads\/2021\/09\/5-Origin_of_the_League_of_Nations.jpeg 1000w\" sizes=\"auto, (max-width: 405px) 100vw, 405px\" \/><figcaption>Der V\u00f6lkerbund: Eine illustrierte Zusammenfassung. Genf, V\u00f6lkerbund, 1920.<\/figcaption><\/figure><\/div>\n<\/div>\n<\/div>\n","protected":false},"template":"","type_sujet":[94],"class_list":["post-5915","sujets-thematiques","type-sujets-thematiques","status-publish","hentry","type_sujet-zwischenkriegszeit"],"acf":[],"yoast_head":"<!-- This site is optimized with the Yoast SEO plugin v26.0 - https:\/\/yoast.com\/wordpress\/plugins\/seo\/ -->\n<title>Land of Memory: Der V\u00f6lkerbund<\/title>\n<meta name=\"description\" content=\"Um einen zweiten Krieg zu verhindern, wurde 1920 der V\u00f6lkerbund gegr\u00fcndet. Er f\u00f6rdert die friedlichen Beziehungen zwischen den Staaten.\" \/>\n<meta name=\"robots\" content=\"index, follow, max-snippet:-1, max-image-preview:large, max-video-preview:-1\" \/>\n<link rel=\"canonical\" href=\"https:\/\/www.landofmemory.eu\/de\/sujets-thematiques\/der-voelkerbund\/\" \/>\n<meta property=\"og:locale\" content=\"de_DE\" \/>\n<meta property=\"og:type\" content=\"article\" \/>\n<meta property=\"og:title\" content=\"Land of Memory: Der V\u00f6lkerbund\" \/>\n<meta property=\"og:description\" content=\"Um einen zweiten Krieg zu verhindern, wurde 1920 der V\u00f6lkerbund gegr\u00fcndet. Er f\u00f6rdert die friedlichen Beziehungen zwischen den Staaten.\" \/>\n<meta property=\"og:url\" content=\"https:\/\/www.landofmemory.eu\/de\/sujets-thematiques\/der-voelkerbund\/\" \/>\n<meta property=\"og:site_name\" content=\"Land Of Memory\" \/>\n<meta property=\"article:publisher\" content=\"https:\/\/www.facebook.com\/landofmemory.eu\" \/>\n<meta property=\"og:image\" content=\"https:\/\/www.landofmemory.eu\/wp-content\/uploads\/2021\/09\/6-International_Conference_Regarding_the_Use_of_Esperanto_WDL11591-300x225.jpeg\" \/>\n<meta name=\"twitter:card\" content=\"summary_large_image\" \/>\n<meta name=\"twitter:label1\" content=\"Gesch\u00e4tzte Lesezeit\" \/>\n\t<meta name=\"twitter:data1\" content=\"1\u00a0Minute\" \/>\n<script type=\"application\/ld+json\" class=\"yoast-schema-graph\">{\"@context\":\"https:\/\/schema.org\",\"@graph\":[{\"@type\":\"WebPage\",\"@id\":\"https:\/\/www.landofmemory.eu\/de\/sujets-thematiques\/der-voelkerbund\/\",\"url\":\"https:\/\/www.landofmemory.eu\/de\/sujets-thematiques\/der-voelkerbund\/\",\"name\":\"Land of Memory: Der V\u00f6lkerbund\",\"isPartOf\":{\"@id\":\"https:\/\/www.landofmemory.eu\/#website\"},\"primaryImageOfPage\":{\"@id\":\"https:\/\/www.landofmemory.eu\/de\/sujets-thematiques\/der-voelkerbund\/#primaryimage\"},\"image\":{\"@id\":\"https:\/\/www.landofmemory.eu\/de\/sujets-thematiques\/der-voelkerbund\/#primaryimage\"},\"thumbnailUrl\":\"https:\/\/www.landofmemory.eu\/wp-content\/uploads\/2021\/09\/6-International_Conference_Regarding_the_Use_of_Esperanto_WDL11591-300x225.jpeg\",\"datePublished\":\"2021-11-10T09:05:14+00:00\",\"description\":\"Um einen zweiten Krieg zu verhindern, wurde 1920 der V\u00f6lkerbund gegr\u00fcndet. Er f\u00f6rdert die friedlichen Beziehungen zwischen den Staaten.\",\"breadcrumb\":{\"@id\":\"https:\/\/www.landofmemory.eu\/de\/sujets-thematiques\/der-voelkerbund\/#breadcrumb\"},\"inLanguage\":\"de\",\"potentialAction\":[{\"@type\":\"ReadAction\",\"target\":[\"https:\/\/www.landofmemory.eu\/de\/sujets-thematiques\/der-voelkerbund\/\"]}]},{\"@type\":\"ImageObject\",\"inLanguage\":\"de\",\"@id\":\"https:\/\/www.landofmemory.eu\/de\/sujets-thematiques\/der-voelkerbund\/#primaryimage\",\"url\":\"https:\/\/www.landofmemory.eu\/wp-content\/uploads\/2021\/09\/6-International_Conference_Regarding_the_Use_of_Esperanto_WDL11591-300x225.jpeg\",\"contentUrl\":\"https:\/\/www.landofmemory.eu\/wp-content\/uploads\/2021\/09\/6-International_Conference_Regarding_the_Use_of_Esperanto_WDL11591-300x225.jpeg\"},{\"@type\":\"BreadcrumbList\",\"@id\":\"https:\/\/www.landofmemory.eu\/de\/sujets-thematiques\/der-voelkerbund\/#breadcrumb\",\"itemListElement\":[{\"@type\":\"ListItem\",\"position\":1,\"name\":\"Accueil\",\"item\":\"https:\/\/www.landofmemory.eu\/\"},{\"@type\":\"ListItem\",\"position\":2,\"name\":\"Der V\u00f6lkerbund\"}]},{\"@type\":\"WebSite\",\"@id\":\"https:\/\/www.landofmemory.eu\/#website\",\"url\":\"https:\/\/www.landofmemory.eu\/\",\"name\":\"Land Of Memory\",\"description\":\"L&#039;histoire commence ici\",\"publisher\":{\"@id\":\"https:\/\/www.landofmemory.eu\/#organization\"},\"potentialAction\":[{\"@type\":\"SearchAction\",\"target\":{\"@type\":\"EntryPoint\",\"urlTemplate\":\"https:\/\/www.landofmemory.eu\/?s={search_term_string}\"},\"query-input\":{\"@type\":\"PropertyValueSpecification\",\"valueRequired\":true,\"valueName\":\"search_term_string\"}}],\"inLanguage\":\"de\"},{\"@type\":\"Organization\",\"@id\":\"https:\/\/www.landofmemory.eu\/#organization\",\"name\":\"Land Of Memory\",\"url\":\"https:\/\/www.landofmemory.eu\/\",\"logo\":{\"@type\":\"ImageObject\",\"inLanguage\":\"de\",\"@id\":\"https:\/\/www.landofmemory.eu\/#\/schema\/logo\/image\/\",\"url\":\"https:\/\/www.landofmemory.eu\/wp-content\/uploads\/2022\/10\/logo-land-of-memory.jpg\",\"contentUrl\":\"https:\/\/www.landofmemory.eu\/wp-content\/uploads\/2022\/10\/logo-land-of-memory.jpg\",\"width\":1000,\"height\":500,\"caption\":\"Land Of Memory\"},\"image\":{\"@id\":\"https:\/\/www.landofmemory.eu\/#\/schema\/logo\/image\/\"},\"sameAs\":[\"https:\/\/www.facebook.com\/landofmemory.eu\",\"https:\/\/www.instagram.com\/landofmemory_eu\/\"]}]}<\/script>\n<!-- \/ Yoast SEO plugin. -->","yoast_head_json":{"title":"Land of Memory: Der V\u00f6lkerbund","description":"Um einen zweiten Krieg zu verhindern, wurde 1920 der V\u00f6lkerbund gegr\u00fcndet. Er f\u00f6rdert die friedlichen Beziehungen zwischen den Staaten.","robots":{"index":"index","follow":"follow","max-snippet":"max-snippet:-1","max-image-preview":"max-image-preview:large","max-video-preview":"max-video-preview:-1"},"canonical":"https:\/\/www.landofmemory.eu\/de\/sujets-thematiques\/der-voelkerbund\/","og_locale":"de_DE","og_type":"article","og_title":"Land of Memory: Der V\u00f6lkerbund","og_description":"Um einen zweiten Krieg zu verhindern, wurde 1920 der V\u00f6lkerbund gegr\u00fcndet. Er f\u00f6rdert die friedlichen Beziehungen zwischen den Staaten.","og_url":"https:\/\/www.landofmemory.eu\/de\/sujets-thematiques\/der-voelkerbund\/","og_site_name":"Land Of Memory","article_publisher":"https:\/\/www.facebook.com\/landofmemory.eu","og_image":[{"url":"https:\/\/www.landofmemory.eu\/wp-content\/uploads\/2021\/09\/6-International_Conference_Regarding_the_Use_of_Esperanto_WDL11591-300x225.jpeg","type":"","width":"","height":""}],"twitter_card":"summary_large_image","twitter_misc":{"Gesch\u00e4tzte Lesezeit":"1\u00a0Minute"},"schema":{"@context":"https:\/\/schema.org","@graph":[{"@type":"WebPage","@id":"https:\/\/www.landofmemory.eu\/de\/sujets-thematiques\/der-voelkerbund\/","url":"https:\/\/www.landofmemory.eu\/de\/sujets-thematiques\/der-voelkerbund\/","name":"Land of Memory: Der V\u00f6lkerbund","isPartOf":{"@id":"https:\/\/www.landofmemory.eu\/#website"},"primaryImageOfPage":{"@id":"https:\/\/www.landofmemory.eu\/de\/sujets-thematiques\/der-voelkerbund\/#primaryimage"},"image":{"@id":"https:\/\/www.landofmemory.eu\/de\/sujets-thematiques\/der-voelkerbund\/#primaryimage"},"thumbnailUrl":"https:\/\/www.landofmemory.eu\/wp-content\/uploads\/2021\/09\/6-International_Conference_Regarding_the_Use_of_Esperanto_WDL11591-300x225.jpeg","datePublished":"2021-11-10T09:05:14+00:00","description":"Um einen zweiten Krieg zu verhindern, wurde 1920 der V\u00f6lkerbund gegr\u00fcndet. Er f\u00f6rdert die friedlichen Beziehungen zwischen den Staaten.","breadcrumb":{"@id":"https:\/\/www.landofmemory.eu\/de\/sujets-thematiques\/der-voelkerbund\/#breadcrumb"},"inLanguage":"de","potentialAction":[{"@type":"ReadAction","target":["https:\/\/www.landofmemory.eu\/de\/sujets-thematiques\/der-voelkerbund\/"]}]},{"@type":"ImageObject","inLanguage":"de","@id":"https:\/\/www.landofmemory.eu\/de\/sujets-thematiques\/der-voelkerbund\/#primaryimage","url":"https:\/\/www.landofmemory.eu\/wp-content\/uploads\/2021\/09\/6-International_Conference_Regarding_the_Use_of_Esperanto_WDL11591-300x225.jpeg","contentUrl":"https:\/\/www.landofmemory.eu\/wp-content\/uploads\/2021\/09\/6-International_Conference_Regarding_the_Use_of_Esperanto_WDL11591-300x225.jpeg"},{"@type":"BreadcrumbList","@id":"https:\/\/www.landofmemory.eu\/de\/sujets-thematiques\/der-voelkerbund\/#breadcrumb","itemListElement":[{"@type":"ListItem","position":1,"name":"Accueil","item":"https:\/\/www.landofmemory.eu\/"},{"@type":"ListItem","position":2,"name":"Der V\u00f6lkerbund"}]},{"@type":"WebSite","@id":"https:\/\/www.landofmemory.eu\/#website","url":"https:\/\/www.landofmemory.eu\/","name":"Land Of Memory","description":"L&#039;histoire commence ici","publisher":{"@id":"https:\/\/www.landofmemory.eu\/#organization"},"potentialAction":[{"@type":"SearchAction","target":{"@type":"EntryPoint","urlTemplate":"https:\/\/www.landofmemory.eu\/?s={search_term_string}"},"query-input":{"@type":"PropertyValueSpecification","valueRequired":true,"valueName":"search_term_string"}}],"inLanguage":"de"},{"@type":"Organization","@id":"https:\/\/www.landofmemory.eu\/#organization","name":"Land Of Memory","url":"https:\/\/www.landofmemory.eu\/","logo":{"@type":"ImageObject","inLanguage":"de","@id":"https:\/\/www.landofmemory.eu\/#\/schema\/logo\/image\/","url":"https:\/\/www.landofmemory.eu\/wp-content\/uploads\/2022\/10\/logo-land-of-memory.jpg","contentUrl":"https:\/\/www.landofmemory.eu\/wp-content\/uploads\/2022\/10\/logo-land-of-memory.jpg","width":1000,"height":500,"caption":"Land Of Memory"},"image":{"@id":"https:\/\/www.landofmemory.eu\/#\/schema\/logo\/image\/"},"sameAs":["https:\/\/www.facebook.com\/landofmemory.eu","https:\/\/www.instagram.com\/landofmemory_eu\/"]}]}},"_links":{"self":[{"href":"https:\/\/www.landofmemory.eu\/de\/wp-json\/wp\/v2\/sujets-thematiques\/5915","targetHints":{"allow":["GET"]}}],"collection":[{"href":"https:\/\/www.landofmemory.eu\/de\/wp-json\/wp\/v2\/sujets-thematiques"}],"about":[{"href":"https:\/\/www.landofmemory.eu\/de\/wp-json\/wp\/v2\/types\/sujets-thematiques"}],"wp:attachment":[{"href":"https:\/\/www.landofmemory.eu\/de\/wp-json\/wp\/v2\/media?parent=5915"}],"wp:term":[{"taxonomy":"type_sujet","embeddable":true,"href":"https:\/\/www.landofmemory.eu\/de\/wp-json\/wp\/v2\/type_sujet?post=5915"}],"curies":[{"name":"wp","href":"https:\/\/api.w.org\/{rel}","templated":true}]}}