{"id":6234,"date":"2021-11-18T09:32:07","date_gmt":"2021-11-18T08:32:07","guid":{"rendered":"https:\/\/www.landofmemory.eu\/temoignages\/der-betruegerische-gendarm-von-jupille\/"},"modified":"2021-11-18T09:32:07","modified_gmt":"2021-11-18T08:32:07","slug":"der-betruegerische-gendarm-von-jupille","status":"publish","type":"temoignages","link":"https:\/\/www.landofmemory.eu\/de\/temoignages\/der-betruegerische-gendarm-von-jupille\/","title":{"rendered":"Der betr\u00fcgerische Gendarm von Jupille"},"content":{"rendered":"\n<p>Im August 1914 herrschte in vielen Gemeinden der Provinz L\u00fcttich Unsicherheit. Am 11. August meldet sich ein deutscher Gendarm in einer gl\u00e4nzenden Uniform bei Dr. Ponson, dem B\u00fcrgermeister von Jupille. Er erkl\u00e4rt ihm, dass die Kommandantur ihn mit der Polizei von Jupille beauftragt habe und dass ihm in K\u00fcrze sechs weitere Untergebene folgen w\u00fcrden.<\/p>\n\n<p>Am n\u00e4chsten Tag erkl\u00e4rte er, dass er \u00fcber die gute Ordnung und Ruhe in der Gemeinde erfreut sei. Er beteuerte daher, dass er die Verst\u00e4rkung nicht ben\u00f6tige und sagte, dass er von nun an allein f\u00fcr Ordnung sorgen w\u00fcrde. Der sehr pittoreske Mann, der Kettermann gehei\u00dfen haben soll, hatte nun freie Bahn. Er allein bestrafte Diebstahl und Pl\u00fcnderung. Vor allem aber erlie\u00df er st\u00e4ndig neue Polizei-, Sauberkeits- und Verkehrsregeln, die mit Bu\u00dfgeldern belegt wurden, die letztendlich in seine Taschen flossen.<\/p>\n\n<p>Da er einen gewissen Sinn f\u00fcr Ruhe und Ordnung und das \u00f6ffentliche Wohl hatte, gaben die Einwohner zu, dass Jupille noch nie so sauber und so ruhig gewesen war&#8230; Es dauerte f\u00fcnf Wochen, bis die Kommandantur von L\u00fcttich feststellte, dass es sich in Wirklichkeit um einen falschen Gendarmen handelte. Kettermann wurde verhaftet und zu zwei Jahren Gef\u00e4ngnis verurteilt.<\/p>\n\n<p>Ein Nachahmer hatte sich parallel dazu als deutscher Gendarm in Bellaire und Queue-du-Bois niedergelassen, um auf die gleiche Weise L\u00f6segeld von der Bev\u00f6lkerung zu erpressen. Ohne Kettermanns Geschick emp\u00f6rte er schnell den B\u00fcrgermeister von Queue-du-Bois, J.J. Lejeune. Als seine Geduld sich dem Ende neigte, beschloss er, mit ihm abzurechnen und anschlie\u00dfend bei der Kommandantur Anzeige zu erstatten. Damit war den Betr\u00fcgereien ein Ende gesetzt.<\/p>\n","protected":false},"template":"","class_list":["post-6234","temoignages","type-temoignages","status-publish","hentry"],"acf":[],"yoast_head":"<!-- This site is optimized with the Yoast SEO plugin v26.0 - https:\/\/yoast.com\/wordpress\/plugins\/seo\/ -->\n<title>Erster Weltkrieg: Der betr\u00fcgerische Gendarm von Jupille<\/title>\n<meta name=\"description\" content=\"Am 11. August 1914 stellte sich ein deutscher Gendarm beim B\u00fcrgermeister von Jupille vor. Entdecken Sie eine Anekdote aus dem Ersten Weltkrieg in Jupille!\" \/>\n<meta name=\"robots\" content=\"index, follow, max-snippet:-1, max-image-preview:large, max-video-preview:-1\" \/>\n<link rel=\"canonical\" href=\"https:\/\/www.landofmemory.eu\/de\/temoignages\/der-betruegerische-gendarm-von-jupille\/\" \/>\n<meta property=\"og:locale\" content=\"de_DE\" \/>\n<meta property=\"og:type\" content=\"article\" \/>\n<meta property=\"og:title\" content=\"Erster Weltkrieg: Der betr\u00fcgerische Gendarm von Jupille\" \/>\n<meta property=\"og:description\" content=\"Am 11. August 1914 stellte sich ein deutscher Gendarm beim B\u00fcrgermeister von Jupille vor. Entdecken Sie eine Anekdote aus dem Ersten Weltkrieg in Jupille!\" \/>\n<meta property=\"og:url\" content=\"https:\/\/www.landofmemory.eu\/de\/temoignages\/der-betruegerische-gendarm-von-jupille\/\" \/>\n<meta property=\"og:site_name\" content=\"Land Of Memory\" \/>\n<meta property=\"article:publisher\" content=\"https:\/\/www.facebook.com\/landofmemory.eu\" \/>\n<meta name=\"twitter:card\" content=\"summary_large_image\" \/>\n<meta name=\"twitter:label1\" content=\"Gesch\u00e4tzte Lesezeit\" \/>\n\t<meta name=\"twitter:data1\" content=\"1\u00a0Minute\" \/>\n<script type=\"application\/ld+json\" class=\"yoast-schema-graph\">{\"@context\":\"https:\/\/schema.org\",\"@graph\":[{\"@type\":\"WebPage\",\"@id\":\"https:\/\/www.landofmemory.eu\/de\/temoignages\/der-betruegerische-gendarm-von-jupille\/\",\"url\":\"https:\/\/www.landofmemory.eu\/de\/temoignages\/der-betruegerische-gendarm-von-jupille\/\",\"name\":\"Erster Weltkrieg: Der betr\u00fcgerische Gendarm von Jupille\",\"isPartOf\":{\"@id\":\"https:\/\/www.landofmemory.eu\/#website\"},\"datePublished\":\"2021-11-18T08:32:07+00:00\",\"description\":\"Am 11. August 1914 stellte sich ein deutscher Gendarm beim B\u00fcrgermeister von Jupille vor. Entdecken Sie eine Anekdote aus dem Ersten Weltkrieg in Jupille!\",\"breadcrumb\":{\"@id\":\"https:\/\/www.landofmemory.eu\/de\/temoignages\/der-betruegerische-gendarm-von-jupille\/#breadcrumb\"},\"inLanguage\":\"de\",\"potentialAction\":[{\"@type\":\"ReadAction\",\"target\":[\"https:\/\/www.landofmemory.eu\/de\/temoignages\/der-betruegerische-gendarm-von-jupille\/\"]}]},{\"@type\":\"BreadcrumbList\",\"@id\":\"https:\/\/www.landofmemory.eu\/de\/temoignages\/der-betruegerische-gendarm-von-jupille\/#breadcrumb\",\"itemListElement\":[{\"@type\":\"ListItem\",\"position\":1,\"name\":\"Accueil\",\"item\":\"https:\/\/www.landofmemory.eu\/\"},{\"@type\":\"ListItem\",\"position\":2,\"name\":\"Der betr\u00fcgerische Gendarm von Jupille\"}]},{\"@type\":\"WebSite\",\"@id\":\"https:\/\/www.landofmemory.eu\/#website\",\"url\":\"https:\/\/www.landofmemory.eu\/\",\"name\":\"Land Of Memory\",\"description\":\"L&#039;histoire commence ici\",\"publisher\":{\"@id\":\"https:\/\/www.landofmemory.eu\/#organization\"},\"potentialAction\":[{\"@type\":\"SearchAction\",\"target\":{\"@type\":\"EntryPoint\",\"urlTemplate\":\"https:\/\/www.landofmemory.eu\/?s={search_term_string}\"},\"query-input\":{\"@type\":\"PropertyValueSpecification\",\"valueRequired\":true,\"valueName\":\"search_term_string\"}}],\"inLanguage\":\"de\"},{\"@type\":\"Organization\",\"@id\":\"https:\/\/www.landofmemory.eu\/#organization\",\"name\":\"Land Of Memory\",\"url\":\"https:\/\/www.landofmemory.eu\/\",\"logo\":{\"@type\":\"ImageObject\",\"inLanguage\":\"de\",\"@id\":\"https:\/\/www.landofmemory.eu\/#\/schema\/logo\/image\/\",\"url\":\"https:\/\/www.landofmemory.eu\/wp-content\/uploads\/2022\/10\/logo-land-of-memory.jpg\",\"contentUrl\":\"https:\/\/www.landofmemory.eu\/wp-content\/uploads\/2022\/10\/logo-land-of-memory.jpg\",\"width\":1000,\"height\":500,\"caption\":\"Land Of Memory\"},\"image\":{\"@id\":\"https:\/\/www.landofmemory.eu\/#\/schema\/logo\/image\/\"},\"sameAs\":[\"https:\/\/www.facebook.com\/landofmemory.eu\",\"https:\/\/www.instagram.com\/landofmemory_eu\/\"]}]}<\/script>\n<!-- \/ Yoast SEO plugin. -->","yoast_head_json":{"title":"Erster Weltkrieg: Der betr\u00fcgerische Gendarm von Jupille","description":"Am 11. August 1914 stellte sich ein deutscher Gendarm beim B\u00fcrgermeister von Jupille vor. Entdecken Sie eine Anekdote aus dem Ersten Weltkrieg in Jupille!","robots":{"index":"index","follow":"follow","max-snippet":"max-snippet:-1","max-image-preview":"max-image-preview:large","max-video-preview":"max-video-preview:-1"},"canonical":"https:\/\/www.landofmemory.eu\/de\/temoignages\/der-betruegerische-gendarm-von-jupille\/","og_locale":"de_DE","og_type":"article","og_title":"Erster Weltkrieg: Der betr\u00fcgerische Gendarm von Jupille","og_description":"Am 11. August 1914 stellte sich ein deutscher Gendarm beim B\u00fcrgermeister von Jupille vor. Entdecken Sie eine Anekdote aus dem Ersten Weltkrieg in Jupille!","og_url":"https:\/\/www.landofmemory.eu\/de\/temoignages\/der-betruegerische-gendarm-von-jupille\/","og_site_name":"Land Of Memory","article_publisher":"https:\/\/www.facebook.com\/landofmemory.eu","twitter_card":"summary_large_image","twitter_misc":{"Gesch\u00e4tzte Lesezeit":"1\u00a0Minute"},"schema":{"@context":"https:\/\/schema.org","@graph":[{"@type":"WebPage","@id":"https:\/\/www.landofmemory.eu\/de\/temoignages\/der-betruegerische-gendarm-von-jupille\/","url":"https:\/\/www.landofmemory.eu\/de\/temoignages\/der-betruegerische-gendarm-von-jupille\/","name":"Erster Weltkrieg: Der betr\u00fcgerische Gendarm von Jupille","isPartOf":{"@id":"https:\/\/www.landofmemory.eu\/#website"},"datePublished":"2021-11-18T08:32:07+00:00","description":"Am 11. August 1914 stellte sich ein deutscher Gendarm beim B\u00fcrgermeister von Jupille vor. Entdecken Sie eine Anekdote aus dem Ersten Weltkrieg in Jupille!","breadcrumb":{"@id":"https:\/\/www.landofmemory.eu\/de\/temoignages\/der-betruegerische-gendarm-von-jupille\/#breadcrumb"},"inLanguage":"de","potentialAction":[{"@type":"ReadAction","target":["https:\/\/www.landofmemory.eu\/de\/temoignages\/der-betruegerische-gendarm-von-jupille\/"]}]},{"@type":"BreadcrumbList","@id":"https:\/\/www.landofmemory.eu\/de\/temoignages\/der-betruegerische-gendarm-von-jupille\/#breadcrumb","itemListElement":[{"@type":"ListItem","position":1,"name":"Accueil","item":"https:\/\/www.landofmemory.eu\/"},{"@type":"ListItem","position":2,"name":"Der betr\u00fcgerische Gendarm von Jupille"}]},{"@type":"WebSite","@id":"https:\/\/www.landofmemory.eu\/#website","url":"https:\/\/www.landofmemory.eu\/","name":"Land Of Memory","description":"L&#039;histoire commence ici","publisher":{"@id":"https:\/\/www.landofmemory.eu\/#organization"},"potentialAction":[{"@type":"SearchAction","target":{"@type":"EntryPoint","urlTemplate":"https:\/\/www.landofmemory.eu\/?s={search_term_string}"},"query-input":{"@type":"PropertyValueSpecification","valueRequired":true,"valueName":"search_term_string"}}],"inLanguage":"de"},{"@type":"Organization","@id":"https:\/\/www.landofmemory.eu\/#organization","name":"Land Of Memory","url":"https:\/\/www.landofmemory.eu\/","logo":{"@type":"ImageObject","inLanguage":"de","@id":"https:\/\/www.landofmemory.eu\/#\/schema\/logo\/image\/","url":"https:\/\/www.landofmemory.eu\/wp-content\/uploads\/2022\/10\/logo-land-of-memory.jpg","contentUrl":"https:\/\/www.landofmemory.eu\/wp-content\/uploads\/2022\/10\/logo-land-of-memory.jpg","width":1000,"height":500,"caption":"Land Of Memory"},"image":{"@id":"https:\/\/www.landofmemory.eu\/#\/schema\/logo\/image\/"},"sameAs":["https:\/\/www.facebook.com\/landofmemory.eu","https:\/\/www.instagram.com\/landofmemory_eu\/"]}]}},"_links":{"self":[{"href":"https:\/\/www.landofmemory.eu\/de\/wp-json\/wp\/v2\/temoignages\/6234","targetHints":{"allow":["GET"]}}],"collection":[{"href":"https:\/\/www.landofmemory.eu\/de\/wp-json\/wp\/v2\/temoignages"}],"about":[{"href":"https:\/\/www.landofmemory.eu\/de\/wp-json\/wp\/v2\/types\/temoignages"}],"wp:attachment":[{"href":"https:\/\/www.landofmemory.eu\/de\/wp-json\/wp\/v2\/media?parent=6234"}],"curies":[{"name":"wp","href":"https:\/\/api.w.org\/{rel}","templated":true}]}}