{"id":6247,"date":"2021-11-18T15:19:50","date_gmt":"2021-11-18T14:19:50","guid":{"rendered":"https:\/\/www.landofmemory.eu\/temoignages\/der-korken-von-luettich\/"},"modified":"2021-11-18T15:19:51","modified_gmt":"2021-11-18T14:19:51","slug":"der-korken-von-luettich","status":"publish","type":"temoignages","link":"https:\/\/www.landofmemory.eu\/de\/temoignages\/der-korken-von-luettich\/","title":{"rendered":"Der Korken von L\u00fcttich"},"content":{"rendered":"\n<p>Der Widerstand der belgischen Armee gegen die deutsche Invasion im Jahr 1914 wird manchmal auch als &#8222;Korken von L\u00fcttich&#8220; bezeichnet. Zur allgemeinen \u00dcberraschung gelang es der kleinen belgischen Armee, den Strom der deutschen Invasion in der befestigten Region um L\u00fcttich zehn Tage lang zu stoppen. Damit verursachte sie eine erste ernsthafte Beeintr\u00e4chtigung des reibungslosen Ablaufs des Schlieffen-Plans.&#13;\n<\/p>\n\n<p>Nach der Einnahme von L\u00fcttich zog sich die belgische Armee unter der F\u00fchrung von K\u00f6nig Albert I. geordnet in Richtung des verschanzten Lagers von Antwerpen zur\u00fcck. Dieses Lager galt als uneinnehmbar. Die Belagerung von Antwerpen dauerte bis Oktober 1914 an, bis die Stadt aufgegeben werden musste. Die \u00dcberlebenden der belgischen Armee, etwas weniger als 60.000 Mann, schlugen den R\u00fcckzug bis zur Yser-Linie. Dort wurden sie von franz\u00f6sischen und englischen Truppen unterst\u00fctzt. Gemeinsam gelingt es ihnen, die Front zu stabilisieren.<\/p>\n\n<h2 class=\"wp-block-heading\"> Die Karikaturen des L\u00fctticher Korkens<\/h2>\n\n<p>Mehrere satirische franz\u00f6sische Postkarten aus der Zeit des Ersten Weltkriegs erinnern an den Widerstand in L\u00fcttich und verwenden das Bild des Korkens, um diesen zu illustrieren. Eine davon ist schwarz-wei\u00df und in zwei Teile gegliedert. Links sind auf einer Karte von Belgien eine Flasche und ein Glas Champagner aus L\u00fcttich zu sehen.<\/p>\n\n<p>Ein Korken befindet sich auch links neben einem Grenzpfosten, der die Postkarte von oben nach unten durchquert. An diesem Pfosten sind zwei Schilder befestigt, auf denen jeweils zu lesen ist: &#8222;L&#8217;Union fait la Force&#8220; und &#8222;Libert\u00e9, Egalit\u00e9, Fraternit\u00e9&#8220; (Freiheit, Gleichheit, Br\u00fcderlichkeit). Auf der rechten Seite des Schildes steht &#8222;Deutschland Nieder Alles&#8220; im Gegensatz zu dem Spruch &#8222;Deutschland \u00dcber Alles&#8220;. Auf der rechten Seite befindet sich eine Karikatur von Kaiser Wilhelm II. Man sieht ihn mit Spitzhelm und offenem Mund. In diesem rechten Teil erscheint der Text &#8222;Comment le Bouchon de Li\u00e8ge a emp\u00eacher Guillaume de prendre le et la Champagne&#8220; (Wie der Korken von L\u00fcttich (Kaiser) Wilhelm daran hinderte, die und den Champagne(r) einzunehmen). Der Witz besteht darin, seine Nase n\u00e4her an das markierte Kreuz auf der Unterseite des Pfostens zu halten, um durch einen optischen Effekt zu sehen, wie der Korken aus dem linken Teil der Karte in die Kehle von Wilhelm II. wandert.<\/p>\n\n<p>Auf einer anderen Postkarte ist Wilhelm II. in Uniform zu sehen, immer noch mit Helm und in hohen, gespornten Stiefeln. Dann fl\u00fcchtet er vor einem Gesch\u00fctz, dessen Kanone durch eine Champagnerflasche ersetzt wurde, die einen Korken in Richtung seiner nat\u00fcrlichen Ges\u00e4\u00df\u00f6ffnung zieht. Ein kleiner belgischer Infanterist sitzt auf dem Flaschenhals. Der Text lautet: &#8222;Das Schicksal &#8211; Wenn du nicht die Champagne hast! Dann nimm diesen Korken&#8220;.<\/p>\n\n<div class=\"wp-block-image wp-image-5059 size-full\"><figure class=\"aligncenter\"><img loading=\"lazy\" decoding=\"async\" width=\"800\" height=\"515\" src=\"https:\/\/www.landofmemory.eu\/wp-content\/uploads\/2021\/10\/11728.jpg\" alt=\"Der Korken von L&#xFC;ttich,  Archives MVW\" class=\"wp-image-5059\" srcset=\"https:\/\/www.landofmemory.eu\/wp-content\/uploads\/2021\/10\/11728.jpg 800w, https:\/\/www.landofmemory.eu\/wp-content\/uploads\/2021\/10\/11728-300x193.jpg 300w, https:\/\/www.landofmemory.eu\/wp-content\/uploads\/2021\/10\/11728-768x494.jpg 768w, https:\/\/www.landofmemory.eu\/wp-content\/uploads\/2021\/10\/11728-600x386.jpg 600w\" sizes=\"auto, (max-width: 800px) 100vw, 800px\" \/><figcaption>\u00a9 Archives MVW<\/figcaption><\/figure><\/div>\n\n<div class=\"wp-block-image wp-image-5063\"><figure class=\"aligncenter\"><img loading=\"lazy\" decoding=\"async\" width=\"1024\" height=\"698\" src=\"https:\/\/www.landofmemory.eu\/wp-content\/uploads\/2021\/10\/s-l1600-1024x698.jpg\" alt=\"Karikatur, Der Korken von L&#xFC;ttich, Archives MVW\" class=\"wp-image-5063\" srcset=\"https:\/\/www.landofmemory.eu\/wp-content\/uploads\/2021\/10\/s-l1600-1024x698.jpg 1024w, https:\/\/www.landofmemory.eu\/wp-content\/uploads\/2021\/10\/s-l1600-300x205.jpg 300w, https:\/\/www.landofmemory.eu\/wp-content\/uploads\/2021\/10\/s-l1600-768x524.jpg 768w, https:\/\/www.landofmemory.eu\/wp-content\/uploads\/2021\/10\/s-l1600-1536x1047.jpg 1536w, https:\/\/www.landofmemory.eu\/wp-content\/uploads\/2021\/10\/s-l1600-600x409.jpg 600w, https:\/\/www.landofmemory.eu\/wp-content\/uploads\/2021\/10\/s-l1600.jpg 1600w\" sizes=\"auto, (max-width: 1024px) 100vw, 1024px\" \/><figcaption>\u00a9 Archives MVW<\/figcaption><\/figure><\/div>\n","protected":false},"template":"","class_list":["post-6247","temoignages","type-temoignages","status-publish","hentry"],"acf":[],"yoast_head":"<!-- This site is optimized with the Yoast SEO plugin v26.0 - https:\/\/yoast.com\/wordpress\/plugins\/seo\/ -->\n<title>Satirische Karten Gro\u00dfer Krieg: Der Korken von L\u00fcttich<\/title>\n<meta name=\"description\" content=\"Mehrere satirische Postkarten des Ersten Weltkriegs erinnern an den Widerstand von L\u00fcttich, indem sie das Bild des Korkens verwenden, um ihn zu illustrieren.\" \/>\n<meta name=\"robots\" content=\"index, follow, max-snippet:-1, max-image-preview:large, max-video-preview:-1\" \/>\n<link rel=\"canonical\" href=\"https:\/\/www.landofmemory.eu\/de\/temoignages\/der-korken-von-luettich\/\" \/>\n<meta property=\"og:locale\" content=\"de_DE\" \/>\n<meta property=\"og:type\" content=\"article\" \/>\n<meta property=\"og:title\" content=\"Satirische Karten Gro\u00dfer Krieg: Der Korken von L\u00fcttich\" \/>\n<meta property=\"og:description\" content=\"Mehrere satirische Postkarten des Ersten Weltkriegs erinnern an den Widerstand von L\u00fcttich, indem sie das Bild des Korkens verwenden, um ihn zu illustrieren.\" \/>\n<meta property=\"og:url\" content=\"https:\/\/www.landofmemory.eu\/de\/temoignages\/der-korken-von-luettich\/\" \/>\n<meta property=\"og:site_name\" content=\"Land Of Memory\" \/>\n<meta property=\"article:publisher\" content=\"https:\/\/www.facebook.com\/landofmemory.eu\" \/>\n<meta property=\"article:modified_time\" content=\"2021-11-18T14:19:51+00:00\" \/>\n<meta property=\"og:image\" content=\"https:\/\/www.landofmemory.eu\/wp-content\/uploads\/2021\/10\/11728.jpg\" \/>\n<meta name=\"twitter:card\" content=\"summary_large_image\" \/>\n<meta name=\"twitter:label1\" content=\"Gesch\u00e4tzte Lesezeit\" \/>\n\t<meta name=\"twitter:data1\" content=\"2\u00a0Minuten\" \/>\n<script type=\"application\/ld+json\" class=\"yoast-schema-graph\">{\"@context\":\"https:\/\/schema.org\",\"@graph\":[{\"@type\":\"WebPage\",\"@id\":\"https:\/\/www.landofmemory.eu\/de\/temoignages\/der-korken-von-luettich\/\",\"url\":\"https:\/\/www.landofmemory.eu\/de\/temoignages\/der-korken-von-luettich\/\",\"name\":\"Satirische Karten Gro\u00dfer Krieg: Der Korken von L\u00fcttich\",\"isPartOf\":{\"@id\":\"https:\/\/www.landofmemory.eu\/#website\"},\"primaryImageOfPage\":{\"@id\":\"https:\/\/www.landofmemory.eu\/de\/temoignages\/der-korken-von-luettich\/#primaryimage\"},\"image\":{\"@id\":\"https:\/\/www.landofmemory.eu\/de\/temoignages\/der-korken-von-luettich\/#primaryimage\"},\"thumbnailUrl\":\"https:\/\/www.landofmemory.eu\/wp-content\/uploads\/2021\/10\/11728.jpg\",\"datePublished\":\"2021-11-18T14:19:50+00:00\",\"dateModified\":\"2021-11-18T14:19:51+00:00\",\"description\":\"Mehrere satirische Postkarten des Ersten Weltkriegs erinnern an den Widerstand von L\u00fcttich, indem sie das Bild des Korkens verwenden, um ihn zu illustrieren.\",\"breadcrumb\":{\"@id\":\"https:\/\/www.landofmemory.eu\/de\/temoignages\/der-korken-von-luettich\/#breadcrumb\"},\"inLanguage\":\"de\",\"potentialAction\":[{\"@type\":\"ReadAction\",\"target\":[\"https:\/\/www.landofmemory.eu\/de\/temoignages\/der-korken-von-luettich\/\"]}]},{\"@type\":\"ImageObject\",\"inLanguage\":\"de\",\"@id\":\"https:\/\/www.landofmemory.eu\/de\/temoignages\/der-korken-von-luettich\/#primaryimage\",\"url\":\"https:\/\/www.landofmemory.eu\/wp-content\/uploads\/2021\/10\/11728.jpg\",\"contentUrl\":\"https:\/\/www.landofmemory.eu\/wp-content\/uploads\/2021\/10\/11728.jpg\"},{\"@type\":\"BreadcrumbList\",\"@id\":\"https:\/\/www.landofmemory.eu\/de\/temoignages\/der-korken-von-luettich\/#breadcrumb\",\"itemListElement\":[{\"@type\":\"ListItem\",\"position\":1,\"name\":\"Accueil\",\"item\":\"https:\/\/www.landofmemory.eu\/\"},{\"@type\":\"ListItem\",\"position\":2,\"name\":\"Der Korken von L\u00fcttich\"}]},{\"@type\":\"WebSite\",\"@id\":\"https:\/\/www.landofmemory.eu\/#website\",\"url\":\"https:\/\/www.landofmemory.eu\/\",\"name\":\"Land Of Memory\",\"description\":\"L&#039;histoire commence ici\",\"publisher\":{\"@id\":\"https:\/\/www.landofmemory.eu\/#organization\"},\"potentialAction\":[{\"@type\":\"SearchAction\",\"target\":{\"@type\":\"EntryPoint\",\"urlTemplate\":\"https:\/\/www.landofmemory.eu\/?s={search_term_string}\"},\"query-input\":{\"@type\":\"PropertyValueSpecification\",\"valueRequired\":true,\"valueName\":\"search_term_string\"}}],\"inLanguage\":\"de\"},{\"@type\":\"Organization\",\"@id\":\"https:\/\/www.landofmemory.eu\/#organization\",\"name\":\"Land Of Memory\",\"url\":\"https:\/\/www.landofmemory.eu\/\",\"logo\":{\"@type\":\"ImageObject\",\"inLanguage\":\"de\",\"@id\":\"https:\/\/www.landofmemory.eu\/#\/schema\/logo\/image\/\",\"url\":\"https:\/\/www.landofmemory.eu\/wp-content\/uploads\/2022\/10\/logo-land-of-memory.jpg\",\"contentUrl\":\"https:\/\/www.landofmemory.eu\/wp-content\/uploads\/2022\/10\/logo-land-of-memory.jpg\",\"width\":1000,\"height\":500,\"caption\":\"Land Of Memory\"},\"image\":{\"@id\":\"https:\/\/www.landofmemory.eu\/#\/schema\/logo\/image\/\"},\"sameAs\":[\"https:\/\/www.facebook.com\/landofmemory.eu\",\"https:\/\/www.instagram.com\/landofmemory_eu\/\"]}]}<\/script>\n<!-- \/ Yoast SEO plugin. -->","yoast_head_json":{"title":"Satirische Karten Gro\u00dfer Krieg: Der Korken von L\u00fcttich","description":"Mehrere satirische Postkarten des Ersten Weltkriegs erinnern an den Widerstand von L\u00fcttich, indem sie das Bild des Korkens verwenden, um ihn zu illustrieren.","robots":{"index":"index","follow":"follow","max-snippet":"max-snippet:-1","max-image-preview":"max-image-preview:large","max-video-preview":"max-video-preview:-1"},"canonical":"https:\/\/www.landofmemory.eu\/de\/temoignages\/der-korken-von-luettich\/","og_locale":"de_DE","og_type":"article","og_title":"Satirische Karten Gro\u00dfer Krieg: Der Korken von L\u00fcttich","og_description":"Mehrere satirische Postkarten des Ersten Weltkriegs erinnern an den Widerstand von L\u00fcttich, indem sie das Bild des Korkens verwenden, um ihn zu illustrieren.","og_url":"https:\/\/www.landofmemory.eu\/de\/temoignages\/der-korken-von-luettich\/","og_site_name":"Land Of Memory","article_publisher":"https:\/\/www.facebook.com\/landofmemory.eu","article_modified_time":"2021-11-18T14:19:51+00:00","og_image":[{"url":"https:\/\/www.landofmemory.eu\/wp-content\/uploads\/2021\/10\/11728.jpg","type":"","width":"","height":""}],"twitter_card":"summary_large_image","twitter_misc":{"Gesch\u00e4tzte Lesezeit":"2\u00a0Minuten"},"schema":{"@context":"https:\/\/schema.org","@graph":[{"@type":"WebPage","@id":"https:\/\/www.landofmemory.eu\/de\/temoignages\/der-korken-von-luettich\/","url":"https:\/\/www.landofmemory.eu\/de\/temoignages\/der-korken-von-luettich\/","name":"Satirische Karten Gro\u00dfer Krieg: Der Korken von L\u00fcttich","isPartOf":{"@id":"https:\/\/www.landofmemory.eu\/#website"},"primaryImageOfPage":{"@id":"https:\/\/www.landofmemory.eu\/de\/temoignages\/der-korken-von-luettich\/#primaryimage"},"image":{"@id":"https:\/\/www.landofmemory.eu\/de\/temoignages\/der-korken-von-luettich\/#primaryimage"},"thumbnailUrl":"https:\/\/www.landofmemory.eu\/wp-content\/uploads\/2021\/10\/11728.jpg","datePublished":"2021-11-18T14:19:50+00:00","dateModified":"2021-11-18T14:19:51+00:00","description":"Mehrere satirische Postkarten des Ersten Weltkriegs erinnern an den Widerstand von L\u00fcttich, indem sie das Bild des Korkens verwenden, um ihn zu illustrieren.","breadcrumb":{"@id":"https:\/\/www.landofmemory.eu\/de\/temoignages\/der-korken-von-luettich\/#breadcrumb"},"inLanguage":"de","potentialAction":[{"@type":"ReadAction","target":["https:\/\/www.landofmemory.eu\/de\/temoignages\/der-korken-von-luettich\/"]}]},{"@type":"ImageObject","inLanguage":"de","@id":"https:\/\/www.landofmemory.eu\/de\/temoignages\/der-korken-von-luettich\/#primaryimage","url":"https:\/\/www.landofmemory.eu\/wp-content\/uploads\/2021\/10\/11728.jpg","contentUrl":"https:\/\/www.landofmemory.eu\/wp-content\/uploads\/2021\/10\/11728.jpg"},{"@type":"BreadcrumbList","@id":"https:\/\/www.landofmemory.eu\/de\/temoignages\/der-korken-von-luettich\/#breadcrumb","itemListElement":[{"@type":"ListItem","position":1,"name":"Accueil","item":"https:\/\/www.landofmemory.eu\/"},{"@type":"ListItem","position":2,"name":"Der Korken von L\u00fcttich"}]},{"@type":"WebSite","@id":"https:\/\/www.landofmemory.eu\/#website","url":"https:\/\/www.landofmemory.eu\/","name":"Land Of Memory","description":"L&#039;histoire commence ici","publisher":{"@id":"https:\/\/www.landofmemory.eu\/#organization"},"potentialAction":[{"@type":"SearchAction","target":{"@type":"EntryPoint","urlTemplate":"https:\/\/www.landofmemory.eu\/?s={search_term_string}"},"query-input":{"@type":"PropertyValueSpecification","valueRequired":true,"valueName":"search_term_string"}}],"inLanguage":"de"},{"@type":"Organization","@id":"https:\/\/www.landofmemory.eu\/#organization","name":"Land Of Memory","url":"https:\/\/www.landofmemory.eu\/","logo":{"@type":"ImageObject","inLanguage":"de","@id":"https:\/\/www.landofmemory.eu\/#\/schema\/logo\/image\/","url":"https:\/\/www.landofmemory.eu\/wp-content\/uploads\/2022\/10\/logo-land-of-memory.jpg","contentUrl":"https:\/\/www.landofmemory.eu\/wp-content\/uploads\/2022\/10\/logo-land-of-memory.jpg","width":1000,"height":500,"caption":"Land Of Memory"},"image":{"@id":"https:\/\/www.landofmemory.eu\/#\/schema\/logo\/image\/"},"sameAs":["https:\/\/www.facebook.com\/landofmemory.eu","https:\/\/www.instagram.com\/landofmemory_eu\/"]}]}},"_links":{"self":[{"href":"https:\/\/www.landofmemory.eu\/de\/wp-json\/wp\/v2\/temoignages\/6247","targetHints":{"allow":["GET"]}}],"collection":[{"href":"https:\/\/www.landofmemory.eu\/de\/wp-json\/wp\/v2\/temoignages"}],"about":[{"href":"https:\/\/www.landofmemory.eu\/de\/wp-json\/wp\/v2\/types\/temoignages"}],"wp:attachment":[{"href":"https:\/\/www.landofmemory.eu\/de\/wp-json\/wp\/v2\/media?parent=6247"}],"curies":[{"name":"wp","href":"https:\/\/api.w.org\/{rel}","templated":true}]}}