{"id":6258,"date":"2021-11-18T16:06:35","date_gmt":"2021-11-18T15:06:35","guid":{"rendered":"https:\/\/www.landofmemory.eu\/temoignages\/fernand-leger-kubismus-und-der-erste-weltkrieg\/"},"modified":"2022-08-03T12:07:16","modified_gmt":"2022-08-03T10:07:16","slug":"fernand-leger-kubismus-und-der-erste-weltkrieg","status":"publish","type":"temoignages","link":"https:\/\/www.landofmemory.eu\/de\/temoignages\/fernand-leger-kubismus-und-der-erste-weltkrieg\/","title":{"rendered":"Fernand L\u00e9ger: Kubismus und der Erste Weltkrieg"},"content":{"rendered":"\n<p>Der kubistische Maler Fernand L\u00e9ger, der w\u00e4hrend des Ersten Weltkriegs als Krankentr\u00e4ger an der Front eingesetzt war, \u00fcberbr\u00fcckte die Unm\u00f6glichkeit zu malen mit Zeichnungen, die er den Briefen an seine Frau beif\u00fcgte. Ausgemergelte Soldaten, zerst\u00fcckelte K\u00f6rper und zerst\u00f6rte St\u00e4dte pr\u00e4gen seine Zeichnungen mit ihren zerst\u00fcckelten Formen. L\u00e9ger stellt \u00fcbrigens in einem Brief an seine Frau Jeanne vom 28. M\u00e4rz 1915 eine Verbindung zum Kubismus her: &#8222;Es gibt nichts Kubistischeres als einen Krieg wie diesen, der dir mehr oder weniger sauber einen guten Mann in mehrere St\u00fccke teilt und ihn in die vier Himmelsrichtungen schickt&#8230;&#8220;.<\/p>\n\n<p>Aus einer Auswahl seiner Frontzeichnungen malt er &#8222;La Partie de cartes&#8220; (Kartenspiel), in dem die roboter\u00e4hnlichen Soldaten mit Orden das Chaos des Krieges wiedergeben. In Paris illustrierte er f\u00fcr Blaise Cendrars, der an der Front seinen Arm verloren hatte, &#8222;J&#8217;ai Tu\u00e9&#8220;, das 1918 in der Belle Edition ver\u00f6ffentlicht wurde.<\/p>\n","protected":false},"template":"","class_list":["post-6258","temoignages","type-temoignages","status-publish","hentry"],"acf":[],"yoast_head":"<!-- This site is optimized with the Yoast SEO plugin v26.0 - https:\/\/yoast.com\/wordpress\/plugins\/seo\/ -->\n<title>Fernand L\u00e9ger: Kubismus und der Erste Weltkrieg - Land Of Memory<\/title>\n<meta name=\"description\" content=\"Fernand L\u00e9ger ist ein kubistischer Maler des 20. Jahrhunderts. An der Front schickt er seiner Frau seine kubistischen Zeichnungen aus dem Ersten Weltkrieg.\" \/>\n<meta name=\"robots\" content=\"index, follow, max-snippet:-1, max-image-preview:large, max-video-preview:-1\" \/>\n<link rel=\"canonical\" href=\"https:\/\/www.landofmemory.eu\/de\/temoignages\/fernand-leger-kubismus-und-der-erste-weltkrieg\/\" \/>\n<meta property=\"og:locale\" content=\"de_DE\" \/>\n<meta property=\"og:type\" content=\"article\" \/>\n<meta property=\"og:title\" content=\"Fernand L\u00e9ger: Kubismus und der Erste Weltkrieg - Land Of Memory\" \/>\n<meta property=\"og:description\" content=\"Fernand L\u00e9ger ist ein kubistischer Maler des 20. Jahrhunderts. An der Front schickt er seiner Frau seine kubistischen Zeichnungen aus dem Ersten Weltkrieg.\" \/>\n<meta property=\"og:url\" content=\"https:\/\/www.landofmemory.eu\/de\/temoignages\/fernand-leger-kubismus-und-der-erste-weltkrieg\/\" \/>\n<meta property=\"og:site_name\" content=\"Land Of Memory\" \/>\n<meta property=\"article:publisher\" content=\"https:\/\/www.facebook.com\/landofmemory.eu\" \/>\n<meta property=\"article:modified_time\" content=\"2022-08-03T10:07:16+00:00\" \/>\n<meta name=\"twitter:card\" content=\"summary_large_image\" \/>\n<meta name=\"twitter:label1\" content=\"Gesch\u00e4tzte Lesezeit\" \/>\n\t<meta name=\"twitter:data1\" content=\"1\u00a0Minute\" \/>\n<script type=\"application\/ld+json\" class=\"yoast-schema-graph\">{\"@context\":\"https:\/\/schema.org\",\"@graph\":[{\"@type\":\"WebPage\",\"@id\":\"https:\/\/www.landofmemory.eu\/de\/temoignages\/fernand-leger-kubismus-und-der-erste-weltkrieg\/\",\"url\":\"https:\/\/www.landofmemory.eu\/de\/temoignages\/fernand-leger-kubismus-und-der-erste-weltkrieg\/\",\"name\":\"Fernand L\u00e9ger: Kubismus und der Erste Weltkrieg - Land Of Memory\",\"isPartOf\":{\"@id\":\"https:\/\/www.landofmemory.eu\/#website\"},\"datePublished\":\"2021-11-18T15:06:35+00:00\",\"dateModified\":\"2022-08-03T10:07:16+00:00\",\"description\":\"Fernand L\u00e9ger ist ein kubistischer Maler des 20. Jahrhunderts. An der Front schickt er seiner Frau seine kubistischen Zeichnungen aus dem Ersten Weltkrieg.\",\"breadcrumb\":{\"@id\":\"https:\/\/www.landofmemory.eu\/de\/temoignages\/fernand-leger-kubismus-und-der-erste-weltkrieg\/#breadcrumb\"},\"inLanguage\":\"de\",\"potentialAction\":[{\"@type\":\"ReadAction\",\"target\":[\"https:\/\/www.landofmemory.eu\/de\/temoignages\/fernand-leger-kubismus-und-der-erste-weltkrieg\/\"]}]},{\"@type\":\"BreadcrumbList\",\"@id\":\"https:\/\/www.landofmemory.eu\/de\/temoignages\/fernand-leger-kubismus-und-der-erste-weltkrieg\/#breadcrumb\",\"itemListElement\":[{\"@type\":\"ListItem\",\"position\":1,\"name\":\"Accueil\",\"item\":\"https:\/\/www.landofmemory.eu\/\"},{\"@type\":\"ListItem\",\"position\":2,\"name\":\"Fernand L\u00e9ger: Kubismus und der Erste Weltkrieg\"}]},{\"@type\":\"WebSite\",\"@id\":\"https:\/\/www.landofmemory.eu\/#website\",\"url\":\"https:\/\/www.landofmemory.eu\/\",\"name\":\"Land Of Memory\",\"description\":\"L&#039;histoire commence ici\",\"publisher\":{\"@id\":\"https:\/\/www.landofmemory.eu\/#organization\"},\"potentialAction\":[{\"@type\":\"SearchAction\",\"target\":{\"@type\":\"EntryPoint\",\"urlTemplate\":\"https:\/\/www.landofmemory.eu\/?s={search_term_string}\"},\"query-input\":{\"@type\":\"PropertyValueSpecification\",\"valueRequired\":true,\"valueName\":\"search_term_string\"}}],\"inLanguage\":\"de\"},{\"@type\":\"Organization\",\"@id\":\"https:\/\/www.landofmemory.eu\/#organization\",\"name\":\"Land Of Memory\",\"url\":\"https:\/\/www.landofmemory.eu\/\",\"logo\":{\"@type\":\"ImageObject\",\"inLanguage\":\"de\",\"@id\":\"https:\/\/www.landofmemory.eu\/#\/schema\/logo\/image\/\",\"url\":\"https:\/\/www.landofmemory.eu\/wp-content\/uploads\/2022\/10\/logo-land-of-memory.jpg\",\"contentUrl\":\"https:\/\/www.landofmemory.eu\/wp-content\/uploads\/2022\/10\/logo-land-of-memory.jpg\",\"width\":1000,\"height\":500,\"caption\":\"Land Of Memory\"},\"image\":{\"@id\":\"https:\/\/www.landofmemory.eu\/#\/schema\/logo\/image\/\"},\"sameAs\":[\"https:\/\/www.facebook.com\/landofmemory.eu\",\"https:\/\/www.instagram.com\/landofmemory_eu\/\"]}]}<\/script>\n<!-- \/ Yoast SEO plugin. -->","yoast_head_json":{"title":"Fernand L\u00e9ger: Kubismus und der Erste Weltkrieg - Land Of Memory","description":"Fernand L\u00e9ger ist ein kubistischer Maler des 20. Jahrhunderts. An der Front schickt er seiner Frau seine kubistischen Zeichnungen aus dem Ersten Weltkrieg.","robots":{"index":"index","follow":"follow","max-snippet":"max-snippet:-1","max-image-preview":"max-image-preview:large","max-video-preview":"max-video-preview:-1"},"canonical":"https:\/\/www.landofmemory.eu\/de\/temoignages\/fernand-leger-kubismus-und-der-erste-weltkrieg\/","og_locale":"de_DE","og_type":"article","og_title":"Fernand L\u00e9ger: Kubismus und der Erste Weltkrieg - Land Of Memory","og_description":"Fernand L\u00e9ger ist ein kubistischer Maler des 20. Jahrhunderts. An der Front schickt er seiner Frau seine kubistischen Zeichnungen aus dem Ersten Weltkrieg.","og_url":"https:\/\/www.landofmemory.eu\/de\/temoignages\/fernand-leger-kubismus-und-der-erste-weltkrieg\/","og_site_name":"Land Of Memory","article_publisher":"https:\/\/www.facebook.com\/landofmemory.eu","article_modified_time":"2022-08-03T10:07:16+00:00","twitter_card":"summary_large_image","twitter_misc":{"Gesch\u00e4tzte Lesezeit":"1\u00a0Minute"},"schema":{"@context":"https:\/\/schema.org","@graph":[{"@type":"WebPage","@id":"https:\/\/www.landofmemory.eu\/de\/temoignages\/fernand-leger-kubismus-und-der-erste-weltkrieg\/","url":"https:\/\/www.landofmemory.eu\/de\/temoignages\/fernand-leger-kubismus-und-der-erste-weltkrieg\/","name":"Fernand L\u00e9ger: Kubismus und der Erste Weltkrieg - Land Of Memory","isPartOf":{"@id":"https:\/\/www.landofmemory.eu\/#website"},"datePublished":"2021-11-18T15:06:35+00:00","dateModified":"2022-08-03T10:07:16+00:00","description":"Fernand L\u00e9ger ist ein kubistischer Maler des 20. Jahrhunderts. An der Front schickt er seiner Frau seine kubistischen Zeichnungen aus dem Ersten Weltkrieg.","breadcrumb":{"@id":"https:\/\/www.landofmemory.eu\/de\/temoignages\/fernand-leger-kubismus-und-der-erste-weltkrieg\/#breadcrumb"},"inLanguage":"de","potentialAction":[{"@type":"ReadAction","target":["https:\/\/www.landofmemory.eu\/de\/temoignages\/fernand-leger-kubismus-und-der-erste-weltkrieg\/"]}]},{"@type":"BreadcrumbList","@id":"https:\/\/www.landofmemory.eu\/de\/temoignages\/fernand-leger-kubismus-und-der-erste-weltkrieg\/#breadcrumb","itemListElement":[{"@type":"ListItem","position":1,"name":"Accueil","item":"https:\/\/www.landofmemory.eu\/"},{"@type":"ListItem","position":2,"name":"Fernand L\u00e9ger: Kubismus und der Erste Weltkrieg"}]},{"@type":"WebSite","@id":"https:\/\/www.landofmemory.eu\/#website","url":"https:\/\/www.landofmemory.eu\/","name":"Land Of Memory","description":"L&#039;histoire commence ici","publisher":{"@id":"https:\/\/www.landofmemory.eu\/#organization"},"potentialAction":[{"@type":"SearchAction","target":{"@type":"EntryPoint","urlTemplate":"https:\/\/www.landofmemory.eu\/?s={search_term_string}"},"query-input":{"@type":"PropertyValueSpecification","valueRequired":true,"valueName":"search_term_string"}}],"inLanguage":"de"},{"@type":"Organization","@id":"https:\/\/www.landofmemory.eu\/#organization","name":"Land Of Memory","url":"https:\/\/www.landofmemory.eu\/","logo":{"@type":"ImageObject","inLanguage":"de","@id":"https:\/\/www.landofmemory.eu\/#\/schema\/logo\/image\/","url":"https:\/\/www.landofmemory.eu\/wp-content\/uploads\/2022\/10\/logo-land-of-memory.jpg","contentUrl":"https:\/\/www.landofmemory.eu\/wp-content\/uploads\/2022\/10\/logo-land-of-memory.jpg","width":1000,"height":500,"caption":"Land Of Memory"},"image":{"@id":"https:\/\/www.landofmemory.eu\/#\/schema\/logo\/image\/"},"sameAs":["https:\/\/www.facebook.com\/landofmemory.eu","https:\/\/www.instagram.com\/landofmemory_eu\/"]}]}},"_links":{"self":[{"href":"https:\/\/www.landofmemory.eu\/de\/wp-json\/wp\/v2\/temoignages\/6258","targetHints":{"allow":["GET"]}}],"collection":[{"href":"https:\/\/www.landofmemory.eu\/de\/wp-json\/wp\/v2\/temoignages"}],"about":[{"href":"https:\/\/www.landofmemory.eu\/de\/wp-json\/wp\/v2\/types\/temoignages"}],"wp:attachment":[{"href":"https:\/\/www.landofmemory.eu\/de\/wp-json\/wp\/v2\/media?parent=6258"}],"curies":[{"name":"wp","href":"https:\/\/api.w.org\/{rel}","templated":true}]}}