{"id":6260,"date":"2021-11-18T16:15:46","date_gmt":"2021-11-18T15:15:46","guid":{"rendered":"https:\/\/www.landofmemory.eu\/temoignages\/mehr-als-ein-museum-ein-echter-historischer-ort\/"},"modified":"2022-01-04T10:10:29","modified_gmt":"2022-01-04T09:10:29","slug":"mehr-als-ein-museum-ein-echter-historischer-ort","status":"publish","type":"temoignages","link":"https:\/\/www.landofmemory.eu\/de\/temoignages\/mehr-als-ein-museum-ein-echter-historischer-ort\/","title":{"rendered":"Mehr als ein Museum, ein echter historischer Ort"},"content":{"rendered":"\n<p>Das Museum der 101. Airborne ist nach einer der amerikanischen Divisionen benannt, die w\u00e4hrend des Zweiten Weltkriegs in Bastogne zum Einsatz kamen. &#13;\nNicht nur, das es ein Museum beherbergt, hat auch das Geb\u00e4ude selbst den Wert eines historischen Erbes. Tats\u00e4chlich diente das Geb\u00e4ude 1938 als Kantine f\u00fcr die Offiziere des 2. Regiments der Ardennenj\u00e4ger. W\u00e4hrend der Besatzungszeit wurde es zum Club der deutschen Unteroffiziere und zu einer Zweigstelle des Roten Kreuzes. <\/p>\n\n<p>Auch die Rue du Mus\u00e9e ist ein echter historischer Ort, denn es gibt Aufnahmen von Hitler vor einem der H\u00e4user in der Stra\u00dfe. \u00dcbrigens existierten alle H\u00e4user, die dort noch stehen, bereits vor dem Zweiten Weltkrieg. Es war 1940 und Hitler besuchte General von Rundstedt, der sein Hauptquartier in der Allee eingerichtet hatte. Er kam, um den General zu bitten, seine Truppen zu verlangsamen, da die eingeleitete Taktik des Blitzkriegs zu schnell war.<\/p>\n\n<div class=\"mceTemp\">\u00a0<\/div>\r\n\n<div class=\"wp-block-columns is-layout-flex wp-container-core-columns-is-layout-9d6595d7 wp-block-columns-is-layout-flex\">\n<div class=\"wp-block-column is-layout-flow wp-block-column-is-layout-flow\" style=\"flex-basis:100%\">\n<div class=\"wp-block-columns is-layout-flex wp-container-core-columns-is-layout-9d6595d7 wp-block-columns-is-layout-flex\">\n<div class=\"wp-block-column is-layout-flow wp-block-column-is-layout-flow\">\n<div class=\"wp-block-image\"><figure class=\"aligncenter size-medium is-resized\"><img loading=\"lazy\" decoding=\"async\" src=\"https:\/\/www.landofmemory.eu\/wp-content\/uploads\/2021\/10\/DSC_6447-1-200x300.jpg\" alt=\"Haus in der Stra&#xDF;e des 101st Airborne Museum in Bastogne.\" class=\"wp-image-5103\" width=\"320\" height=\"480\" srcset=\"https:\/\/www.landofmemory.eu\/wp-content\/uploads\/2021\/10\/DSC_6447-1-200x300.jpg 200w, https:\/\/www.landofmemory.eu\/wp-content\/uploads\/2021\/10\/DSC_6447-1-684x1024.jpg 684w, https:\/\/www.landofmemory.eu\/wp-content\/uploads\/2021\/10\/DSC_6447-1-768x1151.jpg 768w, https:\/\/www.landofmemory.eu\/wp-content\/uploads\/2021\/10\/DSC_6447-1-1025x1536.jpg 1025w, https:\/\/www.landofmemory.eu\/wp-content\/uploads\/2021\/10\/DSC_6447-1-1367x2048.jpg 1367w, https:\/\/www.landofmemory.eu\/wp-content\/uploads\/2021\/10\/DSC_6447-1-600x900.jpg 600w, https:\/\/www.landofmemory.eu\/wp-content\/uploads\/2021\/10\/DSC_6447-1-scaled.jpg 1709w\" sizes=\"auto, (max-width: 320px) 100vw, 320px\" \/><figcaption>\u00a9 Land Of Memory<\/figcaption><\/figure><\/div>\n<\/div>\n\n\n\n<div class=\"wp-block-column is-layout-flow wp-block-column-is-layout-flow\">\n<figure class=\"wp-block-image size-medium is-resized\"><img loading=\"lazy\" decoding=\"async\" src=\"https:\/\/www.landofmemory.eu\/wp-content\/uploads\/2021\/12\/Hitler-a&#x300;-Bastogne-Coll.PiconrueB9715269597Z.1_20180403122235_000G7HB127F6.2-0-300x169.jpg\" alt=\"Hitler in Bastogne.\" class=\"wp-image-6759\" width=\"510\" height=\"287\"\/><figcaption>Hitler in Bastogne.&#13;\n@ Coll.Piconrue<\/figcaption><\/figure>\n<\/div>\n<\/div>\n<\/div>\n<\/div>\n","protected":false},"template":"","class_list":["post-6260","temoignages","type-temoignages","status-publish","hentry"],"acf":[],"yoast_head":"<!-- This site is optimized with the Yoast SEO plugin v26.0 - https:\/\/yoast.com\/wordpress\/plugins\/seo\/ -->\n<title>Mehr als ein Museum, ein echter historischer Ort - Land Of Memory<\/title>\n<meta name=\"description\" content=\"Das 101st Airborne Museum und die Stra\u00dfe, in der es sich befindet, sind ein echter Erinnerungsort, an dem Hitler w\u00e4hrend des Zweiten Weltkriegs war.\" \/>\n<meta name=\"robots\" content=\"index, follow, max-snippet:-1, max-image-preview:large, max-video-preview:-1\" \/>\n<link rel=\"canonical\" href=\"https:\/\/www.landofmemory.eu\/de\/temoignages\/mehr-als-ein-museum-ein-echter-historischer-ort\/\" \/>\n<meta property=\"og:locale\" content=\"de_DE\" \/>\n<meta property=\"og:type\" content=\"article\" \/>\n<meta property=\"og:title\" content=\"Mehr als ein Museum, ein echter historischer Ort - Land Of Memory\" \/>\n<meta property=\"og:description\" content=\"Das 101st Airborne Museum und die Stra\u00dfe, in der es sich befindet, sind ein echter Erinnerungsort, an dem Hitler w\u00e4hrend des Zweiten Weltkriegs war.\" \/>\n<meta property=\"og:url\" content=\"https:\/\/www.landofmemory.eu\/de\/temoignages\/mehr-als-ein-museum-ein-echter-historischer-ort\/\" \/>\n<meta property=\"og:site_name\" content=\"Land Of Memory\" \/>\n<meta property=\"article:publisher\" content=\"https:\/\/www.facebook.com\/landofmemory.eu\" \/>\n<meta property=\"article:modified_time\" content=\"2022-01-04T09:10:29+00:00\" \/>\n<meta property=\"og:image\" content=\"https:\/\/www.landofmemory.eu\/wp-content\/uploads\/2021\/10\/DSC_6447-1-200x300.jpg\" \/>\n<meta name=\"twitter:card\" content=\"summary_large_image\" \/>\n<meta name=\"twitter:label1\" content=\"Gesch\u00e4tzte Lesezeit\" \/>\n\t<meta name=\"twitter:data1\" content=\"1\u00a0Minute\" \/>\n<script type=\"application\/ld+json\" class=\"yoast-schema-graph\">{\"@context\":\"https:\/\/schema.org\",\"@graph\":[{\"@type\":\"WebPage\",\"@id\":\"https:\/\/www.landofmemory.eu\/de\/temoignages\/mehr-als-ein-museum-ein-echter-historischer-ort\/\",\"url\":\"https:\/\/www.landofmemory.eu\/de\/temoignages\/mehr-als-ein-museum-ein-echter-historischer-ort\/\",\"name\":\"Mehr als ein Museum, ein echter historischer Ort - Land Of Memory\",\"isPartOf\":{\"@id\":\"https:\/\/www.landofmemory.eu\/#website\"},\"primaryImageOfPage\":{\"@id\":\"https:\/\/www.landofmemory.eu\/de\/temoignages\/mehr-als-ein-museum-ein-echter-historischer-ort\/#primaryimage\"},\"image\":{\"@id\":\"https:\/\/www.landofmemory.eu\/de\/temoignages\/mehr-als-ein-museum-ein-echter-historischer-ort\/#primaryimage\"},\"thumbnailUrl\":\"https:\/\/www.landofmemory.eu\/wp-content\/uploads\/2021\/10\/DSC_6447-1-200x300.jpg\",\"datePublished\":\"2021-11-18T15:15:46+00:00\",\"dateModified\":\"2022-01-04T09:10:29+00:00\",\"description\":\"Das 101st Airborne Museum und die Stra\u00dfe, in der es sich befindet, sind ein echter Erinnerungsort, an dem Hitler w\u00e4hrend des Zweiten Weltkriegs war.\",\"breadcrumb\":{\"@id\":\"https:\/\/www.landofmemory.eu\/de\/temoignages\/mehr-als-ein-museum-ein-echter-historischer-ort\/#breadcrumb\"},\"inLanguage\":\"de\",\"potentialAction\":[{\"@type\":\"ReadAction\",\"target\":[\"https:\/\/www.landofmemory.eu\/de\/temoignages\/mehr-als-ein-museum-ein-echter-historischer-ort\/\"]}]},{\"@type\":\"ImageObject\",\"inLanguage\":\"de\",\"@id\":\"https:\/\/www.landofmemory.eu\/de\/temoignages\/mehr-als-ein-museum-ein-echter-historischer-ort\/#primaryimage\",\"url\":\"https:\/\/www.landofmemory.eu\/wp-content\/uploads\/2021\/10\/DSC_6447-1-200x300.jpg\",\"contentUrl\":\"https:\/\/www.landofmemory.eu\/wp-content\/uploads\/2021\/10\/DSC_6447-1-200x300.jpg\"},{\"@type\":\"BreadcrumbList\",\"@id\":\"https:\/\/www.landofmemory.eu\/de\/temoignages\/mehr-als-ein-museum-ein-echter-historischer-ort\/#breadcrumb\",\"itemListElement\":[{\"@type\":\"ListItem\",\"position\":1,\"name\":\"Accueil\",\"item\":\"https:\/\/www.landofmemory.eu\/\"},{\"@type\":\"ListItem\",\"position\":2,\"name\":\"Mehr als ein Museum, ein echter historischer Ort\"}]},{\"@type\":\"WebSite\",\"@id\":\"https:\/\/www.landofmemory.eu\/#website\",\"url\":\"https:\/\/www.landofmemory.eu\/\",\"name\":\"Land Of Memory\",\"description\":\"L&#039;histoire commence ici\",\"publisher\":{\"@id\":\"https:\/\/www.landofmemory.eu\/#organization\"},\"potentialAction\":[{\"@type\":\"SearchAction\",\"target\":{\"@type\":\"EntryPoint\",\"urlTemplate\":\"https:\/\/www.landofmemory.eu\/?s={search_term_string}\"},\"query-input\":{\"@type\":\"PropertyValueSpecification\",\"valueRequired\":true,\"valueName\":\"search_term_string\"}}],\"inLanguage\":\"de\"},{\"@type\":\"Organization\",\"@id\":\"https:\/\/www.landofmemory.eu\/#organization\",\"name\":\"Land Of Memory\",\"url\":\"https:\/\/www.landofmemory.eu\/\",\"logo\":{\"@type\":\"ImageObject\",\"inLanguage\":\"de\",\"@id\":\"https:\/\/www.landofmemory.eu\/#\/schema\/logo\/image\/\",\"url\":\"https:\/\/www.landofmemory.eu\/wp-content\/uploads\/2022\/10\/logo-land-of-memory.jpg\",\"contentUrl\":\"https:\/\/www.landofmemory.eu\/wp-content\/uploads\/2022\/10\/logo-land-of-memory.jpg\",\"width\":1000,\"height\":500,\"caption\":\"Land Of Memory\"},\"image\":{\"@id\":\"https:\/\/www.landofmemory.eu\/#\/schema\/logo\/image\/\"},\"sameAs\":[\"https:\/\/www.facebook.com\/landofmemory.eu\",\"https:\/\/www.instagram.com\/landofmemory_eu\/\"]}]}<\/script>\n<!-- \/ Yoast SEO plugin. -->","yoast_head_json":{"title":"Mehr als ein Museum, ein echter historischer Ort - Land Of Memory","description":"Das 101st Airborne Museum und die Stra\u00dfe, in der es sich befindet, sind ein echter Erinnerungsort, an dem Hitler w\u00e4hrend des Zweiten Weltkriegs war.","robots":{"index":"index","follow":"follow","max-snippet":"max-snippet:-1","max-image-preview":"max-image-preview:large","max-video-preview":"max-video-preview:-1"},"canonical":"https:\/\/www.landofmemory.eu\/de\/temoignages\/mehr-als-ein-museum-ein-echter-historischer-ort\/","og_locale":"de_DE","og_type":"article","og_title":"Mehr als ein Museum, ein echter historischer Ort - Land Of Memory","og_description":"Das 101st Airborne Museum und die Stra\u00dfe, in der es sich befindet, sind ein echter Erinnerungsort, an dem Hitler w\u00e4hrend des Zweiten Weltkriegs war.","og_url":"https:\/\/www.landofmemory.eu\/de\/temoignages\/mehr-als-ein-museum-ein-echter-historischer-ort\/","og_site_name":"Land Of Memory","article_publisher":"https:\/\/www.facebook.com\/landofmemory.eu","article_modified_time":"2022-01-04T09:10:29+00:00","og_image":[{"url":"https:\/\/www.landofmemory.eu\/wp-content\/uploads\/2021\/10\/DSC_6447-1-200x300.jpg","type":"","width":"","height":""}],"twitter_card":"summary_large_image","twitter_misc":{"Gesch\u00e4tzte Lesezeit":"1\u00a0Minute"},"schema":{"@context":"https:\/\/schema.org","@graph":[{"@type":"WebPage","@id":"https:\/\/www.landofmemory.eu\/de\/temoignages\/mehr-als-ein-museum-ein-echter-historischer-ort\/","url":"https:\/\/www.landofmemory.eu\/de\/temoignages\/mehr-als-ein-museum-ein-echter-historischer-ort\/","name":"Mehr als ein Museum, ein echter historischer Ort - Land Of Memory","isPartOf":{"@id":"https:\/\/www.landofmemory.eu\/#website"},"primaryImageOfPage":{"@id":"https:\/\/www.landofmemory.eu\/de\/temoignages\/mehr-als-ein-museum-ein-echter-historischer-ort\/#primaryimage"},"image":{"@id":"https:\/\/www.landofmemory.eu\/de\/temoignages\/mehr-als-ein-museum-ein-echter-historischer-ort\/#primaryimage"},"thumbnailUrl":"https:\/\/www.landofmemory.eu\/wp-content\/uploads\/2021\/10\/DSC_6447-1-200x300.jpg","datePublished":"2021-11-18T15:15:46+00:00","dateModified":"2022-01-04T09:10:29+00:00","description":"Das 101st Airborne Museum und die Stra\u00dfe, in der es sich befindet, sind ein echter Erinnerungsort, an dem Hitler w\u00e4hrend des Zweiten Weltkriegs war.","breadcrumb":{"@id":"https:\/\/www.landofmemory.eu\/de\/temoignages\/mehr-als-ein-museum-ein-echter-historischer-ort\/#breadcrumb"},"inLanguage":"de","potentialAction":[{"@type":"ReadAction","target":["https:\/\/www.landofmemory.eu\/de\/temoignages\/mehr-als-ein-museum-ein-echter-historischer-ort\/"]}]},{"@type":"ImageObject","inLanguage":"de","@id":"https:\/\/www.landofmemory.eu\/de\/temoignages\/mehr-als-ein-museum-ein-echter-historischer-ort\/#primaryimage","url":"https:\/\/www.landofmemory.eu\/wp-content\/uploads\/2021\/10\/DSC_6447-1-200x300.jpg","contentUrl":"https:\/\/www.landofmemory.eu\/wp-content\/uploads\/2021\/10\/DSC_6447-1-200x300.jpg"},{"@type":"BreadcrumbList","@id":"https:\/\/www.landofmemory.eu\/de\/temoignages\/mehr-als-ein-museum-ein-echter-historischer-ort\/#breadcrumb","itemListElement":[{"@type":"ListItem","position":1,"name":"Accueil","item":"https:\/\/www.landofmemory.eu\/"},{"@type":"ListItem","position":2,"name":"Mehr als ein Museum, ein echter historischer Ort"}]},{"@type":"WebSite","@id":"https:\/\/www.landofmemory.eu\/#website","url":"https:\/\/www.landofmemory.eu\/","name":"Land Of Memory","description":"L&#039;histoire commence ici","publisher":{"@id":"https:\/\/www.landofmemory.eu\/#organization"},"potentialAction":[{"@type":"SearchAction","target":{"@type":"EntryPoint","urlTemplate":"https:\/\/www.landofmemory.eu\/?s={search_term_string}"},"query-input":{"@type":"PropertyValueSpecification","valueRequired":true,"valueName":"search_term_string"}}],"inLanguage":"de"},{"@type":"Organization","@id":"https:\/\/www.landofmemory.eu\/#organization","name":"Land Of Memory","url":"https:\/\/www.landofmemory.eu\/","logo":{"@type":"ImageObject","inLanguage":"de","@id":"https:\/\/www.landofmemory.eu\/#\/schema\/logo\/image\/","url":"https:\/\/www.landofmemory.eu\/wp-content\/uploads\/2022\/10\/logo-land-of-memory.jpg","contentUrl":"https:\/\/www.landofmemory.eu\/wp-content\/uploads\/2022\/10\/logo-land-of-memory.jpg","width":1000,"height":500,"caption":"Land Of Memory"},"image":{"@id":"https:\/\/www.landofmemory.eu\/#\/schema\/logo\/image\/"},"sameAs":["https:\/\/www.facebook.com\/landofmemory.eu","https:\/\/www.instagram.com\/landofmemory_eu\/"]}]}},"_links":{"self":[{"href":"https:\/\/www.landofmemory.eu\/de\/wp-json\/wp\/v2\/temoignages\/6260","targetHints":{"allow":["GET"]}}],"collection":[{"href":"https:\/\/www.landofmemory.eu\/de\/wp-json\/wp\/v2\/temoignages"}],"about":[{"href":"https:\/\/www.landofmemory.eu\/de\/wp-json\/wp\/v2\/types\/temoignages"}],"wp:attachment":[{"href":"https:\/\/www.landofmemory.eu\/de\/wp-json\/wp\/v2\/media?parent=6260"}],"curies":[{"name":"wp","href":"https:\/\/api.w.org\/{rel}","templated":true}]}}