{"id":4421,"date":"2021-10-08T10:55:22","date_gmt":"2021-10-08T08:55:22","guid":{"rendered":"https:\/\/www.landofmemory.eu\/sites-historiques\/fort-flemalle\/"},"modified":"2022-06-02T16:02:35","modified_gmt":"2022-06-02T14:02:35","slug":"fort-flemalle","status":"publish","type":"sites-historiques","link":"https:\/\/www.landofmemory.eu\/en\/sites-historiques\/fort-flemalle\/","title":{"rendered":"Fort Fl\u00e9malle"},"content":{"rendered":"\n<h2 class=\"wp-block-heading\">One of the most massive forts<\/h2>\n\n\n\n<div class=\"wp-block-columns is-layout-flex wp-container-core-columns-is-layout-9d6595d7 wp-block-columns-is-layout-flex\">\n<div class=\"wp-block-column is-layout-flow wp-block-column-is-layout-flow\">\n<figure class=\"wp-block-image size-full\"><img loading=\"lazy\" decoding=\"async\" width=\"600\" height=\"900\" src=\"https:\/\/www.landofmemory.eu\/wp-content\/uploads\/2022\/06\/DSC_3080-min-600x900-1.jpg\" alt=\"\" class=\"wp-image-9231\" srcset=\"https:\/\/www.landofmemory.eu\/wp-content\/uploads\/2022\/06\/DSC_3080-min-600x900-1.jpg 600w, https:\/\/www.landofmemory.eu\/wp-content\/uploads\/2022\/06\/DSC_3080-min-600x900-1-200x300.jpg 200w\" sizes=\"auto, (max-width: 600px) 100vw, 600px\" \/><figcaption>\u00a9 Land of Memory<\/figcaption><\/figure>\n<\/div>\n\n\n\n<div class=\"wp-block-column is-vertically-aligned-center is-layout-flow wp-block-column-is-layout-flow\">\n<p>Built between 1888 and 1892 under the command of General Brialmont, Fort Fl\u00e9malle became one of the 12 forts of the fortified belt of Li\u00e8ge. With its quadrangular shape, surprising for its time, it&#8217;s also one of the most massive. Like most of the Li\u00e8ge forts, it was built entirely of unreinforced concrete. Located about ten kilometers southwest of Li\u00e8ge, it was strategically positioned to block access to the Meuse Valley in case of an enemy attack. \r\n<\/p>\n\n\n\n<p>During the First World War and the Battle of Li\u00e8ge, Fort Fl\u00e9malle was one of the last forts of the fortified belt to be bombed by the German army. It surrendered on August 16, 1914, totally asphyxiated and out of ammunition. Under the German occupation, the fort was considerably improved and used as infantry support. Later, it was rearmed by the Belgian army.<\/p>\n\n\n\n<p>During the Second World War, the fort provided critical support to the Belgian army. It alone had a garrison of more than 300 men. On May 16, 1940, Fort Fl\u00e9malle surrendered after being partially destroyed by aerial bombardment. The vast craters still visible today allow us to better understand the impressive and tragic impact of these bombings. <\/p>\n\n\n\n<p><\/p>\n\n\n\n<p><\/p>\n<\/div>\n<\/div>\n\n\n\n<h2 class=\"wp-block-heading\">A virtual reality experience<\/h2>\n\n\n\n<div class=\"wp-block-columns is-layout-flex wp-container-core-columns-is-layout-9d6595d7 wp-block-columns-is-layout-flex\">\n<div class=\"wp-block-column is-layout-flow wp-block-column-is-layout-flow\">\n<figure class=\"wp-block-image size-full\"><img loading=\"lazy\" decoding=\"async\" width=\"600\" height=\"401\" src=\"https:\/\/www.landofmemory.eu\/wp-content\/uploads\/2021\/10\/Fort-Fle\u0301malle_Denis_Bdts1-min-600x401-1.jpg\" alt=\"\" class=\"wp-image-9235\" srcset=\"https:\/\/www.landofmemory.eu\/wp-content\/uploads\/2021\/10\/Fort-Fle\u0301malle_Denis_Bdts1-min-600x401-1.jpg 600w, https:\/\/www.landofmemory.eu\/wp-content\/uploads\/2021\/10\/Fort-Fle\u0301malle_Denis_Bdts1-min-600x401-1-300x201.jpg 300w\" sizes=\"auto, (max-width: 600px) 100vw, 600px\" \/><figcaption>\u00a9 Land of Memory<\/figcaption><\/figure>\n\n\n\n<p><meta charset=\"utf-8\"><\/p>\n\n\n\n<p>Today, the fort offers a new experience to visitors.  Visitors can immerse themselves entirely in the atmosphere of the Second World War by exploring the fort with virtual reality headsets to see it as it was in 1940. The &#8220;VR&#8217;40 experience tour&#8221; is waiting for you! <\/p>\n<\/div>\n\n\n\n<div class=\"wp-block-column is-vertically-aligned-center is-layout-flow wp-block-column-is-layout-flow\">\n<figure class=\"wp-block-image size-full\"><img loading=\"lazy\" decoding=\"async\" width=\"600\" height=\"900\" src=\"https:\/\/www.landofmemory.eu\/wp-content\/uploads\/2022\/06\/Fort-Fle\u0301malle_Denis_Bdts2-600x900-1.jpg\" alt=\"\" class=\"wp-image-9239\" srcset=\"https:\/\/www.landofmemory.eu\/wp-content\/uploads\/2022\/06\/Fort-Fle\u0301malle_Denis_Bdts2-600x900-1.jpg 600w, https:\/\/www.landofmemory.eu\/wp-content\/uploads\/2022\/06\/Fort-Fle\u0301malle_Denis_Bdts2-600x900-1-200x300.jpg 200w\" sizes=\"auto, (max-width: 600px) 100vw, 600px\" \/><figcaption>\u00a9 Land of Memory<\/figcaption><\/figure>\n<\/div>\n<\/div>\n\n\n\n<p>Fort Fl\u00e9malle also has an exceptional museum, where you can discover authentic Belgian weapons, equipment, and uniforms. This will allow you to get closer to the daily life of the men and women of the time. A whole room is even dedicated to the American female pilots, which is something unique in Belgium and not to be missed!<\/p>\n","protected":false},"template":"","type_site":[48,41],"class_list":["post-4421","sites-historiques","type-sites-historiques","status-publish","hentry","type_site-war-forts","type_site-museums-exhibitions"],"acf":[],"yoast_head":"<!-- This site is optimized with the Yoast SEO plugin v26.0 - https:\/\/yoast.com\/wordpress\/plugins\/seo\/ -->\n<title>Fort Fl\u00e9malle - Land of Memory<\/title>\n<meta name=\"description\" content=\"Fort Fl\u00e9malle, with its quadrangular shape, was one of the most massive at the time and was built in unreinforced concrete.\" \/>\n<meta name=\"robots\" content=\"index, follow, max-snippet:-1, max-image-preview:large, max-video-preview:-1\" \/>\n<link rel=\"canonical\" href=\"https:\/\/www.landofmemory.eu\/en\/sites-historiques\/fort-flemalle\/\" \/>\n<meta property=\"og:locale\" content=\"en_US\" \/>\n<meta property=\"og:type\" content=\"article\" \/>\n<meta property=\"og:title\" content=\"Fort Fl\u00e9malle - Land of Memory\" \/>\n<meta property=\"og:description\" content=\"Fort Fl\u00e9malle, with its quadrangular shape, was one of the most massive at the time and was built in unreinforced concrete.\" \/>\n<meta property=\"og:url\" content=\"https:\/\/www.landofmemory.eu\/en\/sites-historiques\/fort-flemalle\/\" \/>\n<meta property=\"og:site_name\" content=\"Land Of Memory\" \/>\n<meta property=\"article:publisher\" content=\"https:\/\/www.facebook.com\/landofmemory.eu\" \/>\n<meta property=\"article:modified_time\" content=\"2022-06-02T14:02:35+00:00\" \/>\n<meta property=\"og:image\" content=\"https:\/\/www.landofmemory.eu\/wp-content\/uploads\/2022\/06\/DSC_3080-min-600x900-1.jpg\" \/>\n<meta name=\"twitter:card\" content=\"summary_large_image\" \/>\n<meta name=\"twitter:label1\" content=\"Est. reading time\" \/>\n\t<meta name=\"twitter:data1\" content=\"3 minutes\" \/>\n<script type=\"application\/ld+json\" class=\"yoast-schema-graph\">{\"@context\":\"https:\/\/schema.org\",\"@graph\":[{\"@type\":\"WebPage\",\"@id\":\"https:\/\/www.landofmemory.eu\/en\/sites-historiques\/fort-flemalle\/\",\"url\":\"https:\/\/www.landofmemory.eu\/en\/sites-historiques\/fort-flemalle\/\",\"name\":\"Fort Fl\u00e9malle - Land of Memory\",\"isPartOf\":{\"@id\":\"https:\/\/www.landofmemory.eu\/#website\"},\"primaryImageOfPage\":{\"@id\":\"https:\/\/www.landofmemory.eu\/en\/sites-historiques\/fort-flemalle\/#primaryimage\"},\"image\":{\"@id\":\"https:\/\/www.landofmemory.eu\/en\/sites-historiques\/fort-flemalle\/#primaryimage\"},\"thumbnailUrl\":\"https:\/\/www.landofmemory.eu\/wp-content\/uploads\/2022\/06\/DSC_3080-min-600x900-1.jpg\",\"datePublished\":\"2021-10-08T08:55:22+00:00\",\"dateModified\":\"2022-06-02T14:02:35+00:00\",\"description\":\"Fort Fl\u00e9malle, with its quadrangular shape, was one of the most massive at the time and was built in unreinforced concrete.\",\"breadcrumb\":{\"@id\":\"https:\/\/www.landofmemory.eu\/en\/sites-historiques\/fort-flemalle\/#breadcrumb\"},\"inLanguage\":\"en-US\",\"potentialAction\":[{\"@type\":\"ReadAction\",\"target\":[\"https:\/\/www.landofmemory.eu\/en\/sites-historiques\/fort-flemalle\/\"]}]},{\"@type\":\"ImageObject\",\"inLanguage\":\"en-US\",\"@id\":\"https:\/\/www.landofmemory.eu\/en\/sites-historiques\/fort-flemalle\/#primaryimage\",\"url\":\"https:\/\/www.landofmemory.eu\/wp-content\/uploads\/2022\/06\/DSC_3080-min-600x900-1.jpg\",\"contentUrl\":\"https:\/\/www.landofmemory.eu\/wp-content\/uploads\/2022\/06\/DSC_3080-min-600x900-1.jpg\"},{\"@type\":\"BreadcrumbList\",\"@id\":\"https:\/\/www.landofmemory.eu\/en\/sites-historiques\/fort-flemalle\/#breadcrumb\",\"itemListElement\":[{\"@type\":\"ListItem\",\"position\":1,\"name\":\"Accueil\",\"item\":\"https:\/\/www.landofmemory.eu\/\"},{\"@type\":\"ListItem\",\"position\":2,\"name\":\"Fort Fl\u00e9malle\"}]},{\"@type\":\"WebSite\",\"@id\":\"https:\/\/www.landofmemory.eu\/#website\",\"url\":\"https:\/\/www.landofmemory.eu\/\",\"name\":\"Land Of Memory\",\"description\":\"L&#039;histoire commence ici\",\"publisher\":{\"@id\":\"https:\/\/www.landofmemory.eu\/#organization\"},\"potentialAction\":[{\"@type\":\"SearchAction\",\"target\":{\"@type\":\"EntryPoint\",\"urlTemplate\":\"https:\/\/www.landofmemory.eu\/?s={search_term_string}\"},\"query-input\":{\"@type\":\"PropertyValueSpecification\",\"valueRequired\":true,\"valueName\":\"search_term_string\"}}],\"inLanguage\":\"en-US\"},{\"@type\":\"Organization\",\"@id\":\"https:\/\/www.landofmemory.eu\/#organization\",\"name\":\"Land Of Memory\",\"url\":\"https:\/\/www.landofmemory.eu\/\",\"logo\":{\"@type\":\"ImageObject\",\"inLanguage\":\"en-US\",\"@id\":\"https:\/\/www.landofmemory.eu\/#\/schema\/logo\/image\/\",\"url\":\"https:\/\/www.landofmemory.eu\/wp-content\/uploads\/2022\/10\/logo-land-of-memory.jpg\",\"contentUrl\":\"https:\/\/www.landofmemory.eu\/wp-content\/uploads\/2022\/10\/logo-land-of-memory.jpg\",\"width\":1000,\"height\":500,\"caption\":\"Land Of Memory\"},\"image\":{\"@id\":\"https:\/\/www.landofmemory.eu\/#\/schema\/logo\/image\/\"},\"sameAs\":[\"https:\/\/www.facebook.com\/landofmemory.eu\",\"https:\/\/www.instagram.com\/landofmemory_eu\/\"]}]}<\/script>\n<!-- \/ Yoast SEO plugin. -->","yoast_head_json":{"title":"Fort Fl\u00e9malle - Land of Memory","description":"Fort Fl\u00e9malle, with its quadrangular shape, was one of the most massive at the time and was built in unreinforced concrete.","robots":{"index":"index","follow":"follow","max-snippet":"max-snippet:-1","max-image-preview":"max-image-preview:large","max-video-preview":"max-video-preview:-1"},"canonical":"https:\/\/www.landofmemory.eu\/en\/sites-historiques\/fort-flemalle\/","og_locale":"en_US","og_type":"article","og_title":"Fort Fl\u00e9malle - Land of Memory","og_description":"Fort Fl\u00e9malle, with its quadrangular shape, was one of the most massive at the time and was built in unreinforced concrete.","og_url":"https:\/\/www.landofmemory.eu\/en\/sites-historiques\/fort-flemalle\/","og_site_name":"Land Of Memory","article_publisher":"https:\/\/www.facebook.com\/landofmemory.eu","article_modified_time":"2022-06-02T14:02:35+00:00","og_image":[{"url":"https:\/\/www.landofmemory.eu\/wp-content\/uploads\/2022\/06\/DSC_3080-min-600x900-1.jpg","type":"","width":"","height":""}],"twitter_card":"summary_large_image","twitter_misc":{"Est. reading time":"3 minutes"},"schema":{"@context":"https:\/\/schema.org","@graph":[{"@type":"WebPage","@id":"https:\/\/www.landofmemory.eu\/en\/sites-historiques\/fort-flemalle\/","url":"https:\/\/www.landofmemory.eu\/en\/sites-historiques\/fort-flemalle\/","name":"Fort Fl\u00e9malle - Land of Memory","isPartOf":{"@id":"https:\/\/www.landofmemory.eu\/#website"},"primaryImageOfPage":{"@id":"https:\/\/www.landofmemory.eu\/en\/sites-historiques\/fort-flemalle\/#primaryimage"},"image":{"@id":"https:\/\/www.landofmemory.eu\/en\/sites-historiques\/fort-flemalle\/#primaryimage"},"thumbnailUrl":"https:\/\/www.landofmemory.eu\/wp-content\/uploads\/2022\/06\/DSC_3080-min-600x900-1.jpg","datePublished":"2021-10-08T08:55:22+00:00","dateModified":"2022-06-02T14:02:35+00:00","description":"Fort Fl\u00e9malle, with its quadrangular shape, was one of the most massive at the time and was built in unreinforced concrete.","breadcrumb":{"@id":"https:\/\/www.landofmemory.eu\/en\/sites-historiques\/fort-flemalle\/#breadcrumb"},"inLanguage":"en-US","potentialAction":[{"@type":"ReadAction","target":["https:\/\/www.landofmemory.eu\/en\/sites-historiques\/fort-flemalle\/"]}]},{"@type":"ImageObject","inLanguage":"en-US","@id":"https:\/\/www.landofmemory.eu\/en\/sites-historiques\/fort-flemalle\/#primaryimage","url":"https:\/\/www.landofmemory.eu\/wp-content\/uploads\/2022\/06\/DSC_3080-min-600x900-1.jpg","contentUrl":"https:\/\/www.landofmemory.eu\/wp-content\/uploads\/2022\/06\/DSC_3080-min-600x900-1.jpg"},{"@type":"BreadcrumbList","@id":"https:\/\/www.landofmemory.eu\/en\/sites-historiques\/fort-flemalle\/#breadcrumb","itemListElement":[{"@type":"ListItem","position":1,"name":"Accueil","item":"https:\/\/www.landofmemory.eu\/"},{"@type":"ListItem","position":2,"name":"Fort Fl\u00e9malle"}]},{"@type":"WebSite","@id":"https:\/\/www.landofmemory.eu\/#website","url":"https:\/\/www.landofmemory.eu\/","name":"Land Of Memory","description":"L&#039;histoire commence ici","publisher":{"@id":"https:\/\/www.landofmemory.eu\/#organization"},"potentialAction":[{"@type":"SearchAction","target":{"@type":"EntryPoint","urlTemplate":"https:\/\/www.landofmemory.eu\/?s={search_term_string}"},"query-input":{"@type":"PropertyValueSpecification","valueRequired":true,"valueName":"search_term_string"}}],"inLanguage":"en-US"},{"@type":"Organization","@id":"https:\/\/www.landofmemory.eu\/#organization","name":"Land Of Memory","url":"https:\/\/www.landofmemory.eu\/","logo":{"@type":"ImageObject","inLanguage":"en-US","@id":"https:\/\/www.landofmemory.eu\/#\/schema\/logo\/image\/","url":"https:\/\/www.landofmemory.eu\/wp-content\/uploads\/2022\/10\/logo-land-of-memory.jpg","contentUrl":"https:\/\/www.landofmemory.eu\/wp-content\/uploads\/2022\/10\/logo-land-of-memory.jpg","width":1000,"height":500,"caption":"Land Of Memory"},"image":{"@id":"https:\/\/www.landofmemory.eu\/#\/schema\/logo\/image\/"},"sameAs":["https:\/\/www.facebook.com\/landofmemory.eu","https:\/\/www.instagram.com\/landofmemory_eu\/"]}]}},"_links":{"self":[{"href":"https:\/\/www.landofmemory.eu\/en\/wp-json\/wp\/v2\/sites-historiques\/4421","targetHints":{"allow":["GET"]}}],"collection":[{"href":"https:\/\/www.landofmemory.eu\/en\/wp-json\/wp\/v2\/sites-historiques"}],"about":[{"href":"https:\/\/www.landofmemory.eu\/en\/wp-json\/wp\/v2\/types\/sites-historiques"}],"wp:attachment":[{"href":"https:\/\/www.landofmemory.eu\/en\/wp-json\/wp\/v2\/media?parent=4421"}],"wp:term":[{"taxonomy":"type_site","embeddable":true,"href":"https:\/\/www.landofmemory.eu\/en\/wp-json\/wp\/v2\/type_site?post=4421"}],"curies":[{"name":"wp","href":"https:\/\/api.w.org\/{rel}","templated":true}]}}