{"id":10841,"date":"2022-08-03T17:16:02","date_gmt":"2022-08-03T15:16:02","guid":{"rendered":"https:\/\/www.landofmemory.eu\/sujets-thematiques\/christmas-in-wartime\/"},"modified":"2022-08-03T17:16:02","modified_gmt":"2022-08-03T15:16:02","slug":"christmas-in-wartime","status":"publish","type":"sujets-thematiques","link":"https:\/\/www.landofmemory.eu\/en\/sujets-thematiques\/christmas-in-wartime\/","title":{"rendered":"Christmas in wartime"},"content":{"rendered":"\n<p>Certain times of the year linked to ancient traditions seem even crueller to populations plunged in war. In our western countries of Christian culture, the winter period and especially Christmas rhymes with light, birth and renewal, truce and sharing. Notions or beliefs with distant origins. Here are some facts that took place in the Land of Memory, reported by many witnesses. They will freeze you or warm your heart.<\/p>\n\n<h2 class=\"wp-block-heading\"><h2>Peace, sharing and truce of God<\/h2><\/h2>\n\n<p>In the Middle Ages, the Truce of God was established. It allowed to curb the aggressive impulses of the society and established the temporary stop of military operations during certain periods of the year. It was not forgotten at Christmas 1914&#8230;somewhere in the trenches in Belgium. A part of humanity is finally found. German and British soldiers decide to leave their trenches, share cigarettes, memories and&#8230;organize a soccer match. In the woods of Ploegsteert (Comines-Warneton), German soldiers set up candle-lit trees on top of their shelters and sang Christmas carols to which the British responded. These exchanges continued until January 1915, although any fraternization with the enemy was punishable. The fraternization recounted by Christian Carion in his film &#8220;Merry Christmas&#8221; was inspired by what took place in the trenches surrounding the town of Ypres. <\/p>\n\n<p>Events immortalized today by a cross located at the memorial of Ploegsteert.<\/p>\n\n<h2 class=\"wp-block-heading\"><h2>A time of gifts<\/h2><\/h2>\n\n<p>At Christmas 1914 in Gaume, men of the 5th army of Kronprinz Wilhelm of Prussia received a pipe whose earthenware stove was decorated with his effigy. In the same way, to the soldiers of the Yser at Christmas 1919, King Albert offers a leather pouch with his monogram and the inscriptions &#8220;Yser No\u00ebl 1916&#8221;.<\/p>\n\n<div class=\"wp-block-columns is-layout-flex wp-container-core-columns-is-layout-9d6595d7 wp-block-columns-is-layout-flex\">\n<div class=\"wp-block-column is-layout-flow wp-block-column-is-layout-flow\">\n<div class=\"wp-block-image\"><figure class=\"aligncenter size-medium is-resized\"><img loading=\"lazy\" decoding=\"async\" src=\"https:\/\/www.landofmemory.eu\/wp-content\/uploads\/2021\/12\/Pipe-allemande-Noe&#x308;l-1914.-Coll.-Prive&#x301;e.-Photo-Muse&#x301;es-gaumais.-min-300x225.jpg\" alt=\"Pipe allemande, No&#xEB;l 1914. Coll. Priv&#xE9;e. Photo Mus&#xE9;es gaumais.\" class=\"wp-image-6678\" width=\"437\" height=\"328\"\/><figcaption>Pipe allemande, No\u00ebl 1914. Coll. Priv\u00e9e. Mus\u00e9e gaumais.<\/figcaption><\/figure><\/div>\n<\/div>\n<\/div>\n\n<h2 class=\"wp-block-heading\"><h2>The tradition of the Christmas tree<\/h2><\/h2>\n\n<p>In the sixteenth century in Alsace, the tradition was to decorate the tree with apples and hosts. From there, the custom developed in Germanic countries, and more particularly in the German bourgeoisie. German emigrants brought this custom to the Anglo-Saxon world in the 19th century. Germanic tradition which reappears in Belgium in 14. German soldiers tried to recreate the atmosphere of a Christmas Eve in the occupied country.\u00a0Well known to the Allied troops (British and Americans), this custom was well perceived at the liberation in 1918. The tree became a symbol of peace. And a few decades later, in the middle of the Battle of the Bulge, civilians and combatants wanted to celebrate Christmas around an improvised tree.<\/p>\n\n<div class=\"wp-block-columns is-layout-flex wp-container-core-columns-is-layout-9d6595d7 wp-block-columns-is-layout-flex\">\n<div class=\"wp-block-column is-layout-flow wp-block-column-is-layout-flow\">\n<div class=\"wp-block-image\"><figure class=\"aligncenter size-medium\"><img loading=\"lazy\" decoding=\"async\" width=\"300\" height=\"248\" src=\"https:\/\/www.landofmemory.eu\/wp-content\/uploads\/2021\/12\/800px-Brig._Gen._Anthony_McAuliffe_and_his_staff_gathered_inside_Bastognes_Heintz_Barracks_for_Christmas_dinner_Dec._25th_1944-300x248.jpg\" alt=\"Christmas Day 44 at McAuliffe HQ in Bastogne.\" class=\"wp-image-6652\" srcset=\"https:\/\/www.landofmemory.eu\/wp-content\/uploads\/2021\/12\/800px-Brig._Gen._Anthony_McAuliffe_and_his_staff_gathered_inside_Bastognes_Heintz_Barracks_for_Christmas_dinner_Dec._25th_1944-300x248.jpg 300w, https:\/\/www.landofmemory.eu\/wp-content\/uploads\/2021\/12\/800px-Brig._Gen._Anthony_McAuliffe_and_his_staff_gathered_inside_Bastognes_Heintz_Barracks_for_Christmas_dinner_Dec._25th_1944-768x635.jpg 768w, https:\/\/www.landofmemory.eu\/wp-content\/uploads\/2021\/12\/800px-Brig._Gen._Anthony_McAuliffe_and_his_staff_gathered_inside_Bastognes_Heintz_Barracks_for_Christmas_dinner_Dec._25th_1944-600x496.jpg 600w, https:\/\/www.landofmemory.eu\/wp-content\/uploads\/2021\/12\/800px-Brig._Gen._Anthony_McAuliffe_and_his_staff_gathered_inside_Bastognes_Heintz_Barracks_for_Christmas_dinner_Dec._25th_1944.jpg 800w\" sizes=\"auto, (max-width: 300px) 100vw, 300px\" \/><figcaption>Christmas Day 44 at McAuliffe HQ in Bastogne. The tree is decorated with silver paper and figurines cut out of cans.<\/figcaption><\/figure><\/div>\n<\/div>\n\n\n\n<div class=\"wp-block-column is-layout-flow wp-block-column-is-layout-flow\">\n<div class=\"wp-block-image\"><figure class=\"aligncenter size-medium\"><img decoding=\"async\" src=\"https:\/\/www.landofmemory.eu\/wp-content\/uploads\/2021\/12\/Coll.-Famenne-et-Art-Museum-Photos-Le&#x301;on-Peret-1874-1944.--300x259.jpg\" alt=\"Christmas 1914 in Marche-en-Famenne. Coll. Famenne et Art Museum-Photos L&#xE9;on Peret (1874-1944).\" class=\"wp-image-6654\"\/><figcaption>Christmas 1914 in Marche-en-Famenne. Coll. Famenne et Art Museum-Photos L\u00e9on Peret (1874-1944).<\/figcaption><\/figure><\/div>\n<\/div>\n<\/div>\n\n<div class=\"wp-block-columns is-layout-flex wp-container-core-columns-is-layout-9d6595d7 wp-block-columns-is-layout-flex\">\n<div class=\"wp-block-column is-layout-flow wp-block-column-is-layout-flow\">\n<div class=\"wp-block-image\"><figure class=\"aligncenter size-medium is-resized\"><img loading=\"lazy\" decoding=\"async\" src=\"https:\/\/www.landofmemory.eu\/wp-content\/uploads\/2021\/12\/DSF7799_Sainlez_FTLB_A.Segers-min1-222x300.jpg\" alt=\"Fir tree in the bakery of Sainlez.\" class=\"wp-image-6664\" width=\"395\" height=\"534\" srcset=\"https:\/\/www.landofmemory.eu\/wp-content\/uploads\/2021\/12\/DSF7799_Sainlez_FTLB_A.Segers-min1-222x300.jpg 222w, https:\/\/www.landofmemory.eu\/wp-content\/uploads\/2021\/12\/DSF7799_Sainlez_FTLB_A.Segers-min1-759x1024.jpg 759w, https:\/\/www.landofmemory.eu\/wp-content\/uploads\/2021\/12\/DSF7799_Sainlez_FTLB_A.Segers-min1-768x1036.jpg 768w, https:\/\/www.landofmemory.eu\/wp-content\/uploads\/2021\/12\/DSF7799_Sainlez_FTLB_A.Segers-min1-1138x1536.jpg 1138w, https:\/\/www.landofmemory.eu\/wp-content\/uploads\/2021\/12\/DSF7799_Sainlez_FTLB_A.Segers-min1-1517x2048.jpg 1517w, https:\/\/www.landofmemory.eu\/wp-content\/uploads\/2021\/12\/DSF7799_Sainlez_FTLB_A.Segers-min1-600x810.jpg 600w, https:\/\/www.landofmemory.eu\/wp-content\/uploads\/2021\/12\/DSF7799_Sainlez_FTLB_A.Segers-min1-scaled.jpg 1897w\" sizes=\"auto, (max-width: 395px) 100vw, 395px\" \/><figcaption>Fir tree in the bakery of Sainlez.<\/figcaption><\/figure><\/div>\n<\/div>\n<\/div>\n\n<h2 class=\"wp-block-heading\">Christmas lights and nativity scenes<\/h2>\n\n<p>The Christians of the 4th century chose the longest night of the year to celebrate the birth of Christ (Christmas comes from natalis dies: day of birth), light in the night according to their faith. During the Great War, traditions from Germany and Northern Europe were discovered, such as the Christmas wreath decorated with lighted candles from the beginning of Advent. To these rites is added the pleasure of composing the crib. The first living crib is attributed to Francis of Assisi in the 13th century. But it is in the 16th century that the cribs entered the homes. In 1918, Germans left in Gaume a crib of Lorraine tradition.<\/p>\n\n<div class=\"wp-block-columns is-layout-flex wp-container-core-columns-is-layout-9d6595d7 wp-block-columns-is-layout-flex\">\n<div class=\"wp-block-column is-layout-flow wp-block-column-is-layout-flow\">\n<div class=\"wp-block-image\"><figure class=\"aligncenter size-medium is-resized\"><img loading=\"lazy\" decoding=\"async\" src=\"https:\/\/www.landofmemory.eu\/wp-content\/uploads\/2021\/12\/Cre&#x300;che-allemande-illustrant-lanecdote-muse&#x301;e-gaumais-JPG-min1-225x300.jpg\" alt=\"German crib of the XVIIIth century with wax characters.\" class=\"wp-image-6674\" width=\"288\" height=\"384\"\/><figcaption>German crib of the XVIIIth century with wax characters.<\/figcaption><\/figure><\/div>\n<\/div>\n<\/div>\n\n<h2 class=\"wp-block-heading\"><h2>A beautiful Christmas message<\/h2><\/h2>\n\n<p>It is in the vicinity of Bastogne, in Champs, that a German officer delivers a poignant Christmas message during a tragic melee in December 44. In this village of the perimeter of Bastogne, the soldiers are going to confront each other from house to house. On Christmas Day, the ground was littered with corpses and the wounded were numerous. Here are a few snippets of what he wrote on the school board: &#8220;May the world never live such a Christmas night! Is it worthy of a human being to die with weapons, far from his children, his wife and his mother? It is from the ruins and the blood that universal brotherhood will undoubtedly be born.&#8221; A message that the teacher will discover in mid-January 1945 in his ruined school.<\/p>\n\n<div class=\"wp-block-columns is-layout-flex wp-container-core-columns-is-layout-9d6595d7 wp-block-columns-is-layout-flex\">\n<div class=\"wp-block-column is-layout-flow wp-block-column-is-layout-flow\">\n<div class=\"wp-block-columns is-layout-flex wp-container-core-columns-is-layout-9d6595d7 wp-block-columns-is-layout-flex\">\n<div class=\"wp-block-column is-layout-flow wp-block-column-is-layout-flow\">\n<div class=\"wp-block-image\"><figure class=\"aligncenter size-medium is-resized\"><img loading=\"lazy\" decoding=\"async\" src=\"https:\/\/www.landofmemory.eu\/wp-content\/uploads\/2021\/12\/Bastogne-War-Museum-Sce&#x301;novision-3-min-300x200.jpg\" alt=\"Scenovision of Christmas 44 with American soldiers at the Bastogne War Museum.\" class=\"wp-image-6666\" width=\"374\" height=\"249\"\/><figcaption>Scenovision illustrating the bombardments during the siege of Bastogne in the winter of 44 at the Bastogne War Museum. <\/figcaption><\/figure><\/div>\n<\/div>\n\n\n\n<div class=\"wp-block-column is-layout-flow wp-block-column-is-layout-flow\">\n<div class=\"wp-block-image\"><figure class=\"aligncenter size-medium is-resized\"><img loading=\"lazy\" decoding=\"async\" src=\"https:\/\/www.landofmemory.eu\/wp-content\/uploads\/2021\/12\/Two-U.S.-Army-infantrymen-of-the-84th-Training-Command-decorate-a-Christmas-tree-in-the-cellar-of-a-home-in-Geilenkirchen-Heinsberg-North-Rhine-Westphalia-Germany.-December-1944.-254x300.jpg\" alt=\"Infantrymen of the 84th Training Command-D&#xE9;cembre 1944. NARA\" class=\"wp-image-6672\" width=\"295\" height=\"349\" srcset=\"https:\/\/www.landofmemory.eu\/wp-content\/uploads\/2021\/12\/Two-U.S.-Army-infantrymen-of-the-84th-Training-Command-decorate-a-Christmas-tree-in-the-cellar-of-a-home-in-Geilenkirchen-Heinsberg-North-Rhine-Westphalia-Germany.-December-1944.-254x300.jpg 254w, https:\/\/www.landofmemory.eu\/wp-content\/uploads\/2021\/12\/Two-U.S.-Army-infantrymen-of-the-84th-Training-Command-decorate-a-Christmas-tree-in-the-cellar-of-a-home-in-Geilenkirchen-Heinsberg-North-Rhine-Westphalia-Germany.-December-1944.-600x710.jpg 600w, https:\/\/www.landofmemory.eu\/wp-content\/uploads\/2021\/12\/Two-U.S.-Army-infantrymen-of-the-84th-Training-Command-decorate-a-Christmas-tree-in-the-cellar-of-a-home-in-Geilenkirchen-Heinsberg-North-Rhine-Westphalia-Germany.-December-1944..jpg 712w\" sizes=\"auto, (max-width: 295px) 100vw, 295px\" \/><figcaption>Infantrymen of the 84th Training Command D\u00e9cembre 1944. NARA<\/figcaption><\/figure><\/div>\n<\/div>\n<\/div>\n<\/div>\n<\/div>\n","protected":false},"template":"","type_sujet":[31],"class_list":["post-10841","sujets-thematiques","type-sujets-thematiques","status-publish","hentry","type_sujet-1914-1918"],"acf":[],"yoast_head":"<!-- This site is optimized with the Yoast SEO plugin v26.0 - https:\/\/yoast.com\/wordpress\/plugins\/seo\/ -->\n<title>Christmas in wartime - Land Of Memory<\/title>\n<meta name=\"description\" content=\"During the war, the Christmas season was one of the hardest to get through but the soldiers managed to celebrate Christmas Eve.\" \/>\n<meta name=\"robots\" content=\"index, follow, max-snippet:-1, max-image-preview:large, max-video-preview:-1\" \/>\n<link rel=\"canonical\" href=\"https:\/\/www.landofmemory.eu\/en\/sujets-thematiques\/christmas-in-wartime\/\" \/>\n<meta property=\"og:locale\" content=\"en_US\" \/>\n<meta property=\"og:type\" content=\"article\" \/>\n<meta property=\"og:title\" content=\"Christmas in wartime - Land Of Memory\" \/>\n<meta property=\"og:description\" content=\"During the war, the Christmas season was one of the hardest to get through but the soldiers managed to celebrate Christmas Eve.\" \/>\n<meta property=\"og:url\" content=\"https:\/\/www.landofmemory.eu\/en\/sujets-thematiques\/christmas-in-wartime\/\" \/>\n<meta property=\"og:site_name\" content=\"Land Of Memory\" \/>\n<meta property=\"article:publisher\" content=\"https:\/\/www.facebook.com\/landofmemory.eu\" \/>\n<meta property=\"og:image\" content=\"https:\/\/www.landofmemory.eu\/wp-content\/uploads\/2021\/12\/Pipe-allemande-Noe&#x308;l-1914.-Coll.-Prive&#x301;e.-Photo-Muse&#x301;es-gaumais.-min-300x225.jpg\" \/>\n<meta name=\"twitter:card\" content=\"summary_large_image\" \/>\n<meta name=\"twitter:label1\" content=\"Est. reading time\" \/>\n\t<meta name=\"twitter:data1\" content=\"4 minutes\" \/>\n<script type=\"application\/ld+json\" class=\"yoast-schema-graph\">{\"@context\":\"https:\/\/schema.org\",\"@graph\":[{\"@type\":\"WebPage\",\"@id\":\"https:\/\/www.landofmemory.eu\/en\/sujets-thematiques\/christmas-in-wartime\/\",\"url\":\"https:\/\/www.landofmemory.eu\/en\/sujets-thematiques\/christmas-in-wartime\/\",\"name\":\"Christmas in wartime - Land Of Memory\",\"isPartOf\":{\"@id\":\"https:\/\/www.landofmemory.eu\/#website\"},\"primaryImageOfPage\":{\"@id\":\"https:\/\/www.landofmemory.eu\/en\/sujets-thematiques\/christmas-in-wartime\/#primaryimage\"},\"image\":{\"@id\":\"https:\/\/www.landofmemory.eu\/en\/sujets-thematiques\/christmas-in-wartime\/#primaryimage\"},\"thumbnailUrl\":\"https:\/\/www.landofmemory.eu\/wp-content\/uploads\/2021\/12\/Pipe-allemande-Noe&#x308;l-1914.-Coll.-Prive&#x301;e.-Photo-Muse&#x301;es-gaumais.-min-300x225.jpg\",\"datePublished\":\"2022-08-03T15:16:02+00:00\",\"description\":\"During the war, the Christmas season was one of the hardest to get through but the soldiers managed to celebrate Christmas Eve.\",\"breadcrumb\":{\"@id\":\"https:\/\/www.landofmemory.eu\/en\/sujets-thematiques\/christmas-in-wartime\/#breadcrumb\"},\"inLanguage\":\"en-US\",\"potentialAction\":[{\"@type\":\"ReadAction\",\"target\":[\"https:\/\/www.landofmemory.eu\/en\/sujets-thematiques\/christmas-in-wartime\/\"]}]},{\"@type\":\"ImageObject\",\"inLanguage\":\"en-US\",\"@id\":\"https:\/\/www.landofmemory.eu\/en\/sujets-thematiques\/christmas-in-wartime\/#primaryimage\",\"url\":\"https:\/\/www.landofmemory.eu\/wp-content\/uploads\/2021\/12\/Pipe-allemande-Noe&#x308;l-1914.-Coll.-Prive&#x301;e.-Photo-Muse&#x301;es-gaumais.-min-300x225.jpg\",\"contentUrl\":\"https:\/\/www.landofmemory.eu\/wp-content\/uploads\/2021\/12\/Pipe-allemande-Noe&#x308;l-1914.-Coll.-Prive&#x301;e.-Photo-Muse&#x301;es-gaumais.-min-300x225.jpg\"},{\"@type\":\"BreadcrumbList\",\"@id\":\"https:\/\/www.landofmemory.eu\/en\/sujets-thematiques\/christmas-in-wartime\/#breadcrumb\",\"itemListElement\":[{\"@type\":\"ListItem\",\"position\":1,\"name\":\"Accueil\",\"item\":\"https:\/\/www.landofmemory.eu\/\"},{\"@type\":\"ListItem\",\"position\":2,\"name\":\"Christmas in wartime\"}]},{\"@type\":\"WebSite\",\"@id\":\"https:\/\/www.landofmemory.eu\/#website\",\"url\":\"https:\/\/www.landofmemory.eu\/\",\"name\":\"Land Of Memory\",\"description\":\"L&#039;histoire commence ici\",\"publisher\":{\"@id\":\"https:\/\/www.landofmemory.eu\/#organization\"},\"potentialAction\":[{\"@type\":\"SearchAction\",\"target\":{\"@type\":\"EntryPoint\",\"urlTemplate\":\"https:\/\/www.landofmemory.eu\/?s={search_term_string}\"},\"query-input\":{\"@type\":\"PropertyValueSpecification\",\"valueRequired\":true,\"valueName\":\"search_term_string\"}}],\"inLanguage\":\"en-US\"},{\"@type\":\"Organization\",\"@id\":\"https:\/\/www.landofmemory.eu\/#organization\",\"name\":\"Land Of Memory\",\"url\":\"https:\/\/www.landofmemory.eu\/\",\"logo\":{\"@type\":\"ImageObject\",\"inLanguage\":\"en-US\",\"@id\":\"https:\/\/www.landofmemory.eu\/#\/schema\/logo\/image\/\",\"url\":\"https:\/\/www.landofmemory.eu\/wp-content\/uploads\/2022\/10\/logo-land-of-memory.jpg\",\"contentUrl\":\"https:\/\/www.landofmemory.eu\/wp-content\/uploads\/2022\/10\/logo-land-of-memory.jpg\",\"width\":1000,\"height\":500,\"caption\":\"Land Of Memory\"},\"image\":{\"@id\":\"https:\/\/www.landofmemory.eu\/#\/schema\/logo\/image\/\"},\"sameAs\":[\"https:\/\/www.facebook.com\/landofmemory.eu\",\"https:\/\/www.instagram.com\/landofmemory_eu\/\"]}]}<\/script>\n<!-- \/ Yoast SEO plugin. -->","yoast_head_json":{"title":"Christmas in wartime - Land Of Memory","description":"During the war, the Christmas season was one of the hardest to get through but the soldiers managed to celebrate Christmas Eve.","robots":{"index":"index","follow":"follow","max-snippet":"max-snippet:-1","max-image-preview":"max-image-preview:large","max-video-preview":"max-video-preview:-1"},"canonical":"https:\/\/www.landofmemory.eu\/en\/sujets-thematiques\/christmas-in-wartime\/","og_locale":"en_US","og_type":"article","og_title":"Christmas in wartime - Land Of Memory","og_description":"During the war, the Christmas season was one of the hardest to get through but the soldiers managed to celebrate Christmas Eve.","og_url":"https:\/\/www.landofmemory.eu\/en\/sujets-thematiques\/christmas-in-wartime\/","og_site_name":"Land Of Memory","article_publisher":"https:\/\/www.facebook.com\/landofmemory.eu","og_image":[{"url":"https:\/\/www.landofmemory.eu\/wp-content\/uploads\/2021\/12\/Pipe-allemande-Noe&#x308;l-1914.-Coll.-Prive&#x301;e.-Photo-Muse&#x301;es-gaumais.-min-300x225.jpg","type":"","width":"","height":""}],"twitter_card":"summary_large_image","twitter_misc":{"Est. reading time":"4 minutes"},"schema":{"@context":"https:\/\/schema.org","@graph":[{"@type":"WebPage","@id":"https:\/\/www.landofmemory.eu\/en\/sujets-thematiques\/christmas-in-wartime\/","url":"https:\/\/www.landofmemory.eu\/en\/sujets-thematiques\/christmas-in-wartime\/","name":"Christmas in wartime - Land Of Memory","isPartOf":{"@id":"https:\/\/www.landofmemory.eu\/#website"},"primaryImageOfPage":{"@id":"https:\/\/www.landofmemory.eu\/en\/sujets-thematiques\/christmas-in-wartime\/#primaryimage"},"image":{"@id":"https:\/\/www.landofmemory.eu\/en\/sujets-thematiques\/christmas-in-wartime\/#primaryimage"},"thumbnailUrl":"https:\/\/www.landofmemory.eu\/wp-content\/uploads\/2021\/12\/Pipe-allemande-Noe&#x308;l-1914.-Coll.-Prive&#x301;e.-Photo-Muse&#x301;es-gaumais.-min-300x225.jpg","datePublished":"2022-08-03T15:16:02+00:00","description":"During the war, the Christmas season was one of the hardest to get through but the soldiers managed to celebrate Christmas Eve.","breadcrumb":{"@id":"https:\/\/www.landofmemory.eu\/en\/sujets-thematiques\/christmas-in-wartime\/#breadcrumb"},"inLanguage":"en-US","potentialAction":[{"@type":"ReadAction","target":["https:\/\/www.landofmemory.eu\/en\/sujets-thematiques\/christmas-in-wartime\/"]}]},{"@type":"ImageObject","inLanguage":"en-US","@id":"https:\/\/www.landofmemory.eu\/en\/sujets-thematiques\/christmas-in-wartime\/#primaryimage","url":"https:\/\/www.landofmemory.eu\/wp-content\/uploads\/2021\/12\/Pipe-allemande-Noe&#x308;l-1914.-Coll.-Prive&#x301;e.-Photo-Muse&#x301;es-gaumais.-min-300x225.jpg","contentUrl":"https:\/\/www.landofmemory.eu\/wp-content\/uploads\/2021\/12\/Pipe-allemande-Noe&#x308;l-1914.-Coll.-Prive&#x301;e.-Photo-Muse&#x301;es-gaumais.-min-300x225.jpg"},{"@type":"BreadcrumbList","@id":"https:\/\/www.landofmemory.eu\/en\/sujets-thematiques\/christmas-in-wartime\/#breadcrumb","itemListElement":[{"@type":"ListItem","position":1,"name":"Accueil","item":"https:\/\/www.landofmemory.eu\/"},{"@type":"ListItem","position":2,"name":"Christmas in wartime"}]},{"@type":"WebSite","@id":"https:\/\/www.landofmemory.eu\/#website","url":"https:\/\/www.landofmemory.eu\/","name":"Land Of Memory","description":"L&#039;histoire commence ici","publisher":{"@id":"https:\/\/www.landofmemory.eu\/#organization"},"potentialAction":[{"@type":"SearchAction","target":{"@type":"EntryPoint","urlTemplate":"https:\/\/www.landofmemory.eu\/?s={search_term_string}"},"query-input":{"@type":"PropertyValueSpecification","valueRequired":true,"valueName":"search_term_string"}}],"inLanguage":"en-US"},{"@type":"Organization","@id":"https:\/\/www.landofmemory.eu\/#organization","name":"Land Of Memory","url":"https:\/\/www.landofmemory.eu\/","logo":{"@type":"ImageObject","inLanguage":"en-US","@id":"https:\/\/www.landofmemory.eu\/#\/schema\/logo\/image\/","url":"https:\/\/www.landofmemory.eu\/wp-content\/uploads\/2022\/10\/logo-land-of-memory.jpg","contentUrl":"https:\/\/www.landofmemory.eu\/wp-content\/uploads\/2022\/10\/logo-land-of-memory.jpg","width":1000,"height":500,"caption":"Land Of Memory"},"image":{"@id":"https:\/\/www.landofmemory.eu\/#\/schema\/logo\/image\/"},"sameAs":["https:\/\/www.facebook.com\/landofmemory.eu","https:\/\/www.instagram.com\/landofmemory_eu\/"]}]}},"_links":{"self":[{"href":"https:\/\/www.landofmemory.eu\/en\/wp-json\/wp\/v2\/sujets-thematiques\/10841","targetHints":{"allow":["GET"]}}],"collection":[{"href":"https:\/\/www.landofmemory.eu\/en\/wp-json\/wp\/v2\/sujets-thematiques"}],"about":[{"href":"https:\/\/www.landofmemory.eu\/en\/wp-json\/wp\/v2\/types\/sujets-thematiques"}],"wp:attachment":[{"href":"https:\/\/www.landofmemory.eu\/en\/wp-json\/wp\/v2\/media?parent=10841"}],"wp:term":[{"taxonomy":"type_sujet","embeddable":true,"href":"https:\/\/www.landofmemory.eu\/en\/wp-json\/wp\/v2\/type_sujet?post=10841"}],"curies":[{"name":"wp","href":"https:\/\/api.w.org\/{rel}","templated":true}]}}