{"id":5620,"date":"2021-11-03T14:21:15","date_gmt":"2021-11-03T13:21:15","guid":{"rendered":"https:\/\/www.landofmemory.eu\/sujets-thematiques\/the-dame-blanche\/"},"modified":"2021-11-03T14:21:15","modified_gmt":"2021-11-03T13:21:15","slug":"the-dame-blanche","status":"publish","type":"sujets-thematiques","link":"https:\/\/www.landofmemory.eu\/en\/sujets-thematiques\/the-dame-blanche\/","title":{"rendered":"The Dame Blanche"},"content":{"rendered":"\n<h2 class=\"wp-block-heading\">One of the assets of the Belgian resistance<\/h2>\n\n<div class=\"wp-block-columns is-layout-flex wp-container-core-columns-is-layout-9d6595d7 wp-block-columns-is-layout-flex\">\n<div class=\"wp-block-column is-vertically-aligned-center is-layout-flow wp-block-column-is-layout-flow\">\n<figure class=\"wp-block-image size-medium is-resized\"><img loading=\"lazy\" decoding=\"async\" src=\"https:\/\/www.landofmemory.eu\/wp-content\/uploads\/2021\/09\/3-2013-10-25-PM-Liege-Chartreuse-Walthere-Dewe-03-300x225.jpeg\" alt=\"Monument of the founder of the Dame Blanche, Walth&#xE8;re Dew&#xE9;\" class=\"wp-image-2654\" width=\"350\" height=\"263\" srcset=\"https:\/\/www.landofmemory.eu\/wp-content\/uploads\/2021\/09\/3-2013-10-25-PM-Liege-Chartreuse-Walthere-Dewe-03-300x225.jpeg 300w, https:\/\/www.landofmemory.eu\/wp-content\/uploads\/2021\/09\/3-2013-10-25-PM-Liege-Chartreuse-Walthere-Dewe-03-768x576.jpeg 768w, https:\/\/www.landofmemory.eu\/wp-content\/uploads\/2021\/09\/3-2013-10-25-PM-Liege-Chartreuse-Walthere-Dewe-03-600x450.jpeg 600w, https:\/\/www.landofmemory.eu\/wp-content\/uploads\/2021\/09\/3-2013-10-25-PM-Liege-Chartreuse-Walthere-Dewe-03.jpeg 1000w\" sizes=\"auto, (max-width: 350px) 100vw, 350px\" \/><figcaption>Monument of the founder of he Dame Blanche, Walth\u00e8re Dew\u00e9<\/figcaption><\/figure>\n<\/div>\n\n\n\n<div class=\"wp-block-column is-vertically-aligned-center is-layout-flow wp-block-column-is-layout-flow\">\n<p>The Dame Blanche (litt. &#8220;The White Lady&#8221;) was the clandestine intelligence network that extended from Belgium through the Grand Duchy of Luxembourg to northern France. At the end of the war, it had almost 1,000 agents.<\/p>\n\n\n\n<p>The network was founded in 1916 by citizens from Li\u00e8ge. Among them, Father Desonay, a Jesuit from the Coll\u00e8ge St-Servais, Walth\u00e8re Dew\u00e9 and Herman Chauvin, who were engineers. Commissioner Neujean later joined them.&#13;\n<\/p>\n<\/div>\n<\/div>\n\n<div class=\"wp-block-columns is-layout-flex wp-container-core-columns-is-layout-9d6595d7 wp-block-columns-is-layout-flex\">\n<div class=\"wp-block-column is-vertically-aligned-center is-layout-flow wp-block-column-is-layout-flow\">\n<p>&#13;\nAt the time, 30% of the members of the network were women. Moreover, out of the 128 members of the Council that directed this network, 50 were women. Some of them, like Marie Delcourt, had important responsibilities. During the war, she was an early Resistance fighter. Decorated with the Officer&#8217;s Cross of the British Empire for this commitment, Marie Delcourt acted in the thirties in favor of women&#8217;s right to vote and equality at work. She later became a university professor in Li\u00e8ge and an activist in the League of Nations.<\/p>\n\n\n\n<p>The Dame Blanche was a highly effective network. It provided the secret services of the British War Office with nearly three-quarters of the valuable information on these regions. It was reactivated during the Second World War under the name of the Clarence network and continued to welcome women into its ranks.<\/p>\n<\/div>\n\n\n\n<div class=\"wp-block-column is-vertically-aligned-center is-layout-flow wp-block-column-is-layout-flow\">\n<figure class=\"wp-block-image size-medium is-resized\"><img loading=\"lazy\" decoding=\"async\" src=\"https:\/\/www.landofmemory.eu\/wp-content\/uploads\/2021\/09\/Chapel_Saint-Maurice__Memorial_Walthere_Dewe__2011_P1030327-300x225.jpeg\" alt=\"The Walth&#xE8;re Dew&#xE9; Memorial - Saint-Maurice Chapel. Rue Coup&#xE9;e in Liege, Belgium.\" class=\"wp-image-2661\" width=\"375\" height=\"281\" srcset=\"https:\/\/www.landofmemory.eu\/wp-content\/uploads\/2021\/09\/Chapel_Saint-Maurice__Memorial_Walthere_Dewe__2011_P1030327-300x225.jpeg 300w, https:\/\/www.landofmemory.eu\/wp-content\/uploads\/2021\/09\/Chapel_Saint-Maurice__Memorial_Walthere_Dewe__2011_P1030327-768x576.jpeg 768w, https:\/\/www.landofmemory.eu\/wp-content\/uploads\/2021\/09\/Chapel_Saint-Maurice__Memorial_Walthere_Dewe__2011_P1030327-600x450.jpeg 600w, https:\/\/www.landofmemory.eu\/wp-content\/uploads\/2021\/09\/Chapel_Saint-Maurice__Memorial_Walthere_Dewe__2011_P1030327.jpeg 1000w\" sizes=\"auto, (max-width: 375px) 100vw, 375px\" \/><figcaption>The Walth\u00e8re Dew\u00e9 Memorial &#8211; Saint-Maurice Chapel. Rue Coup\u00e9e in Liege, Belgium.<\/figcaption><\/figure>\n<\/div>\n<\/div>\n\n<p><\/p>\n","protected":false},"template":"","type_sujet":[83],"class_list":["post-5620","sujets-thematiques","type-sujets-thematiques","status-publish","hentry","type_sujet-first-world-war"],"acf":[],"yoast_head":"<!-- This site is optimized with the Yoast SEO plugin v26.0 - https:\/\/yoast.com\/wordpress\/plugins\/seo\/ -->\n<title>First World War: The Dame Blanche<\/title>\n<meta name=\"description\" content=\"The Dame Blanche, an underground intelligence network in Belgium, Northern France and Luxembourg during the First World War.\" \/>\n<meta name=\"robots\" content=\"index, follow, max-snippet:-1, max-image-preview:large, max-video-preview:-1\" \/>\n<link rel=\"canonical\" href=\"https:\/\/www.landofmemory.eu\/en\/sujets-thematiques\/the-dame-blanche\/\" \/>\n<meta property=\"og:locale\" content=\"en_US\" \/>\n<meta property=\"og:type\" content=\"article\" \/>\n<meta property=\"og:title\" content=\"First World War: The Dame Blanche\" \/>\n<meta property=\"og:description\" content=\"The Dame Blanche, an underground intelligence network in Belgium, Northern France and Luxembourg during the First World War.\" \/>\n<meta property=\"og:url\" content=\"https:\/\/www.landofmemory.eu\/en\/sujets-thematiques\/the-dame-blanche\/\" \/>\n<meta property=\"og:site_name\" content=\"Land Of Memory\" \/>\n<meta property=\"article:publisher\" content=\"https:\/\/www.facebook.com\/landofmemory.eu\" \/>\n<meta property=\"og:image\" content=\"https:\/\/www.landofmemory.eu\/wp-content\/uploads\/2021\/09\/3-2013-10-25-PM-Liege-Chartreuse-Walthere-Dewe-03-300x225.jpeg\" \/>\n<meta name=\"twitter:card\" content=\"summary_large_image\" \/>\n<meta name=\"twitter:label1\" content=\"Est. reading time\" \/>\n\t<meta name=\"twitter:data1\" content=\"1 minute\" \/>\n<script type=\"application\/ld+json\" class=\"yoast-schema-graph\">{\"@context\":\"https:\/\/schema.org\",\"@graph\":[{\"@type\":\"WebPage\",\"@id\":\"https:\/\/www.landofmemory.eu\/en\/sujets-thematiques\/the-dame-blanche\/\",\"url\":\"https:\/\/www.landofmemory.eu\/en\/sujets-thematiques\/the-dame-blanche\/\",\"name\":\"First World War: The Dame Blanche\",\"isPartOf\":{\"@id\":\"https:\/\/www.landofmemory.eu\/#website\"},\"primaryImageOfPage\":{\"@id\":\"https:\/\/www.landofmemory.eu\/en\/sujets-thematiques\/the-dame-blanche\/#primaryimage\"},\"image\":{\"@id\":\"https:\/\/www.landofmemory.eu\/en\/sujets-thematiques\/the-dame-blanche\/#primaryimage\"},\"thumbnailUrl\":\"https:\/\/www.landofmemory.eu\/wp-content\/uploads\/2021\/09\/3-2013-10-25-PM-Liege-Chartreuse-Walthere-Dewe-03-300x225.jpeg\",\"datePublished\":\"2021-11-03T13:21:15+00:00\",\"description\":\"The Dame Blanche, an underground intelligence network in Belgium, Northern France and Luxembourg during the First World War.\",\"breadcrumb\":{\"@id\":\"https:\/\/www.landofmemory.eu\/en\/sujets-thematiques\/the-dame-blanche\/#breadcrumb\"},\"inLanguage\":\"en-US\",\"potentialAction\":[{\"@type\":\"ReadAction\",\"target\":[\"https:\/\/www.landofmemory.eu\/en\/sujets-thematiques\/the-dame-blanche\/\"]}]},{\"@type\":\"ImageObject\",\"inLanguage\":\"en-US\",\"@id\":\"https:\/\/www.landofmemory.eu\/en\/sujets-thematiques\/the-dame-blanche\/#primaryimage\",\"url\":\"https:\/\/www.landofmemory.eu\/wp-content\/uploads\/2021\/09\/3-2013-10-25-PM-Liege-Chartreuse-Walthere-Dewe-03-300x225.jpeg\",\"contentUrl\":\"https:\/\/www.landofmemory.eu\/wp-content\/uploads\/2021\/09\/3-2013-10-25-PM-Liege-Chartreuse-Walthere-Dewe-03-300x225.jpeg\"},{\"@type\":\"BreadcrumbList\",\"@id\":\"https:\/\/www.landofmemory.eu\/en\/sujets-thematiques\/the-dame-blanche\/#breadcrumb\",\"itemListElement\":[{\"@type\":\"ListItem\",\"position\":1,\"name\":\"Accueil\",\"item\":\"https:\/\/www.landofmemory.eu\/\"},{\"@type\":\"ListItem\",\"position\":2,\"name\":\"The Dame Blanche\"}]},{\"@type\":\"WebSite\",\"@id\":\"https:\/\/www.landofmemory.eu\/#website\",\"url\":\"https:\/\/www.landofmemory.eu\/\",\"name\":\"Land Of Memory\",\"description\":\"L&#039;histoire commence ici\",\"publisher\":{\"@id\":\"https:\/\/www.landofmemory.eu\/#organization\"},\"potentialAction\":[{\"@type\":\"SearchAction\",\"target\":{\"@type\":\"EntryPoint\",\"urlTemplate\":\"https:\/\/www.landofmemory.eu\/?s={search_term_string}\"},\"query-input\":{\"@type\":\"PropertyValueSpecification\",\"valueRequired\":true,\"valueName\":\"search_term_string\"}}],\"inLanguage\":\"en-US\"},{\"@type\":\"Organization\",\"@id\":\"https:\/\/www.landofmemory.eu\/#organization\",\"name\":\"Land Of Memory\",\"url\":\"https:\/\/www.landofmemory.eu\/\",\"logo\":{\"@type\":\"ImageObject\",\"inLanguage\":\"en-US\",\"@id\":\"https:\/\/www.landofmemory.eu\/#\/schema\/logo\/image\/\",\"url\":\"https:\/\/www.landofmemory.eu\/wp-content\/uploads\/2022\/10\/logo-land-of-memory.jpg\",\"contentUrl\":\"https:\/\/www.landofmemory.eu\/wp-content\/uploads\/2022\/10\/logo-land-of-memory.jpg\",\"width\":1000,\"height\":500,\"caption\":\"Land Of Memory\"},\"image\":{\"@id\":\"https:\/\/www.landofmemory.eu\/#\/schema\/logo\/image\/\"},\"sameAs\":[\"https:\/\/www.facebook.com\/landofmemory.eu\",\"https:\/\/www.instagram.com\/landofmemory_eu\/\"]}]}<\/script>\n<!-- \/ Yoast SEO plugin. -->","yoast_head_json":{"title":"First World War: The Dame Blanche","description":"The Dame Blanche, an underground intelligence network in Belgium, Northern France and Luxembourg during the First World War.","robots":{"index":"index","follow":"follow","max-snippet":"max-snippet:-1","max-image-preview":"max-image-preview:large","max-video-preview":"max-video-preview:-1"},"canonical":"https:\/\/www.landofmemory.eu\/en\/sujets-thematiques\/the-dame-blanche\/","og_locale":"en_US","og_type":"article","og_title":"First World War: The Dame Blanche","og_description":"The Dame Blanche, an underground intelligence network in Belgium, Northern France and Luxembourg during the First World War.","og_url":"https:\/\/www.landofmemory.eu\/en\/sujets-thematiques\/the-dame-blanche\/","og_site_name":"Land Of Memory","article_publisher":"https:\/\/www.facebook.com\/landofmemory.eu","og_image":[{"url":"https:\/\/www.landofmemory.eu\/wp-content\/uploads\/2021\/09\/3-2013-10-25-PM-Liege-Chartreuse-Walthere-Dewe-03-300x225.jpeg","type":"","width":"","height":""}],"twitter_card":"summary_large_image","twitter_misc":{"Est. reading time":"1 minute"},"schema":{"@context":"https:\/\/schema.org","@graph":[{"@type":"WebPage","@id":"https:\/\/www.landofmemory.eu\/en\/sujets-thematiques\/the-dame-blanche\/","url":"https:\/\/www.landofmemory.eu\/en\/sujets-thematiques\/the-dame-blanche\/","name":"First World War: The Dame Blanche","isPartOf":{"@id":"https:\/\/www.landofmemory.eu\/#website"},"primaryImageOfPage":{"@id":"https:\/\/www.landofmemory.eu\/en\/sujets-thematiques\/the-dame-blanche\/#primaryimage"},"image":{"@id":"https:\/\/www.landofmemory.eu\/en\/sujets-thematiques\/the-dame-blanche\/#primaryimage"},"thumbnailUrl":"https:\/\/www.landofmemory.eu\/wp-content\/uploads\/2021\/09\/3-2013-10-25-PM-Liege-Chartreuse-Walthere-Dewe-03-300x225.jpeg","datePublished":"2021-11-03T13:21:15+00:00","description":"The Dame Blanche, an underground intelligence network in Belgium, Northern France and Luxembourg during the First World War.","breadcrumb":{"@id":"https:\/\/www.landofmemory.eu\/en\/sujets-thematiques\/the-dame-blanche\/#breadcrumb"},"inLanguage":"en-US","potentialAction":[{"@type":"ReadAction","target":["https:\/\/www.landofmemory.eu\/en\/sujets-thematiques\/the-dame-blanche\/"]}]},{"@type":"ImageObject","inLanguage":"en-US","@id":"https:\/\/www.landofmemory.eu\/en\/sujets-thematiques\/the-dame-blanche\/#primaryimage","url":"https:\/\/www.landofmemory.eu\/wp-content\/uploads\/2021\/09\/3-2013-10-25-PM-Liege-Chartreuse-Walthere-Dewe-03-300x225.jpeg","contentUrl":"https:\/\/www.landofmemory.eu\/wp-content\/uploads\/2021\/09\/3-2013-10-25-PM-Liege-Chartreuse-Walthere-Dewe-03-300x225.jpeg"},{"@type":"BreadcrumbList","@id":"https:\/\/www.landofmemory.eu\/en\/sujets-thematiques\/the-dame-blanche\/#breadcrumb","itemListElement":[{"@type":"ListItem","position":1,"name":"Accueil","item":"https:\/\/www.landofmemory.eu\/"},{"@type":"ListItem","position":2,"name":"The Dame Blanche"}]},{"@type":"WebSite","@id":"https:\/\/www.landofmemory.eu\/#website","url":"https:\/\/www.landofmemory.eu\/","name":"Land Of Memory","description":"L&#039;histoire commence ici","publisher":{"@id":"https:\/\/www.landofmemory.eu\/#organization"},"potentialAction":[{"@type":"SearchAction","target":{"@type":"EntryPoint","urlTemplate":"https:\/\/www.landofmemory.eu\/?s={search_term_string}"},"query-input":{"@type":"PropertyValueSpecification","valueRequired":true,"valueName":"search_term_string"}}],"inLanguage":"en-US"},{"@type":"Organization","@id":"https:\/\/www.landofmemory.eu\/#organization","name":"Land Of Memory","url":"https:\/\/www.landofmemory.eu\/","logo":{"@type":"ImageObject","inLanguage":"en-US","@id":"https:\/\/www.landofmemory.eu\/#\/schema\/logo\/image\/","url":"https:\/\/www.landofmemory.eu\/wp-content\/uploads\/2022\/10\/logo-land-of-memory.jpg","contentUrl":"https:\/\/www.landofmemory.eu\/wp-content\/uploads\/2022\/10\/logo-land-of-memory.jpg","width":1000,"height":500,"caption":"Land Of Memory"},"image":{"@id":"https:\/\/www.landofmemory.eu\/#\/schema\/logo\/image\/"},"sameAs":["https:\/\/www.facebook.com\/landofmemory.eu","https:\/\/www.instagram.com\/landofmemory_eu\/"]}]}},"_links":{"self":[{"href":"https:\/\/www.landofmemory.eu\/en\/wp-json\/wp\/v2\/sujets-thematiques\/5620","targetHints":{"allow":["GET"]}}],"collection":[{"href":"https:\/\/www.landofmemory.eu\/en\/wp-json\/wp\/v2\/sujets-thematiques"}],"about":[{"href":"https:\/\/www.landofmemory.eu\/en\/wp-json\/wp\/v2\/types\/sujets-thematiques"}],"wp:attachment":[{"href":"https:\/\/www.landofmemory.eu\/en\/wp-json\/wp\/v2\/media?parent=5620"}],"wp:term":[{"taxonomy":"type_sujet","embeddable":true,"href":"https:\/\/www.landofmemory.eu\/en\/wp-json\/wp\/v2\/type_sujet?post=5620"}],"curies":[{"name":"wp","href":"https:\/\/api.w.org\/{rel}","templated":true}]}}