{"id":5621,"date":"2021-11-03T14:51:37","date_gmt":"2021-11-03T13:51:37","guid":{"rendered":"https:\/\/www.landofmemory.eu\/sujets-thematiques\/alain-fournier-and-the-fighting-writers\/"},"modified":"2022-08-03T11:29:22","modified_gmt":"2022-08-03T09:29:22","slug":"alain-fournier-and-the-fighting-writers","status":"publish","type":"sujets-thematiques","link":"https:\/\/www.landofmemory.eu\/en\/sujets-thematiques\/alain-fournier-and-the-fighting-writers\/","title":{"rendered":"Alain Fournier and the fighting writers"},"content":{"rendered":"\n<p>Among the soldiers, many writers participated in the Great War. In particular, we can mention Alain Fournier, Jean Giono, Charles P\u00e9guy, Maurice Genevoix and Louis Pergaud on the French side. Similarly, Edlef K\u00f6ppen, Ernst J\u00fcnger and Gottfried Benn on the German side. The English poet Wilfred Owen fought on the British side.&#13;\n<\/p>\n\n<p>Many died on the battlefield. Like Psichari, P\u00e9guy&#8217;s friend (son of the founder of the League of Human Rights), who died in Rossignol during the Battle of the Borders. In the Verdun area, Alain Fournier fell near Saint-R\u00e9my-la Calonne. On the Eparges ridge, several memorial sites pay tribute to writers.<\/p>\n\n<div style=\"height:100px\" aria-hidden=\"true\" class=\"wp-block-spacer\"><\/div>\n\n<div class=\"wp-block-columns is-layout-flex wp-container-core-columns-is-layout-9d6595d7 wp-block-columns-is-layout-flex\">\n<div class=\"wp-block-column is-layout-flow wp-block-column-is-layout-flow\">\n<figure class=\"wp-block-gallery columns-1 is-cropped wp-block-gallery-1 is-layout-flex wp-block-gallery-is-layout-flex\"><ul class=\"blocks-gallery-grid\"><li class=\"blocks-gallery-item\"><figure><img loading=\"lazy\" decoding=\"async\" width=\"1000\" height=\"750\" src=\"https:\/\/www.landofmemory.eu\/wp-content\/uploads\/2021\/09\/10-Edlef-Koeppen-widerstand-Goebbels_big_teaser_article.jpeg\" alt=\"Edlef K&#xF6;ppen, 1914.\" data-id=\"2753\" data-full-url=\"https:\/\/www.landofmemory.eu\/wp-content\/uploads\/2021\/09\/10-Edlef-Koeppen-widerstand-Goebbels_big_teaser_article.jpeg\" data-link=\"https:\/\/www.landofmemory.eu\/sujets-thematiques\/ecrivains-combattants\/10-edlef-koeppen-widerstand-goebbels_big_teaser_article-2\" class=\"wp-image-2755\" srcset=\"https:\/\/www.landofmemory.eu\/wp-content\/uploads\/2021\/09\/10-Edlef-Koeppen-widerstand-Goebbels_big_teaser_article.jpeg 1000w, https:\/\/www.landofmemory.eu\/wp-content\/uploads\/2021\/09\/10-Edlef-Koeppen-widerstand-Goebbels_big_teaser_article-300x225.jpeg 300w, https:\/\/www.landofmemory.eu\/wp-content\/uploads\/2021\/09\/10-Edlef-Koeppen-widerstand-Goebbels_big_teaser_article-768x576.jpeg 768w, https:\/\/www.landofmemory.eu\/wp-content\/uploads\/2021\/09\/10-Edlef-Koeppen-widerstand-Goebbels_big_teaser_article-600x450.jpeg 600w\" sizes=\"auto, (max-width: 1000px) 100vw, 1000px\" \/><figcaption class=\"blocks-gallery-item__caption\">Edlef K\u00f6ppen, 1914.<\/figcaption><\/figure><\/li><\/ul><\/figure>\n<\/div>\n\n\n\n<div class=\"wp-block-column is-layout-flow wp-block-column-is-layout-flow\">\n<figure class=\"wp-block-gallery columns-1 is-cropped wp-block-gallery-2 is-layout-flex wp-block-gallery-is-layout-flex\"><ul class=\"blocks-gallery-grid\"><li class=\"blocks-gallery-item\"><figure><img loading=\"lazy\" decoding=\"async\" width=\"1000\" height=\"750\" src=\"https:\/\/www.landofmemory.eu\/wp-content\/uploads\/2021\/09\/6-Ernst_Juenger_inSG.jpeg\" alt=\"Ernst J&#xFC;nger in uniform with his military medals and awards from the First World War.\" data-id=\"2757\" data-full-url=\"https:\/\/www.landofmemory.eu\/wp-content\/uploads\/2021\/09\/6-Ernst_Juenger_inSG.jpeg\" data-link=\"https:\/\/www.landofmemory.eu\/sujets-thematiques\/ecrivains-combattants\/6-ernst_juenger_insg-2\" class=\"wp-image-2759\" srcset=\"https:\/\/www.landofmemory.eu\/wp-content\/uploads\/2021\/09\/6-Ernst_Juenger_inSG.jpeg 1000w, https:\/\/www.landofmemory.eu\/wp-content\/uploads\/2021\/09\/6-Ernst_Juenger_inSG-300x225.jpeg 300w, https:\/\/www.landofmemory.eu\/wp-content\/uploads\/2021\/09\/6-Ernst_Juenger_inSG-768x576.jpeg 768w, https:\/\/www.landofmemory.eu\/wp-content\/uploads\/2021\/09\/6-Ernst_Juenger_inSG-600x450.jpeg 600w\" sizes=\"auto, (max-width: 1000px) 100vw, 1000px\" \/><figcaption class=\"blocks-gallery-item__caption\">Ernst J\u00fcnger in uniform with his military medals and awards from the First World War.<\/figcaption><\/figure><\/li><\/ul><\/figure>\n<\/div>\n\n\n\n<div class=\"wp-block-column is-layout-flow wp-block-column-is-layout-flow\">\n<figure class=\"wp-block-gallery columns-1 is-cropped wp-block-gallery-3 is-layout-flex wp-block-gallery-is-layout-flex\"><ul class=\"blocks-gallery-grid\"><li class=\"blocks-gallery-item\"><figure><img loading=\"lazy\" decoding=\"async\" width=\"1000\" height=\"750\" src=\"https:\/\/www.landofmemory.eu\/wp-content\/uploads\/2021\/09\/9-Alain-Fournier_militaire.jpeg\" alt=\"Alain-Fournier (1886-1914), lieutenant in 1913 at the maneuvers of Caylus.\" data-id=\"2761\" data-full-url=\"https:\/\/www.landofmemory.eu\/wp-content\/uploads\/2021\/09\/9-Alain-Fournier_militaire.jpeg\" data-link=\"https:\/\/www.landofmemory.eu\/sujets-thematiques\/ecrivains-combattants\/9-alain-fournier_militaire-2\" class=\"wp-image-2763\" srcset=\"https:\/\/www.landofmemory.eu\/wp-content\/uploads\/2021\/09\/9-Alain-Fournier_militaire.jpeg 1000w, https:\/\/www.landofmemory.eu\/wp-content\/uploads\/2021\/09\/9-Alain-Fournier_militaire-300x225.jpeg 300w, https:\/\/www.landofmemory.eu\/wp-content\/uploads\/2021\/09\/9-Alain-Fournier_militaire-768x576.jpeg 768w, https:\/\/www.landofmemory.eu\/wp-content\/uploads\/2021\/09\/9-Alain-Fournier_militaire-600x450.jpeg 600w\" sizes=\"auto, (max-width: 1000px) 100vw, 1000px\" \/><figcaption class=\"blocks-gallery-item__caption\">Alain-Fournier (1886-1914), lieutenant in 1913 at the maneuvers of Caylus.<\/figcaption><\/figure><\/li><\/ul><\/figure>\n<\/div>\n<\/div>\n\n<div class=\"wp-block-columns is-layout-flex wp-container-core-columns-is-layout-9d6595d7 wp-block-columns-is-layout-flex\">\n<div class=\"wp-block-column is-layout-flow wp-block-column-is-layout-flow\">\n<figure class=\"wp-block-gallery columns-1 is-cropped wp-block-gallery-4 is-layout-flex wp-block-gallery-is-layout-flex\"><ul class=\"blocks-gallery-grid\"><li class=\"blocks-gallery-item\"><figure><img loading=\"lazy\" decoding=\"async\" width=\"1000\" height=\"750\" src=\"https:\/\/www.landofmemory.eu\/wp-content\/uploads\/2021\/09\/7-Pergaud-1911.jpeg\" alt=\"Louis Pergaud in 1911. \" data-id=\"2765\" data-full-url=\"https:\/\/www.landofmemory.eu\/wp-content\/uploads\/2021\/09\/7-Pergaud-1911.jpeg\" data-link=\"https:\/\/www.landofmemory.eu\/sujets-thematiques\/ecrivains-combattants\/7-pergaud-1911-2\" class=\"wp-image-2767\" srcset=\"https:\/\/www.landofmemory.eu\/wp-content\/uploads\/2021\/09\/7-Pergaud-1911.jpeg 1000w, https:\/\/www.landofmemory.eu\/wp-content\/uploads\/2021\/09\/7-Pergaud-1911-300x225.jpeg 300w, https:\/\/www.landofmemory.eu\/wp-content\/uploads\/2021\/09\/7-Pergaud-1911-768x576.jpeg 768w, https:\/\/www.landofmemory.eu\/wp-content\/uploads\/2021\/09\/7-Pergaud-1911-600x450.jpeg 600w\" sizes=\"auto, (max-width: 1000px) 100vw, 1000px\" \/><figcaption class=\"blocks-gallery-item__caption\">Louis Pergaud in 1911. <\/figcaption><\/figure><\/li><\/ul><\/figure>\n<\/div>\n\n\n\n<div class=\"wp-block-column is-layout-flow wp-block-column-is-layout-flow\">\n<figure class=\"wp-block-gallery columns-1 is-cropped wp-block-gallery-5 is-layout-flex wp-block-gallery-is-layout-flex\"><ul class=\"blocks-gallery-grid\"><li class=\"blocks-gallery-item\"><figure><img loading=\"lazy\" decoding=\"async\" width=\"1000\" height=\"750\" src=\"https:\/\/www.landofmemory.eu\/wp-content\/uploads\/2021\/09\/12-Wilfred_Owen_2.jpeg\" alt=\"Portrait of Wilfred Owen, found in the collection of his poems in 1920.\" data-id=\"2769\" data-full-url=\"https:\/\/www.landofmemory.eu\/wp-content\/uploads\/2021\/09\/12-Wilfred_Owen_2.jpeg\" data-link=\"https:\/\/www.landofmemory.eu\/sujets-thematiques\/ecrivains-combattants\/12-wilfred_owen_2-2\" class=\"wp-image-2771\" srcset=\"https:\/\/www.landofmemory.eu\/wp-content\/uploads\/2021\/09\/12-Wilfred_Owen_2.jpeg 1000w, https:\/\/www.landofmemory.eu\/wp-content\/uploads\/2021\/09\/12-Wilfred_Owen_2-300x225.jpeg 300w, https:\/\/www.landofmemory.eu\/wp-content\/uploads\/2021\/09\/12-Wilfred_Owen_2-768x576.jpeg 768w, https:\/\/www.landofmemory.eu\/wp-content\/uploads\/2021\/09\/12-Wilfred_Owen_2-600x450.jpeg 600w\" sizes=\"auto, (max-width: 1000px) 100vw, 1000px\" \/><figcaption class=\"blocks-gallery-item__caption\">Portrait of Wilfred Owen, found in the collection of his poems in 1920.<\/figcaption><\/figure><\/li><\/ul><\/figure>\n<\/div>\n\n\n\n<div class=\"wp-block-column is-layout-flow wp-block-column-is-layout-flow\">\n<figure class=\"wp-block-gallery columns-1 is-cropped wp-block-gallery-6 is-layout-flex wp-block-gallery-is-layout-flex\"><ul class=\"blocks-gallery-grid\"><li class=\"blocks-gallery-item\"><figure><img loading=\"lazy\" decoding=\"async\" width=\"1000\" height=\"750\" src=\"https:\/\/www.landofmemory.eu\/wp-content\/uploads\/2021\/09\/11-illustration-maurice-genevoix-de-verdun-aux-eparges_1-1.jpeg\" alt=\"Portrait of Maurice Genevoix taken during the first months of the war.\" data-id=\"2773\" data-full-url=\"https:\/\/www.landofmemory.eu\/wp-content\/uploads\/2021\/09\/11-illustration-maurice-genevoix-de-verdun-aux-eparges_1-1.jpeg\" data-link=\"https:\/\/www.landofmemory.eu\/sujets-thematiques\/ecrivains-combattants\/11-illustration-maurice-genevoix-de-verdun-aux-eparges_1-1-2\" class=\"wp-image-2775\" srcset=\"https:\/\/www.landofmemory.eu\/wp-content\/uploads\/2021\/09\/11-illustration-maurice-genevoix-de-verdun-aux-eparges_1-1.jpeg 1000w, https:\/\/www.landofmemory.eu\/wp-content\/uploads\/2021\/09\/11-illustration-maurice-genevoix-de-verdun-aux-eparges_1-1-300x225.jpeg 300w, https:\/\/www.landofmemory.eu\/wp-content\/uploads\/2021\/09\/11-illustration-maurice-genevoix-de-verdun-aux-eparges_1-1-768x576.jpeg 768w, https:\/\/www.landofmemory.eu\/wp-content\/uploads\/2021\/09\/11-illustration-maurice-genevoix-de-verdun-aux-eparges_1-1-600x450.jpeg 600w\" sizes=\"auto, (max-width: 1000px) 100vw, 1000px\" \/><figcaption class=\"blocks-gallery-item__caption\">Portrait of Maurice Genevoix taken during the first months of the war.<\/figcaption><\/figure><\/li><\/ul><\/figure>\n<\/div>\n<\/div>\n","protected":false},"template":"","type_sujet":[31,83],"class_list":["post-5621","sujets-thematiques","type-sujets-thematiques","status-publish","hentry","type_sujet-1914-1918","type_sujet-first-world-war"],"acf":[],"yoast_head":"<!-- This site is optimized with the Yoast SEO plugin v26.0 - https:\/\/yoast.com\/wordpress\/plugins\/seo\/ -->\n<title>Alain Fournier and the fighting writers - Land Of Memory<\/title>\n<meta name=\"description\" content=\"Like Alain Fournier, many warrior writers took part in the First World War, and many died there.\" \/>\n<meta name=\"robots\" content=\"index, follow, max-snippet:-1, max-image-preview:large, max-video-preview:-1\" \/>\n<link rel=\"canonical\" href=\"https:\/\/www.landofmemory.eu\/en\/sujets-thematiques\/alain-fournier-and-the-fighting-writers\/\" \/>\n<meta property=\"og:locale\" content=\"en_US\" \/>\n<meta property=\"og:type\" content=\"article\" \/>\n<meta property=\"og:title\" content=\"Alain Fournier and the fighting writers - Land Of Memory\" \/>\n<meta property=\"og:description\" content=\"Like Alain Fournier, many warrior writers took part in the First World War, and many died there.\" \/>\n<meta property=\"og:url\" content=\"https:\/\/www.landofmemory.eu\/en\/sujets-thematiques\/alain-fournier-and-the-fighting-writers\/\" \/>\n<meta property=\"og:site_name\" content=\"Land Of Memory\" \/>\n<meta property=\"article:publisher\" content=\"https:\/\/www.facebook.com\/landofmemory.eu\" \/>\n<meta property=\"article:modified_time\" content=\"2022-08-03T09:29:22+00:00\" \/>\n<meta property=\"og:image\" content=\"https:\/\/www.landofmemory.eu\/wp-content\/uploads\/2021\/09\/10-Edlef-Koeppen-widerstand-Goebbels_big_teaser_article.jpeg\" \/>\n<meta name=\"twitter:card\" content=\"summary_large_image\" \/>\n<meta name=\"twitter:label1\" content=\"Est. reading time\" \/>\n\t<meta name=\"twitter:data1\" content=\"1 minute\" \/>\n<script type=\"application\/ld+json\" class=\"yoast-schema-graph\">{\"@context\":\"https:\/\/schema.org\",\"@graph\":[{\"@type\":\"WebPage\",\"@id\":\"https:\/\/www.landofmemory.eu\/en\/sujets-thematiques\/alain-fournier-and-the-fighting-writers\/\",\"url\":\"https:\/\/www.landofmemory.eu\/en\/sujets-thematiques\/alain-fournier-and-the-fighting-writers\/\",\"name\":\"Alain Fournier and the fighting writers - Land Of Memory\",\"isPartOf\":{\"@id\":\"https:\/\/www.landofmemory.eu\/#website\"},\"primaryImageOfPage\":{\"@id\":\"https:\/\/www.landofmemory.eu\/en\/sujets-thematiques\/alain-fournier-and-the-fighting-writers\/#primaryimage\"},\"image\":{\"@id\":\"https:\/\/www.landofmemory.eu\/en\/sujets-thematiques\/alain-fournier-and-the-fighting-writers\/#primaryimage\"},\"thumbnailUrl\":\"https:\/\/www.landofmemory.eu\/wp-content\/uploads\/2021\/09\/10-Edlef-Koeppen-widerstand-Goebbels_big_teaser_article.jpeg\",\"datePublished\":\"2021-11-03T13:51:37+00:00\",\"dateModified\":\"2022-08-03T09:29:22+00:00\",\"description\":\"Like Alain Fournier, many warrior writers took part in the First World War, and many died there.\",\"breadcrumb\":{\"@id\":\"https:\/\/www.landofmemory.eu\/en\/sujets-thematiques\/alain-fournier-and-the-fighting-writers\/#breadcrumb\"},\"inLanguage\":\"en-US\",\"potentialAction\":[{\"@type\":\"ReadAction\",\"target\":[\"https:\/\/www.landofmemory.eu\/en\/sujets-thematiques\/alain-fournier-and-the-fighting-writers\/\"]}]},{\"@type\":\"ImageObject\",\"inLanguage\":\"en-US\",\"@id\":\"https:\/\/www.landofmemory.eu\/en\/sujets-thematiques\/alain-fournier-and-the-fighting-writers\/#primaryimage\",\"url\":\"https:\/\/www.landofmemory.eu\/wp-content\/uploads\/2021\/09\/10-Edlef-Koeppen-widerstand-Goebbels_big_teaser_article.jpeg\",\"contentUrl\":\"https:\/\/www.landofmemory.eu\/wp-content\/uploads\/2021\/09\/10-Edlef-Koeppen-widerstand-Goebbels_big_teaser_article.jpeg\"},{\"@type\":\"BreadcrumbList\",\"@id\":\"https:\/\/www.landofmemory.eu\/en\/sujets-thematiques\/alain-fournier-and-the-fighting-writers\/#breadcrumb\",\"itemListElement\":[{\"@type\":\"ListItem\",\"position\":1,\"name\":\"Accueil\",\"item\":\"https:\/\/www.landofmemory.eu\/\"},{\"@type\":\"ListItem\",\"position\":2,\"name\":\"Alain Fournier and the fighting writers\"}]},{\"@type\":\"WebSite\",\"@id\":\"https:\/\/www.landofmemory.eu\/#website\",\"url\":\"https:\/\/www.landofmemory.eu\/\",\"name\":\"Land Of Memory\",\"description\":\"L&#039;histoire commence ici\",\"publisher\":{\"@id\":\"https:\/\/www.landofmemory.eu\/#organization\"},\"potentialAction\":[{\"@type\":\"SearchAction\",\"target\":{\"@type\":\"EntryPoint\",\"urlTemplate\":\"https:\/\/www.landofmemory.eu\/?s={search_term_string}\"},\"query-input\":{\"@type\":\"PropertyValueSpecification\",\"valueRequired\":true,\"valueName\":\"search_term_string\"}}],\"inLanguage\":\"en-US\"},{\"@type\":\"Organization\",\"@id\":\"https:\/\/www.landofmemory.eu\/#organization\",\"name\":\"Land Of Memory\",\"url\":\"https:\/\/www.landofmemory.eu\/\",\"logo\":{\"@type\":\"ImageObject\",\"inLanguage\":\"en-US\",\"@id\":\"https:\/\/www.landofmemory.eu\/#\/schema\/logo\/image\/\",\"url\":\"https:\/\/www.landofmemory.eu\/wp-content\/uploads\/2022\/10\/logo-land-of-memory.jpg\",\"contentUrl\":\"https:\/\/www.landofmemory.eu\/wp-content\/uploads\/2022\/10\/logo-land-of-memory.jpg\",\"width\":1000,\"height\":500,\"caption\":\"Land Of Memory\"},\"image\":{\"@id\":\"https:\/\/www.landofmemory.eu\/#\/schema\/logo\/image\/\"},\"sameAs\":[\"https:\/\/www.facebook.com\/landofmemory.eu\",\"https:\/\/www.instagram.com\/landofmemory_eu\/\"]}]}<\/script>\n<!-- \/ Yoast SEO plugin. -->","yoast_head_json":{"title":"Alain Fournier and the fighting writers - Land Of Memory","description":"Like Alain Fournier, many warrior writers took part in the First World War, and many died there.","robots":{"index":"index","follow":"follow","max-snippet":"max-snippet:-1","max-image-preview":"max-image-preview:large","max-video-preview":"max-video-preview:-1"},"canonical":"https:\/\/www.landofmemory.eu\/en\/sujets-thematiques\/alain-fournier-and-the-fighting-writers\/","og_locale":"en_US","og_type":"article","og_title":"Alain Fournier and the fighting writers - Land Of Memory","og_description":"Like Alain Fournier, many warrior writers took part in the First World War, and many died there.","og_url":"https:\/\/www.landofmemory.eu\/en\/sujets-thematiques\/alain-fournier-and-the-fighting-writers\/","og_site_name":"Land Of Memory","article_publisher":"https:\/\/www.facebook.com\/landofmemory.eu","article_modified_time":"2022-08-03T09:29:22+00:00","og_image":[{"url":"https:\/\/www.landofmemory.eu\/wp-content\/uploads\/2021\/09\/10-Edlef-Koeppen-widerstand-Goebbels_big_teaser_article.jpeg","type":"","width":"","height":""}],"twitter_card":"summary_large_image","twitter_misc":{"Est. reading time":"1 minute"},"schema":{"@context":"https:\/\/schema.org","@graph":[{"@type":"WebPage","@id":"https:\/\/www.landofmemory.eu\/en\/sujets-thematiques\/alain-fournier-and-the-fighting-writers\/","url":"https:\/\/www.landofmemory.eu\/en\/sujets-thematiques\/alain-fournier-and-the-fighting-writers\/","name":"Alain Fournier and the fighting writers - Land Of Memory","isPartOf":{"@id":"https:\/\/www.landofmemory.eu\/#website"},"primaryImageOfPage":{"@id":"https:\/\/www.landofmemory.eu\/en\/sujets-thematiques\/alain-fournier-and-the-fighting-writers\/#primaryimage"},"image":{"@id":"https:\/\/www.landofmemory.eu\/en\/sujets-thematiques\/alain-fournier-and-the-fighting-writers\/#primaryimage"},"thumbnailUrl":"https:\/\/www.landofmemory.eu\/wp-content\/uploads\/2021\/09\/10-Edlef-Koeppen-widerstand-Goebbels_big_teaser_article.jpeg","datePublished":"2021-11-03T13:51:37+00:00","dateModified":"2022-08-03T09:29:22+00:00","description":"Like Alain Fournier, many warrior writers took part in the First World War, and many died there.","breadcrumb":{"@id":"https:\/\/www.landofmemory.eu\/en\/sujets-thematiques\/alain-fournier-and-the-fighting-writers\/#breadcrumb"},"inLanguage":"en-US","potentialAction":[{"@type":"ReadAction","target":["https:\/\/www.landofmemory.eu\/en\/sujets-thematiques\/alain-fournier-and-the-fighting-writers\/"]}]},{"@type":"ImageObject","inLanguage":"en-US","@id":"https:\/\/www.landofmemory.eu\/en\/sujets-thematiques\/alain-fournier-and-the-fighting-writers\/#primaryimage","url":"https:\/\/www.landofmemory.eu\/wp-content\/uploads\/2021\/09\/10-Edlef-Koeppen-widerstand-Goebbels_big_teaser_article.jpeg","contentUrl":"https:\/\/www.landofmemory.eu\/wp-content\/uploads\/2021\/09\/10-Edlef-Koeppen-widerstand-Goebbels_big_teaser_article.jpeg"},{"@type":"BreadcrumbList","@id":"https:\/\/www.landofmemory.eu\/en\/sujets-thematiques\/alain-fournier-and-the-fighting-writers\/#breadcrumb","itemListElement":[{"@type":"ListItem","position":1,"name":"Accueil","item":"https:\/\/www.landofmemory.eu\/"},{"@type":"ListItem","position":2,"name":"Alain Fournier and the fighting writers"}]},{"@type":"WebSite","@id":"https:\/\/www.landofmemory.eu\/#website","url":"https:\/\/www.landofmemory.eu\/","name":"Land Of Memory","description":"L&#039;histoire commence ici","publisher":{"@id":"https:\/\/www.landofmemory.eu\/#organization"},"potentialAction":[{"@type":"SearchAction","target":{"@type":"EntryPoint","urlTemplate":"https:\/\/www.landofmemory.eu\/?s={search_term_string}"},"query-input":{"@type":"PropertyValueSpecification","valueRequired":true,"valueName":"search_term_string"}}],"inLanguage":"en-US"},{"@type":"Organization","@id":"https:\/\/www.landofmemory.eu\/#organization","name":"Land Of Memory","url":"https:\/\/www.landofmemory.eu\/","logo":{"@type":"ImageObject","inLanguage":"en-US","@id":"https:\/\/www.landofmemory.eu\/#\/schema\/logo\/image\/","url":"https:\/\/www.landofmemory.eu\/wp-content\/uploads\/2022\/10\/logo-land-of-memory.jpg","contentUrl":"https:\/\/www.landofmemory.eu\/wp-content\/uploads\/2022\/10\/logo-land-of-memory.jpg","width":1000,"height":500,"caption":"Land Of Memory"},"image":{"@id":"https:\/\/www.landofmemory.eu\/#\/schema\/logo\/image\/"},"sameAs":["https:\/\/www.facebook.com\/landofmemory.eu","https:\/\/www.instagram.com\/landofmemory_eu\/"]}]}},"_links":{"self":[{"href":"https:\/\/www.landofmemory.eu\/en\/wp-json\/wp\/v2\/sujets-thematiques\/5621","targetHints":{"allow":["GET"]}}],"collection":[{"href":"https:\/\/www.landofmemory.eu\/en\/wp-json\/wp\/v2\/sujets-thematiques"}],"about":[{"href":"https:\/\/www.landofmemory.eu\/en\/wp-json\/wp\/v2\/types\/sujets-thematiques"}],"wp:attachment":[{"href":"https:\/\/www.landofmemory.eu\/en\/wp-json\/wp\/v2\/media?parent=5621"}],"wp:term":[{"taxonomy":"type_sujet","embeddable":true,"href":"https:\/\/www.landofmemory.eu\/en\/wp-json\/wp\/v2\/type_sujet?post=5621"}],"curies":[{"name":"wp","href":"https:\/\/api.w.org\/{rel}","templated":true}]}}