{"id":12514,"date":"2022-12-13T10:58:39","date_gmt":"2022-12-13T09:58:39","guid":{"rendered":"https:\/\/www.landofmemory.eu\/our-common-heritage-kredieten-bronnen-exhibitie-partners\/"},"modified":"2022-12-13T10:58:39","modified_gmt":"2022-12-13T09:58:39","slug":"our-common-heritage-kredieten-bronnen-exhibitie-partners","status":"publish","type":"page","link":"https:\/\/www.landofmemory.eu\/nl\/our-common-heritage-kredieten-bronnen-exhibitie-partners\/","title":{"rendered":"&#8220;Our Common Heritage&#8221;: KREDIETEN, BRONNEN &#038; EXHIBITIE PARTNERS"},"content":{"rendered":"\n<h2 class=\"has-text-align-center wp-block-heading\"><strong>KREDIETEN<\/strong><\/h2>\n\n<h4 class=\"has-text-align-center wp-block-heading\">Algemeen ontwerp &amp; productie:<br\/>&#13;\n<strong><a href=\"https:\/\/verhulst.be\/fr\/\" target=\"_blank\" rel=\"noreferrer noopener\">Verhulst &amp; Friends<br\/><\/a>&#13;\n<a href=\"https:\/\/www.sense-agency.eu\/\" target=\"_blank\" rel=\"noreferrer noopener\">Sense Brussels<\/a><\/strong><\/h4>\n\n<h4 class=\"has-text-align-center wp-block-heading\">Scenografie: <br\/>&#13;\n<strong>Marcos Vi\u00f1als Bassols<\/strong>&#13;\n<\/h4>\n\n<h2 class=\"has-text-align-center wp-block-heading\"><strong>DOCUMENTAIRE EN VISUELE BRONNEN<\/strong>&#13;\n&#13;\n<\/h2>\n\n<p class=\"has-text-align-center\">Aim\u00e9 Knepper<br\/>Archive Yves Joie<br\/>Archives AD55<br\/>Archives de la Croix Rouge luxembourgeoise<br\/>Archives de la Ville de Dudelange<br\/>Archives d\u00e9partementales de la Meuse<br\/>Archives de l\u2019\u00c9tat \u00e0 Li\u00e8ge<br\/>Archives de l\u2019\u00c9tat \u00e0 Namur<br\/>Archives de la Croix Rouge luxembourgeoise<br\/>Archives g\u00e9n\u00e9rales du Royaume<br\/>Archives nationales de France<br\/>Archives ULB, Bruxelles<br\/>Association Racines et M\u00e9moires du Territoire<br\/>Association Raymond Leblanc<br\/>ATLB, P. Ghislain<br\/>ATLB, S. Preudhomme<br\/>Bastogne War Museum<br\/>Baugnez 44 Historical Museum<br\/>Bernard Wilkin, Chef de travaux \u2013 Archives de l\u2019\u00c9tat \u00e0 Li\u00e8ge<br\/>Biblioth\u00e8que nationale de France \/ Gallica<br\/>Biblioth\u00e8que nationale et universitaire de Zagreb<br\/>Blegny-Mine &amp; le Centre li\u00e9geois d\u2019archives et de documentation de l\u2019industrie charbonni\u00e8re (CLADIC)<br\/>British Pathe<br\/>Bundesarchiv<br\/>Bureau Stabil<br\/>Caserne Dossuin<br\/>Centre de documentation de l\u2019Ourthe moyenne<br\/>Cercle d\u2019histoire et de traditions de Libin<br\/>Cercle d\u2019histoire et d\u2019arch\u00e9ologie de Bastogne<br\/>Cercle historique \u00ab Aux sources du Chiers \u00bb<br\/>Cercle historique \u00ab Terre de Neufch\u00e2teau \u00bb<br\/>Cit\u00e9 Miroir et les Territoires de la M\u00e9moire<br\/>Collection A.E. Arlon<br\/>Collection Carhop<br\/>Collection Fonds d\u2019Histoire du Mouvement wallon \u2013 Li\u00e8ge<br\/>Collection \u00ab Front de Sauvegarde du fort de Loncin \u00bb<br\/>Collection J. Degive<br\/>Collection P. Dumont<br\/>Collection Piconrue \u2013 Mus\u00e9e de la Grande Ardenne<br\/>Collection Pil\u00e2tre de Rozier<br\/>Collection priv\u00e9e \u2013 Fr. Bellin<br\/>Collection priv\u00e9e Lohest-Schmets-Mawet<br\/>Collection Vinciane Delforge-Pirenne \u2013 Universit\u00e9 de Li\u00e8ge<br\/>Commission europ\u00e9enne<br\/>CRCH \u2013 Histoire, Louvain-la-Neuve<br\/>Daniel et Stefan Koppelkamm<br\/>Dany Dawance, Fonds Luxemburgensia<br\/>David Colling, Mus\u00e9e Gaspar Arlon<br\/>December 44 Historical Museum<br\/>D\u00e9partement de la Meuse<br\/>Der Tintenfisch. Hg. Koppelkamm, Bruno. Juli 1948, Nr. 2, Jg 1<br\/>Deutsche Bundespost<br\/>Dr. Rolf Wittenbrock<br\/>\u00c9comus\u00e9e du Creusot-Montceau<br\/>ECPAD<br\/>Emmanuel Hannotin, collectionneur priv\u00e9<br\/>EPCC \u2013 M\u00e9morial de Verdun<br\/>Europeana<br\/>Famenne Art Museum<br\/>Fondation Raymond Leblanc<br\/>Fonds Charles Gaspar ONIG \u2013 Archives de l\u2019Etat-Arlon<br\/>Fonds d\u2019art contemporain \u2013 Paris collections<br\/>Fonds d\u2019histoire du mouvement wallon<br\/>Fotoarchiv Anneliese Knoop-Graf<br\/>Fort d\u2019Eben-Emael<br\/>Fourneau Saint-Michel<br\/>Fran\u00e7ois Bellin, collectionneur priv\u00e9<br\/>Christian Dujardin<br\/>Guy et Luc Pierrard<br\/>Frank Rockenbrod, collectionneur priv\u00e9<br\/>Frans Masereel Stiftung<br\/>General Patton Memorial Museum Ettelbruck<br\/>Gamma Rapho<br\/>Getty images<br\/>Getty Images \u2013 Hulton Archives<br\/>Harold Feinstein, Coney Island Teenagers (1949). Courtesy Galerie Thierry Bigaignon<br\/>Historisches Museum Saar<br\/>Historisches Museum, Foto Scherer, Wierbelskirchen<br\/>Hochschule der Bildenden K\u00fcnste Saar, Caroline Veith<br\/>Image Est<br\/>Imprimerie Saint-Paul s.a.<br\/>Institut Theodore Gouvy<br\/>Ir\u00e8ne Cl\u00e9ment- Collection SI Jamoigne<br\/>Jacques Degive, collectionneur priv\u00e9<br\/>Jean-Louis P\u00e9riquet, collectionneur priv\u00e9<br\/>Jean-Michel Bodelet, historien<br\/>Joseph L\u00e9onard-Collection priv\u00e9e<br\/>Julie Richter, Directrice artistique Sense Agency<br\/>K8 Institut f\u00fcr strategische \u00c4sthetik<br\/>Lacontemporaine<br\/>Landesarchiv des Saarlandes<br\/>Landeszentrale f\u00fcr politische Bildung<br\/>Laurent Jalabert, Ma\u00eetre de Conf\u00e9rences HDR en histoire moderne \u00e0 l\u2019Universit\u00e9 de Lorraine<br\/>Literaturarchiv Saar-Lor-Lux<br\/>LPM Historisches Museum<br\/>Luxemburger Wort \u2013 Groupe Saint-Paul<br\/>Magyar Kereskedelmi \u00e9s Vend\u00e9gl\u00e1t\u00f3ipari M\u00fazeum \u2013 Budapest<br\/>Maison de la M\u00e9tallurgie et de l\u2019Industrie<br\/>Malmundarium<br\/>Maurice Petit, historien<br\/>M\u00e9morial de Verdun<br\/>Michel Trigalet, Archives de l\u2019Etat \u00e0 Arlon<br\/>Mission Histoire du d\u00e9partement de la Meuse<br\/>Mudia, l\u2019art autrement<br\/>Mus\u00e9e Baillet Latour et mus\u00e9e des guerres en Gaume<br\/>Mus\u00e9e Curie<br\/>Mus\u00e9e d\u2019Arch\u00e9ologie et d\u2019Histoire de Vis\u00e9<br\/>Mus\u00e9e de la Vie wallonne<br\/>Mus\u00e9e des Beaux-Arts \u2013 La Boverie<br\/>Mus\u00e9e des Chasseurs Ardennais<br\/>Mus\u00e9e europ\u00e9en Schengen<br\/>Mus\u00e9e Gaspar<br\/>Mus\u00e9e gaumais<br\/>Mus\u00e9e National d\u2019Histoire Militaire de Diekirch<br\/>Mus\u00e9e r\u00e9gional de Vis\u00e9<br\/>Nara-signalcorps<br\/>NARA, Washington (Collection Frank Rockenbrod)<br\/>Nationaal Archief<br\/>National Archives and Records Administration<br\/>National Portrait Gallery<br\/>NOAA<br\/>Office de Tourisme des Portes de Verdun<br\/>\u00d6sterreichische Nationalbibliothek<br\/>Patrice Dumont, collectionneur priv\u00e9<br\/>Phototh\u00e8que de la Ville de Luxembourg<br\/>Piconrue \u2013 Mus\u00e9e de la Grande Ardenne<br\/>Pierre-Alain Tallier, Archives g\u00e9n\u00e9rales du Royaume<br\/>P\u00f4le image de la R\u00e9gion Grand Est<br\/>Post Luxembourg<br\/>Regionalverband Saarbr\u00fccken<br\/>Reuters Robert Us Archives<br\/>RMN<br\/>Roger-Viollet<br\/>Roland Stigulinszky<br\/>Royal Syndicat d\u2019Initiative d\u2019Houffalize<br\/>Schmidt<br\/>Science Photo Library in Belgium<br\/>SHD<br\/>S.I. Vierre et Semois de Jamoigne<br\/>Saarlandmuseum<br\/>Saarl\u00e4ndische Universit\u00e4ts- und Landesbibliothek<br\/>Service historique de la D\u00e9fense<br\/>Services provinciaux li\u00e9geois<br\/>Stadtarchiv Darmstadt<br\/>Staatsarchiv \u2013 Eupen<br\/>Stadtarchiv Saarbruecken<br\/>Stadtarchiv V\u00f6lklingen<br\/>Stiftung Saarl\u00e4ndischer Kulturbesitz\/Saarland Museum<br\/>SR.DE<br\/>Studio D\u2019Harcourt<br\/>Syst\u00e8me d\u2019Information G\u00e9ographique de la Grande R\u00e9gion<br\/>Universit\u00e4t Osnabr\u00fcck<br\/>University of California, Berkeley \u2013 The Bancroft Library<br\/>Universit\u00e9 de Li\u00e8ge<br\/>US Army Center For Military History<br\/>US Government<br\/>Ville de Li\u00e8ge<br\/>War Heritage Institute<br\/>Wikimedia Common<br\/>Za Rodinu<\/p>\n\n<h2 class=\"has-text-align-center wp-block-heading\">PARTNERS<\/h2>\n\n<figure class=\"wp-block-image alignfull size-full\"><img loading=\"lazy\" decoding=\"async\" width=\"1852\" height=\"450\" src=\"https:\/\/www.landofmemory.eu\/wp-content\/uploads\/2022\/12\/PARTENAIRES.png\" alt=\"\" class=\"wp-image-12491\" srcset=\"https:\/\/www.landofmemory.eu\/wp-content\/uploads\/2022\/12\/PARTENAIRES.png 1852w, https:\/\/www.landofmemory.eu\/wp-content\/uploads\/2022\/12\/PARTENAIRES-300x73.png 300w, https:\/\/www.landofmemory.eu\/wp-content\/uploads\/2022\/12\/PARTENAIRES-1024x249.png 1024w, https:\/\/www.landofmemory.eu\/wp-content\/uploads\/2022\/12\/PARTENAIRES-768x187.png 768w, https:\/\/www.landofmemory.eu\/wp-content\/uploads\/2022\/12\/PARTENAIRES-1536x373.png 1536w, https:\/\/www.landofmemory.eu\/wp-content\/uploads\/2022\/12\/PARTENAIRES-600x146.png 600w\" sizes=\"auto, (max-width: 1852px) 100vw, 1852px\" \/><\/figure>\n","protected":false},"excerpt":{"rendered":"<p>KREDIETEN Algemeen ontwerp &amp; productie:&#13; Verhulst &amp; Friends&#13; Sense Brussels Scenografie: &#13; Marcos Vi\u00f1als Bassols&#13; DOCUMENTAIRE EN VISUELE BRONNEN&#13; &#13; Aim\u00e9 KnepperArchive Yves JoieArchives AD55Archives de la Croix Rouge luxembourgeoiseArchives de la Ville de DudelangeArchives d\u00e9partementales de la MeuseArchives de l\u2019\u00c9tat \u00e0 Li\u00e8geArchives de l\u2019\u00c9tat \u00e0 NamurArchives de la Croix Rouge luxembourgeoiseArchives g\u00e9n\u00e9rales du RoyaumeArchives [&hellip;]<\/p>\n","protected":false},"author":6,"featured_media":0,"parent":0,"menu_order":0,"comment_status":"closed","ping_status":"closed","template":"page-courante.php","meta":{"_acf_changed":false,"footnotes":""},"class_list":["post-12514","page","type-page","status-publish","hentry"],"acf":[],"yoast_head":"<!-- This site is optimized with the Yoast SEO plugin v26.0 - https:\/\/yoast.com\/wordpress\/plugins\/seo\/ -->\n<title>&quot;Our Common Heritage&quot;: KREDIETEN, BRONNEN &amp; EXHIBITIE PARTNERS - Land Of Memory<\/title>\n<meta name=\"description\" content=\"&quot;Our Common Heritage&quot;: KREDIETEN, BRONNEN &amp; EXHIBITIE PARTNERS. Alle informatie over het project en zijn partners.\" \/>\n<meta name=\"robots\" content=\"index, follow, max-snippet:-1, max-image-preview:large, max-video-preview:-1\" \/>\n<link rel=\"canonical\" href=\"https:\/\/www.landofmemory.eu\/nl\/our-common-heritage-kredieten-bronnen-exhibitie-partners\/\" \/>\n<meta property=\"og:locale\" content=\"nl_NL\" \/>\n<meta property=\"og:type\" content=\"article\" \/>\n<meta property=\"og:title\" content=\"&quot;Our Common Heritage&quot;: KREDIETEN, BRONNEN &amp; EXHIBITIE PARTNERS - Land Of Memory\" \/>\n<meta property=\"og:description\" content=\"&quot;Our Common Heritage&quot;: KREDIETEN, BRONNEN &amp; EXHIBITIE PARTNERS. Alle informatie over het project en zijn partners.\" \/>\n<meta property=\"og:url\" content=\"https:\/\/www.landofmemory.eu\/nl\/our-common-heritage-kredieten-bronnen-exhibitie-partners\/\" \/>\n<meta property=\"og:site_name\" content=\"Land Of Memory\" \/>\n<meta property=\"article:publisher\" content=\"https:\/\/www.facebook.com\/landofmemory.eu\" \/>\n<meta property=\"og:image\" content=\"https:\/\/www.landofmemory.eu\/wp-content\/uploads\/2022\/12\/PARTENAIRES.png\" \/>\n<meta name=\"twitter:card\" content=\"summary_large_image\" \/>\n<meta name=\"twitter:label1\" content=\"Geschatte leestijd\" \/>\n\t<meta name=\"twitter:data1\" content=\"3 minuten\" \/>\n<script type=\"application\/ld+json\" class=\"yoast-schema-graph\">{\"@context\":\"https:\/\/schema.org\",\"@graph\":[{\"@type\":\"WebPage\",\"@id\":\"https:\/\/www.landofmemory.eu\/nl\/our-common-heritage-kredieten-bronnen-exhibitie-partners\/\",\"url\":\"https:\/\/www.landofmemory.eu\/nl\/our-common-heritage-kredieten-bronnen-exhibitie-partners\/\",\"name\":\"\\\"Our Common Heritage\\\": KREDIETEN, BRONNEN & EXHIBITIE PARTNERS - Land Of Memory\",\"isPartOf\":{\"@id\":\"https:\/\/www.landofmemory.eu\/#website\"},\"primaryImageOfPage\":{\"@id\":\"https:\/\/www.landofmemory.eu\/nl\/our-common-heritage-kredieten-bronnen-exhibitie-partners\/#primaryimage\"},\"image\":{\"@id\":\"https:\/\/www.landofmemory.eu\/nl\/our-common-heritage-kredieten-bronnen-exhibitie-partners\/#primaryimage\"},\"thumbnailUrl\":\"https:\/\/www.landofmemory.eu\/wp-content\/uploads\/2022\/12\/PARTENAIRES.png\",\"datePublished\":\"2022-12-13T09:58:39+00:00\",\"description\":\"\\\"Our Common Heritage\\\": KREDIETEN, BRONNEN & EXHIBITIE PARTNERS. Alle informatie over het project en zijn partners.\",\"breadcrumb\":{\"@id\":\"https:\/\/www.landofmemory.eu\/nl\/our-common-heritage-kredieten-bronnen-exhibitie-partners\/#breadcrumb\"},\"inLanguage\":\"nl-NL\",\"potentialAction\":[{\"@type\":\"ReadAction\",\"target\":[\"https:\/\/www.landofmemory.eu\/nl\/our-common-heritage-kredieten-bronnen-exhibitie-partners\/\"]}]},{\"@type\":\"ImageObject\",\"inLanguage\":\"nl-NL\",\"@id\":\"https:\/\/www.landofmemory.eu\/nl\/our-common-heritage-kredieten-bronnen-exhibitie-partners\/#primaryimage\",\"url\":\"https:\/\/www.landofmemory.eu\/wp-content\/uploads\/2022\/12\/PARTENAIRES.png\",\"contentUrl\":\"https:\/\/www.landofmemory.eu\/wp-content\/uploads\/2022\/12\/PARTENAIRES.png\"},{\"@type\":\"BreadcrumbList\",\"@id\":\"https:\/\/www.landofmemory.eu\/nl\/our-common-heritage-kredieten-bronnen-exhibitie-partners\/#breadcrumb\",\"itemListElement\":[{\"@type\":\"ListItem\",\"position\":1,\"name\":\"Accueil\",\"item\":\"https:\/\/www.landofmemory.eu\/\"},{\"@type\":\"ListItem\",\"position\":2,\"name\":\"&#8220;Our Common Heritage&#8221;: KREDIETEN, BRONNEN &#038; EXHIBITIE PARTNERS\"}]},{\"@type\":\"WebSite\",\"@id\":\"https:\/\/www.landofmemory.eu\/#website\",\"url\":\"https:\/\/www.landofmemory.eu\/\",\"name\":\"Land Of Memory\",\"description\":\"L&#039;histoire commence ici\",\"publisher\":{\"@id\":\"https:\/\/www.landofmemory.eu\/#organization\"},\"potentialAction\":[{\"@type\":\"SearchAction\",\"target\":{\"@type\":\"EntryPoint\",\"urlTemplate\":\"https:\/\/www.landofmemory.eu\/?s={search_term_string}\"},\"query-input\":{\"@type\":\"PropertyValueSpecification\",\"valueRequired\":true,\"valueName\":\"search_term_string\"}}],\"inLanguage\":\"nl-NL\"},{\"@type\":\"Organization\",\"@id\":\"https:\/\/www.landofmemory.eu\/#organization\",\"name\":\"Land Of Memory\",\"url\":\"https:\/\/www.landofmemory.eu\/\",\"logo\":{\"@type\":\"ImageObject\",\"inLanguage\":\"nl-NL\",\"@id\":\"https:\/\/www.landofmemory.eu\/#\/schema\/logo\/image\/\",\"url\":\"https:\/\/www.landofmemory.eu\/wp-content\/uploads\/2022\/10\/logo-land-of-memory.jpg\",\"contentUrl\":\"https:\/\/www.landofmemory.eu\/wp-content\/uploads\/2022\/10\/logo-land-of-memory.jpg\",\"width\":1000,\"height\":500,\"caption\":\"Land Of Memory\"},\"image\":{\"@id\":\"https:\/\/www.landofmemory.eu\/#\/schema\/logo\/image\/\"},\"sameAs\":[\"https:\/\/www.facebook.com\/landofmemory.eu\",\"https:\/\/www.instagram.com\/landofmemory_eu\/\"]}]}<\/script>\n<!-- \/ Yoast SEO plugin. -->","yoast_head_json":{"title":"\"Our Common Heritage\": KREDIETEN, BRONNEN & EXHIBITIE PARTNERS - Land Of Memory","description":"\"Our Common Heritage\": KREDIETEN, BRONNEN & EXHIBITIE PARTNERS. Alle informatie over het project en zijn partners.","robots":{"index":"index","follow":"follow","max-snippet":"max-snippet:-1","max-image-preview":"max-image-preview:large","max-video-preview":"max-video-preview:-1"},"canonical":"https:\/\/www.landofmemory.eu\/nl\/our-common-heritage-kredieten-bronnen-exhibitie-partners\/","og_locale":"nl_NL","og_type":"article","og_title":"\"Our Common Heritage\": KREDIETEN, BRONNEN & EXHIBITIE PARTNERS - Land Of Memory","og_description":"\"Our Common Heritage\": KREDIETEN, BRONNEN & EXHIBITIE PARTNERS. Alle informatie over het project en zijn partners.","og_url":"https:\/\/www.landofmemory.eu\/nl\/our-common-heritage-kredieten-bronnen-exhibitie-partners\/","og_site_name":"Land Of Memory","article_publisher":"https:\/\/www.facebook.com\/landofmemory.eu","og_image":[{"url":"https:\/\/www.landofmemory.eu\/wp-content\/uploads\/2022\/12\/PARTENAIRES.png","type":"","width":"","height":""}],"twitter_card":"summary_large_image","twitter_misc":{"Geschatte leestijd":"3 minuten"},"schema":{"@context":"https:\/\/schema.org","@graph":[{"@type":"WebPage","@id":"https:\/\/www.landofmemory.eu\/nl\/our-common-heritage-kredieten-bronnen-exhibitie-partners\/","url":"https:\/\/www.landofmemory.eu\/nl\/our-common-heritage-kredieten-bronnen-exhibitie-partners\/","name":"\"Our Common Heritage\": KREDIETEN, BRONNEN & EXHIBITIE PARTNERS - Land Of Memory","isPartOf":{"@id":"https:\/\/www.landofmemory.eu\/#website"},"primaryImageOfPage":{"@id":"https:\/\/www.landofmemory.eu\/nl\/our-common-heritage-kredieten-bronnen-exhibitie-partners\/#primaryimage"},"image":{"@id":"https:\/\/www.landofmemory.eu\/nl\/our-common-heritage-kredieten-bronnen-exhibitie-partners\/#primaryimage"},"thumbnailUrl":"https:\/\/www.landofmemory.eu\/wp-content\/uploads\/2022\/12\/PARTENAIRES.png","datePublished":"2022-12-13T09:58:39+00:00","description":"\"Our Common Heritage\": KREDIETEN, BRONNEN & EXHIBITIE PARTNERS. Alle informatie over het project en zijn partners.","breadcrumb":{"@id":"https:\/\/www.landofmemory.eu\/nl\/our-common-heritage-kredieten-bronnen-exhibitie-partners\/#breadcrumb"},"inLanguage":"nl-NL","potentialAction":[{"@type":"ReadAction","target":["https:\/\/www.landofmemory.eu\/nl\/our-common-heritage-kredieten-bronnen-exhibitie-partners\/"]}]},{"@type":"ImageObject","inLanguage":"nl-NL","@id":"https:\/\/www.landofmemory.eu\/nl\/our-common-heritage-kredieten-bronnen-exhibitie-partners\/#primaryimage","url":"https:\/\/www.landofmemory.eu\/wp-content\/uploads\/2022\/12\/PARTENAIRES.png","contentUrl":"https:\/\/www.landofmemory.eu\/wp-content\/uploads\/2022\/12\/PARTENAIRES.png"},{"@type":"BreadcrumbList","@id":"https:\/\/www.landofmemory.eu\/nl\/our-common-heritage-kredieten-bronnen-exhibitie-partners\/#breadcrumb","itemListElement":[{"@type":"ListItem","position":1,"name":"Accueil","item":"https:\/\/www.landofmemory.eu\/"},{"@type":"ListItem","position":2,"name":"&#8220;Our Common Heritage&#8221;: KREDIETEN, BRONNEN &#038; EXHIBITIE PARTNERS"}]},{"@type":"WebSite","@id":"https:\/\/www.landofmemory.eu\/#website","url":"https:\/\/www.landofmemory.eu\/","name":"Land Of Memory","description":"L&#039;histoire commence ici","publisher":{"@id":"https:\/\/www.landofmemory.eu\/#organization"},"potentialAction":[{"@type":"SearchAction","target":{"@type":"EntryPoint","urlTemplate":"https:\/\/www.landofmemory.eu\/?s={search_term_string}"},"query-input":{"@type":"PropertyValueSpecification","valueRequired":true,"valueName":"search_term_string"}}],"inLanguage":"nl-NL"},{"@type":"Organization","@id":"https:\/\/www.landofmemory.eu\/#organization","name":"Land Of Memory","url":"https:\/\/www.landofmemory.eu\/","logo":{"@type":"ImageObject","inLanguage":"nl-NL","@id":"https:\/\/www.landofmemory.eu\/#\/schema\/logo\/image\/","url":"https:\/\/www.landofmemory.eu\/wp-content\/uploads\/2022\/10\/logo-land-of-memory.jpg","contentUrl":"https:\/\/www.landofmemory.eu\/wp-content\/uploads\/2022\/10\/logo-land-of-memory.jpg","width":1000,"height":500,"caption":"Land Of Memory"},"image":{"@id":"https:\/\/www.landofmemory.eu\/#\/schema\/logo\/image\/"},"sameAs":["https:\/\/www.facebook.com\/landofmemory.eu","https:\/\/www.instagram.com\/landofmemory_eu\/"]}]}},"_links":{"self":[{"href":"https:\/\/www.landofmemory.eu\/nl\/wp-json\/wp\/v2\/pages\/12514","targetHints":{"allow":["GET"]}}],"collection":[{"href":"https:\/\/www.landofmemory.eu\/nl\/wp-json\/wp\/v2\/pages"}],"about":[{"href":"https:\/\/www.landofmemory.eu\/nl\/wp-json\/wp\/v2\/types\/page"}],"author":[{"embeddable":true,"href":"https:\/\/www.landofmemory.eu\/nl\/wp-json\/wp\/v2\/users\/6"}],"replies":[{"embeddable":true,"href":"https:\/\/www.landofmemory.eu\/nl\/wp-json\/wp\/v2\/comments?post=12514"}],"version-history":[{"count":1,"href":"https:\/\/www.landofmemory.eu\/nl\/wp-json\/wp\/v2\/pages\/12514\/revisions"}],"predecessor-version":[{"id":12515,"href":"https:\/\/www.landofmemory.eu\/nl\/wp-json\/wp\/v2\/pages\/12514\/revisions\/12515"}],"wp:attachment":[{"href":"https:\/\/www.landofmemory.eu\/nl\/wp-json\/wp\/v2\/media?parent=12514"}],"curies":[{"name":"wp","href":"https:\/\/api.w.org\/{rel}","templated":true}]}}