{"id":12520,"date":"2022-12-13T11:16:41","date_gmt":"2022-12-13T10:16:41","guid":{"rendered":"https:\/\/www.landofmemory.eu\/our-common-heritage-de-reizende-tentoonstelling-van-land-of-memory\/"},"modified":"2024-01-17T10:47:09","modified_gmt":"2024-01-17T09:47:09","slug":"our-common-heritage-de-reizende-tentoonstelling-van-land-of-memory","status":"publish","type":"page","link":"https:\/\/www.landofmemory.eu\/nl\/our-common-heritage-de-reizende-tentoonstelling-van-land-of-memory\/","title":{"rendered":"&#8220;Our Common Heritage&#8221;: de reizende tentoonstelling van Land of Memory"},"content":{"rendered":"\n<h2 class=\"wp-block-heading\">Onze geschiedenis beleven: een meeslepende en participatieve ervaring<\/h2>\n\n<p>Deze tentoonstelling biedt een onderdompeling in de belangrijkste gebeurtenissen van deze decennia van de 20<sup>e<\/sup> eeuw die Europa hebben gevormd, en belicht de plaatselijke geschiedenis van het Groothertogdom, dat zich uitstrekt over 4 landen: Belgi\u00eb, het Groothertogdom Luxemburg, Duitsland en Frankrijk.<\/p>\n\n<p>&#8220;Our Common Heritage&#8221; schetst zo de ervaringen van de bevolking in de grensoverschrijdende gebieden vanaf de Belle Epoque tot de oprichting van Europa. <\/p>\n\n<p>Deze kruislezing van onze geschiedenis in de Grote Regio is nieuw en origineel.<\/p>\n\n<p>Reusachtige fotoalbums tonen de bezoekers internationale historische ori\u00ebntatiepunten en laten vervolgens zien hoe het burgerlijke en militaire leven in de Grande R\u00e9gion in de loop van de decennia is ge\u00ebvolueerd, waarbij onze overeenkomsten en verschillen worden belicht.<\/p>\n\n<p>De meeslepende ervaring, aangeboden in een omgebouwde container, maakt plaats voor sterke emotie dankzij het geluids- en visuele universum dat voor deze buitengewone historische retrospectieve werd gecre\u00eberd.<\/p>\n<div class=\"wp-block-image\">\n<figure class=\"aligncenter size-large is-resized\"><img loading=\"lazy\" decoding=\"async\" width=\"1024\" height=\"576\" src=\"https:\/\/www.landofmemory.eu\/wp-content\/uploads\/2022\/12\/Our-Common-Heritage-1024x576.jpg\" alt=\"\" class=\"wp-image-12420\" style=\"width:768px;height:432px\" srcset=\"https:\/\/www.landofmemory.eu\/wp-content\/uploads\/2022\/12\/Our-Common-Heritage-1024x576.jpg 1024w, https:\/\/www.landofmemory.eu\/wp-content\/uploads\/2022\/12\/Our-Common-Heritage-300x169.jpg 300w, https:\/\/www.landofmemory.eu\/wp-content\/uploads\/2022\/12\/Our-Common-Heritage-768x432.jpg 768w, https:\/\/www.landofmemory.eu\/wp-content\/uploads\/2022\/12\/Our-Common-Heritage-1536x864.jpg 1536w, https:\/\/www.landofmemory.eu\/wp-content\/uploads\/2022\/12\/Our-Common-Heritage-2048x1152.jpg 2048w, https:\/\/www.landofmemory.eu\/wp-content\/uploads\/2022\/12\/Our-Common-Heritage-600x338.jpg 600w\" sizes=\"auto, (max-width: 1024px) 100vw, 1024px\" \/><figcaption class=\"wp-element-caption\">@ Land of Memory<\/figcaption><\/figure>\n<\/div>\n<h2 class=\"wp-block-heading\">Laatste etappe van de tentoonstelling<\/h2>\n\n<p>De open air tentoonstelling is te zien in Boulaide.&#013;\nVoor het gemeentehuis heeft u gratis toegang tot \u201cOur Common Heritage\u201d.&#013;\nHet is geopend van maandag tot en met vrijdag van 10.00 tot 17.00 uur en op zaterdag en zondag van 10.00 tot 18.00 uur.&#013;\nAdres: 3, rue de la Mairie L-9640 Boulaide<\/p>\n<div class=\"wp-block-image\">\n<figure class=\"aligncenter size-large is-resized\"><img loading=\"lazy\" decoding=\"async\" width=\"1024\" height=\"576\" src=\"https:\/\/www.landofmemory.eu\/wp-content\/uploads\/2022\/12\/RemoteMediaFile_6553787_0_2021_06_18_11_24_42_Original-1024x576.jpg\" alt=\"\" class=\"wp-image-12476\" style=\"width:768px;height:432px\" srcset=\"https:\/\/www.landofmemory.eu\/wp-content\/uploads\/2022\/12\/RemoteMediaFile_6553787_0_2021_06_18_11_24_42_Original-1024x576.jpg 1024w, https:\/\/www.landofmemory.eu\/wp-content\/uploads\/2022\/12\/RemoteMediaFile_6553787_0_2021_06_18_11_24_42_Original-300x169.jpg 300w, https:\/\/www.landofmemory.eu\/wp-content\/uploads\/2022\/12\/RemoteMediaFile_6553787_0_2021_06_18_11_24_42_Original-768x432.jpg 768w, https:\/\/www.landofmemory.eu\/wp-content\/uploads\/2022\/12\/RemoteMediaFile_6553787_0_2021_06_18_11_24_42_Original-1536x864.jpg 1536w, https:\/\/www.landofmemory.eu\/wp-content\/uploads\/2022\/12\/RemoteMediaFile_6553787_0_2021_06_18_11_24_42_Original-2048x1152.jpg 2048w, https:\/\/www.landofmemory.eu\/wp-content\/uploads\/2022\/12\/RemoteMediaFile_6553787_0_2021_06_18_11_24_42_Original-600x338.jpg 600w\" sizes=\"auto, (max-width: 1024px) 100vw, 1024px\" \/><\/figure>\n<\/div>\n<h2 class=\"wp-block-heading\">Uw bezoek voorbereiden: Praktische informatie<\/h2>\n\n<p>Op elk van de geprogrammeerde locaties wordt de reizende tentoonstelling Land of Memory \u2013 Our Common Heritage buiten gepresenteerd. Ze bestaan \u200b\u200buit <strong>5 tentoonstellingsmodules in de vorm van fotoalbums en een meeslepende ervaring die ontdekt moet worden in een gesloten eenheid die een tourroute vormt.<\/strong><\/p>\n\n<p>Deze laatste ruimte en deze gigantische albums vullen elkaar aan om een uniek bezoek te cre\u00ebren!<\/p>\n\n<p>De fotoalbums vormen het lichaam van de scenografie en zijn georganiseerd rond een container die een spectaculaire en meeslepende dimensie biedt. Via beeld en geluid betreedt u de geschiedenis van de Grote Regio, verdeeld in 5 grote perioden:<\/p>\n\n<p><strong>ALBUM 1: The Pre-World War I<\/strong>&#013;\nVanaf het begin van de 20e eeuw tot het uitbreken van de oorlog in augustus 1914.<\/p>\n\n<p><strong>ALBUM 2: De Eerste Wereldoorlog<\/strong>&#013;\nVan 4 augustus 1914 tot de wapenstilstand van 11 november 1918.<\/p>\n\n<p><strong>ALBUM 3: The Between World Wars<\/strong>&#013;\nVan 11 november 1918 tot 1 september 1939 (invasie van Polen door het Duitse leger).<\/p>\n\n<p><strong>ALBUM 4: Tweede Wereldoorlog<\/strong>&#013;\nVan 1 september 1939 tot 8 mei 1945 (overgave van Duitsland).<\/p>\n\n<p><strong>ALBUM 5: Na de Tweede Wereldoorlog en het begin van de Europese integratie<\/strong>&#013;\nVan 8 mei 1945 tot de eerste Europese verdragen<\/p>\n\n<p><strong>Deze gratis tentoonstelling is voor iedereen toegankelijk, ook voor mensen met beperkte mobiliteit (PBM).<\/strong><\/p>\n\n<p>Een quiz om je dorst naar ontdekkingen tijdens je bezoek aan de tentoonstelling te stimuleren vind je <a href=\"https:\/\/www.landofmemory.eu\/wp-content\/uploads\/2024\/01\/Depliant-A5-Expo-Our-common-heritage-DE-def_LOW.pdf\" target=\"_blank\" rel=\"noopener\"><strong>hier<\/strong><\/a>.<\/p>\n\n<figure class=\"wp-block-gallery has-nested-images columns-default is-cropped wp-block-gallery-1 is-layout-flex wp-block-gallery-is-layout-flex\">\n<figure class=\"wp-block-image size-large\"><img loading=\"lazy\" decoding=\"async\" width=\"684\" height=\"1024\" data-id=\"12436\" src=\"https:\/\/www.landofmemory.eu\/wp-content\/uploads\/2022\/12\/DSC_6915_Original-684x1024.jpg\" alt=\"\" class=\"wp-image-12436\" srcset=\"https:\/\/www.landofmemory.eu\/wp-content\/uploads\/2022\/12\/DSC_6915_Original-684x1024.jpg 684w, https:\/\/www.landofmemory.eu\/wp-content\/uploads\/2022\/12\/DSC_6915_Original-200x300.jpg 200w, https:\/\/www.landofmemory.eu\/wp-content\/uploads\/2022\/12\/DSC_6915_Original-768x1150.jpg 768w, https:\/\/www.landofmemory.eu\/wp-content\/uploads\/2022\/12\/DSC_6915_Original-1025x1536.jpg 1025w, https:\/\/www.landofmemory.eu\/wp-content\/uploads\/2022\/12\/DSC_6915_Original-1367x2048.jpg 1367w, https:\/\/www.landofmemory.eu\/wp-content\/uploads\/2022\/12\/DSC_6915_Original-scaled.jpg 1709w\" sizes=\"auto, (max-width: 684px) 100vw, 684px\" \/><figcaption class=\"wp-element-caption\">@ Land of Memory<\/figcaption><\/figure>\n\n\n\n<figure class=\"wp-block-image size-large\"><img loading=\"lazy\" decoding=\"async\" width=\"684\" height=\"1024\" data-id=\"12440\" src=\"https:\/\/www.landofmemory.eu\/wp-content\/uploads\/2022\/12\/DSC_6946_Original-684x1024.jpg\" alt=\"\" class=\"wp-image-12440\" srcset=\"https:\/\/www.landofmemory.eu\/wp-content\/uploads\/2022\/12\/DSC_6946_Original-684x1024.jpg 684w, https:\/\/www.landofmemory.eu\/wp-content\/uploads\/2022\/12\/DSC_6946_Original-200x300.jpg 200w, https:\/\/www.landofmemory.eu\/wp-content\/uploads\/2022\/12\/DSC_6946_Original-768x1150.jpg 768w, https:\/\/www.landofmemory.eu\/wp-content\/uploads\/2022\/12\/DSC_6946_Original-1025x1536.jpg 1025w, https:\/\/www.landofmemory.eu\/wp-content\/uploads\/2022\/12\/DSC_6946_Original-1367x2048.jpg 1367w, https:\/\/www.landofmemory.eu\/wp-content\/uploads\/2022\/12\/DSC_6946_Original-scaled.jpg 1709w\" sizes=\"auto, (max-width: 684px) 100vw, 684px\" \/><figcaption class=\"wp-element-caption\">@ Land of Memory<\/figcaption><\/figure>\n<\/figure>\n\n<h2 class=\"wp-block-heading\">Een gids voor leraren<\/h2>\n\n<p>Om de leerkrachten te helpen hun bezoek aan deze tentoonstelling zo goed mogelijk voor te bereiden, wilden de projectpartners hun een\u00a0<a href=\"https:\/\/naturparkschoul.lu\/uploads\/67878e734978d9b712b82476cacf4f781500aed2.pdf\" target=\"_blank\" rel=\"noreferrer noopener\"><strong>pedagogische gids<\/strong><\/a>\u00a0ter beschikking stellen. Deze bevat\u00a0<a href=\"https:\/\/naturparkschoul.lu\/uploads\/fc42cbb1b4f271e878ecaa6cabf5d562bab9cfd6.pdf\" target=\"_blank\" rel=\"noopener\"><strong>werkbladen<\/strong><\/a>\u00a0die tijdens het bezoek aan de leerlingen kunnen worden uitgedeeld en die hen op een ludieke en participerende manier zullen helpen om de onderwerpen die in de tentoonstelling aan bod komen te begrijpen.&#013;\n&#013;\n\u00a0<\/p>\n\n<p>Om deze tentoonstelling te integreren in een bredere ontdekking van de bestemming, vraag advies aan de <a href=\"https:\/\/www.groepen-landofmemory.eu\/?origine=switchLangue\" target=\"_blank\" rel=\"noopener\">groepsafdeling<\/a>! Land of Memory Groups organiseert reizen op maat voor elk budget en elke wens. Een volledig gratis dienst!<\/p>\n\n<h3 class=\"wp-block-heading\">Ook andere hulpmiddelen kunnen de pedagogische aanpak ondersteunen en aanvullen, om op een originele en leuke manier in de geschiedenis te leren en te duiken:<\/h3>\n\n<ul class=\"wp-block-list\">\n<li><a href=\"https:\/\/www.landofmemory.eu\/nl\/beforethewar\/\" target=\"_blank\" rel=\"noopener\">&#8220;Before the War&#8221;<\/a>, het spannende bordspel van Land of Memory: de spelers hebben elk de leiding over een Europees land en moeten keuzes en allianties maken. Het evenwicht in de wereld hangt ervan af. Dit historische strategie- en managementspel zorgt voor een beter begrip van de problemen en mechanismen die bij oorlogen komen kijken. De scenario&#8217;s zijn ge\u00efnspireerd op echte historische situaties.<\/li>\n<\/ul>\n<div class=\"wp-block-image\">\n<figure class=\"aligncenter size-full is-resized\"><a href=\"https:\/\/www.landofmemory.eu\/nl\/beforethewar\/\" target=\"_blank\" rel=\"noreferrer noopener\"><img loading=\"lazy\" decoding=\"async\" width=\"600\" height=\"615\" src=\"https:\/\/www.landofmemory.eu\/wp-content\/uploads\/2022\/12\/Before-the-war-jeu-Land-of-Memory-1-600x615-1.png\" alt=\"\" class=\"wp-image-12470\" style=\"width:300px;height:308px\" srcset=\"https:\/\/www.landofmemory.eu\/wp-content\/uploads\/2022\/12\/Before-the-war-jeu-Land-of-Memory-1-600x615-1.png 600w, https:\/\/www.landofmemory.eu\/wp-content\/uploads\/2022\/12\/Before-the-war-jeu-Land-of-Memory-1-600x615-1-293x300.png 293w\" sizes=\"auto, (max-width: 600px) 100vw, 600px\" \/><\/a><\/figure>\n<\/div>\n<ul class=\"wp-block-list\">\n<li><a href=\"https:\/\/www.experience.landofmemory.eu\/nl\" target=\"_blank\" rel=\"noopener\">Beleef Land of Memory met een verhalende website<\/a>: we ontdekken de reis van vier leerling-filmmakers en hun leraar die in de voetsporen treden van hun voorouders in het Land of Memory. We duiken in de geschiedenis door hun verschillende gezichtspunten, om de gebeurtenissen uit ons verleden beter te begrijpen.<\/li>\n<\/ul>\n<div class=\"wp-block-image\">\n<figure class=\"aligncenter size-large is-resized\"><a href=\"https:\/\/www.experience.landofmemory.eu\/nl\" target=\"_blank\" rel=\"noreferrer noopener\"><img loading=\"lazy\" decoding=\"async\" width=\"1024\" height=\"479\" src=\"https:\/\/www.landofmemory.eu\/wp-content\/uploads\/2022\/12\/Copie-de-LoM_persos.Preza_-1024x479.jpg\" alt=\"\" class=\"wp-image-12466\" style=\"width:512px;height:240px\" srcset=\"https:\/\/www.landofmemory.eu\/wp-content\/uploads\/2022\/12\/Copie-de-LoM_persos.Preza_-1024x479.jpg 1024w, https:\/\/www.landofmemory.eu\/wp-content\/uploads\/2022\/12\/Copie-de-LoM_persos.Preza_-300x140.jpg 300w, https:\/\/www.landofmemory.eu\/wp-content\/uploads\/2022\/12\/Copie-de-LoM_persos.Preza_-768x359.jpg 768w, https:\/\/www.landofmemory.eu\/wp-content\/uploads\/2022\/12\/Copie-de-LoM_persos.Preza_-1536x718.jpg 1536w, https:\/\/www.landofmemory.eu\/wp-content\/uploads\/2022\/12\/Copie-de-LoM_persos.Preza_-600x280.jpg 600w, https:\/\/www.landofmemory.eu\/wp-content\/uploads\/2022\/12\/Copie-de-LoM_persos.Preza_.jpg 1900w\" sizes=\"auto, (max-width: 1024px) 100vw, 1024px\" \/><\/a><\/figure>\n<\/div>\n<p><a href=\"https:\/\/www.landofmemory.eu\/nl\/our-common-heritage-kredieten-bronnen-exhibitie-partners\/\" target=\"_blank\" rel=\"noopener\">KREDIETEN, BRONNEN &amp; EXHIBITIE PARTNERS<\/a><\/p>\n\n<figure class=\"wp-block-image size-large\"><a href=\"https:\/\/1933-1945.land-of-memory.eu\/fr\/\"><img loading=\"lazy\" decoding=\"async\" width=\"1024\" height=\"283\" src=\"https:\/\/www.landofmemory.eu\/wp-content\/uploads\/2023\/08\/Zeichenflache-1-Kopie-2@FR-1024x283.png\" alt=\"\" class=\"wp-image-12725\" srcset=\"https:\/\/www.landofmemory.eu\/wp-content\/uploads\/2023\/08\/Zeichenflache-1-Kopie-2@FR-1024x283.png 1024w, https:\/\/www.landofmemory.eu\/wp-content\/uploads\/2023\/08\/Zeichenflache-1-Kopie-2@FR-300x83.png 300w, https:\/\/www.landofmemory.eu\/wp-content\/uploads\/2023\/08\/Zeichenflache-1-Kopie-2@FR-768x212.png 768w, https:\/\/www.landofmemory.eu\/wp-content\/uploads\/2023\/08\/Zeichenflache-1-Kopie-2@FR-600x166.png 600w, https:\/\/www.landofmemory.eu\/wp-content\/uploads\/2023\/08\/Zeichenflache-1-Kopie-2@FR.png 1345w\" sizes=\"auto, (max-width: 1024px) 100vw, 1024px\" \/><\/a><\/figure>\n","protected":false},"excerpt":{"rendered":"<p>Onze geschiedenis beleven: een meeslepende en participatieve ervaring Deze tentoonstelling biedt een onderdompeling in de belangrijkste gebeurtenissen van deze decennia van de 20e eeuw die Europa hebben gevormd, en belicht de plaatselijke geschiedenis van het Groothertogdom, dat zich uitstrekt over 4 landen: Belgi\u00eb, het Groothertogdom Luxemburg, Duitsland en Frankrijk. &#8220;Our Common Heritage&#8221; schetst zo de [&hellip;]<\/p>\n","protected":false},"author":6,"featured_media":12421,"parent":0,"menu_order":0,"comment_status":"closed","ping_status":"closed","template":"page-courante.php","meta":{"_acf_changed":false,"footnotes":""},"class_list":["post-12520","page","type-page","status-publish","has-post-thumbnail","hentry"],"acf":[],"yoast_head":"<!-- This site is optimized with the Yoast SEO plugin v26.0 - https:\/\/yoast.com\/wordpress\/plugins\/seo\/ -->\n<title>&quot;Our Common Heritage&quot;: de reizende tentoonstelling van Land of Memory<\/title>\n<meta name=\"description\" content=\"De reizende tentoonstelling &quot;Our Common Heritage&quot; hanteert een originele en volledig nieuwe benadering van de geschiedenis.\" \/>\n<meta name=\"robots\" content=\"index, follow, max-snippet:-1, max-image-preview:large, max-video-preview:-1\" \/>\n<link rel=\"canonical\" href=\"https:\/\/www.landofmemory.eu\/nl\/our-common-heritage-de-reizende-tentoonstelling-van-land-of-memory\/\" \/>\n<meta property=\"og:locale\" content=\"nl_NL\" \/>\n<meta property=\"og:type\" content=\"article\" \/>\n<meta property=\"og:title\" content=\"&quot;Our Common Heritage&quot;: de reizende tentoonstelling van Land of Memory\" \/>\n<meta property=\"og:description\" content=\"De reizende tentoonstelling &quot;Our Common Heritage&quot; hanteert een originele en volledig nieuwe benadering van de geschiedenis.\" \/>\n<meta property=\"og:url\" content=\"https:\/\/www.landofmemory.eu\/nl\/our-common-heritage-de-reizende-tentoonstelling-van-land-of-memory\/\" \/>\n<meta property=\"og:site_name\" content=\"Land Of Memory\" \/>\n<meta property=\"article:publisher\" content=\"https:\/\/www.facebook.com\/landofmemory.eu\" \/>\n<meta property=\"article:modified_time\" content=\"2024-01-17T09:47:09+00:00\" \/>\n<meta property=\"og:image\" content=\"https:\/\/www.landofmemory.eu\/wp-content\/uploads\/2022\/12\/Our-Common-Heritage-scaled.jpg\" \/>\n\t<meta property=\"og:image:width\" content=\"2560\" \/>\n\t<meta property=\"og:image:height\" content=\"1440\" \/>\n\t<meta property=\"og:image:type\" content=\"image\/jpeg\" \/>\n<meta name=\"twitter:card\" content=\"summary_large_image\" \/>\n<meta name=\"twitter:label1\" content=\"Geschatte leestijd\" \/>\n\t<meta name=\"twitter:data1\" content=\"5 minuten\" \/>\n<script type=\"application\/ld+json\" class=\"yoast-schema-graph\">{\"@context\":\"https:\/\/schema.org\",\"@graph\":[{\"@type\":\"WebPage\",\"@id\":\"https:\/\/www.landofmemory.eu\/nl\/our-common-heritage-de-reizende-tentoonstelling-van-land-of-memory\/\",\"url\":\"https:\/\/www.landofmemory.eu\/nl\/our-common-heritage-de-reizende-tentoonstelling-van-land-of-memory\/\",\"name\":\"\\\"Our Common Heritage\\\": de reizende tentoonstelling van Land of Memory\",\"isPartOf\":{\"@id\":\"https:\/\/www.landofmemory.eu\/#website\"},\"primaryImageOfPage\":{\"@id\":\"https:\/\/www.landofmemory.eu\/nl\/our-common-heritage-de-reizende-tentoonstelling-van-land-of-memory\/#primaryimage\"},\"image\":{\"@id\":\"https:\/\/www.landofmemory.eu\/nl\/our-common-heritage-de-reizende-tentoonstelling-van-land-of-memory\/#primaryimage\"},\"thumbnailUrl\":\"https:\/\/www.landofmemory.eu\/wp-content\/uploads\/2022\/12\/Our-Common-Heritage-scaled.jpg\",\"datePublished\":\"2022-12-13T10:16:41+00:00\",\"dateModified\":\"2024-01-17T09:47:09+00:00\",\"description\":\"De reizende tentoonstelling \\\"Our Common Heritage\\\" hanteert een originele en volledig nieuwe benadering van de geschiedenis.\",\"breadcrumb\":{\"@id\":\"https:\/\/www.landofmemory.eu\/nl\/our-common-heritage-de-reizende-tentoonstelling-van-land-of-memory\/#breadcrumb\"},\"inLanguage\":\"nl-NL\",\"potentialAction\":[{\"@type\":\"ReadAction\",\"target\":[\"https:\/\/www.landofmemory.eu\/nl\/our-common-heritage-de-reizende-tentoonstelling-van-land-of-memory\/\"]}]},{\"@type\":\"ImageObject\",\"inLanguage\":\"nl-NL\",\"@id\":\"https:\/\/www.landofmemory.eu\/nl\/our-common-heritage-de-reizende-tentoonstelling-van-land-of-memory\/#primaryimage\",\"url\":\"https:\/\/www.landofmemory.eu\/wp-content\/uploads\/2022\/12\/Our-Common-Heritage-scaled.jpg\",\"contentUrl\":\"https:\/\/www.landofmemory.eu\/wp-content\/uploads\/2022\/12\/Our-Common-Heritage-scaled.jpg\",\"width\":2560,\"height\":1440},{\"@type\":\"BreadcrumbList\",\"@id\":\"https:\/\/www.landofmemory.eu\/nl\/our-common-heritage-de-reizende-tentoonstelling-van-land-of-memory\/#breadcrumb\",\"itemListElement\":[{\"@type\":\"ListItem\",\"position\":1,\"name\":\"Accueil\",\"item\":\"https:\/\/www.landofmemory.eu\/\"},{\"@type\":\"ListItem\",\"position\":2,\"name\":\"&#8220;Our Common Heritage&#8221;: de reizende tentoonstelling van Land of Memory\"}]},{\"@type\":\"WebSite\",\"@id\":\"https:\/\/www.landofmemory.eu\/#website\",\"url\":\"https:\/\/www.landofmemory.eu\/\",\"name\":\"Land Of Memory\",\"description\":\"L&#039;histoire commence ici\",\"publisher\":{\"@id\":\"https:\/\/www.landofmemory.eu\/#organization\"},\"potentialAction\":[{\"@type\":\"SearchAction\",\"target\":{\"@type\":\"EntryPoint\",\"urlTemplate\":\"https:\/\/www.landofmemory.eu\/?s={search_term_string}\"},\"query-input\":{\"@type\":\"PropertyValueSpecification\",\"valueRequired\":true,\"valueName\":\"search_term_string\"}}],\"inLanguage\":\"nl-NL\"},{\"@type\":\"Organization\",\"@id\":\"https:\/\/www.landofmemory.eu\/#organization\",\"name\":\"Land Of Memory\",\"url\":\"https:\/\/www.landofmemory.eu\/\",\"logo\":{\"@type\":\"ImageObject\",\"inLanguage\":\"nl-NL\",\"@id\":\"https:\/\/www.landofmemory.eu\/#\/schema\/logo\/image\/\",\"url\":\"https:\/\/www.landofmemory.eu\/wp-content\/uploads\/2022\/10\/logo-land-of-memory.jpg\",\"contentUrl\":\"https:\/\/www.landofmemory.eu\/wp-content\/uploads\/2022\/10\/logo-land-of-memory.jpg\",\"width\":1000,\"height\":500,\"caption\":\"Land Of Memory\"},\"image\":{\"@id\":\"https:\/\/www.landofmemory.eu\/#\/schema\/logo\/image\/\"},\"sameAs\":[\"https:\/\/www.facebook.com\/landofmemory.eu\",\"https:\/\/www.instagram.com\/landofmemory_eu\/\"]}]}<\/script>\n<!-- \/ Yoast SEO plugin. -->","yoast_head_json":{"title":"\"Our Common Heritage\": de reizende tentoonstelling van Land of Memory","description":"De reizende tentoonstelling \"Our Common Heritage\" hanteert een originele en volledig nieuwe benadering van de geschiedenis.","robots":{"index":"index","follow":"follow","max-snippet":"max-snippet:-1","max-image-preview":"max-image-preview:large","max-video-preview":"max-video-preview:-1"},"canonical":"https:\/\/www.landofmemory.eu\/nl\/our-common-heritage-de-reizende-tentoonstelling-van-land-of-memory\/","og_locale":"nl_NL","og_type":"article","og_title":"\"Our Common Heritage\": de reizende tentoonstelling van Land of Memory","og_description":"De reizende tentoonstelling \"Our Common Heritage\" hanteert een originele en volledig nieuwe benadering van de geschiedenis.","og_url":"https:\/\/www.landofmemory.eu\/nl\/our-common-heritage-de-reizende-tentoonstelling-van-land-of-memory\/","og_site_name":"Land Of Memory","article_publisher":"https:\/\/www.facebook.com\/landofmemory.eu","article_modified_time":"2024-01-17T09:47:09+00:00","og_image":[{"width":2560,"height":1440,"url":"https:\/\/www.landofmemory.eu\/wp-content\/uploads\/2022\/12\/Our-Common-Heritage-scaled.jpg","type":"image\/jpeg"}],"twitter_card":"summary_large_image","twitter_misc":{"Geschatte leestijd":"5 minuten"},"schema":{"@context":"https:\/\/schema.org","@graph":[{"@type":"WebPage","@id":"https:\/\/www.landofmemory.eu\/nl\/our-common-heritage-de-reizende-tentoonstelling-van-land-of-memory\/","url":"https:\/\/www.landofmemory.eu\/nl\/our-common-heritage-de-reizende-tentoonstelling-van-land-of-memory\/","name":"\"Our Common Heritage\": de reizende tentoonstelling van Land of Memory","isPartOf":{"@id":"https:\/\/www.landofmemory.eu\/#website"},"primaryImageOfPage":{"@id":"https:\/\/www.landofmemory.eu\/nl\/our-common-heritage-de-reizende-tentoonstelling-van-land-of-memory\/#primaryimage"},"image":{"@id":"https:\/\/www.landofmemory.eu\/nl\/our-common-heritage-de-reizende-tentoonstelling-van-land-of-memory\/#primaryimage"},"thumbnailUrl":"https:\/\/www.landofmemory.eu\/wp-content\/uploads\/2022\/12\/Our-Common-Heritage-scaled.jpg","datePublished":"2022-12-13T10:16:41+00:00","dateModified":"2024-01-17T09:47:09+00:00","description":"De reizende tentoonstelling \"Our Common Heritage\" hanteert een originele en volledig nieuwe benadering van de geschiedenis.","breadcrumb":{"@id":"https:\/\/www.landofmemory.eu\/nl\/our-common-heritage-de-reizende-tentoonstelling-van-land-of-memory\/#breadcrumb"},"inLanguage":"nl-NL","potentialAction":[{"@type":"ReadAction","target":["https:\/\/www.landofmemory.eu\/nl\/our-common-heritage-de-reizende-tentoonstelling-van-land-of-memory\/"]}]},{"@type":"ImageObject","inLanguage":"nl-NL","@id":"https:\/\/www.landofmemory.eu\/nl\/our-common-heritage-de-reizende-tentoonstelling-van-land-of-memory\/#primaryimage","url":"https:\/\/www.landofmemory.eu\/wp-content\/uploads\/2022\/12\/Our-Common-Heritage-scaled.jpg","contentUrl":"https:\/\/www.landofmemory.eu\/wp-content\/uploads\/2022\/12\/Our-Common-Heritage-scaled.jpg","width":2560,"height":1440},{"@type":"BreadcrumbList","@id":"https:\/\/www.landofmemory.eu\/nl\/our-common-heritage-de-reizende-tentoonstelling-van-land-of-memory\/#breadcrumb","itemListElement":[{"@type":"ListItem","position":1,"name":"Accueil","item":"https:\/\/www.landofmemory.eu\/"},{"@type":"ListItem","position":2,"name":"&#8220;Our Common Heritage&#8221;: de reizende tentoonstelling van Land of Memory"}]},{"@type":"WebSite","@id":"https:\/\/www.landofmemory.eu\/#website","url":"https:\/\/www.landofmemory.eu\/","name":"Land Of Memory","description":"L&#039;histoire commence ici","publisher":{"@id":"https:\/\/www.landofmemory.eu\/#organization"},"potentialAction":[{"@type":"SearchAction","target":{"@type":"EntryPoint","urlTemplate":"https:\/\/www.landofmemory.eu\/?s={search_term_string}"},"query-input":{"@type":"PropertyValueSpecification","valueRequired":true,"valueName":"search_term_string"}}],"inLanguage":"nl-NL"},{"@type":"Organization","@id":"https:\/\/www.landofmemory.eu\/#organization","name":"Land Of Memory","url":"https:\/\/www.landofmemory.eu\/","logo":{"@type":"ImageObject","inLanguage":"nl-NL","@id":"https:\/\/www.landofmemory.eu\/#\/schema\/logo\/image\/","url":"https:\/\/www.landofmemory.eu\/wp-content\/uploads\/2022\/10\/logo-land-of-memory.jpg","contentUrl":"https:\/\/www.landofmemory.eu\/wp-content\/uploads\/2022\/10\/logo-land-of-memory.jpg","width":1000,"height":500,"caption":"Land Of Memory"},"image":{"@id":"https:\/\/www.landofmemory.eu\/#\/schema\/logo\/image\/"},"sameAs":["https:\/\/www.facebook.com\/landofmemory.eu","https:\/\/www.instagram.com\/landofmemory_eu\/"]}]}},"_links":{"self":[{"href":"https:\/\/www.landofmemory.eu\/nl\/wp-json\/wp\/v2\/pages\/12520","targetHints":{"allow":["GET"]}}],"collection":[{"href":"https:\/\/www.landofmemory.eu\/nl\/wp-json\/wp\/v2\/pages"}],"about":[{"href":"https:\/\/www.landofmemory.eu\/nl\/wp-json\/wp\/v2\/types\/page"}],"author":[{"embeddable":true,"href":"https:\/\/www.landofmemory.eu\/nl\/wp-json\/wp\/v2\/users\/6"}],"replies":[{"embeddable":true,"href":"https:\/\/www.landofmemory.eu\/nl\/wp-json\/wp\/v2\/comments?post=12520"}],"version-history":[{"count":11,"href":"https:\/\/www.landofmemory.eu\/nl\/wp-json\/wp\/v2\/pages\/12520\/revisions"}],"predecessor-version":[{"id":12791,"href":"https:\/\/www.landofmemory.eu\/nl\/wp-json\/wp\/v2\/pages\/12520\/revisions\/12791"}],"wp:featuredmedia":[{"embeddable":true,"href":"https:\/\/www.landofmemory.eu\/nl\/wp-json\/wp\/v2\/media\/12421"}],"wp:attachment":[{"href":"https:\/\/www.landofmemory.eu\/nl\/wp-json\/wp\/v2\/media?parent=12520"}],"curies":[{"name":"wp","href":"https:\/\/api.w.org\/{rel}","templated":true}]}}