{"id":4653,"date":"2021-10-13T10:54:19","date_gmt":"2021-10-13T08:54:19","guid":{"rendered":"https:\/\/www.landofmemory.eu\/sites-historiques\/monument-walthere-dewe\/"},"modified":"2022-08-03T09:44:16","modified_gmt":"2022-08-03T07:44:16","slug":"monument-walthere-dewe","status":"publish","type":"sites-historiques","link":"https:\/\/www.landofmemory.eu\/nl\/sites-historiques\/monument-walthere-dewe\/","title":{"rendered":"Monument Walth\u00e8re Dew\u00e9"},"content":{"rendered":"\n<h2 class=\"wp-block-heading\">\u201cDame Blanche\u201d was een uiterst geheim inlichtingennetwerk<\/h2>\n\n<p>\u201cWalth\u00e8re Dew\u00e9 was de directeur van de Telefonie in Luik en stond aan het hoofd van de geheime inlichtingendienst \u201cLa Dame Blanche\u201d tijdens de Eerste Wereldoorlog. Hij stierf in 1944, tijdens de Tweede wereldoorlog, toen hij deelnam aan een reddingsoperatie van \u00e9\u00e9n van de leden van zijn verzetsnetwerk dat toen herdoopt werd tot \u201cClarence\u201d.<\/p>\n\n<p>Een groot beeldhouwwerk van de Dame Blanche, met de vinger op de mond om het geheim te symboliseren van het geheime inlichtingennetwerk, evenals een herdenkingskapel, brengen hulde aan deze figuur van de Belgische weerstand.&#13;\n<\/p>\n\n<p>Ernaast, leidt een pad naar de rue des Tawes, waar zich een staande steen bevindt met een medaillon met de beeltenis van de held  maar ook hulde brengt aan het netwerk van het verzet.&#13;\n<\/p>\n\n<p>Het is mogelijk het monument te bezoeken dankzij de geleide rondleidingen die voorgesteld worden door het Toerismebureau van Luik. Maar ook te bezoeken dankzij een wandeling van 11 km die voorgesteld wordt door de Sentiers de Grande Randonn\u00e9e naar aanleiding van de uitgave van de nieuwe topo-gids GR412 \u2013 Sentiers des terrils. Het gaat over de Boucle des Coteaux, tijdens dewelke je de Luikse natuur kan ontdekken.&#13;\n<\/p>\n\n<div class=\"wp-block-columns is-layout-flex wp-container-core-columns-is-layout-9d6595d7 wp-block-columns-is-layout-flex\">\n<div class=\"wp-block-column is-layout-flow wp-block-column-is-layout-flow\">\n<figure class=\"wp-block-image size-medium is-resized\"><img loading=\"lazy\" decoding=\"async\" src=\"https:\/\/www.landofmemory.eu\/wp-content\/uploads\/2021\/09\/Chapel_Saint-Maurice__Memorial_Walthere_Dewe__2011_P1030327-300x225.jpeg\" alt=\"Le M&#xE9;morial Walth&#xE8;re Dew&#xE9; - Chapelle Saint-Maurice. Rue Coup&#xE9;e &#xE0; Li&#xE8;ge, Belgique.\" class=\"wp-image-2660\" width=\"327\" height=\"245\" srcset=\"https:\/\/www.landofmemory.eu\/wp-content\/uploads\/2021\/09\/Chapel_Saint-Maurice__Memorial_Walthere_Dewe__2011_P1030327-300x225.jpeg 300w, https:\/\/www.landofmemory.eu\/wp-content\/uploads\/2021\/09\/Chapel_Saint-Maurice__Memorial_Walthere_Dewe__2011_P1030327-768x576.jpeg 768w, https:\/\/www.landofmemory.eu\/wp-content\/uploads\/2021\/09\/Chapel_Saint-Maurice__Memorial_Walthere_Dewe__2011_P1030327-600x450.jpeg 600w, https:\/\/www.landofmemory.eu\/wp-content\/uploads\/2021\/09\/Chapel_Saint-Maurice__Memorial_Walthere_Dewe__2011_P1030327.jpeg 1000w\" sizes=\"auto, (max-width: 327px) 100vw, 327px\" \/><figcaption>Le M\u00e9morial Walth\u00e8re Dew\u00e9 &#8211; Chapelle Saint-Maurice. Rue Coup\u00e9e \u00e0 Li\u00e8ge, Belgique. <\/figcaption><\/figure>\n<\/div>\n\n\n\n<div class=\"wp-block-column is-layout-flow wp-block-column-is-layout-flow\">\n<figure class=\"wp-block-image size-medium is-resized\"><img loading=\"lazy\" decoding=\"async\" src=\"https:\/\/www.landofmemory.eu\/wp-content\/uploads\/2021\/08\/3-2013-10-25-PM-Liege-Chartreuse-Walthere-Dewe-03-300x225.jpg\" alt=\"Monument du fondateur de la Dame Blanche Walt&#xE8;re Dew&#xE9;\" class=\"wp-image-762\" width=\"329\" height=\"247\" srcset=\"https:\/\/www.landofmemory.eu\/wp-content\/uploads\/2021\/08\/3-2013-10-25-PM-Liege-Chartreuse-Walthere-Dewe-03-300x225.jpg 300w, https:\/\/www.landofmemory.eu\/wp-content\/uploads\/2021\/08\/3-2013-10-25-PM-Liege-Chartreuse-Walthere-Dewe-03-768x576.jpg 768w, https:\/\/www.landofmemory.eu\/wp-content\/uploads\/2021\/08\/3-2013-10-25-PM-Liege-Chartreuse-Walthere-Dewe-03-600x450.jpg 600w, https:\/\/www.landofmemory.eu\/wp-content\/uploads\/2021\/08\/3-2013-10-25-PM-Liege-Chartreuse-Walthere-Dewe-03.jpg 1000w\" sizes=\"auto, (max-width: 329px) 100vw, 329px\" \/><figcaption>Monument du fondateur de la Dame Blanche Walt\u00e8re Dew\u00e9.<\/figcaption><\/figure>\n<\/div>\n<\/div>\n","protected":false},"template":"","type_site":[56,72],"class_list":["post-4653","sites-historiques","type-sites-historiques","status-publish","hentry","type_site-memorials-nl","type_site-paden"],"acf":[],"yoast_head":"<!-- This site is optimized with the Yoast SEO plugin v26.0 - https:\/\/yoast.com\/wordpress\/plugins\/seo\/ -->\n<title>Monument Walth\u00e8re Dew\u00e9 - Land of Memory<\/title>\n<meta name=\"description\" content=\"Dit herdenkingsmonument brengt hulde aan Walth\u00e8re Dew\u00e9, \u00e9\u00e9n van de belangrijkste figuren van de Belgische weerstand.\" \/>\n<meta name=\"robots\" content=\"index, follow, max-snippet:-1, max-image-preview:large, max-video-preview:-1\" \/>\n<link rel=\"canonical\" href=\"https:\/\/www.landofmemory.eu\/nl\/sites-historiques\/monument-walthere-dewe\/\" \/>\n<meta property=\"og:locale\" content=\"nl_NL\" \/>\n<meta property=\"og:type\" content=\"article\" \/>\n<meta property=\"og:title\" content=\"Monument Walth\u00e8re Dew\u00e9 - Land of Memory\" \/>\n<meta property=\"og:description\" content=\"Dit herdenkingsmonument brengt hulde aan Walth\u00e8re Dew\u00e9, \u00e9\u00e9n van de belangrijkste figuren van de Belgische weerstand.\" \/>\n<meta property=\"og:url\" content=\"https:\/\/www.landofmemory.eu\/nl\/sites-historiques\/monument-walthere-dewe\/\" \/>\n<meta property=\"og:site_name\" content=\"Land Of Memory\" \/>\n<meta property=\"article:publisher\" content=\"https:\/\/www.facebook.com\/landofmemory.eu\" \/>\n<meta property=\"article:modified_time\" content=\"2022-08-03T07:44:16+00:00\" \/>\n<meta property=\"og:image\" content=\"https:\/\/www.landofmemory.eu\/wp-content\/uploads\/2021\/09\/Chapel_Saint-Maurice__Memorial_Walthere_Dewe__2011_P1030327-300x225.jpeg\" \/>\n<meta name=\"twitter:card\" content=\"summary_large_image\" \/>\n<meta name=\"twitter:label1\" content=\"Geschatte leestijd\" \/>\n\t<meta name=\"twitter:data1\" content=\"1 minuut\" \/>\n<script type=\"application\/ld+json\" class=\"yoast-schema-graph\">{\"@context\":\"https:\/\/schema.org\",\"@graph\":[{\"@type\":\"WebPage\",\"@id\":\"https:\/\/www.landofmemory.eu\/nl\/sites-historiques\/monument-walthere-dewe\/\",\"url\":\"https:\/\/www.landofmemory.eu\/nl\/sites-historiques\/monument-walthere-dewe\/\",\"name\":\"Monument Walth\u00e8re Dew\u00e9 - Land of Memory\",\"isPartOf\":{\"@id\":\"https:\/\/www.landofmemory.eu\/#website\"},\"primaryImageOfPage\":{\"@id\":\"https:\/\/www.landofmemory.eu\/nl\/sites-historiques\/monument-walthere-dewe\/#primaryimage\"},\"image\":{\"@id\":\"https:\/\/www.landofmemory.eu\/nl\/sites-historiques\/monument-walthere-dewe\/#primaryimage\"},\"thumbnailUrl\":\"https:\/\/www.landofmemory.eu\/wp-content\/uploads\/2021\/09\/Chapel_Saint-Maurice__Memorial_Walthere_Dewe__2011_P1030327-300x225.jpeg\",\"datePublished\":\"2021-10-13T08:54:19+00:00\",\"dateModified\":\"2022-08-03T07:44:16+00:00\",\"description\":\"Dit herdenkingsmonument brengt hulde aan Walth\u00e8re Dew\u00e9, \u00e9\u00e9n van de belangrijkste figuren van de Belgische weerstand.\",\"breadcrumb\":{\"@id\":\"https:\/\/www.landofmemory.eu\/nl\/sites-historiques\/monument-walthere-dewe\/#breadcrumb\"},\"inLanguage\":\"nl-NL\",\"potentialAction\":[{\"@type\":\"ReadAction\",\"target\":[\"https:\/\/www.landofmemory.eu\/nl\/sites-historiques\/monument-walthere-dewe\/\"]}]},{\"@type\":\"ImageObject\",\"inLanguage\":\"nl-NL\",\"@id\":\"https:\/\/www.landofmemory.eu\/nl\/sites-historiques\/monument-walthere-dewe\/#primaryimage\",\"url\":\"https:\/\/www.landofmemory.eu\/wp-content\/uploads\/2021\/09\/Chapel_Saint-Maurice__Memorial_Walthere_Dewe__2011_P1030327-300x225.jpeg\",\"contentUrl\":\"https:\/\/www.landofmemory.eu\/wp-content\/uploads\/2021\/09\/Chapel_Saint-Maurice__Memorial_Walthere_Dewe__2011_P1030327-300x225.jpeg\"},{\"@type\":\"BreadcrumbList\",\"@id\":\"https:\/\/www.landofmemory.eu\/nl\/sites-historiques\/monument-walthere-dewe\/#breadcrumb\",\"itemListElement\":[{\"@type\":\"ListItem\",\"position\":1,\"name\":\"Accueil\",\"item\":\"https:\/\/www.landofmemory.eu\/\"},{\"@type\":\"ListItem\",\"position\":2,\"name\":\"Monument Walth\u00e8re Dew\u00e9\"}]},{\"@type\":\"WebSite\",\"@id\":\"https:\/\/www.landofmemory.eu\/#website\",\"url\":\"https:\/\/www.landofmemory.eu\/\",\"name\":\"Land Of Memory\",\"description\":\"L&#039;histoire commence ici\",\"publisher\":{\"@id\":\"https:\/\/www.landofmemory.eu\/#organization\"},\"potentialAction\":[{\"@type\":\"SearchAction\",\"target\":{\"@type\":\"EntryPoint\",\"urlTemplate\":\"https:\/\/www.landofmemory.eu\/?s={search_term_string}\"},\"query-input\":{\"@type\":\"PropertyValueSpecification\",\"valueRequired\":true,\"valueName\":\"search_term_string\"}}],\"inLanguage\":\"nl-NL\"},{\"@type\":\"Organization\",\"@id\":\"https:\/\/www.landofmemory.eu\/#organization\",\"name\":\"Land Of Memory\",\"url\":\"https:\/\/www.landofmemory.eu\/\",\"logo\":{\"@type\":\"ImageObject\",\"inLanguage\":\"nl-NL\",\"@id\":\"https:\/\/www.landofmemory.eu\/#\/schema\/logo\/image\/\",\"url\":\"https:\/\/www.landofmemory.eu\/wp-content\/uploads\/2022\/10\/logo-land-of-memory.jpg\",\"contentUrl\":\"https:\/\/www.landofmemory.eu\/wp-content\/uploads\/2022\/10\/logo-land-of-memory.jpg\",\"width\":1000,\"height\":500,\"caption\":\"Land Of Memory\"},\"image\":{\"@id\":\"https:\/\/www.landofmemory.eu\/#\/schema\/logo\/image\/\"},\"sameAs\":[\"https:\/\/www.facebook.com\/landofmemory.eu\",\"https:\/\/www.instagram.com\/landofmemory_eu\/\"]}]}<\/script>\n<!-- \/ Yoast SEO plugin. -->","yoast_head_json":{"title":"Monument Walth\u00e8re Dew\u00e9 - Land of Memory","description":"Dit herdenkingsmonument brengt hulde aan Walth\u00e8re Dew\u00e9, \u00e9\u00e9n van de belangrijkste figuren van de Belgische weerstand.","robots":{"index":"index","follow":"follow","max-snippet":"max-snippet:-1","max-image-preview":"max-image-preview:large","max-video-preview":"max-video-preview:-1"},"canonical":"https:\/\/www.landofmemory.eu\/nl\/sites-historiques\/monument-walthere-dewe\/","og_locale":"nl_NL","og_type":"article","og_title":"Monument Walth\u00e8re Dew\u00e9 - Land of Memory","og_description":"Dit herdenkingsmonument brengt hulde aan Walth\u00e8re Dew\u00e9, \u00e9\u00e9n van de belangrijkste figuren van de Belgische weerstand.","og_url":"https:\/\/www.landofmemory.eu\/nl\/sites-historiques\/monument-walthere-dewe\/","og_site_name":"Land Of Memory","article_publisher":"https:\/\/www.facebook.com\/landofmemory.eu","article_modified_time":"2022-08-03T07:44:16+00:00","og_image":[{"url":"https:\/\/www.landofmemory.eu\/wp-content\/uploads\/2021\/09\/Chapel_Saint-Maurice__Memorial_Walthere_Dewe__2011_P1030327-300x225.jpeg","type":"","width":"","height":""}],"twitter_card":"summary_large_image","twitter_misc":{"Geschatte leestijd":"1 minuut"},"schema":{"@context":"https:\/\/schema.org","@graph":[{"@type":"WebPage","@id":"https:\/\/www.landofmemory.eu\/nl\/sites-historiques\/monument-walthere-dewe\/","url":"https:\/\/www.landofmemory.eu\/nl\/sites-historiques\/monument-walthere-dewe\/","name":"Monument Walth\u00e8re Dew\u00e9 - Land of Memory","isPartOf":{"@id":"https:\/\/www.landofmemory.eu\/#website"},"primaryImageOfPage":{"@id":"https:\/\/www.landofmemory.eu\/nl\/sites-historiques\/monument-walthere-dewe\/#primaryimage"},"image":{"@id":"https:\/\/www.landofmemory.eu\/nl\/sites-historiques\/monument-walthere-dewe\/#primaryimage"},"thumbnailUrl":"https:\/\/www.landofmemory.eu\/wp-content\/uploads\/2021\/09\/Chapel_Saint-Maurice__Memorial_Walthere_Dewe__2011_P1030327-300x225.jpeg","datePublished":"2021-10-13T08:54:19+00:00","dateModified":"2022-08-03T07:44:16+00:00","description":"Dit herdenkingsmonument brengt hulde aan Walth\u00e8re Dew\u00e9, \u00e9\u00e9n van de belangrijkste figuren van de Belgische weerstand.","breadcrumb":{"@id":"https:\/\/www.landofmemory.eu\/nl\/sites-historiques\/monument-walthere-dewe\/#breadcrumb"},"inLanguage":"nl-NL","potentialAction":[{"@type":"ReadAction","target":["https:\/\/www.landofmemory.eu\/nl\/sites-historiques\/monument-walthere-dewe\/"]}]},{"@type":"ImageObject","inLanguage":"nl-NL","@id":"https:\/\/www.landofmemory.eu\/nl\/sites-historiques\/monument-walthere-dewe\/#primaryimage","url":"https:\/\/www.landofmemory.eu\/wp-content\/uploads\/2021\/09\/Chapel_Saint-Maurice__Memorial_Walthere_Dewe__2011_P1030327-300x225.jpeg","contentUrl":"https:\/\/www.landofmemory.eu\/wp-content\/uploads\/2021\/09\/Chapel_Saint-Maurice__Memorial_Walthere_Dewe__2011_P1030327-300x225.jpeg"},{"@type":"BreadcrumbList","@id":"https:\/\/www.landofmemory.eu\/nl\/sites-historiques\/monument-walthere-dewe\/#breadcrumb","itemListElement":[{"@type":"ListItem","position":1,"name":"Accueil","item":"https:\/\/www.landofmemory.eu\/"},{"@type":"ListItem","position":2,"name":"Monument Walth\u00e8re Dew\u00e9"}]},{"@type":"WebSite","@id":"https:\/\/www.landofmemory.eu\/#website","url":"https:\/\/www.landofmemory.eu\/","name":"Land Of Memory","description":"L&#039;histoire commence ici","publisher":{"@id":"https:\/\/www.landofmemory.eu\/#organization"},"potentialAction":[{"@type":"SearchAction","target":{"@type":"EntryPoint","urlTemplate":"https:\/\/www.landofmemory.eu\/?s={search_term_string}"},"query-input":{"@type":"PropertyValueSpecification","valueRequired":true,"valueName":"search_term_string"}}],"inLanguage":"nl-NL"},{"@type":"Organization","@id":"https:\/\/www.landofmemory.eu\/#organization","name":"Land Of Memory","url":"https:\/\/www.landofmemory.eu\/","logo":{"@type":"ImageObject","inLanguage":"nl-NL","@id":"https:\/\/www.landofmemory.eu\/#\/schema\/logo\/image\/","url":"https:\/\/www.landofmemory.eu\/wp-content\/uploads\/2022\/10\/logo-land-of-memory.jpg","contentUrl":"https:\/\/www.landofmemory.eu\/wp-content\/uploads\/2022\/10\/logo-land-of-memory.jpg","width":1000,"height":500,"caption":"Land Of Memory"},"image":{"@id":"https:\/\/www.landofmemory.eu\/#\/schema\/logo\/image\/"},"sameAs":["https:\/\/www.facebook.com\/landofmemory.eu","https:\/\/www.instagram.com\/landofmemory_eu\/"]}]}},"_links":{"self":[{"href":"https:\/\/www.landofmemory.eu\/nl\/wp-json\/wp\/v2\/sites-historiques\/4653","targetHints":{"allow":["GET"]}}],"collection":[{"href":"https:\/\/www.landofmemory.eu\/nl\/wp-json\/wp\/v2\/sites-historiques"}],"about":[{"href":"https:\/\/www.landofmemory.eu\/nl\/wp-json\/wp\/v2\/types\/sites-historiques"}],"wp:attachment":[{"href":"https:\/\/www.landofmemory.eu\/nl\/wp-json\/wp\/v2\/media?parent=4653"}],"wp:term":[{"taxonomy":"type_site","embeddable":true,"href":"https:\/\/www.landofmemory.eu\/nl\/wp-json\/wp\/v2\/type_site?post=4653"}],"curies":[{"name":"wp","href":"https:\/\/api.w.org\/{rel}","templated":true}]}}