{"id":4661,"date":"2021-10-13T11:17:07","date_gmt":"2021-10-13T09:17:07","guid":{"rendered":"https:\/\/www.landofmemory.eu\/sites-historiques\/u-s-memorial-wereth\/"},"modified":"2021-11-02T14:02:36","modified_gmt":"2021-11-02T13:02:36","slug":"u-s-memorial-wereth","status":"publish","type":"sites-historiques","link":"https:\/\/www.landofmemory.eu\/nl\/sites-historiques\/u-s-memorial-wereth\/","title":{"rendered":"U.S. Memorial Wereth"},"content":{"rendered":"\n<h2 class=\"wp-block-heading\">Een eerbetoon aan de Afro-Amerikaanse soldaten die aan het einde van de Tweede Wereldoorlog hebben gestreden<\/h2>\n\n<p>Bij de verdediging van Bastogne, tijdens het Ardennenoffensief, beseffen wij niet altijd dat de beslissende factor bij de verdediging van de stad, de ondersteuning van de artillerie was. E\u00e9n van de zware artillerie eenheden (155 mm) was de 969ste FAB. Dit was een eenheid samengesteld uit Afro-Amerikanen, vergezeld van enkele houwitzers en overlevenden van het 333ste FAB, eveneens Afro-Amerikanen. Voor deze daden, ontving het 969ste FAB de Presidential Unit Citation, de hoogste militaire onderscheiding die een eenheid kan ontvangen. Maar, desondanks hun diensten, is de deelname van de Afro-Amerikaanse G.I.\u2019s aan het Ardennenoffensief, of andere acties in WO II, niet bekend en vooral niet erkend.&#13;\n<\/p>\n\n<p>Certains connaissent les Tuskegee Airmen, le 761st TB et le Red Ball Express. Mais la majorit\u00e9 des <strong>soldats afro-am\u00e9ricains<\/strong> de la Seconde Guerre mondiale (environ 260.000 en Europe) n\u2019ont jamais \u00e9t\u00e9 reconnus. <\/p>\n\n<p>Het was na een confrontatie in Sankt Vith dat de overlevenden naar Wereth vluchtten. Na een lange dag stappen, vonden zij onderdak, rust en eten in de boerderij van Mathias en Maria Langer. Zij verwelkomden hen met het risico op hun leven. Inderdaad, in dit deel van Belgi\u00eb, zag men de Amerikanen niet echt als \u201cbevrijders\u201d. In die periode, voelde de bevolking zich inderdaad soms meer Duits dan Belg in de Oostkantons, aangezien deze streek onophoudelijk in de loop van de voorbije decennia in handen kwam van de ene en dan weer de andere oorlogvoerende partij. Diezelfde dag, hield de familie Langer ook twee Duitse deserteurs verborgen en zonden zij hun zoon ver weg om de dienstplicht te ontlopen.&#13;\n<\/p>\n\n<div style=\"height:100px\" aria-hidden=\"true\" class=\"wp-block-spacer\"><\/div>\n\n<h2 class=\"wp-block-heading\">De slachtpartij<\/h2>\n\n<div class=\"wp-block-columns is-layout-flex wp-container-core-columns-is-layout-9d6595d7 wp-block-columns-is-layout-flex\">\n<div class=\"wp-block-column is-layout-flow wp-block-column-is-layout-flow\">\n<figure class=\"wp-block-image size-full is-resized\"><img loading=\"lazy\" decoding=\"async\" src=\"https:\/\/www.landofmemory.eu\/wp-content\/uploads\/2021\/09\/The-original-table-of-this-have-to-sit-the-Wereth-11-with-family-2.jpg\" alt=\"De originele tafel waaraan de 11 soldaten met de familie zaten.\" class=\"wp-image-2965\" width=\"368\" height=\"276\" srcset=\"https:\/\/www.landofmemory.eu\/wp-content\/uploads\/2021\/09\/The-original-table-of-this-have-to-sit-the-Wereth-11-with-family-2.jpg 800w, https:\/\/www.landofmemory.eu\/wp-content\/uploads\/2021\/09\/The-original-table-of-this-have-to-sit-the-Wereth-11-with-family-2-300x225.jpg 300w, https:\/\/www.landofmemory.eu\/wp-content\/uploads\/2021\/09\/The-original-table-of-this-have-to-sit-the-Wereth-11-with-family-2-768x576.jpg 768w, https:\/\/www.landofmemory.eu\/wp-content\/uploads\/2021\/09\/The-original-table-of-this-have-to-sit-the-Wereth-11-with-family-2-600x450.jpg 600w\" sizes=\"auto, (max-width: 368px) 100vw, 368px\" \/><\/figure>\n<\/div>\n\n\n\n<div class=\"wp-block-column is-layout-flow wp-block-column-is-layout-flow\">\n<figure class=\"wp-block-image size-full is-resized\"><img loading=\"lazy\" decoding=\"async\" src=\"https:\/\/www.landofmemory.eu\/wp-content\/uploads\/2021\/09\/The-room-where-the-family-eat-with-the-11-soldiers-pig-1-2.jpg\" alt=\"De kamer waar de familie at met de 11 soldaten.\" class=\"wp-image-2969\" width=\"413\" height=\"274\" srcset=\"https:\/\/www.landofmemory.eu\/wp-content\/uploads\/2021\/09\/The-room-where-the-family-eat-with-the-11-soldiers-pig-1-2.jpg 903w, https:\/\/www.landofmemory.eu\/wp-content\/uploads\/2021\/09\/The-room-where-the-family-eat-with-the-11-soldiers-pig-1-2-300x199.jpg 300w, https:\/\/www.landofmemory.eu\/wp-content\/uploads\/2021\/09\/The-room-where-the-family-eat-with-the-11-soldiers-pig-1-2-768x510.jpg 768w, https:\/\/www.landofmemory.eu\/wp-content\/uploads\/2021\/09\/The-room-where-the-family-eat-with-the-11-soldiers-pig-1-2-600x399.jpg 600w\" sizes=\"auto, (max-width: 413px) 100vw, 413px\" \/><\/figure>\n<\/div>\n<\/div>\n\n<p>Rond ongeveer 16 uur komt een Duitse patrouille van de 1.SS Pz Divisie van Kampgruppe Knittel aan in Wereth. Het staat vast dat iemand hen ingelicht had over de aanwezigheid van 11 soldaten bij Langer. Toen de SS aan de boerderij aankwamen, gaven de 11 GI\u2019s zich onmiddellijk over zonder enige weerstand.<\/p>\n\n<p>Verplicht door de Duitsers, bleven zij op de ijskoude grond zitten tot valavond. In het begin van de nacht weerklonken geweerschoten. \u2019s Anderendaags, \u2019s morgens, ontdekten dorpsbewoners de mannenlichamen op een holle weg aan de rand van een weiland. Uit vrees voor een terugkeer van de vijand, raakten zij de lichamen niet aan en lieten ze deze door de sneeuw bedekken. Ze bleven daar liggen, onder die witte lijkwade, tot begin januari\/begin februari 1945.&#13;\n<\/p>\n\n<div style=\"height:100px\" aria-hidden=\"true\" class=\"wp-block-spacer\"><\/div>\n\n<p>De lichamen waren bevroren en werden niet aangeraakt sedert de slachting. Het offici\u00eble rapport luidt dat geweld gepleegd werd op deze mensen: benen gebroken, bajonetstoten op het hoofd en bij sommigen de vingers afgesneden\u2026 Het was ook duidelijk dat \u00e9\u00e9n van hen geprobeerd had een verband te leggen bij \u00e9\u00e9n van zijn kameraden. De offici\u00eble legerfotograaf vervolledigde het dossier met foto\u2019s die de brutaliteit van deze slachting aantoonden.&#13;\n<\/p>\n\n<p>De moord op deze 11 mannen bleef gedurende vele jaren als een geheim geklasseerd en leek vervolgens definitief vergeten en ongestraft. Zeven van deze soldaten rusten op het Amerikaanse militaire kerkhof Henri-Chapelle, niet ver hiervandaan. De lichamen van de vier andere wapenbroeders werden, na de oorlog, aan hun familie teruggegeven en begraven op plaatselijke kerkhoven.&#13;\n<\/p>\n\n<h2 class=\"wp-block-heading\">Het Memorial<\/h2>\n\n<figure class=\"wp-block-image size-large\"><img loading=\"lazy\" decoding=\"async\" width=\"1024\" height=\"597\" src=\"https:\/\/www.landofmemory.eu\/wp-content\/uploads\/2021\/09\/U.S.-MEMORIAL-WERETH-2019-2-2-1024x597.jpg\" alt=\"Gedenkteken voor de 11 gesneuvelde soldaten.\" class=\"wp-image-2961\" srcset=\"https:\/\/www.landofmemory.eu\/wp-content\/uploads\/2021\/09\/U.S.-MEMORIAL-WERETH-2019-2-2-1024x597.jpg 1024w, https:\/\/www.landofmemory.eu\/wp-content\/uploads\/2021\/09\/U.S.-MEMORIAL-WERETH-2019-2-2-300x175.jpg 300w, https:\/\/www.landofmemory.eu\/wp-content\/uploads\/2021\/09\/U.S.-MEMORIAL-WERETH-2019-2-2-768x448.jpg 768w, https:\/\/www.landofmemory.eu\/wp-content\/uploads\/2021\/09\/U.S.-MEMORIAL-WERETH-2019-2-2-1536x895.jpg 1536w, https:\/\/www.landofmemory.eu\/wp-content\/uploads\/2021\/09\/U.S.-MEMORIAL-WERETH-2019-2-2-2048x1194.jpg 2048w, https:\/\/www.landofmemory.eu\/wp-content\/uploads\/2021\/09\/U.S.-MEMORIAL-WERETH-2019-2-2-600x350.jpg 600w\" sizes=\"auto, (max-width: 1024px) 100vw, 1024px\" \/><\/figure>\n\n<p>Op 11 september 1994, richt Hermann Langer een stenen kruis op als herinnering aan de 11 Afro-Amerikaanse G.I.\u2019s van het 333ste veldartilleriebataljon. Hermann is de zoon van Mathias en Maria, het echtpaar dat destijds onderdak verleende aan de soldaten.&#13;\n<\/p>\n\n<p>Maar Wereth, zonder school of winkel, blijft onbekend voor iedereen. In 2001, hebben drie burgers een geniaal project opgestart en hebben het goedgemaakt: zij zamelden fondsen in en in 2004 werd het gedenkteken ter ere van de \u201celf van Wereth\u201d ingehuldigd, maar ook ter ere van alle Afro-Amerikanen die voor onze vrijheden gestreden hebben.&#13;\n<\/p>\n\n<p>Vandaag loopt nog steeds onderzoek verder naar deze elf mannen en hun eenheden.&#13;\n<\/p>\n","protected":false},"template":"","type_site":[56],"class_list":["post-4661","sites-historiques","type-sites-historiques","status-publish","hentry","type_site-memorials-nl"],"acf":[],"yoast_head":"<!-- This site is optimized with the Yoast SEO plugin v26.0 - https:\/\/yoast.com\/wordpress\/plugins\/seo\/ -->\n<title>Tweede Wereldoorlog: U.S. Memorial Wereth - Land of Memory<\/title>\n<meta name=\"description\" content=\"Het U.S. Memorial Wereth is een uniek eerbetoon aan de elf G.I.\u2019s van het 333ste Field Artillery Batallion en aan alle Afro-Amerikaanse soldaten.\" \/>\n<meta name=\"robots\" content=\"index, follow, max-snippet:-1, max-image-preview:large, max-video-preview:-1\" \/>\n<link rel=\"canonical\" href=\"https:\/\/www.landofmemory.eu\/nl\/sites-historiques\/u-s-memorial-wereth\/\" \/>\n<meta property=\"og:locale\" content=\"nl_NL\" \/>\n<meta property=\"og:type\" content=\"article\" \/>\n<meta property=\"og:title\" content=\"Tweede Wereldoorlog: U.S. Memorial Wereth - Land of Memory\" \/>\n<meta property=\"og:description\" content=\"Het U.S. Memorial Wereth is een uniek eerbetoon aan de elf G.I.\u2019s van het 333ste Field Artillery Batallion en aan alle Afro-Amerikaanse soldaten.\" \/>\n<meta property=\"og:url\" content=\"https:\/\/www.landofmemory.eu\/nl\/sites-historiques\/u-s-memorial-wereth\/\" \/>\n<meta property=\"og:site_name\" content=\"Land Of Memory\" \/>\n<meta property=\"article:publisher\" content=\"https:\/\/www.facebook.com\/landofmemory.eu\" \/>\n<meta property=\"article:modified_time\" content=\"2021-11-02T13:02:36+00:00\" \/>\n<meta property=\"og:image\" content=\"https:\/\/www.landofmemory.eu\/wp-content\/uploads\/2021\/09\/The-original-table-of-this-have-to-sit-the-Wereth-11-with-family-2.jpg\" \/>\n<meta name=\"twitter:card\" content=\"summary_large_image\" \/>\n<meta name=\"twitter:label1\" content=\"Geschatte leestijd\" \/>\n\t<meta name=\"twitter:data1\" content=\"3 minuten\" \/>\n<script type=\"application\/ld+json\" class=\"yoast-schema-graph\">{\"@context\":\"https:\/\/schema.org\",\"@graph\":[{\"@type\":\"WebPage\",\"@id\":\"https:\/\/www.landofmemory.eu\/nl\/sites-historiques\/u-s-memorial-wereth\/\",\"url\":\"https:\/\/www.landofmemory.eu\/nl\/sites-historiques\/u-s-memorial-wereth\/\",\"name\":\"Tweede Wereldoorlog: U.S. Memorial Wereth - Land of Memory\",\"isPartOf\":{\"@id\":\"https:\/\/www.landofmemory.eu\/#website\"},\"primaryImageOfPage\":{\"@id\":\"https:\/\/www.landofmemory.eu\/nl\/sites-historiques\/u-s-memorial-wereth\/#primaryimage\"},\"image\":{\"@id\":\"https:\/\/www.landofmemory.eu\/nl\/sites-historiques\/u-s-memorial-wereth\/#primaryimage\"},\"thumbnailUrl\":\"https:\/\/www.landofmemory.eu\/wp-content\/uploads\/2021\/09\/The-original-table-of-this-have-to-sit-the-Wereth-11-with-family-2.jpg\",\"datePublished\":\"2021-10-13T09:17:07+00:00\",\"dateModified\":\"2021-11-02T13:02:36+00:00\",\"description\":\"Het U.S. Memorial Wereth is een uniek eerbetoon aan de elf G.I.\u2019s van het 333ste Field Artillery Batallion en aan alle Afro-Amerikaanse soldaten.\",\"breadcrumb\":{\"@id\":\"https:\/\/www.landofmemory.eu\/nl\/sites-historiques\/u-s-memorial-wereth\/#breadcrumb\"},\"inLanguage\":\"nl-NL\",\"potentialAction\":[{\"@type\":\"ReadAction\",\"target\":[\"https:\/\/www.landofmemory.eu\/nl\/sites-historiques\/u-s-memorial-wereth\/\"]}]},{\"@type\":\"ImageObject\",\"inLanguage\":\"nl-NL\",\"@id\":\"https:\/\/www.landofmemory.eu\/nl\/sites-historiques\/u-s-memorial-wereth\/#primaryimage\",\"url\":\"https:\/\/www.landofmemory.eu\/wp-content\/uploads\/2021\/09\/The-original-table-of-this-have-to-sit-the-Wereth-11-with-family-2.jpg\",\"contentUrl\":\"https:\/\/www.landofmemory.eu\/wp-content\/uploads\/2021\/09\/The-original-table-of-this-have-to-sit-the-Wereth-11-with-family-2.jpg\"},{\"@type\":\"BreadcrumbList\",\"@id\":\"https:\/\/www.landofmemory.eu\/nl\/sites-historiques\/u-s-memorial-wereth\/#breadcrumb\",\"itemListElement\":[{\"@type\":\"ListItem\",\"position\":1,\"name\":\"Accueil\",\"item\":\"https:\/\/www.landofmemory.eu\/\"},{\"@type\":\"ListItem\",\"position\":2,\"name\":\"U.S. Memorial Wereth\"}]},{\"@type\":\"WebSite\",\"@id\":\"https:\/\/www.landofmemory.eu\/#website\",\"url\":\"https:\/\/www.landofmemory.eu\/\",\"name\":\"Land Of Memory\",\"description\":\"L&#039;histoire commence ici\",\"publisher\":{\"@id\":\"https:\/\/www.landofmemory.eu\/#organization\"},\"potentialAction\":[{\"@type\":\"SearchAction\",\"target\":{\"@type\":\"EntryPoint\",\"urlTemplate\":\"https:\/\/www.landofmemory.eu\/?s={search_term_string}\"},\"query-input\":{\"@type\":\"PropertyValueSpecification\",\"valueRequired\":true,\"valueName\":\"search_term_string\"}}],\"inLanguage\":\"nl-NL\"},{\"@type\":\"Organization\",\"@id\":\"https:\/\/www.landofmemory.eu\/#organization\",\"name\":\"Land Of Memory\",\"url\":\"https:\/\/www.landofmemory.eu\/\",\"logo\":{\"@type\":\"ImageObject\",\"inLanguage\":\"nl-NL\",\"@id\":\"https:\/\/www.landofmemory.eu\/#\/schema\/logo\/image\/\",\"url\":\"https:\/\/www.landofmemory.eu\/wp-content\/uploads\/2022\/10\/logo-land-of-memory.jpg\",\"contentUrl\":\"https:\/\/www.landofmemory.eu\/wp-content\/uploads\/2022\/10\/logo-land-of-memory.jpg\",\"width\":1000,\"height\":500,\"caption\":\"Land Of Memory\"},\"image\":{\"@id\":\"https:\/\/www.landofmemory.eu\/#\/schema\/logo\/image\/\"},\"sameAs\":[\"https:\/\/www.facebook.com\/landofmemory.eu\",\"https:\/\/www.instagram.com\/landofmemory_eu\/\"]}]}<\/script>\n<!-- \/ Yoast SEO plugin. -->","yoast_head_json":{"title":"Tweede Wereldoorlog: U.S. Memorial Wereth - Land of Memory","description":"Het U.S. Memorial Wereth is een uniek eerbetoon aan de elf G.I.\u2019s van het 333ste Field Artillery Batallion en aan alle Afro-Amerikaanse soldaten.","robots":{"index":"index","follow":"follow","max-snippet":"max-snippet:-1","max-image-preview":"max-image-preview:large","max-video-preview":"max-video-preview:-1"},"canonical":"https:\/\/www.landofmemory.eu\/nl\/sites-historiques\/u-s-memorial-wereth\/","og_locale":"nl_NL","og_type":"article","og_title":"Tweede Wereldoorlog: U.S. Memorial Wereth - Land of Memory","og_description":"Het U.S. Memorial Wereth is een uniek eerbetoon aan de elf G.I.\u2019s van het 333ste Field Artillery Batallion en aan alle Afro-Amerikaanse soldaten.","og_url":"https:\/\/www.landofmemory.eu\/nl\/sites-historiques\/u-s-memorial-wereth\/","og_site_name":"Land Of Memory","article_publisher":"https:\/\/www.facebook.com\/landofmemory.eu","article_modified_time":"2021-11-02T13:02:36+00:00","og_image":[{"url":"https:\/\/www.landofmemory.eu\/wp-content\/uploads\/2021\/09\/The-original-table-of-this-have-to-sit-the-Wereth-11-with-family-2.jpg","type":"","width":"","height":""}],"twitter_card":"summary_large_image","twitter_misc":{"Geschatte leestijd":"3 minuten"},"schema":{"@context":"https:\/\/schema.org","@graph":[{"@type":"WebPage","@id":"https:\/\/www.landofmemory.eu\/nl\/sites-historiques\/u-s-memorial-wereth\/","url":"https:\/\/www.landofmemory.eu\/nl\/sites-historiques\/u-s-memorial-wereth\/","name":"Tweede Wereldoorlog: U.S. Memorial Wereth - Land of Memory","isPartOf":{"@id":"https:\/\/www.landofmemory.eu\/#website"},"primaryImageOfPage":{"@id":"https:\/\/www.landofmemory.eu\/nl\/sites-historiques\/u-s-memorial-wereth\/#primaryimage"},"image":{"@id":"https:\/\/www.landofmemory.eu\/nl\/sites-historiques\/u-s-memorial-wereth\/#primaryimage"},"thumbnailUrl":"https:\/\/www.landofmemory.eu\/wp-content\/uploads\/2021\/09\/The-original-table-of-this-have-to-sit-the-Wereth-11-with-family-2.jpg","datePublished":"2021-10-13T09:17:07+00:00","dateModified":"2021-11-02T13:02:36+00:00","description":"Het U.S. Memorial Wereth is een uniek eerbetoon aan de elf G.I.\u2019s van het 333ste Field Artillery Batallion en aan alle Afro-Amerikaanse soldaten.","breadcrumb":{"@id":"https:\/\/www.landofmemory.eu\/nl\/sites-historiques\/u-s-memorial-wereth\/#breadcrumb"},"inLanguage":"nl-NL","potentialAction":[{"@type":"ReadAction","target":["https:\/\/www.landofmemory.eu\/nl\/sites-historiques\/u-s-memorial-wereth\/"]}]},{"@type":"ImageObject","inLanguage":"nl-NL","@id":"https:\/\/www.landofmemory.eu\/nl\/sites-historiques\/u-s-memorial-wereth\/#primaryimage","url":"https:\/\/www.landofmemory.eu\/wp-content\/uploads\/2021\/09\/The-original-table-of-this-have-to-sit-the-Wereth-11-with-family-2.jpg","contentUrl":"https:\/\/www.landofmemory.eu\/wp-content\/uploads\/2021\/09\/The-original-table-of-this-have-to-sit-the-Wereth-11-with-family-2.jpg"},{"@type":"BreadcrumbList","@id":"https:\/\/www.landofmemory.eu\/nl\/sites-historiques\/u-s-memorial-wereth\/#breadcrumb","itemListElement":[{"@type":"ListItem","position":1,"name":"Accueil","item":"https:\/\/www.landofmemory.eu\/"},{"@type":"ListItem","position":2,"name":"U.S. Memorial Wereth"}]},{"@type":"WebSite","@id":"https:\/\/www.landofmemory.eu\/#website","url":"https:\/\/www.landofmemory.eu\/","name":"Land Of Memory","description":"L&#039;histoire commence ici","publisher":{"@id":"https:\/\/www.landofmemory.eu\/#organization"},"potentialAction":[{"@type":"SearchAction","target":{"@type":"EntryPoint","urlTemplate":"https:\/\/www.landofmemory.eu\/?s={search_term_string}"},"query-input":{"@type":"PropertyValueSpecification","valueRequired":true,"valueName":"search_term_string"}}],"inLanguage":"nl-NL"},{"@type":"Organization","@id":"https:\/\/www.landofmemory.eu\/#organization","name":"Land Of Memory","url":"https:\/\/www.landofmemory.eu\/","logo":{"@type":"ImageObject","inLanguage":"nl-NL","@id":"https:\/\/www.landofmemory.eu\/#\/schema\/logo\/image\/","url":"https:\/\/www.landofmemory.eu\/wp-content\/uploads\/2022\/10\/logo-land-of-memory.jpg","contentUrl":"https:\/\/www.landofmemory.eu\/wp-content\/uploads\/2022\/10\/logo-land-of-memory.jpg","width":1000,"height":500,"caption":"Land Of Memory"},"image":{"@id":"https:\/\/www.landofmemory.eu\/#\/schema\/logo\/image\/"},"sameAs":["https:\/\/www.facebook.com\/landofmemory.eu","https:\/\/www.instagram.com\/landofmemory_eu\/"]}]}},"_links":{"self":[{"href":"https:\/\/www.landofmemory.eu\/nl\/wp-json\/wp\/v2\/sites-historiques\/4661","targetHints":{"allow":["GET"]}}],"collection":[{"href":"https:\/\/www.landofmemory.eu\/nl\/wp-json\/wp\/v2\/sites-historiques"}],"about":[{"href":"https:\/\/www.landofmemory.eu\/nl\/wp-json\/wp\/v2\/types\/sites-historiques"}],"wp:attachment":[{"href":"https:\/\/www.landofmemory.eu\/nl\/wp-json\/wp\/v2\/media?parent=4661"}],"wp:term":[{"taxonomy":"type_site","embeddable":true,"href":"https:\/\/www.landofmemory.eu\/nl\/wp-json\/wp\/v2\/type_site?post=4661"}],"curies":[{"name":"wp","href":"https:\/\/api.w.org\/{rel}","templated":true}]}}