{"id":4667,"date":"2021-10-13T11:41:44","date_gmt":"2021-10-13T09:41:44","guid":{"rendered":"https:\/\/www.landofmemory.eu\/sites-historiques\/fort-van-flemalle\/"},"modified":"2022-01-20T16:08:12","modified_gmt":"2022-01-20T15:08:12","slug":"fort-van-flemalle","status":"publish","type":"sites-historiques","link":"https:\/\/www.landofmemory.eu\/nl\/sites-historiques\/fort-van-flemalle\/","title":{"rendered":"Fort van Fl\u00e9malle"},"content":{"rendered":"\n<h2 class=\"wp-block-heading\">E\u00e9n van de meest versterkte forten<\/h2>\n\n<div class=\"wp-block-columns is-layout-flex wp-container-core-columns-is-layout-9d6595d7 wp-block-columns-is-layout-flex\">\n<div class=\"wp-block-column is-layout-flow wp-block-column-is-layout-flow\">\n<figure class=\"wp-block-image size-medium is-resized\"><img loading=\"lazy\" decoding=\"async\" src=\"https:\/\/www.landofmemory.eu\/wp-content\/uploads\/2021\/09\/DSC_3080-min-200x300.jpg\" alt=\"\" class=\"wp-image-6326\" width=\"396\" height=\"594\" srcset=\"https:\/\/www.landofmemory.eu\/wp-content\/uploads\/2021\/09\/DSC_3080-min-200x300.jpg 200w, https:\/\/www.landofmemory.eu\/wp-content\/uploads\/2021\/09\/DSC_3080-min-684x1024.jpg 684w, https:\/\/www.landofmemory.eu\/wp-content\/uploads\/2021\/09\/DSC_3080-min-768x1151.jpg 768w, https:\/\/www.landofmemory.eu\/wp-content\/uploads\/2021\/09\/DSC_3080-min-1025x1536.jpg 1025w, https:\/\/www.landofmemory.eu\/wp-content\/uploads\/2021\/09\/DSC_3080-min-1367x2048.jpg 1367w, https:\/\/www.landofmemory.eu\/wp-content\/uploads\/2021\/09\/DSC_3080-min-600x900.jpg 600w, https:\/\/www.landofmemory.eu\/wp-content\/uploads\/2021\/09\/DSC_3080-min-scaled.jpg 1709w\" sizes=\"auto, (max-width: 396px) 100vw, 396px\" \/><figcaption>\u00a9 Land of Memory<\/figcaption><\/figure>\n<\/div>\n\n\n\n<div class=\"wp-block-column is-vertically-aligned-center is-layout-flow wp-block-column-is-layout-flow\">\n<p>Het Fort van Fl\u00e9malle werd gebouwd tussen 1888 en 1892 op initiatief van Generaal Brialmont, en maakt deel uit van de 12 forten van de versterkte Luikse ring. De vorm is vierhoekig, verrassend voor die tijd en \u00e9\u00e9n van de meest massieve. Het werd, zoals de meeste Luikse forten volledig gebouwd in niet versterkt beton. Het bevindt zich op een tiental kilometer ten zuidwesten van Luik en het nam een strategische positie in om de toegang te beletten tot de Maasvallei in geval van een vijandelijke aanval.&#13;\n<\/p>\n\n\n\n<p>Tijdens WO I en de Slag bij Luik, was Fl\u00e9malle \u00e9\u00e9n van de laatste forten van de versterkte ring om de bombardementen van het Duitse leger te ondergaan. Het fort gaf zich over op 16 augustus 1914, helemaal verstikt en met een gebrek aan munitie. Tijdens de Duitse bezetting werd het fort aanzienlijk verbeterd als infanterie ondersteuning. Vervolgens werd het herbewapend door het Belgische leger.&#13;\n<\/p>\n\n\n\n<p>Bij het uitbreken van WO II vormt dit fort een belangrijke ondersteuning voor het Belgische leger. Het telde op zichzelf een garnizoen van meer dan 300 man. Op 16 mei 1940 gaf het fort zich over na gedeeltelijk te zijn verwoest door vier luchtaanvallen. De enorme kraters, vandaag nog zichtbaar, laten ons toe beter rekenschap te geven  van de indrukwekkende impact  van deze bombardementen.&#13;\n<\/p>\n\n\n\n<p><\/p>\n\n\n\n<p><\/p>\n<\/div>\n<\/div>\n\n<h2 class=\"wp-block-heading\">Een beleving in virtual reality<\/h2>\n\n<div class=\"wp-block-columns is-layout-flex wp-container-core-columns-is-layout-9d6595d7 wp-block-columns-is-layout-flex\">\n<div class=\"wp-block-column is-layout-flow wp-block-column-is-layout-flow\">\n<figure class=\"wp-block-image size-medium is-resized\"><img loading=\"lazy\" decoding=\"async\" src=\"https:\/\/www.landofmemory.eu\/wp-content\/uploads\/2021\/09\/Fort-Fle&#x301;malle_Denis_Bdts1-min-300x200.jpg\" alt=\"\" class=\"wp-image-6332\" width=\"421\" height=\"281\"\/><figcaption>\u00a9 Land of Memory <\/figcaption><\/figure>\n\n\n\n<p><meta charset=\"utf-8\"\/><\/p>\n\n\n\n<p>Vandaag biedt de site een nieuw en uniek bezoek in Belgi\u00eb: bezoekers kunnen zich volledig onderdompelen in de sfeer van de Tweede Wereldoorlog door het fort te verkennen met virtual reality koptelefoons om het te zien zoals het was in 1940. De \u201cVR\u201940 experience tour\u201d wacht nog enkel op jou!<\/p>\n<\/div>\n\n\n\n<div class=\"wp-block-column is-vertically-aligned-center is-layout-flow wp-block-column-is-layout-flow\">\n<div class=\"wp-block-image\"><figure class=\"aligncenter size-medium is-resized\"><img loading=\"lazy\" decoding=\"async\" src=\"https:\/\/www.landofmemory.eu\/wp-content\/uploads\/2021\/09\/Fort-Fle&#x301;malle_Denis_Bdts2-200x300.jpg\" alt=\"\" class=\"wp-image-6337\" width=\"281\" height=\"422\"\/><figcaption>\u00a9 Land of Memory<\/figcaption><\/figure><\/div>\n<\/div>\n<\/div>\n\n<p>Het Fort van Fl\u00e9malle bezit eveneens een uitzonderlijk museum waar je wapens, uitrustingen en authentieke Belgische uniformen kan ontdekken. Dit zal je zeker toelaten het dagelijkse leven van mannen en vrouwen uit die tijd te benaderen. Een hele zaal is zelfs gewijd aan vrouwelijke Amerikaanse piloten, iets uniek in Belgi\u00eb en zeker niet te missen!&#13;\n<\/p>\n","protected":false},"template":"","type_site":[54,55],"class_list":["post-4667","sites-historiques","type-sites-historiques","status-publish","hentry","type_site-oorlogsforten","type_site-musea-en-tentoonstellingen"],"acf":[],"yoast_head":"<!-- This site is optimized with the Yoast SEO plugin v26.0 - https:\/\/yoast.com\/wordpress\/plugins\/seo\/ -->\n<title>Fort van Fl\u00e9malle - Land of Memory<\/title>\n<meta name=\"description\" content=\"Het Fort van Fl\u00e9malle is vierhoekig en \u00e9\u00e9n van de meest versterkte forten van die tijd, gebouwd in niet versterkt beton.\" \/>\n<meta name=\"robots\" content=\"index, follow, max-snippet:-1, max-image-preview:large, max-video-preview:-1\" \/>\n<link rel=\"canonical\" href=\"https:\/\/www.landofmemory.eu\/nl\/sites-historiques\/fort-van-flemalle\/\" \/>\n<meta property=\"og:locale\" content=\"nl_NL\" \/>\n<meta property=\"og:type\" content=\"article\" \/>\n<meta property=\"og:title\" content=\"Fort van Fl\u00e9malle - Land of Memory\" \/>\n<meta property=\"og:description\" content=\"Het Fort van Fl\u00e9malle is vierhoekig en \u00e9\u00e9n van de meest versterkte forten van die tijd, gebouwd in niet versterkt beton.\" \/>\n<meta property=\"og:url\" content=\"https:\/\/www.landofmemory.eu\/nl\/sites-historiques\/fort-van-flemalle\/\" \/>\n<meta property=\"og:site_name\" content=\"Land Of Memory\" \/>\n<meta property=\"article:publisher\" content=\"https:\/\/www.facebook.com\/landofmemory.eu\" \/>\n<meta property=\"article:modified_time\" content=\"2022-01-20T15:08:12+00:00\" \/>\n<meta property=\"og:image\" content=\"https:\/\/www.landofmemory.eu\/wp-content\/uploads\/2021\/09\/DSC_3080-min-200x300.jpg\" \/>\n<meta name=\"twitter:card\" content=\"summary_large_image\" \/>\n<meta name=\"twitter:label1\" content=\"Geschatte leestijd\" \/>\n\t<meta name=\"twitter:data1\" content=\"2 minuten\" \/>\n<script type=\"application\/ld+json\" class=\"yoast-schema-graph\">{\"@context\":\"https:\/\/schema.org\",\"@graph\":[{\"@type\":\"WebPage\",\"@id\":\"https:\/\/www.landofmemory.eu\/nl\/sites-historiques\/fort-van-flemalle\/\",\"url\":\"https:\/\/www.landofmemory.eu\/nl\/sites-historiques\/fort-van-flemalle\/\",\"name\":\"Fort van Fl\u00e9malle - Land of Memory\",\"isPartOf\":{\"@id\":\"https:\/\/www.landofmemory.eu\/#website\"},\"primaryImageOfPage\":{\"@id\":\"https:\/\/www.landofmemory.eu\/nl\/sites-historiques\/fort-van-flemalle\/#primaryimage\"},\"image\":{\"@id\":\"https:\/\/www.landofmemory.eu\/nl\/sites-historiques\/fort-van-flemalle\/#primaryimage\"},\"thumbnailUrl\":\"https:\/\/www.landofmemory.eu\/wp-content\/uploads\/2021\/09\/DSC_3080-min-200x300.jpg\",\"datePublished\":\"2021-10-13T09:41:44+00:00\",\"dateModified\":\"2022-01-20T15:08:12+00:00\",\"description\":\"Het Fort van Fl\u00e9malle is vierhoekig en \u00e9\u00e9n van de meest versterkte forten van die tijd, gebouwd in niet versterkt beton.\",\"breadcrumb\":{\"@id\":\"https:\/\/www.landofmemory.eu\/nl\/sites-historiques\/fort-van-flemalle\/#breadcrumb\"},\"inLanguage\":\"nl-NL\",\"potentialAction\":[{\"@type\":\"ReadAction\",\"target\":[\"https:\/\/www.landofmemory.eu\/nl\/sites-historiques\/fort-van-flemalle\/\"]}]},{\"@type\":\"ImageObject\",\"inLanguage\":\"nl-NL\",\"@id\":\"https:\/\/www.landofmemory.eu\/nl\/sites-historiques\/fort-van-flemalle\/#primaryimage\",\"url\":\"https:\/\/www.landofmemory.eu\/wp-content\/uploads\/2021\/09\/DSC_3080-min-200x300.jpg\",\"contentUrl\":\"https:\/\/www.landofmemory.eu\/wp-content\/uploads\/2021\/09\/DSC_3080-min-200x300.jpg\"},{\"@type\":\"BreadcrumbList\",\"@id\":\"https:\/\/www.landofmemory.eu\/nl\/sites-historiques\/fort-van-flemalle\/#breadcrumb\",\"itemListElement\":[{\"@type\":\"ListItem\",\"position\":1,\"name\":\"Accueil\",\"item\":\"https:\/\/www.landofmemory.eu\/\"},{\"@type\":\"ListItem\",\"position\":2,\"name\":\"Fort van Fl\u00e9malle\"}]},{\"@type\":\"WebSite\",\"@id\":\"https:\/\/www.landofmemory.eu\/#website\",\"url\":\"https:\/\/www.landofmemory.eu\/\",\"name\":\"Land Of Memory\",\"description\":\"L&#039;histoire commence ici\",\"publisher\":{\"@id\":\"https:\/\/www.landofmemory.eu\/#organization\"},\"potentialAction\":[{\"@type\":\"SearchAction\",\"target\":{\"@type\":\"EntryPoint\",\"urlTemplate\":\"https:\/\/www.landofmemory.eu\/?s={search_term_string}\"},\"query-input\":{\"@type\":\"PropertyValueSpecification\",\"valueRequired\":true,\"valueName\":\"search_term_string\"}}],\"inLanguage\":\"nl-NL\"},{\"@type\":\"Organization\",\"@id\":\"https:\/\/www.landofmemory.eu\/#organization\",\"name\":\"Land Of Memory\",\"url\":\"https:\/\/www.landofmemory.eu\/\",\"logo\":{\"@type\":\"ImageObject\",\"inLanguage\":\"nl-NL\",\"@id\":\"https:\/\/www.landofmemory.eu\/#\/schema\/logo\/image\/\",\"url\":\"https:\/\/www.landofmemory.eu\/wp-content\/uploads\/2022\/10\/logo-land-of-memory.jpg\",\"contentUrl\":\"https:\/\/www.landofmemory.eu\/wp-content\/uploads\/2022\/10\/logo-land-of-memory.jpg\",\"width\":1000,\"height\":500,\"caption\":\"Land Of Memory\"},\"image\":{\"@id\":\"https:\/\/www.landofmemory.eu\/#\/schema\/logo\/image\/\"},\"sameAs\":[\"https:\/\/www.facebook.com\/landofmemory.eu\",\"https:\/\/www.instagram.com\/landofmemory_eu\/\"]}]}<\/script>\n<!-- \/ Yoast SEO plugin. -->","yoast_head_json":{"title":"Fort van Fl\u00e9malle - Land of Memory","description":"Het Fort van Fl\u00e9malle is vierhoekig en \u00e9\u00e9n van de meest versterkte forten van die tijd, gebouwd in niet versterkt beton.","robots":{"index":"index","follow":"follow","max-snippet":"max-snippet:-1","max-image-preview":"max-image-preview:large","max-video-preview":"max-video-preview:-1"},"canonical":"https:\/\/www.landofmemory.eu\/nl\/sites-historiques\/fort-van-flemalle\/","og_locale":"nl_NL","og_type":"article","og_title":"Fort van Fl\u00e9malle - Land of Memory","og_description":"Het Fort van Fl\u00e9malle is vierhoekig en \u00e9\u00e9n van de meest versterkte forten van die tijd, gebouwd in niet versterkt beton.","og_url":"https:\/\/www.landofmemory.eu\/nl\/sites-historiques\/fort-van-flemalle\/","og_site_name":"Land Of Memory","article_publisher":"https:\/\/www.facebook.com\/landofmemory.eu","article_modified_time":"2022-01-20T15:08:12+00:00","og_image":[{"url":"https:\/\/www.landofmemory.eu\/wp-content\/uploads\/2021\/09\/DSC_3080-min-200x300.jpg","type":"","width":"","height":""}],"twitter_card":"summary_large_image","twitter_misc":{"Geschatte leestijd":"2 minuten"},"schema":{"@context":"https:\/\/schema.org","@graph":[{"@type":"WebPage","@id":"https:\/\/www.landofmemory.eu\/nl\/sites-historiques\/fort-van-flemalle\/","url":"https:\/\/www.landofmemory.eu\/nl\/sites-historiques\/fort-van-flemalle\/","name":"Fort van Fl\u00e9malle - Land of Memory","isPartOf":{"@id":"https:\/\/www.landofmemory.eu\/#website"},"primaryImageOfPage":{"@id":"https:\/\/www.landofmemory.eu\/nl\/sites-historiques\/fort-van-flemalle\/#primaryimage"},"image":{"@id":"https:\/\/www.landofmemory.eu\/nl\/sites-historiques\/fort-van-flemalle\/#primaryimage"},"thumbnailUrl":"https:\/\/www.landofmemory.eu\/wp-content\/uploads\/2021\/09\/DSC_3080-min-200x300.jpg","datePublished":"2021-10-13T09:41:44+00:00","dateModified":"2022-01-20T15:08:12+00:00","description":"Het Fort van Fl\u00e9malle is vierhoekig en \u00e9\u00e9n van de meest versterkte forten van die tijd, gebouwd in niet versterkt beton.","breadcrumb":{"@id":"https:\/\/www.landofmemory.eu\/nl\/sites-historiques\/fort-van-flemalle\/#breadcrumb"},"inLanguage":"nl-NL","potentialAction":[{"@type":"ReadAction","target":["https:\/\/www.landofmemory.eu\/nl\/sites-historiques\/fort-van-flemalle\/"]}]},{"@type":"ImageObject","inLanguage":"nl-NL","@id":"https:\/\/www.landofmemory.eu\/nl\/sites-historiques\/fort-van-flemalle\/#primaryimage","url":"https:\/\/www.landofmemory.eu\/wp-content\/uploads\/2021\/09\/DSC_3080-min-200x300.jpg","contentUrl":"https:\/\/www.landofmemory.eu\/wp-content\/uploads\/2021\/09\/DSC_3080-min-200x300.jpg"},{"@type":"BreadcrumbList","@id":"https:\/\/www.landofmemory.eu\/nl\/sites-historiques\/fort-van-flemalle\/#breadcrumb","itemListElement":[{"@type":"ListItem","position":1,"name":"Accueil","item":"https:\/\/www.landofmemory.eu\/"},{"@type":"ListItem","position":2,"name":"Fort van Fl\u00e9malle"}]},{"@type":"WebSite","@id":"https:\/\/www.landofmemory.eu\/#website","url":"https:\/\/www.landofmemory.eu\/","name":"Land Of Memory","description":"L&#039;histoire commence ici","publisher":{"@id":"https:\/\/www.landofmemory.eu\/#organization"},"potentialAction":[{"@type":"SearchAction","target":{"@type":"EntryPoint","urlTemplate":"https:\/\/www.landofmemory.eu\/?s={search_term_string}"},"query-input":{"@type":"PropertyValueSpecification","valueRequired":true,"valueName":"search_term_string"}}],"inLanguage":"nl-NL"},{"@type":"Organization","@id":"https:\/\/www.landofmemory.eu\/#organization","name":"Land Of Memory","url":"https:\/\/www.landofmemory.eu\/","logo":{"@type":"ImageObject","inLanguage":"nl-NL","@id":"https:\/\/www.landofmemory.eu\/#\/schema\/logo\/image\/","url":"https:\/\/www.landofmemory.eu\/wp-content\/uploads\/2022\/10\/logo-land-of-memory.jpg","contentUrl":"https:\/\/www.landofmemory.eu\/wp-content\/uploads\/2022\/10\/logo-land-of-memory.jpg","width":1000,"height":500,"caption":"Land Of Memory"},"image":{"@id":"https:\/\/www.landofmemory.eu\/#\/schema\/logo\/image\/"},"sameAs":["https:\/\/www.facebook.com\/landofmemory.eu","https:\/\/www.instagram.com\/landofmemory_eu\/"]}]}},"_links":{"self":[{"href":"https:\/\/www.landofmemory.eu\/nl\/wp-json\/wp\/v2\/sites-historiques\/4667","targetHints":{"allow":["GET"]}}],"collection":[{"href":"https:\/\/www.landofmemory.eu\/nl\/wp-json\/wp\/v2\/sites-historiques"}],"about":[{"href":"https:\/\/www.landofmemory.eu\/nl\/wp-json\/wp\/v2\/types\/sites-historiques"}],"wp:attachment":[{"href":"https:\/\/www.landofmemory.eu\/nl\/wp-json\/wp\/v2\/media?parent=4667"}],"wp:term":[{"taxonomy":"type_site","embeddable":true,"href":"https:\/\/www.landofmemory.eu\/nl\/wp-json\/wp\/v2\/type_site?post=4667"}],"curies":[{"name":"wp","href":"https:\/\/api.w.org\/{rel}","templated":true}]}}