{"id":4670,"date":"2021-10-13T11:54:33","date_gmt":"2021-10-13T09:54:33","guid":{"rendered":"https:\/\/www.landofmemory.eu\/sites-historiques\/la-cite-miroir\/"},"modified":"2021-10-22T14:51:35","modified_gmt":"2021-10-22T12:51:35","slug":"la-cite-miroir","status":"publish","type":"sites-historiques","link":"https:\/\/www.landofmemory.eu\/nl\/sites-historiques\/la-cite-miroir\/","title":{"rendered":"La Cit\u00e9 Miroir"},"content":{"rendered":"\n<h2 class=\"wp-block-heading\">Een unieke plaats van expressie<\/h2>\n\n<div class=\"wp-block-columns are-vertically-aligned-center is-layout-flex wp-container-core-columns-is-layout-9d6595d7 wp-block-columns-is-layout-flex\">\n<div class=\"wp-block-column is-vertically-aligned-center is-layout-flow wp-block-column-is-layout-flow\">\n<div class=\"wp-block-image\"><figure class=\"alignleft size-full is-resized\"><img loading=\"lazy\" decoding=\"async\" src=\"https:\/\/www.landofmemory.eu\/wp-content\/uploads\/2021\/09\/Cite-Miroir_Denis_Bdts-3-2-scaled.jpg\" alt=\"La Cit&#xE9; Miroir in pakketbootstijl.\" class=\"wp-image-2490\" width=\"353\" height=\"527\" srcset=\"https:\/\/www.landofmemory.eu\/wp-content\/uploads\/2021\/09\/Cite-Miroir_Denis_Bdts-3-2-200x300.jpg 200w, https:\/\/www.landofmemory.eu\/wp-content\/uploads\/2021\/09\/Cite-Miroir_Denis_Bdts-3-2-684x1024.jpg 684w\" sizes=\"auto, (max-width: 353px) 100vw, 353px\" \/><figcaption>\u00a9 Land of Memory<\/figcaption><\/figure><\/div>\n<\/div>\n\n\n\n<div class=\"wp-block-column is-vertically-aligned-center is-layout-flow wp-block-column-is-layout-flow\">\n<p>De architectuur van dit gebouw, in \u201cpakketbootstijl\u201d is zelden te zien in een zo opmerkelijke staat. Het gaat hier inderdaad om baden en thermen van La Sauvini\u00e8re, in volle centrum van Luik. Openbare baden, schermen, zwemmen, boksen,dansen, busstation\u2026La Sauvini\u00e8re heeft zo meerdere functies gekregen. Dit maakt het gebouw tot een unieke plaats van expressie.&#13;\n<\/p>\n\n\n\n<p>In 1936, start Georges Truffaut, een Luiks schepen, met het project van de Baden en de Thermen. Vier jaar later, brak de oorlog uit en landden de Duitsers In Luik. De werken liepen vertraging op en een bombardement vernielde gedeeltelijk het gebouw. Een schuilkelder werd er vervolgens ingericht om een dertigtal vluchtelingen in op te vangen.&#13;\n<\/p>\n<\/div>\n<\/div>\n\n<div class=\"wp-block-columns is-layout-flex wp-container-core-columns-is-layout-9d6595d7 wp-block-columns-is-layout-flex\">\n<div class=\"wp-block-column is-vertically-aligned-center is-layout-flow wp-block-column-is-layout-flow\">\n<p>De constructie van dit gebouw werd voltooid in 1942, onder het naziregime en was zeer succesvol. Enkele jaren later ontstaat er een sportcomplex dat zalen biedt voor gymnastiek, schermen, worstelen, judo en boksen evenals tennisterreinen.&#13;\n<\/p>\n\n\n\n<p>Het wegennet ontwikkelt zich, maar in 2000 ziet La Sauvini\u00e8re zich verplicht de deuren te sluiten, omwille van veiligheidsredenen. Stilaan ligt het gebouw er verlaten bij. In 2004, op initiatief van Territoires de la M\u00e9moire, houdt de vzw MNEMA zich bezig met het renovatieproject van de oude Baden. Het gebouw wordt gedeeltelijk geklasseerd als Waals Erfgoedmonument.&#13;\n<\/p>\n<\/div>\n\n\n\n<div class=\"wp-block-column is-layout-flow wp-block-column-is-layout-flow\">\n<div class=\"wp-block-image\"><figure class=\"aligncenter size-full is-resized\"><img loading=\"lazy\" decoding=\"async\" src=\"https:\/\/www.landofmemory.eu\/wp-content\/uploads\/2021\/09\/Cite-Miroir_Denis_Bdts-4-2-scaled.jpg\" alt=\"La Cit&#xE9; Miroir en haar talrijke functies.\" class=\"wp-image-2498\" width=\"373\" height=\"373\" srcset=\"https:\/\/www.landofmemory.eu\/wp-content\/uploads\/2021\/09\/Cite-Miroir_Denis_Bdts-4-2-scaled.jpg 2560w, https:\/\/www.landofmemory.eu\/wp-content\/uploads\/2021\/09\/Cite-Miroir_Denis_Bdts-4-2-300x300.jpg 300w, https:\/\/www.landofmemory.eu\/wp-content\/uploads\/2021\/09\/Cite-Miroir_Denis_Bdts-4-2-1024x1024.jpg 1024w, https:\/\/www.landofmemory.eu\/wp-content\/uploads\/2021\/09\/Cite-Miroir_Denis_Bdts-4-2-150x150.jpg 150w, https:\/\/www.landofmemory.eu\/wp-content\/uploads\/2021\/09\/Cite-Miroir_Denis_Bdts-4-2-768x768.jpg 768w, https:\/\/www.landofmemory.eu\/wp-content\/uploads\/2021\/09\/Cite-Miroir_Denis_Bdts-4-2-1536x1536.jpg 1536w, https:\/\/www.landofmemory.eu\/wp-content\/uploads\/2021\/09\/Cite-Miroir_Denis_Bdts-4-2-2048x2048.jpg 2048w, https:\/\/www.landofmemory.eu\/wp-content\/uploads\/2021\/09\/Cite-Miroir_Denis_Bdts-4-2-600x600.jpg 600w, https:\/\/www.landofmemory.eu\/wp-content\/uploads\/2021\/09\/Cite-Miroir_Denis_Bdts-4-2-120x120.jpg 120w, https:\/\/www.landofmemory.eu\/wp-content\/uploads\/2021\/09\/Cite-Miroir_Denis_Bdts-4-2-350x350.jpg 350w\" sizes=\"auto, (max-width: 373px) 100vw, 373px\" \/><figcaption>\u00a9 Land of Memory<\/figcaption><\/figure><\/div>\n<\/div>\n<\/div>\n\n<div class=\"wp-block-columns is-layout-flex wp-container-core-columns-is-layout-9d6595d7 wp-block-columns-is-layout-flex\">\n<div class=\"wp-block-column is-vertically-aligned-center is-layout-flow wp-block-column-is-layout-flow\">\n<figure class=\"wp-block-image size-full is-resized\"><img loading=\"lazy\" decoding=\"async\" src=\"https:\/\/www.landofmemory.eu\/wp-content\/uploads\/2021\/09\/Cite-Miroir_Denis_Bdts-5-scaled.jpg\" alt=\"La Cit&#xE9; Miroir, een culturele ruimte.\" class=\"wp-image-2502\" width=\"352\" height=\"527\" srcset=\"https:\/\/www.landofmemory.eu\/wp-content\/uploads\/2021\/09\/Cite-Miroir_Denis_Bdts-5-scaled.jpg 1709w, https:\/\/www.landofmemory.eu\/wp-content\/uploads\/2021\/09\/Cite-Miroir_Denis_Bdts-5-200x300.jpg 200w, https:\/\/www.landofmemory.eu\/wp-content\/uploads\/2021\/09\/Cite-Miroir_Denis_Bdts-5-684x1024.jpg 684w, https:\/\/www.landofmemory.eu\/wp-content\/uploads\/2021\/09\/Cite-Miroir_Denis_Bdts-5-768x1150.jpg 768w, https:\/\/www.landofmemory.eu\/wp-content\/uploads\/2021\/09\/Cite-Miroir_Denis_Bdts-5-1025x1536.jpg 1025w, https:\/\/www.landofmemory.eu\/wp-content\/uploads\/2021\/09\/Cite-Miroir_Denis_Bdts-5-1367x2048.jpg 1367w, https:\/\/www.landofmemory.eu\/wp-content\/uploads\/2021\/09\/Cite-Miroir_Denis_Bdts-5-600x900.jpg 600w\" sizes=\"auto, (max-width: 352px) 100vw, 352px\" \/><figcaption>\u00a9 Land of Memory<\/figcaption><\/figure>\n<\/div>\n\n\n\n<div class=\"wp-block-column is-vertically-aligned-center is-layout-flow wp-block-column-is-layout-flow\">\n<p>De plaats evolueert tot een cultureel centrum waar tentoonstellingen, conferenties, debatten, workshops en life optredens plaatsvinden. La Cit\u00e9 Miroir wordt in 2014 ingehuldigd en toont de permanente tentoonstelling \u201cPlus jamais \u00e7a!\u201d (\u201cDat nooit meer!\u201d), gerealiseerd door Territoires de la M\u00e9moire. In de loop der jaren vonden er zowel permanente als tijdelijke tentoonstellingen plaats die gericht waren op de Europese waarden en de openheid van geest zoals: \u201cL\u2019art d\u00e9g\u00e9n\u00e9r\u00e9 selon Hitler\u201d (De ontaarde kunst volgens Hitler), \u201cZoos humains\u201d(Menselijke dierentuinen). Je vindt er ook de permanente tentoonstelling \u201cEn lutte. Histoires d\u2019\u00e9mancipation\u201d (Ten strijd. Emancipatiegeschiedenis) die ons vertelt over de strijd van de arbeiders en de maatschappelijke vooruitgang die ons dagelijkse leven voor altijd opnieuw heeft bepaald.&#13;\n<\/p>\n\n\n\n<p>Ga dit gebouw ontdekken, dat doordrongen is van geschiedenis en heel het jaar door heel wat tentoonstellingen aanbiedt!&#13;\n<\/p>\n<\/div>\n<\/div>\n","protected":false},"template":"","type_site":[55],"class_list":["post-4670","sites-historiques","type-sites-historiques","status-publish","hentry","type_site-musea-en-tentoonstellingen"],"acf":[],"yoast_head":"<!-- This site is optimized with the Yoast SEO plugin v26.0 - https:\/\/yoast.com\/wordpress\/plugins\/seo\/ -->\n<title>La Cit\u00e9 Miroir<\/title>\n<meta name=\"description\" content=\"La Cit\u00e9 Miroir is een uitzonderlijke plaats vol geschiedenis, met heel wat activiteiten waar cultuur, herinnering en burgerschap in elkaar vloeien.\" \/>\n<meta name=\"robots\" content=\"index, follow, max-snippet:-1, max-image-preview:large, max-video-preview:-1\" \/>\n<link rel=\"canonical\" href=\"https:\/\/www.landofmemory.eu\/nl\/sites-historiques\/la-cite-miroir\/\" \/>\n<meta property=\"og:locale\" content=\"nl_NL\" \/>\n<meta property=\"og:type\" content=\"article\" \/>\n<meta property=\"og:title\" content=\"La Cit\u00e9 Miroir\" \/>\n<meta property=\"og:description\" content=\"La Cit\u00e9 Miroir is een uitzonderlijke plaats vol geschiedenis, met heel wat activiteiten waar cultuur, herinnering en burgerschap in elkaar vloeien.\" \/>\n<meta property=\"og:url\" content=\"https:\/\/www.landofmemory.eu\/nl\/sites-historiques\/la-cite-miroir\/\" \/>\n<meta property=\"og:site_name\" content=\"Land Of Memory\" \/>\n<meta property=\"article:publisher\" content=\"https:\/\/www.facebook.com\/landofmemory.eu\" \/>\n<meta property=\"article:modified_time\" content=\"2021-10-22T12:51:35+00:00\" \/>\n<meta property=\"og:image\" content=\"https:\/\/www.landofmemory.eu\/wp-content\/uploads\/2021\/09\/Cite-Miroir_Denis_Bdts-3-2-scaled.jpg\" \/>\n<meta name=\"twitter:card\" content=\"summary_large_image\" \/>\n<meta name=\"twitter:label1\" content=\"Geschatte leestijd\" \/>\n\t<meta name=\"twitter:data1\" content=\"2 minuten\" \/>\n<script type=\"application\/ld+json\" class=\"yoast-schema-graph\">{\"@context\":\"https:\/\/schema.org\",\"@graph\":[{\"@type\":\"WebPage\",\"@id\":\"https:\/\/www.landofmemory.eu\/nl\/sites-historiques\/la-cite-miroir\/\",\"url\":\"https:\/\/www.landofmemory.eu\/nl\/sites-historiques\/la-cite-miroir\/\",\"name\":\"La Cit\u00e9 Miroir\",\"isPartOf\":{\"@id\":\"https:\/\/www.landofmemory.eu\/#website\"},\"primaryImageOfPage\":{\"@id\":\"https:\/\/www.landofmemory.eu\/nl\/sites-historiques\/la-cite-miroir\/#primaryimage\"},\"image\":{\"@id\":\"https:\/\/www.landofmemory.eu\/nl\/sites-historiques\/la-cite-miroir\/#primaryimage\"},\"thumbnailUrl\":\"https:\/\/www.landofmemory.eu\/wp-content\/uploads\/2021\/09\/Cite-Miroir_Denis_Bdts-3-2-scaled.jpg\",\"datePublished\":\"2021-10-13T09:54:33+00:00\",\"dateModified\":\"2021-10-22T12:51:35+00:00\",\"description\":\"La Cit\u00e9 Miroir is een uitzonderlijke plaats vol geschiedenis, met heel wat activiteiten waar cultuur, herinnering en burgerschap in elkaar vloeien.\",\"breadcrumb\":{\"@id\":\"https:\/\/www.landofmemory.eu\/nl\/sites-historiques\/la-cite-miroir\/#breadcrumb\"},\"inLanguage\":\"nl-NL\",\"potentialAction\":[{\"@type\":\"ReadAction\",\"target\":[\"https:\/\/www.landofmemory.eu\/nl\/sites-historiques\/la-cite-miroir\/\"]}]},{\"@type\":\"ImageObject\",\"inLanguage\":\"nl-NL\",\"@id\":\"https:\/\/www.landofmemory.eu\/nl\/sites-historiques\/la-cite-miroir\/#primaryimage\",\"url\":\"https:\/\/www.landofmemory.eu\/wp-content\/uploads\/2021\/09\/Cite-Miroir_Denis_Bdts-3-2-scaled.jpg\",\"contentUrl\":\"https:\/\/www.landofmemory.eu\/wp-content\/uploads\/2021\/09\/Cite-Miroir_Denis_Bdts-3-2-scaled.jpg\"},{\"@type\":\"BreadcrumbList\",\"@id\":\"https:\/\/www.landofmemory.eu\/nl\/sites-historiques\/la-cite-miroir\/#breadcrumb\",\"itemListElement\":[{\"@type\":\"ListItem\",\"position\":1,\"name\":\"Accueil\",\"item\":\"https:\/\/www.landofmemory.eu\/\"},{\"@type\":\"ListItem\",\"position\":2,\"name\":\"La Cit\u00e9 Miroir\"}]},{\"@type\":\"WebSite\",\"@id\":\"https:\/\/www.landofmemory.eu\/#website\",\"url\":\"https:\/\/www.landofmemory.eu\/\",\"name\":\"Land Of Memory\",\"description\":\"L&#039;histoire commence ici\",\"publisher\":{\"@id\":\"https:\/\/www.landofmemory.eu\/#organization\"},\"potentialAction\":[{\"@type\":\"SearchAction\",\"target\":{\"@type\":\"EntryPoint\",\"urlTemplate\":\"https:\/\/www.landofmemory.eu\/?s={search_term_string}\"},\"query-input\":{\"@type\":\"PropertyValueSpecification\",\"valueRequired\":true,\"valueName\":\"search_term_string\"}}],\"inLanguage\":\"nl-NL\"},{\"@type\":\"Organization\",\"@id\":\"https:\/\/www.landofmemory.eu\/#organization\",\"name\":\"Land Of Memory\",\"url\":\"https:\/\/www.landofmemory.eu\/\",\"logo\":{\"@type\":\"ImageObject\",\"inLanguage\":\"nl-NL\",\"@id\":\"https:\/\/www.landofmemory.eu\/#\/schema\/logo\/image\/\",\"url\":\"https:\/\/www.landofmemory.eu\/wp-content\/uploads\/2022\/10\/logo-land-of-memory.jpg\",\"contentUrl\":\"https:\/\/www.landofmemory.eu\/wp-content\/uploads\/2022\/10\/logo-land-of-memory.jpg\",\"width\":1000,\"height\":500,\"caption\":\"Land Of Memory\"},\"image\":{\"@id\":\"https:\/\/www.landofmemory.eu\/#\/schema\/logo\/image\/\"},\"sameAs\":[\"https:\/\/www.facebook.com\/landofmemory.eu\",\"https:\/\/www.instagram.com\/landofmemory_eu\/\"]}]}<\/script>\n<!-- \/ Yoast SEO plugin. -->","yoast_head_json":{"title":"La Cit\u00e9 Miroir","description":"La Cit\u00e9 Miroir is een uitzonderlijke plaats vol geschiedenis, met heel wat activiteiten waar cultuur, herinnering en burgerschap in elkaar vloeien.","robots":{"index":"index","follow":"follow","max-snippet":"max-snippet:-1","max-image-preview":"max-image-preview:large","max-video-preview":"max-video-preview:-1"},"canonical":"https:\/\/www.landofmemory.eu\/nl\/sites-historiques\/la-cite-miroir\/","og_locale":"nl_NL","og_type":"article","og_title":"La Cit\u00e9 Miroir","og_description":"La Cit\u00e9 Miroir is een uitzonderlijke plaats vol geschiedenis, met heel wat activiteiten waar cultuur, herinnering en burgerschap in elkaar vloeien.","og_url":"https:\/\/www.landofmemory.eu\/nl\/sites-historiques\/la-cite-miroir\/","og_site_name":"Land Of Memory","article_publisher":"https:\/\/www.facebook.com\/landofmemory.eu","article_modified_time":"2021-10-22T12:51:35+00:00","og_image":[{"url":"https:\/\/www.landofmemory.eu\/wp-content\/uploads\/2021\/09\/Cite-Miroir_Denis_Bdts-3-2-scaled.jpg","type":"","width":"","height":""}],"twitter_card":"summary_large_image","twitter_misc":{"Geschatte leestijd":"2 minuten"},"schema":{"@context":"https:\/\/schema.org","@graph":[{"@type":"WebPage","@id":"https:\/\/www.landofmemory.eu\/nl\/sites-historiques\/la-cite-miroir\/","url":"https:\/\/www.landofmemory.eu\/nl\/sites-historiques\/la-cite-miroir\/","name":"La Cit\u00e9 Miroir","isPartOf":{"@id":"https:\/\/www.landofmemory.eu\/#website"},"primaryImageOfPage":{"@id":"https:\/\/www.landofmemory.eu\/nl\/sites-historiques\/la-cite-miroir\/#primaryimage"},"image":{"@id":"https:\/\/www.landofmemory.eu\/nl\/sites-historiques\/la-cite-miroir\/#primaryimage"},"thumbnailUrl":"https:\/\/www.landofmemory.eu\/wp-content\/uploads\/2021\/09\/Cite-Miroir_Denis_Bdts-3-2-scaled.jpg","datePublished":"2021-10-13T09:54:33+00:00","dateModified":"2021-10-22T12:51:35+00:00","description":"La Cit\u00e9 Miroir is een uitzonderlijke plaats vol geschiedenis, met heel wat activiteiten waar cultuur, herinnering en burgerschap in elkaar vloeien.","breadcrumb":{"@id":"https:\/\/www.landofmemory.eu\/nl\/sites-historiques\/la-cite-miroir\/#breadcrumb"},"inLanguage":"nl-NL","potentialAction":[{"@type":"ReadAction","target":["https:\/\/www.landofmemory.eu\/nl\/sites-historiques\/la-cite-miroir\/"]}]},{"@type":"ImageObject","inLanguage":"nl-NL","@id":"https:\/\/www.landofmemory.eu\/nl\/sites-historiques\/la-cite-miroir\/#primaryimage","url":"https:\/\/www.landofmemory.eu\/wp-content\/uploads\/2021\/09\/Cite-Miroir_Denis_Bdts-3-2-scaled.jpg","contentUrl":"https:\/\/www.landofmemory.eu\/wp-content\/uploads\/2021\/09\/Cite-Miroir_Denis_Bdts-3-2-scaled.jpg"},{"@type":"BreadcrumbList","@id":"https:\/\/www.landofmemory.eu\/nl\/sites-historiques\/la-cite-miroir\/#breadcrumb","itemListElement":[{"@type":"ListItem","position":1,"name":"Accueil","item":"https:\/\/www.landofmemory.eu\/"},{"@type":"ListItem","position":2,"name":"La Cit\u00e9 Miroir"}]},{"@type":"WebSite","@id":"https:\/\/www.landofmemory.eu\/#website","url":"https:\/\/www.landofmemory.eu\/","name":"Land Of Memory","description":"L&#039;histoire commence ici","publisher":{"@id":"https:\/\/www.landofmemory.eu\/#organization"},"potentialAction":[{"@type":"SearchAction","target":{"@type":"EntryPoint","urlTemplate":"https:\/\/www.landofmemory.eu\/?s={search_term_string}"},"query-input":{"@type":"PropertyValueSpecification","valueRequired":true,"valueName":"search_term_string"}}],"inLanguage":"nl-NL"},{"@type":"Organization","@id":"https:\/\/www.landofmemory.eu\/#organization","name":"Land Of Memory","url":"https:\/\/www.landofmemory.eu\/","logo":{"@type":"ImageObject","inLanguage":"nl-NL","@id":"https:\/\/www.landofmemory.eu\/#\/schema\/logo\/image\/","url":"https:\/\/www.landofmemory.eu\/wp-content\/uploads\/2022\/10\/logo-land-of-memory.jpg","contentUrl":"https:\/\/www.landofmemory.eu\/wp-content\/uploads\/2022\/10\/logo-land-of-memory.jpg","width":1000,"height":500,"caption":"Land Of Memory"},"image":{"@id":"https:\/\/www.landofmemory.eu\/#\/schema\/logo\/image\/"},"sameAs":["https:\/\/www.facebook.com\/landofmemory.eu","https:\/\/www.instagram.com\/landofmemory_eu\/"]}]}},"_links":{"self":[{"href":"https:\/\/www.landofmemory.eu\/nl\/wp-json\/wp\/v2\/sites-historiques\/4670","targetHints":{"allow":["GET"]}}],"collection":[{"href":"https:\/\/www.landofmemory.eu\/nl\/wp-json\/wp\/v2\/sites-historiques"}],"about":[{"href":"https:\/\/www.landofmemory.eu\/nl\/wp-json\/wp\/v2\/types\/sites-historiques"}],"wp:attachment":[{"href":"https:\/\/www.landofmemory.eu\/nl\/wp-json\/wp\/v2\/media?parent=4670"}],"wp:term":[{"taxonomy":"type_site","embeddable":true,"href":"https:\/\/www.landofmemory.eu\/nl\/wp-json\/wp\/v2\/type_site?post=4670"}],"curies":[{"name":"wp","href":"https:\/\/api.w.org\/{rel}","templated":true}]}}