{"id":5143,"date":"2021-10-22T17:18:08","date_gmt":"2021-10-22T15:18:08","guid":{"rendered":"https:\/\/www.landofmemory.eu\/sites-historiques\/bois-de-la-paix\/"},"modified":"2022-11-04T15:37:53","modified_gmt":"2022-11-04T14:37:53","slug":"bois-de-la-paix","status":"publish","type":"sites-historiques","link":"https:\/\/www.landofmemory.eu\/nl\/sites-historiques\/bois-de-la-paix\/","title":{"rendered":"Bois de la Paix"},"content":{"rendered":"\n<h2 class=\"wp-block-heading\">&lt;strong&gt;Eerbetoon aan de burgers en de strijders van de martelarensteden&lt;\/strong&gt;<\/h2>\n\n<div style=\"height:100px\" aria-hidden=\"true\" class=\"wp-block-spacer\"><\/div>\n\n<div class=\"wp-block-columns is-layout-flex wp-container-core-columns-is-layout-9d6595d7 wp-block-columns-is-layout-flex\">\n<div class=\"wp-block-column is-vertically-aligned-center is-layout-flow wp-block-column-is-layout-flow\">\n<figure class=\"wp-block-image size-large is-resized\"><img loading=\"lazy\" decoding=\"async\" src=\"https:\/\/www.landofmemory.eu\/wp-content\/uploads\/2021\/10\/DSF7835_Bois-de-la-Paix-parrainages-veterans-_FTLB_A.Segers-2-1024x682.jpg\" alt=\"Boom als eerbetoon aan de 30e Infanteriedivisie.\" class=\"wp-image-3872\" width=\"422\" height=\"281\" srcset=\"https:\/\/www.landofmemory.eu\/wp-content\/uploads\/2021\/10\/DSF7835_Bois-de-la-Paix-parrainages-veterans-_FTLB_A.Segers-2-1024x682.jpg 1024w, https:\/\/www.landofmemory.eu\/wp-content\/uploads\/2021\/10\/DSF7835_Bois-de-la-Paix-parrainages-veterans-_FTLB_A.Segers-2-300x200.jpg 300w, https:\/\/www.landofmemory.eu\/wp-content\/uploads\/2021\/10\/DSF7835_Bois-de-la-Paix-parrainages-veterans-_FTLB_A.Segers-2-768x512.jpg 768w, https:\/\/www.landofmemory.eu\/wp-content\/uploads\/2021\/10\/DSF7835_Bois-de-la-Paix-parrainages-veterans-_FTLB_A.Segers-2-1536x1024.jpg 1536w, https:\/\/www.landofmemory.eu\/wp-content\/uploads\/2021\/10\/DSF7835_Bois-de-la-Paix-parrainages-veterans-_FTLB_A.Segers-2-2048x1365.jpg 2048w, https:\/\/www.landofmemory.eu\/wp-content\/uploads\/2021\/10\/DSF7835_Bois-de-la-Paix-parrainages-veterans-_FTLB_A.Segers-2-600x400.jpg 600w\" sizes=\"auto, (max-width: 422px) 100vw, 422px\" \/><figcaption class=\"wp-element-caption\">\u00a9 FTLB &#8211; A. Segers<\/figcaption><\/figure>\n<\/div>\n\n\n\n<div class=\"wp-block-column is-vertically-aligned-center is-layout-flow wp-block-column-is-layout-flow\">\n<p>Bij het dorp Bizory werden meer dan 4.000 bomen geplant ter ere van de veteranen van de Tweede Wereldoorlog. Op een plaat aan de voet van elke boom staat de naam van een Amerikaanse veteraan. <\/p>\n<\/div>\n<\/div>\n\n<div style=\"height:100px\" aria-hidden=\"true\" class=\"wp-block-spacer\"><\/div>\n\n<div class=\"wp-block-columns is-layout-flex wp-container-core-columns-is-layout-9d6595d7 wp-block-columns-is-layout-flex\">\n<div class=\"wp-block-column is-vertically-aligned-center is-layout-flow wp-block-column-is-layout-flow\">\n<p>Op 11 juni 1994 werd de gedenkplaats ingehuldigd. Amerikaanse veteranen die waren teruggekeerd voor de herdenkingen, werden uit respect en erkenning uitgenodigd op het evenement. En omdat oorlogen nooit mogen worden vergeten, heeft de stad Bastenaken rondom het centrale gedeelte van het bos op nieuwe borden de namen vermeld van de martelarensteden in andere oorlogen in Europa. Deze steden zijn Verdun (Frankrijk), Cuneo en Marzabotto (Itali\u00eb), Wiltz (Groothertogdom Luxemburg), Coventry (Groot-Brittanni\u00eb), Kalavrita (Griekenland), Kragujevac (Joegoslavi\u00eb), Volgograd (Rusland) en Warschau (Polen). Nog aangevuld met Bastenaken, eveneens een martelarenstad. Bij elk bord staan drie bomen die symbool staan voor de regio. Bastogne koos zelf de walnotenboom, als verwijzing naar het beroemde &#8220;Nuts&#8221; van generaal McAuliffe. &#13;\n<\/p>\n<\/div>\n\n\n\n<div class=\"wp-block-column is-vertically-aligned-center is-layout-flow wp-block-column-is-layout-flow\">\n<figure class=\"wp-block-image size-large is-resized\"><img loading=\"lazy\" decoding=\"async\" src=\"https:\/\/www.landofmemory.eu\/wp-content\/uploads\/2021\/10\/DSF7827_BoixPaix_FTLB_A.Segers_1-2-1024x682.jpg\" alt=\"Bezoek van het Bois de la Paix.\" class=\"wp-image-3876\" width=\"466\" height=\"310\" srcset=\"https:\/\/www.landofmemory.eu\/wp-content\/uploads\/2021\/10\/DSF7827_BoixPaix_FTLB_A.Segers_1-2-1024x682.jpg 1024w, https:\/\/www.landofmemory.eu\/wp-content\/uploads\/2021\/10\/DSF7827_BoixPaix_FTLB_A.Segers_1-2-300x200.jpg 300w, https:\/\/www.landofmemory.eu\/wp-content\/uploads\/2021\/10\/DSF7827_BoixPaix_FTLB_A.Segers_1-2-768x512.jpg 768w, https:\/\/www.landofmemory.eu\/wp-content\/uploads\/2021\/10\/DSF7827_BoixPaix_FTLB_A.Segers_1-2-1536x1024.jpg 1536w, https:\/\/www.landofmemory.eu\/wp-content\/uploads\/2021\/10\/DSF7827_BoixPaix_FTLB_A.Segers_1-2-600x400.jpg 600w, https:\/\/www.landofmemory.eu\/wp-content\/uploads\/2021\/10\/DSF7827_BoixPaix_FTLB_A.Segers_1-2.jpg 1685w\" sizes=\"auto, (max-width: 466px) 100vw, 466px\" \/><figcaption class=\"wp-element-caption\">\u00a9 FTLB &#8211; A. Segers<\/figcaption><\/figure>\n<\/div>\n<\/div>\n\n<div style=\"height:100px\" aria-hidden=\"true\" class=\"wp-block-spacer\"><\/div>\n\n<p><\/p>\n\n<p>Het Bois de la Paix vergeet ook niet de tragedies die dichter bij ons liggen. In 2002 kwamen er twee nieuwe \u201cVredesbewakers\u201d bij: Oost- en West-Jeruzalem, twee steden waar geweld vaak de kop opsteekt. En in 2012 werden er 26 eikenbomen geplant ter nagedachtenis van de jonge slachtoffers van het drama in de school van Newton. &#13;\n<\/p>\n\n<p>Een dergelijk herdenkingsmonument laat niemand ongevoelig.<\/p>\n","protected":false},"template":"","type_site":[56,72],"class_list":["post-5143","sites-historiques","type-sites-historiques","status-publish","hentry","type_site-memorials-nl","type_site-paden"],"acf":[],"yoast_head":"<!-- This site is optimized with the Yoast SEO plugin v26.0 - https:\/\/yoast.com\/wordpress\/plugins\/seo\/ -->\n<title>Tweede Wereldoorlog: Bois de la Paix<\/title>\n<meta name=\"description\" content=\"Ontdek het Bois de la Paix, een plek die werd gecre\u00eberd in het kader van de herdenking van de 50e verjaardag van de Slag om de Ardennen.\" \/>\n<meta name=\"robots\" content=\"index, follow, max-snippet:-1, max-image-preview:large, max-video-preview:-1\" \/>\n<link rel=\"canonical\" href=\"https:\/\/www.landofmemory.eu\/nl\/sites-historiques\/bois-de-la-paix\/\" \/>\n<meta property=\"og:locale\" content=\"nl_NL\" \/>\n<meta property=\"og:type\" content=\"article\" \/>\n<meta property=\"og:title\" content=\"Tweede Wereldoorlog: Bois de la Paix\" \/>\n<meta property=\"og:description\" content=\"Ontdek het Bois de la Paix, een plek die werd gecre\u00eberd in het kader van de herdenking van de 50e verjaardag van de Slag om de Ardennen.\" \/>\n<meta property=\"og:url\" content=\"https:\/\/www.landofmemory.eu\/nl\/sites-historiques\/bois-de-la-paix\/\" \/>\n<meta property=\"og:site_name\" content=\"Land Of Memory\" \/>\n<meta property=\"article:publisher\" content=\"https:\/\/www.facebook.com\/landofmemory.eu\" \/>\n<meta property=\"article:modified_time\" content=\"2022-11-04T14:37:53+00:00\" \/>\n<meta property=\"og:image\" content=\"https:\/\/www.landofmemory.eu\/wp-content\/uploads\/2021\/10\/DSF7835_Bois-de-la-Paix-parrainages-veterans-_FTLB_A.Segers-2-1024x682.jpg\" \/>\n<meta name=\"twitter:card\" content=\"summary_large_image\" \/>\n<meta name=\"twitter:label1\" content=\"Geschatte leestijd\" \/>\n\t<meta name=\"twitter:data1\" content=\"1 minuut\" \/>\n<script type=\"application\/ld+json\" class=\"yoast-schema-graph\">{\"@context\":\"https:\/\/schema.org\",\"@graph\":[{\"@type\":\"WebPage\",\"@id\":\"https:\/\/www.landofmemory.eu\/nl\/sites-historiques\/bois-de-la-paix\/\",\"url\":\"https:\/\/www.landofmemory.eu\/nl\/sites-historiques\/bois-de-la-paix\/\",\"name\":\"Tweede Wereldoorlog: Bois de la Paix\",\"isPartOf\":{\"@id\":\"https:\/\/www.landofmemory.eu\/#website\"},\"primaryImageOfPage\":{\"@id\":\"https:\/\/www.landofmemory.eu\/nl\/sites-historiques\/bois-de-la-paix\/#primaryimage\"},\"image\":{\"@id\":\"https:\/\/www.landofmemory.eu\/nl\/sites-historiques\/bois-de-la-paix\/#primaryimage\"},\"thumbnailUrl\":\"https:\/\/www.landofmemory.eu\/wp-content\/uploads\/2021\/10\/DSF7835_Bois-de-la-Paix-parrainages-veterans-_FTLB_A.Segers-2-1024x682.jpg\",\"datePublished\":\"2021-10-22T15:18:08+00:00\",\"dateModified\":\"2022-11-04T14:37:53+00:00\",\"description\":\"Ontdek het Bois de la Paix, een plek die werd gecre\u00eberd in het kader van de herdenking van de 50e verjaardag van de Slag om de Ardennen.\",\"breadcrumb\":{\"@id\":\"https:\/\/www.landofmemory.eu\/nl\/sites-historiques\/bois-de-la-paix\/#breadcrumb\"},\"inLanguage\":\"nl-NL\",\"potentialAction\":[{\"@type\":\"ReadAction\",\"target\":[\"https:\/\/www.landofmemory.eu\/nl\/sites-historiques\/bois-de-la-paix\/\"]}]},{\"@type\":\"ImageObject\",\"inLanguage\":\"nl-NL\",\"@id\":\"https:\/\/www.landofmemory.eu\/nl\/sites-historiques\/bois-de-la-paix\/#primaryimage\",\"url\":\"https:\/\/www.landofmemory.eu\/wp-content\/uploads\/2021\/10\/DSF7835_Bois-de-la-Paix-parrainages-veterans-_FTLB_A.Segers-2-1024x682.jpg\",\"contentUrl\":\"https:\/\/www.landofmemory.eu\/wp-content\/uploads\/2021\/10\/DSF7835_Bois-de-la-Paix-parrainages-veterans-_FTLB_A.Segers-2-1024x682.jpg\"},{\"@type\":\"BreadcrumbList\",\"@id\":\"https:\/\/www.landofmemory.eu\/nl\/sites-historiques\/bois-de-la-paix\/#breadcrumb\",\"itemListElement\":[{\"@type\":\"ListItem\",\"position\":1,\"name\":\"Accueil\",\"item\":\"https:\/\/www.landofmemory.eu\/\"},{\"@type\":\"ListItem\",\"position\":2,\"name\":\"Bois de la Paix\"}]},{\"@type\":\"WebSite\",\"@id\":\"https:\/\/www.landofmemory.eu\/#website\",\"url\":\"https:\/\/www.landofmemory.eu\/\",\"name\":\"Land Of Memory\",\"description\":\"L&#039;histoire commence ici\",\"publisher\":{\"@id\":\"https:\/\/www.landofmemory.eu\/#organization\"},\"potentialAction\":[{\"@type\":\"SearchAction\",\"target\":{\"@type\":\"EntryPoint\",\"urlTemplate\":\"https:\/\/www.landofmemory.eu\/?s={search_term_string}\"},\"query-input\":{\"@type\":\"PropertyValueSpecification\",\"valueRequired\":true,\"valueName\":\"search_term_string\"}}],\"inLanguage\":\"nl-NL\"},{\"@type\":\"Organization\",\"@id\":\"https:\/\/www.landofmemory.eu\/#organization\",\"name\":\"Land Of Memory\",\"url\":\"https:\/\/www.landofmemory.eu\/\",\"logo\":{\"@type\":\"ImageObject\",\"inLanguage\":\"nl-NL\",\"@id\":\"https:\/\/www.landofmemory.eu\/#\/schema\/logo\/image\/\",\"url\":\"https:\/\/www.landofmemory.eu\/wp-content\/uploads\/2022\/10\/logo-land-of-memory.jpg\",\"contentUrl\":\"https:\/\/www.landofmemory.eu\/wp-content\/uploads\/2022\/10\/logo-land-of-memory.jpg\",\"width\":1000,\"height\":500,\"caption\":\"Land Of Memory\"},\"image\":{\"@id\":\"https:\/\/www.landofmemory.eu\/#\/schema\/logo\/image\/\"},\"sameAs\":[\"https:\/\/www.facebook.com\/landofmemory.eu\",\"https:\/\/www.instagram.com\/landofmemory_eu\/\"]}]}<\/script>\n<!-- \/ Yoast SEO plugin. -->","yoast_head_json":{"title":"Tweede Wereldoorlog: Bois de la Paix","description":"Ontdek het Bois de la Paix, een plek die werd gecre\u00eberd in het kader van de herdenking van de 50e verjaardag van de Slag om de Ardennen.","robots":{"index":"index","follow":"follow","max-snippet":"max-snippet:-1","max-image-preview":"max-image-preview:large","max-video-preview":"max-video-preview:-1"},"canonical":"https:\/\/www.landofmemory.eu\/nl\/sites-historiques\/bois-de-la-paix\/","og_locale":"nl_NL","og_type":"article","og_title":"Tweede Wereldoorlog: Bois de la Paix","og_description":"Ontdek het Bois de la Paix, een plek die werd gecre\u00eberd in het kader van de herdenking van de 50e verjaardag van de Slag om de Ardennen.","og_url":"https:\/\/www.landofmemory.eu\/nl\/sites-historiques\/bois-de-la-paix\/","og_site_name":"Land Of Memory","article_publisher":"https:\/\/www.facebook.com\/landofmemory.eu","article_modified_time":"2022-11-04T14:37:53+00:00","og_image":[{"url":"https:\/\/www.landofmemory.eu\/wp-content\/uploads\/2021\/10\/DSF7835_Bois-de-la-Paix-parrainages-veterans-_FTLB_A.Segers-2-1024x682.jpg","type":"","width":"","height":""}],"twitter_card":"summary_large_image","twitter_misc":{"Geschatte leestijd":"1 minuut"},"schema":{"@context":"https:\/\/schema.org","@graph":[{"@type":"WebPage","@id":"https:\/\/www.landofmemory.eu\/nl\/sites-historiques\/bois-de-la-paix\/","url":"https:\/\/www.landofmemory.eu\/nl\/sites-historiques\/bois-de-la-paix\/","name":"Tweede Wereldoorlog: Bois de la Paix","isPartOf":{"@id":"https:\/\/www.landofmemory.eu\/#website"},"primaryImageOfPage":{"@id":"https:\/\/www.landofmemory.eu\/nl\/sites-historiques\/bois-de-la-paix\/#primaryimage"},"image":{"@id":"https:\/\/www.landofmemory.eu\/nl\/sites-historiques\/bois-de-la-paix\/#primaryimage"},"thumbnailUrl":"https:\/\/www.landofmemory.eu\/wp-content\/uploads\/2021\/10\/DSF7835_Bois-de-la-Paix-parrainages-veterans-_FTLB_A.Segers-2-1024x682.jpg","datePublished":"2021-10-22T15:18:08+00:00","dateModified":"2022-11-04T14:37:53+00:00","description":"Ontdek het Bois de la Paix, een plek die werd gecre\u00eberd in het kader van de herdenking van de 50e verjaardag van de Slag om de Ardennen.","breadcrumb":{"@id":"https:\/\/www.landofmemory.eu\/nl\/sites-historiques\/bois-de-la-paix\/#breadcrumb"},"inLanguage":"nl-NL","potentialAction":[{"@type":"ReadAction","target":["https:\/\/www.landofmemory.eu\/nl\/sites-historiques\/bois-de-la-paix\/"]}]},{"@type":"ImageObject","inLanguage":"nl-NL","@id":"https:\/\/www.landofmemory.eu\/nl\/sites-historiques\/bois-de-la-paix\/#primaryimage","url":"https:\/\/www.landofmemory.eu\/wp-content\/uploads\/2021\/10\/DSF7835_Bois-de-la-Paix-parrainages-veterans-_FTLB_A.Segers-2-1024x682.jpg","contentUrl":"https:\/\/www.landofmemory.eu\/wp-content\/uploads\/2021\/10\/DSF7835_Bois-de-la-Paix-parrainages-veterans-_FTLB_A.Segers-2-1024x682.jpg"},{"@type":"BreadcrumbList","@id":"https:\/\/www.landofmemory.eu\/nl\/sites-historiques\/bois-de-la-paix\/#breadcrumb","itemListElement":[{"@type":"ListItem","position":1,"name":"Accueil","item":"https:\/\/www.landofmemory.eu\/"},{"@type":"ListItem","position":2,"name":"Bois de la Paix"}]},{"@type":"WebSite","@id":"https:\/\/www.landofmemory.eu\/#website","url":"https:\/\/www.landofmemory.eu\/","name":"Land Of Memory","description":"L&#039;histoire commence ici","publisher":{"@id":"https:\/\/www.landofmemory.eu\/#organization"},"potentialAction":[{"@type":"SearchAction","target":{"@type":"EntryPoint","urlTemplate":"https:\/\/www.landofmemory.eu\/?s={search_term_string}"},"query-input":{"@type":"PropertyValueSpecification","valueRequired":true,"valueName":"search_term_string"}}],"inLanguage":"nl-NL"},{"@type":"Organization","@id":"https:\/\/www.landofmemory.eu\/#organization","name":"Land Of Memory","url":"https:\/\/www.landofmemory.eu\/","logo":{"@type":"ImageObject","inLanguage":"nl-NL","@id":"https:\/\/www.landofmemory.eu\/#\/schema\/logo\/image\/","url":"https:\/\/www.landofmemory.eu\/wp-content\/uploads\/2022\/10\/logo-land-of-memory.jpg","contentUrl":"https:\/\/www.landofmemory.eu\/wp-content\/uploads\/2022\/10\/logo-land-of-memory.jpg","width":1000,"height":500,"caption":"Land Of Memory"},"image":{"@id":"https:\/\/www.landofmemory.eu\/#\/schema\/logo\/image\/"},"sameAs":["https:\/\/www.facebook.com\/landofmemory.eu","https:\/\/www.instagram.com\/landofmemory_eu\/"]}]}},"_links":{"self":[{"href":"https:\/\/www.landofmemory.eu\/nl\/wp-json\/wp\/v2\/sites-historiques\/5143","targetHints":{"allow":["GET"]}}],"collection":[{"href":"https:\/\/www.landofmemory.eu\/nl\/wp-json\/wp\/v2\/sites-historiques"}],"about":[{"href":"https:\/\/www.landofmemory.eu\/nl\/wp-json\/wp\/v2\/types\/sites-historiques"}],"wp:attachment":[{"href":"https:\/\/www.landofmemory.eu\/nl\/wp-json\/wp\/v2\/media?parent=5143"}],"wp:term":[{"taxonomy":"type_site","embeddable":true,"href":"https:\/\/www.landofmemory.eu\/nl\/wp-json\/wp\/v2\/type_site?post=5143"}],"curies":[{"name":"wp","href":"https:\/\/api.w.org\/{rel}","templated":true}]}}