{"id":5550,"date":"2021-11-02T15:04:48","date_gmt":"2021-11-02T14:04:48","guid":{"rendered":"https:\/\/www.landofmemory.eu\/sites-historiques\/duitse-militaire-begraafplaats-van-recogne\/"},"modified":"2022-09-22T15:03:57","modified_gmt":"2022-09-22T13:03:57","slug":"duitse-militaire-begraafplaats-van-recogne","status":"publish","type":"sites-historiques","link":"https:\/\/www.landofmemory.eu\/nl\/sites-historiques\/duitse-militaire-begraafplaats-van-recogne\/","title":{"rendered":"Duitse militaire begraafplaats van Recogne"},"content":{"rendered":"\n<h2 class=\"wp-block-heading\"><strong>M\u00e9moire de pierres: un lieu propice pour le recueillement<\/strong><\/h2>\n\n<div class=\"wp-block-columns is-layout-flex wp-container-core-columns-is-layout-9d6595d7 wp-block-columns-is-layout-flex\">\n<div class=\"wp-block-column is-vertically-aligned-center is-layout-flow wp-block-column-is-layout-flow\">\n<div class=\"wp-block-image\"><figure class=\"alignright size-large is-resized\"><img loading=\"lazy\" decoding=\"async\" src=\"https:\/\/www.landofmemory.eu\/wp-content\/uploads\/2021\/10\/Cimetiere-Allemand-Recogne_Denis_Bdts-4-2-1024x684.jpg\" alt=\"Duitse graven op het oorlogskerkhof van Recogne.\" class=\"wp-image-3996\" width=\"419\" height=\"279\" srcset=\"https:\/\/www.landofmemory.eu\/wp-content\/uploads\/2021\/10\/Cimetiere-Allemand-Recogne_Denis_Bdts-4-2-1024x684.jpg 1024w, https:\/\/www.landofmemory.eu\/wp-content\/uploads\/2021\/10\/Cimetiere-Allemand-Recogne_Denis_Bdts-4-2-300x200.jpg 300w, https:\/\/www.landofmemory.eu\/wp-content\/uploads\/2021\/10\/Cimetiere-Allemand-Recogne_Denis_Bdts-4-2-768x513.jpg 768w, https:\/\/www.landofmemory.eu\/wp-content\/uploads\/2021\/10\/Cimetiere-Allemand-Recogne_Denis_Bdts-4-2-1536x1025.jpg 1536w, https:\/\/www.landofmemory.eu\/wp-content\/uploads\/2021\/10\/Cimetiere-Allemand-Recogne_Denis_Bdts-4-2-2048x1367.jpg 2048w, https:\/\/www.landofmemory.eu\/wp-content\/uploads\/2021\/10\/Cimetiere-Allemand-Recogne_Denis_Bdts-4-2-600x401.jpg 600w\" sizes=\"auto, (max-width: 419px) 100vw, 419px\" \/><figcaption>\u00a9 Land of Memory<\/figcaption><\/figure><\/div>\n<\/div>\n\n\n\n<div class=\"wp-block-column is-vertically-aligned-center is-layout-flow wp-block-column-is-layout-flow\">\n<p>Op deze begraafplaats, die op 25 september 1960 werd ingehuldigd, liggen ongeveer 6810 Duitse soldaten.<\/p>\n\n\n\n<p><\/p>\n\n\n\n<p>In 1945 hadden de Amerikanen in dit dorp, dat grenst aan Foy, een eerste tijdelijke begraafplaats ingericht. De beide begraafplaatsen, Amerikaans en Duits, lagen tegenover elkaar. <\/p>\n\n\n\n<p><\/p>\n\n\n\n<p>En 1948, les combattants am\u00e9ricains sont transf\u00e9r\u00e9s dans le grand <a href=\"https:\/\/www.landofmemory.eu\/sites-historiques\/cimetiere-americain-henry-chapelle\/\" target=\"_blank\" rel=\"noreferrer noopener\">cimeti\u00e8re d&#8217;Henri-Chapelle<\/a>. Restera le cimeti\u00e8re militaire allemand qui recevra les d\u00e9pouilles de soldats abattus dans d&#8217;autres combats. <\/p>\n<\/div>\n<\/div>\n\n<div style=\"height:100px\" aria-hidden=\"true\" class=\"wp-block-spacer\"><\/div>\n\n<div class=\"wp-block-columns is-layout-flex wp-container-core-columns-is-layout-9d6595d7 wp-block-columns-is-layout-flex\">\n<div class=\"wp-block-column is-vertically-aligned-center is-layout-flow wp-block-column-is-layout-flow\">\n<p><\/p>\n\n\n\n<p> In 1954 heeft de Volksbund Deutsche Kriegsgr\u00e4berfu\u00fcrsorge, de Duitse commissie voor oorlogsgraven, het gebied gereorganiseerd. Er werden een muur en een kapel van rode zandsteen uit de Eifel opgetrokken. De kruisen, die oorspronkelijk van beton waren, zijn vervangen door andere kruisen in natuursteen. Jongeren uit 6 landen hebben spontaan aangeboden om te helpen met het optrekken van de omheining van de begraafplaats en het grasveld voor de graven.<\/p>\n<\/div>\n\n\n\n<div class=\"wp-block-column is-vertically-aligned-center is-layout-flow wp-block-column-is-layout-flow\">\n<figure class=\"wp-block-image size-large is-resized\"><img loading=\"lazy\" decoding=\"async\" src=\"https:\/\/www.landofmemory.eu\/wp-content\/uploads\/2021\/10\/Cimetiere-Allemand-Recogne_Denis_Bdts-6-1-684x1024.jpg\" alt=\"Kapel op de begraafplaats van Recogne.\" class=\"wp-image-4004\" width=\"338\" height=\"505\" srcset=\"https:\/\/www.landofmemory.eu\/wp-content\/uploads\/2021\/10\/Cimetiere-Allemand-Recogne_Denis_Bdts-6-1-684x1024.jpg 684w, https:\/\/www.landofmemory.eu\/wp-content\/uploads\/2021\/10\/Cimetiere-Allemand-Recogne_Denis_Bdts-6-1-200x300.jpg 200w, https:\/\/www.landofmemory.eu\/wp-content\/uploads\/2021\/10\/Cimetiere-Allemand-Recogne_Denis_Bdts-6-1-768x1150.jpg 768w, https:\/\/www.landofmemory.eu\/wp-content\/uploads\/2021\/10\/Cimetiere-Allemand-Recogne_Denis_Bdts-6-1-1367x2048.jpg 1367w, https:\/\/www.landofmemory.eu\/wp-content\/uploads\/2021\/10\/Cimetiere-Allemand-Recogne_Denis_Bdts-6-1-scaled.jpg 1709w\" sizes=\"auto, (max-width: 338px) 100vw, 338px\" \/><figcaption>\u00a9 Land of Memory<\/figcaption><\/figure>\n<\/div>\n<\/div>\n\n<p><\/p>\n","protected":false},"template":"","type_site":[71],"class_list":["post-5550","sites-historiques","type-sites-historiques","status-publish","hentry","type_site-kerkhoven"],"acf":[],"yoast_head":"<!-- This site is optimized with the Yoast SEO plugin v26.0 - https:\/\/yoast.com\/wordpress\/plugins\/seo\/ -->\n<title>Tweede Wereldoorlog: Duitse militaire begraafplaats van Recogne<\/title>\n<meta name=\"description\" content=\"De Duitse militaire begraafplaats van Recogne is een eerbetoon aan de Duitse soldaten die tijdens de Tweede Wereldoorlog het leven lieten.\" \/>\n<meta name=\"robots\" content=\"index, follow, max-snippet:-1, max-image-preview:large, max-video-preview:-1\" \/>\n<link rel=\"canonical\" href=\"https:\/\/www.landofmemory.eu\/nl\/sites-historiques\/duitse-militaire-begraafplaats-van-recogne\/\" \/>\n<meta property=\"og:locale\" content=\"nl_NL\" \/>\n<meta property=\"og:type\" content=\"article\" \/>\n<meta property=\"og:title\" content=\"Tweede Wereldoorlog: Duitse militaire begraafplaats van Recogne\" \/>\n<meta property=\"og:description\" content=\"De Duitse militaire begraafplaats van Recogne is een eerbetoon aan de Duitse soldaten die tijdens de Tweede Wereldoorlog het leven lieten.\" \/>\n<meta property=\"og:url\" content=\"https:\/\/www.landofmemory.eu\/nl\/sites-historiques\/duitse-militaire-begraafplaats-van-recogne\/\" \/>\n<meta property=\"og:site_name\" content=\"Land Of Memory\" \/>\n<meta property=\"article:publisher\" content=\"https:\/\/www.facebook.com\/landofmemory.eu\" \/>\n<meta property=\"article:modified_time\" content=\"2022-09-22T13:03:57+00:00\" \/>\n<meta property=\"og:image\" content=\"https:\/\/www.landofmemory.eu\/wp-content\/uploads\/2021\/10\/Cimetiere-Allemand-Recogne_Denis_Bdts-4-2-1024x684.jpg\" \/>\n<meta name=\"twitter:card\" content=\"summary_large_image\" \/>\n<meta name=\"twitter:label1\" content=\"Geschatte leestijd\" \/>\n\t<meta name=\"twitter:data1\" content=\"2 minuten\" \/>\n<script type=\"application\/ld+json\" class=\"yoast-schema-graph\">{\"@context\":\"https:\/\/schema.org\",\"@graph\":[{\"@type\":\"WebPage\",\"@id\":\"https:\/\/www.landofmemory.eu\/nl\/sites-historiques\/duitse-militaire-begraafplaats-van-recogne\/\",\"url\":\"https:\/\/www.landofmemory.eu\/nl\/sites-historiques\/duitse-militaire-begraafplaats-van-recogne\/\",\"name\":\"Tweede Wereldoorlog: Duitse militaire begraafplaats van Recogne\",\"isPartOf\":{\"@id\":\"https:\/\/www.landofmemory.eu\/#website\"},\"primaryImageOfPage\":{\"@id\":\"https:\/\/www.landofmemory.eu\/nl\/sites-historiques\/duitse-militaire-begraafplaats-van-recogne\/#primaryimage\"},\"image\":{\"@id\":\"https:\/\/www.landofmemory.eu\/nl\/sites-historiques\/duitse-militaire-begraafplaats-van-recogne\/#primaryimage\"},\"thumbnailUrl\":\"https:\/\/www.landofmemory.eu\/wp-content\/uploads\/2021\/10\/Cimetiere-Allemand-Recogne_Denis_Bdts-4-2-1024x684.jpg\",\"datePublished\":\"2021-11-02T14:04:48+00:00\",\"dateModified\":\"2022-09-22T13:03:57+00:00\",\"description\":\"De Duitse militaire begraafplaats van Recogne is een eerbetoon aan de Duitse soldaten die tijdens de Tweede Wereldoorlog het leven lieten.\",\"breadcrumb\":{\"@id\":\"https:\/\/www.landofmemory.eu\/nl\/sites-historiques\/duitse-militaire-begraafplaats-van-recogne\/#breadcrumb\"},\"inLanguage\":\"nl-NL\",\"potentialAction\":[{\"@type\":\"ReadAction\",\"target\":[\"https:\/\/www.landofmemory.eu\/nl\/sites-historiques\/duitse-militaire-begraafplaats-van-recogne\/\"]}]},{\"@type\":\"ImageObject\",\"inLanguage\":\"nl-NL\",\"@id\":\"https:\/\/www.landofmemory.eu\/nl\/sites-historiques\/duitse-militaire-begraafplaats-van-recogne\/#primaryimage\",\"url\":\"https:\/\/www.landofmemory.eu\/wp-content\/uploads\/2021\/10\/Cimetiere-Allemand-Recogne_Denis_Bdts-4-2-1024x684.jpg\",\"contentUrl\":\"https:\/\/www.landofmemory.eu\/wp-content\/uploads\/2021\/10\/Cimetiere-Allemand-Recogne_Denis_Bdts-4-2-1024x684.jpg\"},{\"@type\":\"BreadcrumbList\",\"@id\":\"https:\/\/www.landofmemory.eu\/nl\/sites-historiques\/duitse-militaire-begraafplaats-van-recogne\/#breadcrumb\",\"itemListElement\":[{\"@type\":\"ListItem\",\"position\":1,\"name\":\"Accueil\",\"item\":\"https:\/\/www.landofmemory.eu\/\"},{\"@type\":\"ListItem\",\"position\":2,\"name\":\"Duitse militaire begraafplaats van Recogne\"}]},{\"@type\":\"WebSite\",\"@id\":\"https:\/\/www.landofmemory.eu\/#website\",\"url\":\"https:\/\/www.landofmemory.eu\/\",\"name\":\"Land Of Memory\",\"description\":\"L&#039;histoire commence ici\",\"publisher\":{\"@id\":\"https:\/\/www.landofmemory.eu\/#organization\"},\"potentialAction\":[{\"@type\":\"SearchAction\",\"target\":{\"@type\":\"EntryPoint\",\"urlTemplate\":\"https:\/\/www.landofmemory.eu\/?s={search_term_string}\"},\"query-input\":{\"@type\":\"PropertyValueSpecification\",\"valueRequired\":true,\"valueName\":\"search_term_string\"}}],\"inLanguage\":\"nl-NL\"},{\"@type\":\"Organization\",\"@id\":\"https:\/\/www.landofmemory.eu\/#organization\",\"name\":\"Land Of Memory\",\"url\":\"https:\/\/www.landofmemory.eu\/\",\"logo\":{\"@type\":\"ImageObject\",\"inLanguage\":\"nl-NL\",\"@id\":\"https:\/\/www.landofmemory.eu\/#\/schema\/logo\/image\/\",\"url\":\"https:\/\/www.landofmemory.eu\/wp-content\/uploads\/2022\/10\/logo-land-of-memory.jpg\",\"contentUrl\":\"https:\/\/www.landofmemory.eu\/wp-content\/uploads\/2022\/10\/logo-land-of-memory.jpg\",\"width\":1000,\"height\":500,\"caption\":\"Land Of Memory\"},\"image\":{\"@id\":\"https:\/\/www.landofmemory.eu\/#\/schema\/logo\/image\/\"},\"sameAs\":[\"https:\/\/www.facebook.com\/landofmemory.eu\",\"https:\/\/www.instagram.com\/landofmemory_eu\/\"]}]}<\/script>\n<!-- \/ Yoast SEO plugin. -->","yoast_head_json":{"title":"Tweede Wereldoorlog: Duitse militaire begraafplaats van Recogne","description":"De Duitse militaire begraafplaats van Recogne is een eerbetoon aan de Duitse soldaten die tijdens de Tweede Wereldoorlog het leven lieten.","robots":{"index":"index","follow":"follow","max-snippet":"max-snippet:-1","max-image-preview":"max-image-preview:large","max-video-preview":"max-video-preview:-1"},"canonical":"https:\/\/www.landofmemory.eu\/nl\/sites-historiques\/duitse-militaire-begraafplaats-van-recogne\/","og_locale":"nl_NL","og_type":"article","og_title":"Tweede Wereldoorlog: Duitse militaire begraafplaats van Recogne","og_description":"De Duitse militaire begraafplaats van Recogne is een eerbetoon aan de Duitse soldaten die tijdens de Tweede Wereldoorlog het leven lieten.","og_url":"https:\/\/www.landofmemory.eu\/nl\/sites-historiques\/duitse-militaire-begraafplaats-van-recogne\/","og_site_name":"Land Of Memory","article_publisher":"https:\/\/www.facebook.com\/landofmemory.eu","article_modified_time":"2022-09-22T13:03:57+00:00","og_image":[{"url":"https:\/\/www.landofmemory.eu\/wp-content\/uploads\/2021\/10\/Cimetiere-Allemand-Recogne_Denis_Bdts-4-2-1024x684.jpg","type":"","width":"","height":""}],"twitter_card":"summary_large_image","twitter_misc":{"Geschatte leestijd":"2 minuten"},"schema":{"@context":"https:\/\/schema.org","@graph":[{"@type":"WebPage","@id":"https:\/\/www.landofmemory.eu\/nl\/sites-historiques\/duitse-militaire-begraafplaats-van-recogne\/","url":"https:\/\/www.landofmemory.eu\/nl\/sites-historiques\/duitse-militaire-begraafplaats-van-recogne\/","name":"Tweede Wereldoorlog: Duitse militaire begraafplaats van Recogne","isPartOf":{"@id":"https:\/\/www.landofmemory.eu\/#website"},"primaryImageOfPage":{"@id":"https:\/\/www.landofmemory.eu\/nl\/sites-historiques\/duitse-militaire-begraafplaats-van-recogne\/#primaryimage"},"image":{"@id":"https:\/\/www.landofmemory.eu\/nl\/sites-historiques\/duitse-militaire-begraafplaats-van-recogne\/#primaryimage"},"thumbnailUrl":"https:\/\/www.landofmemory.eu\/wp-content\/uploads\/2021\/10\/Cimetiere-Allemand-Recogne_Denis_Bdts-4-2-1024x684.jpg","datePublished":"2021-11-02T14:04:48+00:00","dateModified":"2022-09-22T13:03:57+00:00","description":"De Duitse militaire begraafplaats van Recogne is een eerbetoon aan de Duitse soldaten die tijdens de Tweede Wereldoorlog het leven lieten.","breadcrumb":{"@id":"https:\/\/www.landofmemory.eu\/nl\/sites-historiques\/duitse-militaire-begraafplaats-van-recogne\/#breadcrumb"},"inLanguage":"nl-NL","potentialAction":[{"@type":"ReadAction","target":["https:\/\/www.landofmemory.eu\/nl\/sites-historiques\/duitse-militaire-begraafplaats-van-recogne\/"]}]},{"@type":"ImageObject","inLanguage":"nl-NL","@id":"https:\/\/www.landofmemory.eu\/nl\/sites-historiques\/duitse-militaire-begraafplaats-van-recogne\/#primaryimage","url":"https:\/\/www.landofmemory.eu\/wp-content\/uploads\/2021\/10\/Cimetiere-Allemand-Recogne_Denis_Bdts-4-2-1024x684.jpg","contentUrl":"https:\/\/www.landofmemory.eu\/wp-content\/uploads\/2021\/10\/Cimetiere-Allemand-Recogne_Denis_Bdts-4-2-1024x684.jpg"},{"@type":"BreadcrumbList","@id":"https:\/\/www.landofmemory.eu\/nl\/sites-historiques\/duitse-militaire-begraafplaats-van-recogne\/#breadcrumb","itemListElement":[{"@type":"ListItem","position":1,"name":"Accueil","item":"https:\/\/www.landofmemory.eu\/"},{"@type":"ListItem","position":2,"name":"Duitse militaire begraafplaats van Recogne"}]},{"@type":"WebSite","@id":"https:\/\/www.landofmemory.eu\/#website","url":"https:\/\/www.landofmemory.eu\/","name":"Land Of Memory","description":"L&#039;histoire commence ici","publisher":{"@id":"https:\/\/www.landofmemory.eu\/#organization"},"potentialAction":[{"@type":"SearchAction","target":{"@type":"EntryPoint","urlTemplate":"https:\/\/www.landofmemory.eu\/?s={search_term_string}"},"query-input":{"@type":"PropertyValueSpecification","valueRequired":true,"valueName":"search_term_string"}}],"inLanguage":"nl-NL"},{"@type":"Organization","@id":"https:\/\/www.landofmemory.eu\/#organization","name":"Land Of Memory","url":"https:\/\/www.landofmemory.eu\/","logo":{"@type":"ImageObject","inLanguage":"nl-NL","@id":"https:\/\/www.landofmemory.eu\/#\/schema\/logo\/image\/","url":"https:\/\/www.landofmemory.eu\/wp-content\/uploads\/2022\/10\/logo-land-of-memory.jpg","contentUrl":"https:\/\/www.landofmemory.eu\/wp-content\/uploads\/2022\/10\/logo-land-of-memory.jpg","width":1000,"height":500,"caption":"Land Of Memory"},"image":{"@id":"https:\/\/www.landofmemory.eu\/#\/schema\/logo\/image\/"},"sameAs":["https:\/\/www.facebook.com\/landofmemory.eu","https:\/\/www.instagram.com\/landofmemory_eu\/"]}]}},"_links":{"self":[{"href":"https:\/\/www.landofmemory.eu\/nl\/wp-json\/wp\/v2\/sites-historiques\/5550","targetHints":{"allow":["GET"]}}],"collection":[{"href":"https:\/\/www.landofmemory.eu\/nl\/wp-json\/wp\/v2\/sites-historiques"}],"about":[{"href":"https:\/\/www.landofmemory.eu\/nl\/wp-json\/wp\/v2\/types\/sites-historiques"}],"wp:attachment":[{"href":"https:\/\/www.landofmemory.eu\/nl\/wp-json\/wp\/v2\/media?parent=5550"}],"wp:term":[{"taxonomy":"type_site","embeddable":true,"href":"https:\/\/www.landofmemory.eu\/nl\/wp-json\/wp\/v2\/type_site?post=5550"}],"curies":[{"name":"wp","href":"https:\/\/api.w.org\/{rel}","templated":true}]}}