{"id":5348,"date":"2021-10-29T10:50:39","date_gmt":"2021-10-29T08:50:39","guid":{"rendered":"https:\/\/www.landofmemory.eu\/sujets-thematiques\/de-witte-dame\/"},"modified":"2021-10-29T10:50:39","modified_gmt":"2021-10-29T08:50:39","slug":"de-witte-dame","status":"publish","type":"sujets-thematiques","link":"https:\/\/www.landofmemory.eu\/nl\/sujets-thematiques\/de-witte-dame\/","title":{"rendered":"De Witte Dame"},"content":{"rendered":"\n<h2 class=\"wp-block-heading\">E\u00e9n van de troeven van de Belgische weerstand<\/h2>\n\n<div class=\"wp-block-columns is-layout-flex wp-container-core-columns-is-layout-9d6595d7 wp-block-columns-is-layout-flex\">\n<div class=\"wp-block-column is-vertically-aligned-center is-layout-flow wp-block-column-is-layout-flow\">\n<figure class=\"wp-block-image size-medium is-resized\"><img loading=\"lazy\" decoding=\"async\" src=\"https:\/\/www.landofmemory.eu\/wp-content\/uploads\/2021\/09\/3-2013-10-25-PM-Liege-Chartreuse-Walthere-Dewe-03-300x225.jpeg\" alt=\"Monument van Walth&#xE8;re Dew&#xE9;, stichter van de Witte Dame\" class=\"wp-image-2653\" width=\"350\" height=\"263\" srcset=\"https:\/\/www.landofmemory.eu\/wp-content\/uploads\/2021\/09\/3-2013-10-25-PM-Liege-Chartreuse-Walthere-Dewe-03-300x225.jpeg 300w, https:\/\/www.landofmemory.eu\/wp-content\/uploads\/2021\/09\/3-2013-10-25-PM-Liege-Chartreuse-Walthere-Dewe-03-768x576.jpeg 768w, https:\/\/www.landofmemory.eu\/wp-content\/uploads\/2021\/09\/3-2013-10-25-PM-Liege-Chartreuse-Walthere-Dewe-03-600x450.jpeg 600w, https:\/\/www.landofmemory.eu\/wp-content\/uploads\/2021\/09\/3-2013-10-25-PM-Liege-Chartreuse-Walthere-Dewe-03.jpeg 1000w\" sizes=\"auto, (max-width: 350px) 100vw, 350px\" \/><figcaption>Monument van Walth\u00e8re Dew\u00e9, stichter van de Witte Dame<\/figcaption><\/figure>\n<\/div>\n\n\n\n<div class=\"wp-block-column is-vertically-aligned-center is-layout-flow wp-block-column-is-layout-flow\">\n<p>De Witte Dame was een clandestien inlichtingennetwerk dat zich uitstrekte van Belgi\u00eb, via het Groot Hertogdom Luxemburg tot het noorden van Frankrijk. Zo waren er op het einde van de oorlog meer dan 1000 agenten actief.&#13;\n<\/p>\n\n\n\n<p>Het zijn de Luikenaars die in 1916 het netwerk opstartten. Onder hen, Pater Desonay, een Jezu\u00efet van het Sint-Servaascollege, Walth\u00e8re Dew\u00e9 en Herman Chauvin, ingenieurs. Vervolgens vervoegde commissaris Neujean hen.&#13;\n<\/p>\n<\/div>\n<\/div>\n\n<div class=\"wp-block-columns is-layout-flex wp-container-core-columns-is-layout-9d6595d7 wp-block-columns-is-layout-flex\">\n<div class=\"wp-block-column is-vertically-aligned-center is-layout-flow wp-block-column-is-layout-flow\">\n<p>Het netwerk integreerde toen ook 30% vrouwen. Meer nog, van de 128 leden die het netwerk leidden, waren 50 van hen vrouwen. Sommigen, zoals Marie Delcourt, droegen belangrijke verantwoordelijkheden. Tijdens de oorlog, was zij weerstandster van het eerste uur. Zij werd voor dit engagement vereerd met het officierskruis van het Brits Keizerrijk en in de jaren dertig kwam Marie Delcourt op voor het stemrecht voor vrouwen en voor gelijkheid van werk. Zij werd nadien, trouwens professor aan de Universiteit van Luik en activiste in de Volkenbond.&#13;\n<\/p>\n\n\n\n<p>De Witte Dame was een uiterst doeltreffend netwerk. Het leverde aan de geheime diensten van het Britse War Office bijna drie vierden van de nuttige inlichtingen over deze streken. Het werd opnieuw in werking gesteld tijdens de Tweede Wereldoorlog onder de naam Clarence en ging door met het opnemen van vrouwen in hun rangen.&#13;\n<\/p>\n<\/div>\n\n\n\n<div class=\"wp-block-column is-vertically-aligned-center is-layout-flow wp-block-column-is-layout-flow\">\n<figure class=\"wp-block-image size-medium is-resized\"><img loading=\"lazy\" decoding=\"async\" src=\"https:\/\/www.landofmemory.eu\/wp-content\/uploads\/2021\/09\/Chapel_Saint-Maurice__Memorial_Walthere_Dewe__2011_P1030327-300x225.jpeg\" alt=\"Het Gedenkteken Walth&#xE8;re Dew&#xE9; &#x2013; Sint-Mauritskapel. Rue Coup&#xE9;e te Luik, Belgi&#xEB;.\" class=\"wp-image-2660\" width=\"375\" height=\"281\" srcset=\"https:\/\/www.landofmemory.eu\/wp-content\/uploads\/2021\/09\/Chapel_Saint-Maurice__Memorial_Walthere_Dewe__2011_P1030327-300x225.jpeg 300w, https:\/\/www.landofmemory.eu\/wp-content\/uploads\/2021\/09\/Chapel_Saint-Maurice__Memorial_Walthere_Dewe__2011_P1030327-768x576.jpeg 768w, https:\/\/www.landofmemory.eu\/wp-content\/uploads\/2021\/09\/Chapel_Saint-Maurice__Memorial_Walthere_Dewe__2011_P1030327-600x450.jpeg 600w, https:\/\/www.landofmemory.eu\/wp-content\/uploads\/2021\/09\/Chapel_Saint-Maurice__Memorial_Walthere_Dewe__2011_P1030327.jpeg 1000w\" sizes=\"auto, (max-width: 375px) 100vw, 375px\" \/><figcaption>Het Gedenkteken Walth\u00e8re Dew\u00e9 \u2013 Sint-Mauritskapel. Rue Coup\u00e9e te Luik, Belgi\u00eb.<\/figcaption><\/figure>\n<\/div>\n<\/div>\n\n<p><\/p>\n","protected":false},"template":"","type_sujet":[75],"class_list":["post-5348","sujets-thematiques","type-sujets-thematiques","status-publish","hentry","type_sujet-1914-1918-nl"],"acf":[],"yoast_head":"<!-- This site is optimized with the Yoast SEO plugin v26.0 - https:\/\/yoast.com\/wordpress\/plugins\/seo\/ -->\n<title>Eerste Wereldoorlog: de Witte Dame<\/title>\n<meta name=\"description\" content=\"De Witte Dame, clandestien inlichtingennetwerk van Belgi\u00eb, van Noord-Frankrijk en Luxemburg tijdens WO I.\" \/>\n<meta name=\"robots\" content=\"index, follow, max-snippet:-1, max-image-preview:large, max-video-preview:-1\" \/>\n<link rel=\"canonical\" href=\"https:\/\/www.landofmemory.eu\/nl\/sujets-thematiques\/de-witte-dame\/\" \/>\n<meta property=\"og:locale\" content=\"nl_NL\" \/>\n<meta property=\"og:type\" content=\"article\" \/>\n<meta property=\"og:title\" content=\"Eerste Wereldoorlog: de Witte Dame\" \/>\n<meta property=\"og:description\" content=\"De Witte Dame, clandestien inlichtingennetwerk van Belgi\u00eb, van Noord-Frankrijk en Luxemburg tijdens WO I.\" \/>\n<meta property=\"og:url\" content=\"https:\/\/www.landofmemory.eu\/nl\/sujets-thematiques\/de-witte-dame\/\" \/>\n<meta property=\"og:site_name\" content=\"Land Of Memory\" \/>\n<meta property=\"article:publisher\" content=\"https:\/\/www.facebook.com\/landofmemory.eu\" \/>\n<meta property=\"og:image\" content=\"https:\/\/www.landofmemory.eu\/wp-content\/uploads\/2021\/09\/3-2013-10-25-PM-Liege-Chartreuse-Walthere-Dewe-03-300x225.jpeg\" \/>\n<meta name=\"twitter:card\" content=\"summary_large_image\" \/>\n<meta name=\"twitter:label1\" content=\"Geschatte leestijd\" \/>\n\t<meta name=\"twitter:data1\" content=\"1 minuut\" \/>\n<script type=\"application\/ld+json\" class=\"yoast-schema-graph\">{\"@context\":\"https:\/\/schema.org\",\"@graph\":[{\"@type\":\"WebPage\",\"@id\":\"https:\/\/www.landofmemory.eu\/nl\/sujets-thematiques\/de-witte-dame\/\",\"url\":\"https:\/\/www.landofmemory.eu\/nl\/sujets-thematiques\/de-witte-dame\/\",\"name\":\"Eerste Wereldoorlog: de Witte Dame\",\"isPartOf\":{\"@id\":\"https:\/\/www.landofmemory.eu\/#website\"},\"primaryImageOfPage\":{\"@id\":\"https:\/\/www.landofmemory.eu\/nl\/sujets-thematiques\/de-witte-dame\/#primaryimage\"},\"image\":{\"@id\":\"https:\/\/www.landofmemory.eu\/nl\/sujets-thematiques\/de-witte-dame\/#primaryimage\"},\"thumbnailUrl\":\"https:\/\/www.landofmemory.eu\/wp-content\/uploads\/2021\/09\/3-2013-10-25-PM-Liege-Chartreuse-Walthere-Dewe-03-300x225.jpeg\",\"datePublished\":\"2021-10-29T08:50:39+00:00\",\"description\":\"De Witte Dame, clandestien inlichtingennetwerk van Belgi\u00eb, van Noord-Frankrijk en Luxemburg tijdens WO I.\",\"breadcrumb\":{\"@id\":\"https:\/\/www.landofmemory.eu\/nl\/sujets-thematiques\/de-witte-dame\/#breadcrumb\"},\"inLanguage\":\"nl-NL\",\"potentialAction\":[{\"@type\":\"ReadAction\",\"target\":[\"https:\/\/www.landofmemory.eu\/nl\/sujets-thematiques\/de-witte-dame\/\"]}]},{\"@type\":\"ImageObject\",\"inLanguage\":\"nl-NL\",\"@id\":\"https:\/\/www.landofmemory.eu\/nl\/sujets-thematiques\/de-witte-dame\/#primaryimage\",\"url\":\"https:\/\/www.landofmemory.eu\/wp-content\/uploads\/2021\/09\/3-2013-10-25-PM-Liege-Chartreuse-Walthere-Dewe-03-300x225.jpeg\",\"contentUrl\":\"https:\/\/www.landofmemory.eu\/wp-content\/uploads\/2021\/09\/3-2013-10-25-PM-Liege-Chartreuse-Walthere-Dewe-03-300x225.jpeg\"},{\"@type\":\"BreadcrumbList\",\"@id\":\"https:\/\/www.landofmemory.eu\/nl\/sujets-thematiques\/de-witte-dame\/#breadcrumb\",\"itemListElement\":[{\"@type\":\"ListItem\",\"position\":1,\"name\":\"Accueil\",\"item\":\"https:\/\/www.landofmemory.eu\/\"},{\"@type\":\"ListItem\",\"position\":2,\"name\":\"De Witte Dame\"}]},{\"@type\":\"WebSite\",\"@id\":\"https:\/\/www.landofmemory.eu\/#website\",\"url\":\"https:\/\/www.landofmemory.eu\/\",\"name\":\"Land Of Memory\",\"description\":\"L&#039;histoire commence ici\",\"publisher\":{\"@id\":\"https:\/\/www.landofmemory.eu\/#organization\"},\"potentialAction\":[{\"@type\":\"SearchAction\",\"target\":{\"@type\":\"EntryPoint\",\"urlTemplate\":\"https:\/\/www.landofmemory.eu\/?s={search_term_string}\"},\"query-input\":{\"@type\":\"PropertyValueSpecification\",\"valueRequired\":true,\"valueName\":\"search_term_string\"}}],\"inLanguage\":\"nl-NL\"},{\"@type\":\"Organization\",\"@id\":\"https:\/\/www.landofmemory.eu\/#organization\",\"name\":\"Land Of Memory\",\"url\":\"https:\/\/www.landofmemory.eu\/\",\"logo\":{\"@type\":\"ImageObject\",\"inLanguage\":\"nl-NL\",\"@id\":\"https:\/\/www.landofmemory.eu\/#\/schema\/logo\/image\/\",\"url\":\"https:\/\/www.landofmemory.eu\/wp-content\/uploads\/2022\/10\/logo-land-of-memory.jpg\",\"contentUrl\":\"https:\/\/www.landofmemory.eu\/wp-content\/uploads\/2022\/10\/logo-land-of-memory.jpg\",\"width\":1000,\"height\":500,\"caption\":\"Land Of Memory\"},\"image\":{\"@id\":\"https:\/\/www.landofmemory.eu\/#\/schema\/logo\/image\/\"},\"sameAs\":[\"https:\/\/www.facebook.com\/landofmemory.eu\",\"https:\/\/www.instagram.com\/landofmemory_eu\/\"]}]}<\/script>\n<!-- \/ Yoast SEO plugin. -->","yoast_head_json":{"title":"Eerste Wereldoorlog: de Witte Dame","description":"De Witte Dame, clandestien inlichtingennetwerk van Belgi\u00eb, van Noord-Frankrijk en Luxemburg tijdens WO I.","robots":{"index":"index","follow":"follow","max-snippet":"max-snippet:-1","max-image-preview":"max-image-preview:large","max-video-preview":"max-video-preview:-1"},"canonical":"https:\/\/www.landofmemory.eu\/nl\/sujets-thematiques\/de-witte-dame\/","og_locale":"nl_NL","og_type":"article","og_title":"Eerste Wereldoorlog: de Witte Dame","og_description":"De Witte Dame, clandestien inlichtingennetwerk van Belgi\u00eb, van Noord-Frankrijk en Luxemburg tijdens WO I.","og_url":"https:\/\/www.landofmemory.eu\/nl\/sujets-thematiques\/de-witte-dame\/","og_site_name":"Land Of Memory","article_publisher":"https:\/\/www.facebook.com\/landofmemory.eu","og_image":[{"url":"https:\/\/www.landofmemory.eu\/wp-content\/uploads\/2021\/09\/3-2013-10-25-PM-Liege-Chartreuse-Walthere-Dewe-03-300x225.jpeg","type":"","width":"","height":""}],"twitter_card":"summary_large_image","twitter_misc":{"Geschatte leestijd":"1 minuut"},"schema":{"@context":"https:\/\/schema.org","@graph":[{"@type":"WebPage","@id":"https:\/\/www.landofmemory.eu\/nl\/sujets-thematiques\/de-witte-dame\/","url":"https:\/\/www.landofmemory.eu\/nl\/sujets-thematiques\/de-witte-dame\/","name":"Eerste Wereldoorlog: de Witte Dame","isPartOf":{"@id":"https:\/\/www.landofmemory.eu\/#website"},"primaryImageOfPage":{"@id":"https:\/\/www.landofmemory.eu\/nl\/sujets-thematiques\/de-witte-dame\/#primaryimage"},"image":{"@id":"https:\/\/www.landofmemory.eu\/nl\/sujets-thematiques\/de-witte-dame\/#primaryimage"},"thumbnailUrl":"https:\/\/www.landofmemory.eu\/wp-content\/uploads\/2021\/09\/3-2013-10-25-PM-Liege-Chartreuse-Walthere-Dewe-03-300x225.jpeg","datePublished":"2021-10-29T08:50:39+00:00","description":"De Witte Dame, clandestien inlichtingennetwerk van Belgi\u00eb, van Noord-Frankrijk en Luxemburg tijdens WO I.","breadcrumb":{"@id":"https:\/\/www.landofmemory.eu\/nl\/sujets-thematiques\/de-witte-dame\/#breadcrumb"},"inLanguage":"nl-NL","potentialAction":[{"@type":"ReadAction","target":["https:\/\/www.landofmemory.eu\/nl\/sujets-thematiques\/de-witte-dame\/"]}]},{"@type":"ImageObject","inLanguage":"nl-NL","@id":"https:\/\/www.landofmemory.eu\/nl\/sujets-thematiques\/de-witte-dame\/#primaryimage","url":"https:\/\/www.landofmemory.eu\/wp-content\/uploads\/2021\/09\/3-2013-10-25-PM-Liege-Chartreuse-Walthere-Dewe-03-300x225.jpeg","contentUrl":"https:\/\/www.landofmemory.eu\/wp-content\/uploads\/2021\/09\/3-2013-10-25-PM-Liege-Chartreuse-Walthere-Dewe-03-300x225.jpeg"},{"@type":"BreadcrumbList","@id":"https:\/\/www.landofmemory.eu\/nl\/sujets-thematiques\/de-witte-dame\/#breadcrumb","itemListElement":[{"@type":"ListItem","position":1,"name":"Accueil","item":"https:\/\/www.landofmemory.eu\/"},{"@type":"ListItem","position":2,"name":"De Witte Dame"}]},{"@type":"WebSite","@id":"https:\/\/www.landofmemory.eu\/#website","url":"https:\/\/www.landofmemory.eu\/","name":"Land Of Memory","description":"L&#039;histoire commence ici","publisher":{"@id":"https:\/\/www.landofmemory.eu\/#organization"},"potentialAction":[{"@type":"SearchAction","target":{"@type":"EntryPoint","urlTemplate":"https:\/\/www.landofmemory.eu\/?s={search_term_string}"},"query-input":{"@type":"PropertyValueSpecification","valueRequired":true,"valueName":"search_term_string"}}],"inLanguage":"nl-NL"},{"@type":"Organization","@id":"https:\/\/www.landofmemory.eu\/#organization","name":"Land Of Memory","url":"https:\/\/www.landofmemory.eu\/","logo":{"@type":"ImageObject","inLanguage":"nl-NL","@id":"https:\/\/www.landofmemory.eu\/#\/schema\/logo\/image\/","url":"https:\/\/www.landofmemory.eu\/wp-content\/uploads\/2022\/10\/logo-land-of-memory.jpg","contentUrl":"https:\/\/www.landofmemory.eu\/wp-content\/uploads\/2022\/10\/logo-land-of-memory.jpg","width":1000,"height":500,"caption":"Land Of Memory"},"image":{"@id":"https:\/\/www.landofmemory.eu\/#\/schema\/logo\/image\/"},"sameAs":["https:\/\/www.facebook.com\/landofmemory.eu","https:\/\/www.instagram.com\/landofmemory_eu\/"]}]}},"_links":{"self":[{"href":"https:\/\/www.landofmemory.eu\/nl\/wp-json\/wp\/v2\/sujets-thematiques\/5348","targetHints":{"allow":["GET"]}}],"collection":[{"href":"https:\/\/www.landofmemory.eu\/nl\/wp-json\/wp\/v2\/sujets-thematiques"}],"about":[{"href":"https:\/\/www.landofmemory.eu\/nl\/wp-json\/wp\/v2\/types\/sujets-thematiques"}],"wp:attachment":[{"href":"https:\/\/www.landofmemory.eu\/nl\/wp-json\/wp\/v2\/media?parent=5348"}],"wp:term":[{"taxonomy":"type_sujet","embeddable":true,"href":"https:\/\/www.landofmemory.eu\/nl\/wp-json\/wp\/v2\/type_sujet?post=5348"}],"curies":[{"name":"wp","href":"https:\/\/api.w.org\/{rel}","templated":true}]}}