{"id":5349,"date":"2021-10-29T11:17:14","date_gmt":"2021-10-29T09:17:14","guid":{"rendered":"https:\/\/www.landofmemory.eu\/sujets-thematiques\/alain-fournier-en-de-schrijvers-soldaten\/"},"modified":"2021-12-13T17:05:18","modified_gmt":"2021-12-13T16:05:18","slug":"alain-fournier-en-de-schrijvers-soldaten","status":"publish","type":"sujets-thematiques","link":"https:\/\/www.landofmemory.eu\/nl\/sujets-thematiques\/alain-fournier-en-de-schrijvers-soldaten\/","title":{"rendered":"Alain Fournier en de schrijvers-soldaten"},"content":{"rendered":"\n<p>Onder de soldaten, waren vele schrijvers die deelgenomen hebben aan de Grote oorlog. Wij kunnen meer bepaald de volgende namen vermelden: Alain Fournier, Jean Giono, Charles P\u00e9guy, Maurice Genevoix en Louis Pergaud aan Franse zijde. Hetzelfde aan Duitse zijde: Edlef K\u00f6ppen, Ernst J\u00fcnger en Godfried Benn. De Engelse dichter Wilfred Owen vocht aan Britse zijde.&#13;\n<\/p>\n\n<p><span style=\"font-weight: 400;\">Velen van hen sneuvelden. Zoals Psichari, de vriend van P\u00e9guy (zoon van de stichter van de Liga voor Mensenrechten), overleden te Rossignol tijdens de Slag der Grenzen. In de streek van Verdun, sneuvelde Alain Fournier, dichtbij Saint-R\u00e9my-la Calonne. Op de kam van Eparges brengen meerdere herdenkingssites hulde aan de schrijvers.<\/span><\/p>\n\n<div style=\"height:100px\" aria-hidden=\"true\" class=\"wp-block-spacer\"><\/div>\n\n<div class=\"wp-block-columns is-layout-flex wp-container-core-columns-is-layout-9d6595d7 wp-block-columns-is-layout-flex\">\n<div class=\"wp-block-column is-layout-flow wp-block-column-is-layout-flow\">\n<figure class=\"wp-block-gallery columns-1 is-cropped wp-block-gallery-1 is-layout-flex wp-block-gallery-is-layout-flex\"><ul class=\"blocks-gallery-grid\"><li class=\"blocks-gallery-item\"><figure><img loading=\"lazy\" decoding=\"async\" width=\"1000\" height=\"750\" src=\"https:\/\/www.landofmemory.eu\/wp-content\/uploads\/2021\/09\/10-Edlef-Koeppen-widerstand-Goebbels_big_teaser_article.jpeg\" alt=\"Edlef K&#xF6;ppen, 1914.\" data-id=\"2753\" data-full-url=\"https:\/\/www.landofmemory.eu\/wp-content\/uploads\/2021\/09\/10-Edlef-Koeppen-widerstand-Goebbels_big_teaser_article.jpeg\" data-link=\"https:\/\/www.landofmemory.eu\/sujets-thematiques\/ecrivains-combattants\/10-edlef-koeppen-widerstand-goebbels_big_teaser_article-2\" class=\"wp-image-2754\" srcset=\"https:\/\/www.landofmemory.eu\/wp-content\/uploads\/2021\/09\/10-Edlef-Koeppen-widerstand-Goebbels_big_teaser_article.jpeg 1000w, https:\/\/www.landofmemory.eu\/wp-content\/uploads\/2021\/09\/10-Edlef-Koeppen-widerstand-Goebbels_big_teaser_article-300x225.jpeg 300w, https:\/\/www.landofmemory.eu\/wp-content\/uploads\/2021\/09\/10-Edlef-Koeppen-widerstand-Goebbels_big_teaser_article-768x576.jpeg 768w, https:\/\/www.landofmemory.eu\/wp-content\/uploads\/2021\/09\/10-Edlef-Koeppen-widerstand-Goebbels_big_teaser_article-600x450.jpeg 600w\" sizes=\"auto, (max-width: 1000px) 100vw, 1000px\" \/><figcaption class=\"blocks-gallery-item__caption\">Edlef K\u00f6ppen, 1914.<\/figcaption><\/figure><\/li><\/ul><\/figure>\n<\/div>\n\n\n\n<div class=\"wp-block-column is-layout-flow wp-block-column-is-layout-flow\">\n<figure class=\"wp-block-gallery columns-1 is-cropped wp-block-gallery-2 is-layout-flex wp-block-gallery-is-layout-flex\"><ul class=\"blocks-gallery-grid\"><li class=\"blocks-gallery-item\"><figure><img loading=\"lazy\" decoding=\"async\" width=\"1000\" height=\"750\" src=\"https:\/\/www.landofmemory.eu\/wp-content\/uploads\/2021\/09\/6-Ernst_Juenger_inSG.jpeg\" alt=\"Ernst J&#xFC;nger in uniform versierd met militaire eretekens en onderscheidingen van de Eerste Wereldoorlog.&#13;&#10;\" data-id=\"2757\" data-full-url=\"https:\/\/www.landofmemory.eu\/wp-content\/uploads\/2021\/09\/6-Ernst_Juenger_inSG.jpeg\" data-link=\"https:\/\/www.landofmemory.eu\/sujets-thematiques\/ecrivains-combattants\/6-ernst_juenger_insg-2\" class=\"wp-image-2758\" srcset=\"https:\/\/www.landofmemory.eu\/wp-content\/uploads\/2021\/09\/6-Ernst_Juenger_inSG.jpeg 1000w, https:\/\/www.landofmemory.eu\/wp-content\/uploads\/2021\/09\/6-Ernst_Juenger_inSG-300x225.jpeg 300w, https:\/\/www.landofmemory.eu\/wp-content\/uploads\/2021\/09\/6-Ernst_Juenger_inSG-768x576.jpeg 768w, https:\/\/www.landofmemory.eu\/wp-content\/uploads\/2021\/09\/6-Ernst_Juenger_inSG-600x450.jpeg 600w\" sizes=\"auto, (max-width: 1000px) 100vw, 1000px\" \/><figcaption class=\"blocks-gallery-item__caption\">Ernst J\u00fcnger in uniform versierd met militaire eretekens en onderscheidingen van de Eerste Wereldoorlog.&#13;\n<\/figcaption><\/figure><\/li><\/ul><\/figure>\n<\/div>\n\n\n\n<div class=\"wp-block-column is-layout-flow wp-block-column-is-layout-flow\">\n<figure class=\"wp-block-gallery columns-1 is-cropped wp-block-gallery-3 is-layout-flex wp-block-gallery-is-layout-flex\"><ul class=\"blocks-gallery-grid\"><li class=\"blocks-gallery-item\"><figure><img loading=\"lazy\" decoding=\"async\" width=\"1000\" height=\"750\" src=\"https:\/\/www.landofmemory.eu\/wp-content\/uploads\/2021\/09\/9-Alain-Fournier_militaire.jpeg\" alt=\"Alain Fournier (1886-1914), luitenant in 1913 bij de Caylus-manoeuvres.\" data-id=\"2761\" data-full-url=\"https:\/\/www.landofmemory.eu\/wp-content\/uploads\/2021\/09\/9-Alain-Fournier_militaire.jpeg\" data-link=\"https:\/\/www.landofmemory.eu\/sujets-thematiques\/ecrivains-combattants\/9-alain-fournier_militaire-2\" class=\"wp-image-2762\" srcset=\"https:\/\/www.landofmemory.eu\/wp-content\/uploads\/2021\/09\/9-Alain-Fournier_militaire.jpeg 1000w, https:\/\/www.landofmemory.eu\/wp-content\/uploads\/2021\/09\/9-Alain-Fournier_militaire-300x225.jpeg 300w, https:\/\/www.landofmemory.eu\/wp-content\/uploads\/2021\/09\/9-Alain-Fournier_militaire-768x576.jpeg 768w, https:\/\/www.landofmemory.eu\/wp-content\/uploads\/2021\/09\/9-Alain-Fournier_militaire-600x450.jpeg 600w\" sizes=\"auto, (max-width: 1000px) 100vw, 1000px\" \/><figcaption class=\"blocks-gallery-item__caption\">Alain Fournier (1886-1914), luitenant in 1913 bij de Caylus-manoeuvres.<\/figcaption><\/figure><\/li><\/ul><\/figure>\n<\/div>\n<\/div>\n\n<div class=\"wp-block-columns is-layout-flex wp-container-core-columns-is-layout-9d6595d7 wp-block-columns-is-layout-flex\">\n<div class=\"wp-block-column is-layout-flow wp-block-column-is-layout-flow\">\n<figure class=\"wp-block-gallery columns-1 is-cropped wp-block-gallery-4 is-layout-flex wp-block-gallery-is-layout-flex\"><ul class=\"blocks-gallery-grid\"><li class=\"blocks-gallery-item\"><figure><img loading=\"lazy\" decoding=\"async\" width=\"1000\" height=\"750\" src=\"https:\/\/www.landofmemory.eu\/wp-content\/uploads\/2021\/09\/7-Pergaud-1911.jpeg\" alt=\"Louis Pergaud ins 1911. \" data-id=\"2765\" data-full-url=\"https:\/\/www.landofmemory.eu\/wp-content\/uploads\/2021\/09\/7-Pergaud-1911.jpeg\" data-link=\"https:\/\/www.landofmemory.eu\/sujets-thematiques\/ecrivains-combattants\/7-pergaud-1911-2\" class=\"wp-image-2766\" srcset=\"https:\/\/www.landofmemory.eu\/wp-content\/uploads\/2021\/09\/7-Pergaud-1911.jpeg 1000w, https:\/\/www.landofmemory.eu\/wp-content\/uploads\/2021\/09\/7-Pergaud-1911-300x225.jpeg 300w, https:\/\/www.landofmemory.eu\/wp-content\/uploads\/2021\/09\/7-Pergaud-1911-768x576.jpeg 768w, https:\/\/www.landofmemory.eu\/wp-content\/uploads\/2021\/09\/7-Pergaud-1911-600x450.jpeg 600w\" sizes=\"auto, (max-width: 1000px) 100vw, 1000px\" \/><figcaption class=\"blocks-gallery-item__caption\">Louis Pergaud ins 1911. <\/figcaption><\/figure><\/li><\/ul><\/figure>\n<\/div>\n\n\n\n<div class=\"wp-block-column is-layout-flow wp-block-column-is-layout-flow\">\n<figure class=\"wp-block-gallery columns-1 is-cropped wp-block-gallery-5 is-layout-flex wp-block-gallery-is-layout-flex\"><ul class=\"blocks-gallery-grid\"><li class=\"blocks-gallery-item\"><figure><img loading=\"lazy\" decoding=\"async\" width=\"1000\" height=\"750\" src=\"https:\/\/www.landofmemory.eu\/wp-content\/uploads\/2021\/09\/12-Wilfred_Owen_2.jpeg\" alt=\"Foto van Wilfred Owen, teruggevonden in 1920 in zijn dichtbundel. \" data-id=\"2769\" data-full-url=\"https:\/\/www.landofmemory.eu\/wp-content\/uploads\/2021\/09\/12-Wilfred_Owen_2.jpeg\" data-link=\"https:\/\/www.landofmemory.eu\/sujets-thematiques\/ecrivains-combattants\/12-wilfred_owen_2-2\" class=\"wp-image-2770\" srcset=\"https:\/\/www.landofmemory.eu\/wp-content\/uploads\/2021\/09\/12-Wilfred_Owen_2.jpeg 1000w, https:\/\/www.landofmemory.eu\/wp-content\/uploads\/2021\/09\/12-Wilfred_Owen_2-300x225.jpeg 300w, https:\/\/www.landofmemory.eu\/wp-content\/uploads\/2021\/09\/12-Wilfred_Owen_2-768x576.jpeg 768w, https:\/\/www.landofmemory.eu\/wp-content\/uploads\/2021\/09\/12-Wilfred_Owen_2-600x450.jpeg 600w\" sizes=\"auto, (max-width: 1000px) 100vw, 1000px\" \/><figcaption class=\"blocks-gallery-item__caption\">Foto van Wilfred Owen, teruggevonden in 1920 in zijn dichtbundel. <\/figcaption><\/figure><\/li><\/ul><\/figure>\n<\/div>\n\n\n\n<div class=\"wp-block-column is-layout-flow wp-block-column-is-layout-flow\">\n<figure class=\"wp-block-gallery columns-1 is-cropped wp-block-gallery-6 is-layout-flex wp-block-gallery-is-layout-flex\"><ul class=\"blocks-gallery-grid\"><li class=\"blocks-gallery-item\"><figure><img loading=\"lazy\" decoding=\"async\" width=\"1000\" height=\"750\" src=\"https:\/\/www.landofmemory.eu\/wp-content\/uploads\/2021\/09\/11-illustration-maurice-genevoix-de-verdun-aux-eparges_1-1.jpeg\" alt=\"Foto van Maurice Genevoix genomen in de eerste oorlogsmaanden\" data-id=\"2773\" data-full-url=\"https:\/\/www.landofmemory.eu\/wp-content\/uploads\/2021\/09\/11-illustration-maurice-genevoix-de-verdun-aux-eparges_1-1.jpeg\" data-link=\"https:\/\/www.landofmemory.eu\/sujets-thematiques\/ecrivains-combattants\/11-illustration-maurice-genevoix-de-verdun-aux-eparges_1-1-2\" class=\"wp-image-2774\" srcset=\"https:\/\/www.landofmemory.eu\/wp-content\/uploads\/2021\/09\/11-illustration-maurice-genevoix-de-verdun-aux-eparges_1-1.jpeg 1000w, https:\/\/www.landofmemory.eu\/wp-content\/uploads\/2021\/09\/11-illustration-maurice-genevoix-de-verdun-aux-eparges_1-1-300x225.jpeg 300w, https:\/\/www.landofmemory.eu\/wp-content\/uploads\/2021\/09\/11-illustration-maurice-genevoix-de-verdun-aux-eparges_1-1-768x576.jpeg 768w, https:\/\/www.landofmemory.eu\/wp-content\/uploads\/2021\/09\/11-illustration-maurice-genevoix-de-verdun-aux-eparges_1-1-600x450.jpeg 600w\" sizes=\"auto, (max-width: 1000px) 100vw, 1000px\" \/><figcaption class=\"blocks-gallery-item__caption\">Foto van Maurice Genevoix genomen in de eerste oorlogsmaanden<\/figcaption><\/figure><\/li><\/ul><\/figure>\n<\/div>\n<\/div>\n","protected":false},"template":"","type_sujet":[75],"class_list":["post-5349","sujets-thematiques","type-sujets-thematiques","status-publish","hentry","type_sujet-1914-1918-nl"],"acf":[],"yoast_head":"<!-- This site is optimized with the Yoast SEO plugin v26.0 - https:\/\/yoast.com\/wordpress\/plugins\/seo\/ -->\n<title>Alain Fournier en de schrijvers-soldaten - Land Of Memory<\/title>\n<meta name=\"description\" content=\"Zoals Alain Fournier hebben vele schrijvers-soldaten deelgenomen aan de Eerste Wereldoorlog en velen zijn er gesneuveld.\" \/>\n<meta name=\"robots\" content=\"index, follow, max-snippet:-1, max-image-preview:large, max-video-preview:-1\" \/>\n<link rel=\"canonical\" href=\"https:\/\/www.landofmemory.eu\/nl\/sujets-thematiques\/alain-fournier-en-de-schrijvers-soldaten\/\" \/>\n<meta property=\"og:locale\" content=\"nl_NL\" \/>\n<meta property=\"og:type\" content=\"article\" \/>\n<meta property=\"og:title\" content=\"Alain Fournier en de schrijvers-soldaten - Land Of Memory\" \/>\n<meta property=\"og:description\" content=\"Zoals Alain Fournier hebben vele schrijvers-soldaten deelgenomen aan de Eerste Wereldoorlog en velen zijn er gesneuveld.\" \/>\n<meta property=\"og:url\" content=\"https:\/\/www.landofmemory.eu\/nl\/sujets-thematiques\/alain-fournier-en-de-schrijvers-soldaten\/\" \/>\n<meta property=\"og:site_name\" content=\"Land Of Memory\" \/>\n<meta property=\"article:publisher\" content=\"https:\/\/www.facebook.com\/landofmemory.eu\" \/>\n<meta property=\"article:modified_time\" content=\"2021-12-13T16:05:18+00:00\" \/>\n<meta property=\"og:image\" content=\"https:\/\/www.landofmemory.eu\/wp-content\/uploads\/2021\/09\/10-Edlef-Koeppen-widerstand-Goebbels_big_teaser_article.jpeg\" \/>\n<meta name=\"twitter:card\" content=\"summary_large_image\" \/>\n<meta name=\"twitter:label1\" content=\"Geschatte leestijd\" \/>\n\t<meta name=\"twitter:data1\" content=\"1 minuut\" \/>\n<script type=\"application\/ld+json\" class=\"yoast-schema-graph\">{\"@context\":\"https:\/\/schema.org\",\"@graph\":[{\"@type\":\"WebPage\",\"@id\":\"https:\/\/www.landofmemory.eu\/nl\/sujets-thematiques\/alain-fournier-en-de-schrijvers-soldaten\/\",\"url\":\"https:\/\/www.landofmemory.eu\/nl\/sujets-thematiques\/alain-fournier-en-de-schrijvers-soldaten\/\",\"name\":\"Alain Fournier en de schrijvers-soldaten - Land Of Memory\",\"isPartOf\":{\"@id\":\"https:\/\/www.landofmemory.eu\/#website\"},\"primaryImageOfPage\":{\"@id\":\"https:\/\/www.landofmemory.eu\/nl\/sujets-thematiques\/alain-fournier-en-de-schrijvers-soldaten\/#primaryimage\"},\"image\":{\"@id\":\"https:\/\/www.landofmemory.eu\/nl\/sujets-thematiques\/alain-fournier-en-de-schrijvers-soldaten\/#primaryimage\"},\"thumbnailUrl\":\"https:\/\/www.landofmemory.eu\/wp-content\/uploads\/2021\/09\/10-Edlef-Koeppen-widerstand-Goebbels_big_teaser_article.jpeg\",\"datePublished\":\"2021-10-29T09:17:14+00:00\",\"dateModified\":\"2021-12-13T16:05:18+00:00\",\"description\":\"Zoals Alain Fournier hebben vele schrijvers-soldaten deelgenomen aan de Eerste Wereldoorlog en velen zijn er gesneuveld.\",\"breadcrumb\":{\"@id\":\"https:\/\/www.landofmemory.eu\/nl\/sujets-thematiques\/alain-fournier-en-de-schrijvers-soldaten\/#breadcrumb\"},\"inLanguage\":\"nl-NL\",\"potentialAction\":[{\"@type\":\"ReadAction\",\"target\":[\"https:\/\/www.landofmemory.eu\/nl\/sujets-thematiques\/alain-fournier-en-de-schrijvers-soldaten\/\"]}]},{\"@type\":\"ImageObject\",\"inLanguage\":\"nl-NL\",\"@id\":\"https:\/\/www.landofmemory.eu\/nl\/sujets-thematiques\/alain-fournier-en-de-schrijvers-soldaten\/#primaryimage\",\"url\":\"https:\/\/www.landofmemory.eu\/wp-content\/uploads\/2021\/09\/10-Edlef-Koeppen-widerstand-Goebbels_big_teaser_article.jpeg\",\"contentUrl\":\"https:\/\/www.landofmemory.eu\/wp-content\/uploads\/2021\/09\/10-Edlef-Koeppen-widerstand-Goebbels_big_teaser_article.jpeg\"},{\"@type\":\"BreadcrumbList\",\"@id\":\"https:\/\/www.landofmemory.eu\/nl\/sujets-thematiques\/alain-fournier-en-de-schrijvers-soldaten\/#breadcrumb\",\"itemListElement\":[{\"@type\":\"ListItem\",\"position\":1,\"name\":\"Accueil\",\"item\":\"https:\/\/www.landofmemory.eu\/\"},{\"@type\":\"ListItem\",\"position\":2,\"name\":\"Alain Fournier en de schrijvers-soldaten\"}]},{\"@type\":\"WebSite\",\"@id\":\"https:\/\/www.landofmemory.eu\/#website\",\"url\":\"https:\/\/www.landofmemory.eu\/\",\"name\":\"Land Of Memory\",\"description\":\"L&#039;histoire commence ici\",\"publisher\":{\"@id\":\"https:\/\/www.landofmemory.eu\/#organization\"},\"potentialAction\":[{\"@type\":\"SearchAction\",\"target\":{\"@type\":\"EntryPoint\",\"urlTemplate\":\"https:\/\/www.landofmemory.eu\/?s={search_term_string}\"},\"query-input\":{\"@type\":\"PropertyValueSpecification\",\"valueRequired\":true,\"valueName\":\"search_term_string\"}}],\"inLanguage\":\"nl-NL\"},{\"@type\":\"Organization\",\"@id\":\"https:\/\/www.landofmemory.eu\/#organization\",\"name\":\"Land Of Memory\",\"url\":\"https:\/\/www.landofmemory.eu\/\",\"logo\":{\"@type\":\"ImageObject\",\"inLanguage\":\"nl-NL\",\"@id\":\"https:\/\/www.landofmemory.eu\/#\/schema\/logo\/image\/\",\"url\":\"https:\/\/www.landofmemory.eu\/wp-content\/uploads\/2022\/10\/logo-land-of-memory.jpg\",\"contentUrl\":\"https:\/\/www.landofmemory.eu\/wp-content\/uploads\/2022\/10\/logo-land-of-memory.jpg\",\"width\":1000,\"height\":500,\"caption\":\"Land Of Memory\"},\"image\":{\"@id\":\"https:\/\/www.landofmemory.eu\/#\/schema\/logo\/image\/\"},\"sameAs\":[\"https:\/\/www.facebook.com\/landofmemory.eu\",\"https:\/\/www.instagram.com\/landofmemory_eu\/\"]}]}<\/script>\n<!-- \/ Yoast SEO plugin. -->","yoast_head_json":{"title":"Alain Fournier en de schrijvers-soldaten - Land Of Memory","description":"Zoals Alain Fournier hebben vele schrijvers-soldaten deelgenomen aan de Eerste Wereldoorlog en velen zijn er gesneuveld.","robots":{"index":"index","follow":"follow","max-snippet":"max-snippet:-1","max-image-preview":"max-image-preview:large","max-video-preview":"max-video-preview:-1"},"canonical":"https:\/\/www.landofmemory.eu\/nl\/sujets-thematiques\/alain-fournier-en-de-schrijvers-soldaten\/","og_locale":"nl_NL","og_type":"article","og_title":"Alain Fournier en de schrijvers-soldaten - Land Of Memory","og_description":"Zoals Alain Fournier hebben vele schrijvers-soldaten deelgenomen aan de Eerste Wereldoorlog en velen zijn er gesneuveld.","og_url":"https:\/\/www.landofmemory.eu\/nl\/sujets-thematiques\/alain-fournier-en-de-schrijvers-soldaten\/","og_site_name":"Land Of Memory","article_publisher":"https:\/\/www.facebook.com\/landofmemory.eu","article_modified_time":"2021-12-13T16:05:18+00:00","og_image":[{"url":"https:\/\/www.landofmemory.eu\/wp-content\/uploads\/2021\/09\/10-Edlef-Koeppen-widerstand-Goebbels_big_teaser_article.jpeg","type":"","width":"","height":""}],"twitter_card":"summary_large_image","twitter_misc":{"Geschatte leestijd":"1 minuut"},"schema":{"@context":"https:\/\/schema.org","@graph":[{"@type":"WebPage","@id":"https:\/\/www.landofmemory.eu\/nl\/sujets-thematiques\/alain-fournier-en-de-schrijvers-soldaten\/","url":"https:\/\/www.landofmemory.eu\/nl\/sujets-thematiques\/alain-fournier-en-de-schrijvers-soldaten\/","name":"Alain Fournier en de schrijvers-soldaten - Land Of Memory","isPartOf":{"@id":"https:\/\/www.landofmemory.eu\/#website"},"primaryImageOfPage":{"@id":"https:\/\/www.landofmemory.eu\/nl\/sujets-thematiques\/alain-fournier-en-de-schrijvers-soldaten\/#primaryimage"},"image":{"@id":"https:\/\/www.landofmemory.eu\/nl\/sujets-thematiques\/alain-fournier-en-de-schrijvers-soldaten\/#primaryimage"},"thumbnailUrl":"https:\/\/www.landofmemory.eu\/wp-content\/uploads\/2021\/09\/10-Edlef-Koeppen-widerstand-Goebbels_big_teaser_article.jpeg","datePublished":"2021-10-29T09:17:14+00:00","dateModified":"2021-12-13T16:05:18+00:00","description":"Zoals Alain Fournier hebben vele schrijvers-soldaten deelgenomen aan de Eerste Wereldoorlog en velen zijn er gesneuveld.","breadcrumb":{"@id":"https:\/\/www.landofmemory.eu\/nl\/sujets-thematiques\/alain-fournier-en-de-schrijvers-soldaten\/#breadcrumb"},"inLanguage":"nl-NL","potentialAction":[{"@type":"ReadAction","target":["https:\/\/www.landofmemory.eu\/nl\/sujets-thematiques\/alain-fournier-en-de-schrijvers-soldaten\/"]}]},{"@type":"ImageObject","inLanguage":"nl-NL","@id":"https:\/\/www.landofmemory.eu\/nl\/sujets-thematiques\/alain-fournier-en-de-schrijvers-soldaten\/#primaryimage","url":"https:\/\/www.landofmemory.eu\/wp-content\/uploads\/2021\/09\/10-Edlef-Koeppen-widerstand-Goebbels_big_teaser_article.jpeg","contentUrl":"https:\/\/www.landofmemory.eu\/wp-content\/uploads\/2021\/09\/10-Edlef-Koeppen-widerstand-Goebbels_big_teaser_article.jpeg"},{"@type":"BreadcrumbList","@id":"https:\/\/www.landofmemory.eu\/nl\/sujets-thematiques\/alain-fournier-en-de-schrijvers-soldaten\/#breadcrumb","itemListElement":[{"@type":"ListItem","position":1,"name":"Accueil","item":"https:\/\/www.landofmemory.eu\/"},{"@type":"ListItem","position":2,"name":"Alain Fournier en de schrijvers-soldaten"}]},{"@type":"WebSite","@id":"https:\/\/www.landofmemory.eu\/#website","url":"https:\/\/www.landofmemory.eu\/","name":"Land Of Memory","description":"L&#039;histoire commence ici","publisher":{"@id":"https:\/\/www.landofmemory.eu\/#organization"},"potentialAction":[{"@type":"SearchAction","target":{"@type":"EntryPoint","urlTemplate":"https:\/\/www.landofmemory.eu\/?s={search_term_string}"},"query-input":{"@type":"PropertyValueSpecification","valueRequired":true,"valueName":"search_term_string"}}],"inLanguage":"nl-NL"},{"@type":"Organization","@id":"https:\/\/www.landofmemory.eu\/#organization","name":"Land Of Memory","url":"https:\/\/www.landofmemory.eu\/","logo":{"@type":"ImageObject","inLanguage":"nl-NL","@id":"https:\/\/www.landofmemory.eu\/#\/schema\/logo\/image\/","url":"https:\/\/www.landofmemory.eu\/wp-content\/uploads\/2022\/10\/logo-land-of-memory.jpg","contentUrl":"https:\/\/www.landofmemory.eu\/wp-content\/uploads\/2022\/10\/logo-land-of-memory.jpg","width":1000,"height":500,"caption":"Land Of Memory"},"image":{"@id":"https:\/\/www.landofmemory.eu\/#\/schema\/logo\/image\/"},"sameAs":["https:\/\/www.facebook.com\/landofmemory.eu","https:\/\/www.instagram.com\/landofmemory_eu\/"]}]}},"_links":{"self":[{"href":"https:\/\/www.landofmemory.eu\/nl\/wp-json\/wp\/v2\/sujets-thematiques\/5349","targetHints":{"allow":["GET"]}}],"collection":[{"href":"https:\/\/www.landofmemory.eu\/nl\/wp-json\/wp\/v2\/sujets-thematiques"}],"about":[{"href":"https:\/\/www.landofmemory.eu\/nl\/wp-json\/wp\/v2\/types\/sujets-thematiques"}],"wp:attachment":[{"href":"https:\/\/www.landofmemory.eu\/nl\/wp-json\/wp\/v2\/media?parent=5349"}],"wp:term":[{"taxonomy":"type_sujet","embeddable":true,"href":"https:\/\/www.landofmemory.eu\/nl\/wp-json\/wp\/v2\/type_sujet?post=5349"}],"curies":[{"name":"wp","href":"https:\/\/api.w.org\/{rel}","templated":true}]}}