{"id":5578,"date":"2021-11-02T16:54:54","date_gmt":"2021-11-02T15:54:54","guid":{"rendered":"https:\/\/www.landofmemory.eu\/sujets-thematiques\/de-egks-en-het-ontstaan-van-de-europese-gemeenschap\/"},"modified":"2021-11-09T14:32:54","modified_gmt":"2021-11-09T13:32:54","slug":"de-egks-en-het-ontstaan-van-de-europese-gemeenschap","status":"publish","type":"sujets-thematiques","link":"https:\/\/www.landofmemory.eu\/nl\/sujets-thematiques\/de-egks-en-het-ontstaan-van-de-europese-gemeenschap\/","title":{"rendered":"De EGKS en het ontstaan van de Europese Gemeenschap"},"content":{"rendered":"\n<h2 class=\"wp-block-heading\">75 jaar vrede\u2026 nooit gezien in Europa !<\/h2>\n\n<p>Na de Tweede Wereldoorlog waren velen vastbesloten om nieuwe politieke voorwaarden te scheppen voor een samenwerking tussen Frankrijk en Duitsland. Dit om voorgoed een nieuwe oorlog op het vasteland te vermijden.&#13;\n<\/p>\n\n<p>In dit opzicht, stelde Robert Schumann, Frans Minister van Buitenlandse Zaken, op 9 mei 1950, de oprichting voor van een Europese organisatie. Deze laatste bundelde de productie van Franse en Duitse steenkool en staal, toen twee van de voornaamste industrie\u00ebn. Dit met \u00e9\u00e9n centraal gedachtegoed: de oorlog \u201dniet enkel ondenkbaar , maar materieel gezien ook onmogelijk maken\u201d.&#13;\n<\/p>\n\n<p>Deze organisatie werd bedacht door Jean Monnet, de eerste commissaris van het Plan. Deze allereerste tekst in de geschiedenis van een verenigd Europa leidde tot de ondertekening van het Verdrag van Parijs, op 18 april 1951. Zo ontstond de Europese Gemeenschap voor Kolen en Staal met zes Europese landen (Frankrijk, de Federale Republiek Duitsland, Itali\u00eb, Belgi\u00eb, Luxemburg en Nederland).&#13;\n<\/p>\n\n<div style=\"height:100px\" aria-hidden=\"true\" class=\"wp-block-spacer\"><\/div>\n\n<div class=\"wp-block-columns is-layout-flex wp-container-core-columns-is-layout-9d6595d7 wp-block-columns-is-layout-flex\">\n<div class=\"wp-block-column is-layout-flow wp-block-column-is-layout-flow\">\n<figure class=\"wp-block-image size-medium is-resized\"><img loading=\"lazy\" decoding=\"async\" src=\"https:\/\/www.landofmemory.eu\/wp-content\/uploads\/2021\/09\/3-Benelux_conferentie_te_Den_Haag._Toespraak_van_Drees._Vlnr-300x225.jpg\" alt=\"Stichtingsconferentie van de BENELUX in Den Haag, februari 1958.\" class=\"wp-image-3057\" width=\"288\" height=\"216\" srcset=\"https:\/\/www.landofmemory.eu\/wp-content\/uploads\/2021\/09\/3-Benelux_conferentie_te_Den_Haag._Toespraak_van_Drees._Vlnr-300x225.jpg 300w, https:\/\/www.landofmemory.eu\/wp-content\/uploads\/2021\/09\/3-Benelux_conferentie_te_Den_Haag._Toespraak_van_Drees._Vlnr-768x576.jpg 768w, https:\/\/www.landofmemory.eu\/wp-content\/uploads\/2021\/09\/3-Benelux_conferentie_te_Den_Haag._Toespraak_van_Drees._Vlnr-600x450.jpg 600w, https:\/\/www.landofmemory.eu\/wp-content\/uploads\/2021\/09\/3-Benelux_conferentie_te_Den_Haag._Toespraak_van_Drees._Vlnr.jpg 1000w\" sizes=\"auto, (max-width: 288px) 100vw, 288px\" \/><figcaption>Stichtingsconferentie van de BENELUX in Den Haag, februari 1958.<\/figcaption><\/figure>\n<\/div>\n\n\n\n<div class=\"wp-block-column is-layout-flow wp-block-column-is-layout-flow\">\n<figure class=\"wp-block-image size-medium is-resized\"><img loading=\"lazy\" decoding=\"async\" src=\"https:\/\/www.landofmemory.eu\/wp-content\/uploads\/2021\/09\/4-Pact_van_Brussel-300x225.jpeg\" alt=\"Pact van Brussel. Toespraak van Paul-Henri Spaak op 17 maart 1948.\" class=\"wp-image-3061\" width=\"288\" height=\"216\" srcset=\"https:\/\/www.landofmemory.eu\/wp-content\/uploads\/2021\/09\/4-Pact_van_Brussel-300x225.jpeg 300w, https:\/\/www.landofmemory.eu\/wp-content\/uploads\/2021\/09\/4-Pact_van_Brussel-768x576.jpeg 768w, https:\/\/www.landofmemory.eu\/wp-content\/uploads\/2021\/09\/4-Pact_van_Brussel-600x450.jpeg 600w, https:\/\/www.landofmemory.eu\/wp-content\/uploads\/2021\/09\/4-Pact_van_Brussel.jpeg 1000w\" sizes=\"auto, (max-width: 288px) 100vw, 288px\" \/><figcaption>Pact van Brussel. Toespraak van Paul-Henri Spaak op 17 maart 1948.<\/figcaption><\/figure>\n<\/div>\n\n\n\n<div class=\"wp-block-column is-layout-flow wp-block-column-is-layout-flow\">\n<figure class=\"wp-block-image size-medium is-resized\"><img loading=\"lazy\" decoding=\"async\" src=\"https:\/\/www.landofmemory.eu\/wp-content\/uploads\/2021\/09\/1-4862219887_cc490a0136_o-300x225.jpeg\" alt=\"Ondertekening op 18 april 1951 van het verdrag van de EGKS ( Europese Gemeenschap voor Steenkool -en Staalnijverheid) in het Salon de l&#x2019;Horloge (Quai d&#x2019;Orsay) waar Robert Schumann, Frans Minister van Buitenlandse zaken, het verdrag vasthoudt.&#13;&#10;\" class=\"wp-image-3065\" width=\"288\" height=\"216\" srcset=\"https:\/\/www.landofmemory.eu\/wp-content\/uploads\/2021\/09\/1-4862219887_cc490a0136_o-300x225.jpeg 300w, https:\/\/www.landofmemory.eu\/wp-content\/uploads\/2021\/09\/1-4862219887_cc490a0136_o-768x576.jpeg 768w, https:\/\/www.landofmemory.eu\/wp-content\/uploads\/2021\/09\/1-4862219887_cc490a0136_o-600x450.jpeg 600w, https:\/\/www.landofmemory.eu\/wp-content\/uploads\/2021\/09\/1-4862219887_cc490a0136_o.jpeg 1000w\" sizes=\"auto, (max-width: 288px) 100vw, 288px\" \/><figcaption>Ondertekening op 18 april 1951 van het verdrag van de EGKS ( Europese Gemeenschap voor Steenkool -en Staalnijverheid) in het Salon de l\u2019Horloge (Quai d\u2019Orsay) waar Robert Schumann, Frans Minister van Buitenlandse zaken, het verdrag vasthoudt.&#13;\n<\/figcaption><\/figure>\n<\/div>\n<\/div>\n","protected":false},"template":"","type_sujet":[80],"class_list":["post-5578","sujets-thematiques","type-sujets-thematiques","status-publish","hentry","type_sujet-naoorlogse-periode"],"acf":[],"yoast_head":"<!-- This site is optimized with the Yoast SEO plugin v26.0 - https:\/\/yoast.com\/wordpress\/plugins\/seo\/ -->\n<title>De EGKS en het ontstaan van de Europese Gemeenschap<\/title>\n<meta name=\"description\" content=\"Om een nieuwe oorlog op het vasteland te vermijden zagen we het ontstaan van een Europese Gemeenschap, de EGKS.\" \/>\n<meta name=\"robots\" content=\"index, follow, max-snippet:-1, max-image-preview:large, max-video-preview:-1\" \/>\n<link rel=\"canonical\" href=\"https:\/\/www.landofmemory.eu\/nl\/sujets-thematiques\/de-egks-en-het-ontstaan-van-de-europese-gemeenschap\/\" \/>\n<meta property=\"og:locale\" content=\"nl_NL\" \/>\n<meta property=\"og:type\" content=\"article\" \/>\n<meta property=\"og:title\" content=\"De EGKS en het ontstaan van de Europese Gemeenschap\" \/>\n<meta property=\"og:description\" content=\"Om een nieuwe oorlog op het vasteland te vermijden zagen we het ontstaan van een Europese Gemeenschap, de EGKS.\" \/>\n<meta property=\"og:url\" content=\"https:\/\/www.landofmemory.eu\/nl\/sujets-thematiques\/de-egks-en-het-ontstaan-van-de-europese-gemeenschap\/\" \/>\n<meta property=\"og:site_name\" content=\"Land Of Memory\" \/>\n<meta property=\"article:publisher\" content=\"https:\/\/www.facebook.com\/landofmemory.eu\" \/>\n<meta property=\"article:modified_time\" content=\"2021-11-09T13:32:54+00:00\" \/>\n<meta property=\"og:image\" content=\"https:\/\/www.landofmemory.eu\/wp-content\/uploads\/2021\/09\/3-Benelux_conferentie_te_Den_Haag._Toespraak_van_Drees._Vlnr-300x225.jpg\" \/>\n<meta name=\"twitter:card\" content=\"summary_large_image\" \/>\n<meta name=\"twitter:label1\" content=\"Geschatte leestijd\" \/>\n\t<meta name=\"twitter:data1\" content=\"1 minuut\" \/>\n<script type=\"application\/ld+json\" class=\"yoast-schema-graph\">{\"@context\":\"https:\/\/schema.org\",\"@graph\":[{\"@type\":\"WebPage\",\"@id\":\"https:\/\/www.landofmemory.eu\/nl\/sujets-thematiques\/de-egks-en-het-ontstaan-van-de-europese-gemeenschap\/\",\"url\":\"https:\/\/www.landofmemory.eu\/nl\/sujets-thematiques\/de-egks-en-het-ontstaan-van-de-europese-gemeenschap\/\",\"name\":\"De EGKS en het ontstaan van de Europese Gemeenschap\",\"isPartOf\":{\"@id\":\"https:\/\/www.landofmemory.eu\/#website\"},\"primaryImageOfPage\":{\"@id\":\"https:\/\/www.landofmemory.eu\/nl\/sujets-thematiques\/de-egks-en-het-ontstaan-van-de-europese-gemeenschap\/#primaryimage\"},\"image\":{\"@id\":\"https:\/\/www.landofmemory.eu\/nl\/sujets-thematiques\/de-egks-en-het-ontstaan-van-de-europese-gemeenschap\/#primaryimage\"},\"thumbnailUrl\":\"https:\/\/www.landofmemory.eu\/wp-content\/uploads\/2021\/09\/3-Benelux_conferentie_te_Den_Haag._Toespraak_van_Drees._Vlnr-300x225.jpg\",\"datePublished\":\"2021-11-02T15:54:54+00:00\",\"dateModified\":\"2021-11-09T13:32:54+00:00\",\"description\":\"Om een nieuwe oorlog op het vasteland te vermijden zagen we het ontstaan van een Europese Gemeenschap, de EGKS.\",\"breadcrumb\":{\"@id\":\"https:\/\/www.landofmemory.eu\/nl\/sujets-thematiques\/de-egks-en-het-ontstaan-van-de-europese-gemeenschap\/#breadcrumb\"},\"inLanguage\":\"nl-NL\",\"potentialAction\":[{\"@type\":\"ReadAction\",\"target\":[\"https:\/\/www.landofmemory.eu\/nl\/sujets-thematiques\/de-egks-en-het-ontstaan-van-de-europese-gemeenschap\/\"]}]},{\"@type\":\"ImageObject\",\"inLanguage\":\"nl-NL\",\"@id\":\"https:\/\/www.landofmemory.eu\/nl\/sujets-thematiques\/de-egks-en-het-ontstaan-van-de-europese-gemeenschap\/#primaryimage\",\"url\":\"https:\/\/www.landofmemory.eu\/wp-content\/uploads\/2021\/09\/3-Benelux_conferentie_te_Den_Haag._Toespraak_van_Drees._Vlnr-300x225.jpg\",\"contentUrl\":\"https:\/\/www.landofmemory.eu\/wp-content\/uploads\/2021\/09\/3-Benelux_conferentie_te_Den_Haag._Toespraak_van_Drees._Vlnr-300x225.jpg\"},{\"@type\":\"BreadcrumbList\",\"@id\":\"https:\/\/www.landofmemory.eu\/nl\/sujets-thematiques\/de-egks-en-het-ontstaan-van-de-europese-gemeenschap\/#breadcrumb\",\"itemListElement\":[{\"@type\":\"ListItem\",\"position\":1,\"name\":\"Accueil\",\"item\":\"https:\/\/www.landofmemory.eu\/\"},{\"@type\":\"ListItem\",\"position\":2,\"name\":\"De EGKS en het ontstaan van de Europese Gemeenschap\"}]},{\"@type\":\"WebSite\",\"@id\":\"https:\/\/www.landofmemory.eu\/#website\",\"url\":\"https:\/\/www.landofmemory.eu\/\",\"name\":\"Land Of Memory\",\"description\":\"L&#039;histoire commence ici\",\"publisher\":{\"@id\":\"https:\/\/www.landofmemory.eu\/#organization\"},\"potentialAction\":[{\"@type\":\"SearchAction\",\"target\":{\"@type\":\"EntryPoint\",\"urlTemplate\":\"https:\/\/www.landofmemory.eu\/?s={search_term_string}\"},\"query-input\":{\"@type\":\"PropertyValueSpecification\",\"valueRequired\":true,\"valueName\":\"search_term_string\"}}],\"inLanguage\":\"nl-NL\"},{\"@type\":\"Organization\",\"@id\":\"https:\/\/www.landofmemory.eu\/#organization\",\"name\":\"Land Of Memory\",\"url\":\"https:\/\/www.landofmemory.eu\/\",\"logo\":{\"@type\":\"ImageObject\",\"inLanguage\":\"nl-NL\",\"@id\":\"https:\/\/www.landofmemory.eu\/#\/schema\/logo\/image\/\",\"url\":\"https:\/\/www.landofmemory.eu\/wp-content\/uploads\/2022\/10\/logo-land-of-memory.jpg\",\"contentUrl\":\"https:\/\/www.landofmemory.eu\/wp-content\/uploads\/2022\/10\/logo-land-of-memory.jpg\",\"width\":1000,\"height\":500,\"caption\":\"Land Of Memory\"},\"image\":{\"@id\":\"https:\/\/www.landofmemory.eu\/#\/schema\/logo\/image\/\"},\"sameAs\":[\"https:\/\/www.facebook.com\/landofmemory.eu\",\"https:\/\/www.instagram.com\/landofmemory_eu\/\"]}]}<\/script>\n<!-- \/ Yoast SEO plugin. -->","yoast_head_json":{"title":"De EGKS en het ontstaan van de Europese Gemeenschap","description":"Om een nieuwe oorlog op het vasteland te vermijden zagen we het ontstaan van een Europese Gemeenschap, de EGKS.","robots":{"index":"index","follow":"follow","max-snippet":"max-snippet:-1","max-image-preview":"max-image-preview:large","max-video-preview":"max-video-preview:-1"},"canonical":"https:\/\/www.landofmemory.eu\/nl\/sujets-thematiques\/de-egks-en-het-ontstaan-van-de-europese-gemeenschap\/","og_locale":"nl_NL","og_type":"article","og_title":"De EGKS en het ontstaan van de Europese Gemeenschap","og_description":"Om een nieuwe oorlog op het vasteland te vermijden zagen we het ontstaan van een Europese Gemeenschap, de EGKS.","og_url":"https:\/\/www.landofmemory.eu\/nl\/sujets-thematiques\/de-egks-en-het-ontstaan-van-de-europese-gemeenschap\/","og_site_name":"Land Of Memory","article_publisher":"https:\/\/www.facebook.com\/landofmemory.eu","article_modified_time":"2021-11-09T13:32:54+00:00","og_image":[{"url":"https:\/\/www.landofmemory.eu\/wp-content\/uploads\/2021\/09\/3-Benelux_conferentie_te_Den_Haag._Toespraak_van_Drees._Vlnr-300x225.jpg","type":"","width":"","height":""}],"twitter_card":"summary_large_image","twitter_misc":{"Geschatte leestijd":"1 minuut"},"schema":{"@context":"https:\/\/schema.org","@graph":[{"@type":"WebPage","@id":"https:\/\/www.landofmemory.eu\/nl\/sujets-thematiques\/de-egks-en-het-ontstaan-van-de-europese-gemeenschap\/","url":"https:\/\/www.landofmemory.eu\/nl\/sujets-thematiques\/de-egks-en-het-ontstaan-van-de-europese-gemeenschap\/","name":"De EGKS en het ontstaan van de Europese Gemeenschap","isPartOf":{"@id":"https:\/\/www.landofmemory.eu\/#website"},"primaryImageOfPage":{"@id":"https:\/\/www.landofmemory.eu\/nl\/sujets-thematiques\/de-egks-en-het-ontstaan-van-de-europese-gemeenschap\/#primaryimage"},"image":{"@id":"https:\/\/www.landofmemory.eu\/nl\/sujets-thematiques\/de-egks-en-het-ontstaan-van-de-europese-gemeenschap\/#primaryimage"},"thumbnailUrl":"https:\/\/www.landofmemory.eu\/wp-content\/uploads\/2021\/09\/3-Benelux_conferentie_te_Den_Haag._Toespraak_van_Drees._Vlnr-300x225.jpg","datePublished":"2021-11-02T15:54:54+00:00","dateModified":"2021-11-09T13:32:54+00:00","description":"Om een nieuwe oorlog op het vasteland te vermijden zagen we het ontstaan van een Europese Gemeenschap, de EGKS.","breadcrumb":{"@id":"https:\/\/www.landofmemory.eu\/nl\/sujets-thematiques\/de-egks-en-het-ontstaan-van-de-europese-gemeenschap\/#breadcrumb"},"inLanguage":"nl-NL","potentialAction":[{"@type":"ReadAction","target":["https:\/\/www.landofmemory.eu\/nl\/sujets-thematiques\/de-egks-en-het-ontstaan-van-de-europese-gemeenschap\/"]}]},{"@type":"ImageObject","inLanguage":"nl-NL","@id":"https:\/\/www.landofmemory.eu\/nl\/sujets-thematiques\/de-egks-en-het-ontstaan-van-de-europese-gemeenschap\/#primaryimage","url":"https:\/\/www.landofmemory.eu\/wp-content\/uploads\/2021\/09\/3-Benelux_conferentie_te_Den_Haag._Toespraak_van_Drees._Vlnr-300x225.jpg","contentUrl":"https:\/\/www.landofmemory.eu\/wp-content\/uploads\/2021\/09\/3-Benelux_conferentie_te_Den_Haag._Toespraak_van_Drees._Vlnr-300x225.jpg"},{"@type":"BreadcrumbList","@id":"https:\/\/www.landofmemory.eu\/nl\/sujets-thematiques\/de-egks-en-het-ontstaan-van-de-europese-gemeenschap\/#breadcrumb","itemListElement":[{"@type":"ListItem","position":1,"name":"Accueil","item":"https:\/\/www.landofmemory.eu\/"},{"@type":"ListItem","position":2,"name":"De EGKS en het ontstaan van de Europese Gemeenschap"}]},{"@type":"WebSite","@id":"https:\/\/www.landofmemory.eu\/#website","url":"https:\/\/www.landofmemory.eu\/","name":"Land Of Memory","description":"L&#039;histoire commence ici","publisher":{"@id":"https:\/\/www.landofmemory.eu\/#organization"},"potentialAction":[{"@type":"SearchAction","target":{"@type":"EntryPoint","urlTemplate":"https:\/\/www.landofmemory.eu\/?s={search_term_string}"},"query-input":{"@type":"PropertyValueSpecification","valueRequired":true,"valueName":"search_term_string"}}],"inLanguage":"nl-NL"},{"@type":"Organization","@id":"https:\/\/www.landofmemory.eu\/#organization","name":"Land Of Memory","url":"https:\/\/www.landofmemory.eu\/","logo":{"@type":"ImageObject","inLanguage":"nl-NL","@id":"https:\/\/www.landofmemory.eu\/#\/schema\/logo\/image\/","url":"https:\/\/www.landofmemory.eu\/wp-content\/uploads\/2022\/10\/logo-land-of-memory.jpg","contentUrl":"https:\/\/www.landofmemory.eu\/wp-content\/uploads\/2022\/10\/logo-land-of-memory.jpg","width":1000,"height":500,"caption":"Land Of Memory"},"image":{"@id":"https:\/\/www.landofmemory.eu\/#\/schema\/logo\/image\/"},"sameAs":["https:\/\/www.facebook.com\/landofmemory.eu","https:\/\/www.instagram.com\/landofmemory_eu\/"]}]}},"_links":{"self":[{"href":"https:\/\/www.landofmemory.eu\/nl\/wp-json\/wp\/v2\/sujets-thematiques\/5578","targetHints":{"allow":["GET"]}}],"collection":[{"href":"https:\/\/www.landofmemory.eu\/nl\/wp-json\/wp\/v2\/sujets-thematiques"}],"about":[{"href":"https:\/\/www.landofmemory.eu\/nl\/wp-json\/wp\/v2\/types\/sujets-thematiques"}],"wp:attachment":[{"href":"https:\/\/www.landofmemory.eu\/nl\/wp-json\/wp\/v2\/media?parent=5578"}],"wp:term":[{"taxonomy":"type_sujet","embeddable":true,"href":"https:\/\/www.landofmemory.eu\/nl\/wp-json\/wp\/v2\/type_sujet?post=5578"}],"curies":[{"name":"wp","href":"https:\/\/api.w.org\/{rel}","templated":true}]}}